{"id":9749,"date":"2022-01-19T21:06:43","date_gmt":"2022-01-19T19:06:43","guid":{"rendered":"https:\/\/amnromania.ro\/?page_id=9749"},"modified":"2023-12-13T11:45:40","modified_gmt":"2023-12-13T09:45:40","slug":"kongresszus-2022","status":"publish","type":"page","link":"https:\/\/amnromania.ro\/hu\/kongresszus-2022\/","title":{"rendered":"Ayurveda Kongresszus 2022"},"content":{"rendered":"<div data-elementor-type=\"wp-page\" data-elementor-id=\"9749\" class=\"elementor elementor-9749\" data-elementor-post-type=\"page\">\n\t\t\t\t\t\t<section class=\"elementor-section elementor-top-section elementor-element elementor-element-0366603 elementor-section-boxed elementor-section-height-default elementor-section-height-default\" data-id=\"0366603\" data-element_type=\"section\">\n\t\t\t\t\t\t<div class=\"elementor-container elementor-column-gap-default\">\n\t\t\t\t\t<div class=\"elementor-column elementor-col-50 elementor-top-column elementor-element elementor-element-7c2de4f\" data-id=\"7c2de4f\" data-element_type=\"column\">\n\t\t\t<div class=\"elementor-widget-wrap elementor-element-populated\">\n\t\t\t\t\t\t<div class=\"elementor-element elementor-element-a8b283a elementor-nav-menu__align-start elementor-nav-menu__text-align-center elementor-nav-menu--dropdown-tablet elementor-nav-menu--toggle elementor-nav-menu--burger elementor-widget elementor-widget-global elementor-global-4259 elementor-widget-nav-menu\" data-id=\"a8b283a\" data-element_type=\"widget\" data-settings=\"{&quot;layout&quot;:&quot;vertical&quot;,&quot;submenu_icon&quot;:{&quot;value&quot;:&quot;fas fa-caret-down&quot;,&quot;library&quot;:&quot;fa-solid&quot;},&quot;toggle&quot;:&quot;burger&quot;}\" data-widget_type=\"nav-menu.default\">\n\t\t\t\t<div class=\"elementor-widget-container\">\n\t\t\t\t\t\t\t\t<nav aria-label=\"Men\u00fc\" class=\"elementor-nav-menu--main elementor-nav-menu__container elementor-nav-menu--layout-vertical e--pointer-background e--animation-fade\">\n\t\t\t\t<ul id=\"menu-1-a8b283a\" class=\"elementor-nav-menu sm-vertical\"><li class=\"menu-item menu-item-type-post_type menu-item-object-page menu-item-4237\"><a href=\"https:\/\/amnromania.ro\/hu\/tevekenyseg\/ayurveda-tanfolyamok\/\" class=\"elementor-item\">Ayurveda tanfolyamok<\/a><\/li>\n<li class=\"menu-item menu-item-type-post_type menu-item-object-page menu-item-4234\"><a href=\"https:\/\/amnromania.ro\/hu\/tevekenyseg\/ayurveda-versenyek\/\" class=\"elementor-item\">Ayurveda versenyek<\/a><\/li>\n<li class=\"menu-item menu-item-type-post_type menu-item-object-page menu-item-4235\"><a href=\"https:\/\/amnromania.ro\/hu\/tevekenyseg\/ayurveda-konferencia\/\" class=\"elementor-item\">Ayurveda konferenci\u00e1k<\/a><\/li>\n<li class=\"menu-item menu-item-type-post_type menu-item-object-page menu-item-4236\"><a href=\"https:\/\/amnromania.ro\/hu\/tevekenyseg\/ayurveda-kongresszus\/\" class=\"elementor-item\">Ayurveda kongresszus<\/a><\/li>\n<li class=\"menu-item menu-item-type-post_type menu-item-object-page menu-item-5535\"><a href=\"https:\/\/amnromania.ro\/hu\/tevekenyseg\/ayurveda-taborok\/\" class=\"elementor-item\">Ayurveda t\u00e1borok<\/a><\/li>\n<\/ul>\t\t\t<\/nav>\n\t\t\t\t\t<div class=\"elementor-menu-toggle\" role=\"button\" tabindex=\"0\" aria-label=\"Toggle men\u00fc\" aria-expanded=\"false\">\n\t\t\t<i aria-hidden=\"true\" role=\"presentation\" class=\"elementor-menu-toggle__icon--open eicon-menu-bar\"><\/i><i aria-hidden=\"true\" role=\"presentation\" class=\"elementor-menu-toggle__icon--close eicon-close\"><\/i>\t\t<\/div>\n\t\t\t\t\t<nav class=\"elementor-nav-menu--dropdown elementor-nav-menu__container\" aria-hidden=\"true\">\n\t\t\t\t<ul id=\"menu-2-a8b283a\" class=\"elementor-nav-menu sm-vertical\"><li class=\"menu-item menu-item-type-post_type menu-item-object-page menu-item-4237\"><a href=\"https:\/\/amnromania.ro\/hu\/tevekenyseg\/ayurveda-tanfolyamok\/\" class=\"elementor-item\" tabindex=\"-1\">Ayurveda tanfolyamok<\/a><\/li>\n<li class=\"menu-item menu-item-type-post_type menu-item-object-page menu-item-4234\"><a href=\"https:\/\/amnromania.ro\/hu\/tevekenyseg\/ayurveda-versenyek\/\" class=\"elementor-item\" tabindex=\"-1\">Ayurveda versenyek<\/a><\/li>\n<li class=\"menu-item menu-item-type-post_type menu-item-object-page menu-item-4235\"><a href=\"https:\/\/amnromania.ro\/hu\/tevekenyseg\/ayurveda-konferencia\/\" class=\"elementor-item\" tabindex=\"-1\">Ayurveda konferenci\u00e1k<\/a><\/li>\n<li class=\"menu-item menu-item-type-post_type menu-item-object-page menu-item-4236\"><a href=\"https:\/\/amnromania.ro\/hu\/tevekenyseg\/ayurveda-kongresszus\/\" class=\"elementor-item\" tabindex=\"-1\">Ayurveda kongresszus<\/a><\/li>\n<li class=\"menu-item menu-item-type-post_type menu-item-object-page menu-item-5535\"><a href=\"https:\/\/amnromania.ro\/hu\/tevekenyseg\/ayurveda-taborok\/\" class=\"elementor-item\" tabindex=\"-1\">Ayurveda t\u00e1borok<\/a><\/li>\n<\/ul>\t\t\t<\/nav>\n\t\t\t\t\t\t<\/div>\n\t\t\t\t<\/div>\n\t\t\t\t\t<\/div>\n\t\t<\/div>\n\t\t\t\t<div class=\"elementor-column elementor-col-50 elementor-top-column elementor-element elementor-element-4a547c6\" data-id=\"4a547c6\" data-element_type=\"column\">\n\t\t\t<div class=\"elementor-widget-wrap elementor-element-populated\">\n\t\t\t\t\t\t<div class=\"elementor-element elementor-element-2414652 elementor-widget elementor-widget-image\" data-id=\"2414652\" data-element_type=\"widget\" data-widget_type=\"image.default\">\n\t\t\t\t<div class=\"elementor-widget-container\">\n\t\t\t\t\t\t\t\t\t\t\t\t\t\t\t\t<a href=\"https:\/\/amnromania.ro\/hu\/kongresszus-2022-2\/\" target=\"_blank\">\n\t\t\t\t\t\t\t<img decoding=\"async\" width=\"50\" height=\"33\" src=\"https:\/\/amnromania.ro\/wp-content\/uploads\/2021\/01\/en.gif\" class=\"attachment-thumbnail size-thumbnail wp-image-7379\" alt=\"a  c\u00edmen.\" \/>\t\t\t\t\t\t\t\t<\/a>\n\t\t\t\t\t\t\t\t\t\t\t\t\t\t\t<\/div>\n\t\t\t\t<\/div>\n\t\t\t\t<div class=\"elementor-element elementor-element-31bfe12 elementor-widget elementor-widget-text-editor\" data-id=\"31bfe12\" data-element_type=\"widget\" data-widget_type=\"text-editor.default\">\n\t\t\t\t<div class=\"elementor-widget-container\">\n\t\t\t\t\t\t\t\t\t<h2><span style=\"color: #ff0000;\"><span style=\"color: #000080;\">ONLINE ESEM\u00c9NY&nbsp;<\/span><\/span><\/h2>\n<h1 style=\"text-align: center;\"><strong><span style=\"color: #ff0000;\">AMN-ROM\u00c1NIA AYURVEDA KONGRESSZUS 2022<\/span><\/strong><\/h1>\t\t\t\t\t\t\t\t<\/div>\n\t\t\t\t<\/div>\n\t\t\t\t<div class=\"elementor-element elementor-element-ede3bfc elementor-widget elementor-widget-image\" data-id=\"ede3bfc\" data-element_type=\"widget\" data-widget_type=\"image.default\">\n\t\t\t\t<div class=\"elementor-widget-container\">\n\t\t\t\t\t\t\t\t\t\t\t\t\t\t\t<img fetchpriority=\"high\" decoding=\"async\" width=\"684\" height=\"545\" src=\"https:\/\/amnromania.ro\/wp-content\/uploads\/2022\/02\/congres-2022.jpg\" class=\"attachment-large size-large wp-image-10030\" alt=\"\" srcset=\"https:\/\/amnromania.ro\/wp-content\/uploads\/2022\/02\/congres-2022.jpg 684w, https:\/\/amnromania.ro\/wp-content\/uploads\/2022\/02\/congres-2022-300x239.jpg 300w\" sizes=\"(max-width: 684px) 100vw, 684px\" \/>\t\t\t\t\t\t\t\t\t\t\t\t\t\t\t<\/div>\n\t\t\t\t<\/div>\n\t\t\t\t<div class=\"elementor-element elementor-element-d8fc9c1 elementor-widget elementor-widget-text-editor\" data-id=\"d8fc9c1\" data-element_type=\"widget\" data-widget_type=\"text-editor.default\">\n\t\t\t\t<div class=\"elementor-widget-container\">\n\t\t\t\t\t\t\t\t\t<p><span class=\"fontstyle0\">Az Orsz\u00e1gos Sz\u00f6vets\u00e9g a Nem Hagyom\u00e1nyos Gy\u00f3gym\u00f3dok Prom\u00f3ci\u00f3j\u00e1\u00e9rt - AMN-Rom\u00e1nia megh\u00edvja \u00d6nt az \"AMN-Rom\u00e1nia Ayurveda Kongresszus 2022\" c\u00edm\u0171 online rendezv\u00e9nyre, 2022. janu\u00e1r 22-\u00e9n \u00e9s 23-\u00e1n, mindk\u00e9t nap 09:30 \u00e9s 15:30 k\u00f6z\u00f6tt (sz\u00fcnet 12:00-13:00 k\u00f6z\u00f6tt).<\/span><\/p><p><span class=\"fontstyle0\"><br \/>Az online esem\u00e9nyt India bukaresti nagyk\u00f6vets\u00e9g\u00e9nek t\u00e1mogat\u00e1s\u00e1val rendezik meg, \u0150excellenci\u00e1ja Rahul Shrivastava \u00far, India rom\u00e1niai nagyk\u00f6vete szem\u00e9ly\u00e9ben. Az AMN-Rom\u00e1nia Ayurveda Kongresszus 2022 t\u00e9m\u00e1ja: \"Az interdiszciplin\u00e1ris kutat\u00e1s alkalmaz\u00e1sai a szem\u00e9lyes \u00e9s assziszt\u00e1lt ayurv\u00e9dikus gyakorlatban\". Az AMN-Rom\u00e1nia Ayurveda Kongresszus 2022 7 szakszekci\u00f3ra tagol\u00f3dik:<br \/>Pratipada, Achara, Samshodhana, Antarvishya, Paddhati, Nidana \u00e9s Aushadha.<\/span><\/p><p><span class=\"fontstyle0\">\u00a0<\/span><\/p><h2><span style=\"color: #ff0000;\"><strong><span class=\"fontstyle0\">AZ AMN-ROM\u00c1NIAI AYURVEDA KONGRESSZUS PROGRAMJA:<\/span><\/strong><\/span><\/h2><h2>\u00a0<\/h2>\t\t\t\t\t\t\t\t<\/div>\n\t\t\t\t<\/div>\n\t\t\t\t<div class=\"elementor-element elementor-element-7124599 elementor-widget elementor-widget-spacer\" data-id=\"7124599\" data-element_type=\"widget\" data-widget_type=\"spacer.default\">\n\t\t\t\t<div class=\"elementor-widget-container\">\n\t\t\t\t\t\t\t<div class=\"elementor-spacer\">\n\t\t\t<div class=\"elementor-spacer-inner\"><\/div>\n\t\t<\/div>\n\t\t\t\t\t\t<\/div>\n\t\t\t\t<\/div>\n\t\t\t\t<div class=\"elementor-element elementor-element-4a75ed1 elementor-widget elementor-widget-text-editor\" data-id=\"4a75ed1\" data-element_type=\"widget\" data-widget_type=\"text-editor.default\">\n\t\t\t\t<div class=\"elementor-widget-container\">\n\t\t\t\t\t\t\t\t\t<h2><span style=\"color: #ff0000;\">SZAKASZOK SZERINT CSOPORTOS\u00cdTOTT TEMATIKUS TEREPT\u00c1RGYAK<\/span><\/h2><h2><span style=\"color: #ff0000;\">PRATIPADA SZEKCI\u00d3 - ELVEK \u00c9S IR\u00c1NYOK AZ AYURV\u00c9DA N\u00c9PSZER\u0170S\u00cdT\u00c9S\u00c9RE NAPJAINKBAN<\/span><\/h2><ul><li>Rahul Shrivastava \u00far, India rom\u00e1niai nagyk\u00f6vete besz\u00e9det mondott az AMN-Rom\u00e1nia 2022-es Ayurveda Kongresszus alkalm\u00e1b\u00f3l - <a href=\"https:\/\/youtu.be\/GW1CcUMP6_0\" target=\"_blank\" rel=\"noopener\">https:\/\/youtu.be\/GW1CcUMP6_0<\/a><\/li><li>Az AMN-Rom\u00e1nia 2022-es Ayurveda Kongresszus programj\u00e1nak bemutat\u00e1sa - Andrei G\u0103mulea, az AMN-Rom\u00e1nia eln\u00f6ke<\/li><li>Ayurv\u00e9dikus hagyom\u00e1ny - m\u00falt, jelen \u00e9s j\u00f6v\u0151 - Aurora Nicolae, AMN-Rom\u00e1nia aleln\u00f6k - <a href=\"https:\/\/youtu.be\/W-JroqL619Y\" target=\"_blank\" rel=\"noopener\">https:\/\/youtu.be\/W-JroqL619Y<\/a><\/li><\/ul><h2><span style=\"color: #ff0000;\">ACHARA SZEKCI\u00d3 - SZEM\u00c9LYES \u00c9S T\u00c1MOGATOTT AYURV\u00c9DIKUS GYAKORLATOK<\/span><\/h2><ul><li>A kov\u00e1sz ut\u00e1ni fel\u00e9p\u00fcl\u00e9s differenci\u00e1lt megk\u00f6zel\u00edt\u00e9se a betegs\u00e9g fajt\u00e1j\u00e1t\u00f3l f\u00fcgg\u0151en ayurv\u00e9dikus szemsz\u00f6gb\u0151l - Dr. Aurora Repede, ayurv\u00e9da el\u0151ad\u00f3 -\u00a0<a href=\"https:\/\/youtu.be\/OPFTj3tt6co\" target=\"_blank\" rel=\"noopener\">https:\/\/youtu.be\/OPFTj3tt6co<\/a><\/li><\/ul><ul><li>Ayurv\u00e9dikus ter\u00e1pi\u00e1s megk\u00f6zel\u00edt\u00e9s egy m\u00e9h mi\u00f3ma eset\u00e9ben - Dr. Monica Pascalau, ayurv\u00e9da el\u0151ad\u00f3 - <a href=\"https:\/\/youtu.be\/U23ml_Vk2fo\" target=\"_blank\" rel=\"noopener\">https:\/\/youtu.be\/U23ml_Vk2fo<\/a><\/li><li>Hogyan seg\u00edtett az Ayurveda egy egyed\u00fcl\u00e1ll\u00f3 veg\u00e1n \u00e9tterem kialak\u00edt\u00e1s\u00e1ban Rom\u00e1ni\u00e1ban - Ionu\u021b Costin, ayurv\u00e9da oktat\u00f3<\/li><li>A csontrendszer regener\u00e1l\u00e1sa ayurv\u00e9dikus m\u00f3dszerekkel - a combcsontfej elhal\u00e1s\u00e1nak esetei - Dr. Iulia Vlad, ayurv\u00e9da el\u0151ad\u00f3 - <a href=\"https:\/\/youtu.be\/ZfFr9NmKnMA\" target=\"_blank\" rel=\"noopener\">https:\/\/youtu.be\/ZfFr9NmKnMA<\/a><\/li><li>Ayurv\u00e9dikus ter\u00e1pi\u00e1s megk\u00f6zel\u00edt\u00e9s egy petef\u00e9szekciszta eset\u00e9ben - Dr. Monica Pascalau, ayurv\u00e9da el\u0151ad\u00f3 - <a href=\"https:\/\/youtu.be\/pFhHkU7GINw\" target=\"_blank\" rel=\"noopener\">https:\/\/youtu.be\/pFhHkU7GINw<\/a><\/li><\/ul><h2><span style=\"color: #ff0000;\">SAMSHODHANA SZEKCI\u00d3 - AZ AYURV\u00c9DA MEGK\u00d6ZEL\u00cdT\u00c9SE INTERDISZCIPLIN\u00c1RIS KUTAT\u00c1SI M\u00d3DSZEREKKEL<\/span><\/h2><ul><li>Az \u00e9leter\u0151 ayurv\u00e9dikus koncepci\u00f3ja - az \u00e9leter\u0151 \u00e9rt\u00e9kel\u00e9s\u00e9nek t\u00e9nyez\u0151i - Dr. Mirela Stran\u021b, ayurv\u00e9da el\u0151ad\u00f3 \u00e9s Dr. Nadia Todericiu, ayurv\u00e9da el\u0151ad\u00f3 - <a href=\"https:\/\/youtu.be\/9wQ-6DKO0ig\" target=\"_blank\" rel=\"noopener\">https:\/\/youtu.be\/9wQ-6DKO0ig<\/a><\/li><li>Sattva-guna - a harmoniz\u00e1ci\u00f3 \u00e9s a gy\u00f3gyul\u00e1s kulcsa az Ayurv\u00e9d\u00e1ban - a sattva \u00e9trend j\u00f3t\u00e9kony hat\u00e1sai - Dr. Dalia Faur, ayurv\u00e9da el\u0151ad\u00f3 - <a href=\"https:\/\/youtu.be\/Qb_ZwXr1tlU\" target=\"_blank\" rel=\"noopener\">https:\/\/youtu.be\/Qb_ZwXr1tlU<\/a><\/li><li>Az Ohsawa-7 di\u00e9ta hat\u00e1sainak \u00f6sszehasonl\u00edt\u00e1sa az ayurv\u00e9dikus hagyom\u00e1nyok szemsz\u00f6g\u00e9b\u0151l - Ionut Costin, ayurv\u00e9da el\u0151ad\u00f3ja<\/li><li>Az \u00e1raml\u00e1s (dravakara) fogalma - \u00f6sszehasonl\u00edt\u00f3 elemz\u00e9s a hagyom\u00e1nyos \u00e1jurv\u00e9dikus tudom\u00e1ny \u00e9s a modern tudom\u00e1ny k\u00f6z\u00f6tt - Ion Marin informatikus m\u00e9rn\u00f6k, az \u00e1jurv\u00e9da oktat\u00f3ja -\u00a0<a href=\"https:\/\/youtu.be\/Lnd6iadEnw4\" target=\"_blank\" rel=\"noopener\">https:\/\/youtu.be\/Lnd6iadEnw4<\/a><\/li><li>Esettanulm\u00e1ny a szem\u00e9lyes tan\u00e1csad\u00e1sr\u00f3l - A tipol\u00f3gi\u00e1nak megfelel\u0151 ayurv\u00e9dikus aj\u00e1nl\u00e1sok - Gabriel Dragan iskolai tan\u00e1csad\u00f3, ayurv\u00e9da el\u0151ad\u00f3 -\u00a0<a href=\"https:\/\/youtu.be\/lZBEhUTezkk\" target=\"_blank\" rel=\"noopener\">https:\/\/youtu.be\/lZBEhUTezkk<\/a><\/li><\/ul><h2><span style=\"color: #ff0000;\">PADDHATI SZEKCI\u00d3 - A HAGYOM\u00c1NYOS AYURV\u00c9DIKUS M\u00d3DSZEREK MODERN ALKALMAZ\u00c1SAI<\/span><\/h2><ul><li>Orrter\u00e1pia (nasya) a kov\u00e1sz ut\u00e1ni szagzavarok kezel\u00e9s\u00e9ben - Dr. Cristina C\u00eempean, ayurv\u00e9da el\u0151ad\u00f3 \u00e9s Sophia Mitchell, ayurv\u00e9da el\u0151ad\u00f3 - <a href=\"https:\/\/youtu.be\/QaMmQeTc2kQ\" target=\"_blank\" rel=\"noopener\">https:\/\/youtu.be\/QaMmQeTc2kQ<\/a><\/li><li>A hagyom\u00e1nyos ayurv\u00e9dikus kiegyens\u00falyoz\u00f3 m\u00f3dszerek alkalmaz\u00e1sa a pitta-dosha eset\u00e9ben - Nina Marin, ayurv\u00e9da el\u0151ad\u00f3 - <a href=\"https:\/\/youtu.be\/8rzqbGQubYw\">https:\/\/youtu.be\/8rzqbGQubYw<\/a><\/li><li>Az ayurv\u00e9dikus shirodhara ter\u00e1pia alkalmaz\u00e1sa f\u00fclz\u00fag\u00e1s eset\u00e9n - Dr. Anca Cioltan, ayurv\u00e9da el\u0151ad\u00f3 - <a href=\"https:\/\/youtu.be\/QwoytiPBDQk\">https:\/\/youtu.be\/QwoytiPBDQk<\/a><\/li><li>A terner szint\u0171 aszimmetrikus interkontinent\u00e1lis kapcsolatok t\u00edpus\u00e1nak differenci\u00e1lt p\u00e9ld\u00e1i: az ayurv\u00e9dikus pitta-kapha-vata interkontinent\u00e1lis kapcsolat t\u00edpusa vata-pitta-kapha - Cornel Sg\u00eercea, ayurv\u00e9da el\u0151ad\u00f3 - <a href=\"https:\/\/youtu.be\/IsJa_h_ZYtE\" target=\"_blank\" rel=\"noopener\">https:\/\/youtu.be\/IsJa_h_ZYtE<\/a><\/li><li>A hagyom\u00e1nyos ayurv\u00e9dikus kiegyens\u00falyoz\u00f3 m\u00f3dszerek alkalmaz\u00e1sai a kapha-dosha eset\u00e9ben - Nina Marin, ayurv\u00e9da el\u0151ad\u00f3 - <a href=\"https:\/\/youtu.be\/B7z-UgSOQIQ\" target=\"_blank\" rel=\"noopener\">https:\/\/youtu.be\/B7z-UgSOQIQ<\/a><\/li><\/ul><h2><span style=\"color: #ff0000;\">NIDANA SZEKCI\u00d3 - AZ AYURV\u00c9DIKUS DIAGN\u00d3ZIS MODERN ALKALMAZ\u00c1SAI<\/span><\/h2><ul><li>A szorong\u00e1s kezel\u00e9se ayurv\u00e9dikus szemsz\u00f6gb\u0151l, holisztikus megk\u00f6zel\u00edt\u00e9s - Dr. Victor Modval, ayurv\u00e9da el\u0151ad\u00f3 \u00e9s Corina Serac, ayurv\u00e9da el\u0151ad\u00f3 - <a href=\"https:\/\/youtu.be\/I11k65Ll9aE\" target=\"_blank\" rel=\"noopener\">https:\/\/youtu.be\/I11k65Ll9aE<\/a><\/li><li>A csonthi\u00e1ny (asthi-dhatu) korrekci\u00f3ja gy\u00f3gyn\u00f6v\u00e9nyek seg\u00edts\u00e9g\u00e9vel - Dr. Monica Pascalau, ayurv\u00e9da el\u0151ad\u00f3ja<\/li><li>Ayurv\u00e9dikus m\u00f3dszerek az egyens\u00faly fenntart\u00e1s\u00e1ra az \u00e9vszakok k\u00f6z\u00f6tti \u00e1tmeneti id\u0151szakokban - Carmen Munteanu, ayurv\u00e9da el\u0151ad\u00f3 - <a href=\"https:\/\/youtu.be\/vqAEzkDmL20\">https:\/\/youtu.be\/vqAEzkDmL20<\/a><\/li><li>Az \u00e1jurv\u00e9dikus gyakorl\u00f3 szerepe a biorezonanci\u00e1s diagnosztik\u00e1ban - Dr. Papp Zsigmond, \u00e1jurv\u00e9da el\u0151ad\u00f3ja<\/li><\/ul><h2><span style=\"color: #ff0000;\">AUSHADHA SZEKCI\u00d3 - GYAKORLATI MEGFIGYEL\u00c9SEK AZ AYURV\u00c9DIKUS GY\u00d3GYM\u00d3DOKR\u00d3L<\/span><\/h2><ul><li>Az ayurv\u00e9dikus farmakol\u00f3gia modern megk\u00f6zel\u00edt\u00e9se (dravyaguna) - Dr. Manish Deshmukh, DMIMS(DU) India<\/li><li>A kardamommagok tulajdons\u00e1gai - felhaszn\u00e1l\u00e1s a t\u00e1pl\u00e1lkoz\u00e1sban \u00e9s a ter\u00e1pi\u00e1ban - Dr. Monica Pascalau, ayurv\u00e9da oktat\u00f3<\/li><li>Gyakorlati alkalmaz\u00e1sok az ayurv\u00e9dikus basti ter\u00e1pi\u00e1kban haszn\u00e1lhat\u00f3 rasayana gy\u00f3gym\u00f3dok k\u00e9sz\u00edt\u00e9s\u00e9hez kapcsol\u00f3d\u00f3an - Florin Blaj, ayurv\u00e9dikus gyakorl\u00f3 orvos<\/li><li>Az obligeana gy\u00f6k\u00e9rpor (vacha) haszn\u00e1lata az ayurv\u00e9dikus nasya-karma elj\u00e1r\u00e1sokban - Nina Marin, ayurv\u00e9da el\u0151ad\u00f3ja<\/li><li>A konstitut\u00edv strukt\u00fara harmoniz\u00e1l\u00e1sa a pancha-karma ter\u00e1pi\u00e1s szekvencia alkalmaz\u00e1s\u00e1val - Gabriel Dragan iskolai tan\u00e1csad\u00f3, pszichol\u00f3gus, ayurv\u00e9da oktat\u00f3<\/li><\/ul><h2><span style=\"color: #ff0000;\">ANTARVISHYA SZEKCI\u00d3 - AZ \u00c9VEZREDES AYURV\u00c9DIKUS TUDOM\u00c1NY INTERDISZCIPLINARIT\u00c1SA<\/span><\/h2><ul><li>A modern SWOT menedzsment elemz\u00e9s hagyom\u00e1nyos ayurv\u00e9dikus eredete - Andrei G\u0103mulea, az AMN-Rom\u00e1nia eln\u00f6ke - <a href=\"https:\/\/youtu.be\/o7vHOnP0r8Q\" target=\"_blank\" rel=\"noopener\">https:\/\/youtu.be\/o7vHOnP0r8Q<\/a><\/li><li>V\u00e9dekez\u0151 mechanizmusok - \u00f6sszehasonl\u00edt\u00f3 elemz\u00e9s az \u00e1jurv\u00e9dikus hagyom\u00e1ny \u00e9s a nyugati pszichol\u00f3gia k\u00f6z\u00f6tt - Florentina Baciu pszichol\u00f3gus, \u00e1jurv\u00e9da el\u0151ad\u00f3ja<\/li><li>Szakos\u00edtott k\u00e9pz\u00e9si ir\u00e1nyok az Ayurveda ter\u00fclet\u00e9n a k\u00e9toldal\u00fa egyet\u00e9rt\u00e9si meg\u00e1llapod\u00e1sok keret\u00e9ben - Andrei G\u0103mulea, AMN-Rom\u00e1nia, Manish Deshmukh, DMIMS-India<\/li><li>Az AMN \u00e9s az Ayush Cell Romania honlapokon megjelent cikkek tematikus \u00f6sszefoglal\u00f3ja: amnromania.ro \u00e9s ayus.ro - Costel Aioanei, ayurv\u00e9da oktat\u00f3<\/li><li>Egyeztet\u00e9sek az AMN-Rom\u00e1nia Ayurveda Kongresszus v\u00e9g\u00e9n - Andrei G\u0103mulea, az AMN-Rom\u00e1nia eln\u00f6ke<\/li><\/ul>\t\t\t\t\t\t\t\t<\/div>\n\t\t\t\t<\/div>\n\t\t\t\t\t<\/div>\n\t\t<\/div>\n\t\t\t\t\t<\/div>\n\t\t<\/section>\n\t\t\t\t<\/div>","protected":false},"excerpt":{"rendered":"<p>ONLINE ESEM\u00c9NY AYURVEDA KONGRESSZUS AMN-ROM\u00c1NIA 2022 Az Orsz\u00e1gos Sz\u00f6vets\u00e9g a Nem Hagyom\u00e1nyos Gy\u00f3gym\u00f3dok Prom\u00f3ci\u00f3j\u00e1\u00e9rt - AMN-Rom\u00e1nia megh\u00edvja \u00d6nt az \"Ayurveda Kongresszus AMN-Rom\u00e1nia 2022\" c\u00edm\u0171 online esem\u00e9nyre, 2022. janu\u00e1r 22-\u00e9n \u00e9s 23-\u00e1n, mindk\u00e9t nap 09:30 \u00e9s 15:30 k\u00f6z\u00f6tt (sz\u00fcnet 12:00-13:00). Az online esem\u00e9nyt az Indiai Nagyk\u00f6vets\u00e9g t\u00e1mogat\u00e1s\u00e1val szervezz\u00fck [...]<\/p>","protected":false},"author":1,"featured_media":0,"parent":0,"menu_order":0,"comment_status":"closed","ping_status":"closed","template":"","meta":{"_mi_skip_tracking":false,"_analytify_skip_tracking":false,"footnotes":""},"class_list":["post-9749","page","type-page","status-publish","hentry"],"aioseo_notices":[],"aioseo_head":"\n\t\t<!-- All in One SEO Pro 4.7.0 - aioseo.com -->\n\t\t<meta name=\"description\" content=\"Cursuri de Ayurveda Concursuri de Ayurveda Conferinte de Ayurveda Congrese de Ayurveda Tabere de Ayurveda Cursuri de Ayurveda Concursuri de Ayurveda Conferinte de Ayurveda Congrese de Ayurveda Tabere de Ayurveda EVENIMENT ONLINE CONGRESUL DE AYURVEDA AMN-ROMANIA 2022 Asocia\u021bia Na\u021bional\u0103 pentru Promovarea Medicinelor Neconven\u021bionale \u2013 AMN-Rom\u00e2nia v\u0103 invit\u0103 s\u0103 participa\u021bi la Evenimentul online intitulat \u201dCongresul de\" \/>\n\t\t<meta name=\"robots\" content=\"max-image-preview:large\" \/>\n\t\t<meta name=\"google-site-verification\" content=\"G-391X30D2FS\" \/>\n\t\t<link rel=\"canonical\" href=\"https:\/\/amnromania.ro\/hu\/kongresszus-2022\/\" \/>\n\t\t<meta name=\"generator\" content=\"All in One SEO Pro (AIOSEO) 4.7.0\" \/>\n\t\t<meta property=\"og:locale\" content=\"hu_HU\" \/>\n\t\t<meta property=\"og:site_name\" content=\"AMN Ayurveda ROM\u00c2NIA | Asociatia Nationala pentru Promovarea Medicinelor Neconventionale\" \/>\n\t\t<meta property=\"og:type\" content=\"article\" \/>\n\t\t<meta property=\"og:title\" content=\"Congres Ayurveda 2022 | AMN Ayurveda ROM\u00c2NIA\" \/>\n\t\t<meta property=\"og:description\" content=\"Cursuri de Ayurveda Concursuri de Ayurveda Conferinte de Ayurveda Congrese de Ayurveda Tabere de Ayurveda Cursuri de Ayurveda Concursuri de Ayurveda Conferinte de Ayurveda Congrese de Ayurveda Tabere de Ayurveda EVENIMENT ONLINE CONGRESUL DE AYURVEDA AMN-ROMANIA 2022 Asocia\u021bia Na\u021bional\u0103 pentru Promovarea Medicinelor Neconven\u021bionale \u2013 AMN-Rom\u00e2nia v\u0103 invit\u0103 s\u0103 participa\u021bi la Evenimentul online intitulat \u201dCongresul de\" \/>\n\t\t<meta property=\"og:url\" content=\"https:\/\/amnromania.ro\/hu\/kongresszus-2022\/\" \/>\n\t\t<meta property=\"og:image\" content=\"https:\/\/amnromania.ro\/ynorsyju\/2021\/06\/Ayurveda-in-Romania-Vol.-2-Ro.jpg\" \/>\n\t\t<meta property=\"og:image:secure_url\" content=\"https:\/\/amnromania.ro\/ynorsyju\/2021\/06\/Ayurveda-in-Romania-Vol.-2-Ro.jpg\" \/>\n\t\t<meta property=\"article:published_time\" content=\"2022-01-19T19:06:43+00:00\" \/>\n\t\t<meta property=\"article:modified_time\" content=\"2023-12-13T09:45:40+00:00\" \/>\n\t\t<meta property=\"article:publisher\" content=\"https:\/\/www.facebook.com\/AMNRomania\" \/>\n\t\t<script type=\"application\/ld+json\" class=\"aioseo-schema\">\n\t\t\t{\"@context\":\"https:\\\/\\\/schema.org\",\"@graph\":[{\"@type\":\"BreadcrumbList\",\"@id\":\"https:\\\/\\\/amnromania.ro\\\/hu\\\/kongresszus-2022\\\/#breadcrumblist\",\"itemListElement\":[{\"@type\":\"ListItem\",\"@id\":\"https:\\\/\\\/amnromania.ro\\\/hu\\\/#listItem\",\"position\":1,\"name\":\"Home\",\"item\":\"https:\\\/\\\/amnromania.ro\\\/hu\\\/\",\"nextItem\":\"https:\\\/\\\/amnromania.ro\\\/hu\\\/kongresszus-2022\\\/#listItem\"},{\"@type\":\"ListItem\",\"@id\":\"https:\\\/\\\/amnromania.ro\\\/hu\\\/kongresszus-2022\\\/#listItem\",\"position\":2,\"name\":\"Congres Ayurveda 2022\",\"previousItem\":\"https:\\\/\\\/amnromania.ro\\\/hu\\\/#listItem\"}]},{\"@type\":\"Organization\",\"@id\":\"https:\\\/\\\/amnromania.ro\\\/hu\\\/#organization\",\"name\":\"AMN Ayurveda Romania\",\"url\":\"https:\\\/\\\/amnromania.ro\\\/hu\\\/\",\"logo\":{\"@type\":\"ImageObject\",\"url\":\"https:\\\/\\\/amnromania.ro\\\/ynorsyju\\\/2020\\\/10\\\/amn.png\",\"@id\":\"https:\\\/\\\/amnromania.ro\\\/hu\\\/kongresszus-2022\\\/#organizationLogo\"},\"image\":{\"@id\":\"https:\\\/\\\/amnromania.ro\\\/hu\\\/kongresszus-2022\\\/#organizationLogo\"},\"sameAs\":[\"https:\\\/\\\/www.facebook.com\\\/AMNRomania\",\"https:\\\/\\\/www.youtube.com\\\/channel\\\/UClfqKxiq_uZ11rthDIT3-BQ\\\/videos\"]},{\"@type\":\"WebPage\",\"@id\":\"https:\\\/\\\/amnromania.ro\\\/hu\\\/kongresszus-2022\\\/#webpage\",\"url\":\"https:\\\/\\\/amnromania.ro\\\/hu\\\/kongresszus-2022\\\/\",\"name\":\"Congres Ayurveda 2022 | AMN Ayurveda ROM\\u00c2NIA\",\"description\":\"Cursuri de Ayurveda Concursuri de Ayurveda Conferinte de Ayurveda Congrese de Ayurveda Tabere de Ayurveda Cursuri de Ayurveda Concursuri de Ayurveda Conferinte de Ayurveda Congrese de Ayurveda Tabere de Ayurveda EVENIMENT ONLINE CONGRESUL DE AYURVEDA AMN-ROMANIA 2022 Asocia\\u021bia Na\\u021bional\\u0103 pentru Promovarea Medicinelor Neconven\\u021bionale \\u2013 AMN-Rom\\u00e2nia v\\u0103 invit\\u0103 s\\u0103 participa\\u021bi la Evenimentul online intitulat \\u201dCongresul de\",\"inLanguage\":\"hu-HU\",\"isPartOf\":{\"@id\":\"https:\\\/\\\/amnromania.ro\\\/hu\\\/#website\"},\"breadcrumb\":{\"@id\":\"https:\\\/\\\/amnromania.ro\\\/hu\\\/kongresszus-2022\\\/#breadcrumblist\"},\"datePublished\":\"2022-01-19T21:06:43+02:00\",\"dateModified\":\"2023-12-13T11:45:40+02:00\"},{\"@type\":\"WebSite\",\"@id\":\"https:\\\/\\\/amnromania.ro\\\/hu\\\/#website\",\"url\":\"https:\\\/\\\/amnromania.ro\\\/hu\\\/\",\"name\":\"AMN Ayurveda ROM\\u00c2NIA\",\"description\":\"Asociatia Nationala pentru Promovarea Medicinelor Neconventionale\",\"inLanguage\":\"hu-HU\",\"publisher\":{\"@id\":\"https:\\\/\\\/amnromania.ro\\\/hu\\\/#organization\"}}]}\n\t\t<\/script>\n\t\t<!-- All in One SEO Pro -->\r\n\t\t<title>Congres Ayurveda 2022 | AMN Ayurveda ROM\u00c2NIA<\/title>\n\n","aioseo_head_json":{"title":"Congres Ayurveda 2022 | AMN Ayurveda ROM\u00c2NIA","description":"Cursuri de Ayurveda Concursuri de Ayurveda Conferinte de Ayurveda Congrese de Ayurveda Tabere de Ayurveda Cursuri de Ayurveda Concursuri de Ayurveda Conferinte de Ayurveda Congrese de Ayurveda Tabere de Ayurveda EVENIMENT ONLINE CONGRESUL DE AYURVEDA AMN-ROMANIA 2022 Asocia\u021bia Na\u021bional\u0103 pentru Promovarea Medicinelor Neconven\u021bionale \u2013 AMN-Rom\u00e2nia v\u0103 invit\u0103 s\u0103 participa\u021bi la Evenimentul online intitulat \u201dCongresul de","canonical_url":"https:\/\/amnromania.ro\/hu\/kongresszus-2022\/","robots":"max-image-preview:large","keywords":"","webmasterTools":{"google-site-verification":"G-391X30D2FS","miscellaneous":""},"og:locale":"hu_HU","og:site_name":"AMN Ayurveda ROM\u00c2NIA | Asociatia Nationala pentru Promovarea Medicinelor Neconventionale","og:type":"article","og:title":"Congres Ayurveda 2022 | AMN Ayurveda ROM\u00c2NIA","og:description":"Cursuri de Ayurveda Concursuri de Ayurveda Conferinte de Ayurveda Congrese de Ayurveda Tabere de Ayurveda Cursuri de Ayurveda Concursuri de Ayurveda Conferinte de Ayurveda Congrese de Ayurveda Tabere de Ayurveda EVENIMENT ONLINE CONGRESUL DE AYURVEDA AMN-ROMANIA 2022 Asocia\u021bia Na\u021bional\u0103 pentru Promovarea Medicinelor Neconven\u021bionale \u2013 AMN-Rom\u00e2nia v\u0103 invit\u0103 s\u0103 participa\u021bi la Evenimentul online intitulat \u201dCongresul de","og:url":"https:\/\/amnromania.ro\/hu\/kongresszus-2022\/","og:image":"https:\/\/amnromania.ro\/ynorsyju\/2021\/06\/Ayurveda-in-Romania-Vol.-2-Ro.jpg","og:image:secure_url":"https:\/\/amnromania.ro\/ynorsyju\/2021\/06\/Ayurveda-in-Romania-Vol.-2-Ro.jpg","article:published_time":"2022-01-19T19:06:43+00:00","article:modified_time":"2023-12-13T09:45:40+00:00","article:publisher":"https:\/\/www.facebook.com\/AMNRomania","schema":{"@context":"https:\/\/schema.org","@graph":[{"@type":"BreadcrumbList","@id":"https:\/\/amnromania.ro\/hu\/kongresszus-2022\/#breadcrumblist","itemListElement":[{"@type":"ListItem","@id":"https:\/\/amnromania.ro\/hu\/#listItem","position":1,"name":"Home","item":"https:\/\/amnromania.ro\/hu\/","nextItem":"https:\/\/amnromania.ro\/hu\/kongresszus-2022\/#listItem"},{"@type":"ListItem","@id":"https:\/\/amnromania.ro\/hu\/kongresszus-2022\/#listItem","position":2,"name":"Congres Ayurveda 2022","previousItem":"https:\/\/amnromania.ro\/hu\/#listItem"}]},{"@type":"Organization","@id":"https:\/\/amnromania.ro\/hu\/#organization","name":"AMN Ayurveda Romania","url":"https:\/\/amnromania.ro\/hu\/","logo":{"@type":"ImageObject","url":"https:\/\/amnromania.ro\/ynorsyju\/2020\/10\/amn.png","@id":"https:\/\/amnromania.ro\/hu\/kongresszus-2022\/#organizationLogo"},"image":{"@id":"https:\/\/amnromania.ro\/hu\/kongresszus-2022\/#organizationLogo"},"sameAs":["https:\/\/www.facebook.com\/AMNRomania","https:\/\/www.youtube.com\/channel\/UClfqKxiq_uZ11rthDIT3-BQ\/videos"]},{"@type":"WebPage","@id":"https:\/\/amnromania.ro\/hu\/kongresszus-2022\/#webpage","url":"https:\/\/amnromania.ro\/hu\/kongresszus-2022\/","name":"Congres Ayurveda 2022 | AMN Ayurveda ROM\u00c2NIA","description":"Cursuri de Ayurveda Concursuri de Ayurveda Conferinte de Ayurveda Congrese de Ayurveda Tabere de Ayurveda Cursuri de Ayurveda Concursuri de Ayurveda Conferinte de Ayurveda Congrese de Ayurveda Tabere de Ayurveda EVENIMENT ONLINE CONGRESUL DE AYURVEDA AMN-ROMANIA 2022 Asocia\u021bia Na\u021bional\u0103 pentru Promovarea Medicinelor Neconven\u021bionale \u2013 AMN-Rom\u00e2nia v\u0103 invit\u0103 s\u0103 participa\u021bi la Evenimentul online intitulat \u201dCongresul de","inLanguage":"hu-HU","isPartOf":{"@id":"https:\/\/amnromania.ro\/hu\/#website"},"breadcrumb":{"@id":"https:\/\/amnromania.ro\/hu\/kongresszus-2022\/#breadcrumblist"},"datePublished":"2022-01-19T21:06:43+02:00","dateModified":"2023-12-13T11:45:40+02:00"},{"@type":"WebSite","@id":"https:\/\/amnromania.ro\/hu\/#website","url":"https:\/\/amnromania.ro\/hu\/","name":"AMN Ayurveda ROM\u00c2NIA","description":"Asociatia Nationala pentru Promovarea Medicinelor Neconventionale","inLanguage":"hu-HU","publisher":{"@id":"https:\/\/amnromania.ro\/hu\/#organization"}}]}},"aioseo_meta_data":{"post_id":"9749","title":null,"description":null,"keywords":"[]","keyphrases":"{\"focus\":[],\"additional\":[]}","primary_term":null,"canonical_url":null,"og_title":null,"og_description":null,"og_object_type":"default","og_image_type":"content","og_image_url":"https:\/\/amnromania.ro\/ynorsyju\/2021\/06\/Ayurveda-in-Romania-Vol.-2-Ro.jpg","og_image_width":"0","og_image_height":"0","og_image_custom_url":null,"og_image_custom_fields":null,"og_video":"","og_custom_url":null,"og_article_section":null,"og_article_tags":"[]","twitter_use_og":false,"twitter_card":"default","twitter_image_type":"default","twitter_image_url":null,"twitter_image_custom_url":null,"twitter_image_custom_fields":null,"twitter_title":null,"twitter_description":null,"schema":{"blockGraphs":[],"customGraphs":[],"default":{"data":{"Article":[],"Course":[],"Dataset":[],"FAQPage":[],"Movie":[],"Person":[],"Product":[],"Recipe":[],"Service":[],"SoftwareApplication":[],"WebPage":{"id":"#aioseo-web-page-65b6332c86dd5","slug":"web-page","graphName":"WebPage","label":"Web Page","properties":{"type":"WebPage","name":"","description":""}}},"graphName":"WebPage","isEnabled":true},"graphs":[]},"schema_type":"default","schema_type_options":"{\"article\":{\"articleType\":\"BlogPosting\"},\"course\":{\"name\":\"\",\"description\":\"\",\"provider\":\"\"},\"faq\":{\"pages\":[]},\"product\":{\"reviews\":[]},\"recipe\":{\"ingredients\":[],\"instructions\":[],\"keywords\":[]},\"software\":{\"reviews\":[],\"operatingSystems\":[]},\"webPage\":{\"webPageType\":\"WebPage\"}}","pillar_content":false,"robots_default":true,"robots_noindex":false,"robots_noarchive":false,"robots_nosnippet":false,"robots_nofollow":false,"robots_noimageindex":false,"robots_noodp":false,"robots_notranslate":false,"robots_max_snippet":"-1","robots_max_videopreview":"-1","robots_max_imagepreview":"large","priority":null,"frequency":"default","local_seo":null,"limit_modified_date":false,"open_ai":null,"created":"2022-01-19 19:05:35","updated":"2024-01-28 10:57:48"},"aioseo_breadcrumb":"<div class=\"aioseo-breadcrumbs\"><span class=\"aioseo-breadcrumb\">\n\t<a href=\"https:\/\/amnromania.ro\/hu\" title=\"Home\">Home<\/a>\n<\/span><span class=\"aioseo-breadcrumb-separator\">&raquo;<\/span><span class=\"aioseo-breadcrumb\">\n\tCongres Ayurveda 2022\n<\/span><\/div>","aioseo_breadcrumb_json":[{"label":"Home","link":"https:\/\/amnromania.ro\/hu"},{"label":"Congres Ayurveda 2022","link":"https:\/\/amnromania.ro\/hu\/kongresszus-2022\/"}],"_links":{"self":[{"href":"https:\/\/amnromania.ro\/hu\/wp-json\/wp\/v2\/pages\/9749","targetHints":{"allow":["GET"]}}],"collection":[{"href":"https:\/\/amnromania.ro\/hu\/wp-json\/wp\/v2\/pages"}],"about":[{"href":"https:\/\/amnromania.ro\/hu\/wp-json\/wp\/v2\/types\/page"}],"author":[{"embeddable":true,"href":"https:\/\/amnromania.ro\/hu\/wp-json\/wp\/v2\/users\/1"}],"replies":[{"embeddable":true,"href":"https:\/\/amnromania.ro\/hu\/wp-json\/wp\/v2\/comments?post=9749"}],"version-history":[{"count":4,"href":"https:\/\/amnromania.ro\/hu\/wp-json\/wp\/v2\/pages\/9749\/revisions"}],"predecessor-version":[{"id":11761,"href":"https:\/\/amnromania.ro\/hu\/wp-json\/wp\/v2\/pages\/9749\/revisions\/11761"}],"wp:attachment":[{"href":"https:\/\/amnromania.ro\/hu\/wp-json\/wp\/v2\/media?parent=9749"}],"curies":[{"name":"wp","href":"https:\/\/api.w.org\/{rel}","templated":true}]}}