{"id":9597,"date":"2021-10-18T15:17:42","date_gmt":"2021-10-18T13:17:42","guid":{"rendered":"https:\/\/amnromania.ro\/?page_id=9597"},"modified":"2021-10-20T09:16:55","modified_gmt":"2021-10-20T07:16:55","slug":"protocol-covid","status":"publish","type":"page","link":"https:\/\/amnromania.ro\/hu\/protocol-covid\/","title":{"rendered":"Covid protokoll"},"content":{"rendered":"<div data-elementor-type=\"wp-page\" data-elementor-id=\"9597\" class=\"elementor elementor-9597\" data-elementor-post-type=\"page\">\n\t\t\t\t\t\t<section class=\"elementor-section elementor-top-section elementor-element elementor-element-7a406f2 elementor-section-boxed elementor-section-height-default elementor-section-height-default\" data-id=\"7a406f2\" data-element_type=\"section\">\n\t\t\t\t\t\t<div class=\"elementor-container elementor-column-gap-default\">\n\t\t\t\t\t<div class=\"elementor-column elementor-col-50 elementor-top-column elementor-element elementor-element-aa3a918\" data-id=\"aa3a918\" data-element_type=\"column\">\n\t\t\t<div class=\"elementor-widget-wrap elementor-element-populated\">\n\t\t\t\t\t\t<div class=\"elementor-element elementor-element-0e04617 elementor-nav-menu__align-start elementor-nav-menu__text-align-center elementor-nav-menu--dropdown-tablet elementor-nav-menu--toggle elementor-nav-menu--burger elementor-widget elementor-widget-global elementor-global-5773 elementor-widget-nav-menu\" data-id=\"0e04617\" data-element_type=\"widget\" data-settings=\"{&quot;layout&quot;:&quot;vertical&quot;,&quot;submenu_icon&quot;:{&quot;value&quot;:&quot;fas fa-caret-down&quot;,&quot;library&quot;:&quot;fa-solid&quot;},&quot;toggle&quot;:&quot;burger&quot;}\" data-widget_type=\"nav-menu.default\">\n\t\t\t\t<div class=\"elementor-widget-container\">\n\t\t\t\t\t\t\t\t<nav aria-label=\"Men\u00fc\" class=\"elementor-nav-menu--main elementor-nav-menu__container elementor-nav-menu--layout-vertical e--pointer-background e--animation-fade\">\n\t\t\t\t<ul id=\"menu-1-0e04617\" class=\"elementor-nav-menu sm-vertical\"><li class=\"menu-item menu-item-type-post_type menu-item-object-page menu-item-5758\"><a href=\"https:\/\/amnromania.ro\/hu\/aktualitas\/devitalizacio\/\" class=\"elementor-item\">Devitaliz\u00e1ci\u00f3<\/a><\/li>\n<li class=\"menu-item menu-item-type-post_type menu-item-object-page menu-item-5759\"><a href=\"https:\/\/amnromania.ro\/hu\/aktualitas\/jogorvoslatok-gyerekeknek-2\/\" class=\"elementor-item\">Gy\u00f3gym\u00f3dok gyermekeknek - 2<\/a><\/li>\n<li class=\"menu-item menu-item-type-post_type menu-item-object-page menu-item-5760\"><a href=\"https:\/\/amnromania.ro\/hu\/aktualitas\/gyogymodok-a-gyerekeknek-1\/\" class=\"elementor-item\">Gy\u00f3gym\u00f3dok gyermekeknek - 1<\/a><\/li>\n<li class=\"menu-item menu-item-type-post_type menu-item-object-page menu-item-5761\"><a href=\"https:\/\/amnromania.ro\/hu\/aktualitas\/transzmutacio-es-szublimacio\/\" class=\"elementor-item\">Transzmut\u00e1ci\u00f3 \u00e9s szublim\u00e1ci\u00f3<\/a><\/li>\n<li class=\"menu-item menu-item-type-post_type menu-item-object-page menu-item-5762\"><a href=\"https:\/\/amnromania.ro\/hu\/aktualitas\/elmelet-morfogenetika\/\" class=\"elementor-item\">Morfogenetikai elm\u00e9let<\/a><\/li>\n<li class=\"menu-item menu-item-type-post_type menu-item-object-page menu-item-5763\"><a href=\"https:\/\/amnromania.ro\/hu\/aktualitas\/univerzum-vibrator\/\" class=\"elementor-item\">A vibr\u00e1ci\u00f3s univerzum<\/a><\/li>\n<li class=\"menu-item menu-item-type-post_type menu-item-object-page menu-item-5764\"><a href=\"https:\/\/amnromania.ro\/hu\/aktualitas\/hagyomany\/\" class=\"elementor-item\">Hagyom\u00e1ny<\/a><\/li>\n<li class=\"menu-item menu-item-type-post_type menu-item-object-page menu-item-5765\"><a href=\"https:\/\/amnromania.ro\/hu\/mezok\/pszichoterapia\/leszokas-a-dohanyzasrol\/\" class=\"elementor-item\">A doh\u00e1nyz\u00e1sr\u00f3l val\u00f3 leszok\u00e1s<\/a><\/li>\n<li class=\"menu-item menu-item-type-post_type menu-item-object-page menu-item-5766\"><a href=\"https:\/\/amnromania.ro\/hu\/aktualitas\/szezon-betegseg\/\" class=\"elementor-item\">Szezon\u00e1lis betegs\u00e9gek<\/a><\/li>\n<li class=\"menu-item menu-item-type-post_type menu-item-object-page menu-item-5767\"><a href=\"https:\/\/amnromania.ro\/hu\/aktualitas\/termeszetes-gyogyulas\/\" class=\"elementor-item\">Term\u00e9szetes gy\u00f3gyul\u00e1s<\/a><\/li>\n<li class=\"menu-item menu-item-type-post_type menu-item-object-page menu-item-5768\"><a href=\"https:\/\/amnromania.ro\/hu\/aktualitas\/egeszseg-talaj\/\" class=\"elementor-item\">A talaj eg\u00e9szs\u00e9ge<\/a><\/li>\n<li class=\"menu-item menu-item-type-post_type menu-item-object-page menu-item-5769\"><a href=\"https:\/\/amnromania.ro\/hu\/aktualitas\/nem-hagyomanyos-megkozelitesu\/\" class=\"elementor-item\">A nem hagyom\u00e1nyos megk\u00f6zel\u00edt\u00e9s<\/a><\/li>\n<li class=\"menu-item menu-item-type-post_type menu-item-object-page menu-item-6434\"><a href=\"https:\/\/amnromania.ro\/hu\/aktualitas\/hirek\/\" class=\"elementor-item\">H\u00edrek<\/a><\/li>\n<\/ul>\t\t\t<\/nav>\n\t\t\t\t\t<div class=\"elementor-menu-toggle\" role=\"button\" tabindex=\"0\" aria-label=\"Toggle men\u00fc\" aria-expanded=\"false\">\n\t\t\t<i aria-hidden=\"true\" role=\"presentation\" class=\"elementor-menu-toggle__icon--open eicon-menu-bar\"><\/i><i aria-hidden=\"true\" role=\"presentation\" class=\"elementor-menu-toggle__icon--close eicon-close\"><\/i>\t\t<\/div>\n\t\t\t\t\t<nav class=\"elementor-nav-menu--dropdown elementor-nav-menu__container\" aria-hidden=\"true\">\n\t\t\t\t<ul id=\"menu-2-0e04617\" class=\"elementor-nav-menu sm-vertical\"><li class=\"menu-item menu-item-type-post_type menu-item-object-page menu-item-5758\"><a href=\"https:\/\/amnromania.ro\/hu\/aktualitas\/devitalizacio\/\" class=\"elementor-item\" tabindex=\"-1\">Devitaliz\u00e1ci\u00f3<\/a><\/li>\n<li class=\"menu-item menu-item-type-post_type menu-item-object-page menu-item-5759\"><a href=\"https:\/\/amnromania.ro\/hu\/aktualitas\/jogorvoslatok-gyerekeknek-2\/\" class=\"elementor-item\" tabindex=\"-1\">Gy\u00f3gym\u00f3dok gyermekeknek - 2<\/a><\/li>\n<li class=\"menu-item menu-item-type-post_type menu-item-object-page menu-item-5760\"><a href=\"https:\/\/amnromania.ro\/hu\/aktualitas\/gyogymodok-a-gyerekeknek-1\/\" class=\"elementor-item\" tabindex=\"-1\">Gy\u00f3gym\u00f3dok gyermekeknek - 1<\/a><\/li>\n<li class=\"menu-item menu-item-type-post_type menu-item-object-page menu-item-5761\"><a href=\"https:\/\/amnromania.ro\/hu\/aktualitas\/transzmutacio-es-szublimacio\/\" class=\"elementor-item\" tabindex=\"-1\">Transzmut\u00e1ci\u00f3 \u00e9s szublim\u00e1ci\u00f3<\/a><\/li>\n<li class=\"menu-item menu-item-type-post_type menu-item-object-page menu-item-5762\"><a href=\"https:\/\/amnromania.ro\/hu\/aktualitas\/elmelet-morfogenetika\/\" class=\"elementor-item\" tabindex=\"-1\">Morfogenetikai elm\u00e9let<\/a><\/li>\n<li class=\"menu-item menu-item-type-post_type menu-item-object-page menu-item-5763\"><a href=\"https:\/\/amnromania.ro\/hu\/aktualitas\/univerzum-vibrator\/\" class=\"elementor-item\" tabindex=\"-1\">A vibr\u00e1ci\u00f3s univerzum<\/a><\/li>\n<li class=\"menu-item menu-item-type-post_type menu-item-object-page menu-item-5764\"><a href=\"https:\/\/amnromania.ro\/hu\/aktualitas\/hagyomany\/\" class=\"elementor-item\" tabindex=\"-1\">Hagyom\u00e1ny<\/a><\/li>\n<li class=\"menu-item menu-item-type-post_type menu-item-object-page menu-item-5765\"><a href=\"https:\/\/amnromania.ro\/hu\/mezok\/pszichoterapia\/leszokas-a-dohanyzasrol\/\" class=\"elementor-item\" tabindex=\"-1\">A doh\u00e1nyz\u00e1sr\u00f3l val\u00f3 leszok\u00e1s<\/a><\/li>\n<li class=\"menu-item menu-item-type-post_type menu-item-object-page menu-item-5766\"><a href=\"https:\/\/amnromania.ro\/hu\/aktualitas\/szezon-betegseg\/\" class=\"elementor-item\" tabindex=\"-1\">Szezon\u00e1lis betegs\u00e9gek<\/a><\/li>\n<li class=\"menu-item menu-item-type-post_type menu-item-object-page menu-item-5767\"><a href=\"https:\/\/amnromania.ro\/hu\/aktualitas\/termeszetes-gyogyulas\/\" class=\"elementor-item\" tabindex=\"-1\">Term\u00e9szetes gy\u00f3gyul\u00e1s<\/a><\/li>\n<li class=\"menu-item menu-item-type-post_type menu-item-object-page menu-item-5768\"><a href=\"https:\/\/amnromania.ro\/hu\/aktualitas\/egeszseg-talaj\/\" class=\"elementor-item\" tabindex=\"-1\">A talaj eg\u00e9szs\u00e9ge<\/a><\/li>\n<li class=\"menu-item menu-item-type-post_type menu-item-object-page menu-item-5769\"><a href=\"https:\/\/amnromania.ro\/hu\/aktualitas\/nem-hagyomanyos-megkozelitesu\/\" class=\"elementor-item\" tabindex=\"-1\">A nem hagyom\u00e1nyos megk\u00f6zel\u00edt\u00e9s<\/a><\/li>\n<li class=\"menu-item menu-item-type-post_type menu-item-object-page menu-item-6434\"><a href=\"https:\/\/amnromania.ro\/hu\/aktualitas\/hirek\/\" class=\"elementor-item\" tabindex=\"-1\">H\u00edrek<\/a><\/li>\n<\/ul>\t\t\t<\/nav>\n\t\t\t\t\t\t<\/div>\n\t\t\t\t<\/div>\n\t\t\t\t\t<\/div>\n\t\t<\/div>\n\t\t\t\t<div class=\"elementor-column elementor-col-50 elementor-top-column elementor-element elementor-element-1f9edf9\" data-id=\"1f9edf9\" data-element_type=\"column\">\n\t\t\t<div class=\"elementor-widget-wrap elementor-element-populated\">\n\t\t\t\t\t\t<div class=\"elementor-element elementor-element-70cedb0 elementor-widget elementor-widget-text-editor\" data-id=\"70cedb0\" data-element_type=\"widget\" data-widget_type=\"text-editor.default\">\n\t\t\t\t<div class=\"elementor-widget-container\">\n\t\t\t\t\t\t\t\t\t<h1 style=\"text-align: center;\"><strong><u>AYUSH Miniszt\u00e9rium<\/u><\/strong><\/h1><h2 style=\"text-align: center;\">Nemzeti klinikai adminisztr\u00e1ci\u00f3s protokoll az Ayurv\u00e9d\u00e1r\u00f3l \u00e9s a j\u00f3g\u00e1r\u00f3l<\/h2><h2 style=\"text-align: center;\">a Covid-19 kezel\u00e9s\u00e9hez<\/h2>\t\t\t\t\t\t\t\t<\/div>\n\t\t\t\t<\/div>\n\t\t\t\t<div class=\"elementor-element elementor-element-a333cde elementor-widget elementor-widget-image\" data-id=\"a333cde\" data-element_type=\"widget\" data-widget_type=\"image.default\">\n\t\t\t\t<div class=\"elementor-widget-container\">\n\t\t\t\t\t\t\t\t\t\t\t\t\t\t\t<img fetchpriority=\"high\" decoding=\"async\" width=\"670\" height=\"371\" src=\"https:\/\/amnromania.ro\/wp-content\/uploads\/2020\/10\/ministry-of-ayush-government-of-indiajpg.jpg\" class=\"attachment-large size-large wp-image-445\" alt=\"\" srcset=\"https:\/\/amnromania.ro\/wp-content\/uploads\/2020\/10\/ministry-of-ayush-government-of-indiajpg.jpg 670w, https:\/\/amnromania.ro\/wp-content\/uploads\/2020\/10\/ministry-of-ayush-government-of-indiajpg-300x166.jpg 300w\" sizes=\"(max-width: 670px) 100vw, 670px\" \/>\t\t\t\t\t\t\t\t\t\t\t\t\t\t\t<\/div>\n\t\t\t\t<\/div>\n\t\t\t\t<div class=\"elementor-element elementor-element-c60a269 elementor-widget elementor-widget-text-editor\" data-id=\"c60a269\" data-element_type=\"widget\" data-widget_type=\"text-editor.default\">\n\t\t\t\t<div class=\"elementor-widget-container\">\n\t\t\t\t\t\t\t\t\t<h3><b>Bevezet\u00e9s<\/b><\/h3><p>A COVID-19 vil\u00e1gj\u00e1rv\u00e1ny glob\u00e1lis eg\u00e9szs\u00e9g\u00fcgyi v\u00e1ls\u00e1ghelyzetet teremtett, amely el\u0151re nem l\u00e1tott k\u00f6zeg\u00e9szs\u00e9g\u00fcgyi v\u00e9szhelyzetet eredm\u00e9nyezett. A hal\u00e1lesetek \u00e9s fert\u0151z\u00e9sek sz\u00e1ma vil\u00e1gszerte napr\u00f3l napra n\u0151. A helyzet s\u00falyoss\u00e1g\u00e1t bizonyos t\u00e1rsadalmi \u00e9s gazdas\u00e1gi t\u00e9nyez\u0151k fokozz\u00e1k. A hat\u00e9kony fert\u0151z\u00e9skezel\u00e9st folyamatosan adapt\u00e1lj\u00e1k, \u00e9s k\u00eds\u00e9rleteket tesznek a hagyom\u00e1nyos beavatkoz\u00e1sok \u00e9s a standard kezel\u00e9sek kombin\u00e1l\u00e1s\u00e1ra.<\/p><p>Az Ayurveda \u00e9s a j\u00f3ga term\u00e9szetesen jelent\u0151s szerepet j\u00e1tszhat az Eg\u00e9szs\u00e9g\u00fcgyi \u00e9s Csal\u00e1dj\u00f3l\u00e9ti Miniszt\u00e9rium (MoHFW) ir\u00e1nymutat\u00e1sai \u00e1ltal biztos\u00edtott megel\u0151z\u0151 int\u00e9zked\u00e9sek hat\u00e9konys\u00e1g\u00e1nak n\u00f6vel\u00e9s\u00e9ben. A COVID-19 jelenlegi ismeretei alapj\u00e1n egy\u00e9rtelm\u0171, hogy a j\u00f3 immunit\u00e1s l\u00e9tfontoss\u00e1g\u00fa a betegs\u00e9g megel\u0151z\u00e9s\u00e9hez \u00e9s a betegs\u00e9g el\u0151rehalad\u00e1sa elleni v\u00e9delemhez.<\/p><p>Ez a jegyz\u0151k\u00f6nyv a k\u00f6vetkez\u0151 szempontok figyelembev\u00e9tel\u00e9vel k\u00e9sz\u00fclt:<\/p><ol><li>Az Ayurveda klasszikus ismeretei \u00e9s a klinikai gyakorlatban szerzett tapasztalatok;<\/li><li>Empirikus bizony\u00edt\u00e9kok \u00e9s plauzibilit\u00e1s a biol\u00f3gia szempontj\u00e1b\u00f3l;<\/li><li>\u00daj tendenci\u00e1k \u00e9s ir\u00e1nyok a klinikai vizsg\u00e1latokban.<\/li><\/ol><p>Ez a dokumentum a k\u00f6vetkez\u0151 helysz\u00ednekhez \u00e9s szervezetekhez tartoz\u00f3 sz\u00e1mos szak\u00e9rt\u0151i bizotts\u00e1g egy\u00fcttm\u0171k\u00f6d\u00e9s\u00e9vel k\u00e9sz\u00fclt: AII India Ayurveda Int\u00e9zet (AIIA), Delhi, Institute of Post Graduate Training and Research in Ayurved (IPGTRA), Jamnagar, \u00e9s National Institute of Ayurveda (NIA), Jaipur , Central Council for Research in Ayurveda (CCRAS), Central Council for Research in Yoga and Naturopathy (CCRYN) \u00e9s m\u00e1s nemzeti kutat\u00e1si szervezetek. Ez a protokoll a COVID-19 enyhe form\u00e1inak kezel\u00e9s\u00e9vel foglalkozik. A COVID-19 k\u00f6zepesen s\u00falyos \u00e9s s\u00falyos eseteit k\u00e9pvisel\u0151 egy\u00e9nek is t\u00e1j\u00e9koz\u00f3dhatnak a bemutatott lehet\u0151s\u00e9gekr\u0151l. Minden s\u00falyos esetre hivatkozni fogunk.<\/p><p>Ezt a jegyz\u0151k\u00f6nyvet \u00e9s mell\u00e9kleteit az eln\u00f6k, az ayurv\u00e9d\u00e1nak \u00e9s a j\u00f3g\u00e1nak az enyhe COVID-19 kezel\u00e9s\u00e9be val\u00f3 bevon\u00e1s\u00e1val foglalkoz\u00f3 interdiszciplin\u00e1ris bizotts\u00e1g \u00e9s a COVID-19 interdiszciplin\u00e1ris AYUSH kutat\u00e1si \u00e9s fejleszt\u00e9si munkacsoport felhatalmazott bizotts\u00e1ga hagyta j\u00f3v\u00e1, mindk\u00e9t bizotts\u00e1got az AYUSH-miniszt\u00e9rium hozta l\u00e9tre.<\/p>\t\t\t\t\t\t\t\t<\/div>\n\t\t\t\t<\/div>\n\t\t\t\t<div class=\"elementor-element elementor-element-a212582 elementor-widget elementor-widget-text-editor\" data-id=\"a212582\" data-element_type=\"widget\" data-widget_type=\"text-editor.default\">\n\t\t\t\t<div class=\"elementor-widget-container\">\n\t\t\t\t\t\t\t\t\t<p><strong>\u00c1ltal\u00e1nos \u00e9s fizikai int\u00e9zked\u00e9sek <\/strong><\/p><ol><li>Fizikai elk\u00fcl\u00f6n\u00edt\u00e9s, k\u00e9z- \u00e9s l\u00e9g\u00fati higi\u00e9nia, valamint maszk visel\u00e9se;<\/li><li>Gargaliz\u00e1ljon meleg v\u00edzzel, amelyhez adjon egy kis s\u00f3t \u00e9s kurkum\u00e1t. Triphala (Emblica officinalis, Terminalia chebula, Terminalia bellerica sz\u00e1r\u00edtott term\u00e9se) vagy Yashtimadhu (Glycyrrhiza glabra) is haszn\u00e1lhat\u00f3;<\/li><li>Gy\u00f3gyszeres olaj (Anu taila vagy Shadbindu Taila), sima olaj (szez\u00e1m vagy k\u00f3kusz) vagy teh\u00e9ntejvaj (Goghrita) orron bel\u00fcli alkalmaz\u00e1sa naponta egyszer vagy k\u00e9tszer, k\u00fcl\u00f6n\u00f6sen a h\u00e1zb\u00f3l val\u00f3 t\u00e1voz\u00e1s el\u0151tt \u00e9s visszat\u00e9r\u00e9s ut\u00e1n;<\/li><li>Ajwain (Trachyspermum ammi), Pudina (Mentha spicata) vagy eukaliptuszolajjal k\u00e9sz\u00fclt aeroszolok naponta egyszer;<\/li><li>6-8 \u00f3ra alv\u00e1s;<\/li><li>M\u00e9rs\u00e9kelt intenzit\u00e1s\u00fa edz\u00e9s;<\/li><li>A COVID-19 alapvet\u0151 megel\u0151z\u00e9s\u00e9r\u0151l sz\u00f3l\u00f3 J\u00f3gaprotokoll (1. MELL\u00c9KLET) \u00e9s a COVID-19 fert\u0151z\u00e9st k\u00f6vet\u0151 ell\u00e1t\u00e1sra vonatkoz\u00f3 jegyz\u0151k\u00f6nyv (bele\u00e9rtve a COVID-19 fert\u0151z\u00f6tt betegek ell\u00e1t\u00e1s\u00e1t) (2. MELL\u00c9KLET) alkalmaz\u00e1sa.<\/li><\/ol>\t\t\t\t\t\t\t\t<\/div>\n\t\t\t\t<\/div>\n\t\t\t\t<div class=\"elementor-element elementor-element-f7128a2 elementor-widget elementor-widget-text-editor\" data-id=\"f7128a2\" data-element_type=\"widget\" data-widget_type=\"text-editor.default\">\n\t\t\t\t<div class=\"elementor-widget-container\">\n\t\t\t\t\t\t\t\t\t<p><strong>Di\u00e9t\u00e1s int\u00e9zked\u00e9sek<\/strong><\/p><ol><li>Forr\u00f3 vagy el\u0151forrt v\u00edz fogyaszt\u00e1sa olyan gy\u00f3gyn\u00f6v\u00e9nyekkel egy\u00fctt, mint a gy\u00f6mb\u00e9r (Zingiber officinale), koriander (Coriandrum sativum), bazsalikom (Ocimum sanctum \/ Ocimum basilicum), k\u00f6m\u00e9nymag (Cuminum cyminum) stb;<\/li><li>Kiegyens\u00falyozott, meleg \u00e9s friss \u00e9telekb\u0151l \u00e1ll\u00f3 \u00e9trend gyakorl\u00e1sa;<\/li><li>Arany tejital [f\u00e9l ev\u0151kan\u00e1l Haldi (Curcuma longa) por 150 ml langyos tejbe keverve] \u00e9jszak\u00e1nk\u00e9nt egyszer. Em\u00e9szt\u00e9si zavarok eset\u00e9n ker\u00fclje;<\/li><li>Igyon naponta egyszer Ayush Kadha vagy Kwath (forr\u00f3 inf\u00fazi\u00f3 vagy f\u0151zet).<\/li><\/ol>\t\t\t\t\t\t\t\t<\/div>\n\t\t\t\t<\/div>\n\t\t\t\t<div class=\"elementor-element elementor-element-94208f0 elementor-widget elementor-widget-text-editor\" data-id=\"94208f0\" data-element_type=\"widget\" data-widget_type=\"text-editor.default\">\n\t\t\t\t<div class=\"elementor-widget-container\">\n\t\t\t\t\t\t\t\t\t<p><strong>Speci\u00e1lis int\u00e9zked\u00e9sek \/ T\u00fcneti kezel\u00e9s<\/strong><\/p><p><img decoding=\"async\" class=\"alignnone wp-image-9656 size-full\" src=\"https:\/\/amnromania.ro\/wp-content\/uploads\/2021\/10\/ingrijire-profilactica.jpg\" alt=\"\" width=\"1280\" height=\"604\" srcset=\"https:\/\/amnromania.ro\/wp-content\/uploads\/2021\/10\/ingrijire-profilactica.jpg 1280w, https:\/\/amnromania.ro\/wp-content\/uploads\/2021\/10\/ingrijire-profilactica-300x142.jpg 300w, https:\/\/amnromania.ro\/wp-content\/uploads\/2021\/10\/ingrijire-profilactica-1024x483.jpg 1024w, https:\/\/amnromania.ro\/wp-content\/uploads\/2021\/10\/ingrijire-profilactica-768x362.jpg 768w\" sizes=\"(max-width: 1280px) 100vw, 1280px\" \/><\/p><ul><li>E kezel\u00e9sek mellett \u00e1ltal\u00e1nos \u00e9s t\u00e1pl\u00e1lkoz\u00e1si int\u00e9zked\u00e9seket kell k\u00f6vetni.<\/li><\/ul>\t\t\t\t\t\t\t\t<\/div>\n\t\t\t\t<\/div>\n\t\t\t\t<div class=\"elementor-element elementor-element-b33a54f elementor-widget elementor-widget-image\" data-id=\"b33a54f\" data-element_type=\"widget\" data-widget_type=\"image.default\">\n\t\t\t\t<div class=\"elementor-widget-container\">\n\t\t\t\t\t\t\t\t\t\t\t\t\t\t\t<img decoding=\"async\" width=\"1024\" height=\"567\" src=\"https:\/\/amnromania.ro\/wp-content\/uploads\/2021\/10\/pozitiv-asimptomatic-1-1024x567.jpg\" class=\"attachment-large size-large wp-image-9651\" alt=\"\" srcset=\"https:\/\/amnromania.ro\/wp-content\/uploads\/2021\/10\/pozitiv-asimptomatic-1-1024x567.jpg 1024w, https:\/\/amnromania.ro\/wp-content\/uploads\/2021\/10\/pozitiv-asimptomatic-1-300x166.jpg 300w, https:\/\/amnromania.ro\/wp-content\/uploads\/2021\/10\/pozitiv-asimptomatic-1-768x425.jpg 768w, https:\/\/amnromania.ro\/wp-content\/uploads\/2021\/10\/pozitiv-asimptomatic-1-1536x851.jpg 1536w, https:\/\/amnromania.ro\/wp-content\/uploads\/2021\/10\/pozitiv-asimptomatic-1-2048x1135.jpg 2048w\" sizes=\"(max-width: 1024px) 100vw, 1024px\" \/>\t\t\t\t\t\t\t\t\t\t\t\t\t\t\t<\/div>\n\t\t\t\t<\/div>\n\t\t\t\t<div class=\"elementor-element elementor-element-0c08d82 elementor-widget elementor-widget-text-editor\" data-id=\"0c08d82\" data-element_type=\"widget\" data-widget_type=\"text-editor.default\">\n\t\t\t\t<div class=\"elementor-widget-container\">\n\t\t\t\t\t\t\t\t\t<ul><li>E kezel\u00e9sek mellett \u00e1ltal\u00e1nos \u00e9s t\u00e1pl\u00e1lkoz\u00e1si int\u00e9zked\u00e9seket kell k\u00f6vetni.<\/li><\/ul>\t\t\t\t\t\t\t\t<\/div>\n\t\t\t\t<\/div>\n\t\t\t\t<div class=\"elementor-element elementor-element-efea091 elementor-widget elementor-widget-text-editor\" data-id=\"efea091\" data-element_type=\"widget\" data-widget_type=\"text-editor.default\">\n\t\t\t\t<div class=\"elementor-widget-container\">\n\t\t\t\t\t\t\t\t\t<p><img loading=\"lazy\" decoding=\"async\" class=\"alignnone wp-image-9655 size-full\" src=\"https:\/\/amnromania.ro\/wp-content\/uploads\/2021\/10\/pozitiv-bland.jpg\" alt=\"\" width=\"1280\" height=\"556\" srcset=\"https:\/\/amnromania.ro\/wp-content\/uploads\/2021\/10\/pozitiv-bland.jpg 1280w, https:\/\/amnromania.ro\/wp-content\/uploads\/2021\/10\/pozitiv-bland-300x130.jpg 300w, https:\/\/amnromania.ro\/wp-content\/uploads\/2021\/10\/pozitiv-bland-1024x445.jpg 1024w, https:\/\/amnromania.ro\/wp-content\/uploads\/2021\/10\/pozitiv-bland-768x334.jpg 768w\" sizes=\"(max-width: 1280px) 100vw, 1280px\" \/><\/p><ul><li>E kezel\u00e9sek mellett \u00e1ltal\u00e1nos \u00e9s t\u00e1pl\u00e1lkoz\u00e1si int\u00e9zked\u00e9seket kell k\u00f6vetni. A tov\u00e1bbi kezel\u00e9sekr\u0151l l\u00e1sd a 3. MELL\u00c9KLET-et. Az orvosoknak a fenti vagy a 3. MELL\u00c9KLET-ben szerepl\u0151 aj\u00e1nl\u00e1sokr\u00f3l klinikai meg\u00edt\u00e9l\u00e9s\u00fck, a rendelkez\u00e9sre \u00e1ll\u00f3 lehet\u0151s\u00e9gek \u00e9s a region\u00e1lis preferenci\u00e1k figyelembev\u00e9tel\u00e9vel kell d\u00f6nteni\u00fck. Az adagokat a beteg \u00e9letkor\u00e1nak, s\u00faly\u00e1nak \u00e9s \u00e1llapot\u00e1nak megfelel\u0151en lehet m\u00f3dos\u00edtani.<\/li><\/ul><p>** Hivatkozni lehet az AYUSH Miniszt\u00e9rium COVID-19 utas\u00edt\u00e1saira az ayurv\u00e9dikusok sz\u00e1m\u00e1ra.<\/p>\t\t\t\t\t\t\t\t<\/div>\n\t\t\t\t<\/div>\n\t\t\t\t<div class=\"elementor-element elementor-element-fcac037 elementor-widget elementor-widget-text-editor\" data-id=\"fcac037\" data-element_type=\"widget\" data-widget_type=\"text-editor.default\">\n\t\t\t\t<div class=\"elementor-widget-container\">\n\t\t\t\t\t\t\t\t\t<p><img loading=\"lazy\" decoding=\"async\" class=\"alignnone wp-image-9659 size-full\" src=\"https:\/\/amnromania.ro\/wp-content\/uploads\/2021\/10\/post-covid-1.jpg\" alt=\"\" width=\"1280\" height=\"544\" srcset=\"https:\/\/amnromania.ro\/wp-content\/uploads\/2021\/10\/post-covid-1.jpg 1280w, https:\/\/amnromania.ro\/wp-content\/uploads\/2021\/10\/post-covid-1-300x128.jpg 300w, https:\/\/amnromania.ro\/wp-content\/uploads\/2021\/10\/post-covid-1-1024x435.jpg 1024w, https:\/\/amnromania.ro\/wp-content\/uploads\/2021\/10\/post-covid-1-768x326.jpg 768w\" sizes=\"(max-width: 1280px) 100vw, 1280px\" \/><\/p><ul><li>E kezel\u00e9sek mellett \u00e1ltal\u00e1nos \u00e9s t\u00e1pl\u00e1lkoz\u00e1si int\u00e9zked\u00e9seket kell k\u00f6vetni.<\/li><li>Orvosa tan\u00e1cs\u00e1ra. Az orvosoknak a fenti vagy a 3. MELL\u00c9KLET-ben szerepl\u0151 aj\u00e1nl\u00e1sokr\u00f3l a klinikai meg\u00edt\u00e9l\u00e9s, a rendelkez\u00e9sre \u00e1ll\u00e1s \u00e9s a region\u00e1lis preferenci\u00e1k figyelembev\u00e9tel\u00e9vel kell d\u00f6nteni\u00fck. Az adagok a beteg \u00e9letkor\u00e1nak, tests\u00faly\u00e1nak \u00e9s \u00e1llapot\u00e1nak megfelel\u0151en m\u00f3dos\u00edthat\u00f3k.<\/li><\/ul><p>** Hivatkozni lehet az AYUSH Miniszt\u00e9rium COVID-19 utas\u00edt\u00e1saira az ayurv\u00e9dikusok sz\u00e1m\u00e1ra.<\/p>\t\t\t\t\t\t\t\t<\/div>\n\t\t\t\t<\/div>\n\t\t\t\t<div class=\"elementor-element elementor-element-b9023fd elementor-widget elementor-widget-text-editor\" data-id=\"b9023fd\" data-element_type=\"widget\" data-widget_type=\"text-editor.default\">\n\t\t\t\t<div class=\"elementor-widget-container\">\n\t\t\t\t\t\t\t\t\t<p>Hivatkoz\u00e1sok:<\/p><ol><li>\u00datmutat\u00f3 az \u00e1jurv\u00e9dikusok sz\u00e1m\u00e1ra a COVID-19-hez; el\u00e9rhet\u0151 az al\u00e1bbi c\u00edmen<a href=\"https:\/\/www.ayush.gov.in\/docs\/ayurved-guidlines.pdf\"><u> https:\/\/www.ayush.gov.in\/docs\/ayurved-guidlines.pdf<\/u><\/a><\/li><li>Ir\u00e1nyelvek a COVID-19 klinikai kezel\u00e9s\u00e9r\u0151l; India Korm\u00e1nya, Eg\u00e9szs\u00e9g\u00fcgyi \u00e9s Csal\u00e1d\u00fcgyi Miniszt\u00e9rium; el\u00e9rhet\u0151 az al\u00e1bbi c\u00edmen <a href=\"https:\/\/www.mohfw.gov.in\/pdf\/GuidelinesonClinicalManagementofCOVID1912020.pdf\"><u>https:\/\/www.mohfw.gov.in\/pdf\/GuidelinesonClinicalManagementofCOVID1912020.pdf<\/u><\/a><\/li><\/ol><ol start=\"3\"><li>Az AYUSH Miniszt\u00e9rium tan\u00e1csad\u00f3ja a koronav\u00edrus (COVID-19) indiai terjed\u00e9s\u00e9b\u0151l ad\u00f3d\u00f3 kih\u00edv\u00e1s kezel\u00e9s\u00e9re; el\u00e9rhet\u0151 a k\u00f6vetkez\u0151 c\u00edmen <a href=\"https:\/\/www.ayush.gov.in\/docs\/125.pdf\"><u>https:\/\/www.ayush.gov.in\/docs\/125.pdf<\/u><\/a><\/li><li>Az \u00e1jurv\u00e9da immunit\u00e1st er\u0151s\u00edt\u0151 int\u00e9zked\u00e9sei az \u00f6ngondoskod\u00e1shoz a COVID-19 v\u00e1ls\u00e1g idej\u00e9n; el\u00e9rhet\u0151 a k\u00f6vetkez\u0151 c\u00edmen <a href=\"https:\/\/www.ayush.gov.in\/docs\/123.pdf\"><u>https:\/\/www.ayush.gov.in\/docs\/123.pdf<\/u><\/a><\/li><li>Az Eg\u00e9szs\u00e9g\u00fcgyi \u00e9s Csal\u00e1dj\u00f3l\u00e9ti Miniszt\u00e9rium COVID ut\u00e1ni kezel\u00e9si protokollja; el\u00e9rhet\u0151 a k\u00f6vetkez\u0151 c\u00edmen <a href=\"https:\/\/www.mohfw.gov.in\/pdf\/PostCOVID13092020.pdf\"><u>https:\/\/www.mohfw.gov.in\/pdf\/PostCOVID13092020.pdf<\/u><\/a><\/li><li>A COVID-19 terjed\u00e9s\u00e9nek megf\u00e9kez\u00e9se \u00e9rdek\u00e9ben v\u00e9gzett vizsg\u00e1latok sor\u00e1n k\u00f6vetend\u0151 megel\u0151z\u0151 int\u00e9zked\u00e9sekr\u0151l sz\u00f3l\u00f3 fel\u00fclvizsg\u00e1lt SOP; el\u00e9rhet\u0151 az al\u00e1bbi c\u00edmen <a href=\"https:\/\/www.mohfw.gov.in\/pdf\/RevisedSOPonpreventivemeasurestobefollowedwhileconductingexaminationstocontainspreadofCOVID19.pdf\">https:\/\/www.mohfw.gov.in\/pdf\/RevisedSOPonpreventivemeasurestobefollowedwhileconductingexaminationstocontainspreadofCOVID19.pdf<\/a><\/li><\/ol>\t\t\t\t\t\t\t\t<\/div>\n\t\t\t\t<\/div>\n\t\t\t\t<div class=\"elementor-element elementor-element-1833aa1 elementor-widget elementor-widget-text-editor\" data-id=\"1833aa1\" data-element_type=\"widget\" data-widget_type=\"text-editor.default\">\n\t\t\t\t<div class=\"elementor-widget-container\">\n\t\t\t\t\t\t\t\t\t<h2 style=\"text-align: right;\"><strong>1. MELL\u00c9KLET<\/strong><\/h2><h2><strong>\u00a0\u00a0\u00a0\u00a0\u00a0\u00a0\u00a0\u00a0\u00a0\u00a0\u00a0 J\u00f3gaprotokoll a COVID-19 alapvet\u0151 megel\u0151z\u00e9s\u00e9hez<\/strong><\/h2><p><strong>C\u00e9lok:<\/strong><\/p><ul><li>A l\u00e9gz\u00e9si \u00e9s sz\u00edvm\u0171k\u00f6d\u00e9si folyamatok hat\u00e9konys\u00e1g\u00e1nak jav\u00edt\u00e1sa<\/li><li>A stressz \u00e9s a szorong\u00e1s cs\u00f6kkent\u00e9se<\/li><li>Az immunit\u00e1s fokoz\u00e1sa<\/li><\/ul><p><img loading=\"lazy\" decoding=\"async\" class=\"alignnone wp-image-9663 size-full\" src=\"https:\/\/amnromania.ro\/wp-content\/uploads\/2021\/10\/asana-1.jpg\" alt=\"\" width=\"956\" height=\"1280\" srcset=\"https:\/\/amnromania.ro\/wp-content\/uploads\/2021\/10\/asana-1.jpg 956w, https:\/\/amnromania.ro\/wp-content\/uploads\/2021\/10\/asana-1-224x300.jpg 224w, https:\/\/amnromania.ro\/wp-content\/uploads\/2021\/10\/asana-1-765x1024.jpg 765w, https:\/\/amnromania.ro\/wp-content\/uploads\/2021\/10\/asana-1-768x1028.jpg 768w\" sizes=\"(max-width: 956px) 100vw, 956px\" \/><\/p><ul><li>A Jalaneti kriy\u00e1t aj\u00e1nlott hetente h\u00e1romszor gyakorolni.<\/li><li>Az aeroszolokat minden nap vagy minden m\u00e1sodik nap kell bel\u00e9legezni.<\/li><li>Aj\u00e1nlott rendszeresen langyos s\u00f3s v\u00edzzel gargaliz\u00e1lni.<\/li><\/ul>\t\t\t\t\t\t\t\t<\/div>\n\t\t\t\t<\/div>\n\t\t\t\t<div class=\"elementor-element elementor-element-1b1c457 elementor-widget elementor-widget-text-editor\" data-id=\"1b1c457\" data-element_type=\"widget\" data-widget_type=\"text-editor.default\">\n\t\t\t\t<div class=\"elementor-widget-container\">\n\t\t\t\t\t\t\t\t\t<h2 style=\"text-align: right;\"><strong>2. MELL\u00c9KLET <\/strong><\/h2><h2 style=\"text-align: center;\"><strong>J\u00f3ga protokoll a COVID-19 ut\u00e1ni gondoz\u00e1shoz<br \/><\/strong><strong>(bele\u00e9rtve a COVID-19 betegek ell\u00e1t\u00e1s\u00e1t) <\/strong><\/h2><p><strong>C\u00e9lok: <\/strong><\/p><ul><li>Jav\u00edtott t\u00fcd\u0151funkci\u00f3 \u00e9s t\u00fcd\u0151kapacit\u00e1s<\/li><li>A stressz \u00e9s a szorong\u00e1s cs\u00f6kkent\u00e9se<\/li><li>Fokozott ny\u00e1lkah\u00e1rtya-tisztul\u00e1s<\/li><\/ul><p>D\u00e9lel\u0151tti \u00fcl\u00e9s (30 perc):<\/p>\t\t\t\t\t\t\t\t<\/div>\n\t\t\t\t<\/div>\n\t\t\t\t<div class=\"elementor-element elementor-element-4f09dd4 elementor-widget elementor-widget-image\" data-id=\"4f09dd4\" data-element_type=\"widget\" data-widget_type=\"image.default\">\n\t\t\t\t<div class=\"elementor-widget-container\">\n\t\t\t\t\t\t\t\t\t\t\t\t\t\t\t<img loading=\"lazy\" decoding=\"async\" width=\"1024\" height=\"908\" src=\"https:\/\/amnromania.ro\/wp-content\/uploads\/2021\/10\/asana-2-1024x908.jpg\" class=\"attachment-large size-large wp-image-9674\" alt=\"\" srcset=\"https:\/\/amnromania.ro\/wp-content\/uploads\/2021\/10\/asana-2-1024x908.jpg 1024w, https:\/\/amnromania.ro\/wp-content\/uploads\/2021\/10\/asana-2-300x266.jpg 300w, https:\/\/amnromania.ro\/wp-content\/uploads\/2021\/10\/asana-2-768x681.jpg 768w, https:\/\/amnromania.ro\/wp-content\/uploads\/2021\/10\/asana-2.jpg 1280w\" sizes=\"(max-width: 1024px) 100vw, 1024px\" \/>\t\t\t\t\t\t\t\t\t\t\t\t\t\t\t<\/div>\n\t\t\t\t<\/div>\n\t\t\t\t<div class=\"elementor-element elementor-element-7c0ec51 elementor-widget elementor-widget-text-editor\" data-id=\"7c0ec51\" data-element_type=\"widget\" data-widget_type=\"text-editor.default\">\n\t\t\t\t<div class=\"elementor-widget-container\">\n\t\t\t\t\t\t\t\t\t<ul><li>A kil\u00e9gz\u00e9si id\u0151szaknak hosszabbnak kell lennie, mint a bel\u00e9gz\u00e9si id\u0151szaknak, az 1:2 (bel\u00e9gz\u00e9s:kil\u00e9gz\u00e9s) ar\u00e1ny el\u0151ny\u00f6s.<\/li><\/ul>\t\t\t\t\t\t\t\t<\/div>\n\t\t\t\t<\/div>\n\t\t\t\t<div class=\"elementor-element elementor-element-1836a53 elementor-widget elementor-widget-text-editor\" data-id=\"1836a53\" data-element_type=\"widget\" data-widget_type=\"text-editor.default\">\n\t\t\t\t<div class=\"elementor-widget-container\">\n\t\t\t\t\t\t\t\t\t<p>Esti \u00fcl\u00e9s (15 perc):<\/p>\t\t\t\t\t\t\t\t<\/div>\n\t\t\t\t<\/div>\n\t\t\t\t<div class=\"elementor-element elementor-element-f07c732 elementor-widget elementor-widget-image\" data-id=\"f07c732\" data-element_type=\"widget\" data-widget_type=\"image.default\">\n\t\t\t\t<div class=\"elementor-widget-container\">\n\t\t\t\t\t\t\t\t\t\t\t\t\t\t\t<img loading=\"lazy\" decoding=\"async\" width=\"1024\" height=\"410\" src=\"https:\/\/amnromania.ro\/wp-content\/uploads\/2021\/10\/asana-3-1024x410.jpg\" class=\"attachment-large size-large wp-image-9675\" alt=\"\" srcset=\"https:\/\/amnromania.ro\/wp-content\/uploads\/2021\/10\/asana-3-1024x410.jpg 1024w, https:\/\/amnromania.ro\/wp-content\/uploads\/2021\/10\/asana-3-300x120.jpg 300w, https:\/\/amnromania.ro\/wp-content\/uploads\/2021\/10\/asana-3-768x307.jpg 768w, https:\/\/amnromania.ro\/wp-content\/uploads\/2021\/10\/asana-3.jpg 1280w\" sizes=\"(max-width: 1024px) 100vw, 1024px\" \/>\t\t\t\t\t\t\t\t\t\t\t\t\t\t\t<\/div>\n\t\t\t\t<\/div>\n\t\t\t\t<div class=\"elementor-element elementor-element-395b6bb elementor-widget elementor-widget-text-editor\" data-id=\"395b6bb\" data-element_type=\"widget\" data-widget_type=\"text-editor.default\">\n\t\t\t\t<div class=\"elementor-widget-container\">\n\t\t\t\t\t\t\t\t\t<ul><li>A kil\u00e9gz\u00e9si id\u0151szaknak hosszabbnak kell lennie, mint a bel\u00e9gz\u00e9si id\u0151szaknak, az 1:2 (bel\u00e9gz\u00e9s:kil\u00e9gz\u00e9s) ar\u00e1ny el\u0151ny\u00f6s.<\/li><li>Az aeroszolokat minden nap vagy minden m\u00e1sodik nap kell bel\u00e9legezni.<\/li><li>Aj\u00e1nlott rendszeresen langyos s\u00f3s v\u00edzzel gargaliz\u00e1lni.<\/li><\/ul><p><strong>Megjegyz\u00e9sek:<\/strong><\/p><ul><li>Bemeleg\u00edt\u0151 gyakorlatok: el\u0151re \u00e9s h\u00e1tra ir\u00e1nyul\u00f3 ny\u00fajt\u00e1sok, t\u00f6rzscsavar\u00e1sok.<\/li><li>L\u00e9gz\u0151gyakorlatok: szakaszos l\u00e9gz\u00e9s, j\u00f3gikus l\u00e9gz\u00e9s, teny\u00e9rrel az \u00e9g vagy a F\u00f6ld fel\u00e9 ford\u00edtott l\u00e9gz\u00e9s, j\u00f3gikus k\u00e9zny\u00fajt\u00f3 l\u00e9gz\u0151gyakorlatok \u00e9s \u00e1szan\u00e1k, amelyek bizony\u00edtottan jav\u00edtj\u00e1k a t\u00fcd\u0151kapacit\u00e1st \u00e9s cs\u00f6kkentik az asztm\u00e1s rohamok \u00e9s a l\u00e9g\u00fati gyullad\u00e1sok kock\u00e1zat\u00e1t.<\/li><li>L\u00e9gz\u00e9s \u00e9s pr\u00e1n\u00e1j\u00e1ma: Bhastrika pr\u00e1n\u00e1j\u00e1ma, Nadishodana pr\u00e1n\u00e1j\u00e1ma a t\u00fcd\u0151funkci\u00f3k jav\u00edt\u00e1s\u00e1ra.<\/li><li>Kriya: Jalaneti gyakorlat a fels\u0151 l\u00e9gutak tiszt\u00edt\u00e1s\u00e1ra \u00e9s zsugorod\u00e1s\u00e1nak megsz\u00fcntet\u00e9s\u00e9re. Nem alkalmazhat\u00f3 sz\u00e1raz k\u00f6h\u00f6g\u00e9s eset\u00e9n.<\/li><\/ul>\t\t\t\t\t\t\t\t<\/div>\n\t\t\t\t<\/div>\n\t\t\t\t<div class=\"elementor-element elementor-element-8ce87a1 elementor-widget elementor-widget-text-editor\" data-id=\"8ce87a1\" data-element_type=\"widget\" data-widget_type=\"text-editor.default\">\n\t\t\t\t<div class=\"elementor-widget-container\">\n\t\t\t\t\t\t\t\t\t<h2 style=\"text-align: right;\"><strong>3. MELL\u00c9KLET <\/strong><\/h2><h2 style=\"text-align: center;\"><strong>A COVID-19 enyhe form\u00e1inak kezel\u00e9se<\/strong><\/h2>\t\t\t\t\t\t\t\t<\/div>\n\t\t\t\t<\/div>\n\t\t\t\t<div class=\"elementor-element elementor-element-215dacc elementor-widget elementor-widget-image\" data-id=\"215dacc\" data-element_type=\"widget\" data-widget_type=\"image.default\">\n\t\t\t\t<div class=\"elementor-widget-container\">\n\t\t\t\t\t\t\t\t\t\t\t\t\t\t\t<img loading=\"lazy\" decoding=\"async\" width=\"1024\" height=\"685\" src=\"https:\/\/amnromania.ro\/wp-content\/uploads\/2021\/10\/forme-blande-1024x685.jpg\" class=\"attachment-large size-large wp-image-9677\" alt=\"\" srcset=\"https:\/\/amnromania.ro\/wp-content\/uploads\/2021\/10\/forme-blande-1024x685.jpg 1024w, https:\/\/amnromania.ro\/wp-content\/uploads\/2021\/10\/forme-blande-300x201.jpg 300w, https:\/\/amnromania.ro\/wp-content\/uploads\/2021\/10\/forme-blande-768x514.jpg 768w, https:\/\/amnromania.ro\/wp-content\/uploads\/2021\/10\/forme-blande.jpg 1280w\" sizes=\"(max-width: 1024px) 100vw, 1024px\" \/>\t\t\t\t\t\t\t\t\t\t\t\t\t\t\t<\/div>\n\t\t\t\t<\/div>\n\t\t\t\t<div class=\"elementor-element elementor-element-cad18ef elementor-widget elementor-widget-text-editor\" data-id=\"cad18ef\" data-element_type=\"widget\" data-widget_type=\"text-editor.default\">\n\t\t\t\t<div class=\"elementor-widget-container\">\n\t\t\t\t\t\t\t\t\t<ul><li>E kezel\u00e9sek mellett \u00e1ltal\u00e1nos \u00e9s t\u00e1pl\u00e1lkoz\u00e1si int\u00e9zked\u00e9seket kell k\u00f6vetni.<\/li><li>Orvosa tan\u00e1cs\u00e1ra. Az orvosoknak a fenti kezel\u00e9sekr\u0151l vagy a megfelel\u0151 klasszikus gy\u00f3gyszeres kezel\u00e9sr\u0151l a klinikai meg\u00edt\u00e9l\u00e9s, a rendelkez\u00e9sre \u00e1ll\u00e1s \u00e9s a region\u00e1lis preferenci\u00e1k figyelembev\u00e9tel\u00e9vel kell d\u00f6nteni\u00fck. Az adagok a beteg \u00e9letkor\u00e1nak, s\u00faly\u00e1nak \u00e9s \u00e1llapot\u00e1nak megfelel\u0151en m\u00f3dos\u00edthat\u00f3k.<\/li><li>Hivatkozni lehet az AYUSH Miniszt\u00e9rium COVID-19 utas\u00edt\u00e1saira az ayurv\u00e9dikusok sz\u00e1m\u00e1ra.<\/li><\/ul>\t\t\t\t\t\t\t\t<\/div>\n\t\t\t\t<\/div>\n\t\t\t\t<div class=\"elementor-element elementor-element-4c81c49 elementor-widget elementor-widget-text-editor\" data-id=\"4c81c49\" data-element_type=\"widget\" data-widget_type=\"text-editor.default\">\n\t\t\t\t<div class=\"elementor-widget-container\">\n\t\t\t\t\t\t\t\t\t<p><span style=\"color: #ff0000;\">Ezek \u00e1ltal\u00e1nos konzult\u00e1ci\u00f3k \u00e9s kezel\u00e9sek. A r\u00e9sztvev\u0151 orvosoknak klinikai ismereteik alapj\u00e1n kell kiv\u00e1lasztaniuk a gy\u00f3gyszereket a betegs\u00e9g st\u00e1dium\u00e1nak, a t\u00fcnetek \u00f6sszetetts\u00e9g\u00e9nek \u00e9s a rendelkez\u00e9sre \u00e1ll\u00f3 gy\u00f3gyszerk\u00e9sz\u00edtm\u00e9nyeknek megfelel\u0151en.<\/span><\/p>\n<p><span style=\"color: #ff0000;\">Az ebben a dokumentumban aj\u00e1nlott kezel\u00e9sek a standard ell\u00e1t\u00e1st \u00e9s a megel\u0151z\u00e9st, valamint az eml\u00edtett egy\u00e9b ayurv\u00e9dikus megk\u00f6zel\u00edt\u00e9seket kieg\u00e9sz\u00edt\u0151 megk\u00f6zel\u00edt\u00e9sek. Az ebben a dokumentumban szerepl\u0151 inform\u00e1ci\u00f3k nem helyettes\u00edtik az orvosi aj\u00e1nl\u00e1sokat.<\/span><\/p>\t\t\t\t\t\t\t\t<\/div>\n\t\t\t\t<\/div>\n\t\t\t\t\t<\/div>\n\t\t<\/div>\n\t\t\t\t\t<\/div>\n\t\t<\/section>\n\t\t\t\t<\/div>","protected":false},"excerpt":{"rendered":"<p>AYUSH Miniszt\u00e9rium Nemzeti klinikai adminisztr\u00e1ci\u00f3s protokoll az ayurv\u00e9d\u00e1r\u00f3l \u00e9s a j\u00f3g\u00e1r\u00f3l a Covid-19 kezel\u00e9s\u00e9ben Bevezet\u00e9s A COVID-19 vil\u00e1gj\u00e1rv\u00e1ny glob\u00e1lis eg\u00e9szs\u00e9g\u00fcgyi v\u00e1ls\u00e1ghelyzetet teremtett, amely el\u0151re nem l\u00e1that\u00f3 k\u00f6zeg\u00e9szs\u00e9g\u00fcgyi v\u00e9szhelyzetet eredm\u00e9nyezett. A hal\u00e1lesetek \u00e9s a fert\u0151z\u00e9sek sz\u00e1ma vil\u00e1gszerte napr\u00f3l napra n\u0151. A s\u00falyoss\u00e1g [...]<\/p>","protected":false},"author":1,"featured_media":0,"parent":0,"menu_order":0,"comment_status":"closed","ping_status":"closed","template":"","meta":{"_mi_skip_tracking":false,"_analytify_skip_tracking":false,"footnotes":""},"class_list":["post-9597","page","type-page","status-publish","hentry"],"aioseo_notices":[],"aioseo_head":"\n\t\t<!-- All in One SEO Pro 4.7.0 - aioseo.com -->\n\t\t<meta name=\"description\" content=\"Devitalizarea Remedii pentru copii \u2013 2 Remedii pentru copii \u2013 1 Transmutare si sublimare Teoria morfogenetica Universul vibratoriu Traditie Renuntarea la fumat Boli de sezon Vindecare naturala Sanatatea solului Abordarea neconventionala Stiri Devitalizarea Remedii pentru copii \u2013 2 Remedii pentru copii \u2013 1 Transmutare si sublimare Teoria morfogenetica Universul vibratoriu Traditie Renuntarea la fumat Boli\" \/>\n\t\t<meta name=\"robots\" content=\"max-image-preview:large\" \/>\n\t\t<meta name=\"google-site-verification\" content=\"G-391X30D2FS\" \/>\n\t\t<link rel=\"canonical\" href=\"https:\/\/amnromania.ro\/hu\/protocol-covid\/\" \/>\n\t\t<meta name=\"generator\" content=\"All in One SEO Pro (AIOSEO) 4.7.0\" \/>\n\t\t<meta property=\"og:locale\" content=\"hu_HU\" \/>\n\t\t<meta property=\"og:site_name\" content=\"AMN Ayurveda ROM\u00c2NIA | Asociatia Nationala pentru Promovarea Medicinelor Neconventionale\" \/>\n\t\t<meta property=\"og:type\" content=\"article\" \/>\n\t\t<meta property=\"og:title\" content=\"Protocol Covid | AMN Ayurveda ROM\u00c2NIA\" \/>\n\t\t<meta property=\"og:description\" content=\"Devitalizarea Remedii pentru copii \u2013 2 Remedii pentru copii \u2013 1 Transmutare si sublimare Teoria morfogenetica Universul vibratoriu Traditie Renuntarea la fumat Boli de sezon Vindecare naturala Sanatatea solului Abordarea neconventionala Stiri Devitalizarea Remedii pentru copii \u2013 2 Remedii pentru copii \u2013 1 Transmutare si sublimare Teoria morfogenetica Universul vibratoriu Traditie Renuntarea la fumat Boli\" \/>\n\t\t<meta property=\"og:url\" content=\"https:\/\/amnromania.ro\/hu\/protocol-covid\/\" \/>\n\t\t<meta property=\"og:image\" content=\"https:\/\/amnromania.ro\/ynorsyju\/2021\/06\/Ayurveda-in-Romania-Vol.-2-Ro.jpg\" \/>\n\t\t<meta property=\"og:image:secure_url\" content=\"https:\/\/amnromania.ro\/ynorsyju\/2021\/06\/Ayurveda-in-Romania-Vol.-2-Ro.jpg\" \/>\n\t\t<meta property=\"article:published_time\" content=\"2021-10-18T13:17:42+00:00\" \/>\n\t\t<meta property=\"article:modified_time\" content=\"2021-10-20T07:16:55+00:00\" \/>\n\t\t<meta property=\"article:publisher\" content=\"https:\/\/www.facebook.com\/AMNRomania\" \/>\n\t\t<script type=\"application\/ld+json\" class=\"aioseo-schema\">\n\t\t\t{\"@context\":\"https:\\\/\\\/schema.org\",\"@graph\":[{\"@type\":\"BreadcrumbList\",\"@id\":\"https:\\\/\\\/amnromania.ro\\\/hu\\\/protocol-covid\\\/#breadcrumblist\",\"itemListElement\":[{\"@type\":\"ListItem\",\"@id\":\"https:\\\/\\\/amnromania.ro\\\/hu\\\/#listItem\",\"position\":1,\"name\":\"Home\",\"item\":\"https:\\\/\\\/amnromania.ro\\\/hu\\\/\",\"nextItem\":\"https:\\\/\\\/amnromania.ro\\\/hu\\\/protocol-covid\\\/#listItem\"},{\"@type\":\"ListItem\",\"@id\":\"https:\\\/\\\/amnromania.ro\\\/hu\\\/protocol-covid\\\/#listItem\",\"position\":2,\"name\":\"Protocol Covid\",\"previousItem\":\"https:\\\/\\\/amnromania.ro\\\/hu\\\/#listItem\"}]},{\"@type\":\"Organization\",\"@id\":\"https:\\\/\\\/amnromania.ro\\\/hu\\\/#organization\",\"name\":\"AMN Ayurveda Romania\",\"url\":\"https:\\\/\\\/amnromania.ro\\\/hu\\\/\",\"logo\":{\"@type\":\"ImageObject\",\"url\":\"https:\\\/\\\/amnromania.ro\\\/ynorsyju\\\/2020\\\/10\\\/amn.png\",\"@id\":\"https:\\\/\\\/amnromania.ro\\\/hu\\\/protocol-covid\\\/#organizationLogo\"},\"image\":{\"@id\":\"https:\\\/\\\/amnromania.ro\\\/hu\\\/protocol-covid\\\/#organizationLogo\"},\"sameAs\":[\"https:\\\/\\\/www.facebook.com\\\/AMNRomania\",\"https:\\\/\\\/www.youtube.com\\\/channel\\\/UClfqKxiq_uZ11rthDIT3-BQ\\\/videos\"]},{\"@type\":\"WebPage\",\"@id\":\"https:\\\/\\\/amnromania.ro\\\/hu\\\/protocol-covid\\\/#webpage\",\"url\":\"https:\\\/\\\/amnromania.ro\\\/hu\\\/protocol-covid\\\/\",\"name\":\"Protocol Covid | AMN Ayurveda ROM\\u00c2NIA\",\"description\":\"Devitalizarea Remedii pentru copii \\u2013 2 Remedii pentru copii \\u2013 1 Transmutare si sublimare Teoria morfogenetica Universul vibratoriu Traditie Renuntarea la fumat Boli de sezon Vindecare naturala Sanatatea solului Abordarea neconventionala Stiri Devitalizarea Remedii pentru copii \\u2013 2 Remedii pentru copii \\u2013 1 Transmutare si sublimare Teoria morfogenetica Universul vibratoriu Traditie Renuntarea la fumat Boli\",\"inLanguage\":\"hu-HU\",\"isPartOf\":{\"@id\":\"https:\\\/\\\/amnromania.ro\\\/hu\\\/#website\"},\"breadcrumb\":{\"@id\":\"https:\\\/\\\/amnromania.ro\\\/hu\\\/protocol-covid\\\/#breadcrumblist\"},\"datePublished\":\"2021-10-18T15:17:42+02:00\",\"dateModified\":\"2021-10-20T09:16:55+02:00\"},{\"@type\":\"WebSite\",\"@id\":\"https:\\\/\\\/amnromania.ro\\\/hu\\\/#website\",\"url\":\"https:\\\/\\\/amnromania.ro\\\/hu\\\/\",\"name\":\"AMN Ayurveda ROM\\u00c2NIA\",\"description\":\"Asociatia Nationala pentru Promovarea Medicinelor Neconventionale\",\"inLanguage\":\"hu-HU\",\"publisher\":{\"@id\":\"https:\\\/\\\/amnromania.ro\\\/hu\\\/#organization\"}}]}\n\t\t<\/script>\n\t\t<!-- All in One SEO Pro -->\r\n\t\t<title>Protocol Covid | AMN Ayurveda ROM\u00c2NIA<\/title>\n\n","aioseo_head_json":{"title":"Protocol Covid | AMN Ayurveda ROM\u00c2NIA","description":"Devitalizarea Remedii pentru copii \u2013 2 Remedii pentru copii \u2013 1 Transmutare si sublimare Teoria morfogenetica Universul vibratoriu Traditie Renuntarea la fumat Boli de sezon Vindecare naturala Sanatatea solului Abordarea neconventionala Stiri Devitalizarea Remedii pentru copii \u2013 2 Remedii pentru copii \u2013 1 Transmutare si sublimare Teoria morfogenetica Universul vibratoriu Traditie Renuntarea la fumat Boli","canonical_url":"https:\/\/amnromania.ro\/hu\/protocol-covid\/","robots":"max-image-preview:large","keywords":"","webmasterTools":{"google-site-verification":"G-391X30D2FS","miscellaneous":""},"og:locale":"hu_HU","og:site_name":"AMN Ayurveda ROM\u00c2NIA | Asociatia Nationala pentru Promovarea Medicinelor Neconventionale","og:type":"article","og:title":"Protocol Covid | AMN Ayurveda ROM\u00c2NIA","og:description":"Devitalizarea Remedii pentru copii \u2013 2 Remedii pentru copii \u2013 1 Transmutare si sublimare Teoria morfogenetica Universul vibratoriu Traditie Renuntarea la fumat Boli de sezon Vindecare naturala Sanatatea solului Abordarea neconventionala Stiri Devitalizarea Remedii pentru copii \u2013 2 Remedii pentru copii \u2013 1 Transmutare si sublimare Teoria morfogenetica Universul vibratoriu Traditie Renuntarea la fumat Boli","og:url":"https:\/\/amnromania.ro\/hu\/protocol-covid\/","og:image":"https:\/\/amnromania.ro\/ynorsyju\/2021\/06\/Ayurveda-in-Romania-Vol.-2-Ro.jpg","og:image:secure_url":"https:\/\/amnromania.ro\/ynorsyju\/2021\/06\/Ayurveda-in-Romania-Vol.-2-Ro.jpg","article:published_time":"2021-10-18T13:17:42+00:00","article:modified_time":"2021-10-20T07:16:55+00:00","article:publisher":"https:\/\/www.facebook.com\/AMNRomania","schema":{"@context":"https:\/\/schema.org","@graph":[{"@type":"BreadcrumbList","@id":"https:\/\/amnromania.ro\/hu\/protocol-covid\/#breadcrumblist","itemListElement":[{"@type":"ListItem","@id":"https:\/\/amnromania.ro\/hu\/#listItem","position":1,"name":"Home","item":"https:\/\/amnromania.ro\/hu\/","nextItem":"https:\/\/amnromania.ro\/hu\/protocol-covid\/#listItem"},{"@type":"ListItem","@id":"https:\/\/amnromania.ro\/hu\/protocol-covid\/#listItem","position":2,"name":"Protocol Covid","previousItem":"https:\/\/amnromania.ro\/hu\/#listItem"}]},{"@type":"Organization","@id":"https:\/\/amnromania.ro\/hu\/#organization","name":"AMN Ayurveda Romania","url":"https:\/\/amnromania.ro\/hu\/","logo":{"@type":"ImageObject","url":"https:\/\/amnromania.ro\/ynorsyju\/2020\/10\/amn.png","@id":"https:\/\/amnromania.ro\/hu\/protocol-covid\/#organizationLogo"},"image":{"@id":"https:\/\/amnromania.ro\/hu\/protocol-covid\/#organizationLogo"},"sameAs":["https:\/\/www.facebook.com\/AMNRomania","https:\/\/www.youtube.com\/channel\/UClfqKxiq_uZ11rthDIT3-BQ\/videos"]},{"@type":"WebPage","@id":"https:\/\/amnromania.ro\/hu\/protocol-covid\/#webpage","url":"https:\/\/amnromania.ro\/hu\/protocol-covid\/","name":"Protocol Covid | AMN Ayurveda ROM\u00c2NIA","description":"Devitalizarea Remedii pentru copii \u2013 2 Remedii pentru copii \u2013 1 Transmutare si sublimare Teoria morfogenetica Universul vibratoriu Traditie Renuntarea la fumat Boli de sezon Vindecare naturala Sanatatea solului Abordarea neconventionala Stiri Devitalizarea Remedii pentru copii \u2013 2 Remedii pentru copii \u2013 1 Transmutare si sublimare Teoria morfogenetica Universul vibratoriu Traditie Renuntarea la fumat Boli","inLanguage":"hu-HU","isPartOf":{"@id":"https:\/\/amnromania.ro\/hu\/#website"},"breadcrumb":{"@id":"https:\/\/amnromania.ro\/hu\/protocol-covid\/#breadcrumblist"},"datePublished":"2021-10-18T15:17:42+02:00","dateModified":"2021-10-20T09:16:55+02:00"},{"@type":"WebSite","@id":"https:\/\/amnromania.ro\/hu\/#website","url":"https:\/\/amnromania.ro\/hu\/","name":"AMN Ayurveda ROM\u00c2NIA","description":"Asociatia Nationala pentru Promovarea Medicinelor Neconventionale","inLanguage":"hu-HU","publisher":{"@id":"https:\/\/amnromania.ro\/hu\/#organization"}}]}},"aioseo_meta_data":{"post_id":"9597","title":null,"description":null,"keywords":"[]","keyphrases":"{\"focus\":[],\"additional\":[]}","primary_term":null,"canonical_url":null,"og_title":null,"og_description":null,"og_object_type":"default","og_image_type":"default","og_image_url":null,"og_image_width":null,"og_image_height":null,"og_image_custom_url":null,"og_image_custom_fields":null,"og_video":"","og_custom_url":null,"og_article_section":null,"og_article_tags":"[]","twitter_use_og":false,"twitter_card":"default","twitter_image_type":"default","twitter_image_url":null,"twitter_image_custom_url":null,"twitter_image_custom_fields":null,"twitter_title":null,"twitter_description":null,"schema":{"blockGraphs":[],"customGraphs":[],"default":{"data":{"Article":[],"Course":[],"Dataset":[],"FAQPage":[],"Movie":[],"Person":[],"Product":[],"Recipe":[],"Service":[],"SoftwareApplication":[],"WebPage":{"id":"#aioseo-web-page-65b6332c7c640","slug":"web-page","graphName":"WebPage","label":"Web Page","properties":{"type":"WebPage","name":"","description":""}}},"graphName":"WebPage","isEnabled":true},"graphs":[]},"schema_type":"default","schema_type_options":"{\"article\":{\"articleType\":\"BlogPosting\"},\"course\":{\"name\":\"\",\"description\":\"\",\"provider\":\"\"},\"faq\":{\"pages\":[]},\"product\":{\"reviews\":[]},\"recipe\":{\"ingredients\":[],\"instructions\":[],\"keywords\":[]},\"software\":{\"reviews\":[],\"operatingSystems\":[]},\"webPage\":{\"webPageType\":\"WebPage\"}}","pillar_content":false,"robots_default":true,"robots_noindex":false,"robots_noarchive":false,"robots_nosnippet":false,"robots_nofollow":false,"robots_noimageindex":false,"robots_noodp":false,"robots_notranslate":false,"robots_max_snippet":"-1","robots_max_videopreview":"-1","robots_max_imagepreview":"large","priority":null,"frequency":"default","local_seo":null,"limit_modified_date":false,"open_ai":null,"created":"2021-10-18 12:23:40","updated":"2024-01-28 10:57:48"},"aioseo_breadcrumb":"<div class=\"aioseo-breadcrumbs\"><span class=\"aioseo-breadcrumb\">\n\t<a href=\"https:\/\/amnromania.ro\/hu\" title=\"Home\">Home<\/a>\n<\/span><span class=\"aioseo-breadcrumb-separator\">&raquo;<\/span><span class=\"aioseo-breadcrumb\">\n\tProtocol Covid\n<\/span><\/div>","aioseo_breadcrumb_json":[{"label":"Home","link":"https:\/\/amnromania.ro\/hu"},{"label":"Protocol Covid","link":"https:\/\/amnromania.ro\/hu\/protocol-covid\/"}],"_links":{"self":[{"href":"https:\/\/amnromania.ro\/hu\/wp-json\/wp\/v2\/pages\/9597","targetHints":{"allow":["GET"]}}],"collection":[{"href":"https:\/\/amnromania.ro\/hu\/wp-json\/wp\/v2\/pages"}],"about":[{"href":"https:\/\/amnromania.ro\/hu\/wp-json\/wp\/v2\/types\/page"}],"author":[{"embeddable":true,"href":"https:\/\/amnromania.ro\/hu\/wp-json\/wp\/v2\/users\/1"}],"replies":[{"embeddable":true,"href":"https:\/\/amnromania.ro\/hu\/wp-json\/wp\/v2\/comments?post=9597"}],"version-history":[{"count":0,"href":"https:\/\/amnromania.ro\/hu\/wp-json\/wp\/v2\/pages\/9597\/revisions"}],"wp:attachment":[{"href":"https:\/\/amnromania.ro\/hu\/wp-json\/wp\/v2\/media?parent=9597"}],"curies":[{"name":"wp","href":"https:\/\/api.w.org\/{rel}","templated":true}]}}