{"id":7745,"date":"2021-08-02T13:43:26","date_gmt":"2021-08-02T13:43:26","guid":{"rendered":"https:\/\/amnromania.ro\/?page_id=7745"},"modified":"2021-08-05T21:40:44","modified_gmt":"2021-08-05T21:40:44","slug":"bemutato-terkep-cluj-ayurveda-romaniaban-vol-1-2","status":"publish","type":"page","link":"https:\/\/amnromania.ro\/hu\/bemutato-terkep-cluj-ayurveda-romaniaban-vol-1-2\/","title":{"rendered":"K\u00f6nyvbemutat\u00f3 Kolozsv\u00e1r"},"content":{"rendered":"<div data-elementor-type=\"wp-page\" data-elementor-id=\"7745\" class=\"elementor elementor-7745\" data-elementor-post-type=\"page\">\n\t\t\t\t\t\t<section class=\"elementor-section elementor-top-section elementor-element elementor-element-fb49b8b elementor-section-boxed elementor-section-height-default elementor-section-height-default\" data-id=\"fb49b8b\" data-element_type=\"section\">\n\t\t\t\t\t\t<div class=\"elementor-container elementor-column-gap-default\">\n\t\t\t\t\t<div class=\"elementor-column elementor-col-50 elementor-top-column elementor-element elementor-element-8acb731\" data-id=\"8acb731\" data-element_type=\"column\">\n\t\t\t<div class=\"elementor-widget-wrap elementor-element-populated\">\n\t\t\t\t\t\t<div class=\"elementor-element elementor-element-9613b67 elementor-nav-menu__align-start elementor-nav-menu__text-align-center elementor-nav-menu--dropdown-tablet elementor-nav-menu--toggle elementor-nav-menu--burger elementor-widget elementor-widget-global elementor-global-5200 elementor-widget-nav-menu\" data-id=\"9613b67\" data-element_type=\"widget\" data-settings=\"{&quot;layout&quot;:&quot;vertical&quot;,&quot;submenu_icon&quot;:{&quot;value&quot;:&quot;fas fa-caret-down&quot;,&quot;library&quot;:&quot;fa-solid&quot;},&quot;toggle&quot;:&quot;burger&quot;}\" data-widget_type=\"nav-menu.default\">\n\t\t\t\t<div class=\"elementor-widget-container\">\n\t\t\t\t\t\t\t\t<nav aria-label=\"Men\u00fc\" class=\"elementor-nav-menu--main elementor-nav-menu__container elementor-nav-menu--layout-vertical e--pointer-background e--animation-fade\">\n\t\t\t\t<ul id=\"menu-1-9613b67\" class=\"elementor-nav-menu sm-vertical\"><li class=\"menu-item menu-item-type-post_type menu-item-object-page menu-item-6419\"><a href=\"https:\/\/amnromania.ro\/hu\/day-ayurveda\/\" class=\"elementor-item\">Ayurveda nap<\/a><\/li>\n<li class=\"menu-item menu-item-type-post_type menu-item-object-page menu-item-11894\"><a href=\"https:\/\/amnromania.ro\/hu\/eloadasok\/\" class=\"elementor-item\">El\u0151ad\u00e1sok<\/a><\/li>\n<li class=\"menu-item menu-item-type-post_type menu-item-object-page menu-item-11880\"><a href=\"https:\/\/amnromania.ro\/hu\/unnepsegek\/\" class=\"elementor-item\">\u00dcnneps\u00e9gek<\/a><\/li>\n<li class=\"menu-item menu-item-type-post_type menu-item-object-page menu-item-11893\"><a href=\"https:\/\/amnromania.ro\/hu\/konferenciak\/\" class=\"elementor-item\">Konferenci\u00e1k<\/a><\/li>\n<\/ul>\t\t\t<\/nav>\n\t\t\t\t\t<div class=\"elementor-menu-toggle\" role=\"button\" tabindex=\"0\" aria-label=\"Toggle men\u00fc\" aria-expanded=\"false\">\n\t\t\t<i aria-hidden=\"true\" role=\"presentation\" class=\"elementor-menu-toggle__icon--open eicon-menu-bar\"><\/i><i aria-hidden=\"true\" role=\"presentation\" class=\"elementor-menu-toggle__icon--close eicon-close\"><\/i>\t\t<\/div>\n\t\t\t\t\t<nav class=\"elementor-nav-menu--dropdown elementor-nav-menu__container\" aria-hidden=\"true\">\n\t\t\t\t<ul id=\"menu-2-9613b67\" class=\"elementor-nav-menu sm-vertical\"><li class=\"menu-item menu-item-type-post_type menu-item-object-page menu-item-6419\"><a href=\"https:\/\/amnromania.ro\/hu\/day-ayurveda\/\" class=\"elementor-item\" tabindex=\"-1\">Ayurveda nap<\/a><\/li>\n<li class=\"menu-item menu-item-type-post_type menu-item-object-page menu-item-11894\"><a href=\"https:\/\/amnromania.ro\/hu\/eloadasok\/\" class=\"elementor-item\" tabindex=\"-1\">El\u0151ad\u00e1sok<\/a><\/li>\n<li class=\"menu-item menu-item-type-post_type menu-item-object-page menu-item-11880\"><a href=\"https:\/\/amnromania.ro\/hu\/unnepsegek\/\" class=\"elementor-item\" tabindex=\"-1\">\u00dcnneps\u00e9gek<\/a><\/li>\n<li class=\"menu-item menu-item-type-post_type menu-item-object-page menu-item-11893\"><a href=\"https:\/\/amnromania.ro\/hu\/konferenciak\/\" class=\"elementor-item\" tabindex=\"-1\">Konferenci\u00e1k<\/a><\/li>\n<\/ul>\t\t\t<\/nav>\n\t\t\t\t\t\t<\/div>\n\t\t\t\t<\/div>\n\t\t\t\t\t<\/div>\n\t\t<\/div>\n\t\t\t\t<div class=\"elementor-column elementor-col-50 elementor-top-column elementor-element elementor-element-5f3d945\" data-id=\"5f3d945\" data-element_type=\"column\">\n\t\t\t<div class=\"elementor-widget-wrap elementor-element-populated\">\n\t\t\t\t\t\t<div class=\"elementor-element elementor-element-1a3d367 elementor-widget elementor-widget-video\" data-id=\"1a3d367\" data-element_type=\"widget\" data-settings=\"{&quot;youtube_url&quot;:&quot;https:\\\/\\\/youtu.be\\\/Lw15DAO5ygU&quot;,&quot;video_type&quot;:&quot;youtube&quot;,&quot;controls&quot;:&quot;yes&quot;}\" data-widget_type=\"video.default\">\n\t\t\t\t<div class=\"elementor-widget-container\">\n\t\t\t\t\t\t\t<div class=\"elementor-wrapper elementor-open-inline\">\n\t\t\t<div class=\"elementor-video\"><\/div>\t\t<\/div>\n\t\t\t\t\t\t<\/div>\n\t\t\t\t<\/div>\n\t\t\t\t<div class=\"elementor-element elementor-element-fcecd8e elementor-widget elementor-widget-text-editor\" data-id=\"fcecd8e\" data-element_type=\"widget\" data-widget_type=\"text-editor.default\">\n\t\t\t\t<div class=\"elementor-widget-container\">\n\t\t\t\t\t\t\t\t\t<p><span style=\"color: #000080;\"><strong>\u00a0<\/strong><\/span><\/p><h1 style=\"text-align: center;\"><span style=\"color: #ff9900;\"><strong>K\u00f6nyvbemutat\u00f3 Kolozsv\u00e1ron:<\/strong><\/span><\/h1><h1 style=\"text-align: center;\"><span style=\"color: #ff9900;\"><strong>Ayurveda Rom\u00e1ni\u00e1ban 1. \u00e9s 2. k\u00f6tet<\/strong><\/span><\/h1><div><span style=\"color: #000080;\"><strong>\u00a0<\/strong><\/span><\/div><p>2021. j\u00falius 22-\u00e9n, cs\u00fct\u00f6rt\u00f6k\u00f6n 16:00 \u00f3rakor a kolozsv\u00e1ri Octavian Goga Megyei K\u00f6nyvt\u00e1rban \u0150excellenci\u00e1ja Rahul Shrivastava \u00far, India rom\u00e1niai nagyk\u00f6vete jelenl\u00e9t\u00e9ben bemutatt\u00e1k az \"Ayurveda Rom\u00e1ni\u00e1ban\" c\u00edm\u0171 m\u0171 els\u0151 k\u00e9t k\u00f6tet\u00e9t.<\/p><p><img fetchpriority=\"high\" decoding=\"async\" class=\"aligncenter wp-image-7748\" src=\"https:\/\/amnromania.ro\/wp-content\/uploads\/2021\/08\/Ayurveda-in-Romania-3-300x183.jpg\" alt=\"\" width=\"400\" height=\"243\" srcset=\"https:\/\/amnromania.ro\/wp-content\/uploads\/2021\/08\/Ayurveda-in-Romania-3-300x183.jpg 300w, https:\/\/amnromania.ro\/wp-content\/uploads\/2021\/08\/Ayurveda-in-Romania-3.jpg 600w\" sizes=\"(max-width: 400px) 100vw, 400px\" \/><\/p><p>A k\u00f6nyvet India rom\u00e1niai nagyk\u00f6vets\u00e9ge adta ki a Nem hagyom\u00e1nyos gy\u00f3gyszereket n\u00e9pszer\u0171s\u00edt\u0151 orsz\u00e1gos sz\u00f6vets\u00e9ggel (AMN-Rom\u00e1nia) egy\u00fcttm\u0171k\u00f6dve, \u00e9s k\u00e9t v\u00e1ltozatban jelent meg, egy rom\u00e1n \u00e9s egy angol nyelven. A rendezv\u00e9nyt az AMN-Rom\u00e1nia a Kolozs Megyei K\u00f6nyvt\u00e1rral egy\u00fcttm\u0171k\u00f6dve szervezte.<\/p><p><img decoding=\"async\" class=\"size-medium wp-image-7750 aligncenter\" src=\"https:\/\/amnromania.ro\/wp-content\/uploads\/2021\/08\/Ayurveda-in-Romania-4-300x225.jpg\" alt=\"\" width=\"300\" height=\"225\" srcset=\"https:\/\/amnromania.ro\/wp-content\/uploads\/2021\/08\/Ayurveda-in-Romania-4-300x225.jpg 300w, https:\/\/amnromania.ro\/wp-content\/uploads\/2021\/08\/Ayurveda-in-Romania-4.jpg 600w\" sizes=\"(max-width: 300px) 100vw, 300px\" \/><\/p><p><img decoding=\"async\" class=\"size-medium wp-image-7751 aligncenter\" src=\"https:\/\/amnromania.ro\/wp-content\/uploads\/2021\/08\/Ayurveda-in-Romania-5-300x225.jpg\" alt=\"\" width=\"300\" height=\"225\" srcset=\"https:\/\/amnromania.ro\/wp-content\/uploads\/2021\/08\/Ayurveda-in-Romania-5-300x225.jpg 300w, https:\/\/amnromania.ro\/wp-content\/uploads\/2021\/08\/Ayurveda-in-Romania-5.jpg 600w\" sizes=\"(max-width: 300px) 100vw, 300px\" \/><\/p><p>Az esem\u00e9nyen r\u00e9szt vett Sorina Stanca asszony, a BJC igazgat\u00f3ja, Andrei G\u0103mulea \u00far, az AMN-Rom\u00e1nia eln\u00f6ke \u00e9s Aurora Nicolae asszony, az AMN-Rom\u00e1nia aleln\u00f6ke. Jelen voltak a BJC \u00e9s az AMN-Rom\u00e1nia k\u00e9pvisel\u0151i is. Ebb\u0151l az alkalomb\u00f3l Rahul Shrivastava \u00far \u00e1tadta a Kolozs Megyei K\u00f6nyvt\u00e1r vezet\u0151s\u00e9g\u00e9nek az India \u00e9s Rom\u00e1nia k\u00f6z\u00f6tti, az Ayurveda ter\u00fclet\u00e9n val\u00f3 egy\u00fcttm\u0171k\u00f6d\u00e9st bemutat\u00f3 reprezentat\u00edv m\u0171 n\u00e9h\u00e1ny p\u00e9ld\u00e1ny\u00e1t.<\/p><p><img loading=\"lazy\" decoding=\"async\" class=\"size-medium wp-image-7749 aligncenter\" src=\"https:\/\/amnromania.ro\/wp-content\/uploads\/2021\/08\/Ayurveda-in-Romania-2-211x300.jpg\" alt=\"\" width=\"211\" height=\"300\" srcset=\"https:\/\/amnromania.ro\/wp-content\/uploads\/2021\/08\/Ayurveda-in-Romania-2-211x300.jpg 211w, https:\/\/amnromania.ro\/wp-content\/uploads\/2021\/08\/Ayurveda-in-Romania-2.jpg 417w\" sizes=\"(max-width: 211px) 100vw, 211px\" \/><\/p><p>2021. j\u00falius 22-\u00e9n, cs\u00fct\u00f6rt\u00f6k\u00f6n 16:00 \u00f3rakor \u0150excellenci\u00e1ja Rahul Shrivastava \u00far, India rom\u00e1niai nagyk\u00f6vete jelenl\u00e9t\u00e9ben a kolozsv\u00e1ri Octavian Goga K\u00f6nyvt\u00e1rban bemutatt\u00e1k az \"Ayurveda Rom\u00e1ni\u00e1ban\" c\u00edm\u0171 m\u0171 els\u0151 k\u00e9t k\u00f6tet\u00e9t.\u00a0<\/p><p>A k\u00f6nyvet a rom\u00e1niai Indiai Nagyk\u00f6vets\u00e9g a Nem hagyom\u00e1nyos gy\u00f3gyszereket n\u00e9pszer\u0171s\u00edt\u0151 Orsz\u00e1gos Sz\u00f6vets\u00e9ggel (AMN-Rom\u00e1nia) egy\u00fcttm\u0171k\u00f6dve szerkesztette, \u00e9s k\u00e9t v\u00e1ltozatban, egy rom\u00e1n \u00e9s egy angol nyelv\u0171 v\u00e1ltozatban jelent meg. A rendezv\u00e9nyt az AMN-Rom\u00e1nia a kolozsv\u00e1ri Octavian Goga K\u00f6nyvt\u00e1rral egy\u00fcttm\u0171k\u00f6dve szervezte.\u00a0<\/p><p>Az esem\u00e9nyen r\u00e9szt vett Sorina Stanca asszony, a BJC vezet\u0151je, Andrei G\u0103mulea \u00far, az AMN-Rom\u00e1nia eln\u00f6ke \u00e9s Aurora Nicolae asszony - az AMN-Rom\u00e1nia aleln\u00f6ke. Jelen voltak a BJC \u00e9s az AMN-Rom\u00e1nia k\u00e9pvisel\u0151i is. Ebb\u0151l az alkalomb\u00f3l Rahul Shrivastava \u00far \u00e1tadta a Kolozs Megyei K\u00f6nyvt\u00e1r vezet\u0151s\u00e9g\u00e9nek a m\u0171 t\u00f6bb p\u00e9ld\u00e1ny\u00e1t, amely reprezentat\u00edv az India \u00e9s Rom\u00e1nia k\u00f6z\u00f6tti egy\u00fcttm\u0171k\u00f6d\u00e9sre az Ayurveda ter\u00fclet\u00e9n.<\/p>\t\t\t\t\t\t\t\t<\/div>\n\t\t\t\t<\/div>\n\t\t\t\t\t<\/div>\n\t\t<\/div>\n\t\t\t\t\t<\/div>\n\t\t<\/section>\n\t\t\t\t<\/div>","protected":false},"excerpt":{"rendered":"<p>https:\/\/youtu.be\/Lw15DAO5ygU K\u00f6nyvbemutat\u00f3 Kolozsv\u00e1ron: Rahul Shrivastava \u00far, India rom\u00e1niai nagyk\u00f6vete jelenl\u00e9t\u00e9ben cs\u00fct\u00f6rt\u00f6k\u00f6n, 2021. j\u00falius 22-\u00e9n 16:00 \u00f3rakor ker\u00fclt sor a kolozsv\u00e1ri Octavian Goga Megyei K\u00f6nyvt\u00e1rban az \"Ayurveda Rom\u00e1ni\u00e1ban\" c\u00edm\u0171 m\u0171 els\u0151 k\u00e9t k\u00f6tet\u00e9nek bemutat\u00f3j\u00e1ra. A m\u0171vet [...]<\/p>","protected":false},"author":1,"featured_media":7748,"parent":0,"menu_order":0,"comment_status":"closed","ping_status":"closed","template":"","meta":{"_mi_skip_tracking":false,"_analytify_skip_tracking":false,"footnotes":""},"class_list":["post-7745","page","type-page","status-publish","has-post-thumbnail","hentry"],"aioseo_notices":[],"aioseo_head":"\n\t\t<!-- All in One SEO Pro 4.7.0 - aioseo.com -->\n\t\t<meta name=\"description\" content=\"Ziua Ayurveda Prezentari Festivitati Conferinte Ziua Ayurveda Prezentari Festivitati Conferinte Prezentare carte la Cluj:Ayurveda in Romania vol. 1 si 2 Joi 22 iulie 2021 ora 16:00, \u00een prezen\u021ba Excelen\u021bei Sale domnul Rahul Shrivastava, Ambasador al Indiei \u00een Rom\u00e2nia, la Biblioteca Jude\u021bean\u0103 Octavian Goga din Cluj a fost realizat\u0103 prezentarea primelor dou\u0103 volume ale lucr\u0103rii intitulate \u201dAyurveda\" \/>\n\t\t<meta name=\"robots\" content=\"max-image-preview:large\" \/>\n\t\t<meta name=\"google-site-verification\" content=\"G-391X30D2FS\" \/>\n\t\t<link rel=\"canonical\" href=\"https:\/\/amnromania.ro\/hu\/bemutato-terkep-cluj-ayurveda-romaniaban-vol-1-2\/\" \/>\n\t\t<meta name=\"generator\" content=\"All in One SEO Pro (AIOSEO) 4.7.0\" \/>\n\t\t<meta property=\"og:locale\" content=\"hu_HU\" \/>\n\t\t<meta property=\"og:site_name\" content=\"AMN Ayurveda ROM\u00c2NIA | Asociatia Nationala pentru Promovarea Medicinelor Neconventionale\" \/>\n\t\t<meta property=\"og:type\" content=\"article\" \/>\n\t\t<meta property=\"og:title\" content=\"Prezentare carte Cluj | AMN Ayurveda ROM\u00c2NIA\" \/>\n\t\t<meta property=\"og:description\" content=\"Ziua Ayurveda Prezentari Festivitati Conferinte Ziua Ayurveda Prezentari Festivitati Conferinte Prezentare carte la Cluj:Ayurveda in Romania vol. 1 si 2 Joi 22 iulie 2021 ora 16:00, \u00een prezen\u021ba Excelen\u021bei Sale domnul Rahul Shrivastava, Ambasador al Indiei \u00een Rom\u00e2nia, la Biblioteca Jude\u021bean\u0103 Octavian Goga din Cluj a fost realizat\u0103 prezentarea primelor dou\u0103 volume ale lucr\u0103rii intitulate \u201dAyurveda\" \/>\n\t\t<meta property=\"og:url\" content=\"https:\/\/amnromania.ro\/hu\/bemutato-terkep-cluj-ayurveda-romaniaban-vol-1-2\/\" \/>\n\t\t<meta property=\"og:image\" content=\"https:\/\/amnromania.ro\/wp-content\/uploads\/2021\/08\/Ayurveda-in-Romania-3.jpg\" \/>\n\t\t<meta property=\"og:image:secure_url\" content=\"https:\/\/amnromania.ro\/wp-content\/uploads\/2021\/08\/Ayurveda-in-Romania-3.jpg\" \/>\n\t\t<meta property=\"og:image:width\" content=\"600\" \/>\n\t\t<meta property=\"og:image:height\" content=\"365\" \/>\n\t\t<meta property=\"article:published_time\" content=\"2021-08-02T13:43:26+00:00\" \/>\n\t\t<meta property=\"article:modified_time\" content=\"2021-08-05T21:40:44+00:00\" \/>\n\t\t<meta property=\"article:publisher\" content=\"https:\/\/www.facebook.com\/AMNRomania\" \/>\n\t\t<script type=\"application\/ld+json\" class=\"aioseo-schema\">\n\t\t\t{\"@context\":\"https:\\\/\\\/schema.org\",\"@graph\":[{\"@type\":\"BreadcrumbList\",\"@id\":\"https:\\\/\\\/amnromania.ro\\\/hu\\\/bemutato-terkep-cluj-ayurveda-romaniaban-vol-1-2\\\/#breadcrumblist\",\"itemListElement\":[{\"@type\":\"ListItem\",\"@id\":\"https:\\\/\\\/amnromania.ro\\\/hu\\\/#listItem\",\"position\":1,\"name\":\"Home\",\"item\":\"https:\\\/\\\/amnromania.ro\\\/hu\\\/\",\"nextItem\":\"https:\\\/\\\/amnromania.ro\\\/hu\\\/bemutato-terkep-cluj-ayurveda-romaniaban-vol-1-2\\\/#listItem\"},{\"@type\":\"ListItem\",\"@id\":\"https:\\\/\\\/amnromania.ro\\\/hu\\\/bemutato-terkep-cluj-ayurveda-romaniaban-vol-1-2\\\/#listItem\",\"position\":2,\"name\":\"Prezentare carte Cluj\",\"previousItem\":\"https:\\\/\\\/amnromania.ro\\\/hu\\\/#listItem\"}]},{\"@type\":\"Organization\",\"@id\":\"https:\\\/\\\/amnromania.ro\\\/hu\\\/#organization\",\"name\":\"AMN Ayurveda Romania\",\"url\":\"https:\\\/\\\/amnromania.ro\\\/hu\\\/\",\"logo\":{\"@type\":\"ImageObject\",\"url\":\"https:\\\/\\\/amnromania.ro\\\/ynorsyju\\\/2020\\\/10\\\/amn.png\",\"@id\":\"https:\\\/\\\/amnromania.ro\\\/hu\\\/bemutato-terkep-cluj-ayurveda-romaniaban-vol-1-2\\\/#organizationLogo\"},\"image\":{\"@id\":\"https:\\\/\\\/amnromania.ro\\\/hu\\\/bemutato-terkep-cluj-ayurveda-romaniaban-vol-1-2\\\/#organizationLogo\"},\"sameAs\":[\"https:\\\/\\\/www.facebook.com\\\/AMNRomania\",\"https:\\\/\\\/www.youtube.com\\\/channel\\\/UClfqKxiq_uZ11rthDIT3-BQ\\\/videos\"]},{\"@type\":\"WebPage\",\"@id\":\"https:\\\/\\\/amnromania.ro\\\/hu\\\/bemutato-terkep-cluj-ayurveda-romaniaban-vol-1-2\\\/#webpage\",\"url\":\"https:\\\/\\\/amnromania.ro\\\/hu\\\/bemutato-terkep-cluj-ayurveda-romaniaban-vol-1-2\\\/\",\"name\":\"Prezentare carte Cluj | AMN Ayurveda ROM\\u00c2NIA\",\"description\":\"Ziua Ayurveda Prezentari Festivitati Conferinte Ziua Ayurveda Prezentari Festivitati Conferinte Prezentare carte la Cluj:Ayurveda in Romania vol. 1 si 2 Joi 22 iulie 2021 ora 16:00, \\u00een prezen\\u021ba Excelen\\u021bei Sale domnul Rahul Shrivastava, Ambasador al Indiei \\u00een Rom\\u00e2nia, la Biblioteca Jude\\u021bean\\u0103 Octavian Goga din Cluj a fost realizat\\u0103 prezentarea primelor dou\\u0103 volume ale lucr\\u0103rii intitulate \\u201dAyurveda\",\"inLanguage\":\"hu-HU\",\"isPartOf\":{\"@id\":\"https:\\\/\\\/amnromania.ro\\\/hu\\\/#website\"},\"breadcrumb\":{\"@id\":\"https:\\\/\\\/amnromania.ro\\\/hu\\\/bemutato-terkep-cluj-ayurveda-romaniaban-vol-1-2\\\/#breadcrumblist\"},\"image\":{\"@type\":\"ImageObject\",\"url\":\"https:\\\/\\\/amnromania.ro\\\/wp-content\\\/uploads\\\/2021\\\/08\\\/Ayurveda-in-Romania-3.jpg\",\"@id\":\"https:\\\/\\\/amnromania.ro\\\/hu\\\/bemutato-terkep-cluj-ayurveda-romaniaban-vol-1-2\\\/#mainImage\",\"width\":600,\"height\":365},\"primaryImageOfPage\":{\"@id\":\"https:\\\/\\\/amnromania.ro\\\/hu\\\/bemutato-terkep-cluj-ayurveda-romaniaban-vol-1-2\\\/#mainImage\"},\"datePublished\":\"2021-08-02T13:43:26+02:00\",\"dateModified\":\"2021-08-05T21:40:44+02:00\"},{\"@type\":\"WebSite\",\"@id\":\"https:\\\/\\\/amnromania.ro\\\/hu\\\/#website\",\"url\":\"https:\\\/\\\/amnromania.ro\\\/hu\\\/\",\"name\":\"AMN Ayurveda ROM\\u00c2NIA\",\"description\":\"Asociatia Nationala pentru Promovarea Medicinelor Neconventionale\",\"inLanguage\":\"hu-HU\",\"publisher\":{\"@id\":\"https:\\\/\\\/amnromania.ro\\\/hu\\\/#organization\"}}]}\n\t\t<\/script>\n\t\t<!-- All in One SEO Pro -->\r\n\t\t<title>Prezentare carte Cluj | AMN Ayurveda ROM\u00c2NIA<\/title>\n\n","aioseo_head_json":{"title":"Prezentare carte Cluj | AMN Ayurveda ROM\u00c2NIA","description":"Ziua Ayurveda Prezentari Festivitati Conferinte Ziua Ayurveda Prezentari Festivitati Conferinte Prezentare carte la Cluj:Ayurveda in Romania vol. 1 si 2 Joi 22 iulie 2021 ora 16:00, \u00een prezen\u021ba Excelen\u021bei Sale domnul Rahul Shrivastava, Ambasador al Indiei \u00een Rom\u00e2nia, la Biblioteca Jude\u021bean\u0103 Octavian Goga din Cluj a fost realizat\u0103 prezentarea primelor dou\u0103 volume ale lucr\u0103rii intitulate \u201dAyurveda","canonical_url":"https:\/\/amnromania.ro\/hu\/bemutato-terkep-cluj-ayurveda-romaniaban-vol-1-2\/","robots":"max-image-preview:large","keywords":"","webmasterTools":{"google-site-verification":"G-391X30D2FS","miscellaneous":""},"og:locale":"hu_HU","og:site_name":"AMN Ayurveda ROM\u00c2NIA | Asociatia Nationala pentru Promovarea Medicinelor Neconventionale","og:type":"article","og:title":"Prezentare carte Cluj | AMN Ayurveda ROM\u00c2NIA","og:description":"Ziua Ayurveda Prezentari Festivitati Conferinte Ziua Ayurveda Prezentari Festivitati Conferinte Prezentare carte la Cluj:Ayurveda in Romania vol. 1 si 2 Joi 22 iulie 2021 ora 16:00, \u00een prezen\u021ba Excelen\u021bei Sale domnul Rahul Shrivastava, Ambasador al Indiei \u00een Rom\u00e2nia, la Biblioteca Jude\u021bean\u0103 Octavian Goga din Cluj a fost realizat\u0103 prezentarea primelor dou\u0103 volume ale lucr\u0103rii intitulate \u201dAyurveda","og:url":"https:\/\/amnromania.ro\/hu\/bemutato-terkep-cluj-ayurveda-romaniaban-vol-1-2\/","og:image":"https:\/\/amnromania.ro\/wp-content\/uploads\/2021\/08\/Ayurveda-in-Romania-3.jpg","og:image:secure_url":"https:\/\/amnromania.ro\/wp-content\/uploads\/2021\/08\/Ayurveda-in-Romania-3.jpg","og:image:width":600,"og:image:height":365,"article:published_time":"2021-08-02T13:43:26+00:00","article:modified_time":"2021-08-05T21:40:44+00:00","article:publisher":"https:\/\/www.facebook.com\/AMNRomania","schema":{"@context":"https:\/\/schema.org","@graph":[{"@type":"BreadcrumbList","@id":"https:\/\/amnromania.ro\/hu\/bemutato-terkep-cluj-ayurveda-romaniaban-vol-1-2\/#breadcrumblist","itemListElement":[{"@type":"ListItem","@id":"https:\/\/amnromania.ro\/hu\/#listItem","position":1,"name":"Home","item":"https:\/\/amnromania.ro\/hu\/","nextItem":"https:\/\/amnromania.ro\/hu\/bemutato-terkep-cluj-ayurveda-romaniaban-vol-1-2\/#listItem"},{"@type":"ListItem","@id":"https:\/\/amnromania.ro\/hu\/bemutato-terkep-cluj-ayurveda-romaniaban-vol-1-2\/#listItem","position":2,"name":"Prezentare carte Cluj","previousItem":"https:\/\/amnromania.ro\/hu\/#listItem"}]},{"@type":"Organization","@id":"https:\/\/amnromania.ro\/hu\/#organization","name":"AMN Ayurveda Romania","url":"https:\/\/amnromania.ro\/hu\/","logo":{"@type":"ImageObject","url":"https:\/\/amnromania.ro\/ynorsyju\/2020\/10\/amn.png","@id":"https:\/\/amnromania.ro\/hu\/bemutato-terkep-cluj-ayurveda-romaniaban-vol-1-2\/#organizationLogo"},"image":{"@id":"https:\/\/amnromania.ro\/hu\/bemutato-terkep-cluj-ayurveda-romaniaban-vol-1-2\/#organizationLogo"},"sameAs":["https:\/\/www.facebook.com\/AMNRomania","https:\/\/www.youtube.com\/channel\/UClfqKxiq_uZ11rthDIT3-BQ\/videos"]},{"@type":"WebPage","@id":"https:\/\/amnromania.ro\/hu\/bemutato-terkep-cluj-ayurveda-romaniaban-vol-1-2\/#webpage","url":"https:\/\/amnromania.ro\/hu\/bemutato-terkep-cluj-ayurveda-romaniaban-vol-1-2\/","name":"Prezentare carte Cluj | AMN Ayurveda ROM\u00c2NIA","description":"Ziua Ayurveda Prezentari Festivitati Conferinte Ziua Ayurveda Prezentari Festivitati Conferinte Prezentare carte la Cluj:Ayurveda in Romania vol. 1 si 2 Joi 22 iulie 2021 ora 16:00, \u00een prezen\u021ba Excelen\u021bei Sale domnul Rahul Shrivastava, Ambasador al Indiei \u00een Rom\u00e2nia, la Biblioteca Jude\u021bean\u0103 Octavian Goga din Cluj a fost realizat\u0103 prezentarea primelor dou\u0103 volume ale lucr\u0103rii intitulate \u201dAyurveda","inLanguage":"hu-HU","isPartOf":{"@id":"https:\/\/amnromania.ro\/hu\/#website"},"breadcrumb":{"@id":"https:\/\/amnromania.ro\/hu\/bemutato-terkep-cluj-ayurveda-romaniaban-vol-1-2\/#breadcrumblist"},"image":{"@type":"ImageObject","url":"https:\/\/amnromania.ro\/wp-content\/uploads\/2021\/08\/Ayurveda-in-Romania-3.jpg","@id":"https:\/\/amnromania.ro\/hu\/bemutato-terkep-cluj-ayurveda-romaniaban-vol-1-2\/#mainImage","width":600,"height":365},"primaryImageOfPage":{"@id":"https:\/\/amnromania.ro\/hu\/bemutato-terkep-cluj-ayurveda-romaniaban-vol-1-2\/#mainImage"},"datePublished":"2021-08-02T13:43:26+02:00","dateModified":"2021-08-05T21:40:44+02:00"},{"@type":"WebSite","@id":"https:\/\/amnromania.ro\/hu\/#website","url":"https:\/\/amnromania.ro\/hu\/","name":"AMN Ayurveda ROM\u00c2NIA","description":"Asociatia Nationala pentru Promovarea Medicinelor Neconventionale","inLanguage":"hu-HU","publisher":{"@id":"https:\/\/amnromania.ro\/hu\/#organization"}}]}},"aioseo_meta_data":{"post_id":"7745","title":null,"description":null,"keywords":"[]","keyphrases":"{\"focus\":[],\"additional\":[]}","primary_term":null,"canonical_url":null,"og_title":null,"og_description":null,"og_object_type":"default","og_image_type":"default","og_image_url":null,"og_image_width":null,"og_image_height":null,"og_image_custom_url":null,"og_image_custom_fields":null,"og_video":"","og_custom_url":null,"og_article_section":null,"og_article_tags":"[]","twitter_use_og":false,"twitter_card":"default","twitter_image_type":"default","twitter_image_url":null,"twitter_image_custom_url":null,"twitter_image_custom_fields":null,"twitter_title":null,"twitter_description":null,"schema":{"blockGraphs":[],"customGraphs":[],"default":{"data":{"Article":[],"Course":[],"Dataset":[],"FAQPage":[],"Movie":[],"Person":[],"Product":[],"Recipe":[],"Service":[],"SoftwareApplication":[],"WebPage":{"id":"#aioseo-web-page-65b632ba69888","slug":"web-page","graphName":"WebPage","label":"Web Page","properties":{"type":"WebPage","name":"","description":""}}},"graphName":"WebPage","isEnabled":true},"graphs":[]},"schema_type":"default","schema_type_options":"{\"article\":{\"articleType\":\"BlogPosting\"},\"course\":{\"name\":\"\",\"description\":\"\",\"provider\":\"\"},\"faq\":{\"pages\":[]},\"product\":{\"reviews\":[]},\"recipe\":{\"ingredients\":[],\"instructions\":[],\"keywords\":[]},\"software\":{\"reviews\":[],\"operatingSystems\":[]},\"webPage\":{\"webPageType\":\"WebPage\"}}","pillar_content":false,"robots_default":true,"robots_noindex":false,"robots_noarchive":false,"robots_nosnippet":false,"robots_nofollow":false,"robots_noimageindex":false,"robots_noodp":false,"robots_notranslate":false,"robots_max_snippet":"-1","robots_max_videopreview":"-1","robots_max_imagepreview":"large","priority":null,"frequency":"default","local_seo":{"businessInfo":{"name":"","urls":{"website":"","aboutPage":"","contactPage":""},"address":{"line1":"","line2":"","zip":"","city":"","state":"","country":""},"contact":{"email":"","phone":"","fax":""},"ids":{"vatID":"","taxID":"","chamberID":""},"payment":{"priceIndication":"","currenciesAccepted":"","methodsAccepted":""},"areaServed":""},"openingHours":{"show":false,"closedLabel":"","open24h":false,"open24hLabel":"","open247":false,"use24hFormat":false,"twoSets":false,"timezone":"","hours":[]}},"limit_modified_date":false,"open_ai":null,"created":"2021-08-02 13:42:51","updated":"2024-01-28 10:55:54"},"aioseo_breadcrumb":"<div class=\"aioseo-breadcrumbs\"><span class=\"aioseo-breadcrumb\">\n\t<a href=\"https:\/\/amnromania.ro\/hu\" title=\"Home\">Home<\/a>\n<\/span><span class=\"aioseo-breadcrumb-separator\">&raquo;<\/span><span class=\"aioseo-breadcrumb\">\n\tPrezentare carte Cluj\n<\/span><\/div>","aioseo_breadcrumb_json":[{"label":"Home","link":"https:\/\/amnromania.ro\/hu"},{"label":"Prezentare carte Cluj","link":"https:\/\/amnromania.ro\/hu\/bemutato-terkep-cluj-ayurveda-romaniaban-vol-1-2\/"}],"_links":{"self":[{"href":"https:\/\/amnromania.ro\/hu\/wp-json\/wp\/v2\/pages\/7745","targetHints":{"allow":["GET"]}}],"collection":[{"href":"https:\/\/amnromania.ro\/hu\/wp-json\/wp\/v2\/pages"}],"about":[{"href":"https:\/\/amnromania.ro\/hu\/wp-json\/wp\/v2\/types\/page"}],"author":[{"embeddable":true,"href":"https:\/\/amnromania.ro\/hu\/wp-json\/wp\/v2\/users\/1"}],"replies":[{"embeddable":true,"href":"https:\/\/amnromania.ro\/hu\/wp-json\/wp\/v2\/comments?post=7745"}],"version-history":[{"count":0,"href":"https:\/\/amnromania.ro\/hu\/wp-json\/wp\/v2\/pages\/7745\/revisions"}],"wp:featuredmedia":[{"embeddable":true,"href":"https:\/\/amnromania.ro\/hu\/wp-json\/wp\/v2\/media\/7748"}],"wp:attachment":[{"href":"https:\/\/amnromania.ro\/hu\/wp-json\/wp\/v2\/media?parent=7745"}],"curies":[{"name":"wp","href":"https:\/\/api.w.org\/{rel}","templated":true}]}}