{"id":7434,"date":"2021-02-09T06:40:42","date_gmt":"2021-02-09T06:40:42","guid":{"rendered":"https:\/\/amnromania.ro\/?page_id=7434"},"modified":"2021-08-18T22:48:59","modified_gmt":"2021-08-18T22:48:59","slug":"verseny-2021","status":"publish","type":"page","link":"https:\/\/amnromania.ro\/hu\/verseny-2021\/","title":{"rendered":"Verseny 2021"},"content":{"rendered":"<div data-elementor-type=\"wp-page\" data-elementor-id=\"7434\" class=\"elementor elementor-7434\" data-elementor-post-type=\"page\">\n\t\t\t\t\t\t<section class=\"elementor-section elementor-top-section elementor-element elementor-element-ae39de3 elementor-section-boxed elementor-section-height-default elementor-section-height-default\" data-id=\"ae39de3\" data-element_type=\"section\">\n\t\t\t\t\t\t<div class=\"elementor-container elementor-column-gap-default\">\n\t\t\t\t\t<div class=\"elementor-column elementor-col-50 elementor-top-column elementor-element elementor-element-86ff420\" data-id=\"86ff420\" data-element_type=\"column\">\n\t\t\t<div class=\"elementor-widget-wrap elementor-element-populated\">\n\t\t\t\t\t\t<div class=\"elementor-element elementor-element-eb50208 elementor-nav-menu__align-start elementor-nav-menu__text-align-center elementor-nav-menu--dropdown-tablet elementor-nav-menu--toggle elementor-nav-menu--burger elementor-widget elementor-widget-global elementor-global-4259 elementor-widget-nav-menu\" data-id=\"eb50208\" data-element_type=\"widget\" data-settings=\"{&quot;layout&quot;:&quot;vertical&quot;,&quot;submenu_icon&quot;:{&quot;value&quot;:&quot;fas fa-caret-down&quot;,&quot;library&quot;:&quot;fa-solid&quot;},&quot;toggle&quot;:&quot;burger&quot;}\" data-widget_type=\"nav-menu.default\">\n\t\t\t\t<div class=\"elementor-widget-container\">\n\t\t\t\t\t\t\t\t<nav aria-label=\"Men\u00fc\" class=\"elementor-nav-menu--main elementor-nav-menu__container elementor-nav-menu--layout-vertical e--pointer-background e--animation-fade\">\n\t\t\t\t<ul id=\"menu-1-eb50208\" class=\"elementor-nav-menu sm-vertical\"><li class=\"menu-item menu-item-type-post_type menu-item-object-page menu-item-4237\"><a href=\"https:\/\/amnromania.ro\/hu\/tevekenyseg\/ayurveda-tanfolyamok\/\" class=\"elementor-item\">Ayurveda tanfolyamok<\/a><\/li>\n<li class=\"menu-item menu-item-type-post_type menu-item-object-page menu-item-4234\"><a href=\"https:\/\/amnromania.ro\/hu\/tevekenyseg\/ayurveda-versenyek\/\" class=\"elementor-item\">Ayurveda versenyek<\/a><\/li>\n<li class=\"menu-item menu-item-type-post_type menu-item-object-page menu-item-4235\"><a href=\"https:\/\/amnromania.ro\/hu\/tevekenyseg\/ayurveda-konferencia\/\" class=\"elementor-item\">Ayurveda konferenci\u00e1k<\/a><\/li>\n<li class=\"menu-item menu-item-type-post_type menu-item-object-page menu-item-4236\"><a href=\"https:\/\/amnromania.ro\/hu\/tevekenyseg\/ayurveda-kongresszus\/\" class=\"elementor-item\">Ayurveda kongresszus<\/a><\/li>\n<li class=\"menu-item menu-item-type-post_type menu-item-object-page menu-item-5535\"><a href=\"https:\/\/amnromania.ro\/hu\/tevekenyseg\/ayurveda-taborok\/\" class=\"elementor-item\">Ayurveda t\u00e1borok<\/a><\/li>\n<\/ul>\t\t\t<\/nav>\n\t\t\t\t\t<div class=\"elementor-menu-toggle\" role=\"button\" tabindex=\"0\" aria-label=\"Toggle men\u00fc\" aria-expanded=\"false\">\n\t\t\t<i aria-hidden=\"true\" role=\"presentation\" class=\"elementor-menu-toggle__icon--open eicon-menu-bar\"><\/i><i aria-hidden=\"true\" role=\"presentation\" class=\"elementor-menu-toggle__icon--close eicon-close\"><\/i>\t\t<\/div>\n\t\t\t\t\t<nav class=\"elementor-nav-menu--dropdown elementor-nav-menu__container\" aria-hidden=\"true\">\n\t\t\t\t<ul id=\"menu-2-eb50208\" class=\"elementor-nav-menu sm-vertical\"><li class=\"menu-item menu-item-type-post_type menu-item-object-page menu-item-4237\"><a href=\"https:\/\/amnromania.ro\/hu\/tevekenyseg\/ayurveda-tanfolyamok\/\" class=\"elementor-item\" tabindex=\"-1\">Ayurveda tanfolyamok<\/a><\/li>\n<li class=\"menu-item menu-item-type-post_type menu-item-object-page menu-item-4234\"><a href=\"https:\/\/amnromania.ro\/hu\/tevekenyseg\/ayurveda-versenyek\/\" class=\"elementor-item\" tabindex=\"-1\">Ayurveda versenyek<\/a><\/li>\n<li class=\"menu-item menu-item-type-post_type menu-item-object-page menu-item-4235\"><a href=\"https:\/\/amnromania.ro\/hu\/tevekenyseg\/ayurveda-konferencia\/\" class=\"elementor-item\" tabindex=\"-1\">Ayurveda konferenci\u00e1k<\/a><\/li>\n<li class=\"menu-item menu-item-type-post_type menu-item-object-page menu-item-4236\"><a href=\"https:\/\/amnromania.ro\/hu\/tevekenyseg\/ayurveda-kongresszus\/\" class=\"elementor-item\" tabindex=\"-1\">Ayurveda kongresszus<\/a><\/li>\n<li class=\"menu-item menu-item-type-post_type menu-item-object-page menu-item-5535\"><a href=\"https:\/\/amnromania.ro\/hu\/tevekenyseg\/ayurveda-taborok\/\" class=\"elementor-item\" tabindex=\"-1\">Ayurveda t\u00e1borok<\/a><\/li>\n<\/ul>\t\t\t<\/nav>\n\t\t\t\t\t\t<\/div>\n\t\t\t\t<\/div>\n\t\t\t\t<div class=\"elementor-element elementor-element-59044fc elementor-widget elementor-widget-image\" data-id=\"59044fc\" data-element_type=\"widget\" data-widget_type=\"image.default\">\n\t\t\t\t<div class=\"elementor-widget-container\">\n\t\t\t\t\t\t\t\t\t\t\t\t\t\t\t\t<a href=\"https:\/\/amnromania.ro\/wp-content\/uploads\/2021\/02\/brad-cu-zapada.jpg\" data-elementor-open-lightbox=\"yes\" data-elementor-lightbox-title=\"brad cu zapada\" data-e-action-hash=\"#elementor-action%3Aaction%3Dlightbox%26settings%3DeyJpZCI6NzQ2NCwidXJsIjoiaHR0cHM6XC9cL2FtbnJvbWFuaWEucm9cL3dwLWNvbnRlbnRcL3VwbG9hZHNcLzIwMjFcLzAyXC9icmFkLWN1LXphcGFkYS5qcGcifQ%3D%3D\">\n\t\t\t\t\t\t\t<img fetchpriority=\"high\" decoding=\"async\" width=\"1280\" height=\"963\" src=\"https:\/\/amnromania.ro\/wp-content\/uploads\/2021\/02\/brad-cu-zapada.jpg\" class=\"attachment-full size-full wp-image-7464\" alt=\"\" srcset=\"https:\/\/amnromania.ro\/wp-content\/uploads\/2021\/02\/brad-cu-zapada.jpg 1280w, https:\/\/amnromania.ro\/wp-content\/uploads\/2021\/02\/brad-cu-zapada-300x226.jpg 300w, https:\/\/amnromania.ro\/wp-content\/uploads\/2021\/02\/brad-cu-zapada-1024x770.jpg 1024w, https:\/\/amnromania.ro\/wp-content\/uploads\/2021\/02\/brad-cu-zapada-768x578.jpg 768w\" sizes=\"(max-width: 1280px) 100vw, 1280px\" \/>\t\t\t\t\t\t\t\t<\/a>\n\t\t\t\t\t\t\t\t\t\t\t\t\t\t\t<\/div>\n\t\t\t\t<\/div>\n\t\t\t\t\t<\/div>\n\t\t<\/div>\n\t\t\t\t<div class=\"elementor-column elementor-col-50 elementor-top-column elementor-element elementor-element-f30b81b\" data-id=\"f30b81b\" data-element_type=\"column\">\n\t\t\t<div class=\"elementor-widget-wrap elementor-element-populated\">\n\t\t\t\t\t\t<div class=\"elementor-element elementor-element-dbcb1ed elementor-widget elementor-widget-text-editor\" data-id=\"dbcb1ed\" data-element_type=\"widget\" data-widget_type=\"text-editor.default\">\n\t\t\t\t<div class=\"elementor-widget-container\">\n\t\t\t\t\t\t\t\t\t<h1 style=\"text-align: center;\"><span class=\"fontstyle0\" style=\"color: #ffcc00;\"><b>NEMZETK\u00d6ZI AYURVEDA VERSENY 2021<\/b><\/span><\/h1><p><span class=\"fontstyle0\">Nemzetk\u00f6zi Ayurveda verseny 2021 az AMN-Rom\u00e1nia \u00e1ltal a DMIMS(DU)-val egy\u00fcttm\u0171k\u00f6dve szervezve<br \/>India online \u00e9s k\u00e9t szakaszban zajlott:<br \/><\/span><span class=\"fontstyle2\"><b>1. szakasz - 2021. febru\u00e1r 20., 09:00 \u00e9s 12:00 k\u00f6z\u00f6tt (rom\u00e1niai id\u0151 szerint);<\/b><\/span><\/p><p>A 2021. febru\u00e1r 20-\u00e1n megrendez\u00e9sre ker\u00fcl\u0151 Nemzetk\u00f6zi Ayurveda Verseny 1. fordul\u00f3ja 3 speci\u00e1lis tesztb\u0151l \u00e1ll: a 10 k\u00e9rd\u00e9sb\u0151l \u00e1ll\u00f3 intelligenciateszt (anumana), a 3 mint\u00e1s \u00e9rz\u00e9kel\u00e9si \u00e9s intelligenciateszt (pratyaksha-anumana) \u00e9s a 3 mint\u00e1s \u00e9rz\u00e9kel\u00e9si teszt (pratyaksha).<\/p><p><b>Az 1. szakasz menetrendje - 2021. febru\u00e1r 20.<\/b><\/p><p>09:00 - 09:25: Bevezet\u0151 el\u0151ad\u00e1s \u00e9s regisztr\u00e1ci\u00f3<br \/>09:25 - 09:30: Felk\u00e9sz\u00fcl\u00e9s az intelligenciatesztre (anumana)<br \/>09:30 - 10:00: intelligenciateszt (anumana) - 30 perc<br \/>10:00 - 10:10: Intelligencia teszt v\u00e1laszok (anumana)<br \/>10:10 - 10:15: Felk\u00e9sz\u00fcl\u00e9s az \u00e9rz\u00e9kel\u00e9si \u00e9s intelligencia tesztre (pratyaksha-anumana)<br \/>10:15 - 10:45: Az \u00e9rz\u00e9kel\u00e9s \u00e9s intelligencia tesztje (pratyaksha-anumana) - 30 perc.<br \/>10:45 - 10:55: V\u00e1laszok az \u00e9rz\u00e9kel\u00e9si \u00e9s intelligencia tesztre (pratyaksha-anumana)<br \/>10:55 - 11:00: Felk\u00e9sz\u00fcl\u00e9s az \u00e9rz\u00e9kel\u00e9si tesztre (pratyaksha)<br \/>11:00 - 11:30: \u00c9rz\u00e9kel\u00e9si teszt (pratyaksha) - 30 perc<br \/>11:30 - 11:40: V\u00e1laszok az \u00e9rz\u00e9kel\u00e9si tesztre (pratyaksha)<br \/>11:40 - 11:45: Az 1. szakasz \u00f6sszefoglal\u00e1sa<\/p><p><span class=\"fontstyle2\"><br \/><b>2. fordul\u00f3 - 2021. m\u00e1rcius 06., 09:00 \u00e9s 12:00 k\u00f6z\u00f6tt (rom\u00e1niai id\u0151 szerint).<\/b><\/span><\/p><p><span class=\"fontstyle0\">A 2021. m\u00e1rcius 6-i Nemzetk\u00f6zi Ayurveda Verseny 2. fordul\u00f3ja 3 tesztb\u0151l \u00e1ll: a k\u00f6vetkez\u0151b\u0151l.<br \/>Ayurv\u00e9dikus tud\u00e1s (<\/span><span class=\"fontstyle3\">megfelel\u0151<\/span><span class=\"fontstyle0\">) 23 k\u00e9rd\u00e9ssel, az Ayurv\u00e9dikus Tud\u00e1s \u00e9s \u00c9rz\u00e9kel\u00e9s Teszt (<\/span><span class=\"fontstyle3\">apta-pratyaksha<\/span><span class=\"fontstyle0\">),<br \/>3 teszttel \u00e9s az ayurv\u00e9dikus tud\u00e1s- \u00e9s intelligenciateszt (<\/span><span class=\"fontstyle3\">apta-anumana<\/span><span class=\"fontstyle0\">), 23 k\u00e9rd\u00e9ssel.<\/span><\/p><p><span class=\"fontstyle2\"><b>A 2. szakasz \u00fctemterve - 2021. m\u00e1rcius 06.<\/b><\/span><\/p><p><span class=\"fontstyle0\">09:00 - 09:25: Bevezet\u0151 el\u0151ad\u00e1s \u00e9s regisztr\u00e1ci\u00f3<br \/>09:25 - 09:30: Felk\u00e9sz\u00fcl\u00e9s az ayurv\u00e9dikus tud\u00e1s tesztj\u00e9re (<\/span><span class=\"fontstyle3\">megfelel\u0151<\/span><span class=\"fontstyle0\">)<br \/>09:30 - 10:00: Ayurv\u00e9dikus tud\u00e1s teszt (<\/span><span class=\"fontstyle3\">megfelel\u0151<\/span><span class=\"fontstyle0\">) - 2. szakasz 1. teszt<br \/>10:00 - 10:10: V\u00e1laszok az ayurv\u00e9dikus tud\u00e1s tesztre (<\/span><span class=\"fontstyle3\">megfelel\u0151<\/span><span class=\"fontstyle0\">)<br \/>10:10 - 10:15: Felk\u00e9sz\u00fcl\u00e9s az ayurv\u00e9dikus tud\u00e1s \u00e9s \u00e9rz\u00e9kel\u00e9s tesztre (<\/span><span class=\"fontstyle3\">apta-pratyaksha<\/span><span class=\"fontstyle0\">)<br \/>10:15 - 10:45: Ayurv\u00e9dikus tud\u00e1s \u00e9s \u00e9rz\u00e9kel\u00e9s teszt (<\/span><span class=\"fontstyle3\">apta-pratyaksha<\/span><span class=\"fontstyle0\">) - 2. szakasz 2. teszt<br \/>10:45 - 10:55: V\u00e1laszok az ayurv\u00e9dikus tud\u00e1s \u00e9s \u00e9rz\u00e9kel\u00e9s tesztre (<\/span><span class=\"fontstyle3\">apta-pratyaksha<\/span><span class=\"fontstyle0\">)<br \/>10:55 - 11:00: Felk\u00e9sz\u00fcl\u00e9s az ayurv\u00e9dikus tud\u00e1s \u00e9s intelligencia tesztre (<\/span><span class=\"fontstyle3\">apta-anumana<\/span><span class=\"fontstyle0\">)<br \/>11:00 - 11:30: Ayurv\u00e9dikus tud\u00e1s \u00e9s intelligencia teszt (<\/span><span class=\"fontstyle3\">apta-anumana<\/span><span class=\"fontstyle0\">) - 2. szakasz 3. teszt<br \/>11:30 - 11:40: V\u00e1laszok az ayurv\u00e9dikus tud\u00e1s \u00e9s intelligencia tesztre (<\/span><span class=\"fontstyle3\">apta-anumana<\/span><span class=\"fontstyle0\">)<br \/>11:40 - 11:45: A 2. szakasz \u00f6sszefoglal\u00e1sa<\/span><\/p><p><span class=\"fontstyle0\">\u00a0<\/span><\/p><p><span class=\"fontstyle0\">A mint\u00e1k teljes nyilv\u00e1ntart\u00e1sa a k\u00f6vetkez\u0151 honlapon \u00e9rhet\u0151 el <a href=\"https:\/\/www.youtube.com\/watch?v=wiK6FZQbiIk&amp;list=PLBlglrmb4KqfZ5Rni3tRt8RsERWM4efbb\">youtube csatorn\u00e1nk<\/a><\/span><\/p>\t\t\t\t\t\t\t\t<\/div>\n\t\t\t\t<\/div>\n\t\t\t\t<div class=\"elementor-element elementor-element-63fc13c elementor-widget elementor-widget-video\" data-id=\"63fc13c\" data-element_type=\"widget\" data-settings=\"{&quot;youtube_url&quot;:&quot;https:\\\/\\\/youtu.be\\\/k1OiqsgcD-U&quot;,&quot;video_type&quot;:&quot;youtube&quot;,&quot;controls&quot;:&quot;yes&quot;}\" data-widget_type=\"video.default\">\n\t\t\t\t<div class=\"elementor-widget-container\">\n\t\t\t\t\t\t\t<div class=\"elementor-wrapper elementor-open-inline\">\n\t\t\t<div class=\"elementor-video\"><\/div>\t\t<\/div>\n\t\t\t\t\t\t<\/div>\n\t\t\t\t<\/div>\n\t\t\t\t<div class=\"elementor-element elementor-element-f931673 elementor-widget elementor-widget-video\" data-id=\"f931673\" data-element_type=\"widget\" data-settings=\"{&quot;youtube_url&quot;:&quot;https:\\\/\\\/youtu.be\\\/rAyIW9_ZvT4&quot;,&quot;video_type&quot;:&quot;youtube&quot;,&quot;controls&quot;:&quot;yes&quot;}\" data-widget_type=\"video.default\">\n\t\t\t\t<div class=\"elementor-widget-container\">\n\t\t\t\t\t\t\t<div class=\"elementor-wrapper elementor-open-inline\">\n\t\t\t<div class=\"elementor-video\"><\/div>\t\t<\/div>\n\t\t\t\t\t\t<\/div>\n\t\t\t\t<\/div>\n\t\t\t\t\t<\/div>\n\t\t<\/div>\n\t\t\t\t\t<\/div>\n\t\t<\/section>\n\t\t\t\t<\/div>","protected":false},"excerpt":{"rendered":"<p>NEMZETK\u00d6ZI AYURVEDA VERSENY 2021 A 2021-es Nemzetk\u00f6zi Ayurveda Verseny az AMN-Rom\u00e1nia \u00e9s a DMIMS(DU)-India egy\u00fcttm\u0171k\u00f6d\u00e9s\u00e9ben ker\u00fclt megrendez\u00e9sre online k\u00e9t szakaszban: 1. szakasz - 2021. febru\u00e1r 20., 09:00-t\u00f3l 12:00-ig (rom\u00e1niai id\u0151 szerint); A 2021. febru\u00e1r 20-i Nemzetk\u00f6zi Ayurveda Verseny 1. szakasza [...]<\/p>","protected":false},"author":1,"featured_media":0,"parent":0,"menu_order":0,"comment_status":"closed","ping_status":"closed","template":"","meta":{"_mi_skip_tracking":false,"_analytify_skip_tracking":false,"footnotes":""},"class_list":["post-7434","page","type-page","status-publish","hentry"],"aioseo_notices":[],"aioseo_head":"\n\t\t<!-- All in One SEO Pro 4.7.0 - aioseo.com -->\n\t\t<meta name=\"description\" content=\"Cursuri de Ayurveda Concursuri de Ayurveda Conferinte de Ayurveda Congrese de Ayurveda Tabere de Ayurveda Cursuri de Ayurveda Concursuri de Ayurveda Conferinte de Ayurveda Congrese de Ayurveda Tabere de Ayurveda CONCURSUL INTERNA\u021aIONAL DE AYURVEDA 2021Concursul Interna\u0163ional de Ayurveda 2021 organizat de c\u0103tre AMN-Rom\u00e2nia \u00een colaborare cu DMIMS(DU)-India a fost realizat \u00een sistem on-line \u0219i s-a\" \/>\n\t\t<meta name=\"robots\" content=\"max-image-preview:large\" \/>\n\t\t<meta name=\"google-site-verification\" content=\"G-391X30D2FS\" \/>\n\t\t<link rel=\"canonical\" href=\"https:\/\/amnromania.ro\/hu\/verseny-2021\/\" \/>\n\t\t<meta name=\"generator\" content=\"All in One SEO Pro (AIOSEO) 4.7.0\" \/>\n\t\t<meta property=\"og:locale\" content=\"hu_HU\" \/>\n\t\t<meta property=\"og:site_name\" content=\"AMN Ayurveda ROM\u00c2NIA | Asociatia Nationala pentru Promovarea Medicinelor Neconventionale\" \/>\n\t\t<meta property=\"og:type\" content=\"article\" \/>\n\t\t<meta property=\"og:title\" content=\"Concurs 2021 | AMN Ayurveda ROM\u00c2NIA\" \/>\n\t\t<meta property=\"og:description\" content=\"Cursuri de Ayurveda Concursuri de Ayurveda Conferinte de Ayurveda Congrese de Ayurveda Tabere de Ayurveda Cursuri de Ayurveda Concursuri de Ayurveda Conferinte de Ayurveda Congrese de Ayurveda Tabere de Ayurveda CONCURSUL INTERNA\u021aIONAL DE AYURVEDA 2021Concursul Interna\u0163ional de Ayurveda 2021 organizat de c\u0103tre AMN-Rom\u00e2nia \u00een colaborare cu DMIMS(DU)-India a fost realizat \u00een sistem on-line \u0219i s-a\" \/>\n\t\t<meta property=\"og:url\" content=\"https:\/\/amnromania.ro\/hu\/verseny-2021\/\" \/>\n\t\t<meta property=\"og:image\" content=\"https:\/\/amnromania.ro\/ynorsyju\/2021\/06\/Ayurveda-in-Romania-Vol.-2-Ro.jpg\" \/>\n\t\t<meta property=\"og:image:secure_url\" content=\"https:\/\/amnromania.ro\/ynorsyju\/2021\/06\/Ayurveda-in-Romania-Vol.-2-Ro.jpg\" \/>\n\t\t<meta property=\"article:published_time\" content=\"2021-02-09T06:40:42+00:00\" \/>\n\t\t<meta property=\"article:modified_time\" content=\"2021-08-18T22:48:59+00:00\" \/>\n\t\t<meta property=\"article:publisher\" content=\"https:\/\/www.facebook.com\/AMNRomania\" \/>\n\t\t<script type=\"application\/ld+json\" class=\"aioseo-schema\">\n\t\t\t{\"@context\":\"https:\\\/\\\/schema.org\",\"@graph\":[{\"@type\":\"BreadcrumbList\",\"@id\":\"https:\\\/\\\/amnromania.ro\\\/hu\\\/verseny-2021\\\/#breadcrumblist\",\"itemListElement\":[{\"@type\":\"ListItem\",\"@id\":\"https:\\\/\\\/amnromania.ro\\\/hu\\\/#listItem\",\"position\":1,\"name\":\"Home\",\"item\":\"https:\\\/\\\/amnromania.ro\\\/hu\\\/\",\"nextItem\":\"https:\\\/\\\/amnromania.ro\\\/hu\\\/verseny-2021\\\/#listItem\"},{\"@type\":\"ListItem\",\"@id\":\"https:\\\/\\\/amnromania.ro\\\/hu\\\/verseny-2021\\\/#listItem\",\"position\":2,\"name\":\"Concurs 2021\",\"previousItem\":\"https:\\\/\\\/amnromania.ro\\\/hu\\\/#listItem\"}]},{\"@type\":\"Organization\",\"@id\":\"https:\\\/\\\/amnromania.ro\\\/hu\\\/#organization\",\"name\":\"AMN Ayurveda Romania\",\"url\":\"https:\\\/\\\/amnromania.ro\\\/hu\\\/\",\"logo\":{\"@type\":\"ImageObject\",\"url\":\"https:\\\/\\\/amnromania.ro\\\/ynorsyju\\\/2020\\\/10\\\/amn.png\",\"@id\":\"https:\\\/\\\/amnromania.ro\\\/hu\\\/verseny-2021\\\/#organizationLogo\"},\"image\":{\"@id\":\"https:\\\/\\\/amnromania.ro\\\/hu\\\/verseny-2021\\\/#organizationLogo\"},\"sameAs\":[\"https:\\\/\\\/www.facebook.com\\\/AMNRomania\",\"https:\\\/\\\/www.youtube.com\\\/channel\\\/UClfqKxiq_uZ11rthDIT3-BQ\\\/videos\"]},{\"@type\":\"WebPage\",\"@id\":\"https:\\\/\\\/amnromania.ro\\\/hu\\\/verseny-2021\\\/#webpage\",\"url\":\"https:\\\/\\\/amnromania.ro\\\/hu\\\/verseny-2021\\\/\",\"name\":\"Concurs 2021 | AMN Ayurveda ROM\\u00c2NIA\",\"description\":\"Cursuri de Ayurveda Concursuri de Ayurveda Conferinte de Ayurveda Congrese de Ayurveda Tabere de Ayurveda Cursuri de Ayurveda Concursuri de Ayurveda Conferinte de Ayurveda Congrese de Ayurveda Tabere de Ayurveda CONCURSUL INTERNA\\u021aIONAL DE AYURVEDA 2021Concursul Interna\\u0163ional de Ayurveda 2021 organizat de c\\u0103tre AMN-Rom\\u00e2nia \\u00een colaborare cu DMIMS(DU)-India a fost realizat \\u00een sistem on-line \\u0219i s-a\",\"inLanguage\":\"hu-HU\",\"isPartOf\":{\"@id\":\"https:\\\/\\\/amnromania.ro\\\/hu\\\/#website\"},\"breadcrumb\":{\"@id\":\"https:\\\/\\\/amnromania.ro\\\/hu\\\/verseny-2021\\\/#breadcrumblist\"},\"datePublished\":\"2021-02-09T06:40:42+02:00\",\"dateModified\":\"2021-08-18T22:48:59+02:00\"},{\"@type\":\"WebSite\",\"@id\":\"https:\\\/\\\/amnromania.ro\\\/hu\\\/#website\",\"url\":\"https:\\\/\\\/amnromania.ro\\\/hu\\\/\",\"name\":\"AMN Ayurveda ROM\\u00c2NIA\",\"description\":\"Asociatia Nationala pentru Promovarea Medicinelor Neconventionale\",\"inLanguage\":\"hu-HU\",\"publisher\":{\"@id\":\"https:\\\/\\\/amnromania.ro\\\/hu\\\/#organization\"}}]}\n\t\t<\/script>\n\t\t<!-- All in One SEO Pro -->\r\n\t\t<title>Concurs 2021 | AMN Ayurveda ROM\u00c2NIA<\/title>\n\n","aioseo_head_json":{"title":"Concurs 2021 | AMN Ayurveda ROM\u00c2NIA","description":"Cursuri de Ayurveda Concursuri de Ayurveda Conferinte de Ayurveda Congrese de Ayurveda Tabere de Ayurveda Cursuri de Ayurveda Concursuri de Ayurveda Conferinte de Ayurveda Congrese de Ayurveda Tabere de Ayurveda CONCURSUL INTERNA\u021aIONAL DE AYURVEDA 2021Concursul Interna\u0163ional de Ayurveda 2021 organizat de c\u0103tre AMN-Rom\u00e2nia \u00een colaborare cu DMIMS(DU)-India a fost realizat \u00een sistem on-line \u0219i s-a","canonical_url":"https:\/\/amnromania.ro\/hu\/verseny-2021\/","robots":"max-image-preview:large","keywords":"","webmasterTools":{"google-site-verification":"G-391X30D2FS","miscellaneous":""},"og:locale":"hu_HU","og:site_name":"AMN Ayurveda ROM\u00c2NIA | Asociatia Nationala pentru Promovarea Medicinelor Neconventionale","og:type":"article","og:title":"Concurs 2021 | AMN Ayurveda ROM\u00c2NIA","og:description":"Cursuri de Ayurveda Concursuri de Ayurveda Conferinte de Ayurveda Congrese de Ayurveda Tabere de Ayurveda Cursuri de Ayurveda Concursuri de Ayurveda Conferinte de Ayurveda Congrese de Ayurveda Tabere de Ayurveda CONCURSUL INTERNA\u021aIONAL DE AYURVEDA 2021Concursul Interna\u0163ional de Ayurveda 2021 organizat de c\u0103tre AMN-Rom\u00e2nia \u00een colaborare cu DMIMS(DU)-India a fost realizat \u00een sistem on-line \u0219i s-a","og:url":"https:\/\/amnromania.ro\/hu\/verseny-2021\/","og:image":"https:\/\/amnromania.ro\/ynorsyju\/2021\/06\/Ayurveda-in-Romania-Vol.-2-Ro.jpg","og:image:secure_url":"https:\/\/amnromania.ro\/ynorsyju\/2021\/06\/Ayurveda-in-Romania-Vol.-2-Ro.jpg","article:published_time":"2021-02-09T06:40:42+00:00","article:modified_time":"2021-08-18T22:48:59+00:00","article:publisher":"https:\/\/www.facebook.com\/AMNRomania","schema":{"@context":"https:\/\/schema.org","@graph":[{"@type":"BreadcrumbList","@id":"https:\/\/amnromania.ro\/hu\/verseny-2021\/#breadcrumblist","itemListElement":[{"@type":"ListItem","@id":"https:\/\/amnromania.ro\/hu\/#listItem","position":1,"name":"Home","item":"https:\/\/amnromania.ro\/hu\/","nextItem":"https:\/\/amnromania.ro\/hu\/verseny-2021\/#listItem"},{"@type":"ListItem","@id":"https:\/\/amnromania.ro\/hu\/verseny-2021\/#listItem","position":2,"name":"Concurs 2021","previousItem":"https:\/\/amnromania.ro\/hu\/#listItem"}]},{"@type":"Organization","@id":"https:\/\/amnromania.ro\/hu\/#organization","name":"AMN Ayurveda Romania","url":"https:\/\/amnromania.ro\/hu\/","logo":{"@type":"ImageObject","url":"https:\/\/amnromania.ro\/ynorsyju\/2020\/10\/amn.png","@id":"https:\/\/amnromania.ro\/hu\/verseny-2021\/#organizationLogo"},"image":{"@id":"https:\/\/amnromania.ro\/hu\/verseny-2021\/#organizationLogo"},"sameAs":["https:\/\/www.facebook.com\/AMNRomania","https:\/\/www.youtube.com\/channel\/UClfqKxiq_uZ11rthDIT3-BQ\/videos"]},{"@type":"WebPage","@id":"https:\/\/amnromania.ro\/hu\/verseny-2021\/#webpage","url":"https:\/\/amnromania.ro\/hu\/verseny-2021\/","name":"Concurs 2021 | AMN Ayurveda ROM\u00c2NIA","description":"Cursuri de Ayurveda Concursuri de Ayurveda Conferinte de Ayurveda Congrese de Ayurveda Tabere de Ayurveda Cursuri de Ayurveda Concursuri de Ayurveda Conferinte de Ayurveda Congrese de Ayurveda Tabere de Ayurveda CONCURSUL INTERNA\u021aIONAL DE AYURVEDA 2021Concursul Interna\u0163ional de Ayurveda 2021 organizat de c\u0103tre AMN-Rom\u00e2nia \u00een colaborare cu DMIMS(DU)-India a fost realizat \u00een sistem on-line \u0219i s-a","inLanguage":"hu-HU","isPartOf":{"@id":"https:\/\/amnromania.ro\/hu\/#website"},"breadcrumb":{"@id":"https:\/\/amnromania.ro\/hu\/verseny-2021\/#breadcrumblist"},"datePublished":"2021-02-09T06:40:42+02:00","dateModified":"2021-08-18T22:48:59+02:00"},{"@type":"WebSite","@id":"https:\/\/amnromania.ro\/hu\/#website","url":"https:\/\/amnromania.ro\/hu\/","name":"AMN Ayurveda ROM\u00c2NIA","description":"Asociatia Nationala pentru Promovarea Medicinelor Neconventionale","inLanguage":"hu-HU","publisher":{"@id":"https:\/\/amnromania.ro\/hu\/#organization"}}]}},"aioseo_meta_data":{"post_id":"7434","title":null,"description":null,"keywords":"[]","keyphrases":"{\"focus\":[],\"additional\":[]}","primary_term":null,"canonical_url":null,"og_title":null,"og_description":null,"og_object_type":"default","og_image_type":"default","og_image_url":null,"og_image_width":null,"og_image_height":null,"og_image_custom_url":null,"og_image_custom_fields":null,"og_video":"","og_custom_url":null,"og_article_section":null,"og_article_tags":"[]","twitter_use_og":false,"twitter_card":"default","twitter_image_type":"default","twitter_image_url":null,"twitter_image_custom_url":null,"twitter_image_custom_fields":null,"twitter_title":null,"twitter_description":null,"schema":{"blockGraphs":[],"customGraphs":[],"default":{"data":{"Article":[],"Course":[],"Dataset":[],"FAQPage":[],"Movie":[],"Person":[],"Product":[],"Recipe":[],"Service":[],"SoftwareApplication":[],"WebPage":{"id":"#aioseo-web-page-65b6327f6a0ee","slug":"web-page","graphName":"WebPage","label":"Web Page","properties":{"type":"WebPage","name":"","description":""}}},"graphName":"WebPage","isEnabled":true},"graphs":[]},"schema_type":"default","schema_type_options":"{\"article\":{\"articleType\":\"BlogPosting\"},\"course\":{\"name\":\"\",\"description\":\"\",\"provider\":\"\"},\"faq\":{\"pages\":[]},\"product\":{\"reviews\":[]},\"recipe\":{\"ingredients\":[],\"instructions\":[],\"keywords\":[]},\"software\":{\"reviews\":[],\"operatingSystems\":[]},\"webPage\":{\"webPageType\":\"WebPage\"}}","pillar_content":false,"robots_default":true,"robots_noindex":false,"robots_noarchive":false,"robots_nosnippet":false,"robots_nofollow":false,"robots_noimageindex":false,"robots_noodp":false,"robots_notranslate":false,"robots_max_snippet":"-1","robots_max_videopreview":"-1","robots_max_imagepreview":"large","priority":null,"frequency":"default","local_seo":{"businessInfo":{"name":"","urls":{"website":"","aboutPage":"","contactPage":""},"address":{"line1":"","line2":"","zip":"","city":"","state":"","country":""},"contact":{"email":"","phone":"","fax":""},"ids":{"vatID":"","taxID":"","chamberID":""},"payment":{"priceIndication":"","currenciesAccepted":"","methodsAccepted":""},"areaServed":""},"openingHours":{"show":false,"closedLabel":"","open24h":false,"open24hLabel":"","open247":false,"use24hFormat":false,"twoSets":false,"timezone":"","hours":[]}},"limit_modified_date":false,"open_ai":null,"created":"2021-02-09 06:27:16","updated":"2024-01-28 10:54:55"},"aioseo_breadcrumb":"<div class=\"aioseo-breadcrumbs\"><span class=\"aioseo-breadcrumb\">\n\t<a href=\"https:\/\/amnromania.ro\/hu\" title=\"Home\">Home<\/a>\n<\/span><span class=\"aioseo-breadcrumb-separator\">&raquo;<\/span><span class=\"aioseo-breadcrumb\">\n\tConcurs 2021\n<\/span><\/div>","aioseo_breadcrumb_json":[{"label":"Home","link":"https:\/\/amnromania.ro\/hu"},{"label":"Concurs 2021","link":"https:\/\/amnromania.ro\/hu\/verseny-2021\/"}],"_links":{"self":[{"href":"https:\/\/amnromania.ro\/hu\/wp-json\/wp\/v2\/pages\/7434","targetHints":{"allow":["GET"]}}],"collection":[{"href":"https:\/\/amnromania.ro\/hu\/wp-json\/wp\/v2\/pages"}],"about":[{"href":"https:\/\/amnromania.ro\/hu\/wp-json\/wp\/v2\/types\/page"}],"author":[{"embeddable":true,"href":"https:\/\/amnromania.ro\/hu\/wp-json\/wp\/v2\/users\/1"}],"replies":[{"embeddable":true,"href":"https:\/\/amnromania.ro\/hu\/wp-json\/wp\/v2\/comments?post=7434"}],"version-history":[{"count":0,"href":"https:\/\/amnromania.ro\/hu\/wp-json\/wp\/v2\/pages\/7434\/revisions"}],"wp:attachment":[{"href":"https:\/\/amnromania.ro\/hu\/wp-json\/wp\/v2\/media?parent=7434"}],"curies":[{"name":"wp","href":"https:\/\/api.w.org\/{rel}","templated":true}]}}