{"id":7298,"date":"2021-01-18T09:19:57","date_gmt":"2021-01-18T09:19:57","guid":{"rendered":"https:\/\/amnromania.ro\/?page_id=7298"},"modified":"2021-01-22T16:59:16","modified_gmt":"2021-01-22T16:59:16","slug":"ayurveda-kongresszus-2","status":"publish","type":"page","link":"https:\/\/amnromania.ro\/hu\/a-cimen\/ayurveda-kongresszus\/","title":{"rendered":"Ayurveda Kongresszus 2021"},"content":{"rendered":"<div data-elementor-type=\"wp-page\" data-elementor-id=\"7298\" class=\"elementor elementor-7298\" data-elementor-post-type=\"page\">\n\t\t\t\t\t\t<section class=\"elementor-section elementor-top-section elementor-element elementor-element-830c113 elementor-section-boxed elementor-section-height-default elementor-section-height-default\" data-id=\"830c113\" data-element_type=\"section\">\n\t\t\t\t\t\t<div class=\"elementor-container elementor-column-gap-default\">\n\t\t\t\t\t<div class=\"elementor-column elementor-col-50 elementor-top-column elementor-element elementor-element-88ca067\" data-id=\"88ca067\" data-element_type=\"column\">\n\t\t\t<div class=\"elementor-widget-wrap elementor-element-populated\">\n\t\t\t\t\t\t<div class=\"elementor-element elementor-element-d17df5a elementor-nav-menu__align-start elementor-nav-menu__text-align-center elementor-nav-menu--dropdown-tablet elementor-nav-menu--toggle elementor-nav-menu--burger elementor-widget elementor-widget-global elementor-global-4259 elementor-widget-nav-menu\" data-id=\"d17df5a\" data-element_type=\"widget\" data-settings=\"{&quot;layout&quot;:&quot;vertical&quot;,&quot;submenu_icon&quot;:{&quot;value&quot;:&quot;fas fa-caret-down&quot;,&quot;library&quot;:&quot;fa-solid&quot;},&quot;toggle&quot;:&quot;burger&quot;}\" data-widget_type=\"nav-menu.default\">\n\t\t\t\t<div class=\"elementor-widget-container\">\n\t\t\t\t\t\t\t\t<nav aria-label=\"Men\u00fc\" class=\"elementor-nav-menu--main elementor-nav-menu__container elementor-nav-menu--layout-vertical e--pointer-background e--animation-fade\">\n\t\t\t\t<ul id=\"menu-1-d17df5a\" class=\"elementor-nav-menu sm-vertical\"><li class=\"menu-item menu-item-type-post_type menu-item-object-page menu-item-4237\"><a href=\"https:\/\/amnromania.ro\/hu\/tevekenyseg\/ayurveda-tanfolyamok\/\" class=\"elementor-item\">Ayurveda tanfolyamok<\/a><\/li>\n<li class=\"menu-item menu-item-type-post_type menu-item-object-page menu-item-4234\"><a href=\"https:\/\/amnromania.ro\/hu\/tevekenyseg\/ayurveda-versenyek\/\" class=\"elementor-item\">Ayurveda versenyek<\/a><\/li>\n<li class=\"menu-item menu-item-type-post_type menu-item-object-page menu-item-4235\"><a href=\"https:\/\/amnromania.ro\/hu\/tevekenyseg\/ayurveda-konferencia\/\" class=\"elementor-item\">Ayurveda konferenci\u00e1k<\/a><\/li>\n<li class=\"menu-item menu-item-type-post_type menu-item-object-page menu-item-4236\"><a href=\"https:\/\/amnromania.ro\/hu\/tevekenyseg\/ayurveda-kongresszus\/\" class=\"elementor-item\">Ayurveda kongresszus<\/a><\/li>\n<li class=\"menu-item menu-item-type-post_type menu-item-object-page menu-item-5535\"><a href=\"https:\/\/amnromania.ro\/hu\/tevekenyseg\/ayurveda-taborok\/\" class=\"elementor-item\">Ayurveda t\u00e1borok<\/a><\/li>\n<\/ul>\t\t\t<\/nav>\n\t\t\t\t\t<div class=\"elementor-menu-toggle\" role=\"button\" tabindex=\"0\" aria-label=\"Toggle men\u00fc\" aria-expanded=\"false\">\n\t\t\t<i aria-hidden=\"true\" role=\"presentation\" class=\"elementor-menu-toggle__icon--open eicon-menu-bar\"><\/i><i aria-hidden=\"true\" role=\"presentation\" class=\"elementor-menu-toggle__icon--close eicon-close\"><\/i>\t\t<\/div>\n\t\t\t\t\t<nav class=\"elementor-nav-menu--dropdown elementor-nav-menu__container\" aria-hidden=\"true\">\n\t\t\t\t<ul id=\"menu-2-d17df5a\" class=\"elementor-nav-menu sm-vertical\"><li class=\"menu-item menu-item-type-post_type menu-item-object-page menu-item-4237\"><a href=\"https:\/\/amnromania.ro\/hu\/tevekenyseg\/ayurveda-tanfolyamok\/\" class=\"elementor-item\" tabindex=\"-1\">Ayurveda tanfolyamok<\/a><\/li>\n<li class=\"menu-item menu-item-type-post_type menu-item-object-page menu-item-4234\"><a href=\"https:\/\/amnromania.ro\/hu\/tevekenyseg\/ayurveda-versenyek\/\" class=\"elementor-item\" tabindex=\"-1\">Ayurveda versenyek<\/a><\/li>\n<li class=\"menu-item menu-item-type-post_type menu-item-object-page menu-item-4235\"><a href=\"https:\/\/amnromania.ro\/hu\/tevekenyseg\/ayurveda-konferencia\/\" class=\"elementor-item\" tabindex=\"-1\">Ayurveda konferenci\u00e1k<\/a><\/li>\n<li class=\"menu-item menu-item-type-post_type menu-item-object-page menu-item-4236\"><a href=\"https:\/\/amnromania.ro\/hu\/tevekenyseg\/ayurveda-kongresszus\/\" class=\"elementor-item\" tabindex=\"-1\">Ayurveda kongresszus<\/a><\/li>\n<li class=\"menu-item menu-item-type-post_type menu-item-object-page menu-item-5535\"><a href=\"https:\/\/amnromania.ro\/hu\/tevekenyseg\/ayurveda-taborok\/\" class=\"elementor-item\" tabindex=\"-1\">Ayurveda t\u00e1borok<\/a><\/li>\n<\/ul>\t\t\t<\/nav>\n\t\t\t\t\t\t<\/div>\n\t\t\t\t<\/div>\n\t\t\t\t\t<\/div>\n\t\t<\/div>\n\t\t\t\t<div class=\"elementor-column elementor-col-50 elementor-top-column elementor-element elementor-element-fb6627e\" data-id=\"fb6627e\" data-element_type=\"column\">\n\t\t\t<div class=\"elementor-widget-wrap elementor-element-populated\">\n\t\t\t\t\t\t<div class=\"elementor-element elementor-element-b6efbc7 elementor-widget elementor-widget-text-editor\" data-id=\"b6efbc7\" data-element_type=\"widget\" data-widget_type=\"text-editor.default\">\n\t\t\t\t<div class=\"elementor-widget-container\">\n\t\t\t\t\t\t\t\t\t<h1 style=\"text-align: center;\">Nemzetk\u00f6zi Ayurveda Kongresszus AMN-Rom\u00e1nia&nbsp;<\/h1>\n<h1 style=\"text-align: center;\">2021. janu\u00e1r 24., vas\u00e1rnap, 11:00 \u00f3ra&nbsp;<\/h1><div><br><\/div>\t\t\t\t\t\t\t\t<\/div>\n\t\t\t\t<\/div>\n\t\t\t\t<div class=\"elementor-element elementor-element-4679b64 elementor-widget elementor-widget-image\" data-id=\"4679b64\" data-element_type=\"widget\" data-widget_type=\"image.default\">\n\t\t\t\t<div class=\"elementor-widget-container\">\n\t\t\t\t\t\t\t\t\t\t\t\t\t\t\t<img decoding=\"async\" src=\"https:\/\/amnromania.ro\/wp-content\/uploads\/2021\/01\/1920x1080-congresul-de-ayurveda-24-ian-2021-EN-scaled.jpg\" title=\"1920\u00d71080 ayurveda kongresszus 2021. janu\u00e1r 24. HU\" alt=\"1920x1080 ayurveda kongresszus 2021. janu\u00e1r 24. HU\" loading=\"lazy\" \/>\t\t\t\t\t\t\t\t\t\t\t\t\t\t\t<\/div>\n\t\t\t\t<\/div>\n\t\t\t\t<div class=\"elementor-element elementor-element-c7e6228 elementor-widget elementor-widget-text-editor\" data-id=\"c7e6228\" data-element_type=\"widget\" data-widget_type=\"text-editor.default\">\n\t\t\t\t<div class=\"elementor-widget-container\">\n\t\t\t\t\t\t\t\t\t<p>A Nemzetk\u00f6zi Ayurveda Kongresszus AMN-Rom\u00e1nia 2021-es kiad\u00e1sa \"Az interdiszciplin\u00e1ris kutat\u00e1sok alkalmaz\u00e1sai a szem\u00e9lyes \u00e9s assziszt\u00e1lt ayurv\u00e9dikus gyakorlatban\" c\u00edmmel 2021. janu\u00e1r 24-\u00e9n, vas\u00e1rnap, 11:00 \u00f3rai kezdettel (rom\u00e1niai id\u0151 szerint) ker\u00fcl megrendez\u00e9sre. Az Ayurv\u00e9da Kongresszus programj\u00e1t \u00e9s a hozz\u00e1f\u00e9r\u00e9si linket 2021. janu\u00e1r 22-\u00e9n, p\u00e9nteken e-mailben k\u00f6z\u00f6lj\u00fck az \u00e9rdekl\u0151d\u0151kkel. Regisztr\u00e1lni a ayurveda@amnromania.ro e-mail c\u00edmen lehet.<\/p><h1 style=\"text-align: center;\"><span style=\"color: #000080;\"><strong>AZ ONLINE ESEM\u00c9NY PROGRAMJA<\/strong><\/span><\/h1><h1 style=\"text-align: center;\"><span style=\"color: #000080;\"><strong>\"AYURVEDA KONGRESSZUS 2021 AMN-ROM\u00c1NIA\"<\/strong><\/span><\/h1><p><strong>\u00a0<\/strong><\/p><h1><span style=\"color: #000080;\"><strong>1. SZAKASZ (Pratipada) - bevezet\u0151 bemutat\u00f3<\/strong><\/span><\/h1><ol><li>Az AMN-Rom\u00e1nia 2021 Ayurveda Kongresszus programj\u00e1nak bemutat\u00e1sa - Andrei G\u0103mulea, az AMN-Rom\u00e1nia eln\u00f6ke Bevezet\u0151 besz\u00e9d az AMN-Rom\u00e1nia 2021 Ayurveda Kongresszus alkalm\u00e1b\u00f3l \u0150excellenci\u00e1ja Rahul Shrivastava \u00far, India rom\u00e1niai nagyk\u00f6vete r\u00e9sz\u00e9r\u0151l.<\/li><li>Az India \u00e9s Rom\u00e1nia k\u00f6z\u00f6tti egy\u00fcttm\u0171k\u00f6d\u00e9s eredm\u00e9nyei \u00e9s perspekt\u00edv\u00e1i az Ayurveda ter\u00fclet\u00e9n - Andrei G\u0103mulea<\/li><li>Az ayurv\u00e9dikus hagyom\u00e1ny - egy megtakar\u00edt\u00e1si megold\u00e1s a j\u00f6v\u0151 sz\u00e1m\u00e1ra - Aurora Nicolae, az AMN-Rom\u00e1nia aleln\u00f6ke<\/li><li>Az AMN-Rom\u00e1nia interdiszciplin\u00e1ris kutat\u00e1s jelenlegi ir\u00e1nyai - Andrei G\u0103mulea<\/li><\/ol><p><strong>\u00a0<\/strong><\/p><h1><span style=\"color: #000080;\"><strong>SZAKASZ (Achara) - Szem\u00e9lyes \u00e9s t\u00e1mogatott ayurv\u00e9dikus gyakorlatok<\/strong><\/span><\/h1><ol><li>A shirodhara ter\u00e1pia hat\u00e1sa a poszttraum\u00e1s stressz szindr\u00f3m\u00e1ban - Dalia Faur Ayurvedic<\/li><li>Ayurv\u00e9dikus m\u00f3dszerek a v\u00edrusfert\u0151z\u00e9sek megel\u0151z\u00e9s\u00e9re \u00e9s a v\u00edrusfert\u0151z\u00e9sekb\u0151l val\u00f3 fel\u00e9p\u00fcl\u00e9sre - Aurora Repede<\/li><li>Az akut disszemin\u00e1lt encephalomyelitis ter\u00e1pi\u00e1ja apiter\u00e1pi\u00e1val \u00e9s ayurv\u00e9dikus szerekkel (klinikai eset) - Mirela Stran\u021b<\/li><li>L\u00e9g\u00fati fert\u0151z\u00e9sekn\u00e9l alkalmazott ayurv\u00e9dikus m\u00f3dszerek \u00e9s gy\u00f3gym\u00f3dok - Monica Pa\u0219cal\u0103u<\/li><li>Gy\u00f3gyn\u00f6v\u00e9nyes kezel\u00e9s eredm\u00e9nyei k\u00e9t cukorbetegs\u00e9g (prameha-roga) eset\u00e9n - Carla Fabian<\/li><\/ol><p><strong>\u00a0<\/strong><\/p><h1><span style=\"color: #000080;\"><strong>SZAKASZ (Samshodhana) - Az Ayurveda megk\u00f6zel\u00edt\u00e9se interdiszciplin\u00e1ris kutat\u00e1si m\u00f3dszerekkel <\/strong><\/span><\/h1><ol><li>Inform\u00e1ci\u00f3s k\u00fcl\u00f6nbs\u00e9gek a cukor, a m\u00e9z \u00e9s a meleg\u00edtett m\u00e9z k\u00f6z\u00f6tt - Cristina C\u00eempean \u00e9s Felicien Ho\u021biu<\/li><li>A k\u00f6z\u00e9piskol\u00e1sok k\u00f6z\u00f6tti kapcsolati interakci\u00f3k ayurv\u00e9dikus pszicho-viselked\u00e9ses elemz\u00e9se - Florentina Baciu Ayurv\u00e9dikus m\u00f3dszerek a holisztikus fog\u00e1szatban - Mogyor\u00f3s Eszter<\/li><li>Az \u00e1raml\u00e1s (dravakara) fogalm\u00e1nak \u00f6sszehasonl\u00edt\u00f3 elemz\u00e9se az \u00e1jurv\u00e9dikus hagyom\u00e1nyban \u00e9s a modern tudom\u00e1nyban - Ion Marin<\/li><\/ol><p><strong>\u00a0<\/strong><\/p><h1><span style=\"color: #000080;\"><strong>4. SZAKASZ (Paddhati) - A hagyom\u00e1nyos ayurv\u00e9dikus m\u00f3dszerek modern alkalmaz\u00e1sai<\/strong><\/span><\/h1><ol><li>A m\u00e9regtelen\u00edt\u0151 k\u00far\u00e1k megk\u00fcl\u00f6nb\u00f6ztet\u00e9se az \u00e1jurv\u00e9dikus konstit\u00faci\u00f3s tipol\u00f3gi\u00e1k szerint (dosha-prakriti) - Monica Pa\u0219cal\u0103u A hagyom\u00e1nyos \u00e1jurv\u00e9dikus kiegyens\u00falyoz\u00f3 m\u00f3dszerek alkalmaz\u00e1sa a vata-dosha eset\u00e9ben - Nina Marin<\/li><li>Az ayurv\u00e9dikus pancha-karma m\u00f3dszerek alkalmaz\u00e1sa a menstru\u00e1ci\u00f3 szab\u00e1lyoz\u00e1s\u00e1ban - Doris Oarg\u0103<\/li><li>Megfigyel\u00e9sek a vajikarana ayurv\u00e9dikus gy\u00f3gym\u00f3dok hat\u00e1s\u00e1r\u00f3l a p\u00e1rkapcsolatok harmoniz\u00e1l\u00e1s\u00e1ra - Monica Pa\u0219cal\u0103u<\/li><\/ol><p><strong>\u00a0<\/strong><\/p><h1><span style=\"color: #000080;\"><strong>SZAKASZ (Nidana) - Az \u00e1jurv\u00e9dikus diagn\u00f3zis modern alkalmaz\u00e1sai <\/strong><\/span><\/h1><ol><li>A hagyom\u00e1nyos orvosl\u00e1s betegell\u00e1t\u00e1si szab\u00e1lyai az ayurv\u00e9da rendszer szemsz\u00f6g\u00e9b\u0151l - Victor Modval<\/li><li>Az ayurv\u00e9dikus diagnosztika elveinek alkalmaz\u00e1sa a biorezonanci\u00e1s vizsg\u00e1latokban - Papp Zsigmond<\/li><li>A jelenlegi orvosi gyakorlatban alkalmazott ayurv\u00e9dikus m\u00f3dszerek - Stefania Ciucu<\/li><li>A nidana-pancsaka diagnosztikai rendszer alkalmaz\u00e1sa az els\u0151dleges, m\u00e1sodlagos \u00e9s harmadlagos profilaxisban - Papp Zsigmond<\/li><\/ol><p><strong>\u00a0<\/strong><\/p><h1><span style=\"color: #000080;\"><strong>6. SZAKASZ (Aushadha) - Gyakorlati megfigyel\u00e9sek n\u00e9h\u00e1ny ayurv\u00e9dikus gy\u00f3gym\u00f3dr\u00f3l <\/strong><\/span><\/h1><ol><li>Gyakorlati megfigyel\u00e9sek a m\u00e9hm\u00e9z ayurv\u00e9dikus gy\u00f3gym\u00f3dokban val\u00f3 felhaszn\u00e1l\u00e1s\u00e1r\u00f3l - Mirela Stran\u021b<\/li><li>A kaka\u00f3massza (Theobroma cacao) felhaszn\u00e1l\u00e1sa n\u00e9h\u00e1ny vajikarana t\u00edpus\u00fa formula k\u00e9sz\u00edt\u00e9s\u00e9ben - Carmen Munteanu<\/li><li>A bakuci gy\u00f3gyn\u00f6v\u00e9ny (Psoralea corylifolia) ayurv\u00e9dikus m\u00f3dszerekkel t\u00f6rt\u00e9n\u0151 alkalmaz\u00e1s\u00e1nak j\u00f3t\u00e9kony hat\u00e1sai - Nina Marin<\/li><li>P\u00e9ld\u00e1k az ayurv\u00e9dikus apifitoter\u00e1pi\u00e1s szerek alkalmaz\u00e1s\u00e1ra h\u00e1zi\u00e1llatok sz\u00e1m\u00e1ra - Paula Florea<\/li><\/ol>\t\t\t\t\t\t\t\t<\/div>\n\t\t\t\t<\/div>\n\t\t\t\t\t<\/div>\n\t\t<\/div>\n\t\t\t\t\t<\/div>\n\t\t<\/section>\n\t\t\t\t<\/div>","protected":false},"excerpt":{"rendered":"<p>Nemzetk\u00f6zi Ayurveda Kongresszus AMN-Rom\u00e1nia 2021. janu\u00e1r 24., vas\u00e1rnap, 11:00 A Nemzetk\u00f6zi Ayurveda Kongresszus AMN-Rom\u00e1nia 2021-es kiad\u00e1sa \"Az interdiszciplin\u00e1ris kutat\u00e1sok alkalmaz\u00e1sai a szem\u00e9lyes \u00e9s t\u00e1mogatott ayurv\u00e9dikus gyakorlatban\" c\u00edmmel 2021. janu\u00e1r 24-\u00e9n, vas\u00e1rnap, 11:00 \u00f3rai kezdettel (rom\u00e1niai id\u0151 szerint) ker\u00fcl megrendez\u00e9sre. Az Ayurv\u00e9da Kongresszus programja \u00e9s a hozz\u00e1f\u00e9r\u00e9si link [...]<\/p>","protected":false},"author":1,"featured_media":0,"parent":7296,"menu_order":0,"comment_status":"closed","ping_status":"closed","template":"","meta":{"_mi_skip_tracking":false,"_analytify_skip_tracking":false,"footnotes":""},"class_list":["post-7298","page","type-page","status-publish","hentry"],"aioseo_notices":[],"aioseo_head":"\n\t\t<!-- All in One SEO Pro 4.7.0 - aioseo.com -->\n\t\t<meta name=\"description\" content=\"Cursuri de Ayurveda Concursuri de Ayurveda Conferinte de Ayurveda Congrese de Ayurveda Tabere de Ayurveda Cursuri de Ayurveda Concursuri de Ayurveda Conferinte de Ayurveda Congrese de Ayurveda Tabere de Ayurveda International Ayurveda Congress AMN-Romania January 24, 2021, Sunday, 11:00 AM The International Ayurveda Congress AMN-Romania edition 2021 with the theme \u201cApplications of interdisciplinary research in\" \/>\n\t\t<meta name=\"robots\" content=\"max-image-preview:large\" \/>\n\t\t<meta name=\"google-site-verification\" content=\"G-391X30D2FS\" \/>\n\t\t<link rel=\"canonical\" href=\"https:\/\/amnromania.ro\/hu\/a-cimen\/ayurveda-kongresszus\/\" \/>\n\t\t<meta name=\"generator\" content=\"All in One SEO Pro (AIOSEO) 4.7.0\" \/>\n\t\t<meta property=\"og:locale\" content=\"hu_HU\" \/>\n\t\t<meta property=\"og:site_name\" content=\"AMN Ayurveda ROM\u00c2NIA | Asociatia Nationala pentru Promovarea Medicinelor Neconventionale\" \/>\n\t\t<meta property=\"og:type\" content=\"article\" \/>\n\t\t<meta property=\"og:title\" content=\"Ayurveda Congress 2021 | AMN Ayurveda ROM\u00c2NIA\" \/>\n\t\t<meta property=\"og:description\" content=\"Cursuri de Ayurveda Concursuri de Ayurveda Conferinte de Ayurveda Congrese de Ayurveda Tabere de Ayurveda Cursuri de Ayurveda Concursuri de Ayurveda Conferinte de Ayurveda Congrese de Ayurveda Tabere de Ayurveda International Ayurveda Congress AMN-Romania January 24, 2021, Sunday, 11:00 AM The International Ayurveda Congress AMN-Romania edition 2021 with the theme \u201cApplications of interdisciplinary research in\" \/>\n\t\t<meta property=\"og:url\" content=\"https:\/\/amnromania.ro\/hu\/a-cimen\/ayurveda-kongresszus\/\" \/>\n\t\t<meta property=\"og:image\" content=\"https:\/\/amnromania.ro\/ynorsyju\/2021\/06\/Ayurveda-in-Romania-Vol.-2-Ro.jpg\" \/>\n\t\t<meta property=\"og:image:secure_url\" content=\"https:\/\/amnromania.ro\/ynorsyju\/2021\/06\/Ayurveda-in-Romania-Vol.-2-Ro.jpg\" \/>\n\t\t<meta property=\"article:published_time\" content=\"2021-01-18T09:19:57+00:00\" \/>\n\t\t<meta property=\"article:modified_time\" content=\"2021-01-22T16:59:16+00:00\" \/>\n\t\t<meta property=\"article:publisher\" content=\"https:\/\/www.facebook.com\/AMNRomania\" \/>\n\t\t<script type=\"application\/ld+json\" class=\"aioseo-schema\">\n\t\t\t{\"@context\":\"https:\\\/\\\/schema.org\",\"@graph\":[{\"@type\":\"BreadcrumbList\",\"@id\":\"https:\\\/\\\/amnromania.ro\\\/hu\\\/a-cimen\\\/ayurveda-kongresszus\\\/#breadcrumblist\",\"itemListElement\":[{\"@type\":\"ListItem\",\"@id\":\"https:\\\/\\\/amnromania.ro\\\/hu\\\/#listItem\",\"position\":1,\"name\":\"Home\",\"item\":\"https:\\\/\\\/amnromania.ro\\\/hu\\\/\",\"nextItem\":\"https:\\\/\\\/amnromania.ro\\\/hu\\\/a-cimen\\\/#listItem\"},{\"@type\":\"ListItem\",\"@id\":\"https:\\\/\\\/amnromania.ro\\\/hu\\\/a-cimen\\\/#listItem\",\"position\":2,\"name\":\"en\",\"item\":\"https:\\\/\\\/amnromania.ro\\\/hu\\\/a-cimen\\\/\",\"nextItem\":\"https:\\\/\\\/amnromania.ro\\\/hu\\\/a-cimen\\\/ayurveda-kongresszus\\\/#listItem\",\"previousItem\":\"https:\\\/\\\/amnromania.ro\\\/hu\\\/#listItem\"},{\"@type\":\"ListItem\",\"@id\":\"https:\\\/\\\/amnromania.ro\\\/hu\\\/a-cimen\\\/ayurveda-kongresszus\\\/#listItem\",\"position\":3,\"name\":\"Ayurveda Congress 2021\",\"previousItem\":\"https:\\\/\\\/amnromania.ro\\\/hu\\\/a-cimen\\\/#listItem\"}]},{\"@type\":\"Organization\",\"@id\":\"https:\\\/\\\/amnromania.ro\\\/hu\\\/#organization\",\"name\":\"AMN Ayurveda Romania\",\"url\":\"https:\\\/\\\/amnromania.ro\\\/hu\\\/\",\"logo\":{\"@type\":\"ImageObject\",\"url\":\"https:\\\/\\\/amnromania.ro\\\/ynorsyju\\\/2020\\\/10\\\/amn.png\",\"@id\":\"https:\\\/\\\/amnromania.ro\\\/hu\\\/a-cimen\\\/ayurveda-kongresszus\\\/#organizationLogo\"},\"image\":{\"@id\":\"https:\\\/\\\/amnromania.ro\\\/hu\\\/a-cimen\\\/ayurveda-kongresszus\\\/#organizationLogo\"},\"sameAs\":[\"https:\\\/\\\/www.facebook.com\\\/AMNRomania\",\"https:\\\/\\\/www.youtube.com\\\/channel\\\/UClfqKxiq_uZ11rthDIT3-BQ\\\/videos\"]},{\"@type\":\"WebPage\",\"@id\":\"https:\\\/\\\/amnromania.ro\\\/hu\\\/a-cimen\\\/ayurveda-kongresszus\\\/#webpage\",\"url\":\"https:\\\/\\\/amnromania.ro\\\/hu\\\/a-cimen\\\/ayurveda-kongresszus\\\/\",\"name\":\"Ayurveda Congress 2021 | AMN Ayurveda ROM\\u00c2NIA\",\"description\":\"Cursuri de Ayurveda Concursuri de Ayurveda Conferinte de Ayurveda Congrese de Ayurveda Tabere de Ayurveda Cursuri de Ayurveda Concursuri de Ayurveda Conferinte de Ayurveda Congrese de Ayurveda Tabere de Ayurveda International Ayurveda Congress AMN-Romania January 24, 2021, Sunday, 11:00 AM The International Ayurveda Congress AMN-Romania edition 2021 with the theme \\u201cApplications of interdisciplinary research in\",\"inLanguage\":\"hu-HU\",\"isPartOf\":{\"@id\":\"https:\\\/\\\/amnromania.ro\\\/hu\\\/#website\"},\"breadcrumb\":{\"@id\":\"https:\\\/\\\/amnromania.ro\\\/hu\\\/a-cimen\\\/ayurveda-kongresszus\\\/#breadcrumblist\"},\"datePublished\":\"2021-01-18T09:19:57+02:00\",\"dateModified\":\"2021-01-22T16:59:16+02:00\"},{\"@type\":\"WebSite\",\"@id\":\"https:\\\/\\\/amnromania.ro\\\/hu\\\/#website\",\"url\":\"https:\\\/\\\/amnromania.ro\\\/hu\\\/\",\"name\":\"AMN Ayurveda ROM\\u00c2NIA\",\"description\":\"Asociatia Nationala pentru Promovarea Medicinelor Neconventionale\",\"inLanguage\":\"hu-HU\",\"publisher\":{\"@id\":\"https:\\\/\\\/amnromania.ro\\\/hu\\\/#organization\"}}]}\n\t\t<\/script>\n\t\t<!-- All in One SEO Pro -->\r\n\t\t<title>Ayurveda Congress 2021 | AMN Ayurveda ROM\u00c2NIA<\/title>\n\n","aioseo_head_json":{"title":"Ayurveda Congress 2021 | AMN Ayurveda ROM\u00c2NIA","description":"Cursuri de Ayurveda Concursuri de Ayurveda Conferinte de Ayurveda Congrese de Ayurveda Tabere de Ayurveda Cursuri de Ayurveda Concursuri de Ayurveda Conferinte de Ayurveda Congrese de Ayurveda Tabere de Ayurveda International Ayurveda Congress AMN-Romania January 24, 2021, Sunday, 11:00 AM The International Ayurveda Congress AMN-Romania edition 2021 with the theme \u201cApplications of interdisciplinary research in","canonical_url":"https:\/\/amnromania.ro\/hu\/a-cimen\/ayurveda-kongresszus\/","robots":"max-image-preview:large","keywords":"","webmasterTools":{"google-site-verification":"G-391X30D2FS","miscellaneous":""},"og:locale":"hu_HU","og:site_name":"AMN Ayurveda ROM\u00c2NIA | Asociatia Nationala pentru Promovarea Medicinelor Neconventionale","og:type":"article","og:title":"Ayurveda Congress 2021 | AMN Ayurveda ROM\u00c2NIA","og:description":"Cursuri de Ayurveda Concursuri de Ayurveda Conferinte de Ayurveda Congrese de Ayurveda Tabere de Ayurveda Cursuri de Ayurveda Concursuri de Ayurveda Conferinte de Ayurveda Congrese de Ayurveda Tabere de Ayurveda International Ayurveda Congress AMN-Romania January 24, 2021, Sunday, 11:00 AM The International Ayurveda Congress AMN-Romania edition 2021 with the theme \u201cApplications of interdisciplinary research in","og:url":"https:\/\/amnromania.ro\/hu\/a-cimen\/ayurveda-kongresszus\/","og:image":"https:\/\/amnromania.ro\/ynorsyju\/2021\/06\/Ayurveda-in-Romania-Vol.-2-Ro.jpg","og:image:secure_url":"https:\/\/amnromania.ro\/ynorsyju\/2021\/06\/Ayurveda-in-Romania-Vol.-2-Ro.jpg","article:published_time":"2021-01-18T09:19:57+00:00","article:modified_time":"2021-01-22T16:59:16+00:00","article:publisher":"https:\/\/www.facebook.com\/AMNRomania","schema":{"@context":"https:\/\/schema.org","@graph":[{"@type":"BreadcrumbList","@id":"https:\/\/amnromania.ro\/hu\/a-cimen\/ayurveda-kongresszus\/#breadcrumblist","itemListElement":[{"@type":"ListItem","@id":"https:\/\/amnromania.ro\/hu\/#listItem","position":1,"name":"Home","item":"https:\/\/amnromania.ro\/hu\/","nextItem":"https:\/\/amnromania.ro\/hu\/a-cimen\/#listItem"},{"@type":"ListItem","@id":"https:\/\/amnromania.ro\/hu\/a-cimen\/#listItem","position":2,"name":"en","item":"https:\/\/amnromania.ro\/hu\/a-cimen\/","nextItem":"https:\/\/amnromania.ro\/hu\/a-cimen\/ayurveda-kongresszus\/#listItem","previousItem":"https:\/\/amnromania.ro\/hu\/#listItem"},{"@type":"ListItem","@id":"https:\/\/amnromania.ro\/hu\/a-cimen\/ayurveda-kongresszus\/#listItem","position":3,"name":"Ayurveda Congress 2021","previousItem":"https:\/\/amnromania.ro\/hu\/a-cimen\/#listItem"}]},{"@type":"Organization","@id":"https:\/\/amnromania.ro\/hu\/#organization","name":"AMN Ayurveda Romania","url":"https:\/\/amnromania.ro\/hu\/","logo":{"@type":"ImageObject","url":"https:\/\/amnromania.ro\/ynorsyju\/2020\/10\/amn.png","@id":"https:\/\/amnromania.ro\/hu\/a-cimen\/ayurveda-kongresszus\/#organizationLogo"},"image":{"@id":"https:\/\/amnromania.ro\/hu\/a-cimen\/ayurveda-kongresszus\/#organizationLogo"},"sameAs":["https:\/\/www.facebook.com\/AMNRomania","https:\/\/www.youtube.com\/channel\/UClfqKxiq_uZ11rthDIT3-BQ\/videos"]},{"@type":"WebPage","@id":"https:\/\/amnromania.ro\/hu\/a-cimen\/ayurveda-kongresszus\/#webpage","url":"https:\/\/amnromania.ro\/hu\/a-cimen\/ayurveda-kongresszus\/","name":"Ayurveda Congress 2021 | AMN Ayurveda ROM\u00c2NIA","description":"Cursuri de Ayurveda Concursuri de Ayurveda Conferinte de Ayurveda Congrese de Ayurveda Tabere de Ayurveda Cursuri de Ayurveda Concursuri de Ayurveda Conferinte de Ayurveda Congrese de Ayurveda Tabere de Ayurveda International Ayurveda Congress AMN-Romania January 24, 2021, Sunday, 11:00 AM The International Ayurveda Congress AMN-Romania edition 2021 with the theme \u201cApplications of interdisciplinary research in","inLanguage":"hu-HU","isPartOf":{"@id":"https:\/\/amnromania.ro\/hu\/#website"},"breadcrumb":{"@id":"https:\/\/amnromania.ro\/hu\/a-cimen\/ayurveda-kongresszus\/#breadcrumblist"},"datePublished":"2021-01-18T09:19:57+02:00","dateModified":"2021-01-22T16:59:16+02:00"},{"@type":"WebSite","@id":"https:\/\/amnromania.ro\/hu\/#website","url":"https:\/\/amnromania.ro\/hu\/","name":"AMN Ayurveda ROM\u00c2NIA","description":"Asociatia Nationala pentru Promovarea Medicinelor Neconventionale","inLanguage":"hu-HU","publisher":{"@id":"https:\/\/amnromania.ro\/hu\/#organization"}}]}},"aioseo_meta_data":{"post_id":"7298","title":null,"description":null,"keywords":"[]","keyphrases":"{\"focus\":[],\"additional\":[]}","primary_term":null,"canonical_url":null,"og_title":null,"og_description":null,"og_object_type":"default","og_image_type":"default","og_image_url":null,"og_image_width":null,"og_image_height":null,"og_image_custom_url":null,"og_image_custom_fields":null,"og_video":"","og_custom_url":null,"og_article_section":null,"og_article_tags":"[]","twitter_use_og":false,"twitter_card":"default","twitter_image_type":"default","twitter_image_url":null,"twitter_image_custom_url":null,"twitter_image_custom_fields":null,"twitter_title":null,"twitter_description":null,"schema":{"blockGraphs":[],"customGraphs":[],"default":{"data":{"Article":[],"Course":[],"Dataset":[],"FAQPage":[],"Movie":[],"Person":[],"Product":[],"Recipe":[],"Service":[],"SoftwareApplication":[],"WebPage":[]},"graphName":"WebPage","isEnabled":true},"graphs":[]},"schema_type":"none","schema_type_options":"{\"webPage\":{\"webPageType\":\"WebPage\"},\"article\":{\"articleType\":\"BlogPosting\"},\"book\":[],\"course\":[],\"event\":[],\"jobPosting\":[],\"music\":[],\"person\":[],\"product\":[],\"recipe\":[],\"restaurant\":[],\"service\":[],\"software\":[],\"video\":[]}","pillar_content":false,"robots_default":true,"robots_noindex":false,"robots_noarchive":false,"robots_nosnippet":false,"robots_nofollow":false,"robots_noimageindex":false,"robots_noodp":false,"robots_notranslate":false,"robots_max_snippet":"-1","robots_max_videopreview":"-1","robots_max_imagepreview":"large","priority":null,"frequency":"default","local_seo":{"businessInfo":{"name":"","urls":{"website":"","aboutPage":"","contactPage":""},"address":{"line1":"","line2":"","zip":"","city":"","state":"","country":""},"contact":{"email":"","phone":"","fax":""},"ids":{"vatID":"","taxID":"","chamberID":""},"payment":{"priceIndication":"","currenciesAccepted":"","methodsAccepted":""},"areaServed":""},"openingHours":{"show":false,"closedLabel":"","open24h":false,"open24hLabel":"","open247":false,"use24hFormat":false,"twoSets":false,"timezone":"","hours":[]}},"limit_modified_date":false,"open_ai":null,"created":"2021-01-18 09:19:26","updated":"2024-01-28 10:54:55"},"aioseo_breadcrumb":"<div class=\"aioseo-breadcrumbs\"><span class=\"aioseo-breadcrumb\">\n\t<a href=\"https:\/\/amnromania.ro\/hu\" title=\"Home\">Home<\/a>\n<\/span><span class=\"aioseo-breadcrumb-separator\">&raquo;<\/span><span class=\"aioseo-breadcrumb\">\n\t<a href=\"https:\/\/amnromania.ro\/hu\/a-cimen\/\" title=\"en\">en<\/a>\n<\/span><span class=\"aioseo-breadcrumb-separator\">&raquo;<\/span><span class=\"aioseo-breadcrumb\">\n\tAyurveda Congress 2021\n<\/span><\/div>","aioseo_breadcrumb_json":[{"label":"Home","link":"https:\/\/amnromania.ro\/hu"},{"label":"en","link":"https:\/\/amnromania.ro\/hu\/a-cimen\/"},{"label":"Ayurveda Congress 2021","link":"https:\/\/amnromania.ro\/hu\/a-cimen\/ayurveda-kongresszus\/"}],"_links":{"self":[{"href":"https:\/\/amnromania.ro\/hu\/wp-json\/wp\/v2\/pages\/7298","targetHints":{"allow":["GET"]}}],"collection":[{"href":"https:\/\/amnromania.ro\/hu\/wp-json\/wp\/v2\/pages"}],"about":[{"href":"https:\/\/amnromania.ro\/hu\/wp-json\/wp\/v2\/types\/page"}],"author":[{"embeddable":true,"href":"https:\/\/amnromania.ro\/hu\/wp-json\/wp\/v2\/users\/1"}],"replies":[{"embeddable":true,"href":"https:\/\/amnromania.ro\/hu\/wp-json\/wp\/v2\/comments?post=7298"}],"version-history":[{"count":0,"href":"https:\/\/amnromania.ro\/hu\/wp-json\/wp\/v2\/pages\/7298\/revisions"}],"up":[{"embeddable":true,"href":"https:\/\/amnromania.ro\/hu\/wp-json\/wp\/v2\/pages\/7296"}],"wp:attachment":[{"href":"https:\/\/amnromania.ro\/hu\/wp-json\/wp\/v2\/media?parent=7298"}],"curies":[{"name":"wp","href":"https:\/\/api.w.org\/{rel}","templated":true}]}}