{"id":7207,"date":"2021-01-06T09:28:04","date_gmt":"2021-01-06T09:28:04","guid":{"rendered":"https:\/\/amnromania.ro\/?page_id=7207"},"modified":"2021-06-29T06:47:58","modified_gmt":"2021-06-29T06:47:58","slug":"250-eves-ember","status":"publish","type":"page","link":"https:\/\/amnromania.ro\/hu\/250-eves-ember\/","title":{"rendered":"A 250 \u00e9ves f\u00e9rfi"},"content":{"rendered":"<div data-elementor-type=\"wp-page\" data-elementor-id=\"7207\" class=\"elementor elementor-7207\" data-elementor-post-type=\"page\">\n\t\t\t\t\t\t<section class=\"elementor-section elementor-top-section elementor-element elementor-element-bd516d1 elementor-section-boxed elementor-section-height-default elementor-section-height-default\" data-id=\"bd516d1\" data-element_type=\"section\">\n\t\t\t\t\t\t<div class=\"elementor-container elementor-column-gap-default\">\n\t\t\t\t\t<div class=\"elementor-column elementor-col-50 elementor-top-column elementor-element elementor-element-e4f1508\" data-id=\"e4f1508\" data-element_type=\"column\">\n\t\t\t<div class=\"elementor-widget-wrap elementor-element-populated\">\n\t\t\t\t\t\t<div class=\"elementor-element elementor-element-c99bc07 elementor-nav-menu__align-start elementor-nav-menu__text-align-center elementor-nav-menu--dropdown-tablet elementor-nav-menu--toggle elementor-nav-menu--burger elementor-widget elementor-widget-global elementor-global-2579 elementor-widget-nav-menu\" data-id=\"c99bc07\" data-element_type=\"widget\" data-settings=\"{&quot;layout&quot;:&quot;vertical&quot;,&quot;submenu_icon&quot;:{&quot;value&quot;:&quot;fas fa-chevron-down&quot;,&quot;library&quot;:&quot;fa-solid&quot;},&quot;toggle&quot;:&quot;burger&quot;}\" data-widget_type=\"nav-menu.default\">\n\t\t\t\t<div class=\"elementor-widget-container\">\n\t\t\t\t\t\t\t\t<nav aria-label=\"Men\u00fc\" class=\"elementor-nav-menu--main elementor-nav-menu__container elementor-nav-menu--layout-vertical e--pointer-background e--animation-fade\">\n\t\t\t\t<ul id=\"menu-1-c99bc07\" class=\"elementor-nav-menu sm-vertical\"><li class=\"menu-item menu-item-type-post_type menu-item-object-page menu-item-2034\"><a href=\"https:\/\/amnromania.ro\/hu\/ayurveda\/dimenzio-ezoterikus\/\" class=\"elementor-item\">Az ezoterikus dimenzi\u00f3<\/a><\/li>\n<li class=\"menu-item menu-item-type-post_type menu-item-object-page menu-item-2026\"><a href=\"https:\/\/amnromania.ro\/hu\/ayurveda\/o-life-boldogsag\/\" class=\"elementor-item\">Boldog \u00e9let<\/a><\/li>\n<li class=\"menu-item menu-item-type-post_type menu-item-object-page menu-item-2027\"><a href=\"https:\/\/amnromania.ro\/hu\/ayurveda\/szepseg-noies\/\" class=\"elementor-item\">N\u0151i sz\u00e9ps\u00e9g<\/a><\/li>\n<li class=\"menu-item menu-item-type-post_type menu-item-object-page menu-item-2028\"><a href=\"https:\/\/amnromania.ro\/hu\/ayurveda\/kiegyensulyozott-taplalkozas-az-ajurvedaban\/\" class=\"elementor-item\">Kiegyens\u00falyozott t\u00e1pl\u00e1lkoz\u00e1s az ayurv\u00e9d\u00e1ban<\/a><\/li>\n<li class=\"menu-item menu-item-type-post_type menu-item-object-page menu-item-2029\"><a href=\"https:\/\/amnromania.ro\/hu\/ayurveda\/natural-foods-and-longevity\/\" class=\"elementor-item\">Term\u00e9szetes t\u00e1pl\u00e1lkoz\u00e1s \u00e9s hossz\u00fa \u00e9let<\/a><\/li>\n<li class=\"menu-item menu-item-type-post_type menu-item-object-page menu-item-2030\"><a href=\"https:\/\/amnromania.ro\/hu\/ayurveda\/ayurveda-es-egeszseg\/\" class=\"elementor-item\">Ayurveda \u00e9s eg\u00e9szs\u00e9g<\/a><\/li>\n<li class=\"menu-item menu-item-type-post_type menu-item-object-page menu-item-2031\"><a href=\"https:\/\/amnromania.ro\/hu\/ayurveda\/ayurveda-gyogyito-rendszer\/\" class=\"elementor-item\">Ayurveda - gy\u00f3gy\u00edt\u00f3 rendszer<\/a><\/li>\n<li class=\"menu-item menu-item-type-post_type menu-item-object-page menu-item-2032\"><a href=\"https:\/\/amnromania.ro\/hu\/ayurveda\/egyediseg-perspektiva-ayurvedikus\/\" class=\"elementor-item\">Az ayurv\u00e9dikus szeml\u00e9let egyedis\u00e9ge<\/a><\/li>\n<li class=\"menu-item menu-item-type-post_type menu-item-object-page menu-item-2033\"><a href=\"https:\/\/amnromania.ro\/hu\/ayurveda\/ayurvedikus-tudas\/\" class=\"elementor-item\">Ayurv\u00e9dikus tud\u00e1s<\/a><\/li>\n<li class=\"menu-item menu-item-type-post_type menu-item-object-page menu-item-2058\"><a href=\"https:\/\/amnromania.ro\/hu\/ayurveda\/how-to\/\" class=\"elementor-item\">Gyakorlati int\u00e9zked\u00e9sek<\/a><\/li>\n<\/ul>\t\t\t<\/nav>\n\t\t\t\t\t<div class=\"elementor-menu-toggle\" role=\"button\" tabindex=\"0\" aria-label=\"Toggle men\u00fc\" aria-expanded=\"false\">\n\t\t\t<i aria-hidden=\"true\" role=\"presentation\" class=\"elementor-menu-toggle__icon--open eicon-menu-bar\"><\/i><i aria-hidden=\"true\" role=\"presentation\" class=\"elementor-menu-toggle__icon--close eicon-close\"><\/i>\t\t<\/div>\n\t\t\t\t\t<nav class=\"elementor-nav-menu--dropdown elementor-nav-menu__container\" aria-hidden=\"true\">\n\t\t\t\t<ul id=\"menu-2-c99bc07\" class=\"elementor-nav-menu sm-vertical\"><li class=\"menu-item menu-item-type-post_type menu-item-object-page menu-item-2034\"><a href=\"https:\/\/amnromania.ro\/hu\/ayurveda\/dimenzio-ezoterikus\/\" class=\"elementor-item\" tabindex=\"-1\">Az ezoterikus dimenzi\u00f3<\/a><\/li>\n<li class=\"menu-item menu-item-type-post_type menu-item-object-page menu-item-2026\"><a href=\"https:\/\/amnromania.ro\/hu\/ayurveda\/o-life-boldogsag\/\" class=\"elementor-item\" tabindex=\"-1\">Boldog \u00e9let<\/a><\/li>\n<li class=\"menu-item menu-item-type-post_type menu-item-object-page menu-item-2027\"><a href=\"https:\/\/amnromania.ro\/hu\/ayurveda\/szepseg-noies\/\" class=\"elementor-item\" tabindex=\"-1\">N\u0151i sz\u00e9ps\u00e9g<\/a><\/li>\n<li class=\"menu-item menu-item-type-post_type menu-item-object-page menu-item-2028\"><a href=\"https:\/\/amnromania.ro\/hu\/ayurveda\/kiegyensulyozott-taplalkozas-az-ajurvedaban\/\" class=\"elementor-item\" tabindex=\"-1\">Kiegyens\u00falyozott t\u00e1pl\u00e1lkoz\u00e1s az ayurv\u00e9d\u00e1ban<\/a><\/li>\n<li class=\"menu-item menu-item-type-post_type menu-item-object-page menu-item-2029\"><a href=\"https:\/\/amnromania.ro\/hu\/ayurveda\/natural-foods-and-longevity\/\" class=\"elementor-item\" tabindex=\"-1\">Term\u00e9szetes t\u00e1pl\u00e1lkoz\u00e1s \u00e9s hossz\u00fa \u00e9let<\/a><\/li>\n<li class=\"menu-item menu-item-type-post_type menu-item-object-page menu-item-2030\"><a href=\"https:\/\/amnromania.ro\/hu\/ayurveda\/ayurveda-es-egeszseg\/\" class=\"elementor-item\" tabindex=\"-1\">Ayurveda \u00e9s eg\u00e9szs\u00e9g<\/a><\/li>\n<li class=\"menu-item menu-item-type-post_type menu-item-object-page menu-item-2031\"><a href=\"https:\/\/amnromania.ro\/hu\/ayurveda\/ayurveda-gyogyito-rendszer\/\" class=\"elementor-item\" tabindex=\"-1\">Ayurveda - gy\u00f3gy\u00edt\u00f3 rendszer<\/a><\/li>\n<li class=\"menu-item menu-item-type-post_type menu-item-object-page menu-item-2032\"><a href=\"https:\/\/amnromania.ro\/hu\/ayurveda\/egyediseg-perspektiva-ayurvedikus\/\" class=\"elementor-item\" tabindex=\"-1\">Az ayurv\u00e9dikus szeml\u00e9let egyedis\u00e9ge<\/a><\/li>\n<li class=\"menu-item menu-item-type-post_type menu-item-object-page menu-item-2033\"><a href=\"https:\/\/amnromania.ro\/hu\/ayurveda\/ayurvedikus-tudas\/\" class=\"elementor-item\" tabindex=\"-1\">Ayurv\u00e9dikus tud\u00e1s<\/a><\/li>\n<li class=\"menu-item menu-item-type-post_type menu-item-object-page menu-item-2058\"><a href=\"https:\/\/amnromania.ro\/hu\/ayurveda\/how-to\/\" class=\"elementor-item\" tabindex=\"-1\">Gyakorlati int\u00e9zked\u00e9sek<\/a><\/li>\n<\/ul>\t\t\t<\/nav>\n\t\t\t\t\t\t<\/div>\n\t\t\t\t<\/div>\n\t\t\t\t\t<\/div>\n\t\t<\/div>\n\t\t\t\t<div class=\"elementor-column elementor-col-50 elementor-top-column elementor-element elementor-element-ee69b96\" data-id=\"ee69b96\" data-element_type=\"column\">\n\t\t\t<div class=\"elementor-widget-wrap elementor-element-populated\">\n\t\t\t\t\t\t<div class=\"elementor-element elementor-element-289ffc7 elementor-widget elementor-widget-text-editor\" data-id=\"289ffc7\" data-element_type=\"widget\" data-widget_type=\"text-editor.default\">\n\t\t\t\t<div class=\"elementor-widget-container\">\n\t\t\t\t\t\t\t\t\t<h1 style=\"text-align: center;\"><span style=\"color: #000080;\">A f\u00e9rfi, aki 250 \u00e9vet \u00e9lt<\/span><\/h1>\n<div>&nbsp;<\/div>\n<h2>Egy kiv\u00e9teles p\u00e9lda<\/h2>\n<p>Ez volt a New York Times 1933. m\u00e1jus 6-i sz\u00e1m\u00e1nak c\u00edmlapja, amikor az \u00fajs\u00e1g bejelentette Li Ching Zuen hal\u00e1l\u00e1t. <img fetchpriority=\"high\" decoding=\"async\" class=\"size-medium wp-image-7213 alignright\" src=\"https:\/\/amnromania.ro\/wp-content\/uploads\/2021\/01\/Li-Ching-Yu-233x300.jpg\" alt=\"\" width=\"233\" height=\"300\" srcset=\"https:\/\/amnromania.ro\/wp-content\/uploads\/2021\/01\/Li-Ching-Yu-233x300.jpg 233w, https:\/\/amnromania.ro\/wp-content\/uploads\/2021\/01\/Li-Ching-Yu-796x1024.jpg 796w, https:\/\/amnromania.ro\/wp-content\/uploads\/2021\/01\/Li-Ching-Yu-768x988.jpg 768w, https:\/\/amnromania.ro\/wp-content\/uploads\/2021\/01\/Li-Ching-Yu-1194x1536.jpg 1194w, https:\/\/amnromania.ro\/wp-content\/uploads\/2021\/01\/Li-Ching-Yu-1593x2048.jpg 1593w, https:\/\/amnromania.ro\/wp-content\/uploads\/2021\/01\/Li-Ching-Yu.jpg 1920w\" sizes=\"(max-width: 233px) 100vw, 233px\" \/>K\u00ednai gy\u00f3gy\u00edt\u00f3, 1677-ben sz\u00fcletett. Korabeli dokumentumok tan\u00fas\u00edtj\u00e1k, hogy a k\u00ednai korm\u00e1ny gratul\u00e1lt neki 150. sz\u00fclet\u00e9snapj\u00e1n \u00e9s 200. sz\u00fclet\u00e9snapj\u00e1n is. \"Hal\u00e1lakor \u00fagy n\u00e9zett ki, mint egy 50-es \u00e9veiben j\u00e1r\u00f3 f\u00e9rfi\", amint azt egy 1927-ben k\u00e9sz\u00fclt f\u00e9nyk\u00e9p is bizony\u00edtja.<\/p>\n<p>\"Ez a gy\u00f3gy\u00edt\u00f3 71 \u00e9vesen csatlakozott a k\u00ednai hadsereghez, mint harcm\u0171v\u00e9szeti oktat\u00f3 \u00e9s taktikai tan\u00e1csad\u00f3\" - mondja Susan Shumsky. Ugyanez a forr\u00e1s id\u00e9zi Yang Shen t\u00e1bornok le\u00edr\u00e1s\u00e1t a csod\u00e1latos emberr\u0151l egy katonai jelent\u00e9sben, amelynek c\u00edme: \"Igaz besz\u00e1mol\u00f3 egy 250 \u00e9ves szerencsehoz\u00f3r\u00f3l\": \"Nagyon gyorsan tud mozogni a hegyekben, annak ellen\u00e9re, hogy majdnem 250 \u00e9ves. A hossz\u00fa \u00e9let titka, amelyet maga Li Csing Zuen \u00edrt le, a k\u00f6vetkez\u0151: \"Az embernek nyugodt sz\u00edvvel kell rendelkeznie, nyugodtnak kell maradnia, mint a tekn\u0151sb\u00e9ka, f\u00fcrg\u00e9n kell j\u00e1rnia, mint a galamb, \u00e9s olyan nyugodtan kell aludnia, mint a kutya\".<\/p>\n<h2>A hossz\u00fa \u00e9let titka<\/h2>\n<p>A hossz\u00fa \u00e9let titka, amelyet egy kiv\u00e9telesen hossz\u00fa \u00e9letet \u00e9lt ember fedett fel, n\u00e9gy alapvet\u0151 elemet tartalmaz: a bels\u0151 b\u00e9k\u00e9t, a \"tekn\u0151sb\u00e9ka\" nyugalm\u00e1t, a f\u00fcrge gyalogl\u00e1st \u00e9s a j\u00f3 alv\u00e1st. De a legfontosabb mind k\u00f6z\u00fcl, amelyb\u0151l minden sz\u00fcletik, val\u00f3j\u00e1ban a bels\u0151 \u00f6sszetev\u0151: a \"bels\u0151 b\u00e9ke\".<\/p>\n<p>\"Ha az embereknek b\u00e9k\u00e9s sz\u00edv\u00fck lenne, \u00e9s mindig a bels\u0151 b\u00e9ke \u00e1llapot\u00e1ban lenn\u00e9nek, egy \u00e9vsz\u00e1zadig \u00e9lhetn\u00e9nek\" - mondta ugyanez a gy\u00f3gy\u00edt\u00f3.<\/p>\n<p>\u00c9letrajz\u00e1t tanulm\u00e1nyozva azonban kider\u00fcl, hogy a gy\u00f3gyn\u00f6v\u00e9nyek seg\u00edts\u00e9g\u00e9vel t\u00f6rt\u00e9n\u0151 gy\u00f3gy\u00edt\u00e1sban is j\u00e1rtas volt, \u00e9s tal\u00e1n ez is a hossz\u00fa \u00e9let m\u00e1sik n\u00e9lk\u00fcl\u00f6zhetetlen \u00f6sszetev\u0151je, de ezt nem eml\u00edtette a fent id\u00e9zett le\u00edr\u00e1sban. Val\u00f3sz\u00edn\u0171 azonban, hogy a term\u00e9szet patik\u00e1ja \u00e9ppen az, amit Isten adott nek\u00fcnk, amikor elvesz\u00edtj\u00fck bels\u0151 b\u00e9k\u00e9nket, \u00e9s ezzel egy\u00fctt \u00e9leter\u0151nket, gyors mozg\u00e9konys\u00e1gunkat \u00e9s j\u00f3 alv\u00e1sunkat.<\/p>\n<p>Energi\u00e1t \u00e9s vitalit\u00e1st nyer\u00fcnk a mozg\u00e1s, a folyamatos fizikai er\u0151fesz\u00edt\u00e9s r\u00e9v\u00e9n, nap mint nap, de az alv\u00e1s r\u00e9v\u00e9n is, ahol \u00e9brenl\u00e9t\u00fcnkben felt\u00f6lt\u0151d\u00fcnk a kimer\u00fclt akkumul\u00e1torokkal. A l\u00e9nyeges elhaszn\u00e1l\u00f3d\u00e1st nem a fizikai mozg\u00e1s okozza, az energiafogyaszt\u00e1st \u00e9s a vitalit\u00e1s hi\u00e1ny\u00e1t nem a fizikai t\u00falz\u00e1s, hanem a szellemi, bels\u0151 t\u00falz\u00e1s okozza. Nem a mozg\u00e1s, hanem a bels\u0151 nyugtalans\u00e1g f\u00e1raszt \u00e9s gyeng\u00edt el benn\u00fcnket. Nem a munka, hanem az aggodalom \u00e9s a stressz terhel benn\u00fcnket t\u00fals\u00e1gosan. Gy\u0171l\u00f6let\u00fcnk \u00e9s inger\u00fclts\u00e9g\u00fcnk, haragunk \u00e9s el\u00e9gedetlens\u00e9g\u00fcnk \u00f6regb\u00edti, energi\u00e1nkat \u00e9s \u00e9leter\u0151nket nem a fizikai, hanem az idegi fogyaszt\u00e1s miatt vesz\u00edtj\u00fck el.<\/p>\n<p>Egy j\u00f3 \u00e9jszakai alv\u00e1s testileg \u00e9s lelkileg regener\u00e1l, energi\u00e1val \u00e9s er\u0151vel t\u00e1pl\u00e1l benn\u00fcnket, mert alv\u00e1s k\u00f6zben \u00fajra kapcsolatba ker\u00fcl\u00fcnk az \u00e9let forr\u00e1s\u00e1val, a \"bels\u0151 b\u00e9ke\" erej\u00e9vel, amelyet m\u00e1r nem zavar az elme, sem a mindennapi \u00e9rzelmeink \u00e9s gondjaink.<\/p>\n<h2>A bels\u0151 b\u00e9ke az \u00e9let forr\u00e1sa<\/h2>\n<p>Ha mindennapi tev\u00e9kenys\u00e9geink sor\u00e1n siker\u00fcl egyre ink\u00e1bb a bels\u0151 nyugalom \u00e9s b\u00e9ke \u00e1llapot\u00e1ban maradnunk, akkor kapcsolatban maradunk az \"\u00e9let forr\u00e1s\u00e1val\". A m\u00e9ly bels\u0151 b\u00e9ke a term\u00e9szetes \u00e1llapotunk, \u00e9s a folyamatos aggodalomra, inger\u00fclts\u00e9gre, el\u00e9gedetlens\u00e9gre \u00e9s boldogtalans\u00e1gra val\u00f3 hajlam \u00e9ppen azt jelzi, hogy elszakadunk a Halhatatlan \u00c9n val\u00f3s\u00e1g\u00e1t\u00f3l. Az el\u00e9gedetlens\u00e9g \u00e9s nyugtalans\u00e1g nem csak kev\u00e9sb\u00e9 inspir\u00e1l benn\u00fcnket, nem csak saj\u00e1t bels\u0151 energi\u00e1nkat pazaroljuk, nem csak megszak\u00edtjuk harmonikus kapcsolatunkat az \u00e9let term\u00e9szetes elemeivel, hanem gyorsabban \u00f6regsz\u00fcnk \u00e9s kevesebbet \u00e9l\u00fcnk.<\/p>\n<p>\"Ne agg\u00f3djatok a holnap miatt, mert Isten tudja, mire van sz\u00fcks\u00e9getek, \u00e9s megadja nektek\" - mondta J\u00e9zus. Nem az elm\u00e9nk hozza el nek\u00fcnk azokat a dolgokat, amelyekre sz\u00fcks\u00e9g\u00fcnk van, hanem a m\u00e9ly bels\u0151 b\u00e9ke \u00e1llapot\u00e1val val\u00f3 t\u00e9nyleges kapcsolat k\u00e9pes erre. Ebben a b\u00e9k\u00e9ben ugyanis az elme elhallgat, \u00e9s akkor sz\u00e1munkra val\u00f3ban Isten sz\u00f3lal meg. A m\u00e9ly bels\u0151 b\u00e9k\u00e9ben az ego elolvad, \u00e9s akkor az isteni energia ereje, amely az eg\u00e9sz vil\u00e1gegyetemben fenntartja az \u00e9letet, hallhat\u00f3 \u00e9s l\u00e1that\u00f3. A Bibli\u00e1ban ez \u00e1ll: \"B\u00e9kess\u00e9g legyen veletek\". Mert ha a b\u00e9ke vel\u00fcnk van, akkor ez az, amire val\u00f3ban sz\u00fcks\u00e9g\u00fcnk van az \u00e9lethez, bele\u00e9rtve a hossz\u00fa, eg\u00e9szs\u00e9ges \u00e9s boldog \u00e9letet is.<\/p><p><br><\/p>\t\t\t\t\t\t\t\t<\/div>\n\t\t\t\t<\/div>\n\t\t\t\t\t<\/div>\n\t\t<\/div>\n\t\t\t\t\t<\/div>\n\t\t<\/section>\n\t\t\t\t<\/div>","protected":false},"excerpt":{"rendered":"<p>Az ember, aki 250 \u00e9vig \u00e9lt Egy kiv\u00e9teles p\u00e9lda Ez volt a New York Times 1933. m\u00e1jus 6-i sz\u00e1m\u00e1nak c\u00edmlapja, amikor az \u00fajs\u00e1g bejelentette Li Csing Zuen, egy 1677-ben sz\u00fcletett k\u00ednai gy\u00f3gy\u00edt\u00f3 hal\u00e1l\u00e1t. Az akkori dokumentumok tan\u00fas\u00edtott\u00e1k, hogy a k\u00ednai korm\u00e1ny gratul\u00e1lt neki sz\u00fclet\u00e9snapja alkalm\u00e1b\u00f3l [...].<\/p>","protected":false},"author":1,"featured_media":0,"parent":0,"menu_order":0,"comment_status":"closed","ping_status":"closed","template":"","meta":{"_mi_skip_tracking":false,"_analytify_skip_tracking":false,"footnotes":""},"class_list":["post-7207","page","type-page","status-publish","hentry"],"aioseo_notices":[],"aioseo_head":"\n\t\t<!-- All in One SEO Pro 4.7.0 - aioseo.com -->\n\t\t<meta name=\"description\" content=\"Dimensiunea esoterica O viata fericita Frumusete feminina Alimentatia echilibrata in ayurveda Alimentatia naturala si longevitatea Ayurveda si sanatatea Ayurveda \u2013 sistem de vindecare Unicitatea perspectivei ayurvedice Cunoasterea ayurvedica Modalitati practice Dimensiunea esoterica O viata fericita Frumusete feminina Alimentatia echilibrata in ayurveda Alimentatia naturala si longevitatea Ayurveda si sanatatea Ayurveda \u2013 sistem de vindecare Unicitatea perspectivei\" \/>\n\t\t<meta name=\"robots\" content=\"max-image-preview:large\" \/>\n\t\t<meta name=\"google-site-verification\" content=\"G-391X30D2FS\" \/>\n\t\t<link rel=\"canonical\" href=\"https:\/\/amnromania.ro\/hu\/250-eves-ember\/\" \/>\n\t\t<meta name=\"generator\" content=\"All in One SEO Pro (AIOSEO) 4.7.0\" \/>\n\t\t<meta property=\"og:locale\" content=\"hu_HU\" \/>\n\t\t<meta property=\"og:site_name\" content=\"AMN Ayurveda ROM\u00c2NIA | Asociatia Nationala pentru Promovarea Medicinelor Neconventionale\" \/>\n\t\t<meta property=\"og:type\" content=\"article\" \/>\n\t\t<meta property=\"og:title\" content=\"Omul de 250 de ani | AMN Ayurveda ROM\u00c2NIA\" \/>\n\t\t<meta property=\"og:description\" content=\"Dimensiunea esoterica O viata fericita Frumusete feminina Alimentatia echilibrata in ayurveda Alimentatia naturala si longevitatea Ayurveda si sanatatea Ayurveda \u2013 sistem de vindecare Unicitatea perspectivei ayurvedice Cunoasterea ayurvedica Modalitati practice Dimensiunea esoterica O viata fericita Frumusete feminina Alimentatia echilibrata in ayurveda Alimentatia naturala si longevitatea Ayurveda si sanatatea Ayurveda \u2013 sistem de vindecare Unicitatea perspectivei\" \/>\n\t\t<meta property=\"og:url\" content=\"https:\/\/amnromania.ro\/hu\/250-eves-ember\/\" \/>\n\t\t<meta property=\"og:image\" content=\"https:\/\/amnromania.ro\/ynorsyju\/2021\/06\/Ayurveda-in-Romania-Vol.-2-Ro.jpg\" \/>\n\t\t<meta property=\"og:image:secure_url\" content=\"https:\/\/amnromania.ro\/ynorsyju\/2021\/06\/Ayurveda-in-Romania-Vol.-2-Ro.jpg\" \/>\n\t\t<meta property=\"article:published_time\" content=\"2021-01-06T09:28:04+00:00\" \/>\n\t\t<meta property=\"article:modified_time\" content=\"2021-06-29T06:47:58+00:00\" \/>\n\t\t<meta property=\"article:publisher\" content=\"https:\/\/www.facebook.com\/AMNRomania\" \/>\n\t\t<script type=\"application\/ld+json\" class=\"aioseo-schema\">\n\t\t\t{\"@context\":\"https:\\\/\\\/schema.org\",\"@graph\":[{\"@type\":\"BreadcrumbList\",\"@id\":\"https:\\\/\\\/amnromania.ro\\\/hu\\\/250-eves-ember\\\/#breadcrumblist\",\"itemListElement\":[{\"@type\":\"ListItem\",\"@id\":\"https:\\\/\\\/amnromania.ro\\\/hu\\\/#listItem\",\"position\":1,\"name\":\"Home\",\"item\":\"https:\\\/\\\/amnromania.ro\\\/hu\\\/\",\"nextItem\":\"https:\\\/\\\/amnromania.ro\\\/hu\\\/250-eves-ember\\\/#listItem\"},{\"@type\":\"ListItem\",\"@id\":\"https:\\\/\\\/amnromania.ro\\\/hu\\\/250-eves-ember\\\/#listItem\",\"position\":2,\"name\":\"Omul de 250 de ani\",\"previousItem\":\"https:\\\/\\\/amnromania.ro\\\/hu\\\/#listItem\"}]},{\"@type\":\"Organization\",\"@id\":\"https:\\\/\\\/amnromania.ro\\\/hu\\\/#organization\",\"name\":\"AMN Ayurveda Romania\",\"url\":\"https:\\\/\\\/amnromania.ro\\\/hu\\\/\",\"logo\":{\"@type\":\"ImageObject\",\"url\":\"https:\\\/\\\/amnromania.ro\\\/ynorsyju\\\/2020\\\/10\\\/amn.png\",\"@id\":\"https:\\\/\\\/amnromania.ro\\\/hu\\\/250-eves-ember\\\/#organizationLogo\"},\"image\":{\"@id\":\"https:\\\/\\\/amnromania.ro\\\/hu\\\/250-eves-ember\\\/#organizationLogo\"},\"sameAs\":[\"https:\\\/\\\/www.facebook.com\\\/AMNRomania\",\"https:\\\/\\\/www.youtube.com\\\/channel\\\/UClfqKxiq_uZ11rthDIT3-BQ\\\/videos\"]},{\"@type\":\"WebPage\",\"@id\":\"https:\\\/\\\/amnromania.ro\\\/hu\\\/250-eves-ember\\\/#webpage\",\"url\":\"https:\\\/\\\/amnromania.ro\\\/hu\\\/250-eves-ember\\\/\",\"name\":\"Omul de 250 de ani | AMN Ayurveda ROM\\u00c2NIA\",\"description\":\"Dimensiunea esoterica O viata fericita Frumusete feminina Alimentatia echilibrata in ayurveda Alimentatia naturala si longevitatea Ayurveda si sanatatea Ayurveda \\u2013 sistem de vindecare Unicitatea perspectivei ayurvedice Cunoasterea ayurvedica Modalitati practice Dimensiunea esoterica O viata fericita Frumusete feminina Alimentatia echilibrata in ayurveda Alimentatia naturala si longevitatea Ayurveda si sanatatea Ayurveda \\u2013 sistem de vindecare Unicitatea perspectivei\",\"inLanguage\":\"hu-HU\",\"isPartOf\":{\"@id\":\"https:\\\/\\\/amnromania.ro\\\/hu\\\/#website\"},\"breadcrumb\":{\"@id\":\"https:\\\/\\\/amnromania.ro\\\/hu\\\/250-eves-ember\\\/#breadcrumblist\"},\"datePublished\":\"2021-01-06T09:28:04+02:00\",\"dateModified\":\"2021-06-29T06:47:58+02:00\"},{\"@type\":\"WebSite\",\"@id\":\"https:\\\/\\\/amnromania.ro\\\/hu\\\/#website\",\"url\":\"https:\\\/\\\/amnromania.ro\\\/hu\\\/\",\"name\":\"AMN Ayurveda ROM\\u00c2NIA\",\"description\":\"Asociatia Nationala pentru Promovarea Medicinelor Neconventionale\",\"inLanguage\":\"hu-HU\",\"publisher\":{\"@id\":\"https:\\\/\\\/amnromania.ro\\\/hu\\\/#organization\"}}]}\n\t\t<\/script>\n\t\t<!-- All in One SEO Pro -->\r\n\t\t<title>Omul de 250 de ani | AMN Ayurveda ROM\u00c2NIA<\/title>\n\n","aioseo_head_json":{"title":"Omul de 250 de ani | AMN Ayurveda ROM\u00c2NIA","description":"Dimensiunea esoterica O viata fericita Frumusete feminina Alimentatia echilibrata in ayurveda Alimentatia naturala si longevitatea Ayurveda si sanatatea Ayurveda \u2013 sistem de vindecare Unicitatea perspectivei ayurvedice Cunoasterea ayurvedica Modalitati practice Dimensiunea esoterica O viata fericita Frumusete feminina Alimentatia echilibrata in ayurveda Alimentatia naturala si longevitatea Ayurveda si sanatatea Ayurveda \u2013 sistem de vindecare Unicitatea perspectivei","canonical_url":"https:\/\/amnromania.ro\/hu\/250-eves-ember\/","robots":"max-image-preview:large","keywords":"","webmasterTools":{"google-site-verification":"G-391X30D2FS","miscellaneous":""},"og:locale":"hu_HU","og:site_name":"AMN Ayurveda ROM\u00c2NIA | Asociatia Nationala pentru Promovarea Medicinelor Neconventionale","og:type":"article","og:title":"Omul de 250 de ani | AMN Ayurveda ROM\u00c2NIA","og:description":"Dimensiunea esoterica O viata fericita Frumusete feminina Alimentatia echilibrata in ayurveda Alimentatia naturala si longevitatea Ayurveda si sanatatea Ayurveda \u2013 sistem de vindecare Unicitatea perspectivei ayurvedice Cunoasterea ayurvedica Modalitati practice Dimensiunea esoterica O viata fericita Frumusete feminina Alimentatia echilibrata in ayurveda Alimentatia naturala si longevitatea Ayurveda si sanatatea Ayurveda \u2013 sistem de vindecare Unicitatea perspectivei","og:url":"https:\/\/amnromania.ro\/hu\/250-eves-ember\/","og:image":"https:\/\/amnromania.ro\/ynorsyju\/2021\/06\/Ayurveda-in-Romania-Vol.-2-Ro.jpg","og:image:secure_url":"https:\/\/amnromania.ro\/ynorsyju\/2021\/06\/Ayurveda-in-Romania-Vol.-2-Ro.jpg","article:published_time":"2021-01-06T09:28:04+00:00","article:modified_time":"2021-06-29T06:47:58+00:00","article:publisher":"https:\/\/www.facebook.com\/AMNRomania","schema":{"@context":"https:\/\/schema.org","@graph":[{"@type":"BreadcrumbList","@id":"https:\/\/amnromania.ro\/hu\/250-eves-ember\/#breadcrumblist","itemListElement":[{"@type":"ListItem","@id":"https:\/\/amnromania.ro\/hu\/#listItem","position":1,"name":"Home","item":"https:\/\/amnromania.ro\/hu\/","nextItem":"https:\/\/amnromania.ro\/hu\/250-eves-ember\/#listItem"},{"@type":"ListItem","@id":"https:\/\/amnromania.ro\/hu\/250-eves-ember\/#listItem","position":2,"name":"Omul de 250 de ani","previousItem":"https:\/\/amnromania.ro\/hu\/#listItem"}]},{"@type":"Organization","@id":"https:\/\/amnromania.ro\/hu\/#organization","name":"AMN Ayurveda Romania","url":"https:\/\/amnromania.ro\/hu\/","logo":{"@type":"ImageObject","url":"https:\/\/amnromania.ro\/ynorsyju\/2020\/10\/amn.png","@id":"https:\/\/amnromania.ro\/hu\/250-eves-ember\/#organizationLogo"},"image":{"@id":"https:\/\/amnromania.ro\/hu\/250-eves-ember\/#organizationLogo"},"sameAs":["https:\/\/www.facebook.com\/AMNRomania","https:\/\/www.youtube.com\/channel\/UClfqKxiq_uZ11rthDIT3-BQ\/videos"]},{"@type":"WebPage","@id":"https:\/\/amnromania.ro\/hu\/250-eves-ember\/#webpage","url":"https:\/\/amnromania.ro\/hu\/250-eves-ember\/","name":"Omul de 250 de ani | AMN Ayurveda ROM\u00c2NIA","description":"Dimensiunea esoterica O viata fericita Frumusete feminina Alimentatia echilibrata in ayurveda Alimentatia naturala si longevitatea Ayurveda si sanatatea Ayurveda \u2013 sistem de vindecare Unicitatea perspectivei ayurvedice Cunoasterea ayurvedica Modalitati practice Dimensiunea esoterica O viata fericita Frumusete feminina Alimentatia echilibrata in ayurveda Alimentatia naturala si longevitatea Ayurveda si sanatatea Ayurveda \u2013 sistem de vindecare Unicitatea perspectivei","inLanguage":"hu-HU","isPartOf":{"@id":"https:\/\/amnromania.ro\/hu\/#website"},"breadcrumb":{"@id":"https:\/\/amnromania.ro\/hu\/250-eves-ember\/#breadcrumblist"},"datePublished":"2021-01-06T09:28:04+02:00","dateModified":"2021-06-29T06:47:58+02:00"},{"@type":"WebSite","@id":"https:\/\/amnromania.ro\/hu\/#website","url":"https:\/\/amnromania.ro\/hu\/","name":"AMN Ayurveda ROM\u00c2NIA","description":"Asociatia Nationala pentru Promovarea Medicinelor Neconventionale","inLanguage":"hu-HU","publisher":{"@id":"https:\/\/amnromania.ro\/hu\/#organization"}}]}},"aioseo_meta_data":{"post_id":"7207","title":null,"description":null,"keywords":"[]","keyphrases":"{\"focus\":[],\"additional\":[]}","primary_term":null,"canonical_url":null,"og_title":null,"og_description":null,"og_object_type":"default","og_image_type":"default","og_image_url":null,"og_image_width":null,"og_image_height":null,"og_image_custom_url":null,"og_image_custom_fields":null,"og_video":"","og_custom_url":null,"og_article_section":null,"og_article_tags":"[]","twitter_use_og":false,"twitter_card":"default","twitter_image_type":"default","twitter_image_url":null,"twitter_image_custom_url":null,"twitter_image_custom_fields":null,"twitter_title":null,"twitter_description":null,"schema":{"blockGraphs":[],"customGraphs":[],"default":{"data":{"Article":[],"Course":[],"Dataset":[],"FAQPage":[],"Movie":[],"Person":[],"Product":[],"Recipe":[],"Service":[],"SoftwareApplication":[],"WebPage":[]},"graphName":"WebPage","isEnabled":true},"graphs":[]},"schema_type":"none","schema_type_options":"{\"webPage\":{\"webPageType\":\"WebPage\"},\"article\":{\"articleType\":\"BlogPosting\"},\"book\":[],\"course\":[],\"event\":[],\"jobPosting\":[],\"music\":[],\"person\":[],\"product\":[],\"recipe\":[],\"restaurant\":[],\"service\":[],\"software\":[],\"video\":[]}","pillar_content":false,"robots_default":true,"robots_noindex":false,"robots_noarchive":false,"robots_nosnippet":false,"robots_nofollow":false,"robots_noimageindex":false,"robots_noodp":false,"robots_notranslate":false,"robots_max_snippet":"-1","robots_max_videopreview":"-1","robots_max_imagepreview":"large","priority":null,"frequency":"default","local_seo":{"businessInfo":{"name":"","urls":{"website":"","aboutPage":"","contactPage":""},"address":{"line1":"","line2":"","zip":"","city":"","state":"","country":""},"contact":{"email":"","phone":"","fax":""},"ids":{"vatID":"","taxID":"","chamberID":""},"payment":{"priceIndication":"","currenciesAccepted":"","methodsAccepted":""},"areaServed":""},"openingHours":{"show":false,"closedLabel":"","open24h":false,"open24hLabel":"","open247":false,"use24hFormat":false,"twoSets":false,"timezone":"","hours":[]}},"limit_modified_date":false,"open_ai":null,"created":"2021-01-06 09:27:44","updated":"2024-01-28 10:54:55"},"aioseo_breadcrumb":"<div class=\"aioseo-breadcrumbs\"><span class=\"aioseo-breadcrumb\">\n\t<a href=\"https:\/\/amnromania.ro\/hu\" title=\"Home\">Home<\/a>\n<\/span><span class=\"aioseo-breadcrumb-separator\">&raquo;<\/span><span class=\"aioseo-breadcrumb\">\n\tOmul de 250 de ani\n<\/span><\/div>","aioseo_breadcrumb_json":[{"label":"Home","link":"https:\/\/amnromania.ro\/hu"},{"label":"Omul de 250 de ani","link":"https:\/\/amnromania.ro\/hu\/250-eves-ember\/"}],"_links":{"self":[{"href":"https:\/\/amnromania.ro\/hu\/wp-json\/wp\/v2\/pages\/7207","targetHints":{"allow":["GET"]}}],"collection":[{"href":"https:\/\/amnromania.ro\/hu\/wp-json\/wp\/v2\/pages"}],"about":[{"href":"https:\/\/amnromania.ro\/hu\/wp-json\/wp\/v2\/types\/page"}],"author":[{"embeddable":true,"href":"https:\/\/amnromania.ro\/hu\/wp-json\/wp\/v2\/users\/1"}],"replies":[{"embeddable":true,"href":"https:\/\/amnromania.ro\/hu\/wp-json\/wp\/v2\/comments?post=7207"}],"version-history":[{"count":0,"href":"https:\/\/amnromania.ro\/hu\/wp-json\/wp\/v2\/pages\/7207\/revisions"}],"wp:attachment":[{"href":"https:\/\/amnromania.ro\/hu\/wp-json\/wp\/v2\/media?parent=7207"}],"curies":[{"name":"wp","href":"https:\/\/api.w.org\/{rel}","templated":true}]}}