{"id":6370,"date":"2020-11-11T19:37:59","date_gmt":"2020-11-11T19:37:59","guid":{"rendered":"https:\/\/amnromania.ro\/?page_id=6370"},"modified":"2020-11-11T19:43:48","modified_gmt":"2020-11-11T19:43:48","slug":"kaptarak","status":"publish","type":"page","link":"https:\/\/amnromania.ro\/hu\/aktualitas\/termeszetes-gyogyulas\/kaptarak\/","title":{"rendered":"Kapt\u00e1rak"},"content":{"rendered":"<div data-elementor-type=\"wp-page\" data-elementor-id=\"6370\" class=\"elementor elementor-6370\" data-elementor-post-type=\"page\">\n\t\t\t\t\t\t<section class=\"elementor-section elementor-top-section elementor-element elementor-element-5d2ff9e elementor-section-boxed elementor-section-height-default elementor-section-height-default\" data-id=\"5d2ff9e\" data-element_type=\"section\">\n\t\t\t\t\t\t<div class=\"elementor-container elementor-column-gap-default\">\n\t\t\t\t\t<div class=\"elementor-column elementor-col-50 elementor-top-column elementor-element elementor-element-6fea22f\" data-id=\"6fea22f\" data-element_type=\"column\">\n\t\t\t<div class=\"elementor-widget-wrap elementor-element-populated\">\n\t\t\t\t\t\t<div class=\"elementor-element elementor-element-719c357 elementor-nav-menu__align-start elementor-nav-menu__text-align-center elementor-nav-menu--dropdown-tablet elementor-nav-menu--toggle elementor-nav-menu--burger elementor-widget elementor-widget-global elementor-global-5773 elementor-widget-nav-menu\" data-id=\"719c357\" data-element_type=\"widget\" data-settings=\"{&quot;layout&quot;:&quot;vertical&quot;,&quot;submenu_icon&quot;:{&quot;value&quot;:&quot;fas fa-caret-down&quot;,&quot;library&quot;:&quot;fa-solid&quot;},&quot;toggle&quot;:&quot;burger&quot;}\" data-widget_type=\"nav-menu.default\">\n\t\t\t\t<div class=\"elementor-widget-container\">\n\t\t\t\t\t\t\t\t<nav aria-label=\"Men\u00fc\" class=\"elementor-nav-menu--main elementor-nav-menu__container elementor-nav-menu--layout-vertical e--pointer-background e--animation-fade\">\n\t\t\t\t<ul id=\"menu-1-719c357\" class=\"elementor-nav-menu sm-vertical\"><li class=\"menu-item menu-item-type-post_type menu-item-object-page menu-item-5758\"><a href=\"https:\/\/amnromania.ro\/hu\/aktualitas\/devitalizacio\/\" class=\"elementor-item\">Devitaliz\u00e1ci\u00f3<\/a><\/li>\n<li class=\"menu-item menu-item-type-post_type menu-item-object-page menu-item-5759\"><a href=\"https:\/\/amnromania.ro\/hu\/aktualitas\/jogorvoslatok-gyerekeknek-2\/\" class=\"elementor-item\">Gy\u00f3gym\u00f3dok gyermekeknek - 2<\/a><\/li>\n<li class=\"menu-item menu-item-type-post_type menu-item-object-page menu-item-5760\"><a href=\"https:\/\/amnromania.ro\/hu\/aktualitas\/gyogymodok-a-gyerekeknek-1\/\" class=\"elementor-item\">Gy\u00f3gym\u00f3dok gyermekeknek - 1<\/a><\/li>\n<li class=\"menu-item menu-item-type-post_type menu-item-object-page menu-item-5761\"><a href=\"https:\/\/amnromania.ro\/hu\/aktualitas\/transzmutacio-es-szublimacio\/\" class=\"elementor-item\">Transzmut\u00e1ci\u00f3 \u00e9s szublim\u00e1ci\u00f3<\/a><\/li>\n<li class=\"menu-item menu-item-type-post_type menu-item-object-page menu-item-5762\"><a href=\"https:\/\/amnromania.ro\/hu\/aktualitas\/elmelet-morfogenetika\/\" class=\"elementor-item\">Morfogenetikai elm\u00e9let<\/a><\/li>\n<li class=\"menu-item menu-item-type-post_type menu-item-object-page menu-item-5763\"><a href=\"https:\/\/amnromania.ro\/hu\/aktualitas\/univerzum-vibrator\/\" class=\"elementor-item\">A vibr\u00e1ci\u00f3s univerzum<\/a><\/li>\n<li class=\"menu-item menu-item-type-post_type menu-item-object-page menu-item-5764\"><a href=\"https:\/\/amnromania.ro\/hu\/aktualitas\/hagyomany\/\" class=\"elementor-item\">Hagyom\u00e1ny<\/a><\/li>\n<li class=\"menu-item menu-item-type-post_type menu-item-object-page menu-item-5765\"><a href=\"https:\/\/amnromania.ro\/hu\/mezok\/pszichoterapia\/leszokas-a-dohanyzasrol\/\" class=\"elementor-item\">A doh\u00e1nyz\u00e1sr\u00f3l val\u00f3 leszok\u00e1s<\/a><\/li>\n<li class=\"menu-item menu-item-type-post_type menu-item-object-page menu-item-5766\"><a href=\"https:\/\/amnromania.ro\/hu\/aktualitas\/szezon-betegseg\/\" class=\"elementor-item\">Szezon\u00e1lis betegs\u00e9gek<\/a><\/li>\n<li class=\"menu-item menu-item-type-post_type menu-item-object-page menu-item-5767\"><a href=\"https:\/\/amnromania.ro\/hu\/aktualitas\/termeszetes-gyogyulas\/\" class=\"elementor-item\">Term\u00e9szetes gy\u00f3gyul\u00e1s<\/a><\/li>\n<li class=\"menu-item menu-item-type-post_type menu-item-object-page menu-item-5768\"><a href=\"https:\/\/amnromania.ro\/hu\/aktualitas\/egeszseg-talaj\/\" class=\"elementor-item\">A talaj eg\u00e9szs\u00e9ge<\/a><\/li>\n<li class=\"menu-item menu-item-type-post_type menu-item-object-page menu-item-5769\"><a href=\"https:\/\/amnromania.ro\/hu\/aktualitas\/nem-hagyomanyos-megkozelitesu\/\" class=\"elementor-item\">A nem hagyom\u00e1nyos megk\u00f6zel\u00edt\u00e9s<\/a><\/li>\n<li class=\"menu-item menu-item-type-post_type menu-item-object-page menu-item-6434\"><a href=\"https:\/\/amnromania.ro\/hu\/aktualitas\/hirek\/\" class=\"elementor-item\">H\u00edrek<\/a><\/li>\n<\/ul>\t\t\t<\/nav>\n\t\t\t\t\t<div class=\"elementor-menu-toggle\" role=\"button\" tabindex=\"0\" aria-label=\"Toggle men\u00fc\" aria-expanded=\"false\">\n\t\t\t<i aria-hidden=\"true\" role=\"presentation\" class=\"elementor-menu-toggle__icon--open eicon-menu-bar\"><\/i><i aria-hidden=\"true\" role=\"presentation\" class=\"elementor-menu-toggle__icon--close eicon-close\"><\/i>\t\t<\/div>\n\t\t\t\t\t<nav class=\"elementor-nav-menu--dropdown elementor-nav-menu__container\" aria-hidden=\"true\">\n\t\t\t\t<ul id=\"menu-2-719c357\" class=\"elementor-nav-menu sm-vertical\"><li class=\"menu-item menu-item-type-post_type menu-item-object-page menu-item-5758\"><a href=\"https:\/\/amnromania.ro\/hu\/aktualitas\/devitalizacio\/\" class=\"elementor-item\" tabindex=\"-1\">Devitaliz\u00e1ci\u00f3<\/a><\/li>\n<li class=\"menu-item menu-item-type-post_type menu-item-object-page menu-item-5759\"><a href=\"https:\/\/amnromania.ro\/hu\/aktualitas\/jogorvoslatok-gyerekeknek-2\/\" class=\"elementor-item\" tabindex=\"-1\">Gy\u00f3gym\u00f3dok gyermekeknek - 2<\/a><\/li>\n<li class=\"menu-item menu-item-type-post_type menu-item-object-page menu-item-5760\"><a href=\"https:\/\/amnromania.ro\/hu\/aktualitas\/gyogymodok-a-gyerekeknek-1\/\" class=\"elementor-item\" tabindex=\"-1\">Gy\u00f3gym\u00f3dok gyermekeknek - 1<\/a><\/li>\n<li class=\"menu-item menu-item-type-post_type menu-item-object-page menu-item-5761\"><a href=\"https:\/\/amnromania.ro\/hu\/aktualitas\/transzmutacio-es-szublimacio\/\" class=\"elementor-item\" tabindex=\"-1\">Transzmut\u00e1ci\u00f3 \u00e9s szublim\u00e1ci\u00f3<\/a><\/li>\n<li class=\"menu-item menu-item-type-post_type menu-item-object-page menu-item-5762\"><a href=\"https:\/\/amnromania.ro\/hu\/aktualitas\/elmelet-morfogenetika\/\" class=\"elementor-item\" tabindex=\"-1\">Morfogenetikai elm\u00e9let<\/a><\/li>\n<li class=\"menu-item menu-item-type-post_type menu-item-object-page menu-item-5763\"><a href=\"https:\/\/amnromania.ro\/hu\/aktualitas\/univerzum-vibrator\/\" class=\"elementor-item\" tabindex=\"-1\">A vibr\u00e1ci\u00f3s univerzum<\/a><\/li>\n<li class=\"menu-item menu-item-type-post_type menu-item-object-page menu-item-5764\"><a href=\"https:\/\/amnromania.ro\/hu\/aktualitas\/hagyomany\/\" class=\"elementor-item\" tabindex=\"-1\">Hagyom\u00e1ny<\/a><\/li>\n<li class=\"menu-item menu-item-type-post_type menu-item-object-page menu-item-5765\"><a href=\"https:\/\/amnromania.ro\/hu\/mezok\/pszichoterapia\/leszokas-a-dohanyzasrol\/\" class=\"elementor-item\" tabindex=\"-1\">A doh\u00e1nyz\u00e1sr\u00f3l val\u00f3 leszok\u00e1s<\/a><\/li>\n<li class=\"menu-item menu-item-type-post_type menu-item-object-page menu-item-5766\"><a href=\"https:\/\/amnromania.ro\/hu\/aktualitas\/szezon-betegseg\/\" class=\"elementor-item\" tabindex=\"-1\">Szezon\u00e1lis betegs\u00e9gek<\/a><\/li>\n<li class=\"menu-item menu-item-type-post_type menu-item-object-page menu-item-5767\"><a href=\"https:\/\/amnromania.ro\/hu\/aktualitas\/termeszetes-gyogyulas\/\" class=\"elementor-item\" tabindex=\"-1\">Term\u00e9szetes gy\u00f3gyul\u00e1s<\/a><\/li>\n<li class=\"menu-item menu-item-type-post_type menu-item-object-page menu-item-5768\"><a href=\"https:\/\/amnromania.ro\/hu\/aktualitas\/egeszseg-talaj\/\" class=\"elementor-item\" tabindex=\"-1\">A talaj eg\u00e9szs\u00e9ge<\/a><\/li>\n<li class=\"menu-item menu-item-type-post_type menu-item-object-page menu-item-5769\"><a href=\"https:\/\/amnromania.ro\/hu\/aktualitas\/nem-hagyomanyos-megkozelitesu\/\" class=\"elementor-item\" tabindex=\"-1\">A nem hagyom\u00e1nyos megk\u00f6zel\u00edt\u00e9s<\/a><\/li>\n<li class=\"menu-item menu-item-type-post_type menu-item-object-page menu-item-6434\"><a href=\"https:\/\/amnromania.ro\/hu\/aktualitas\/hirek\/\" class=\"elementor-item\" tabindex=\"-1\">H\u00edrek<\/a><\/li>\n<\/ul>\t\t\t<\/nav>\n\t\t\t\t\t\t<\/div>\n\t\t\t\t<\/div>\n\t\t\t\t\t<\/div>\n\t\t<\/div>\n\t\t\t\t<div class=\"elementor-column elementor-col-50 elementor-top-column elementor-element elementor-element-81e37b6\" data-id=\"81e37b6\" data-element_type=\"column\">\n\t\t\t<div class=\"elementor-widget-wrap elementor-element-populated\">\n\t\t\t\t\t\t<div class=\"elementor-element elementor-element-e3b2e33 elementor-widget elementor-widget-text-editor\" data-id=\"e3b2e33\" data-element_type=\"widget\" data-widget_type=\"text-editor.default\">\n\t\t\t\t<div class=\"elementor-widget-container\">\n\t\t\t\t\t\t\t\t\t<h1 class=\"Body-Text P-15\" style=\"text-align: center;\"><strong><span class=\"C-13\" style=\"color: #ff6600;\">Kr\u00f3nikus csal\u00e1nki\u00fct\u00e9s klinikai esete<\/span><\/strong><\/h1><h1 class=\"Body-Text P-15\" style=\"text-align: center;\"><strong><span class=\"C-13\" style=\"color: #ff6600;\"> allop\u00e1ti\u00e1s kezel\u00e9ssel szemben ellen\u00e1ll\u00f3, fitoter\u00e1pi\u00e1val kezelt betegs\u00e9g.<\/span><\/strong><\/h1><p>\u00a0<\/p><p class=\"Body-Text P-17\" style=\"text-align: right;\"><span class=\"C-16\">Dr. Cristina...<wbr \/>Daniela C\u00eempean<\/span><\/p><p class=\"Body-Text P-17\" style=\"text-align: right;\"><span class=\"C-16\">Isteni Csillag Term\u00e9szetes Eg\u00e9szs\u00e9g\u00fcgyi K\u00f6zpont<\/span><\/p><h3>\u00a0<\/h3><h3 class=\"Body-Text P-18\"><strong><span class=\"C-17\" style=\"color: #ff6600;\">\u00d6sszefoglal\u00f3<\/span><\/strong><\/h3><p class=\"Body-Text P-19\"><span class=\"C-16\">Az urtik\u00e1ria egy nagyon gyakori allergi\u00e1s \u00e1llapot, amely polipspektrummal rendelkezik, \u00e9s kerek ki\u00fct\u00e9ses elemekkel jelentkezik.<wbr \/>Ov\u00e1lis, v\u00e1ltoz\u00f3 m\u00e9ret\u0171, \u00e1ltal\u00e1ban nagyon viszket\u0151, a test b\u00e1rmely ter\u00fclet\u00e9t \u00e9rintheti, hirtelen megjelenik \u00e9s elt\u0171nik, \u00e9s k\u00fcl\u00f6nb\u00f6z\u0151 t\u00e9nyez\u0151k (gy\u00f3gyszerek, k\u00fcl\u00f6nb\u00f6z\u0151 kateg\u00f3ri\u00e1j\u00fa allerg\u00e9n anyagoknak val\u00f3 kitetts\u00e9g, \u00e9telm\u00e9rgez\u00e9s, b\u00e9lparazit\u00e1k \u00e1ltal okozott immunol\u00f3giai reakci\u00f3k, \u00e9rzelmi t\u00e9nyez\u0151k stb.) hat\u00e1s\u00e1ra ki\u00fajulhat.<\/span><\/p><p class=\"Body-Text P-19\"><span class=\"C-16\">Az allop\u00e1ti\u00e1s kezel\u00e9s mag\u00e1ban foglalja az allerg\u00e9n anyagokkal val\u00f3 \u00e9rintkez\u00e9s elker\u00fcl\u00e9s\u00e9t, a parazit\u00f3zis felsz\u00e1mol\u00e1s\u00e1t, az em\u00e9szt\u00e9si zavarok korrekci\u00f3j\u00e1t, antihisztaminokat \u00e9s kortikoszteroidokat. T\u00f6bbnyire az akut kit\u00f6r\u00e9si f\u00e1zis kezel\u00e9s\u00e9re korl\u00e1toz\u00f3dik, \u00e9s nem foglalkozik kifejezetten a h\u00e1tt\u00e9rrel. A fitoter\u00e1pia befoly\u00e1solja az allergi\u00e1s reaktivit\u00e1st, elt\u00e1vol\u00edtja az anyagcsere hullad\u00e9kfelhalmoz\u00f3d\u00e1sokat, korrig\u00e1lja az anyagcsere terr\u00e9num\u00e1t, antihisztamin hat\u00e1s\u00fa. A dolgozat egy 8 h\u00f3napos kr\u00f3nikus urtik\u00e1ri\u00e1s beteg eset\u00e9t mutatja be, akin\u00e9l a k\u00f6vetett di\u00e9t\u00e1t\u00f3l f\u00fcggetlen\u00fcl napi ki\u00fct\u00e9sek jelentkeztek, nagyon nagy, az eg\u00e9sz testre kiterjed\u0151 elemekkel jellemezve, xyzal-kezel\u00e9ssel, de jelent\u0151s mell\u00e9khat\u00e1sok \u00e1r\u00e1n (6 epiz\u00f3d angio\u00f6d\u00e9m\u00e1val, glottikus \u00f6d\u00e9m\u00e1val \u00e9s s\u00fcrg\u0151ss\u00e9gi beavatkoz\u00e1st ig\u00e9nyl\u0151 sz\u00edvpanaszokkal). K\u00e9t h\u00f3nap fitoter\u00e1pi\u00e1s kezel\u00e9s ut\u00e1n a beteg teljesen eg\u00e9szs\u00e9ges, a k\u00f6vetkez\u0151 4 h\u00f3napban nem volt visszaes\u00e9s.<\/span><\/p><h3 class=\"Body-Text P-18\"><strong><span class=\"C-17\" style=\"color: #ff6600;\">1. Bevezet\u00e9s<\/span><\/strong><\/h3><p class=\"Body-Text P-19\"><span class=\"C-16\">Az urtik\u00e1ria egy nagyon gyakori allergi\u00e1s \u00e1llapot, amely polipspektrummal rendelkezik, \u00e9s kerek ki\u00fct\u00e9ses elemekkel jelentkezik.<wbr \/>Ov\u00e1lis, v\u00e1ltoz\u00f3 m\u00e9ret\u0171, \u00e1ltal\u00e1ban nagyon viszket\u0151, a test b\u00e1rmely ter\u00fclet\u00e9t \u00e9rintheti, hirtelen megjelenik \u00e9s elt\u0171nik, \u00e9s k\u00fcl\u00f6nb\u00f6z\u0151 t\u00e9nyez\u0151k (gy\u00f3gyszerek, k\u00fcl\u00f6nb\u00f6z\u0151 kateg\u00f3ri\u00e1j\u00fa allerg\u00e9n anyagoknak val\u00f3 kitetts\u00e9g, \u00e9telm\u00e9rgez\u00e9s, b\u00e9lparazit\u00e1k \u00e1ltal okozott immunol\u00f3giai reakci\u00f3k, \u00e9rzelmi t\u00e9nyez\u0151k stb.) hat\u00e1s\u00e1ra ki\u00fajulhat.<\/span><\/p><p class=\"Body-Text P-19\"><span class=\"C-16\">A csal\u00e1nki\u00fct\u00e9s allop\u00e1ti\u00e1s kezel\u00e9se a k\u00f6vetkez\u0151ket foglalja mag\u00e1ban: az allerg\u00e9n anyagokkal val\u00f3 \u00e9rintkez\u00e9s elker\u00fcl\u00e9se, a parazit\u00e1k kiirt\u00e1sa,<\/span><\/p><p class=\"Body-Text P-19\"><span class=\"C-16\">em\u00e9szt\u00e9si zavarok, antihisztaminok \u00e9s kortikoszteroidok korrekci\u00f3ja. T\u00f6bbnyire az akut kit\u00f6r\u00e9si f\u00e1zis kezel\u00e9s\u00e9re korl\u00e1toz\u00f3dik, \u00e9s nem foglalkozik kifejezetten a h\u00e1tt\u00e9rrel.<\/span><\/p><p class=\"Body-Text P-19\"><span class=\"C-16\">A fitoter\u00e1pia befoly\u00e1solja az allergi\u00e1s reakci\u00f3k\u00e9szs\u00e9get, megsz\u00fcnteti az anyagcsere-hullad\u00e9kok felhalmoz\u00f3d\u00e1s\u00e1t, korrig\u00e1lja az anyagcsere terr\u00e9num\u00e1t \u00e9s antihisztamin hat\u00e1s\u00fa.<\/span><\/p><h3 class=\"Body-Text P-18\"><strong><span class=\"C-17\" style=\"color: #ff6600;\">2. Anyag \u00e9s m\u00f3dszer<\/span><\/strong><\/h3><p class=\"Body-Text P-19\"><span class=\"C-16\">Az ebben a tanulm\u00e1nyban bemutatott klinikai eset egy 44 \u00e9ves f\u00e9rfi beteg, aki<wbr \/>2013 okt\u00f3ber\u00e9ben jelentkezett az els\u0151 konzult\u00e1ci\u00f3ra, 8 h\u00f3napja kezd\u0151d\u00f6tt s\u00falyos kr\u00f3nikus csal\u00e1nki\u00fct\u00e9s diagn\u00f3zis\u00e1val. Klinikailag a beteg generaliz\u00e1lt csal\u00e1nki\u00fct\u00e9st mutatott, a ki\u00fct\u00e9sek kezdet\u00e9n kb. 2 cm \u00e1tm\u00e9r\u0151j\u0171 elv\u00e1ltoz\u00e1sokkal, nagyon nagy papul\u00e1kkal, \u00e9g\u0151 \u00e9rz\u00e9ssel a b\u0151rben, intenz\u00edv viszket\u00e9ssel; az elv\u00e1ltoz\u00e1sok xyzal (levocetirizin-dihidroklorid - antiallerg\u00e9n, antihisztamin) kezel\u00e9s hat\u00e1s\u00e1ra m\u00e9g aznap megjelennek \u00e9s visszah\u00faz\u00f3dnak. A beteg az elm\u00falt 8 h\u00f3napban nagym\u00e9rt\u00e9k\u0171 s\u00falyv\u00e1ltoz\u00e1ssal \u00e9s \u00e1lmatlans\u00e1ggal jelentkezett. A ki\u00fct\u00e9sek \u00e9jszaka fel\u00e9bresztik az alv\u00e1sb\u00f3l, ami miatt nagyon f\u00e1radt. A megv\u00e1ltozott \u00e1ltal\u00e1nos \u00e1llapot<wbr \/>id\u0151nk\u00e9nt \u00f6ngyilkoss\u00e1gi gondolatokhoz vezetett.<\/span><\/p><p class=\"Body-Text P-19\"><span class=\"C-16\">Az \u00e1llapot kialakul\u00e1s\u00e1t k\u00f6vet\u0151 els\u0151 h\u00f3napban a beteget Helicobacter pylori-fert\u0151z\u00e9sre vizsg\u00e1lt\u00e1k, \u00e9s allop\u00e1ti\u00e1san kezelt\u00e9k a fert\u0151z\u00e9s felsz\u00e1mol\u00e1s\u00e1ig, de ez nem befoly\u00e1solta a csal\u00e1nki\u00fct\u00e9s lefoly\u00e1s\u00e1t. Az \u00e1llapot kialakul\u00e1sa \u00f3ta eltelt 8 h\u00f3nap alatt az antiallergi\u00e1s gy\u00f3gyszerekre adott m\u00e1sodlagos reakci\u00f3k\u00e9nt 6 epiz\u00f3dban glotticus \u00f6d\u00e9ma jelentkezett tachycardia, angio\u00f6d\u00e9ma, esetenk\u00e9nt at\u00f3pi\u00e1s bronchi\u00e1lis reakci\u00f3k (inspir\u00e1ci\u00f3s dyspnoe) form\u00e1j\u00e1ban, amelyeket a s\u00fcrg\u0151ss\u00e9gi oszt\u00e1lyon kezeltek.<\/span><\/p><p class=\"Body-Text P-19\"><span class=\"C-16\">Paraklinikailag fokozott eozinof\u00edli\u00e1t eml\u00edt\u00fcnk, norm\u00e1lis sz\u00e9rum Ig E \u00e9s Ig F szintek mellett.<\/span><\/p><p class=\"Body-Text P-19\"><span class=\"C-16\">A klinik\u00e1nkon aj\u00e1nlott fitoter\u00e1pi\u00e1s kezel\u00e9s a k\u00f6vetkez\u0151kb\u0151l \u00e1llt:<\/span><\/p><p class=\"Body-Text P-19\"><span class=\"C-16\">Rp1: por alakban adagolt kever\u00e9k, napi 4 x 1 te\u00e1skan\u00e1l rokoine\u00a0<span class=\"C-18\">(Stellaria media)<\/span>\u00a0leveg\u0151s r\u00e9sz, bojtorj\u00e1n\u00a0<span class=\"C-18\">(Arctium lappa)<\/span>\u00a0gy\u00f6k\u00e9r, eg\u00e9rfark vir\u00e1gai\u00a0<span class=\"C-18\">(Achillea millefolium)<\/span>, f\u00fcst\u00f6l\u0151h\u00e1z l\u00e9gi r\u00e9sze\u00a0<span class=\"C-18\">(Fumaria officinalis)<\/span>, h\u00e1rom foltos testv\u00e9r l\u00e9gi r\u00e9sze\u00a0<span class=\"C-18\">(Viola tricolor)<\/span>, feketeribizli magok, feketeribizli levelek\u00a0<span class=\"C-18\">(Ribes nigrum )<\/span>, v\u00f6r\u00f6s l\u00f3here vir\u00e1gok\u00a0<span class=\"C-18\">(Trifolium pratense).<\/span><\/span><\/p><p class=\"Body-Text P-19\"><span class=\"C-16\">Rp 2: shirish k\u00e9reg\u00a0<span class=\"C-18\">(Albizza lebbeck)<\/span>\u00a0\u00e9s priyangu\u00a0<span class=\"C-18\">(Callicarpa macrophyla)<\/span>\u00a0- porkever\u00e9k, 1 te\u00e1skan\u00e1l 4 x naponta<\/span><\/p><p class=\"Body-Text P-19\"><span class=\"C-16\">Rp 3: feketeribizli r\u00fcgy glicerin macer\u00e1tum tabletta 2 tabletta x 2 \/nap reggel \u00e9s d\u00e9lben<\/span><\/p><p class=\"Body-Text P-19\"><span class=\"C-16\">Rp 4: negrilica magokb\u00f3l nyert olaj\u00a0<span class=\"C-18\">(Nigella sativa)<\/span>\u00a0- 5 k\u00e9p 3 x nap<\/span><\/p><p class=\"Body-Text P-19\"><span class=\"C-16\">Egy h\u00f3napos kezel\u00e9s ut\u00e1n a ki\u00fct\u00e9sek intenzit\u00e1sa cs\u00f6kkent, \u00e9s csak 3-4 hetente egyszer kellett xyzal-t haszn\u00e1lni.<wbr \/>4 nap, nem s-<wbr \/>csak egyszer \u00e9bredt fel \u00e9jszaka az alv\u00e1sb\u00f3l a ki\u00fct\u00e9s miatt, mert csak a teny\u00e9rben viszketett, s-<wbr \/>javult az \u00e9tv\u00e1gy, mert nem jelentek meg t\u00f6bb\u00e9 \u00e9telki\u00fct\u00e9sek (a gy\u00f3gyn\u00f6v\u00e9nyes kezel\u00e9s el\u0151tt szinte b\u00e1rmilyen \u00e9tel okozta a ki\u00fct\u00e9seket). A gy\u00f3gyn\u00f6v\u00e9nyes kezel\u00e9s azut\u00e1n kezdett el hatni, hogy 3-<wbr \/>4 napos adagol\u00e1s.<\/span><\/p><p class=\"Body-Text P-19\"><span class=\"C-16\">Ezen a ponton...<wbr \/>Tov\u00e1bb\u00e1 aj\u00e1nlott: feketeribizli glicerin macer\u00e1tum naponta 3x, utolj\u00e1ra d\u00e9lut\u00e1n 5 \u00f3rakor \u00e9s feketeribizli olaj naponta 3x.<\/span><\/p><p class=\"Body-Text P-19\"><span class=\"C-16\">M\u00e1sf\u00e9l h\u00f3nappal a gy\u00f3gyn\u00f6v\u00e9nyes kezel\u00e9s megkezd\u00e9se ut\u00e1n a ki\u00fct\u00e9sek csak a legig\u00e9nyesebb napokon (kedden \u00e9s p\u00e9nteken) jelennek meg, a fokozott s\u00farl\u00f3d\u00e1ssal j\u00e1r\u00f3 ter\u00fcleteken (ahol a harisnya fesz\u00fcl, a karok bels\u0151 oldal\u00e1n, az \u00e1gy\u00e9kt\u00e1j\u00e9kon,<\/span><\/p><p class=\"Body-Text P-19\"><span class=\"C-16\">A ki\u00fct\u00e9ssel j\u00e1r\u00f3 t\u00fcnetek: idegess\u00e9g, meleg vagy forr\u00f3 b\u0151r\u00e9rzet a ki\u00fct\u00e9s idej\u00e9n, n\u00e9ha enyhe sz\u00far\u00f3 \u00e9rz\u00e9s az epigastriumban. Az \u00e9tkez\u00e9sekkel kapcsolatban nem jelentkezik tov\u00e1bbi ki\u00fct\u00e9s, f\u00fcggetlen\u00fcl a bevitt t\u00e1pl\u00e1l\u00e9kt\u00f3l. Tov\u00e1bbi s-<wbr \/>a v\u00e9rnyom\u00e1s normaliz\u00e1l\u00f3dott (a kezel\u00e9s kezdet\u00e9n a beteg v\u00e9rnyom\u00e1scs\u00f6kkent\u0151 volt).<\/span><\/p><p class=\"Body-Text P-19\"><span class=\"C-16\">Rumex carbo - \u00bd adag reggel \u00e9hgyomorra.<\/span><\/p><p class=\"Body-Text P-19\"><span class=\"C-16\">2 h\u00f3nappal a gy\u00f3gyn\u00f6v\u00e9nyes kezel\u00e9s megkezd\u00e9se ut\u00e1n a betegnek az elm\u00falt 2 h\u00e9tben nem volt sz\u00fcks\u00e9ge xyzalra, nagyon ritk\u00e1n jelent meg n\u00e9h\u00e1ny apr\u00f3, n\u00e9h\u00e1ny millim\u00e9teres ki\u00fct\u00e9ses elem, amelyek est\u00e9re visszah\u00faz\u00f3dnak an\u00e9lk\u00fcl, hogy xyzalra lenne sz\u00fcks\u00e9ge, b\u00e1rmit ehet, \u00e9s ezzel az eredm\u00e9nnyel befejezi a gy\u00f3gyn\u00f6v\u00e9nyes kezel\u00e9st. Eddig nem volt \u00fajabb megbeteged\u00e9se (7 h\u00f3nappal a kezel\u00e9s befejez\u00e9se ut\u00e1n).<\/span><\/p><h3 class=\"Body-Text P-18\"><strong><span class=\"C-17\" style=\"color: #ff6600;\">3. A fitoter\u00e1pi\u00e1s kezel\u00e9ssel kapcsolatos megfontol\u00e1sok<\/span><\/strong><\/h3><p class=\"Body-Text P-19\"><span class=\"C-16\">A fitoter\u00e1pi\u00e1s kezel\u00e9s c\u00e9ljai a k\u00f6vetkez\u0151k voltak:<\/span><\/p><p class=\"Body-Text P-19\"><span class=\"C-16\">a) salaktalan\u00edt\u00f3 \u00e9s nyirokkering\u00e9s-elvezet\u0151 hat\u00e1s: bojtorj\u00e1ngy\u00f6k\u00e9r, bark\u00f3caf\u0171 l\u00e9gnem\u0171 r\u00e9sze, eg\u00e9rfark vir\u00e1ga, fumit\u00f3rium l\u00e9gnem\u0171 r\u00e9sze, h\u00e1rom- \u00e9s n\u00e9gy\u00e1g\u00fa f\u00fcst\u00f6l\u0151.<wbr \/>testv\u00e9rek -<wbr \/>foltos, piros l\u00f3here vir\u00e1gok<\/span><\/p><p class=\"Body-Text P-19\"><span class=\"C-16\">b) Antiallergi\u00e1s, antihisztamin, immunmodul\u00e1ns hat\u00e1s: fekete ribizli levelei \u00e9s bimb\u00f3i, fekete ribizli magjai \u00e9s olaja, a h\u00e1rom- \u00e9s n\u00e9gylevel\u0171 ribizli lombhullat\u00f3 r\u00e9sze.<wbr \/>testv\u00e9rek -<wbr \/>a v\u00f6r\u00f6s l\u00f3here vir\u00e1gai, a k\u00e9reg a\u00a0<span class=\"C-18\">shirish,\u00a0<\/span>l\u00e9gi r\u00e9sze\u00a0<span class=\"C-18\">priyangu<\/span><\/span><\/p><p class=\"Body-Text P-19\"><span class=\"C-16\">c) A gyullad\u00e1sos hajlam \u00e9s a b\u0151rreaktivit\u00e1s cs\u00f6kkent\u00e9se: Rumex carbo<\/span><\/p><p class=\"Body-Text P-19\"><span class=\"C-16\">d) A betegs\u00e9g \u00e9rzelmi ok\u00e1nak kezel\u00e9se: a feles\u00e9gt\u0151l val\u00f3 elv\u00e1l\u00e1s.<\/span><\/p><p class=\"Body-Text P-19\"><span class=\"C-16\">Az al\u00e1bbiakban r\u00f6viden bemutatjuk a ter\u00e1pi\u00e1ban alkalmazott legfontosabb antihisztamin \u00e9s antiallergi\u00e1s hat\u00e1s\u00fa fitoter\u00e1pi\u00e1s fajokat:<\/span><\/p><p class=\"Body-Text P-19\"><span class=\"C-16\">a) H\u00e1rom...<wbr \/>testv\u00e9rek -<wbr \/>folt\u00a0<span class=\"C-18\">(Viola tricolor)<\/span><\/span><\/p><p class=\"Body-Text P-19\"><span class=\"C-16\">Felhaszn\u00e1lt alkatr\u00e9sz: l\u00e9gi r\u00e9sz (<span class=\"C-18\">Violae tricoloris herba<\/span>).<\/span><\/p><p class=\"Body-Text P-19\"><span class=\"C-16\">Hat\u00f3anyagok: triterp\u00e9n szaponozidok, ny\u00e1lkaanyagok, flavonoidok, ill\u00f3olaj, tannin.<\/span><\/p><p class=\"Body-Text P-19\"><span class=\"C-16\">Hat\u00e1sai : depurat\u00edv, antiallergi\u00e1s, gyullad\u00e1scs\u00f6kkent\u0151, l\u00e1gy\u00edt\u00f3, hashajt\u00f3, antihisztamin \u00e9s antiallergi\u00e1s (a miricetinnek k\u00f6sz\u00f6nhet\u0151en).<wbr \/>\u00a0RWG122: Jim Duke szem\u00e9lyes akt\u00e1i, rutinei -<wbr \/>\u00a0Duke, James A. 1992. Handbook of biologically active phytochemicals and their activities. Boca Raton, FL. CRC Press. \u00e9s a kvercetinnek k\u00f6sz\u00f6nhet\u0151en -<wbr \/>\u00a0JNP60:884: Jim Duke szem\u00e9lyes akt\u00e1i)<\/span><\/p><p class=\"Body-Text P-19\"><span class=\"C-16\">Javallatok (bels\u0151leg): allergia, bronchi\u00e1lis asztma, b\u0151rbetegs\u00e9gek (akne, ekc\u00e9ma, kel\u00e9sek, csal\u00e1nki\u00fct\u00e9s) - k\u00fcls\u0151leg \u00e9s bels\u0151leg.<br \/><br \/><\/span><\/p><p class=\"Body-Text P-19\"><span class=\"C-16\">b) V\u00f6r\u00f6s l\u00f3here \u00a0<span class=\"C-18\">(Trifolium pratense)<\/span><\/span><\/p><p class=\"Body-Text P-19\"><span class=\"C-16\">Felhaszn\u00e1lt r\u00e9sz: vir\u00e1gzat (<span class=\"C-18\">Trifolii pratensis flos<\/span>).<\/span><\/p><p class=\"Body-Text P-19\"><span class=\"C-16\">Hat\u00f3anyagok: triterp\u00e9n szaponozidok, flavonoidok, gyant\u00e1k, \u00e1sv\u00e1nyi anyagok, karotin.<\/span><\/p><p class=\"Body-Text P-19\"><span class=\"C-16\">Hat\u00e1sai : depurat\u00edv, antiasztmatikus, k\u00f6ptet\u0151, tumorellenes, gyullad\u00e1scs\u00f6kkent\u0151, antiallergi\u00e1s (aszkorbinsav \u00e9s kalcium miatt -<wbr \/>\u00a0PIL: Jim Duke szem\u00e9lyes akt\u00e1i, niacin -<wbr \/>\u00a0Werbach, M. 1993. Gy\u00f3gy\u00edt\u00e1s \u00e9tellel. Harper Collins, New York, 443 oldal), antihisztamin (a k\u00e1v\u00e9sav \u00e9s a klorog\u00e9nsav, a niacin, az aszkorbinsav miatt -<wbr \/>Duke, James A. 1992. Handbook of biologically active phytochemicals and their activities. Boca Raton, FL. CRC Press. isorhamnetinei - A biol\u00f3giailag akt\u00edv fitok\u00e9miai anyagok \u00e9s tev\u00e9kenys\u00e9geik k\u00e9zik\u00f6nyve.<wbr \/>\u00a0Williamson, E. M. \u00e9s Evans, F. J., Potter's New Cyclopaedia of Botanical Drugs and Preparations, Revised Ed., Saffron Walden, the C. W. Daniel Co., Ltd., Essex UK, 362 pp, 1988, reprint 1989.<\/span><\/p><p class=\"Body-Text P-19\"><span class=\"C-16\">(c) fekete ribizli (<span class=\"C-18\">Ribes nigrum<\/span>)<\/span><\/p><p class=\"Body-Text P-19\"><span class=\"C-16\">Felhaszn\u00e1lt r\u00e9sz: levelek (<span class=\"C-18\">Ribes nigri folium<\/span>)<\/span><\/p><p class=\"Body-Text P-19\"><span class=\"C-16\">Hat\u00f3anyagok: a levelek tanninokat, rutozidot, C-vitamint, kis mennyis\u00e9g\u0171 ill\u00f3olajat, \u00e1sv\u00e1nyi s\u00f3kat tartalmaznak.<\/span><\/p><p class=\"Body-Text P-19\"><span class=\"C-16\">Ter\u00e1pi\u00e1s hat\u00e1sok levelek: depurative, \u00f6sszeh\u00faz\u00f3, antianemic, antiszeptikus, nyugtat\u00f3, antihisztamin (miatt rutin -<wbr \/>\u00a0Duke, James A. 1992. Handbook of biologically active phytochemicals and their activities. Boca Raton, FL. CRC Press), antiallergic, uricosuric, \u00a0<\/span><\/p><p class=\"Body-Text P-19\"><span class=\"C-16\">A lev\u00e9l javallatai: bels\u0151leg: allergia, bronchi\u00e1lis asztma.<\/span><\/p><p class=\"Body-Text P-19\"><span class=\"C-16\">d) Shirish\u00a0<span class=\"C-18\">(Albizia lebbek)<\/span><\/span><\/p><p class=\"Body-Text P-19\"><span class=\"C-16\">Felhaszn\u00e1lt r\u00e9sz: k\u00e9reg<\/span><\/p><p class=\"Body-Text P-19\"><span class=\"C-16\">Ter\u00e1pi\u00e1s hat\u00e1sok antiallergi\u00e1s - J. Duke; antihisztamin: A n\u00f6v\u00e9ny elemz\u00e9se flavonoidok, triterpenoidok \u00e9s triterpenoid szaponinok; oleanolsav, albigeninsav, albigenin \u00e9s ak\u00e1ksav jelenl\u00e9t\u00e9t mutatta ki. A k\u00e9reg kondenz\u00e1lt tannint tartalmaz; tov\u00e1bb\u00e1 d-<wbr \/>katechin \u00e9s d-<wbr \/>leukocianidin. A k\u00e9reg vizes kivonata cs\u00f6kkentette a hisztamin-<wbr \/>induk\u00e1lt h\u00f6rg\u0151g\u00f6rcs tengerimalacokban. - C.P. Khare -\u00a0<span class=\"C-18\">Indiai gy\u00f3gyn\u00f6v\u00e9nyek<\/span><\/span><\/p><p class=\"Body-Text P-19\"><span class=\"C-16\">e) Negrilica, feketek\u00f6m\u00e9ny\u00a0<span class=\"C-18\">(Nigella sativa)<\/span><\/span><\/p><p class=\"Body-Text P-19\"><span class=\"C-16\">Felhaszn\u00e1lt r\u00e9sz: magok \u00e9s magolaj<\/span><\/p><p class=\"Body-Text P-19\"><span class=\"C-16\">Hat\u00f3anyagai: a linolsav antihisztamin hat\u00e1s\u00fa (Economic &amp; Medicinal Plant Research, 6: 189.)<\/span><\/p><p class=\"Body-Text P-19\"><span class=\"C-16\">timokinon - antihisztamin (List, P.H. \u00e9s Horhammer, L., Hager's Handbuch der Pharmazeutischen Praxis, Vols. 2-.<wbr \/>6, Springer-<wbr \/>Verlag, Berlin, 1969-<wbr \/>1979.)<\/span><\/p><p class=\"Body-Text P-19\"><span class=\"C-16\">(f) Priyangu (<span class=\"C-18\">Callicarpa macrophylla)<\/span><\/span><\/p><p class=\"Body-Text P-19\"><span class=\"C-16\">Farmakol\u00f3giai hat\u00e1sok: a betulinsavnak k\u00f6sz\u00f6nhet\u0151en er\u0151s gyullad\u00e1scs\u00f6kkent\u0151 \u00e9s immunmodul\u00e1ns - Bharat et. all 2011, a flavonoidoknak k\u00f6sz\u00f6nhet\u0151en gyullad\u00e1scs\u00f6kkent\u0151, antiallergi\u00e1s \u00e9s immunmodul\u00e1ns hat\u00e1s\u00fa - Singh et all. 2012.<\/span><\/p><p class=\"Body-Text P-19\"><span class=\"C-16\">(g) farok-<wbr \/>\u00a0eg\u00e9r\u00a0<span class=\"C-18\">(Achillea millefolium)<\/span><\/span><\/p><p class=\"Body-Text P-19\"><span class=\"C-16\">Felhaszn\u00e1lt r\u00e9szek: vir\u00e1gz\u00f3 cs\u00facsok -\u00a0<span class=\"C-18\">Millefolii vir\u00e1gok<\/span><\/span><\/p><p class=\"Body-Text P-19\"><span class=\"C-16\">F\u0151bb alkot\u00f3r\u00e9szei: azul\u00e9nekben, pinenekben, komforban, cineolban, borneolban, limon\u00e9nben stb. gazdag ill\u00f3olaj; lecitinek; kumarinok, flavonoidok (apigenin, luteolin, rutin stb.), alkaloidok (achilein, stahidrin stb.), b\u00e9ta- \u00e9s bakt\u00e9riumtartalom (bakt\u00e9riumtartalom).<wbr \/>szitoszterin, szerves savak, szalicilsav, k\u00e1v\u00e9sav, tanninok, kumarinok, sz\u00e9nhidr\u00e1tok, feh\u00e9rj\u00e9k, Fe, Zn, Ca, Co, Si stb. \u00e1sv\u00e1nyi s\u00f3k.<\/span><\/p><p class=\"Body-Text P-19\"><span class=\"C-16\">Hat\u00e1sok: gyullad\u00e1scs\u00f6kkent\u0151, epehajt\u00f3-<wbr \/>epehajt\u00f3, m\u00e1jserkent\u0151, vizelethajt\u00f3, fert\u0151tlen\u00edt\u0151, l\u00e1zcsillap\u00edt\u00f3, f\u00e1jdalomcsillap\u00edt\u00f3, izzaszt\u00f3, g\u00f6rcsold\u00f3, g\u00f6rcsold\u00f3, sebezhet\u0151, cicatriz\u00e1ns, antihisztamin - a k\u00e1v\u00e9sav, azul\u00e9n, izorhamnetin, limon\u00e9n, luteolin, mentol, niacin, cvercetin, rutin, apigenin, aszkorbinsav \u00e1ltal -<wbr \/>\u00a0Duke, James A. 1992. )<\/span><\/p><p class=\"Body-Text P-19\"><span class=\"C-16\">Javallatok: b\u0151rgy\u00f3gy\u00e1szati \u00e1llapotok-<wbr \/>\u00a0fek\u00e9lyek, pustul\u00e1k, gyullad\u00e1sok, fek\u00e9lyek<\/span><\/p><h3 class=\"Body-Text P-18\"><span style=\"color: #ff6600;\"><strong><span class=\"C-17\">4. K\u00f6vetkeztet\u00e9sek<\/span><\/strong><\/span><\/h3><p class=\"Body-Text P-19\"><span class=\"C-16\">A fitoter\u00e1pi\u00e1s kezel\u00e9s hat\u00e9kony m\u00e9g a s\u00falyos kr\u00f3nikus csal\u00e1nki\u00fct\u00e9s eset\u00e9n is, amely nem reag\u00e1l kiel\u00e9g\u00edt\u0151en az allop\u00e1ti\u00e1s kezel\u00e9sre, \u00e9s mentes az antihisztamin- vagy kortizongy\u00f3gyszerekre jellemz\u0151 mell\u00e9khat\u00e1sokt\u00f3l.<\/span><\/p>\t\t\t\t\t\t\t\t<\/div>\n\t\t\t\t<\/div>\n\t\t\t\t\t<\/div>\n\t\t<\/div>\n\t\t\t\t\t<\/div>\n\t\t<\/section>\n\t\t\t\t<\/div>","protected":false},"excerpt":{"rendered":"<p>Az allop\u00e1ti\u00e1s kezel\u00e9snek ellen\u00e1ll\u00f3 kr\u00f3nikus csal\u00e1nki\u00fct\u00e9s klinikai esete, amelyet fitoter\u00e1pi\u00e1val kezeltek Dr. Cristina-Daniela C\u00eempean Steaua Divin\u0103 Term\u00e9szetgy\u00f3gy\u00e1szati K\u00f6zpont \u00d6sszefoglal\u00f3 Az urtik\u00e1ria egy nagyon gyakori allergi\u00e1s betegs\u00e9g, amelynek polietol\u00f3giai spektruma v\u00e1ltoz\u00f3 m\u00e9ret\u0171, kerek-ov\u00e1lis, \u00e1ltal\u00e1ban nagyon viszket\u0151 kit\u00f6r\u00e9si elemekkel jelentkezik, \u00e9s amely a test b\u00e1rmely r\u00e9gi\u00f3j\u00e1t elfoglalhatja, \u00e9s megjelenhet [...].<\/p>","protected":false},"author":1,"featured_media":0,"parent":5711,"menu_order":0,"comment_status":"closed","ping_status":"closed","template":"","meta":{"_mi_skip_tracking":false,"_analytify_skip_tracking":false,"footnotes":""},"class_list":["post-6370","page","type-page","status-publish","hentry"],"aioseo_notices":[],"aioseo_head":"\n\t\t<!-- All in One SEO Pro 4.7.0 - aioseo.com -->\n\t\t<meta name=\"description\" content=\"Urticaria este o afec\u0163iune alergic\u0103 foarte frecvent\u0103, cu spectru polietiologic, manifestat\u0103 prin elemente eruptive rotund-ovalare, de dimensiuni variabile, \u00een general foarte pruriginoase \u015fi care pot ocupa orice regiune a corpului, ap\u0103r\u00e2nd \u015fi disp\u0103r\u00e2nd brusc, cu recidive cauzate de diver\u015fi factori\" \/>\n\t\t<meta name=\"robots\" content=\"max-image-preview:large\" \/>\n\t\t<meta name=\"google-site-verification\" content=\"G-391X30D2FS\" \/>\n\t\t<link rel=\"canonical\" href=\"https:\/\/amnromania.ro\/hu\/aktualitas\/termeszetes-gyogyulas\/kaptarak\/\" \/>\n\t\t<meta name=\"generator\" content=\"All in One SEO Pro (AIOSEO) 4.7.0\" \/>\n\t\t<meta property=\"og:locale\" content=\"hu_HU\" \/>\n\t\t<meta property=\"og:site_name\" content=\"AMN Ayurveda ROM\u00c2NIA | Asociatia Nationala pentru Promovarea Medicinelor Neconventionale\" \/>\n\t\t<meta property=\"og:type\" content=\"article\" \/>\n\t\t<meta property=\"og:title\" content=\"Urticarie | AMN Ayurveda ROM\u00c2NIA\" \/>\n\t\t<meta property=\"og:description\" content=\"Urticaria este o afec\u0163iune alergic\u0103 foarte frecvent\u0103, cu spectru polietiologic, manifestat\u0103 prin elemente eruptive rotund-ovalare, de dimensiuni variabile, \u00een general foarte pruriginoase \u015fi care pot ocupa orice regiune a corpului, ap\u0103r\u00e2nd \u015fi disp\u0103r\u00e2nd brusc, cu recidive cauzate de diver\u015fi factori\" \/>\n\t\t<meta property=\"og:url\" content=\"https:\/\/amnromania.ro\/hu\/aktualitas\/termeszetes-gyogyulas\/kaptarak\/\" \/>\n\t\t<meta property=\"og:image\" content=\"https:\/\/amnromania.ro\/ynorsyju\/2021\/06\/Ayurveda-in-Romania-Vol.-2-Ro.jpg\" \/>\n\t\t<meta property=\"og:image:secure_url\" content=\"https:\/\/amnromania.ro\/ynorsyju\/2021\/06\/Ayurveda-in-Romania-Vol.-2-Ro.jpg\" \/>\n\t\t<meta property=\"article:published_time\" content=\"2020-11-11T19:37:59+00:00\" \/>\n\t\t<meta property=\"article:modified_time\" content=\"2020-11-11T19:43:48+00:00\" \/>\n\t\t<meta property=\"article:publisher\" content=\"https:\/\/www.facebook.com\/AMNRomania\" \/>\n\t\t<script type=\"application\/ld+json\" class=\"aioseo-schema\">\n\t\t\t{\"@context\":\"https:\\\/\\\/schema.org\",\"@graph\":[{\"@type\":\"BreadcrumbList\",\"@id\":\"https:\\\/\\\/amnromania.ro\\\/hu\\\/aktualitas\\\/termeszetes-gyogyulas\\\/kaptarak\\\/#breadcrumblist\",\"itemListElement\":[{\"@type\":\"ListItem\",\"@id\":\"https:\\\/\\\/amnromania.ro\\\/hu\\\/#listItem\",\"position\":1,\"name\":\"Home\",\"item\":\"https:\\\/\\\/amnromania.ro\\\/hu\\\/\",\"nextItem\":\"https:\\\/\\\/amnromania.ro\\\/hu\\\/aktualitas\\\/#listItem\"},{\"@type\":\"ListItem\",\"@id\":\"https:\\\/\\\/amnromania.ro\\\/hu\\\/aktualitas\\\/#listItem\",\"position\":2,\"name\":\"Actualitate\",\"item\":\"https:\\\/\\\/amnromania.ro\\\/hu\\\/aktualitas\\\/\",\"nextItem\":\"https:\\\/\\\/amnromania.ro\\\/hu\\\/aktualitas\\\/termeszetes-gyogyulas\\\/#listItem\",\"previousItem\":\"https:\\\/\\\/amnromania.ro\\\/hu\\\/#listItem\"},{\"@type\":\"ListItem\",\"@id\":\"https:\\\/\\\/amnromania.ro\\\/hu\\\/aktualitas\\\/termeszetes-gyogyulas\\\/#listItem\",\"position\":3,\"name\":\"Vindecare naturala\",\"item\":\"https:\\\/\\\/amnromania.ro\\\/hu\\\/aktualitas\\\/termeszetes-gyogyulas\\\/\",\"nextItem\":\"https:\\\/\\\/amnromania.ro\\\/hu\\\/aktualitas\\\/termeszetes-gyogyulas\\\/kaptarak\\\/#listItem\",\"previousItem\":\"https:\\\/\\\/amnromania.ro\\\/hu\\\/aktualitas\\\/#listItem\"},{\"@type\":\"ListItem\",\"@id\":\"https:\\\/\\\/amnromania.ro\\\/hu\\\/aktualitas\\\/termeszetes-gyogyulas\\\/kaptarak\\\/#listItem\",\"position\":4,\"name\":\"Urticarie\",\"previousItem\":\"https:\\\/\\\/amnromania.ro\\\/hu\\\/aktualitas\\\/termeszetes-gyogyulas\\\/#listItem\"}]},{\"@type\":\"Organization\",\"@id\":\"https:\\\/\\\/amnromania.ro\\\/hu\\\/#organization\",\"name\":\"AMN Ayurveda Romania\",\"url\":\"https:\\\/\\\/amnromania.ro\\\/hu\\\/\",\"logo\":{\"@type\":\"ImageObject\",\"url\":\"https:\\\/\\\/amnromania.ro\\\/ynorsyju\\\/2020\\\/10\\\/amn.png\",\"@id\":\"https:\\\/\\\/amnromania.ro\\\/hu\\\/aktualitas\\\/termeszetes-gyogyulas\\\/kaptarak\\\/#organizationLogo\"},\"image\":{\"@id\":\"https:\\\/\\\/amnromania.ro\\\/hu\\\/aktualitas\\\/termeszetes-gyogyulas\\\/kaptarak\\\/#organizationLogo\"},\"sameAs\":[\"https:\\\/\\\/www.facebook.com\\\/AMNRomania\",\"https:\\\/\\\/www.youtube.com\\\/channel\\\/UClfqKxiq_uZ11rthDIT3-BQ\\\/videos\"]},{\"@type\":\"WebPage\",\"@id\":\"https:\\\/\\\/amnromania.ro\\\/hu\\\/aktualitas\\\/termeszetes-gyogyulas\\\/kaptarak\\\/#webpage\",\"url\":\"https:\\\/\\\/amnromania.ro\\\/hu\\\/aktualitas\\\/termeszetes-gyogyulas\\\/kaptarak\\\/\",\"name\":\"Urticarie | AMN Ayurveda ROM\\u00c2NIA\",\"description\":\"Urticaria este o afec\\u0163iune alergic\\u0103 foarte frecvent\\u0103, cu spectru polietiologic, manifestat\\u0103 prin elemente eruptive rotund-ovalare, de dimensiuni variabile, \\u00een general foarte pruriginoase \\u015fi care pot ocupa orice regiune a corpului, ap\\u0103r\\u00e2nd \\u015fi disp\\u0103r\\u00e2nd brusc, cu recidive cauzate de diver\\u015fi factori\",\"inLanguage\":\"hu-HU\",\"isPartOf\":{\"@id\":\"https:\\\/\\\/amnromania.ro\\\/hu\\\/#website\"},\"breadcrumb\":{\"@id\":\"https:\\\/\\\/amnromania.ro\\\/hu\\\/aktualitas\\\/termeszetes-gyogyulas\\\/kaptarak\\\/#breadcrumblist\"},\"datePublished\":\"2020-11-11T19:37:59+02:00\",\"dateModified\":\"2020-11-11T19:43:48+02:00\"},{\"@type\":\"WebSite\",\"@id\":\"https:\\\/\\\/amnromania.ro\\\/hu\\\/#website\",\"url\":\"https:\\\/\\\/amnromania.ro\\\/hu\\\/\",\"name\":\"AMN Ayurveda ROM\\u00c2NIA\",\"description\":\"Asociatia Nationala pentru Promovarea Medicinelor Neconventionale\",\"inLanguage\":\"hu-HU\",\"publisher\":{\"@id\":\"https:\\\/\\\/amnromania.ro\\\/hu\\\/#organization\"}}]}\n\t\t<\/script>\n\t\t<!-- All in One SEO Pro -->\r\n\t\t<title>Urticarie | AMN Ayurveda ROM\u00c2NIA<\/title>\n\n","aioseo_head_json":{"title":"Urticarie | AMN Ayurveda ROM\u00c2NIA","description":"Urticaria este o afec\u0163iune alergic\u0103 foarte frecvent\u0103, cu spectru polietiologic, manifestat\u0103 prin elemente eruptive rotund-ovalare, de dimensiuni variabile, \u00een general foarte pruriginoase \u015fi care pot ocupa orice regiune a corpului, ap\u0103r\u00e2nd \u015fi disp\u0103r\u00e2nd brusc, cu recidive cauzate de diver\u015fi factori","canonical_url":"https:\/\/amnromania.ro\/hu\/aktualitas\/termeszetes-gyogyulas\/kaptarak\/","robots":"max-image-preview:large","keywords":"","webmasterTools":{"google-site-verification":"G-391X30D2FS","miscellaneous":""},"og:locale":"hu_HU","og:site_name":"AMN Ayurveda ROM\u00c2NIA | Asociatia Nationala pentru Promovarea Medicinelor Neconventionale","og:type":"article","og:title":"Urticarie | AMN Ayurveda ROM\u00c2NIA","og:description":"Urticaria este o afec\u0163iune alergic\u0103 foarte frecvent\u0103, cu spectru polietiologic, manifestat\u0103 prin elemente eruptive rotund-ovalare, de dimensiuni variabile, \u00een general foarte pruriginoase \u015fi care pot ocupa orice regiune a corpului, ap\u0103r\u00e2nd \u015fi disp\u0103r\u00e2nd brusc, cu recidive cauzate de diver\u015fi factori","og:url":"https:\/\/amnromania.ro\/hu\/aktualitas\/termeszetes-gyogyulas\/kaptarak\/","og:image":"https:\/\/amnromania.ro\/ynorsyju\/2021\/06\/Ayurveda-in-Romania-Vol.-2-Ro.jpg","og:image:secure_url":"https:\/\/amnromania.ro\/ynorsyju\/2021\/06\/Ayurveda-in-Romania-Vol.-2-Ro.jpg","article:published_time":"2020-11-11T19:37:59+00:00","article:modified_time":"2020-11-11T19:43:48+00:00","article:publisher":"https:\/\/www.facebook.com\/AMNRomania","schema":{"@context":"https:\/\/schema.org","@graph":[{"@type":"BreadcrumbList","@id":"https:\/\/amnromania.ro\/hu\/aktualitas\/termeszetes-gyogyulas\/kaptarak\/#breadcrumblist","itemListElement":[{"@type":"ListItem","@id":"https:\/\/amnromania.ro\/hu\/#listItem","position":1,"name":"Home","item":"https:\/\/amnromania.ro\/hu\/","nextItem":"https:\/\/amnromania.ro\/hu\/aktualitas\/#listItem"},{"@type":"ListItem","@id":"https:\/\/amnromania.ro\/hu\/aktualitas\/#listItem","position":2,"name":"Actualitate","item":"https:\/\/amnromania.ro\/hu\/aktualitas\/","nextItem":"https:\/\/amnromania.ro\/hu\/aktualitas\/termeszetes-gyogyulas\/#listItem","previousItem":"https:\/\/amnromania.ro\/hu\/#listItem"},{"@type":"ListItem","@id":"https:\/\/amnromania.ro\/hu\/aktualitas\/termeszetes-gyogyulas\/#listItem","position":3,"name":"Vindecare naturala","item":"https:\/\/amnromania.ro\/hu\/aktualitas\/termeszetes-gyogyulas\/","nextItem":"https:\/\/amnromania.ro\/hu\/aktualitas\/termeszetes-gyogyulas\/kaptarak\/#listItem","previousItem":"https:\/\/amnromania.ro\/hu\/aktualitas\/#listItem"},{"@type":"ListItem","@id":"https:\/\/amnromania.ro\/hu\/aktualitas\/termeszetes-gyogyulas\/kaptarak\/#listItem","position":4,"name":"Urticarie","previousItem":"https:\/\/amnromania.ro\/hu\/aktualitas\/termeszetes-gyogyulas\/#listItem"}]},{"@type":"Organization","@id":"https:\/\/amnromania.ro\/hu\/#organization","name":"AMN Ayurveda Romania","url":"https:\/\/amnromania.ro\/hu\/","logo":{"@type":"ImageObject","url":"https:\/\/amnromania.ro\/ynorsyju\/2020\/10\/amn.png","@id":"https:\/\/amnromania.ro\/hu\/aktualitas\/termeszetes-gyogyulas\/kaptarak\/#organizationLogo"},"image":{"@id":"https:\/\/amnromania.ro\/hu\/aktualitas\/termeszetes-gyogyulas\/kaptarak\/#organizationLogo"},"sameAs":["https:\/\/www.facebook.com\/AMNRomania","https:\/\/www.youtube.com\/channel\/UClfqKxiq_uZ11rthDIT3-BQ\/videos"]},{"@type":"WebPage","@id":"https:\/\/amnromania.ro\/hu\/aktualitas\/termeszetes-gyogyulas\/kaptarak\/#webpage","url":"https:\/\/amnromania.ro\/hu\/aktualitas\/termeszetes-gyogyulas\/kaptarak\/","name":"Urticarie | AMN Ayurveda ROM\u00c2NIA","description":"Urticaria este o afec\u0163iune alergic\u0103 foarte frecvent\u0103, cu spectru polietiologic, manifestat\u0103 prin elemente eruptive rotund-ovalare, de dimensiuni variabile, \u00een general foarte pruriginoase \u015fi care pot ocupa orice regiune a corpului, ap\u0103r\u00e2nd \u015fi disp\u0103r\u00e2nd brusc, cu recidive cauzate de diver\u015fi factori","inLanguage":"hu-HU","isPartOf":{"@id":"https:\/\/amnromania.ro\/hu\/#website"},"breadcrumb":{"@id":"https:\/\/amnromania.ro\/hu\/aktualitas\/termeszetes-gyogyulas\/kaptarak\/#breadcrumblist"},"datePublished":"2020-11-11T19:37:59+02:00","dateModified":"2020-11-11T19:43:48+02:00"},{"@type":"WebSite","@id":"https:\/\/amnromania.ro\/hu\/#website","url":"https:\/\/amnromania.ro\/hu\/","name":"AMN Ayurveda ROM\u00c2NIA","description":"Asociatia Nationala pentru Promovarea Medicinelor Neconventionale","inLanguage":"hu-HU","publisher":{"@id":"https:\/\/amnromania.ro\/hu\/#organization"}}]}},"aioseo_meta_data":{"post_id":"6370","title":null,"description":"Urticaria este o afec\u0163iune alergic\u0103 foarte frecvent\u0103, cu spectru polietiologic, manifestat\u0103 prin elemente eruptive rotund-ovalare, de dimensiuni variabile, \u00een general foarte pruriginoase \u015fi care pot ocupa orice regiune a corpului, ap\u0103r\u00e2nd \u015fi disp\u0103r\u00e2nd brusc, cu recidive cauzate de diver\u015fi factori","keywords":"","keyphrases":null,"primary_term":null,"canonical_url":"","og_title":null,"og_description":null,"og_object_type":"default","og_image_type":"default","og_image_url":null,"og_image_width":null,"og_image_height":null,"og_image_custom_url":null,"og_image_custom_fields":null,"og_video":null,"og_custom_url":null,"og_article_section":null,"og_article_tags":null,"twitter_use_og":false,"twitter_card":"default","twitter_image_type":"default","twitter_image_url":null,"twitter_image_custom_url":null,"twitter_image_custom_fields":null,"twitter_title":null,"twitter_description":null,"schema":{"blockGraphs":[],"customGraphs":[],"default":{"data":{"Article":[],"Course":[],"Dataset":[],"FAQPage":[],"Movie":[],"Person":[],"Product":[],"Recipe":[],"Service":[],"SoftwareApplication":[],"WebPage":[]},"graphName":"WebPage","isEnabled":true},"graphs":[]},"schema_type":null,"schema_type_options":null,"pillar_content":false,"robots_default":true,"robots_noindex":false,"robots_noarchive":false,"robots_nosnippet":false,"robots_nofollow":false,"robots_noimageindex":false,"robots_noodp":false,"robots_notranslate":false,"robots_max_snippet":null,"robots_max_videopreview":null,"robots_max_imagepreview":"large","priority":null,"frequency":null,"local_seo":null,"limit_modified_date":false,"open_ai":null,"created":"2020-12-21 07:24:32","updated":"2024-01-28 10:45:42"},"aioseo_breadcrumb":"<div class=\"aioseo-breadcrumbs\"><span class=\"aioseo-breadcrumb\">\n\t<a href=\"https:\/\/amnromania.ro\/hu\" title=\"Home\">Home<\/a>\n<\/span><span class=\"aioseo-breadcrumb-separator\">&raquo;<\/span><span class=\"aioseo-breadcrumb\">\n\t<a href=\"https:\/\/amnromania.ro\/hu\/aktualitas\/\" title=\"Actualitate\">Actualitate<\/a>\n<\/span><span class=\"aioseo-breadcrumb-separator\">&raquo;<\/span><span class=\"aioseo-breadcrumb\">\n\t<a href=\"https:\/\/amnromania.ro\/hu\/aktualitas\/termeszetes-gyogyulas\/\" title=\"Vindecare naturala\">Vindecare naturala<\/a>\n<\/span><span class=\"aioseo-breadcrumb-separator\">&raquo;<\/span><span class=\"aioseo-breadcrumb\">\n\tUrticarie\n<\/span><\/div>","aioseo_breadcrumb_json":[{"label":"Home","link":"https:\/\/amnromania.ro\/hu"},{"label":"Actualitate","link":"https:\/\/amnromania.ro\/hu\/aktualitas\/"},{"label":"Vindecare naturala","link":"https:\/\/amnromania.ro\/hu\/aktualitas\/termeszetes-gyogyulas\/"},{"label":"Urticarie","link":"https:\/\/amnromania.ro\/hu\/aktualitas\/termeszetes-gyogyulas\/kaptarak\/"}],"_links":{"self":[{"href":"https:\/\/amnromania.ro\/hu\/wp-json\/wp\/v2\/pages\/6370","targetHints":{"allow":["GET"]}}],"collection":[{"href":"https:\/\/amnromania.ro\/hu\/wp-json\/wp\/v2\/pages"}],"about":[{"href":"https:\/\/amnromania.ro\/hu\/wp-json\/wp\/v2\/types\/page"}],"author":[{"embeddable":true,"href":"https:\/\/amnromania.ro\/hu\/wp-json\/wp\/v2\/users\/1"}],"replies":[{"embeddable":true,"href":"https:\/\/amnromania.ro\/hu\/wp-json\/wp\/v2\/comments?post=6370"}],"version-history":[{"count":0,"href":"https:\/\/amnromania.ro\/hu\/wp-json\/wp\/v2\/pages\/6370\/revisions"}],"up":[{"embeddable":true,"href":"https:\/\/amnromania.ro\/hu\/wp-json\/wp\/v2\/pages\/5711"}],"wp:attachment":[{"href":"https:\/\/amnromania.ro\/hu\/wp-json\/wp\/v2\/media?parent=6370"}],"curies":[{"name":"wp","href":"https:\/\/api.w.org\/{rel}","templated":true}]}}