{"id":5840,"date":"2020-11-10T14:46:01","date_gmt":"2020-11-10T14:46:01","guid":{"rendered":"https:\/\/amnromania.ro\/?page_id=5840"},"modified":"2020-11-10T16:17:35","modified_gmt":"2020-11-10T16:17:35","slug":"sanzaienele","status":"publish","type":"page","link":"https:\/\/amnromania.ro\/hu\/aktualitas\/hagyomany\/sanzaienele\/","title":{"rendered":"Sanzaienele"},"content":{"rendered":"<div data-elementor-type=\"wp-page\" data-elementor-id=\"5840\" class=\"elementor elementor-5840\" data-elementor-post-type=\"page\">\n\t\t\t\t\t\t<section class=\"elementor-section elementor-top-section elementor-element elementor-element-1957cea elementor-section-boxed elementor-section-height-default elementor-section-height-default\" data-id=\"1957cea\" data-element_type=\"section\">\n\t\t\t\t\t\t<div class=\"elementor-container elementor-column-gap-default\">\n\t\t\t\t\t<div class=\"elementor-column elementor-col-50 elementor-top-column elementor-element elementor-element-5e3b379\" data-id=\"5e3b379\" data-element_type=\"column\">\n\t\t\t<div class=\"elementor-widget-wrap elementor-element-populated\">\n\t\t\t\t\t\t<div class=\"elementor-element elementor-element-10f14aa elementor-nav-menu__align-start elementor-nav-menu__text-align-center elementor-nav-menu--dropdown-tablet elementor-nav-menu--toggle elementor-nav-menu--burger elementor-widget elementor-widget-global elementor-global-5773 elementor-widget-nav-menu\" data-id=\"10f14aa\" data-element_type=\"widget\" data-settings=\"{&quot;layout&quot;:&quot;vertical&quot;,&quot;submenu_icon&quot;:{&quot;value&quot;:&quot;fas fa-caret-down&quot;,&quot;library&quot;:&quot;fa-solid&quot;},&quot;toggle&quot;:&quot;burger&quot;}\" data-widget_type=\"nav-menu.default\">\n\t\t\t\t<div class=\"elementor-widget-container\">\n\t\t\t\t\t\t\t\t<nav aria-label=\"Men\u00fc\" class=\"elementor-nav-menu--main elementor-nav-menu__container elementor-nav-menu--layout-vertical e--pointer-background e--animation-fade\">\n\t\t\t\t<ul id=\"menu-1-10f14aa\" class=\"elementor-nav-menu sm-vertical\"><li class=\"menu-item menu-item-type-post_type menu-item-object-page menu-item-5758\"><a href=\"https:\/\/amnromania.ro\/hu\/aktualitas\/devitalizacio\/\" class=\"elementor-item\">Devitaliz\u00e1ci\u00f3<\/a><\/li>\n<li class=\"menu-item menu-item-type-post_type menu-item-object-page menu-item-5759\"><a href=\"https:\/\/amnromania.ro\/hu\/aktualitas\/jogorvoslatok-gyerekeknek-2\/\" class=\"elementor-item\">Gy\u00f3gym\u00f3dok gyermekeknek - 2<\/a><\/li>\n<li class=\"menu-item menu-item-type-post_type menu-item-object-page menu-item-5760\"><a href=\"https:\/\/amnromania.ro\/hu\/aktualitas\/gyogymodok-a-gyerekeknek-1\/\" class=\"elementor-item\">Gy\u00f3gym\u00f3dok gyermekeknek - 1<\/a><\/li>\n<li class=\"menu-item menu-item-type-post_type menu-item-object-page menu-item-5761\"><a href=\"https:\/\/amnromania.ro\/hu\/aktualitas\/transzmutacio-es-szublimacio\/\" class=\"elementor-item\">Transzmut\u00e1ci\u00f3 \u00e9s szublim\u00e1ci\u00f3<\/a><\/li>\n<li class=\"menu-item menu-item-type-post_type menu-item-object-page menu-item-5762\"><a href=\"https:\/\/amnromania.ro\/hu\/aktualitas\/elmelet-morfogenetika\/\" class=\"elementor-item\">Morfogenetikai elm\u00e9let<\/a><\/li>\n<li class=\"menu-item menu-item-type-post_type menu-item-object-page menu-item-5763\"><a href=\"https:\/\/amnromania.ro\/hu\/aktualitas\/univerzum-vibrator\/\" class=\"elementor-item\">A vibr\u00e1ci\u00f3s univerzum<\/a><\/li>\n<li class=\"menu-item menu-item-type-post_type menu-item-object-page menu-item-5764\"><a href=\"https:\/\/amnromania.ro\/hu\/aktualitas\/hagyomany\/\" class=\"elementor-item\">Hagyom\u00e1ny<\/a><\/li>\n<li class=\"menu-item menu-item-type-post_type menu-item-object-page menu-item-5765\"><a href=\"https:\/\/amnromania.ro\/hu\/mezok\/pszichoterapia\/leszokas-a-dohanyzasrol\/\" class=\"elementor-item\">A doh\u00e1nyz\u00e1sr\u00f3l val\u00f3 leszok\u00e1s<\/a><\/li>\n<li class=\"menu-item menu-item-type-post_type menu-item-object-page menu-item-5766\"><a href=\"https:\/\/amnromania.ro\/hu\/aktualitas\/szezon-betegseg\/\" class=\"elementor-item\">Szezon\u00e1lis betegs\u00e9gek<\/a><\/li>\n<li class=\"menu-item menu-item-type-post_type menu-item-object-page menu-item-5767\"><a href=\"https:\/\/amnromania.ro\/hu\/aktualitas\/termeszetes-gyogyulas\/\" class=\"elementor-item\">Term\u00e9szetes gy\u00f3gyul\u00e1s<\/a><\/li>\n<li class=\"menu-item menu-item-type-post_type menu-item-object-page menu-item-5768\"><a href=\"https:\/\/amnromania.ro\/hu\/aktualitas\/egeszseg-talaj\/\" class=\"elementor-item\">A talaj eg\u00e9szs\u00e9ge<\/a><\/li>\n<li class=\"menu-item menu-item-type-post_type menu-item-object-page menu-item-5769\"><a href=\"https:\/\/amnromania.ro\/hu\/aktualitas\/nem-hagyomanyos-megkozelitesu\/\" class=\"elementor-item\">A nem hagyom\u00e1nyos megk\u00f6zel\u00edt\u00e9s<\/a><\/li>\n<li class=\"menu-item menu-item-type-post_type menu-item-object-page menu-item-6434\"><a href=\"https:\/\/amnromania.ro\/hu\/aktualitas\/hirek\/\" class=\"elementor-item\">H\u00edrek<\/a><\/li>\n<\/ul>\t\t\t<\/nav>\n\t\t\t\t\t<div class=\"elementor-menu-toggle\" role=\"button\" tabindex=\"0\" aria-label=\"Toggle men\u00fc\" aria-expanded=\"false\">\n\t\t\t<i aria-hidden=\"true\" role=\"presentation\" class=\"elementor-menu-toggle__icon--open eicon-menu-bar\"><\/i><i aria-hidden=\"true\" role=\"presentation\" class=\"elementor-menu-toggle__icon--close eicon-close\"><\/i>\t\t<\/div>\n\t\t\t\t\t<nav class=\"elementor-nav-menu--dropdown elementor-nav-menu__container\" aria-hidden=\"true\">\n\t\t\t\t<ul id=\"menu-2-10f14aa\" class=\"elementor-nav-menu sm-vertical\"><li class=\"menu-item menu-item-type-post_type menu-item-object-page menu-item-5758\"><a href=\"https:\/\/amnromania.ro\/hu\/aktualitas\/devitalizacio\/\" class=\"elementor-item\" tabindex=\"-1\">Devitaliz\u00e1ci\u00f3<\/a><\/li>\n<li class=\"menu-item menu-item-type-post_type menu-item-object-page menu-item-5759\"><a href=\"https:\/\/amnromania.ro\/hu\/aktualitas\/jogorvoslatok-gyerekeknek-2\/\" class=\"elementor-item\" tabindex=\"-1\">Gy\u00f3gym\u00f3dok gyermekeknek - 2<\/a><\/li>\n<li class=\"menu-item menu-item-type-post_type menu-item-object-page menu-item-5760\"><a href=\"https:\/\/amnromania.ro\/hu\/aktualitas\/gyogymodok-a-gyerekeknek-1\/\" class=\"elementor-item\" tabindex=\"-1\">Gy\u00f3gym\u00f3dok gyermekeknek - 1<\/a><\/li>\n<li class=\"menu-item menu-item-type-post_type menu-item-object-page menu-item-5761\"><a href=\"https:\/\/amnromania.ro\/hu\/aktualitas\/transzmutacio-es-szublimacio\/\" class=\"elementor-item\" tabindex=\"-1\">Transzmut\u00e1ci\u00f3 \u00e9s szublim\u00e1ci\u00f3<\/a><\/li>\n<li class=\"menu-item menu-item-type-post_type menu-item-object-page menu-item-5762\"><a href=\"https:\/\/amnromania.ro\/hu\/aktualitas\/elmelet-morfogenetika\/\" class=\"elementor-item\" tabindex=\"-1\">Morfogenetikai elm\u00e9let<\/a><\/li>\n<li class=\"menu-item menu-item-type-post_type menu-item-object-page menu-item-5763\"><a href=\"https:\/\/amnromania.ro\/hu\/aktualitas\/univerzum-vibrator\/\" class=\"elementor-item\" tabindex=\"-1\">A vibr\u00e1ci\u00f3s univerzum<\/a><\/li>\n<li class=\"menu-item menu-item-type-post_type menu-item-object-page menu-item-5764\"><a href=\"https:\/\/amnromania.ro\/hu\/aktualitas\/hagyomany\/\" class=\"elementor-item\" tabindex=\"-1\">Hagyom\u00e1ny<\/a><\/li>\n<li class=\"menu-item menu-item-type-post_type menu-item-object-page menu-item-5765\"><a href=\"https:\/\/amnromania.ro\/hu\/mezok\/pszichoterapia\/leszokas-a-dohanyzasrol\/\" class=\"elementor-item\" tabindex=\"-1\">A doh\u00e1nyz\u00e1sr\u00f3l val\u00f3 leszok\u00e1s<\/a><\/li>\n<li class=\"menu-item menu-item-type-post_type menu-item-object-page menu-item-5766\"><a href=\"https:\/\/amnromania.ro\/hu\/aktualitas\/szezon-betegseg\/\" class=\"elementor-item\" tabindex=\"-1\">Szezon\u00e1lis betegs\u00e9gek<\/a><\/li>\n<li class=\"menu-item menu-item-type-post_type menu-item-object-page menu-item-5767\"><a href=\"https:\/\/amnromania.ro\/hu\/aktualitas\/termeszetes-gyogyulas\/\" class=\"elementor-item\" tabindex=\"-1\">Term\u00e9szetes gy\u00f3gyul\u00e1s<\/a><\/li>\n<li class=\"menu-item menu-item-type-post_type menu-item-object-page menu-item-5768\"><a href=\"https:\/\/amnromania.ro\/hu\/aktualitas\/egeszseg-talaj\/\" class=\"elementor-item\" tabindex=\"-1\">A talaj eg\u00e9szs\u00e9ge<\/a><\/li>\n<li class=\"menu-item menu-item-type-post_type menu-item-object-page menu-item-5769\"><a href=\"https:\/\/amnromania.ro\/hu\/aktualitas\/nem-hagyomanyos-megkozelitesu\/\" class=\"elementor-item\" tabindex=\"-1\">A nem hagyom\u00e1nyos megk\u00f6zel\u00edt\u00e9s<\/a><\/li>\n<li class=\"menu-item menu-item-type-post_type menu-item-object-page menu-item-6434\"><a href=\"https:\/\/amnromania.ro\/hu\/aktualitas\/hirek\/\" class=\"elementor-item\" tabindex=\"-1\">H\u00edrek<\/a><\/li>\n<\/ul>\t\t\t<\/nav>\n\t\t\t\t\t\t<\/div>\n\t\t\t\t<\/div>\n\t\t\t\t\t<\/div>\n\t\t<\/div>\n\t\t\t\t<div class=\"elementor-column elementor-col-50 elementor-top-column elementor-element elementor-element-1c6f7ab\" data-id=\"1c6f7ab\" data-element_type=\"column\">\n\t\t\t<div class=\"elementor-widget-wrap elementor-element-populated\">\n\t\t\t\t\t\t<div class=\"elementor-element elementor-element-c3ec4f9 elementor-widget elementor-widget-text-editor\" data-id=\"c3ec4f9\" data-element_type=\"widget\" data-widget_type=\"text-editor.default\">\n\t\t\t\t<div class=\"elementor-widget-container\">\n\t\t\t\t\t\t\t\t\t<h1 class=\"Titlu-1\" style=\"text-align: center;\"><strong><span style=\"color: #ff6600;\">Az \u00fcnnep\u00a0<span class=\"C-13\">S\u00e2nziene<\/span><\/span><\/strong><\/h1><p class=\"Semnatura-text-RO-_Interior_2\" style=\"text-align: right;\"><span class=\"C-14\">Monica Pascalau, ayurv\u00e9da el\u0151ad\u00f3 AMN-<wbr \/>Rom\u00e1nia<\/span><\/p><h2>\u00a0<\/h2><h2 class=\"Titlu-2\"><strong><span style=\"color: #ff6600;\">N\u00e9pi hagyom\u00e1ny<\/span><\/strong><\/h2><p class=\"Text2\">A rom\u00e1n n\u00e9phagyom\u00e1nyban a j\u00f3l ismert \u00e9jszakai\u00a0<span class=\"C-15\">S\u00e2nziene<\/span>, hogy ez egy var\u00e1zslatos \u00e9jszaka, amely a b\u00e1mulatosan b\u00e9k\u00e9s egyens\u00faly var\u00e1zslatos, var\u00e1zslatos pillanatak\u00e9nt nyilv\u00e1nul meg.<\/p><p class=\"Text2\">Azt mondj\u00e1k, hogy ezen az \u00e9jszak\u00e1n a mennyorsz\u00e1g kapui sz\u00e9lesre t\u00e1rulnak, \u00e9s a misztikus, j\u00f3t\u00e9kony entit\u00e1sok az \u00e9teri vil\u00e1gb\u00f3l ezen az \u00e9jszak\u00e1n j\u00f6nnek egy<wbr \/>Ezen az \u00e9jszak\u00e1n, amelyet j\u00fanius 23. \u00e9s 24. k\u00f6z\u00f6tt \u00fcnnepelnek, mivel ez a nap Keresztel\u0151 Szent J\u00e1nos napj\u00e1t megel\u0151z\u0151 \u00e9jszaka, a n\u00e9phagyom\u00e1ny szerint a szerencs\u00e9s emberek, f\u00e9rfiak \u00e9s n\u0151k egyar\u00e1nt, tal\u00e1lkozhatnak a f\u00f6ldi vil\u00e1ggal.<wbr \/>var\u00e1zslatos m\u00f3don,\u00a0<span class=\"C-15\">sanzienele<\/span>.<\/p><p class=\"Text2\">A n\u00e9phagyom\u00e1nyban,\u00a0<span class=\"C-15\">sanzienele<\/span>\u00a0szenteknek, sz\u00e9ps\u00e9gek, le\u00e1nyoknak vagy szan\u00e1knak is nevezik \u0151ket, \u00e9s a n\u00e9phitben ezek a l\u00e9nyek \u00e1ll\u00edt\u00f3lag rendk\u00edv\u00fcl sz\u00e9p, f\u00e9lelmetes l\u00e9nyek, \u00e1ttetsz\u0151, f\u00e9nyl\u0151, leveg\u0151b\u0151l k\u00e9sz\u00fclt l\u00e9nyek, feh\u00e9rek, l\u00e9legzetel\u00e1ll\u00edt\u00f3an sz\u00e9pek, mind j\u00f3t\u00e9konyak \u00e9s bizonyos j\u00f3t\u00e9kony tulajdons\u00e1gokkal rendelkeznek.<\/p><h2 class=\"Titlu-2\"><strong><span style=\"color: #ff6600;\">T\u00fcnd\u00e9rek<\/span><\/strong><\/h2><p class=\"Text2\">Szint\u00e9n a folkl\u00f3rban azt mondj\u00e1k, hogy bizonyos k\u00f6nny\u0171 sz\u00e9ll\u00f6k\u00e9sek, amelyek napk\u00f6zben jelentkeznek, \u00e9jszaka t\u00fcnd\u00e9rekk\u00e9 v\u00e1lnak, a\u00a0<span class=\"C-15\">iele<\/span>, akiknek arany hajuk van, feh\u00e9r ruh\u00e1juk, mintha g\u0151zb\u0151l lenn\u00e9nek, \u00e9s sz\u00e9d\u00edt\u0151 h\u00f3rihorgas t\u00e1ncot j\u00e1rnak j\u00e1t\u00e9kosan a kerteken kereszt\u00fcl, ahol nincsenek emberek, majd kimozdulnak egy-egy<wbr \/>egyik helyr\u0151l a m\u00e1sikra, harmonikusan, hallatlanul dallamos hangon \u00e9nekelve a leveg\u0151ben.<\/p><p class=\"Text2\">A  oldalr\u00f3l\u00a0<span class=\"C-15\">iele<\/span>\u00a0azt mondj\u00e1k r\u00f3luk, hogy f\u00e9lig \u00e1tl\u00e1tsz\u00f3 l\u00e9gnem\u0171 entit\u00e1sok, tiszt\u00e1k, nemesek, nehezen \u00e9rz\u00e9kelhet\u0151k a tompa, aljas, gonosz emberi l\u00e9nyek sz\u00e1m\u00e1ra, term\u00e9szet\u00fck pedig instabil, b\u00e1jos, foly\u00e9kony \u00e9s hajlamos a spir\u00e1lis \u00f6rv\u00e9nyek form\u00e1j\u00fa mozg\u00e1sokra.<\/p><h2 class=\"Titlu-2\"><strong><span style=\"color: #ff6600;\">J\u00f3t\u00e9kony term\u00e9szet<\/span><\/strong><\/h2><p class=\"Text2\">A folkl\u00f3rban is eml\u00edtik, hogy\u00a0<span class=\"C-15\">sanzienele<\/span>\u00a0vagy\u00a0<span class=\"C-15\">aranyos<\/span>\u00a0j\u00f3indulat\u00faak, azok az emberek sz\u00e1m\u00e1ra j\u00f3indulat\u00faak, akiknek kimondottan j\u00f3t\u00e9kony bels\u0151 ir\u00e1nyults\u00e1guk van.\u00a0<span class=\"C-15\">S\u00e2nzienele<\/span>, ha megid\u00e9zik \u0151ket, \u00e9s ha bizonyos kellemes felaj\u00e1nl\u00e1sokat tesznek nekik, rendk\u00edv\u00fcli term\u00e9kenys\u00e9get adnak a mez\u0151gazdas\u00e1gi term\u00e9nyeknek.<\/p><p class=\"Text2\"><img fetchpriority=\"high\" decoding=\"async\" class=\"size-medium wp-image-6031 alignleft\" src=\"https:\/\/amnromania.ro\/wp-content\/uploads\/2020\/11\/sanziene_1-300x225.jpg\" alt=\"\" width=\"300\" height=\"225\" srcset=\"https:\/\/amnromania.ro\/wp-content\/uploads\/2020\/11\/sanziene_1-300x225.jpg 300w, https:\/\/amnromania.ro\/wp-content\/uploads\/2020\/11\/sanziene_1-1024x768.jpg 1024w, https:\/\/amnromania.ro\/wp-content\/uploads\/2020\/11\/sanziene_1-768x576.jpg 768w, https:\/\/amnromania.ro\/wp-content\/uploads\/2020\/11\/sanziene_1-1536x1152.jpg 1536w, https:\/\/amnromania.ro\/wp-content\/uploads\/2020\/11\/sanziene_1.jpg 1866w\" sizes=\"(max-width: 300px) 100vw, 300px\" \/>Azt is mondj\u00e1k, hogy\u00a0<span class=\"C-15\">S\u00e2nzienele<\/span>\u00a0seg\u00edt a madaraknak, seg\u00edt az \u00e1llatoknak, er\u0151s illatot \u00e1raszt, \u00e9s csod\u00e1latos gy\u00f3gy\u00edt\u00f3 k\u00e9pess\u00e9gekkel ruh\u00e1zza fel a vir\u00e1gokat. Ha n\u00e9h\u00e1ny el\u0151zetes felaj\u00e1nl\u00e1ssal egy\u00fctt h\u00edvj\u00e1k meg \u0151ket, beavatkoznak a<wbr \/>paranorm\u00e1lis m\u00f3don gy\u00f3gy\u00edtj\u00e1k a betegs\u00e9geket, \u00e9s megsz\u00fcntetik vagy elt\u00fcntetik az emberek szenved\u00e9s\u00e9t. Azt is mondj\u00e1k, hogy megv\u00e9dik a mez\u0151ket az elemekt\u0151l. Pontosan az\u00e9rt, mert a<wbr \/>egy m\u00e1sik vil\u00e1g, \u00e9s hogy rendk\u00edv\u00fcl sz\u00e9pek, b\u00e1josak, a n\u00e9phagyom\u00e1nyban azt mondj\u00e1k, hogy \"<span class=\"C-15\">Aki l\u00e1tja \u0151ket, nem hisz nekik, \u00e9s aki hallja \u0151ket, mert ostoba, nem v\u00e1laszol r\u00e1juk.\"<\/span><\/p><p class=\"Text2\">A rom\u00e1n n\u00e9phagyom\u00e1nyon bel\u00fcl,\u00a0<span class=\"C-15\">S\u00e2nzienele<\/span>\u00a0m\u00e1s n\u00e9ven\u00a0<span class=\"C-15\">ielele<\/span>\u00a0\u00e9s gyakran \u00fagy \u00edrj\u00e1k le \u0151ket, mint csod\u00e1latos, kiss\u00e9 t\u00fcnd\u00e9rszer\u0171 le\u00e1nyokat, akik csod\u00e1latos, j\u00f3t\u00e9kony var\u00e1zser\u0151vel, valamint csod\u00e1latos m\u00e1gikus k\u00e9pess\u00e9gekkel rendelkeznek. Azt mondj\u00e1k, hogy ugyanolyan term\u00e9szetfeletti k\u00e9pess\u00e9gekkel rendelkeznek, mint a nimf\u00e1k, a naj\u00e1dok, a dajk\u00e1k vagy a sell\u0151k, m\u00e1s sz\u00f3val az undin\u00e1k.<\/p><h2 class=\"Titlu-2\"><span style=\"color: #ff6600;\"><strong>N\u00e9pi hiedelmek<\/strong><\/span><\/h2><p class=\"Text2 C-15\">Ielele<span class=\"C-16\">\u00a0T\u00f6bbnyire a szabadban, de hegyekben, barlangokban, magasan a szikl\u00e1k tetej\u00e9n vagy foly\u00f3partokon is \u00e9lnek. N\u00e9ha pocsoly\u00e1kban \u00e9lnek, vagy \u00fatkeresztez\u0151d\u00e9sekn\u00e9l fordulnak el\u0151. N\u00e9ha \u00fagy \u00edrj\u00e1k le \u0151ket, mint f\u00fcrd\u0151z\u0151<wbr \/>a forr\u00e1sok krist\u00e1lytiszta viz\u00e9ben.<\/span><\/p><p class=\"Text2\">Azt mondj\u00e1k, hogy ezek a l\u00e9nyek k\u00fcl\u00f6n\u00f6sen \u00e9jszaka, holdf\u00e9nyn\u00e9l jelennek meg, \u00e9s vid\u00e1man p\u00f6r\u00f6gnek h\u00f3rihorgasan eldugott helyeken, p\u00e9ld\u00e1ul vad r\u00e9teken, tavakon, kev\u00e9sb\u00e9 forgalmas \u00fatkeresztez\u0151d\u00e9sekben, elhagyatott \u00fcvegh\u00e1zakban, vagy csoportosan t\u00e1ncolnak a szabadban. Vannak besz\u00e1mol\u00f3k arr\u00f3l, hogy l\u00e1tt\u00e1k \u0151ket meztelen\u00fcl, csupasz mellel, harmonikusan, kibontott hossz\u00fa hajjal t\u00e1ncolni, de ritk\u00e1bban \u00fagy \u00edrj\u00e1k le \u0151ket, mint akik kend\u0151s ruh\u00e1t viselnek vagy \u00e1tl\u00e1tsz\u00f3 f\u00e1tyolba burkol\u00f3znak, \u00e9s l\u00e1bukn\u00e1l krist\u00e1lyos hangot ad\u00f3 cseng\u0151ket viselnek. Saj\u00e1tos t\u00e1ncuk a hora. Meglep\u0151, hogy ez a t\u00e1nc egyben n\u00e9pt\u00e1nc is.<\/p><p class=\"Text2\">Egy ezoterikus m\u00f3dja annak, hogy felk\u00e9sz\u00fclj\u00fcnk a mellek \u00e9jszak\u00e1j\u00e1ra, hogy k\u00e9pesek legy\u00fcnk \u00e9rz\u00e9kelni ezeket a finom, j\u00f3t\u00e9kony entit\u00e1sokat, amelyek S<span class=\"C-15\">\u00e2nzienele<\/span>, a sandiary vir\u00e1g sz\u00e1r\u00edtott por\u00e1b\u00f3l \u00bd te\u00e1skan\u00e1lnyit szublingv\u00e1lisan kell beadni. Megnedves\u00edtj\u00fck egy kis sima vagy \u00e1sv\u00e1nyv\u00edzzel, nyelv al\u00e1 helyezz\u00fck, \u00e9s 15-\u00f6t napig tartjuk nyelv alatt.<wbr \/>20 perc. Ezut\u00e1n a homokt\u00f6vis por\u00e1t v\u00edzzel lenyelhetj\u00fck.<\/p>\t\t\t\t\t\t\t\t<\/div>\n\t\t\t\t<\/div>\n\t\t\t\t\t<\/div>\n\t\t<\/div>\n\t\t\t\t\t<\/div>\n\t\t<\/section>\n\t\t\t\t<\/div>","protected":false},"excerpt":{"rendered":"<p>Szentiv\u00e1n\u00e9ji \u00fcnnep Monica Pa\u0219cal\u0103u, az AMN-Rom\u00e1nia Ayurveda el\u0151ad\u00f3ja N\u00e9pi hagyom\u00e1ny A rom\u00e1n n\u00e9phagyom\u00e1nyban a j\u00f3l ismert Szentiv\u00e1n\u00e9jr\u0151l \u00fagy besz\u00e9lnek, mint egy var\u00e1zslatos \u00e9jszak\u00e1r\u00f3l, amely a csod\u00e1latos b\u00e9k\u00e9s egyens\u00faly var\u00e1zslatos, var\u00e1zslatos pillanatak\u00e9nt nyilv\u00e1nul meg. Azt mondj\u00e1k, hogy ezen az \u00e9jszak\u00e1n az \u00e9g kapui sz\u00e9lesre t\u00e1rulnak \u00e9s a misztikus, j\u00f3t\u00e9kony entit\u00e1sok [...]<\/p>","protected":false},"author":1,"featured_media":0,"parent":5720,"menu_order":0,"comment_status":"closed","ping_status":"closed","template":"","meta":{"_mi_skip_tracking":false,"_analytify_skip_tracking":false,"footnotes":""},"class_list":["post-5840","page","type-page","status-publish","hentry"],"aioseo_notices":[],"aioseo_head":"\n\t\t<!-- All in One SEO Pro 4.7.0 - aioseo.com -->\n\t\t<meta name=\"description\" content=\"\u00cen tradi\u021bia popular\u0103, s\u00e2nzienele mai sunt numite sfintele, frumoasele, m\u0103iestrele sau s\u00e2nz\u0103ienele, iar \u00een folclor se spune despre aceste entit\u0103\u021bi c\u0103 sunt ni\u0219te fiin\u021be extraordinar de frumoase, formidabile, sunt f\u0103pturi diafane, luminoase alc\u0103tuite din aer, sunt albe, uluitor de frumoase, sunt toate binef\u0103c\u0103toare \u0219i sunt \u00eenzestrate cu anumite insu\u0219iri benefice.\" \/>\n\t\t<meta name=\"robots\" content=\"max-image-preview:large\" \/>\n\t\t<meta name=\"google-site-verification\" content=\"G-391X30D2FS\" \/>\n\t\t<link rel=\"canonical\" href=\"https:\/\/amnromania.ro\/hu\/aktualitas\/hagyomany\/sanzaienele\/\" \/>\n\t\t<meta name=\"generator\" content=\"All in One SEO Pro (AIOSEO) 4.7.0\" \/>\n\t\t<meta property=\"og:locale\" content=\"hu_HU\" \/>\n\t\t<meta property=\"og:site_name\" content=\"AMN Ayurveda ROM\u00c2NIA | Asociatia Nationala pentru Promovarea Medicinelor Neconventionale\" \/>\n\t\t<meta property=\"og:type\" content=\"article\" \/>\n\t\t<meta property=\"og:title\" content=\"Sanzaienele | AMN Ayurveda ROM\u00c2NIA\" \/>\n\t\t<meta property=\"og:description\" content=\"\u00cen tradi\u021bia popular\u0103, s\u00e2nzienele mai sunt numite sfintele, frumoasele, m\u0103iestrele sau s\u00e2nz\u0103ienele, iar \u00een folclor se spune despre aceste entit\u0103\u021bi c\u0103 sunt ni\u0219te fiin\u021be extraordinar de frumoase, formidabile, sunt f\u0103pturi diafane, luminoase alc\u0103tuite din aer, sunt albe, uluitor de frumoase, sunt toate binef\u0103c\u0103toare \u0219i sunt \u00eenzestrate cu anumite insu\u0219iri benefice.\" \/>\n\t\t<meta property=\"og:url\" content=\"https:\/\/amnromania.ro\/hu\/aktualitas\/hagyomany\/sanzaienele\/\" \/>\n\t\t<meta property=\"og:image\" content=\"https:\/\/amnromania.ro\/ynorsyju\/2021\/06\/Ayurveda-in-Romania-Vol.-2-Ro.jpg\" \/>\n\t\t<meta property=\"og:image:secure_url\" content=\"https:\/\/amnromania.ro\/ynorsyju\/2021\/06\/Ayurveda-in-Romania-Vol.-2-Ro.jpg\" \/>\n\t\t<meta property=\"article:published_time\" content=\"2020-11-10T14:46:01+00:00\" \/>\n\t\t<meta property=\"article:modified_time\" content=\"2020-11-10T16:17:35+00:00\" \/>\n\t\t<meta property=\"article:publisher\" content=\"https:\/\/www.facebook.com\/AMNRomania\" \/>\n\t\t<script type=\"application\/ld+json\" class=\"aioseo-schema\">\n\t\t\t{\"@context\":\"https:\\\/\\\/schema.org\",\"@graph\":[{\"@type\":\"BreadcrumbList\",\"@id\":\"https:\\\/\\\/amnromania.ro\\\/hu\\\/aktualitas\\\/hagyomany\\\/sanzaienele\\\/#breadcrumblist\",\"itemListElement\":[{\"@type\":\"ListItem\",\"@id\":\"https:\\\/\\\/amnromania.ro\\\/hu\\\/#listItem\",\"position\":1,\"name\":\"Home\",\"item\":\"https:\\\/\\\/amnromania.ro\\\/hu\\\/\",\"nextItem\":\"https:\\\/\\\/amnromania.ro\\\/hu\\\/aktualitas\\\/#listItem\"},{\"@type\":\"ListItem\",\"@id\":\"https:\\\/\\\/amnromania.ro\\\/hu\\\/aktualitas\\\/#listItem\",\"position\":2,\"name\":\"Actualitate\",\"item\":\"https:\\\/\\\/amnromania.ro\\\/hu\\\/aktualitas\\\/\",\"nextItem\":\"https:\\\/\\\/amnromania.ro\\\/hu\\\/aktualitas\\\/hagyomany\\\/#listItem\",\"previousItem\":\"https:\\\/\\\/amnromania.ro\\\/hu\\\/#listItem\"},{\"@type\":\"ListItem\",\"@id\":\"https:\\\/\\\/amnromania.ro\\\/hu\\\/aktualitas\\\/hagyomany\\\/#listItem\",\"position\":3,\"name\":\"Traditie\",\"item\":\"https:\\\/\\\/amnromania.ro\\\/hu\\\/aktualitas\\\/hagyomany\\\/\",\"nextItem\":\"https:\\\/\\\/amnromania.ro\\\/hu\\\/aktualitas\\\/hagyomany\\\/sanzaienele\\\/#listItem\",\"previousItem\":\"https:\\\/\\\/amnromania.ro\\\/hu\\\/aktualitas\\\/#listItem\"},{\"@type\":\"ListItem\",\"@id\":\"https:\\\/\\\/amnromania.ro\\\/hu\\\/aktualitas\\\/hagyomany\\\/sanzaienele\\\/#listItem\",\"position\":4,\"name\":\"Sanzaienele\",\"previousItem\":\"https:\\\/\\\/amnromania.ro\\\/hu\\\/aktualitas\\\/hagyomany\\\/#listItem\"}]},{\"@type\":\"Organization\",\"@id\":\"https:\\\/\\\/amnromania.ro\\\/hu\\\/#organization\",\"name\":\"AMN Ayurveda Romania\",\"url\":\"https:\\\/\\\/amnromania.ro\\\/hu\\\/\",\"logo\":{\"@type\":\"ImageObject\",\"url\":\"https:\\\/\\\/amnromania.ro\\\/ynorsyju\\\/2020\\\/10\\\/amn.png\",\"@id\":\"https:\\\/\\\/amnromania.ro\\\/hu\\\/aktualitas\\\/hagyomany\\\/sanzaienele\\\/#organizationLogo\"},\"image\":{\"@id\":\"https:\\\/\\\/amnromania.ro\\\/hu\\\/aktualitas\\\/hagyomany\\\/sanzaienele\\\/#organizationLogo\"},\"sameAs\":[\"https:\\\/\\\/www.facebook.com\\\/AMNRomania\",\"https:\\\/\\\/www.youtube.com\\\/channel\\\/UClfqKxiq_uZ11rthDIT3-BQ\\\/videos\"]},{\"@type\":\"WebPage\",\"@id\":\"https:\\\/\\\/amnromania.ro\\\/hu\\\/aktualitas\\\/hagyomany\\\/sanzaienele\\\/#webpage\",\"url\":\"https:\\\/\\\/amnromania.ro\\\/hu\\\/aktualitas\\\/hagyomany\\\/sanzaienele\\\/\",\"name\":\"Sanzaienele | AMN Ayurveda ROM\\u00c2NIA\",\"description\":\"\\u00cen tradi\\u021bia popular\\u0103, s\\u00e2nzienele mai sunt numite sfintele, frumoasele, m\\u0103iestrele sau s\\u00e2nz\\u0103ienele, iar \\u00een folclor se spune despre aceste entit\\u0103\\u021bi c\\u0103 sunt ni\\u0219te fiin\\u021be extraordinar de frumoase, formidabile, sunt f\\u0103pturi diafane, luminoase alc\\u0103tuite din aer, sunt albe, uluitor de frumoase, sunt toate binef\\u0103c\\u0103toare \\u0219i sunt \\u00eenzestrate cu anumite insu\\u0219iri benefice.\",\"inLanguage\":\"hu-HU\",\"isPartOf\":{\"@id\":\"https:\\\/\\\/amnromania.ro\\\/hu\\\/#website\"},\"breadcrumb\":{\"@id\":\"https:\\\/\\\/amnromania.ro\\\/hu\\\/aktualitas\\\/hagyomany\\\/sanzaienele\\\/#breadcrumblist\"},\"datePublished\":\"2020-11-10T14:46:01+02:00\",\"dateModified\":\"2020-11-10T16:17:35+02:00\"},{\"@type\":\"WebSite\",\"@id\":\"https:\\\/\\\/amnromania.ro\\\/hu\\\/#website\",\"url\":\"https:\\\/\\\/amnromania.ro\\\/hu\\\/\",\"name\":\"AMN Ayurveda ROM\\u00c2NIA\",\"description\":\"Asociatia Nationala pentru Promovarea Medicinelor Neconventionale\",\"inLanguage\":\"hu-HU\",\"publisher\":{\"@id\":\"https:\\\/\\\/amnromania.ro\\\/hu\\\/#organization\"}}]}\n\t\t<\/script>\n\t\t<!-- All in One SEO Pro -->\r\n\t\t<title>Sanzaienele | AMN Ayurveda ROM\u00c2NIA<\/title>\n\n","aioseo_head_json":{"title":"Sanzaienele | AMN Ayurveda ROM\u00c2NIA","description":"\u00cen tradi\u021bia popular\u0103, s\u00e2nzienele mai sunt numite sfintele, frumoasele, m\u0103iestrele sau s\u00e2nz\u0103ienele, iar \u00een folclor se spune despre aceste entit\u0103\u021bi c\u0103 sunt ni\u0219te fiin\u021be extraordinar de frumoase, formidabile, sunt f\u0103pturi diafane, luminoase alc\u0103tuite din aer, sunt albe, uluitor de frumoase, sunt toate binef\u0103c\u0103toare \u0219i sunt \u00eenzestrate cu anumite insu\u0219iri benefice.","canonical_url":"https:\/\/amnromania.ro\/hu\/aktualitas\/hagyomany\/sanzaienele\/","robots":"max-image-preview:large","keywords":"","webmasterTools":{"google-site-verification":"G-391X30D2FS","miscellaneous":""},"og:locale":"hu_HU","og:site_name":"AMN Ayurveda ROM\u00c2NIA | Asociatia Nationala pentru Promovarea Medicinelor Neconventionale","og:type":"article","og:title":"Sanzaienele | AMN Ayurveda ROM\u00c2NIA","og:description":"\u00cen tradi\u021bia popular\u0103, s\u00e2nzienele mai sunt numite sfintele, frumoasele, m\u0103iestrele sau s\u00e2nz\u0103ienele, iar \u00een folclor se spune despre aceste entit\u0103\u021bi c\u0103 sunt ni\u0219te fiin\u021be extraordinar de frumoase, formidabile, sunt f\u0103pturi diafane, luminoase alc\u0103tuite din aer, sunt albe, uluitor de frumoase, sunt toate binef\u0103c\u0103toare \u0219i sunt \u00eenzestrate cu anumite insu\u0219iri benefice.","og:url":"https:\/\/amnromania.ro\/hu\/aktualitas\/hagyomany\/sanzaienele\/","og:image":"https:\/\/amnromania.ro\/ynorsyju\/2021\/06\/Ayurveda-in-Romania-Vol.-2-Ro.jpg","og:image:secure_url":"https:\/\/amnromania.ro\/ynorsyju\/2021\/06\/Ayurveda-in-Romania-Vol.-2-Ro.jpg","article:published_time":"2020-11-10T14:46:01+00:00","article:modified_time":"2020-11-10T16:17:35+00:00","article:publisher":"https:\/\/www.facebook.com\/AMNRomania","schema":{"@context":"https:\/\/schema.org","@graph":[{"@type":"BreadcrumbList","@id":"https:\/\/amnromania.ro\/hu\/aktualitas\/hagyomany\/sanzaienele\/#breadcrumblist","itemListElement":[{"@type":"ListItem","@id":"https:\/\/amnromania.ro\/hu\/#listItem","position":1,"name":"Home","item":"https:\/\/amnromania.ro\/hu\/","nextItem":"https:\/\/amnromania.ro\/hu\/aktualitas\/#listItem"},{"@type":"ListItem","@id":"https:\/\/amnromania.ro\/hu\/aktualitas\/#listItem","position":2,"name":"Actualitate","item":"https:\/\/amnromania.ro\/hu\/aktualitas\/","nextItem":"https:\/\/amnromania.ro\/hu\/aktualitas\/hagyomany\/#listItem","previousItem":"https:\/\/amnromania.ro\/hu\/#listItem"},{"@type":"ListItem","@id":"https:\/\/amnromania.ro\/hu\/aktualitas\/hagyomany\/#listItem","position":3,"name":"Traditie","item":"https:\/\/amnromania.ro\/hu\/aktualitas\/hagyomany\/","nextItem":"https:\/\/amnromania.ro\/hu\/aktualitas\/hagyomany\/sanzaienele\/#listItem","previousItem":"https:\/\/amnromania.ro\/hu\/aktualitas\/#listItem"},{"@type":"ListItem","@id":"https:\/\/amnromania.ro\/hu\/aktualitas\/hagyomany\/sanzaienele\/#listItem","position":4,"name":"Sanzaienele","previousItem":"https:\/\/amnromania.ro\/hu\/aktualitas\/hagyomany\/#listItem"}]},{"@type":"Organization","@id":"https:\/\/amnromania.ro\/hu\/#organization","name":"AMN Ayurveda Romania","url":"https:\/\/amnromania.ro\/hu\/","logo":{"@type":"ImageObject","url":"https:\/\/amnromania.ro\/ynorsyju\/2020\/10\/amn.png","@id":"https:\/\/amnromania.ro\/hu\/aktualitas\/hagyomany\/sanzaienele\/#organizationLogo"},"image":{"@id":"https:\/\/amnromania.ro\/hu\/aktualitas\/hagyomany\/sanzaienele\/#organizationLogo"},"sameAs":["https:\/\/www.facebook.com\/AMNRomania","https:\/\/www.youtube.com\/channel\/UClfqKxiq_uZ11rthDIT3-BQ\/videos"]},{"@type":"WebPage","@id":"https:\/\/amnromania.ro\/hu\/aktualitas\/hagyomany\/sanzaienele\/#webpage","url":"https:\/\/amnromania.ro\/hu\/aktualitas\/hagyomany\/sanzaienele\/","name":"Sanzaienele | AMN Ayurveda ROM\u00c2NIA","description":"\u00cen tradi\u021bia popular\u0103, s\u00e2nzienele mai sunt numite sfintele, frumoasele, m\u0103iestrele sau s\u00e2nz\u0103ienele, iar \u00een folclor se spune despre aceste entit\u0103\u021bi c\u0103 sunt ni\u0219te fiin\u021be extraordinar de frumoase, formidabile, sunt f\u0103pturi diafane, luminoase alc\u0103tuite din aer, sunt albe, uluitor de frumoase, sunt toate binef\u0103c\u0103toare \u0219i sunt \u00eenzestrate cu anumite insu\u0219iri benefice.","inLanguage":"hu-HU","isPartOf":{"@id":"https:\/\/amnromania.ro\/hu\/#website"},"breadcrumb":{"@id":"https:\/\/amnromania.ro\/hu\/aktualitas\/hagyomany\/sanzaienele\/#breadcrumblist"},"datePublished":"2020-11-10T14:46:01+02:00","dateModified":"2020-11-10T16:17:35+02:00"},{"@type":"WebSite","@id":"https:\/\/amnromania.ro\/hu\/#website","url":"https:\/\/amnromania.ro\/hu\/","name":"AMN Ayurveda ROM\u00c2NIA","description":"Asociatia Nationala pentru Promovarea Medicinelor Neconventionale","inLanguage":"hu-HU","publisher":{"@id":"https:\/\/amnromania.ro\/hu\/#organization"}}]}},"aioseo_meta_data":{"post_id":"5840","title":null,"description":"\u00cen tradi\u021bia popular\u0103, s\u00e2nzienele mai sunt numite sfintele, frumoasele, m\u0103iestrele sau s\u00e2nz\u0103ienele, iar \u00een folclor se spune despre aceste entit\u0103\u021bi c\u0103 sunt ni\u0219te fiin\u021be extraordinar de frumoase, formidabile, sunt f\u0103pturi diafane, luminoase alc\u0103tuite din aer, sunt albe, uluitor de frumoase, sunt toate binef\u0103c\u0103toare \u0219i sunt \u00eenzestrate cu anumite insu\u0219iri benefice.","keywords":null,"keyphrases":null,"primary_term":null,"canonical_url":null,"og_title":null,"og_description":null,"og_object_type":"default","og_image_type":"default","og_image_url":null,"og_image_width":null,"og_image_height":null,"og_image_custom_url":null,"og_image_custom_fields":null,"og_video":null,"og_custom_url":null,"og_article_section":null,"og_article_tags":null,"twitter_use_og":false,"twitter_card":"default","twitter_image_type":"default","twitter_image_url":null,"twitter_image_custom_url":null,"twitter_image_custom_fields":null,"twitter_title":null,"twitter_description":null,"schema":{"blockGraphs":[],"customGraphs":[],"default":{"data":{"Article":[],"Course":[],"Dataset":[],"FAQPage":[],"Movie":[],"Person":[],"Product":[],"Recipe":[],"Service":[],"SoftwareApplication":[],"WebPage":[]},"graphName":"WebPage","isEnabled":true},"graphs":[]},"schema_type":null,"schema_type_options":null,"pillar_content":false,"robots_default":true,"robots_noindex":false,"robots_noarchive":false,"robots_nosnippet":false,"robots_nofollow":false,"robots_noimageindex":false,"robots_noodp":false,"robots_notranslate":false,"robots_max_snippet":null,"robots_max_videopreview":null,"robots_max_imagepreview":"large","priority":null,"frequency":null,"local_seo":null,"limit_modified_date":false,"open_ai":null,"created":"2020-12-21 07:24:32","updated":"2024-01-28 10:46:44"},"aioseo_breadcrumb":"<div class=\"aioseo-breadcrumbs\"><span class=\"aioseo-breadcrumb\">\n\t<a href=\"https:\/\/amnromania.ro\/hu\" title=\"Home\">Home<\/a>\n<\/span><span class=\"aioseo-breadcrumb-separator\">&raquo;<\/span><span class=\"aioseo-breadcrumb\">\n\t<a href=\"https:\/\/amnromania.ro\/hu\/aktualitas\/\" title=\"Actualitate\">Actualitate<\/a>\n<\/span><span class=\"aioseo-breadcrumb-separator\">&raquo;<\/span><span class=\"aioseo-breadcrumb\">\n\t<a href=\"https:\/\/amnromania.ro\/hu\/aktualitas\/hagyomany\/\" title=\"Traditie\">Traditie<\/a>\n<\/span><span class=\"aioseo-breadcrumb-separator\">&raquo;<\/span><span class=\"aioseo-breadcrumb\">\n\tSanzaienele\n<\/span><\/div>","aioseo_breadcrumb_json":[{"label":"Home","link":"https:\/\/amnromania.ro\/hu"},{"label":"Actualitate","link":"https:\/\/amnromania.ro\/hu\/aktualitas\/"},{"label":"Traditie","link":"https:\/\/amnromania.ro\/hu\/aktualitas\/hagyomany\/"},{"label":"Sanzaienele","link":"https:\/\/amnromania.ro\/hu\/aktualitas\/hagyomany\/sanzaienele\/"}],"_links":{"self":[{"href":"https:\/\/amnromania.ro\/hu\/wp-json\/wp\/v2\/pages\/5840","targetHints":{"allow":["GET"]}}],"collection":[{"href":"https:\/\/amnromania.ro\/hu\/wp-json\/wp\/v2\/pages"}],"about":[{"href":"https:\/\/amnromania.ro\/hu\/wp-json\/wp\/v2\/types\/page"}],"author":[{"embeddable":true,"href":"https:\/\/amnromania.ro\/hu\/wp-json\/wp\/v2\/users\/1"}],"replies":[{"embeddable":true,"href":"https:\/\/amnromania.ro\/hu\/wp-json\/wp\/v2\/comments?post=5840"}],"version-history":[{"count":0,"href":"https:\/\/amnromania.ro\/hu\/wp-json\/wp\/v2\/pages\/5840\/revisions"}],"up":[{"embeddable":true,"href":"https:\/\/amnromania.ro\/hu\/wp-json\/wp\/v2\/pages\/5720"}],"wp:attachment":[{"href":"https:\/\/amnromania.ro\/hu\/wp-json\/wp\/v2\/media?parent=5840"}],"curies":[{"name":"wp","href":"https:\/\/api.w.org\/{rel}","templated":true}]}}