{"id":5814,"date":"2020-11-10T14:38:41","date_gmt":"2020-11-10T14:38:41","guid":{"rendered":"https:\/\/amnromania.ro\/?page_id=5814"},"modified":"2020-11-10T16:49:27","modified_gmt":"2020-11-10T16:49:27","slug":"capusele-and-boreliosis-1","status":"publish","type":"page","link":"https:\/\/amnromania.ro\/hu\/aktualitas\/szezon-betegseg\/capusele-and-boreliosis-1\/","title":{"rendered":"Capusa \u00e9s boreliosis - 1"},"content":{"rendered":"<div data-elementor-type=\"wp-page\" data-elementor-id=\"5814\" class=\"elementor elementor-5814\" data-elementor-post-type=\"page\">\n\t\t\t\t\t\t<section class=\"elementor-section elementor-top-section elementor-element elementor-element-ceeb7b6 elementor-section-boxed elementor-section-height-default elementor-section-height-default\" data-id=\"ceeb7b6\" data-element_type=\"section\">\n\t\t\t\t\t\t<div class=\"elementor-container elementor-column-gap-default\">\n\t\t\t\t\t<div class=\"elementor-column elementor-col-50 elementor-top-column elementor-element elementor-element-285e256\" data-id=\"285e256\" data-element_type=\"column\">\n\t\t\t<div class=\"elementor-widget-wrap elementor-element-populated\">\n\t\t\t\t\t\t<div class=\"elementor-element elementor-element-150938d elementor-nav-menu__align-start elementor-nav-menu__text-align-center elementor-nav-menu--dropdown-tablet elementor-nav-menu--toggle elementor-nav-menu--burger elementor-widget elementor-widget-global elementor-global-5773 elementor-widget-nav-menu\" data-id=\"150938d\" data-element_type=\"widget\" data-settings=\"{&quot;layout&quot;:&quot;vertical&quot;,&quot;submenu_icon&quot;:{&quot;value&quot;:&quot;fas fa-caret-down&quot;,&quot;library&quot;:&quot;fa-solid&quot;},&quot;toggle&quot;:&quot;burger&quot;}\" data-widget_type=\"nav-menu.default\">\n\t\t\t\t<div class=\"elementor-widget-container\">\n\t\t\t\t\t\t\t\t<nav aria-label=\"Men\u00fc\" class=\"elementor-nav-menu--main elementor-nav-menu__container elementor-nav-menu--layout-vertical e--pointer-background e--animation-fade\">\n\t\t\t\t<ul id=\"menu-1-150938d\" class=\"elementor-nav-menu sm-vertical\"><li class=\"menu-item menu-item-type-post_type menu-item-object-page menu-item-5758\"><a href=\"https:\/\/amnromania.ro\/hu\/aktualitas\/devitalizacio\/\" class=\"elementor-item\">Devitaliz\u00e1ci\u00f3<\/a><\/li>\n<li class=\"menu-item menu-item-type-post_type menu-item-object-page menu-item-5759\"><a href=\"https:\/\/amnromania.ro\/hu\/aktualitas\/jogorvoslatok-gyerekeknek-2\/\" class=\"elementor-item\">Gy\u00f3gym\u00f3dok gyermekeknek - 2<\/a><\/li>\n<li class=\"menu-item menu-item-type-post_type menu-item-object-page menu-item-5760\"><a href=\"https:\/\/amnromania.ro\/hu\/aktualitas\/gyogymodok-a-gyerekeknek-1\/\" class=\"elementor-item\">Gy\u00f3gym\u00f3dok gyermekeknek - 1<\/a><\/li>\n<li class=\"menu-item menu-item-type-post_type menu-item-object-page menu-item-5761\"><a href=\"https:\/\/amnromania.ro\/hu\/aktualitas\/transzmutacio-es-szublimacio\/\" class=\"elementor-item\">Transzmut\u00e1ci\u00f3 \u00e9s szublim\u00e1ci\u00f3<\/a><\/li>\n<li class=\"menu-item menu-item-type-post_type menu-item-object-page menu-item-5762\"><a href=\"https:\/\/amnromania.ro\/hu\/aktualitas\/elmelet-morfogenetika\/\" class=\"elementor-item\">Morfogenetikai elm\u00e9let<\/a><\/li>\n<li class=\"menu-item menu-item-type-post_type menu-item-object-page menu-item-5763\"><a href=\"https:\/\/amnromania.ro\/hu\/aktualitas\/univerzum-vibrator\/\" class=\"elementor-item\">A vibr\u00e1ci\u00f3s univerzum<\/a><\/li>\n<li class=\"menu-item menu-item-type-post_type menu-item-object-page menu-item-5764\"><a href=\"https:\/\/amnromania.ro\/hu\/aktualitas\/hagyomany\/\" class=\"elementor-item\">Hagyom\u00e1ny<\/a><\/li>\n<li class=\"menu-item menu-item-type-post_type menu-item-object-page menu-item-5765\"><a href=\"https:\/\/amnromania.ro\/hu\/mezok\/pszichoterapia\/leszokas-a-dohanyzasrol\/\" class=\"elementor-item\">A doh\u00e1nyz\u00e1sr\u00f3l val\u00f3 leszok\u00e1s<\/a><\/li>\n<li class=\"menu-item menu-item-type-post_type menu-item-object-page menu-item-5766\"><a href=\"https:\/\/amnromania.ro\/hu\/aktualitas\/szezon-betegseg\/\" class=\"elementor-item\">Szezon\u00e1lis betegs\u00e9gek<\/a><\/li>\n<li class=\"menu-item menu-item-type-post_type menu-item-object-page menu-item-5767\"><a href=\"https:\/\/amnromania.ro\/hu\/aktualitas\/termeszetes-gyogyulas\/\" class=\"elementor-item\">Term\u00e9szetes gy\u00f3gyul\u00e1s<\/a><\/li>\n<li class=\"menu-item menu-item-type-post_type menu-item-object-page menu-item-5768\"><a href=\"https:\/\/amnromania.ro\/hu\/aktualitas\/egeszseg-talaj\/\" class=\"elementor-item\">A talaj eg\u00e9szs\u00e9ge<\/a><\/li>\n<li class=\"menu-item menu-item-type-post_type menu-item-object-page menu-item-5769\"><a href=\"https:\/\/amnromania.ro\/hu\/aktualitas\/nem-hagyomanyos-megkozelitesu\/\" class=\"elementor-item\">A nem hagyom\u00e1nyos megk\u00f6zel\u00edt\u00e9s<\/a><\/li>\n<li class=\"menu-item menu-item-type-post_type menu-item-object-page menu-item-6434\"><a href=\"https:\/\/amnromania.ro\/hu\/aktualitas\/hirek\/\" class=\"elementor-item\">H\u00edrek<\/a><\/li>\n<\/ul>\t\t\t<\/nav>\n\t\t\t\t\t<div class=\"elementor-menu-toggle\" role=\"button\" tabindex=\"0\" aria-label=\"Toggle men\u00fc\" aria-expanded=\"false\">\n\t\t\t<i aria-hidden=\"true\" role=\"presentation\" class=\"elementor-menu-toggle__icon--open eicon-menu-bar\"><\/i><i aria-hidden=\"true\" role=\"presentation\" class=\"elementor-menu-toggle__icon--close eicon-close\"><\/i>\t\t<\/div>\n\t\t\t\t\t<nav class=\"elementor-nav-menu--dropdown elementor-nav-menu__container\" aria-hidden=\"true\">\n\t\t\t\t<ul id=\"menu-2-150938d\" class=\"elementor-nav-menu sm-vertical\"><li class=\"menu-item menu-item-type-post_type menu-item-object-page menu-item-5758\"><a href=\"https:\/\/amnromania.ro\/hu\/aktualitas\/devitalizacio\/\" class=\"elementor-item\" tabindex=\"-1\">Devitaliz\u00e1ci\u00f3<\/a><\/li>\n<li class=\"menu-item menu-item-type-post_type menu-item-object-page menu-item-5759\"><a href=\"https:\/\/amnromania.ro\/hu\/aktualitas\/jogorvoslatok-gyerekeknek-2\/\" class=\"elementor-item\" tabindex=\"-1\">Gy\u00f3gym\u00f3dok gyermekeknek - 2<\/a><\/li>\n<li class=\"menu-item menu-item-type-post_type menu-item-object-page menu-item-5760\"><a href=\"https:\/\/amnromania.ro\/hu\/aktualitas\/gyogymodok-a-gyerekeknek-1\/\" class=\"elementor-item\" tabindex=\"-1\">Gy\u00f3gym\u00f3dok gyermekeknek - 1<\/a><\/li>\n<li class=\"menu-item menu-item-type-post_type menu-item-object-page menu-item-5761\"><a href=\"https:\/\/amnromania.ro\/hu\/aktualitas\/transzmutacio-es-szublimacio\/\" class=\"elementor-item\" tabindex=\"-1\">Transzmut\u00e1ci\u00f3 \u00e9s szublim\u00e1ci\u00f3<\/a><\/li>\n<li class=\"menu-item menu-item-type-post_type menu-item-object-page menu-item-5762\"><a href=\"https:\/\/amnromania.ro\/hu\/aktualitas\/elmelet-morfogenetika\/\" class=\"elementor-item\" tabindex=\"-1\">Morfogenetikai elm\u00e9let<\/a><\/li>\n<li class=\"menu-item menu-item-type-post_type menu-item-object-page menu-item-5763\"><a href=\"https:\/\/amnromania.ro\/hu\/aktualitas\/univerzum-vibrator\/\" class=\"elementor-item\" tabindex=\"-1\">A vibr\u00e1ci\u00f3s univerzum<\/a><\/li>\n<li class=\"menu-item menu-item-type-post_type menu-item-object-page menu-item-5764\"><a href=\"https:\/\/amnromania.ro\/hu\/aktualitas\/hagyomany\/\" class=\"elementor-item\" tabindex=\"-1\">Hagyom\u00e1ny<\/a><\/li>\n<li class=\"menu-item menu-item-type-post_type menu-item-object-page menu-item-5765\"><a href=\"https:\/\/amnromania.ro\/hu\/mezok\/pszichoterapia\/leszokas-a-dohanyzasrol\/\" class=\"elementor-item\" tabindex=\"-1\">A doh\u00e1nyz\u00e1sr\u00f3l val\u00f3 leszok\u00e1s<\/a><\/li>\n<li class=\"menu-item menu-item-type-post_type menu-item-object-page menu-item-5766\"><a href=\"https:\/\/amnromania.ro\/hu\/aktualitas\/szezon-betegseg\/\" class=\"elementor-item\" tabindex=\"-1\">Szezon\u00e1lis betegs\u00e9gek<\/a><\/li>\n<li class=\"menu-item menu-item-type-post_type menu-item-object-page menu-item-5767\"><a href=\"https:\/\/amnromania.ro\/hu\/aktualitas\/termeszetes-gyogyulas\/\" class=\"elementor-item\" tabindex=\"-1\">Term\u00e9szetes gy\u00f3gyul\u00e1s<\/a><\/li>\n<li class=\"menu-item menu-item-type-post_type menu-item-object-page menu-item-5768\"><a href=\"https:\/\/amnromania.ro\/hu\/aktualitas\/egeszseg-talaj\/\" class=\"elementor-item\" tabindex=\"-1\">A talaj eg\u00e9szs\u00e9ge<\/a><\/li>\n<li class=\"menu-item menu-item-type-post_type menu-item-object-page menu-item-5769\"><a href=\"https:\/\/amnromania.ro\/hu\/aktualitas\/nem-hagyomanyos-megkozelitesu\/\" class=\"elementor-item\" tabindex=\"-1\">A nem hagyom\u00e1nyos megk\u00f6zel\u00edt\u00e9s<\/a><\/li>\n<li class=\"menu-item menu-item-type-post_type menu-item-object-page menu-item-6434\"><a href=\"https:\/\/amnromania.ro\/hu\/aktualitas\/hirek\/\" class=\"elementor-item\" tabindex=\"-1\">H\u00edrek<\/a><\/li>\n<\/ul>\t\t\t<\/nav>\n\t\t\t\t\t\t<\/div>\n\t\t\t\t<\/div>\n\t\t\t\t\t<\/div>\n\t\t<\/div>\n\t\t\t\t<div class=\"elementor-column elementor-col-50 elementor-top-column elementor-element elementor-element-5255296\" data-id=\"5255296\" data-element_type=\"column\">\n\t\t\t<div class=\"elementor-widget-wrap elementor-element-populated\">\n\t\t\t\t\t\t<div class=\"elementor-element elementor-element-abe55fd elementor-widget elementor-widget-text-editor\" data-id=\"abe55fd\" data-element_type=\"widget\" data-widget_type=\"text-editor.default\">\n\t\t\t\t<div class=\"elementor-widget-container\">\n\t\t\t\t\t\t\t\t\t<h1><img fetchpriority=\"high\" decoding=\"async\" class=\"aligncenter wp-image-6083\" src=\"https:\/\/amnromania.ro\/wp-content\/uploads\/2020\/11\/capuse1-1024x702.jpg\" alt=\"\" width=\"543\" height=\"373\" srcset=\"https:\/\/amnromania.ro\/wp-content\/uploads\/2020\/11\/capuse1-1024x702.jpg 1024w, https:\/\/amnromania.ro\/wp-content\/uploads\/2020\/11\/capuse1-300x206.jpg 300w, https:\/\/amnromania.ro\/wp-content\/uploads\/2020\/11\/capuse1-768x526.jpg 768w, https:\/\/amnromania.ro\/wp-content\/uploads\/2020\/11\/capuse1.jpg 1280w\" sizes=\"(max-width: 543px) 100vw, 543px\" \/><\/h1><h1 style=\"text-align: center;\"><span style=\"color: #ff6600;\"><strong>Kullancsok, boreliosis (Lyme-k\u00f3r)<\/strong><\/span><\/h1><h1 style=\"text-align: center;\"><span style=\"color: #ff6600;\"><strong> \u00e9s term\u00e9szetes megel\u0151z\u00e9si vagy ter\u00e1pi\u00e1s m\u00f3dszerek (1)<\/strong><\/span><\/h1><p style=\"text-align: right;\">Dr. Mirela Stran\u021b, ayurv\u00e9da oktat\u00f3<br \/>Dr. Paula Florea, ayurv\u00e9da oktat\u00f3<br \/>Nina Marin, Ayurveda el\u0151ad\u00f3<\/p><h3 class=\"Titlu-2\"><span style=\"color: #ff6600;\"><strong>Forr\u00f3 \u00e9vszak<\/strong><\/span><\/h3><p class=\"Text2\">Ism\u00e9t itt a ny\u00e1r, \u00e9s a sok bent t\u00f6lt\u00f6tt id\u0151 ut\u00e1n a term\u00e9szet h\u00edvogat minket. A szabadban \u00e9s a term\u00e9szet k\u00f6zep\u00e9n t\u00f6lt\u00f6tt id\u0151 elengedhetetlen\u00fcl sz\u00fcks\u00e9ges mind az eg\u00e9szs\u00e9g\u00fcnk, mind pedig az \u00e9rzelmi \u00e9s lelki regener\u00e1l\u00f3d\u00e1sunk szempontj\u00e1b\u00f3l.<\/p><p class=\"Text2\">Minden, ami term\u00e9szetes, sz\u00e9p, \u00e9l\u0151 \u00e9s k\u00f6r\u00fclvesz minket, m\u00e9lyen kiegyens\u00falyoz\u00f3 hat\u00e1ssal van eg\u00e9sz l\u00e9ny\u00fcnkre. A parkokban, kertekben, az erd\u0151ben vagy a v\u00edzparton minden z\u00f6ld ter\u00fclet term\u00e9szetes vonzer\u0151t gyakorol r\u00e1nk.<\/p><p class=\"Text2\">Amellett, hogy figyelmet kell ford\u00edtanunk az \u00e9sszer\u0171 napoz\u00e1sra (ami a D-vitamin szint\u00e9zis\u00e9hez, a hormonok \u00e9s a neurotranszmitterek kiegyens\u00falyoz\u00e1s\u00e1hoz sz\u00fcks\u00e9ges), fontos tudni, hogy a s\u00e9t\u00e1k \u00e9s a z\u00f6ld f\u0171be val\u00f3 kir\u00e1ndul\u00e1sok sok napf\u00e9nynek tesznek ki minket.<wbr \/>bizonyos m\u00e9rt\u00e9kig a parazit\u00e1val val\u00f3 fert\u0151z\u00e9s lehet\u0151s\u00e9g\u00e9t, amely a legkellemetlenebb hossz\u00fa t\u00e1v\u00fa k\u00f6vetkezm\u00e9nyekkel j\u00e1rhat. Ez a f\u0151k\u00e9nt kullancsok \u00e1ltal terjesztett Borelia.<\/p><p class=\"Text2\">Nem kell azonban abba a sz\u00e9ls\u0151s\u00e9ges \u00e1llapotba esni, hogy az ember \"in<wbr \/>egy \"\u00fcvegg\u00f6mb\u00f6t\", amely t\u00f6k\u00e9letesen elszigetel minket minden nem k\u00edv\u00e1nt interakci\u00f3t\u00f3l (ami sem nem eg\u00e9szs\u00e9ges, sem nem megval\u00f3s\u00edthat\u00f3), vagy hogy \u00e1lland\u00f3 szorong\u00e1st kelts\u00fcnk a gondolatt\u00f3l, hogy kimegy\u00fcnk a saj\u00e1t kert\u00fcnkbe, mert f\u00e9l\u00fcnk t\u0151l\u00fck. J\u00f3 azonban, ha b\u00f6lcsek \u00e9s felel\u0151ss\u00e9gteljesek vagyunk, \u00e9s kihaszn\u00e1ljuk a sz\u00e1mos term\u00e9szetes v\u00e9dekez\u00e9si (vagy sz\u00fcks\u00e9g eset\u00e9n kezel\u00e9si) m\u00f3dszert, valamint n\u00e9h\u00e1ny egyszer\u0171 l\u00e9p\u00e9st, amelyeket megtehet\u00fcnk, ha kimegy\u00fcnk a szabadba, k\u00fcl\u00f6n\u00f6sen a k\u00f6vetkez\u0151kben<wbr \/>egy olyan ter\u00fcletre, amelyr\u0151l k\u00f6ztudott, hogy tele van kullancsokkal.<\/p><p class=\"Text2\">Mindezek ut\u00e1n meg kell eml\u00edteni, hogy nem minden kullancs hordoz\u00f3ja ennek a bakt\u00e9riumnak, \u00e9s azt is, hogy nem mindegyik kapja el a betegs\u00e9get.<wbr \/>m\u00e9g akkor is, ha ez a mikroba a v\u00e9r\u00fckben van.<\/p><h3 class=\"Titlu-2\"><strong><span style=\"color: #ff6600;\">Hasznos inform\u00e1ci\u00f3k<\/span><\/strong><\/h3><p class=\"Text2\">Ebben a cikkben tov\u00e1bbi inform\u00e1ci\u00f3kat mutatunk be a kullancsokr\u00f3l, a boreliosisr\u00f3l, valamint a kullancscs\u00edp\u00e9s megel\u0151z\u00e9s\u00e9nek m\u00f3dszereir\u0151l \u00e9s a kullancsok egyszer\u0171 \u00e9s biztons\u00e1gos elt\u00e1vol\u00edt\u00e1s\u00e1r\u00f3l ember \u00e9s \u00e1llat eset\u00e9ben egyar\u00e1nt, arr\u00f3l, hogy milyen hib\u00e1kat kell elker\u00fclni, amikor el akarjuk t\u00e1vol\u00edtani \u0151ket a b\u0151rr\u0151l, valamint a term\u00e9szetes m\u00f3dszerekr\u0151l, amelyekkel sz\u00fcks\u00e9g eset\u00e9n megel\u0151zhet\u0151 \u00e9s\/vagy kezelhet\u0151 a boreliosis. Aj\u00e1nlott orvoshoz\/szakemberhez fordulni abban az esetben, ha<wbr \/>kiv\u00e1ltotta Lyme-k\u00f3r, de j\u00f3, ha ismer\u00fcnk n\u00e9h\u00e1ny term\u00e9szetes m\u00f3dszert, \u00e9s k\u00fcl\u00f6n\u00f6sen, ha kor\u00e1n cseleksz\u00fcnk.<\/p><p class=\"Text2\">A Lyme-borreli\u00f3zis egy ZOONOSIS.<\/p><p class=\"Text2 C-14\"><em>F\u0151 \u00e1tviteli vektor<\/em><span class=\"C-15\">: Kullancs - k\u00fcl\u00f6n\u00f6sen az Ixodes nemzets\u00e9g, m\u00e1sodlagos:\u00a0<strong><span class=\"C-16\">sz\u00fanyog<\/span>\u00a0<\/strong>szab\u00e1lyos,\u00a0<strong><span class=\"C-16\">tetvek<\/span>\u00a0<\/strong>vagy\u00a0<span class=\"C-16\"><strong>maszkok<\/strong>.<\/span><\/span><\/p><p class=\"Text2 C-14\"><em>A tart\u00e1ly<\/em><span class=\"C-15\">\u00a0- Eml\u0151s\u00f6k (juhok, szarvasok, kuty\u00e1k stb.)<\/span><\/p><p class=\"Text2 C-14\"><em>Fert\u0151z\u00f6tt gazdatestek<\/em><span class=\"C-15\">Eml\u0151s\u00f6k \u00e9s ember<\/span><\/p><p class=\"Text2\">A kullancs a Borrelia mellett m\u00e1s mikrob\u00e1kat is \u00e1tvihet: Bartonella, Mycoplasma, Chlamydia, Babesia, Anaplasma, Rickettsia, kullancs \u00e1ltal terjesztett agyvel\u0151gyullad\u00e1s v\u00edrus, Cytomegalov\u00edrus, Epstein-<wbr \/>Bar, HHV-<wbr \/>6 (Herpesz v\u00edrus 6).<\/p><h3 class=\"Titlu-2\"><span style=\"color: #ff6600;\"><strong>A kullancsok jellemz\u0151i<\/strong><\/span><\/h3><p class=\"Text2\">Az Ixodes ricinus kullancs a leggyakoribb kullancs. Egyik jellemz\u0151je, hogy miel\u0151tt megharapn\u00e1 a gazdatestet, ny\u00e1l\u00e1ban \u00e9rz\u00e9stelen\u00edt\u0151 anyagot v\u00e1laszt ki, ez\u00e9rt nem \u00e9rz\u00fcnk semmit, amikor a test\u00fcnkh\u00f6z tapad. Feln\u0151ttk\u00e9nt el\u00e9g nagy ahhoz, hogy szabad szemmel is l\u00e1that\u00f3 legyen, de nimfak\u00e9nt nagyon kicsi (k\u00f6r\u00fclbel\u00fcl m\u00e1kszem nagys\u00e1g\u00fa), \u00e9s k\u00f6nnyen el tud sz\u00f6kni \u00e9szrev\u00e9tlen\u00fcl.<\/p><p class=\"Text2 C-17\">A kullancsok \u00e1ltal\u00e1ban \u00e1rny\u00e9kos, nedves talajban \u00e9lnek, \u00e9s gyakran a magas f\u0171h\u00f6z, bokrokhoz, cserj\u00e9khez \u00e9s alacsony fa\u00e1gakhoz tapadnak, majd egy elhalad\u00f3 \u00e1llathoz, az \u00fagynevezett gazdatesthez tapadnak. A r\u00e9tek \u00e9s a kertek, k\u00fcl\u00f6n\u00f6sen az erd\u0151sz\u00e9leken fekv\u0151 r\u00e9tek \u00e9s kertek adhatnak otthont a kullancsoknak. Rom\u00e1ni\u00e1ban bizonyos endemikus ter\u00fcleteket ismernek el, nevezetesen a megy\u00e9ket:  Arad, Kolozsv\u00e1r, Nagyszeben, Alba, S\u0103laj, Neam\u021b, Boto\u0219ani. Ez nem z\u00e1rja ki annak lehet\u0151s\u00e9g\u00e9t, hogy haz\u00e1nkban m\u00e1s vesz\u00e9lyeztetett ter\u00fcletek is l\u00e9tezhetnek, mivel a Borrelia Burgdorferi bakt\u00e9rium term\u00e9szetes rezervo\u00e1rja a vadon \u00e9l\u0151 \u00e1llatok. Kullancsok\u00a0<span class=\"C-15\">h\u00e1zi\u00e1llatokr\u00f3l is \u00e1tvihet\u0151: macsk\u00e1k, kuty\u00e1k, nyulak, akiknek ez a parazita van. A kullancsok a test bizonyos ter\u00fcleteit r\u00e9szes\u00edtik el\u0151nyben, ahol gyakran el\u0151fordulnak:<\/span><\/p><p class=\"Text2 C-18\">\uf0b7\u00a0<span class=\"C-15\">a f\u00fclek m\u00f6g\u00f6tt<\/span><\/p><p class=\"Text2 C-18\">\uf0b7\u00a0<span class=\"C-15\">a tark\u00f3 \u00e9s a fej sz\u0151r\u00f6s b\u0151re<\/span><\/p><p class=\"Text2 C-18\">\uf0b7\u00a0<span class=\"C-15\">h\u00f3nalj<\/span><\/p><p class=\"Text2 C-18\">\uf0b7\u00a0<span class=\"C-15\">az \u00e1gy\u00e9k \u00e9s a nemi szervek ter\u00fclet\u00e9n<\/span><\/p><p class=\"Text2 C-18\">\uf0b7\u00a0<span class=\"C-15\">a t\u00e9rd m\u00f6g\u00f6tt<\/span><\/p><p class=\"Text2 C-17\">Mint l\u00e1that\u00f3, a kullancs az el\u00fcls\u0151 karmaival m\u00e9lyen a b\u0151rbe tapad, fej\u00e9vel behatol az erekbe, ahol k\u00f6zvetlen\u00fcl t\u00e1pl\u00e1lkozik.\u00a0<span class=\"C-15\">M\u00e9ret\u00fck n\u0151, ahogy egyre t\u00f6bb v\u00e9rrel t\u00e1pl\u00e1lkoznak. Nem rep\u00fclnek \u00e9s nem ugranak (a skorpi\u00f3k \u00e9s p\u00f3kok csal\u00e1dj\u00e1ba tartoz\u00f3 parazita rovarok).<\/span><\/p>\t\t\t\t\t\t\t\t<\/div>\n\t\t\t\t<\/div>\n\t\t\t\t\t<\/div>\n\t\t<\/div>\n\t\t\t\t\t<\/div>\n\t\t<\/section>\n\t\t\t\t<\/div>","protected":false},"excerpt":{"rendered":"<p>Kullancsok, boreliosis (Lyme-k\u00f3r) \u00e9s a megel\u0151z\u00e9s vagy ter\u00e1pia term\u00e9szetes m\u00f3dszerei (1) Dr. Mirela Stran\u021b, ayurv\u00e9da el\u0151ad\u00f3 Dr. Paula Florea, ayurv\u00e9da el\u0151ad\u00f3 Nina Marin, ayurv\u00e9da el\u0151ad\u00f3 A forr\u00f3 \u00e9vszak \u00dajra ny\u00e1r van, \u00e9s a sok bent t\u00f6lt\u00f6tt id\u0151 ut\u00e1n a term\u00e9szet h\u00edvogat minket. A szabadban \u00e9s a term\u00e9szetben t\u00f6lt\u00f6tt id\u0151 sz\u00fcks\u00e9gszer\u0171 [...]<\/p>","protected":false},"author":1,"featured_media":0,"parent":5713,"menu_order":0,"comment_status":"closed","ping_status":"closed","template":"","meta":{"_mi_skip_tracking":false,"_analytify_skip_tracking":false,"footnotes":""},"class_list":["post-5814","page","type-page","status-publish","hentry"],"aioseo_notices":[],"aioseo_head":"\n\t\t<!-- All in One SEO Pro 4.7.0 - aioseo.com -->\n\t\t<meta name=\"description\" content=\"A petrece timp \u00een aer liber \u0219i \u00een mijlocul naturii reprezint\u0103 o necesitate vital\u0103 at\u00e2t pentru starea noastr\u0103 de s\u0103n\u0103tate dar \u0219i pentru regenerarea emo\u021bional\u0103 \u0219i sufleteasc\u0103 \u0219i de ce nu, chiar spiritual\u0103.\" \/>\n\t\t<meta name=\"robots\" content=\"max-image-preview:large\" \/>\n\t\t<meta name=\"google-site-verification\" content=\"G-391X30D2FS\" \/>\n\t\t<link rel=\"canonical\" href=\"https:\/\/amnromania.ro\/hu\/aktualitas\/szezon-betegseg\/capusele-and-boreliosis-1\/\" \/>\n\t\t<meta name=\"generator\" content=\"All in One SEO Pro (AIOSEO) 4.7.0\" \/>\n\t\t<meta property=\"og:locale\" content=\"hu_HU\" \/>\n\t\t<meta property=\"og:site_name\" content=\"AMN Ayurveda ROM\u00c2NIA | Asociatia Nationala pentru Promovarea Medicinelor Neconventionale\" \/>\n\t\t<meta property=\"og:type\" content=\"article\" \/>\n\t\t<meta property=\"og:title\" content=\"Capusele si borelioza \u2013 1 | AMN Ayurveda ROM\u00c2NIA\" \/>\n\t\t<meta property=\"og:description\" content=\"A petrece timp \u00een aer liber \u0219i \u00een mijlocul naturii reprezint\u0103 o necesitate vital\u0103 at\u00e2t pentru starea noastr\u0103 de s\u0103n\u0103tate dar \u0219i pentru regenerarea emo\u021bional\u0103 \u0219i sufleteasc\u0103 \u0219i de ce nu, chiar spiritual\u0103.\" \/>\n\t\t<meta property=\"og:url\" content=\"https:\/\/amnromania.ro\/hu\/aktualitas\/szezon-betegseg\/capusele-and-boreliosis-1\/\" \/>\n\t\t<meta property=\"og:image\" content=\"https:\/\/amnromania.ro\/ynorsyju\/2021\/06\/Ayurveda-in-Romania-Vol.-2-Ro.jpg\" \/>\n\t\t<meta property=\"og:image:secure_url\" content=\"https:\/\/amnromania.ro\/ynorsyju\/2021\/06\/Ayurveda-in-Romania-Vol.-2-Ro.jpg\" \/>\n\t\t<meta property=\"article:published_time\" content=\"2020-11-10T14:38:41+00:00\" \/>\n\t\t<meta property=\"article:modified_time\" content=\"2020-11-10T16:49:27+00:00\" \/>\n\t\t<meta property=\"article:publisher\" content=\"https:\/\/www.facebook.com\/AMNRomania\" \/>\n\t\t<script type=\"application\/ld+json\" class=\"aioseo-schema\">\n\t\t\t{\"@context\":\"https:\\\/\\\/schema.org\",\"@graph\":[{\"@type\":\"BreadcrumbList\",\"@id\":\"https:\\\/\\\/amnromania.ro\\\/hu\\\/aktualitas\\\/szezon-betegseg\\\/capusele-and-boreliosis-1\\\/#breadcrumblist\",\"itemListElement\":[{\"@type\":\"ListItem\",\"@id\":\"https:\\\/\\\/amnromania.ro\\\/hu\\\/#listItem\",\"position\":1,\"name\":\"Home\",\"item\":\"https:\\\/\\\/amnromania.ro\\\/hu\\\/\",\"nextItem\":\"https:\\\/\\\/amnromania.ro\\\/hu\\\/aktualitas\\\/#listItem\"},{\"@type\":\"ListItem\",\"@id\":\"https:\\\/\\\/amnromania.ro\\\/hu\\\/aktualitas\\\/#listItem\",\"position\":2,\"name\":\"Actualitate\",\"item\":\"https:\\\/\\\/amnromania.ro\\\/hu\\\/aktualitas\\\/\",\"nextItem\":\"https:\\\/\\\/amnromania.ro\\\/hu\\\/aktualitas\\\/szezon-betegseg\\\/#listItem\",\"previousItem\":\"https:\\\/\\\/amnromania.ro\\\/hu\\\/#listItem\"},{\"@type\":\"ListItem\",\"@id\":\"https:\\\/\\\/amnromania.ro\\\/hu\\\/aktualitas\\\/szezon-betegseg\\\/#listItem\",\"position\":3,\"name\":\"Boli de sezon\",\"item\":\"https:\\\/\\\/amnromania.ro\\\/hu\\\/aktualitas\\\/szezon-betegseg\\\/\",\"nextItem\":\"https:\\\/\\\/amnromania.ro\\\/hu\\\/aktualitas\\\/szezon-betegseg\\\/capusele-and-boreliosis-1\\\/#listItem\",\"previousItem\":\"https:\\\/\\\/amnromania.ro\\\/hu\\\/aktualitas\\\/#listItem\"},{\"@type\":\"ListItem\",\"@id\":\"https:\\\/\\\/amnromania.ro\\\/hu\\\/aktualitas\\\/szezon-betegseg\\\/capusele-and-boreliosis-1\\\/#listItem\",\"position\":4,\"name\":\"Capusele si borelioza - 1\",\"previousItem\":\"https:\\\/\\\/amnromania.ro\\\/hu\\\/aktualitas\\\/szezon-betegseg\\\/#listItem\"}]},{\"@type\":\"Organization\",\"@id\":\"https:\\\/\\\/amnromania.ro\\\/hu\\\/#organization\",\"name\":\"AMN Ayurveda Romania\",\"url\":\"https:\\\/\\\/amnromania.ro\\\/hu\\\/\",\"logo\":{\"@type\":\"ImageObject\",\"url\":\"https:\\\/\\\/amnromania.ro\\\/ynorsyju\\\/2020\\\/10\\\/amn.png\",\"@id\":\"https:\\\/\\\/amnromania.ro\\\/hu\\\/aktualitas\\\/szezon-betegseg\\\/capusele-and-boreliosis-1\\\/#organizationLogo\"},\"image\":{\"@id\":\"https:\\\/\\\/amnromania.ro\\\/hu\\\/aktualitas\\\/szezon-betegseg\\\/capusele-and-boreliosis-1\\\/#organizationLogo\"},\"sameAs\":[\"https:\\\/\\\/www.facebook.com\\\/AMNRomania\",\"https:\\\/\\\/www.youtube.com\\\/channel\\\/UClfqKxiq_uZ11rthDIT3-BQ\\\/videos\"]},{\"@type\":\"WebPage\",\"@id\":\"https:\\\/\\\/amnromania.ro\\\/hu\\\/aktualitas\\\/szezon-betegseg\\\/capusele-and-boreliosis-1\\\/#webpage\",\"url\":\"https:\\\/\\\/amnromania.ro\\\/hu\\\/aktualitas\\\/szezon-betegseg\\\/capusele-and-boreliosis-1\\\/\",\"name\":\"Capusele si borelioza \\u2013 1 | AMN Ayurveda ROM\\u00c2NIA\",\"description\":\"A petrece timp \\u00een aer liber \\u0219i \\u00een mijlocul naturii reprezint\\u0103 o necesitate vital\\u0103 at\\u00e2t pentru starea noastr\\u0103 de s\\u0103n\\u0103tate dar \\u0219i pentru regenerarea emo\\u021bional\\u0103 \\u0219i sufleteasc\\u0103 \\u0219i de ce nu, chiar spiritual\\u0103.\",\"inLanguage\":\"hu-HU\",\"isPartOf\":{\"@id\":\"https:\\\/\\\/amnromania.ro\\\/hu\\\/#website\"},\"breadcrumb\":{\"@id\":\"https:\\\/\\\/amnromania.ro\\\/hu\\\/aktualitas\\\/szezon-betegseg\\\/capusele-and-boreliosis-1\\\/#breadcrumblist\"},\"datePublished\":\"2020-11-10T14:38:41+02:00\",\"dateModified\":\"2020-11-10T16:49:27+02:00\"},{\"@type\":\"WebSite\",\"@id\":\"https:\\\/\\\/amnromania.ro\\\/hu\\\/#website\",\"url\":\"https:\\\/\\\/amnromania.ro\\\/hu\\\/\",\"name\":\"AMN Ayurveda ROM\\u00c2NIA\",\"description\":\"Asociatia Nationala pentru Promovarea Medicinelor Neconventionale\",\"inLanguage\":\"hu-HU\",\"publisher\":{\"@id\":\"https:\\\/\\\/amnromania.ro\\\/hu\\\/#organization\"}}]}\n\t\t<\/script>\n\t\t<!-- All in One SEO Pro -->\r\n\t\t<title>Capusele si borelioza \u2013 1 | AMN Ayurveda ROM\u00c2NIA<\/title>\n\n","aioseo_head_json":{"title":"Capusele si borelioza \u2013 1 | AMN Ayurveda ROM\u00c2NIA","description":"A petrece timp \u00een aer liber \u0219i \u00een mijlocul naturii reprezint\u0103 o necesitate vital\u0103 at\u00e2t pentru starea noastr\u0103 de s\u0103n\u0103tate dar \u0219i pentru regenerarea emo\u021bional\u0103 \u0219i sufleteasc\u0103 \u0219i de ce nu, chiar spiritual\u0103.","canonical_url":"https:\/\/amnromania.ro\/hu\/aktualitas\/szezon-betegseg\/capusele-and-boreliosis-1\/","robots":"max-image-preview:large","keywords":"","webmasterTools":{"google-site-verification":"G-391X30D2FS","miscellaneous":""},"og:locale":"hu_HU","og:site_name":"AMN Ayurveda ROM\u00c2NIA | Asociatia Nationala pentru Promovarea Medicinelor Neconventionale","og:type":"article","og:title":"Capusele si borelioza \u2013 1 | AMN Ayurveda ROM\u00c2NIA","og:description":"A petrece timp \u00een aer liber \u0219i \u00een mijlocul naturii reprezint\u0103 o necesitate vital\u0103 at\u00e2t pentru starea noastr\u0103 de s\u0103n\u0103tate dar \u0219i pentru regenerarea emo\u021bional\u0103 \u0219i sufleteasc\u0103 \u0219i de ce nu, chiar spiritual\u0103.","og:url":"https:\/\/amnromania.ro\/hu\/aktualitas\/szezon-betegseg\/capusele-and-boreliosis-1\/","og:image":"https:\/\/amnromania.ro\/ynorsyju\/2021\/06\/Ayurveda-in-Romania-Vol.-2-Ro.jpg","og:image:secure_url":"https:\/\/amnromania.ro\/ynorsyju\/2021\/06\/Ayurveda-in-Romania-Vol.-2-Ro.jpg","article:published_time":"2020-11-10T14:38:41+00:00","article:modified_time":"2020-11-10T16:49:27+00:00","article:publisher":"https:\/\/www.facebook.com\/AMNRomania","schema":{"@context":"https:\/\/schema.org","@graph":[{"@type":"BreadcrumbList","@id":"https:\/\/amnromania.ro\/hu\/aktualitas\/szezon-betegseg\/capusele-and-boreliosis-1\/#breadcrumblist","itemListElement":[{"@type":"ListItem","@id":"https:\/\/amnromania.ro\/hu\/#listItem","position":1,"name":"Home","item":"https:\/\/amnromania.ro\/hu\/","nextItem":"https:\/\/amnromania.ro\/hu\/aktualitas\/#listItem"},{"@type":"ListItem","@id":"https:\/\/amnromania.ro\/hu\/aktualitas\/#listItem","position":2,"name":"Actualitate","item":"https:\/\/amnromania.ro\/hu\/aktualitas\/","nextItem":"https:\/\/amnromania.ro\/hu\/aktualitas\/szezon-betegseg\/#listItem","previousItem":"https:\/\/amnromania.ro\/hu\/#listItem"},{"@type":"ListItem","@id":"https:\/\/amnromania.ro\/hu\/aktualitas\/szezon-betegseg\/#listItem","position":3,"name":"Boli de sezon","item":"https:\/\/amnromania.ro\/hu\/aktualitas\/szezon-betegseg\/","nextItem":"https:\/\/amnromania.ro\/hu\/aktualitas\/szezon-betegseg\/capusele-and-boreliosis-1\/#listItem","previousItem":"https:\/\/amnromania.ro\/hu\/aktualitas\/#listItem"},{"@type":"ListItem","@id":"https:\/\/amnromania.ro\/hu\/aktualitas\/szezon-betegseg\/capusele-and-boreliosis-1\/#listItem","position":4,"name":"Capusele si borelioza - 1","previousItem":"https:\/\/amnromania.ro\/hu\/aktualitas\/szezon-betegseg\/#listItem"}]},{"@type":"Organization","@id":"https:\/\/amnromania.ro\/hu\/#organization","name":"AMN Ayurveda Romania","url":"https:\/\/amnromania.ro\/hu\/","logo":{"@type":"ImageObject","url":"https:\/\/amnromania.ro\/ynorsyju\/2020\/10\/amn.png","@id":"https:\/\/amnromania.ro\/hu\/aktualitas\/szezon-betegseg\/capusele-and-boreliosis-1\/#organizationLogo"},"image":{"@id":"https:\/\/amnromania.ro\/hu\/aktualitas\/szezon-betegseg\/capusele-and-boreliosis-1\/#organizationLogo"},"sameAs":["https:\/\/www.facebook.com\/AMNRomania","https:\/\/www.youtube.com\/channel\/UClfqKxiq_uZ11rthDIT3-BQ\/videos"]},{"@type":"WebPage","@id":"https:\/\/amnromania.ro\/hu\/aktualitas\/szezon-betegseg\/capusele-and-boreliosis-1\/#webpage","url":"https:\/\/amnromania.ro\/hu\/aktualitas\/szezon-betegseg\/capusele-and-boreliosis-1\/","name":"Capusele si borelioza \u2013 1 | AMN Ayurveda ROM\u00c2NIA","description":"A petrece timp \u00een aer liber \u0219i \u00een mijlocul naturii reprezint\u0103 o necesitate vital\u0103 at\u00e2t pentru starea noastr\u0103 de s\u0103n\u0103tate dar \u0219i pentru regenerarea emo\u021bional\u0103 \u0219i sufleteasc\u0103 \u0219i de ce nu, chiar spiritual\u0103.","inLanguage":"hu-HU","isPartOf":{"@id":"https:\/\/amnromania.ro\/hu\/#website"},"breadcrumb":{"@id":"https:\/\/amnromania.ro\/hu\/aktualitas\/szezon-betegseg\/capusele-and-boreliosis-1\/#breadcrumblist"},"datePublished":"2020-11-10T14:38:41+02:00","dateModified":"2020-11-10T16:49:27+02:00"},{"@type":"WebSite","@id":"https:\/\/amnromania.ro\/hu\/#website","url":"https:\/\/amnromania.ro\/hu\/","name":"AMN Ayurveda ROM\u00c2NIA","description":"Asociatia Nationala pentru Promovarea Medicinelor Neconventionale","inLanguage":"hu-HU","publisher":{"@id":"https:\/\/amnromania.ro\/hu\/#organization"}}]}},"aioseo_meta_data":{"post_id":"5814","title":null,"description":"A petrece timp \u00een aer liber \u0219i \u00een mijlocul naturii reprezint\u0103 o necesitate vital\u0103 at\u00e2t pentru starea noastr\u0103 de s\u0103n\u0103tate dar \u0219i pentru regenerarea emo\u021bional\u0103 \u0219i sufleteasc\u0103 \u0219i de ce nu, chiar spiritual\u0103.","keywords":null,"keyphrases":null,"primary_term":null,"canonical_url":null,"og_title":null,"og_description":null,"og_object_type":"default","og_image_type":"default","og_image_url":null,"og_image_width":null,"og_image_height":null,"og_image_custom_url":null,"og_image_custom_fields":null,"og_video":null,"og_custom_url":null,"og_article_section":null,"og_article_tags":null,"twitter_use_og":false,"twitter_card":"default","twitter_image_type":"default","twitter_image_url":null,"twitter_image_custom_url":null,"twitter_image_custom_fields":null,"twitter_title":null,"twitter_description":null,"schema":{"blockGraphs":[],"customGraphs":[],"default":{"data":{"Article":[],"Course":[],"Dataset":[],"FAQPage":[],"Movie":[],"Person":[],"Product":[],"Recipe":[],"Service":[],"SoftwareApplication":[],"WebPage":[]},"graphName":"WebPage","isEnabled":true},"graphs":[]},"schema_type":null,"schema_type_options":null,"pillar_content":false,"robots_default":true,"robots_noindex":false,"robots_noarchive":false,"robots_nosnippet":false,"robots_nofollow":false,"robots_noimageindex":false,"robots_noodp":false,"robots_notranslate":false,"robots_max_snippet":null,"robots_max_videopreview":null,"robots_max_imagepreview":"large","priority":null,"frequency":null,"local_seo":null,"limit_modified_date":false,"open_ai":null,"created":"2020-12-21 07:24:32","updated":"2024-01-28 10:46:44"},"aioseo_breadcrumb":"<div class=\"aioseo-breadcrumbs\"><span class=\"aioseo-breadcrumb\">\n\t<a href=\"https:\/\/amnromania.ro\/hu\" title=\"Home\">Home<\/a>\n<\/span><span class=\"aioseo-breadcrumb-separator\">&raquo;<\/span><span class=\"aioseo-breadcrumb\">\n\t<a href=\"https:\/\/amnromania.ro\/hu\/aktualitas\/\" title=\"Actualitate\">Actualitate<\/a>\n<\/span><span class=\"aioseo-breadcrumb-separator\">&raquo;<\/span><span class=\"aioseo-breadcrumb\">\n\t<a href=\"https:\/\/amnromania.ro\/hu\/aktualitas\/szezon-betegseg\/\" title=\"Boli de sezon\">Boli de sezon<\/a>\n<\/span><span class=\"aioseo-breadcrumb-separator\">&raquo;<\/span><span class=\"aioseo-breadcrumb\">\n\tCapusele si borelioza \u2013 1\n<\/span><\/div>","aioseo_breadcrumb_json":[{"label":"Home","link":"https:\/\/amnromania.ro\/hu"},{"label":"Actualitate","link":"https:\/\/amnromania.ro\/hu\/aktualitas\/"},{"label":"Boli de sezon","link":"https:\/\/amnromania.ro\/hu\/aktualitas\/szezon-betegseg\/"},{"label":"Capusele si borelioza &#8211; 1","link":"https:\/\/amnromania.ro\/hu\/aktualitas\/szezon-betegseg\/capusele-and-boreliosis-1\/"}],"_links":{"self":[{"href":"https:\/\/amnromania.ro\/hu\/wp-json\/wp\/v2\/pages\/5814","targetHints":{"allow":["GET"]}}],"collection":[{"href":"https:\/\/amnromania.ro\/hu\/wp-json\/wp\/v2\/pages"}],"about":[{"href":"https:\/\/amnromania.ro\/hu\/wp-json\/wp\/v2\/types\/page"}],"author":[{"embeddable":true,"href":"https:\/\/amnromania.ro\/hu\/wp-json\/wp\/v2\/users\/1"}],"replies":[{"embeddable":true,"href":"https:\/\/amnromania.ro\/hu\/wp-json\/wp\/v2\/comments?post=5814"}],"version-history":[{"count":0,"href":"https:\/\/amnromania.ro\/hu\/wp-json\/wp\/v2\/pages\/5814\/revisions"}],"up":[{"embeddable":true,"href":"https:\/\/amnromania.ro\/hu\/wp-json\/wp\/v2\/pages\/5713"}],"wp:attachment":[{"href":"https:\/\/amnromania.ro\/hu\/wp-json\/wp\/v2\/media?parent=5814"}],"curies":[{"name":"wp","href":"https:\/\/api.w.org\/{rel}","templated":true}]}}