{"id":5183,"date":"2020-11-09T17:22:50","date_gmt":"2020-11-09T17:22:50","guid":{"rendered":"https:\/\/amnromania.ro\/?page_id=5183"},"modified":"2020-11-10T19:56:11","modified_gmt":"2020-11-10T19:56:11","slug":"tabara-de-ayurveda-2020","status":"publish","type":"page","link":"https:\/\/amnromania.ro\/hu\/tevekenyseg\/ayurveda-taborok\/tabara-de-ayurveda-2020\/","title":{"rendered":"Ayurveda t\u00e1bor 2020"},"content":{"rendered":"<div data-elementor-type=\"wp-page\" data-elementor-id=\"5183\" class=\"elementor elementor-5183\" data-elementor-post-type=\"page\">\n\t\t\t\t\t\t<section class=\"elementor-section elementor-top-section elementor-element elementor-element-a90ffe4 elementor-section-boxed elementor-section-height-default elementor-section-height-default\" data-id=\"a90ffe4\" data-element_type=\"section\">\n\t\t\t\t\t\t<div class=\"elementor-container elementor-column-gap-default\">\n\t\t\t\t\t<div class=\"elementor-column elementor-col-50 elementor-top-column elementor-element elementor-element-4d4f968\" data-id=\"4d4f968\" data-element_type=\"column\">\n\t\t\t<div class=\"elementor-widget-wrap elementor-element-populated\">\n\t\t\t\t\t\t<div class=\"elementor-element elementor-element-3ee7dc0 elementor-nav-menu__align-start elementor-nav-menu__text-align-center elementor-nav-menu--dropdown-tablet elementor-nav-menu--toggle elementor-nav-menu--burger elementor-widget elementor-widget-global elementor-global-4259 elementor-widget-nav-menu\" data-id=\"3ee7dc0\" data-element_type=\"widget\" data-settings=\"{&quot;layout&quot;:&quot;vertical&quot;,&quot;submenu_icon&quot;:{&quot;value&quot;:&quot;fas fa-caret-down&quot;,&quot;library&quot;:&quot;fa-solid&quot;},&quot;toggle&quot;:&quot;burger&quot;}\" data-widget_type=\"nav-menu.default\">\n\t\t\t\t<div class=\"elementor-widget-container\">\n\t\t\t\t\t\t\t\t<nav aria-label=\"Men\u00fc\" class=\"elementor-nav-menu--main elementor-nav-menu__container elementor-nav-menu--layout-vertical e--pointer-background e--animation-fade\">\n\t\t\t\t<ul id=\"menu-1-3ee7dc0\" class=\"elementor-nav-menu sm-vertical\"><li class=\"menu-item menu-item-type-post_type menu-item-object-page menu-item-4237\"><a href=\"https:\/\/amnromania.ro\/hu\/tevekenyseg\/ayurveda-tanfolyamok\/\" class=\"elementor-item\">Ayurveda tanfolyamok<\/a><\/li>\n<li class=\"menu-item menu-item-type-post_type menu-item-object-page menu-item-4234\"><a href=\"https:\/\/amnromania.ro\/hu\/tevekenyseg\/ayurveda-versenyek\/\" class=\"elementor-item\">Ayurveda versenyek<\/a><\/li>\n<li class=\"menu-item menu-item-type-post_type menu-item-object-page menu-item-4235\"><a href=\"https:\/\/amnromania.ro\/hu\/tevekenyseg\/ayurveda-konferencia\/\" class=\"elementor-item\">Ayurveda konferenci\u00e1k<\/a><\/li>\n<li class=\"menu-item menu-item-type-post_type menu-item-object-page menu-item-4236\"><a href=\"https:\/\/amnromania.ro\/hu\/tevekenyseg\/ayurveda-kongresszus\/\" class=\"elementor-item\">Ayurveda kongresszus<\/a><\/li>\n<li class=\"menu-item menu-item-type-post_type menu-item-object-page menu-item-5535\"><a href=\"https:\/\/amnromania.ro\/hu\/tevekenyseg\/ayurveda-taborok\/\" class=\"elementor-item\">Ayurveda t\u00e1borok<\/a><\/li>\n<\/ul>\t\t\t<\/nav>\n\t\t\t\t\t<div class=\"elementor-menu-toggle\" role=\"button\" tabindex=\"0\" aria-label=\"Toggle men\u00fc\" aria-expanded=\"false\">\n\t\t\t<i aria-hidden=\"true\" role=\"presentation\" class=\"elementor-menu-toggle__icon--open eicon-menu-bar\"><\/i><i aria-hidden=\"true\" role=\"presentation\" class=\"elementor-menu-toggle__icon--close eicon-close\"><\/i>\t\t<\/div>\n\t\t\t\t\t<nav class=\"elementor-nav-menu--dropdown elementor-nav-menu__container\" aria-hidden=\"true\">\n\t\t\t\t<ul id=\"menu-2-3ee7dc0\" class=\"elementor-nav-menu sm-vertical\"><li class=\"menu-item menu-item-type-post_type menu-item-object-page menu-item-4237\"><a href=\"https:\/\/amnromania.ro\/hu\/tevekenyseg\/ayurveda-tanfolyamok\/\" class=\"elementor-item\" tabindex=\"-1\">Ayurveda tanfolyamok<\/a><\/li>\n<li class=\"menu-item menu-item-type-post_type menu-item-object-page menu-item-4234\"><a href=\"https:\/\/amnromania.ro\/hu\/tevekenyseg\/ayurveda-versenyek\/\" class=\"elementor-item\" tabindex=\"-1\">Ayurveda versenyek<\/a><\/li>\n<li class=\"menu-item menu-item-type-post_type menu-item-object-page menu-item-4235\"><a href=\"https:\/\/amnromania.ro\/hu\/tevekenyseg\/ayurveda-konferencia\/\" class=\"elementor-item\" tabindex=\"-1\">Ayurveda konferenci\u00e1k<\/a><\/li>\n<li class=\"menu-item menu-item-type-post_type menu-item-object-page menu-item-4236\"><a href=\"https:\/\/amnromania.ro\/hu\/tevekenyseg\/ayurveda-kongresszus\/\" class=\"elementor-item\" tabindex=\"-1\">Ayurveda kongresszus<\/a><\/li>\n<li class=\"menu-item menu-item-type-post_type menu-item-object-page menu-item-5535\"><a href=\"https:\/\/amnromania.ro\/hu\/tevekenyseg\/ayurveda-taborok\/\" class=\"elementor-item\" tabindex=\"-1\">Ayurveda t\u00e1borok<\/a><\/li>\n<\/ul>\t\t\t<\/nav>\n\t\t\t\t\t\t<\/div>\n\t\t\t\t<\/div>\n\t\t\t\t\t<\/div>\n\t\t<\/div>\n\t\t\t\t<div class=\"elementor-column elementor-col-50 elementor-top-column elementor-element elementor-element-8aab7cd\" data-id=\"8aab7cd\" data-element_type=\"column\">\n\t\t\t<div class=\"elementor-widget-wrap elementor-element-populated\">\n\t\t\t\t\t\t<div class=\"elementor-element elementor-element-0d2397e elementor-widget elementor-widget-text-editor\" data-id=\"0d2397e\" data-element_type=\"widget\" data-widget_type=\"text-editor.default\">\n\t\t\t\t<div class=\"elementor-widget-container\">\n\t\t\t\t\t\t\t\t\t<h1 style=\"text-align: center;\"><strong><span style=\"color: #ffcc00;\">AYURVEDA T\u00c1BOR 2020<\/span><\/strong><\/h1>\n<h2>&nbsp;<\/h2>\n<h3 class=\"Text2 C-20\"><strong>A fenn\u00e1ll\u00f3 helyzetre val\u00f3 tekintettel id\u00e9n az \u00e9ves Nemzetk\u00f6zi Ayurveda T\u00e1bor a t\u00e1voli rendszerben ker\u00fcl megrendez\u00e9sre, a-<wbr>vonal, 2020. j\u00falius 23. \u00e9s 29. k\u00f6z\u00f6tt.<\/strong><\/h3>\n<p class=\"Text2\">A...<wbr>A 2020-as Nemzetk\u00f6zi Ayurveda T\u00e1bor vonala nyitva \u00e1ll mind az Ayurveda tanfolyamok r\u00e9sztvev\u0151i, mind azok sz\u00e1m\u00e1ra, akik jelenleg nem vesznek r\u00e9szt Ayurveda tanfolyamokon, de van n\u00e9mi tapasztalatuk a medit\u00e1ci\u00f3 gyakorl\u00e1s\u00e1ban.<\/p>\n<p class=\"Text2\">A 2020-as Ayurveda Camp az Ayurveda speci\u00e1lis t\u00e9m\u00e1ir\u00f3l sz\u00f3l\u00f3 el\u0151ad\u00e1sokat \u00e9s 40 tematikus medit\u00e1ci\u00f3t tartalmaz.<\/p>\n<h1 class=\"Titlu-2 P-33\" style=\"text-align: center;\"><strong><span style=\"color: #ffcc00;\">A 2020-as Nemzetk\u00f6zi Ayurveda T\u00e1bor programja<\/span><\/strong><\/h1><h1 class=\"Titlu-2 P-33\" style=\"text-align: center;\"><strong><span style=\"color: #ffcc00;\">a k\u00f6vetkez\u0151 \u00f6t tematikus t\u00e9masorozatot foglalja mag\u00e1ban:<\/span><\/strong><\/h1><div><strong><span style=\"color: #ffcc00;\"><br><\/span><\/strong><\/div>\n<h2 class=\"Titlu-2\"><strong><span style=\"color: #ffcc00;\">Sapta-<wbr>samaya<\/span><\/strong><\/h2>\n<p class=\"Text2\">A harmonikus egzisztenci\u00e1lis integr\u00e1ci\u00f3 h\u00e9t k\u00fcl\u00f6nb\u00f6z\u0151en magasabb \u00e1llapot\u00e1nak (a hetedik \u00e9s a hetedik<wbr>samaya), amelyek az ayurv\u00e9dikus rendszer ezoterikus hagyom\u00e1ny\u00e1ban a szanszkrit nevek alatt ismertek: prakrita-<wbr>samaya, akara-<wbr>samaya, utphala-<wbr>samaya, vistara-<wbr>samaya, siddhi-<wbr>samaya, prabodha-<wbr>samaya \u00e9s samhatatva-<wbr>samaya.<\/p>\n<h2 class=\"Titlu-2\"><strong><span style=\"color: #ffcc00;\">Amnaya-<wbr>Tantraka<\/span><\/strong><\/h2>\n<p class=\"Text2\">P\u00e9ld\u00e1k a kiv\u00e9teles l\u00e9nyekkel, istenszer\u0171 l\u00e9nyekkel, az \u00e1jurv\u00e9dikus hagyom\u00e1ny nagy isteneinek inkarn\u00e1ci\u00f3ival, nagy b\u00f6lcsekkel, nagy j\u00f3gikkal \u00e9s tekint\u00e9lyes \u00e1jurv\u00e9dikus gyakorl\u00f3kkal (rishikkel) val\u00f3 intenz\u00edv lelki k\u00f6z\u00f6ss\u00e9g \u00e1llapotaira: Krisna, Angira, Indra, Narada \u00e9s Chayavana.<\/p>\n<h2 class=\"Titlu-2\"><strong><span style=\"color: #ffcc00;\">Vimshati-<wbr>guna<\/span><\/strong><\/h2>\n<p class=\"Text2\">P\u00e9ld\u00e1k az ayurv\u00e9dikus vimshati-rendszer 20 \u00e1ltal\u00e1nos tulajdons\u00e1ga (gunas) k\u00f6z\u00fcl n\u00e9h\u00e1ny finom j\u00f3t\u00e9kony energi\u00e1j\u00e1nak harmonikus megnyilv\u00e1nul\u00e1s\u00e1ra a szubtilis asztr\u00e1lszf\u00e9r\u00e1ban.<wbr>guna: a kem\u00e9ny \u00e1ltal\u00e1nos min\u0151s\u00e9ge (guru-<wbr>guna), a f\u00e9ny \u00e1ltal\u00e1nos min\u0151s\u00e9ge (laghu-<wbr>guna), a forr\u00f3s\u00e1g \u00e1ltal\u00e1nos min\u0151s\u00e9ge (ushna-<wbr>guna), a hideg \u00e1ltal\u00e1nos tulajdons\u00e1ga (shita-<wbr>guna), az \u00e1ltal\u00e1nos sz\u00e1raz min\u0151s\u00e9g (ruksha-<wbr>guna), az \u00e1ltal\u00e1nos min\u0151s\u00e9ge nedves-<wbr>uleios (snigdha-<wbr>guna), a vill\u00e1ml\u00e1s \u00e1ltal\u00e1nos min\u0151s\u00e9ge (tikshna-<wbr>guna), a lass\u00fas\u00e1g \u00e1ltal\u00e1nos min\u0151s\u00e9ge (manda-<wbr>guna), a szil\u00e1rds\u00e1g \u00e1ltal\u00e1nos min\u0151s\u00e9ge (sandra-<wbr>guna) \u00e9s az \u00e1ltal\u00e1nos folyad\u00e9kmin\u0151s\u00e9g (drava-<wbr>guna).<\/p>\n<h2 class=\"Titlu-2\"><strong><span style=\"color: #ffcc00;\">Chatur-<wbr>purusharta<\/span><\/strong><\/h2>\n<p class=\"Text2\">Isten intuit\u00edv, misztikus vezet\u00e9se seg\u00edts\u00e9g\u00e9vel az \u00e9let n\u00e9gy alapvet\u0151 c\u00e9lj\u00e1nak el\u00e9r\u00e9s\u00e9hez vezet\u0151 magasabb isteni \u00fat kinyilatkoztat\u00e1sa (chatur-<wbr>purushartha), amelyet az Ayurveda ezoterikus hagyom\u00e1nya artha, kama, dharma \u00e9s moksha n\u00e9ven \u00edr le.<\/p>\n<h2 class=\"Titlu-2\"><strong><span style=\"color: #ffcc00;\">Pancha-<wbr>kosha<\/span><\/strong><\/h2>\n<p class=\"Text2\">Az Isten Kegyelm\u00e9nek al\u00e1zatos vonz\u00e1sa \u00e1ltal el\u00e9rt, m\u00e9lys\u00e9gesen j\u00f3t\u00e9kony energetiz\u00e1l\u00e1s a l\u00e9t \u00f6t burk\u00e1nak (k\u00f3sa), amely a gy\u00f3gyul\u00e1s \u00e9s a harmoniz\u00e1ci\u00f3 \u00e9rdek\u00e9ben nyilv\u00e1nul meg: anna-<wbr>maya-<wbr>kosha, pr\u00e1na...<wbr>maya-<wbr>kosha, mano-<wbr>maya-<wbr>kosha, vijnana-<wbr>maya-<wbr>kosha \u00e9s ananda...<wbr>maya-<wbr>kosha.<\/p>\n<h2 class=\"Titlu-2\"><strong><span style=\"color: #ffcc00;\">R\u00e9szv\u00e9tel<\/span><\/strong><\/h2>\n<p class=\"Text2\">A r\u00e9szv\u00e9tel el\u0151zetes regisztr\u00e1ci\u00f3 alapj\u00e1n lehets\u00e9ges, a jelentkez\u00e9si lap kit\u00f6lt\u00e9s\u00e9vel \u00e9s a kit\u00f6lt\u00f6tt \u0171rlap elk\u00fcld\u00e9s\u00e9vel a k\u00f6vetkez\u0151 e-mail c\u00edmre: ayurveda (at) amnromania.ro.<\/p>\n<p class=\"Text2\">Az Ayurveda Camp 2020 r\u00e9szletes programja, a programban szerepl\u0151 t\u00e9m\u00e1k bemutat\u00e1sa \u00e9s a r\u00e9szv\u00e9teli felt\u00e9telekr\u0151l sz\u00f3l\u00f3 inform\u00e1ci\u00f3k a honlapon tal\u00e1lhat\u00f3k.<wbr>ul amnromania.ro.<\/p>\n<h2><strong><span style=\"color: #ffcc00;\">CS\u00dcT\u00d6RT\u00d6K - 2020. j\u00falius 23.<\/span><\/strong><\/h2>\n<p><strong>NYIT\u00d3PROGRAM<\/strong><\/p>\n<p>17:30 - 17:45 A 2020-as spiritu\u00e1lis Ayurveda T\u00e1bor kezdet\u00e9nek magasztos finom energi\u00e1j\u00e1nak gy\u00fcm\u00f6lcseinek teljes \u00e9s felt\u00e9tel n\u00e9lk\u00fcli \u00e1tad\u00e1sa az Atya Istennek.<br>18:00 - 18:30 Medit\u00e1ci\u00f3<br>Az Ayurveda Camp 2020 finom g\u00f6mb spiritu\u00e1lis mezej\u00e9nek fokozatos megnyilv\u00e1nul\u00e1sa.<br>18:45 - 19:15 Medit\u00e1ci\u00f3<br>A spiritu\u00e1lis megnyilv\u00e1nul\u00e1st ir\u00e1ny\u00edt\u00f3 bels\u0151 h\u00edv\u00e1s \u00e9s a Spiritu\u00e1lis Vezet\u0151 szubtilis-telepatikus t\u00e1mogat\u00e1sa.<br>19:15 - 20:15 Medit\u00e1ci\u00f3<br>Isten kegyelm\u00e9nek megnyilv\u00e1nul\u00e1s\u00e1ra \u00e9s az Atya Isten \u00e1talak\u00edt\u00f3 \u00e9s m\u00e9lys\u00e9gesen inspir\u00e1l\u00f3 jelenl\u00e9t\u00e9re val\u00f3 intenz\u00edv, buzg\u00f3 \u00e9s k\u00e9ts\u00e9gbeesetten t\u00f6rekv\u0151 hivatkoz\u00e1s.<\/p>\n<p><strong>ESTI PROGRAM<\/strong><\/p>\n<p>21:15 - 21:45 Spiritu\u00e1lis p\u00e9ldamutat\u00e1s: sapta-samaya<br>A boldog egzisztenci\u00e1lis integr\u00e1ci\u00f3 magasabb \u00e1llapota, amely lehet\u0151v\u00e9 teszi saj\u00e1t harmonikus (prakrita-samaya) szem\u00e9lyes term\u00e9szet\u00fcnk kiv\u00e9teles l\u00e1tens lehet\u0151s\u00e9geinek b\u00f6lcs megval\u00f3s\u00edt\u00e1s\u00e1t.<\/p>\n<h2><strong><span style=\"color: #ffcc00;\">P\u00c9NTEK - 2020. j\u00falius 24.<\/span><\/strong><\/h2>\n<p><strong>REGGELI PROGRAM<\/strong><\/p>\n<p>11:00 - 11:30 Spiritu\u00e1lis p\u00e9ldamutat\u00e1s: amnaya-tantraka<br>A b\u00f6lcs j\u00f3gi Chayavan\u00e1val, a hagyom\u00e1nyos ayurv\u00e9dikus regener\u00e1ci\u00f3s folyamatok (rasayana) lelkes gyakorl\u00f3j\u00e1val val\u00f3 m\u00e9ly spiritu\u00e1lis k\u00f6z\u00f6ss\u00e9g \u00e1llapota.<br>11:45 - 12:15 Spiritu\u00e1lis p\u00e9ldamutat\u00e1s: vimshati-guna<br>A kem\u00e9ny \u00e1ltal\u00e1nos min\u0151s\u00e9g (guru-guna) finom j\u00f3t\u00e9kony energi\u00e1j\u00e1nak harmonikus megnyilv\u00e1nul\u00e1sa a szubtilis asztr\u00e1lis l\u00e9t szf\u00e9r\u00e1j\u00e1ban.<br>12:30 - 13:00 Spiritu\u00e1lis p\u00e9ldamutat\u00e1s: sapta-samaya<br>A harmonikus egzisztenci\u00e1lis integr\u00e1ci\u00f3 nett\u00f3 magasabb \u00e1llapota, amely lehet\u0151v\u00e9 teszi a l\u00e9ny m\u00e9lyrehat\u00f3 \u00e1talakul\u00e1s\u00e1t a finom, b\u0151s\u00e9ges \u00e9s m\u00e9lys\u00e9ges j\u00f3t\u00e9kony energi\u00e1k (akara-samaya) szisztematikus \u00e9s folyamatos felhalmoz\u00e1sa r\u00e9v\u00e9n.<\/p>\n<p><strong>ESTI PROGRAM<\/strong><\/p>\n<p>19:30 - 20:00 Spiritu\u00e1lis p\u00e9ldamutat\u00e1s: chatur-purushartha<br>Isten intuit\u00edv, misztikus vezet\u00e9se seg\u00edts\u00e9g\u00e9vel felt\u00e1rja a sz\u00fcks\u00e9ges anyagi eszk\u00f6z\u00f6k (artha) b\u00f6lcs megv\u00e1laszt\u00e1s\u00e1t \u00e9s hasznos felhaszn\u00e1l\u00e1s\u00e1t.<br>20:15 - 20:45 Spiritu\u00e1lis p\u00e9ldamutat\u00e1s: vimshati-guna<br>A k\u00f6nnyeds\u00e9g (laghu-guna) \u00e1ltal\u00e1nos min\u0151s\u00e9g\u00e9nek finom, j\u00f3t\u00e9kony energi\u00e1j\u00e1nak harmonikus megnyilv\u00e1nul\u00e1sa a szubtilis asztr\u00e1lis l\u00e9t szf\u00e9r\u00e1j\u00e1ban.<br>21:00 - 21:30 Spiritu\u00e1lis p\u00e9ldamutat\u00e1s: pancha-kosha<br>M\u00e9lys\u00e9gesen j\u00f3t\u00e9kony energetiz\u00e1l\u00e1s, amelyet Isten Kegyelm\u00e9nek al\u00e1zatos felh\u00edv\u00e1sa \u00e1ltal \u00e9r\u00fcnk el, amely a l\u00e9ny fizikai testi burk\u00e1nak gy\u00f3gy\u00edt\u00e1s\u00e1ra \u00e9s harmoniz\u00e1l\u00e1s\u00e1ra nyilv\u00e1nul meg (anna-maya-kosha).<\/p>\n<h2><strong><span style=\"color: #ffcc00;\">SZOMBAT - 2020. j\u00falius 25.<\/span><\/strong><\/h2>\n<p><strong>REGGELI PROGRAM<\/strong><\/p>\n<p>11:00 - 11:30 Spiritu\u00e1lis p\u00e9ldamutat\u00e1s: amnaya-tantraka<br>A Nagy Istennel, Indr\u00e1val val\u00f3 m\u00e9ly spiritu\u00e1lis k\u00f6z\u00f6ss\u00e9g \u00e1llapota, aki a hiteles spiritu\u00e1lis \u00faton gyakorl\u00f3k isteni v\u00e9delmez\u0151jek\u00e9nt elk\u00f6telezve mag\u00e1t, felt\u00e1rta sz\u00e1mukra az \u00c9let Tudom\u00e1ny\u00e1nak - az Ayurv\u00e9d\u00e1nak - l\u00e9nyeges aspektusait.<br>11:45 - 12:15 Spiritu\u00e1lis p\u00e9ldamutat\u00e1s: vimshati-guna<br>A forr\u00f3s\u00e1g \u00e1ltal\u00e1nos min\u0151s\u00e9g\u00e9nek (ushna-guna) finom j\u00f3t\u00e9kony energi\u00e1j\u00e1nak harmonikus megnyilv\u00e1nul\u00e1sa a szubtilis asztr\u00e1lis l\u00e9t szf\u00e9r\u00e1j\u00e1ban.<br>12:30 - 13:00 Spiritu\u00e1lis p\u00e9ldamutat\u00e1s: sapta-samaya<br>A harmonikus egzisztenci\u00e1lis integr\u00e1ci\u00f3 egy\u00e9rtelm\u0171en fels\u0151bbrend\u0171 \u00e1llapota, amely lehet\u0151v\u00e9 teszi a m\u00e9lyen \u00e1talak\u00edt\u00f3 spiritu\u00e1lis ugr\u00e1s \u00e9s annak b\u00f6lcs gy\u00fcm\u00f6lcs\u00f6z\u00e9se (utphala-samaya) gy\u00fcm\u00f6lcs\u00f6z\u0151 megnyilv\u00e1nul\u00e1s\u00e1t a l\u00e9nyben.<\/p>\n<p><strong>ESTI PROGRAM<\/strong><\/p>\n<p>19:00 - 19:30 Spiritu\u00e1lis p\u00e9ldamutat\u00e1s: chatur-purushartha<br>Isten intuit\u00edv vezet\u00e9s\u00e9vel az \u00f6r\u00f6m, a teljes erotikus beteljes\u00fcl\u00e9s \u00e9s a teljes boldogs\u00e1g (kama) \u00e1llapotainak el\u00e9r\u00e9s\u00e9hez vezet\u0151 magasabb isteni utak kinyilatkoztat\u00e1sa.<br>19:45 - 20:15 Spiritu\u00e1lis p\u00e9ldamutat\u00e1s: vimshati-guna<br>Az \u00e1ltal\u00e1nos hideg min\u0151s\u00e9g (shita-guna) finom, j\u00f3t\u00e9kony energi\u00e1j\u00e1nak harmonikus megnyilv\u00e1nul\u00e1sa a szubtilis asztr\u00e1lis l\u00e9t szf\u00e9r\u00e1j\u00e1ban.<br>21:15 - 21:45 Spiritu\u00e1lis p\u00e9ldamutat\u00e1s: pancha-kosha<br>M\u00e9lys\u00e9gesen j\u00f3t\u00e9kony energetiz\u00e1l\u00e1s, amelyet Isten Kegyelm\u00e9nek al\u00e1zatos felh\u00edv\u00e1sa \u00e1ltal \u00e9r\u00fcnk el, amely a l\u00e9ny finom, vit\u00e1lis burk\u00e1nak gy\u00f3gy\u00edt\u00e1s\u00e1ra \u00e9s harmoniz\u00e1l\u00e1s\u00e1ra nyilv\u00e1nul meg (pr\u00e1na-m\u00e1j\u00e1-k\u00f3sza).<\/p>\n<h2><strong><span style=\"color: #ffcc00;\">VAS\u00c1RNAP - 2020. j\u00falius 26.<\/span><\/strong><\/h2>\n<p><strong>REGGELI PROGRAM<\/strong><\/p>\n<p>11:00 - 11:30 Spiritu\u00e1lis p\u00e9ldamutat\u00e1s: amnaya-tantraka<br>Az intenz\u00edv \u00e9s m\u00e9ly spiritu\u00e1lis k\u00f6z\u00f6ss\u00e9g \u00e1llapota a b\u00f6lcs Angira-val.<br>11:45 - 12:15 Spiritu\u00e1lis p\u00e9ldamutat\u00e1s: vimshati-guna<br>Az \u00e1ltal\u00e1nos sz\u00e1raz min\u0151s\u00e9g (ruksha-guna) finom j\u00f3t\u00e9kony energi\u00e1j\u00e1nak harmonikus megnyilv\u00e1nul\u00e1sa a szubtilis asztr\u00e1lis l\u00e9t szf\u00e9r\u00e1j\u00e1ban.<br>12:30 - 13:00 Spiritu\u00e1lis p\u00e9ldamutat\u00e1s: sapta-samaya<br>A harmonikus egzisztenci\u00e1lis integr\u00e1ci\u00f3 egy\u00e9rtelm\u0171en magasabb rend\u0171 \u00e1llapota, amely lehet\u0151v\u00e9 teszi a l\u00e9ny tudatoss\u00e1gi szf\u00e9r\u00e1j\u00e1nak (vistara-samaya) sz\u00e9les k\u00f6r\u0171 kit\u00e1gul\u00e1s\u00e1t \u00e9s t\u00f6bbdimenzi\u00f3s, j\u00f3t\u00e9kony kiterjeszt\u00e9s\u00e9t.<\/p>\n<p><strong>ESTI PROGRAM<\/strong><\/p>\n<p>19:30 - 20:00 Spiritu\u00e1lis p\u00e9ldamutat\u00e1s: chatur-purushartha<br>Isten intuit\u00edv, misztikus vezet\u00e9se seg\u00edts\u00e9g\u00e9vel az \u00e9letben val\u00f3 l\u00e9tez\u00e9s alapvet\u0151 c\u00e9lj\u00e1nak kinyilatkoztat\u00e1sa \u00e9s ennek a c\u00e9lnak az isteni sz\u00fcks\u00e9gszer\u0171s\u00e9g \u00e9s harm\u00f3nia (dharma) alapvet\u0151 t\u00f6rv\u00e9ny\u00e9be val\u00f3 harmonikus integr\u00e1l\u00e1sa.<br>20:15 - 20:45 Spiritu\u00e1lis p\u00e9ldamutat\u00e1s: vimshati-guna<br>A nedves-luous (snigdha-guna) \u00e1ltal\u00e1nos min\u0151s\u00e9g finom j\u00f3t\u00e9kony energi\u00e1j\u00e1nak harmonikus megnyilv\u00e1nul\u00e1sa a szubtilis asztr\u00e1lis l\u00e9t szf\u00e9r\u00e1j\u00e1ban.<br>21:00 - 21:30 Spiritu\u00e1lis p\u00e9ldamutat\u00e1s: pancha-kosha<br>M\u00e9lys\u00e9gesen j\u00f3t\u00e9kony energetiz\u00e1l\u00e1s, amelyet Isten Kegyelm\u00e9nek al\u00e1zatos felh\u00edv\u00e1sa \u00e1ltal \u00e9r\u00fcnk el, amely a l\u00e9ny finom ment\u00e1lis burk\u00e1nak gy\u00f3gy\u00edt\u00e1s\u00e1ra \u00e9s harmoniz\u00e1l\u00e1s\u00e1ra nyilv\u00e1nul meg (mano-maya-kosha).<\/p>\n<h2><strong><span style=\"color: #ffcc00;\">H\u00c9TF\u0150 - 2020. j\u00falius 27.<\/span><\/strong><\/h2>\n<p><strong>REGGELI PROGRAM<\/strong><\/p>\n<p>11:00 - 11:30 Spiritu\u00e1lis p\u00e9ldamutat\u00e1s: amnaya-tantraka<br>A b\u00f6lcs N\u00e1rad\u00e1val val\u00f3 m\u00e9ly lelki k\u00f6z\u00f6ss\u00e9g \u00e1llapota<br>11:45 - 12:15 Spiritu\u00e1lis p\u00e9ldamutat\u00e1s: vimshati-guna<br>A vill\u00e1ml\u00e1s \u00e1ltal\u00e1nos min\u0151s\u00e9g\u00e9nek (tikshna-guna) finom j\u00f3t\u00e9kony energi\u00e1j\u00e1nak harmonikus megnyilv\u00e1nul\u00e1sa a szubtilis asztr\u00e1lis l\u00e9t szf\u00e9r\u00e1j\u00e1ban.<br>12:30 - 13:00 Spiritu\u00e1lis p\u00e9ldamutat\u00e1s: sapta-samaya<br>A harmonikus egzisztenci\u00e1lis integr\u00e1ci\u00f3 magasabb nett\u00f3 \u00e1llapota, amely lehet\u0151v\u00e9 teszi a j\u00f3t\u00e9kony spiritu\u00e1lis hat\u00e9konys\u00e1g el\u00e9r\u00e9s\u00e9t \u00e9s megval\u00f3s\u00edt\u00e1s\u00e1t a magasabb k\u00e9pess\u00e9gek \u00e9s a tudatoss\u00e1g kiv\u00e9teles, saj\u00e1tos adotts\u00e1gainak (sziddhi-samaya) fel\u00e9bred\u00e9se r\u00e9v\u00e9n.<\/p>\n<p><strong>ESTI PROGRAM<\/strong><\/p>\n<p>19:30 - 20:00 Spiritu\u00e1lis p\u00e9ldamutat\u00e1s: chatur-purushartha<br>Isten misztikus spiritu\u00e1lis vezet\u00e9s\u00e9nek seg\u00edts\u00e9g\u00e9vel fel\u00e9breszteni \u00e9s feler\u0151s\u00edteni a f\u00e9ktelen spiritu\u00e1lis t\u00f6rekv\u00e9st a spiritu\u00e1lis felszabadul\u00e1s (moksa) \u00e1llapot\u00e1nak el\u00e9r\u00e9se fel\u00e9.<br>20:15 - 20:45 Spiritu\u00e1lis p\u00e9ldamutat\u00e1s: vimshati-guna<br>Az \u00e1ltal\u00e1nos lass\u00fa min\u0151s\u00e9g (manda-guna) finom j\u00f3t\u00e9kony energi\u00e1j\u00e1nak harmonikus megnyilv\u00e1nul\u00e1sa a szubtilis asztr\u00e1lis l\u00e9t szf\u00e9r\u00e1j\u00e1ban.<br>21:00 - 21:30 Spiritu\u00e1lis p\u00e9ldamutat\u00e1s: pancha-kosha<br>M\u00e9lys\u00e9gesen j\u00f3t\u00e9kony energetiz\u00e1l\u00e1s, amelyet Isten Kegyelm\u00e9nek al\u00e1zatos vonz\u00e1sa \u00e1ltal \u00e9r\u00fcnk el, amely a finom szuprament\u00e1lis burka (vijnana-maya-kosha) fel\u00e9breszt\u00e9se \u00e9s harmonikus energetiz\u00e1l\u00e1sa \u00e9rdek\u00e9ben nyilv\u00e1nul meg.<\/p>\n<h2><strong><span style=\"color: #ffcc00;\">Kedd - 2020. j\u00falius 28.<\/span><\/strong><\/h2>\n<p><strong>REGGELI PROGRAM<\/strong><\/p>\n<p>11:00 - 11:30 Spiritu\u00e1lis p\u00e9ldamutat\u00e1s: amnaya-tantraka<br>A Nagy Avat\u00e1r Krisna magasabb tudatszf\u00e9r\u00e1j\u00e1val val\u00f3 m\u00e9ly lelki k\u00f6z\u00f6ss\u00e9g \u00e1llapota, aki felt\u00e1rta az embereknek a term\u00e9szet h\u00e1rom alapvet\u0151 tendenci\u00e1ja (prakriti-guna) megnyilv\u00e1nul\u00e1s\u00e1nak alapvet\u0151 megk\u00fcl\u00f6nb\u00f6ztet\u0151 tud\u00e1s\u00e1t.<br>11:45 - 12:15 Spiritu\u00e1lis p\u00e9ldamutat\u00e1s: vimshati-guna<br>Az \u00e1ltal\u00e1nos szil\u00e1rd min\u0151s\u00e9g (sandra-guna) finom, j\u00f3t\u00e9kony energi\u00e1j\u00e1nak harmonikus megnyilv\u00e1nul\u00e1sa a szubtilis asztr\u00e1lis l\u00e9t szf\u00e9r\u00e1j\u00e1ban.<br>12:30 - 13:00 Spiritu\u00e1lis p\u00e9ldamutat\u00e1s: sapta-samaya<br>A harmonikus egzisztenci\u00e1lis integr\u00e1ci\u00f3 egy\u00e9rtelm\u0171en magasabb rend\u0171 \u00e1llapota, amely lehet\u0151v\u00e9 teszi a kimondhatatlan, sokf\u00e9le isteni Term\u00e9szet bens\u0151s\u00e9ges \u00e9s m\u00e9ly meg\u00e9rt\u00e9s\u00e9t, valamint a lelki intelligencia (prabodha-samaya) l\u00e9nyben val\u00f3 fel\u00e9bred\u00e9s\u00e9t.<\/p>\n<p><strong>ESTI PROGRAM<\/strong><\/p>\n<p>19:30 - 20:00 Spiritu\u00e1lis p\u00e9ldamutat\u00e1s: chatur-purushartha<br>Isten misztikus spiritu\u00e1lis vezet\u00e9s\u00e9nek seg\u00edts\u00e9g\u00e9vel egy olyan egys\u00e9ges\u00edt\u0151 spiritu\u00e1lis szint\u00e9zis fel\u00e9breszt\u00e9se \u00e9s feler\u0151s\u00edt\u00e9se, amely lehet\u0151v\u00e9 teszi az emberi \u00e9let n\u00e9gy alapvet\u0151 c\u00e9lj\u00e1nak - artha, k\u00e1ma, dharma \u00e9s moksa - m\u00e9lys\u00e9ges harmoniz\u00e1l\u00e1s\u00e1t.<br>20:15 - 20:45 Spiritu\u00e1lis p\u00e9ldamutat\u00e1s: vimshati-guna<br>Az \u00e1ltal\u00e1nos foly\u00e9kony min\u0151s\u00e9g (drava-guna) finom, j\u00f3t\u00e9kony energi\u00e1j\u00e1nak harmonikus megnyilv\u00e1nul\u00e1sa a szubtilis asztr\u00e1lis l\u00e9t szf\u00e9r\u00e1j\u00e1ban.<br>21:00 - 21:30 Spiritu\u00e1lis p\u00e9ldamutat\u00e1s: pancha-kosha<br>M\u00e9lys\u00e9gesen j\u00f3t\u00e9kony energetiz\u00e1l\u00e1s az Isten Kegyelm\u00e9hez val\u00f3 al\u00e1zatos folyamod\u00e1son kereszt\u00fcl, amely a boldogs\u00e1g finom burk\u00e1nak (ananda-maya-kosha) harmonikus fel\u00e9bred\u00e9se \u00e9s energetiz\u00e1l\u00e1sa \u00e9rdek\u00e9ben nyilv\u00e1nul meg.<\/p>\n<h2><strong><span style=\"color: #ffcc00;\">SZERDA - 2020. j\u00falius 29.<\/span><\/strong><\/h2>\n<p><strong>REGGELI PROGRAM<\/strong><\/p>\n<p>11:00 - 11:30 Medit\u00e1ci\u00f3: az Atya Istennel val\u00f3 sz\u00e9les \u00e9s m\u00e9ly k\u00f6z\u00f6ss\u00e9g els\u00f6pr\u0151, kimondhatatlan lelki \u00e1llapota.<br>11:45 - 12:15 Spiritu\u00e1lis p\u00e9lda: sapta-samaya<br>A transzperszon\u00e1lis egzisztenci\u00e1lis integr\u00e1ci\u00f3 kifejezetten magasabb \u00e1llapota, amely lehet\u0151v\u00e9 teszi a titokzatos \u00e9s kimondhatatlan isteni komplexit\u00e1s (samhatatva-samaya) kinyilatkoztat\u00e1s\u00e1t a tudat euf\u00f3rikusan kit\u00e1gult szf\u00e9r\u00e1j\u00e1ban.<br>12:30 - 13:00 Spiritu\u00e1lis p\u00e9ldamutat\u00e1s: pancha-kosha<br>A Legfels\u0151bb Halhatatlan \u00c9n (Atman) misztikus csod\u00e1j\u00e1nak kinyilatkoztat\u00e1sa Isten Kegyelm\u00e9nek al\u00e1zatos felh\u00edv\u00e1s\u00e1n kereszt\u00fcl, mint a l\u00e9ny m\u00e9ly spiritu\u00e1lis gy\u00f3gyul\u00e1s\u00e1nak alapvet\u0151 \u00fatja.<\/p>\n<p><strong>V\u00c9GLEGES PROGRAM<\/strong><\/p>\n<p>19:30 - 20:00 Medit\u00e1ci\u00f3: a sz\u00e9les, al\u00e1zatos \u00e9s m\u00e9ly h\u00e1la \u00e1llapota az Atya Istennek az Isteni Kegyelem\u00e9rt, amit ebben a 2020-as Ayurveda Spiritu\u00e1lis T\u00e1borban kaptunk.<br>20:15 - 20:45 H\u00e1laad\u00e1s a Spiritu\u00e1lis Vezet\u0151nek a 2020-as Ayurveda T\u00e1borban ny\u00fajtott finom spiritu\u00e1lis t\u00e1mogat\u00e1s\u00e9rt.<br>21:00 - 21:30 Medit\u00e1ci\u00f3: Az Ayurveda Camp 2020 finom g\u00f6mbi spiritu\u00e1lis mez\u0151j\u00e9nek fokozatos felsz\u00edv\u00f3d\u00e1sa.<\/p>\t\t\t\t\t\t\t\t<\/div>\n\t\t\t\t<\/div>\n\t\t\t\t\t<\/div>\n\t\t<\/div>\n\t\t\t\t\t<\/div>\n\t\t<\/section>\n\t\t\t\t<\/div>","protected":false},"excerpt":{"rendered":"<p>AYURVEDA CAMP 2020 A fenn\u00e1ll\u00f3 helyzetre val\u00f3 tekintettel id\u00e9n az \u00e9ves Nemzetk\u00f6zi Ayurveda T\u00e1bor t\u00e1voli rendszerben, online ker\u00fcl megrendez\u00e9sre 2020. j\u00falius 23-29. k\u00f6z\u00f6tt. A Nemzetk\u00f6zi Ayurveda T\u00e1bor 2020 online programja nyitott mind az Ayurveda kurzus r\u00e9sztvev\u0151i, mind a nem r\u00e9sztvev\u0151k sz\u00e1m\u00e1ra [...]<\/p>","protected":false},"author":1,"featured_media":0,"parent":3532,"menu_order":0,"comment_status":"closed","ping_status":"closed","template":"","meta":{"_mi_skip_tracking":false,"_analytify_skip_tracking":false,"footnotes":""},"class_list":["post-5183","page","type-page","status-publish","hentry"],"aioseo_notices":[],"aioseo_head":"\n\t\t<!-- All in One SEO Pro 4.7.0 - aioseo.com -->\n\t\t<meta name=\"description\" content=\"La programul on-line al Taberei Interna\u021bionale de Ayurveda 2020 pot s\u0103 participe at\u00e2t cursan\u0163ii cursului de Ayurveda, c\u00e2t \u015fi cei care nu particip\u0103 \u00een mod curent la cursurile de Ayurveda, dar care au o minim\u0103 experien\u021b\u0103 \u00een practica medita\u021biei.\" \/>\n\t\t<meta name=\"robots\" content=\"max-image-preview:large\" \/>\n\t\t<meta name=\"google-site-verification\" content=\"G-391X30D2FS\" \/>\n\t\t<link rel=\"canonical\" href=\"https:\/\/amnromania.ro\/hu\/tevekenyseg\/ayurveda-taborok\/tabara-de-ayurveda-2020\/\" \/>\n\t\t<meta name=\"generator\" content=\"All in One SEO Pro (AIOSEO) 4.7.0\" \/>\n\t\t<meta property=\"og:locale\" content=\"hu_HU\" \/>\n\t\t<meta property=\"og:site_name\" content=\"AMN Ayurveda ROM\u00c2NIA | Asociatia Nationala pentru Promovarea Medicinelor Neconventionale\" \/>\n\t\t<meta property=\"og:type\" content=\"article\" \/>\n\t\t<meta property=\"og:title\" content=\"Tabara de Ayurveda 2020 | AMN Ayurveda ROM\u00c2NIA\" \/>\n\t\t<meta property=\"og:description\" content=\"La programul on-line al Taberei Interna\u021bionale de Ayurveda 2020 pot s\u0103 participe at\u00e2t cursan\u0163ii cursului de Ayurveda, c\u00e2t \u015fi cei care nu particip\u0103 \u00een mod curent la cursurile de Ayurveda, dar care au o minim\u0103 experien\u021b\u0103 \u00een practica medita\u021biei.\" \/>\n\t\t<meta property=\"og:url\" content=\"https:\/\/amnromania.ro\/hu\/tevekenyseg\/ayurveda-taborok\/tabara-de-ayurveda-2020\/\" \/>\n\t\t<meta property=\"og:image\" content=\"https:\/\/amnromania.ro\/ynorsyju\/2021\/06\/Ayurveda-in-Romania-Vol.-2-Ro.jpg\" \/>\n\t\t<meta property=\"og:image:secure_url\" content=\"https:\/\/amnromania.ro\/ynorsyju\/2021\/06\/Ayurveda-in-Romania-Vol.-2-Ro.jpg\" \/>\n\t\t<meta property=\"article:published_time\" content=\"2020-11-09T17:22:50+00:00\" \/>\n\t\t<meta property=\"article:modified_time\" content=\"2020-11-10T19:56:11+00:00\" \/>\n\t\t<meta property=\"article:publisher\" content=\"https:\/\/www.facebook.com\/AMNRomania\" \/>\n\t\t<script type=\"application\/ld+json\" class=\"aioseo-schema\">\n\t\t\t{\"@context\":\"https:\\\/\\\/schema.org\",\"@graph\":[{\"@type\":\"BreadcrumbList\",\"@id\":\"https:\\\/\\\/amnromania.ro\\\/hu\\\/tevekenyseg\\\/ayurveda-taborok\\\/tabara-de-ayurveda-2020\\\/#breadcrumblist\",\"itemListElement\":[{\"@type\":\"ListItem\",\"@id\":\"https:\\\/\\\/amnromania.ro\\\/hu\\\/#listItem\",\"position\":1,\"name\":\"Home\",\"item\":\"https:\\\/\\\/amnromania.ro\\\/hu\\\/\",\"nextItem\":\"https:\\\/\\\/amnromania.ro\\\/hu\\\/tevekenyseg\\\/#listItem\"},{\"@type\":\"ListItem\",\"@id\":\"https:\\\/\\\/amnromania.ro\\\/hu\\\/tevekenyseg\\\/#listItem\",\"position\":2,\"name\":\"Activitate\",\"item\":\"https:\\\/\\\/amnromania.ro\\\/hu\\\/tevekenyseg\\\/\",\"nextItem\":\"https:\\\/\\\/amnromania.ro\\\/hu\\\/tevekenyseg\\\/ayurveda-taborok\\\/#listItem\",\"previousItem\":\"https:\\\/\\\/amnromania.ro\\\/hu\\\/#listItem\"},{\"@type\":\"ListItem\",\"@id\":\"https:\\\/\\\/amnromania.ro\\\/hu\\\/tevekenyseg\\\/ayurveda-taborok\\\/#listItem\",\"position\":3,\"name\":\"Tabere de Ayurveda\",\"item\":\"https:\\\/\\\/amnromania.ro\\\/hu\\\/tevekenyseg\\\/ayurveda-taborok\\\/\",\"nextItem\":\"https:\\\/\\\/amnromania.ro\\\/hu\\\/tevekenyseg\\\/ayurveda-taborok\\\/tabara-de-ayurveda-2020\\\/#listItem\",\"previousItem\":\"https:\\\/\\\/amnromania.ro\\\/hu\\\/tevekenyseg\\\/#listItem\"},{\"@type\":\"ListItem\",\"@id\":\"https:\\\/\\\/amnromania.ro\\\/hu\\\/tevekenyseg\\\/ayurveda-taborok\\\/tabara-de-ayurveda-2020\\\/#listItem\",\"position\":4,\"name\":\"Tabara de Ayurveda 2020\",\"previousItem\":\"https:\\\/\\\/amnromania.ro\\\/hu\\\/tevekenyseg\\\/ayurveda-taborok\\\/#listItem\"}]},{\"@type\":\"Organization\",\"@id\":\"https:\\\/\\\/amnromania.ro\\\/hu\\\/#organization\",\"name\":\"AMN Ayurveda Romania\",\"url\":\"https:\\\/\\\/amnromania.ro\\\/hu\\\/\",\"logo\":{\"@type\":\"ImageObject\",\"url\":\"https:\\\/\\\/amnromania.ro\\\/ynorsyju\\\/2020\\\/10\\\/amn.png\",\"@id\":\"https:\\\/\\\/amnromania.ro\\\/hu\\\/tevekenyseg\\\/ayurveda-taborok\\\/tabara-de-ayurveda-2020\\\/#organizationLogo\"},\"image\":{\"@id\":\"https:\\\/\\\/amnromania.ro\\\/hu\\\/tevekenyseg\\\/ayurveda-taborok\\\/tabara-de-ayurveda-2020\\\/#organizationLogo\"},\"sameAs\":[\"https:\\\/\\\/www.facebook.com\\\/AMNRomania\",\"https:\\\/\\\/www.youtube.com\\\/channel\\\/UClfqKxiq_uZ11rthDIT3-BQ\\\/videos\"]},{\"@type\":\"WebPage\",\"@id\":\"https:\\\/\\\/amnromania.ro\\\/hu\\\/tevekenyseg\\\/ayurveda-taborok\\\/tabara-de-ayurveda-2020\\\/#webpage\",\"url\":\"https:\\\/\\\/amnromania.ro\\\/hu\\\/tevekenyseg\\\/ayurveda-taborok\\\/tabara-de-ayurveda-2020\\\/\",\"name\":\"Tabara de Ayurveda 2020 | AMN Ayurveda ROM\\u00c2NIA\",\"description\":\"La programul on-line al Taberei Interna\\u021bionale de Ayurveda 2020 pot s\\u0103 participe at\\u00e2t cursan\\u0163ii cursului de Ayurveda, c\\u00e2t \\u015fi cei care nu particip\\u0103 \\u00een mod curent la cursurile de Ayurveda, dar care au o minim\\u0103 experien\\u021b\\u0103 \\u00een practica medita\\u021biei.\",\"inLanguage\":\"hu-HU\",\"isPartOf\":{\"@id\":\"https:\\\/\\\/amnromania.ro\\\/hu\\\/#website\"},\"breadcrumb\":{\"@id\":\"https:\\\/\\\/amnromania.ro\\\/hu\\\/tevekenyseg\\\/ayurveda-taborok\\\/tabara-de-ayurveda-2020\\\/#breadcrumblist\"},\"datePublished\":\"2020-11-09T17:22:50+02:00\",\"dateModified\":\"2020-11-10T19:56:11+02:00\"},{\"@type\":\"WebSite\",\"@id\":\"https:\\\/\\\/amnromania.ro\\\/hu\\\/#website\",\"url\":\"https:\\\/\\\/amnromania.ro\\\/hu\\\/\",\"name\":\"AMN Ayurveda ROM\\u00c2NIA\",\"description\":\"Asociatia Nationala pentru Promovarea Medicinelor Neconventionale\",\"inLanguage\":\"hu-HU\",\"publisher\":{\"@id\":\"https:\\\/\\\/amnromania.ro\\\/hu\\\/#organization\"}}]}\n\t\t<\/script>\n\t\t<!-- All in One SEO Pro -->\r\n\t\t<title>Tabara de Ayurveda 2020 | AMN Ayurveda ROM\u00c2NIA<\/title>\n\n","aioseo_head_json":{"title":"Tabara de Ayurveda 2020 | AMN Ayurveda ROM\u00c2NIA","description":"La programul on-line al Taberei Interna\u021bionale de Ayurveda 2020 pot s\u0103 participe at\u00e2t cursan\u0163ii cursului de Ayurveda, c\u00e2t \u015fi cei care nu particip\u0103 \u00een mod curent la cursurile de Ayurveda, dar care au o minim\u0103 experien\u021b\u0103 \u00een practica medita\u021biei.","canonical_url":"https:\/\/amnromania.ro\/hu\/tevekenyseg\/ayurveda-taborok\/tabara-de-ayurveda-2020\/","robots":"max-image-preview:large","keywords":"","webmasterTools":{"google-site-verification":"G-391X30D2FS","miscellaneous":""},"og:locale":"hu_HU","og:site_name":"AMN Ayurveda ROM\u00c2NIA | Asociatia Nationala pentru Promovarea Medicinelor Neconventionale","og:type":"article","og:title":"Tabara de Ayurveda 2020 | AMN Ayurveda ROM\u00c2NIA","og:description":"La programul on-line al Taberei Interna\u021bionale de Ayurveda 2020 pot s\u0103 participe at\u00e2t cursan\u0163ii cursului de Ayurveda, c\u00e2t \u015fi cei care nu particip\u0103 \u00een mod curent la cursurile de Ayurveda, dar care au o minim\u0103 experien\u021b\u0103 \u00een practica medita\u021biei.","og:url":"https:\/\/amnromania.ro\/hu\/tevekenyseg\/ayurveda-taborok\/tabara-de-ayurveda-2020\/","og:image":"https:\/\/amnromania.ro\/ynorsyju\/2021\/06\/Ayurveda-in-Romania-Vol.-2-Ro.jpg","og:image:secure_url":"https:\/\/amnromania.ro\/ynorsyju\/2021\/06\/Ayurveda-in-Romania-Vol.-2-Ro.jpg","article:published_time":"2020-11-09T17:22:50+00:00","article:modified_time":"2020-11-10T19:56:11+00:00","article:publisher":"https:\/\/www.facebook.com\/AMNRomania","schema":{"@context":"https:\/\/schema.org","@graph":[{"@type":"BreadcrumbList","@id":"https:\/\/amnromania.ro\/hu\/tevekenyseg\/ayurveda-taborok\/tabara-de-ayurveda-2020\/#breadcrumblist","itemListElement":[{"@type":"ListItem","@id":"https:\/\/amnromania.ro\/hu\/#listItem","position":1,"name":"Home","item":"https:\/\/amnromania.ro\/hu\/","nextItem":"https:\/\/amnromania.ro\/hu\/tevekenyseg\/#listItem"},{"@type":"ListItem","@id":"https:\/\/amnromania.ro\/hu\/tevekenyseg\/#listItem","position":2,"name":"Activitate","item":"https:\/\/amnromania.ro\/hu\/tevekenyseg\/","nextItem":"https:\/\/amnromania.ro\/hu\/tevekenyseg\/ayurveda-taborok\/#listItem","previousItem":"https:\/\/amnromania.ro\/hu\/#listItem"},{"@type":"ListItem","@id":"https:\/\/amnromania.ro\/hu\/tevekenyseg\/ayurveda-taborok\/#listItem","position":3,"name":"Tabere de Ayurveda","item":"https:\/\/amnromania.ro\/hu\/tevekenyseg\/ayurveda-taborok\/","nextItem":"https:\/\/amnromania.ro\/hu\/tevekenyseg\/ayurveda-taborok\/tabara-de-ayurveda-2020\/#listItem","previousItem":"https:\/\/amnromania.ro\/hu\/tevekenyseg\/#listItem"},{"@type":"ListItem","@id":"https:\/\/amnromania.ro\/hu\/tevekenyseg\/ayurveda-taborok\/tabara-de-ayurveda-2020\/#listItem","position":4,"name":"Tabara de Ayurveda 2020","previousItem":"https:\/\/amnromania.ro\/hu\/tevekenyseg\/ayurveda-taborok\/#listItem"}]},{"@type":"Organization","@id":"https:\/\/amnromania.ro\/hu\/#organization","name":"AMN Ayurveda Romania","url":"https:\/\/amnromania.ro\/hu\/","logo":{"@type":"ImageObject","url":"https:\/\/amnromania.ro\/ynorsyju\/2020\/10\/amn.png","@id":"https:\/\/amnromania.ro\/hu\/tevekenyseg\/ayurveda-taborok\/tabara-de-ayurveda-2020\/#organizationLogo"},"image":{"@id":"https:\/\/amnromania.ro\/hu\/tevekenyseg\/ayurveda-taborok\/tabara-de-ayurveda-2020\/#organizationLogo"},"sameAs":["https:\/\/www.facebook.com\/AMNRomania","https:\/\/www.youtube.com\/channel\/UClfqKxiq_uZ11rthDIT3-BQ\/videos"]},{"@type":"WebPage","@id":"https:\/\/amnromania.ro\/hu\/tevekenyseg\/ayurveda-taborok\/tabara-de-ayurveda-2020\/#webpage","url":"https:\/\/amnromania.ro\/hu\/tevekenyseg\/ayurveda-taborok\/tabara-de-ayurveda-2020\/","name":"Tabara de Ayurveda 2020 | AMN Ayurveda ROM\u00c2NIA","description":"La programul on-line al Taberei Interna\u021bionale de Ayurveda 2020 pot s\u0103 participe at\u00e2t cursan\u0163ii cursului de Ayurveda, c\u00e2t \u015fi cei care nu particip\u0103 \u00een mod curent la cursurile de Ayurveda, dar care au o minim\u0103 experien\u021b\u0103 \u00een practica medita\u021biei.","inLanguage":"hu-HU","isPartOf":{"@id":"https:\/\/amnromania.ro\/hu\/#website"},"breadcrumb":{"@id":"https:\/\/amnromania.ro\/hu\/tevekenyseg\/ayurveda-taborok\/tabara-de-ayurveda-2020\/#breadcrumblist"},"datePublished":"2020-11-09T17:22:50+02:00","dateModified":"2020-11-10T19:56:11+02:00"},{"@type":"WebSite","@id":"https:\/\/amnromania.ro\/hu\/#website","url":"https:\/\/amnromania.ro\/hu\/","name":"AMN Ayurveda ROM\u00c2NIA","description":"Asociatia Nationala pentru Promovarea Medicinelor Neconventionale","inLanguage":"hu-HU","publisher":{"@id":"https:\/\/amnromania.ro\/hu\/#organization"}}]}},"aioseo_meta_data":{"post_id":"5183","title":null,"description":"La programul on-line al Taberei Interna\u021bionale de Ayurveda 2020 pot s\u0103 participe at\u00e2t cursan\u0163ii cursului de Ayurveda, c\u00e2t \u015fi cei care nu particip\u0103 \u00een mod curent la cursurile de Ayurveda, dar care au o minim\u0103 experien\u021b\u0103 \u00een practica medita\u021biei.","keywords":null,"keyphrases":null,"primary_term":null,"canonical_url":null,"og_title":null,"og_description":null,"og_object_type":"default","og_image_type":"default","og_image_url":null,"og_image_width":null,"og_image_height":null,"og_image_custom_url":null,"og_image_custom_fields":null,"og_video":null,"og_custom_url":null,"og_article_section":null,"og_article_tags":null,"twitter_use_og":false,"twitter_card":"default","twitter_image_type":"default","twitter_image_url":null,"twitter_image_custom_url":null,"twitter_image_custom_fields":null,"twitter_title":null,"twitter_description":null,"schema":{"blockGraphs":[],"customGraphs":[],"default":{"data":{"Article":[],"Course":[],"Dataset":[],"FAQPage":[],"Movie":[],"Person":[],"Product":[],"Recipe":[],"Service":[],"SoftwareApplication":[],"WebPage":[]},"graphName":"WebPage","isEnabled":true},"graphs":[]},"schema_type":null,"schema_type_options":null,"pillar_content":false,"robots_default":true,"robots_noindex":false,"robots_noarchive":false,"robots_nosnippet":false,"robots_nofollow":false,"robots_noimageindex":false,"robots_noodp":false,"robots_notranslate":false,"robots_max_snippet":null,"robots_max_videopreview":null,"robots_max_imagepreview":"large","priority":null,"frequency":null,"local_seo":null,"limit_modified_date":false,"open_ai":null,"created":"2020-12-21 07:24:32","updated":"2024-01-28 10:47:43"},"aioseo_breadcrumb":"<div class=\"aioseo-breadcrumbs\"><span class=\"aioseo-breadcrumb\">\n\t<a href=\"https:\/\/amnromania.ro\/hu\" title=\"Home\">Home<\/a>\n<\/span><span class=\"aioseo-breadcrumb-separator\">&raquo;<\/span><span class=\"aioseo-breadcrumb\">\n\t<a href=\"https:\/\/amnromania.ro\/hu\/tevekenyseg\/\" title=\"Activitate\">Activitate<\/a>\n<\/span><span class=\"aioseo-breadcrumb-separator\">&raquo;<\/span><span class=\"aioseo-breadcrumb\">\n\t<a href=\"https:\/\/amnromania.ro\/hu\/tevekenyseg\/ayurveda-taborok\/\" title=\"Tabere de Ayurveda\">Tabere de Ayurveda<\/a>\n<\/span><span class=\"aioseo-breadcrumb-separator\">&raquo;<\/span><span class=\"aioseo-breadcrumb\">\n\tTabara de Ayurveda 2020\n<\/span><\/div>","aioseo_breadcrumb_json":[{"label":"Home","link":"https:\/\/amnromania.ro\/hu"},{"label":"Activitate","link":"https:\/\/amnromania.ro\/hu\/tevekenyseg\/"},{"label":"Tabere de Ayurveda","link":"https:\/\/amnromania.ro\/hu\/tevekenyseg\/ayurveda-taborok\/"},{"label":"Tabara de Ayurveda 2020","link":"https:\/\/amnromania.ro\/hu\/tevekenyseg\/ayurveda-taborok\/tabara-de-ayurveda-2020\/"}],"_links":{"self":[{"href":"https:\/\/amnromania.ro\/hu\/wp-json\/wp\/v2\/pages\/5183","targetHints":{"allow":["GET"]}}],"collection":[{"href":"https:\/\/amnromania.ro\/hu\/wp-json\/wp\/v2\/pages"}],"about":[{"href":"https:\/\/amnromania.ro\/hu\/wp-json\/wp\/v2\/types\/page"}],"author":[{"embeddable":true,"href":"https:\/\/amnromania.ro\/hu\/wp-json\/wp\/v2\/users\/1"}],"replies":[{"embeddable":true,"href":"https:\/\/amnromania.ro\/hu\/wp-json\/wp\/v2\/comments?post=5183"}],"version-history":[{"count":0,"href":"https:\/\/amnromania.ro\/hu\/wp-json\/wp\/v2\/pages\/5183\/revisions"}],"up":[{"embeddable":true,"href":"https:\/\/amnromania.ro\/hu\/wp-json\/wp\/v2\/pages\/3532"}],"wp:attachment":[{"href":"https:\/\/amnromania.ro\/hu\/wp-json\/wp\/v2\/media?parent=5183"}],"curies":[{"name":"wp","href":"https:\/\/api.w.org\/{rel}","templated":true}]}}