{"id":5177,"date":"2020-11-09T17:22:01","date_gmt":"2020-11-09T17:22:01","guid":{"rendered":"https:\/\/amnromania.ro\/?page_id=5177"},"modified":"2020-11-10T19:53:31","modified_gmt":"2020-11-10T19:53:31","slug":"tabara-de-ayurveda-2017","status":"publish","type":"page","link":"https:\/\/amnromania.ro\/hu\/tevekenyseg\/ayurveda-taborok\/tabara-de-ayurveda-2017\/","title":{"rendered":"Ayurveda Tabara 2017"},"content":{"rendered":"<div data-elementor-type=\"wp-page\" data-elementor-id=\"5177\" class=\"elementor elementor-5177\" data-elementor-post-type=\"page\">\n\t\t\t\t\t\t<section class=\"elementor-section elementor-top-section elementor-element elementor-element-b21f42d elementor-section-boxed elementor-section-height-default elementor-section-height-default\" data-id=\"b21f42d\" data-element_type=\"section\">\n\t\t\t\t\t\t<div class=\"elementor-container elementor-column-gap-default\">\n\t\t\t\t\t<div class=\"elementor-column elementor-col-50 elementor-top-column elementor-element elementor-element-c42d1e5\" data-id=\"c42d1e5\" data-element_type=\"column\">\n\t\t\t<div class=\"elementor-widget-wrap elementor-element-populated\">\n\t\t\t\t\t\t<div class=\"elementor-element elementor-element-3340361 elementor-nav-menu__align-start elementor-nav-menu__text-align-center elementor-nav-menu--dropdown-tablet elementor-nav-menu--toggle elementor-nav-menu--burger elementor-widget elementor-widget-global elementor-global-4259 elementor-widget-nav-menu\" data-id=\"3340361\" data-element_type=\"widget\" data-settings=\"{&quot;layout&quot;:&quot;vertical&quot;,&quot;submenu_icon&quot;:{&quot;value&quot;:&quot;fas fa-caret-down&quot;,&quot;library&quot;:&quot;fa-solid&quot;},&quot;toggle&quot;:&quot;burger&quot;}\" data-widget_type=\"nav-menu.default\">\n\t\t\t\t<div class=\"elementor-widget-container\">\n\t\t\t\t\t\t\t\t<nav aria-label=\"Men\u00fc\" class=\"elementor-nav-menu--main elementor-nav-menu__container elementor-nav-menu--layout-vertical e--pointer-background e--animation-fade\">\n\t\t\t\t<ul id=\"menu-1-3340361\" class=\"elementor-nav-menu sm-vertical\"><li class=\"menu-item menu-item-type-post_type menu-item-object-page menu-item-4237\"><a href=\"https:\/\/amnromania.ro\/hu\/tevekenyseg\/ayurveda-tanfolyamok\/\" class=\"elementor-item\">Ayurveda tanfolyamok<\/a><\/li>\n<li class=\"menu-item menu-item-type-post_type menu-item-object-page menu-item-4234\"><a href=\"https:\/\/amnromania.ro\/hu\/tevekenyseg\/ayurveda-versenyek\/\" class=\"elementor-item\">Ayurveda versenyek<\/a><\/li>\n<li class=\"menu-item menu-item-type-post_type menu-item-object-page menu-item-4235\"><a href=\"https:\/\/amnromania.ro\/hu\/tevekenyseg\/ayurveda-konferencia\/\" class=\"elementor-item\">Ayurveda konferenci\u00e1k<\/a><\/li>\n<li class=\"menu-item menu-item-type-post_type menu-item-object-page menu-item-4236\"><a href=\"https:\/\/amnromania.ro\/hu\/tevekenyseg\/ayurveda-kongresszus\/\" class=\"elementor-item\">Ayurveda kongresszus<\/a><\/li>\n<li class=\"menu-item menu-item-type-post_type menu-item-object-page menu-item-5535\"><a href=\"https:\/\/amnromania.ro\/hu\/tevekenyseg\/ayurveda-taborok\/\" class=\"elementor-item\">Ayurveda t\u00e1borok<\/a><\/li>\n<\/ul>\t\t\t<\/nav>\n\t\t\t\t\t<div class=\"elementor-menu-toggle\" role=\"button\" tabindex=\"0\" aria-label=\"Toggle men\u00fc\" aria-expanded=\"false\">\n\t\t\t<i aria-hidden=\"true\" role=\"presentation\" class=\"elementor-menu-toggle__icon--open eicon-menu-bar\"><\/i><i aria-hidden=\"true\" role=\"presentation\" class=\"elementor-menu-toggle__icon--close eicon-close\"><\/i>\t\t<\/div>\n\t\t\t\t\t<nav class=\"elementor-nav-menu--dropdown elementor-nav-menu__container\" aria-hidden=\"true\">\n\t\t\t\t<ul id=\"menu-2-3340361\" class=\"elementor-nav-menu sm-vertical\"><li class=\"menu-item menu-item-type-post_type menu-item-object-page menu-item-4237\"><a href=\"https:\/\/amnromania.ro\/hu\/tevekenyseg\/ayurveda-tanfolyamok\/\" class=\"elementor-item\" tabindex=\"-1\">Ayurveda tanfolyamok<\/a><\/li>\n<li class=\"menu-item menu-item-type-post_type menu-item-object-page menu-item-4234\"><a href=\"https:\/\/amnromania.ro\/hu\/tevekenyseg\/ayurveda-versenyek\/\" class=\"elementor-item\" tabindex=\"-1\">Ayurveda versenyek<\/a><\/li>\n<li class=\"menu-item menu-item-type-post_type menu-item-object-page menu-item-4235\"><a href=\"https:\/\/amnromania.ro\/hu\/tevekenyseg\/ayurveda-konferencia\/\" class=\"elementor-item\" tabindex=\"-1\">Ayurveda konferenci\u00e1k<\/a><\/li>\n<li class=\"menu-item menu-item-type-post_type menu-item-object-page menu-item-4236\"><a href=\"https:\/\/amnromania.ro\/hu\/tevekenyseg\/ayurveda-kongresszus\/\" class=\"elementor-item\" tabindex=\"-1\">Ayurveda kongresszus<\/a><\/li>\n<li class=\"menu-item menu-item-type-post_type menu-item-object-page menu-item-5535\"><a href=\"https:\/\/amnromania.ro\/hu\/tevekenyseg\/ayurveda-taborok\/\" class=\"elementor-item\" tabindex=\"-1\">Ayurveda t\u00e1borok<\/a><\/li>\n<\/ul>\t\t\t<\/nav>\n\t\t\t\t\t\t<\/div>\n\t\t\t\t<\/div>\n\t\t\t\t\t<\/div>\n\t\t<\/div>\n\t\t\t\t<div class=\"elementor-column elementor-col-50 elementor-top-column elementor-element elementor-element-faca8d1\" data-id=\"faca8d1\" data-element_type=\"column\">\n\t\t\t<div class=\"elementor-widget-wrap elementor-element-populated\">\n\t\t\t\t\t\t<div class=\"elementor-element elementor-element-7bec3b6 elementor-widget elementor-widget-text-editor\" data-id=\"7bec3b6\" data-element_type=\"widget\" data-widget_type=\"text-editor.default\">\n\t\t\t\t<div class=\"elementor-widget-container\">\n\t\t\t\t\t\t\t\t\t<h1 style=\"text-align: center;\"><span style=\"color: #ffcc00;\"><strong>&nbsp;&nbsp;&nbsp;&nbsp;&nbsp;&nbsp;&nbsp; Ayurveda spiritu\u00e1lis t\u00e1bor 2017<\/strong><\/span><\/h1>\n<p><\/p>\n<p><strong><br><\/strong><\/p><p><strong>A kinyilatkoztat\u00e1s a h\u00e9t Isten kegyelm\u00e9nek fellebbez\u00e9se \u00e1ltal. <\/strong><strong>a harmonikus egzisztenci\u00e1lis integr\u00e1ci\u00f3 (sapta-samaya) magasabb \u00e1llapotai, amelyeket a&nbsp;<\/strong><strong>az Ayurveda ezoterikus hagyom\u00e1nya prakrita-samaya, akara-samaya, <\/strong><strong>utphala-samaya, vistara-samaya, siddhi-samaya, prabodha-samaya \u00e9s samhatatva-<\/strong><strong>samaya.<\/strong><\/p><p><strong><br><\/strong><\/p>\n<p>&nbsp;&nbsp;&nbsp;&nbsp;&nbsp;&nbsp; A saj\u00e1t bels\u0151 univerzumban Isten Kegyelm\u00e9nek felh\u00edv\u00e1sa \u00e1ltal az \u00c9let alapvet\u0151 Energi\u00e1ja (pancsa-prakara) megnyilv\u00e1nul\u00e1s\u00e1nak \u00f6t alapvet\u0151 Ipostasis\u00e1nak kinyilatkoztat\u00e1sa: ayus-prakara, dhari-prakara, jivita-prakara, nityada-prakara \u00e9s anubandha-prakara.<\/p>\n<p>A l\u00e9ny szuprament\u00e1lis szf\u00e9r\u00e1j\u00e1ban az \u00f6t alapvet\u0151 n\u00e9zet (pancsa-artha-naya) mindegyik\u00e9nek (evambhuta-naya, szangraha-naya, naigama-naya, vyavahara-naya \u00e9s rijusutra-naya) egy-egy domin\u00e1ns, j\u00f3t\u00e9kony megnyilv\u00e1nul\u00e1s\u00e1nak fel\u00e9bred\u00e9se \u00e9s energetiz\u00e1l\u00e1sa.<\/p><p><br><\/p>\n<p><\/p>\n<h2 style=\"text-align: center;\"><span style=\"color: #ffcc00;\"><strong>&nbsp;&nbsp;&nbsp; A 2017-es Ayurveda Spiritu\u00e1lis T\u00e1bor programja<\/strong><\/span><\/h2><div><span style=\"color: #ffcc00;\"><strong><br><\/strong><\/span><\/div>\n<p><\/p>\n<h2><span style=\"color: #ffcc00;\"><strong>&nbsp; &nbsp; &nbsp;2017. j\u00falius 20.<\/strong><\/span><\/h2>\n<p><strong>NYIT\u00d3PROGRAM<\/strong><\/p>\n<p>18:30 - 18:40 Medit\u00e1ci\u00f3<br>&nbsp;&nbsp;&nbsp;&nbsp;&nbsp;&nbsp;&nbsp;&nbsp;&nbsp;&nbsp;&nbsp;&nbsp;&nbsp;&nbsp;&nbsp;&nbsp; Az energia gy\u00fcm\u00f6lcseinek teljes \u00e9s felt\u00e9tel n\u00e9lk\u00fcli \u00e1tad\u00e1sa Istennek, az Aty\u00e1nak.<br>&nbsp;&nbsp;&nbsp;&nbsp;&nbsp;&nbsp;&nbsp;&nbsp;&nbsp;&nbsp;&nbsp;&nbsp;&nbsp;&nbsp;&nbsp;&nbsp; A 2017-es Spiritu\u00e1lis Ayurveda T\u00e1bor kezdet\u00e9nek finom magasztoss\u00e1ga<br>18:50 - 19:20 Medit\u00e1ci\u00f3<br>&nbsp;&nbsp;&nbsp;&nbsp;&nbsp;&nbsp;&nbsp;&nbsp;&nbsp;&nbsp;&nbsp;&nbsp;&nbsp;&nbsp;&nbsp;&nbsp; Az Ayurveda Camp 2017 finom szf\u00e9rikus spiritu\u00e1lis mezej\u00e9nek megnyilv\u00e1nul\u00e1sa<br>19:30 - 20:00 Medit\u00e1ci\u00f3<br>&nbsp;&nbsp;&nbsp;&nbsp;&nbsp;&nbsp;&nbsp;&nbsp;&nbsp;&nbsp;&nbsp;&nbsp;&nbsp;&nbsp;&nbsp;&nbsp; Az ir\u00e1ny\u00edt\u00f3 spiritu\u00e1lis megnyilv\u00e1nul\u00e1s \u00e9s a finom t\u00e1mogat\u00e1s bels\u0151 h\u00edv\u00e1sa<br>&nbsp;&nbsp;&nbsp;&nbsp;&nbsp;&nbsp;&nbsp;&nbsp;&nbsp;&nbsp;&nbsp;&nbsp;&nbsp;&nbsp;&nbsp;&nbsp; telepatikus spiritu\u00e1lis vezet\u0151<br>20:10 - 20:40 Medit\u00e1ci\u00f3<br>&nbsp;&nbsp;&nbsp;&nbsp;&nbsp;&nbsp;&nbsp;&nbsp;&nbsp;&nbsp;&nbsp;&nbsp;&nbsp;&nbsp;&nbsp;&nbsp; A megnyilv\u00e1nul\u00e1s intenz\u00edv, buzg\u00f3 \u00e9s k\u00e9ts\u00e9gbeesetten t\u00f6rekv\u0151 megid\u00e9z\u00e9se.<br>&nbsp;&nbsp;&nbsp;&nbsp;&nbsp;&nbsp;&nbsp;&nbsp;&nbsp;&nbsp;&nbsp;&nbsp;&nbsp;&nbsp;&nbsp;&nbsp; \u00e1tform\u00e1l\u00f3 \u00e9s m\u00e9lyen inspir\u00e1l\u00f3, az Atya Istenr\u0151l.<br>21:00 - 21:30 Spiritu\u00e1lis p\u00e9ldamutat\u00e1s<br>&nbsp;&nbsp;&nbsp;&nbsp;&nbsp;&nbsp;&nbsp;&nbsp;&nbsp;&nbsp;&nbsp;&nbsp;&nbsp;&nbsp;&nbsp;&nbsp; A j\u00f3t\u00e9kony egzisztenci\u00e1lis integr\u00e1ci\u00f3 magasabb \u00e1llapota, amely lehet\u0151v\u00e9 teszi a<br>&nbsp;&nbsp;&nbsp;&nbsp;&nbsp;&nbsp;&nbsp;&nbsp;&nbsp;&nbsp;&nbsp;&nbsp;&nbsp;&nbsp;&nbsp;&nbsp; az egy\u00e9ni term\u00e9szetben rejl\u0151 kiv\u00e9teles, l\u00e1tens lehet\u0151s\u00e9gek b\u00f6lcsess\u00e9ge.<br>&nbsp;&nbsp;&nbsp;&nbsp;&nbsp;&nbsp;&nbsp;&nbsp;&nbsp;&nbsp;&nbsp;&nbsp;&nbsp;&nbsp;&nbsp;&nbsp; harmonikus (prakrita-samaya)<\/p>\n<h2><strong><span style=\"color: #ffcc00;\">&nbsp; &nbsp; &nbsp; &nbsp;2017. j\u00falius 21.<\/span><\/strong><\/h2>\n<p><strong>REGGELI PROGRAM<\/strong><\/p>\n<p>11:00 - 11:30 Lelki p\u00e9ldamutat\u00e1s<br>&nbsp;&nbsp;&nbsp;&nbsp;&nbsp;&nbsp;&nbsp;&nbsp;&nbsp;&nbsp;&nbsp;&nbsp;&nbsp;&nbsp;&nbsp;&nbsp; A kiv\u00e9teles \u00e9leter\u0151 sztyeppei \u00e9s m\u00e9lyen regener\u00e1l\u00f3d\u00f3 \u00e1llapota.<br>11:45 - 12:15 Spiritu\u00e1lis felid\u00e9z\u00e9s<br>&nbsp;&nbsp;&nbsp;&nbsp;&nbsp;&nbsp;&nbsp;&nbsp;&nbsp;&nbsp;&nbsp;&nbsp;&nbsp;&nbsp;&nbsp;&nbsp; A Siv\u00e1val val\u00f3 m\u00e9ly lelki k\u00f6z\u00f6ss\u00e9g \u00e1llapota az \u0150 fens\u00e9ges aspektus\u00e1ban, a<br>&nbsp;&nbsp;&nbsp;&nbsp;&nbsp;&nbsp;&nbsp;&nbsp;&nbsp;&nbsp;&nbsp;&nbsp;&nbsp;&nbsp;&nbsp;&nbsp; Minden l\u00e9ny isteni gy\u00f3gy\u00edt\u00f3ja (Siva-Bhishaja)<br>12:30 - 13:00 Spiritu\u00e1lis p\u00e9ldamutat\u00e1s<br>&nbsp;&nbsp;&nbsp;&nbsp;&nbsp;&nbsp;&nbsp;&nbsp;&nbsp;&nbsp;&nbsp;&nbsp;&nbsp;&nbsp;&nbsp;&nbsp; Kinyilatkoztat\u00e1s a saj\u00e1t bels\u0151 vil\u00e1gegyetem\u00fcnkben Isten kegyelm\u00e9nek felh\u00edv\u00e1sa \u00e1ltal,<br>&nbsp;&nbsp;&nbsp;&nbsp;&nbsp;&nbsp;&nbsp;&nbsp;&nbsp;&nbsp;&nbsp;&nbsp;&nbsp;&nbsp;&nbsp;&nbsp; &nbsp;az egyetemes \u00e9letet l\u00e9legz\u0151 Er\u0151 esszenci\u00e1lis \u00e9s mindent \u00e1that\u00f3 hiposzt\u00e1zisa.<br>&nbsp;&nbsp;&nbsp;&nbsp;&nbsp;&nbsp;&nbsp;&nbsp;&nbsp;&nbsp;&nbsp;&nbsp;&nbsp;&nbsp;&nbsp;&nbsp; (ayus-prakara)<\/p>\n<p><strong>ESTI PROGRAM<\/strong><\/p>\n<p>19:30 - 20:00 Spiritu\u00e1lis p\u00e9ldamutat\u00e1s<br>&nbsp;&nbsp;&nbsp;&nbsp;&nbsp;&nbsp;&nbsp;&nbsp;&nbsp;&nbsp;&nbsp;&nbsp;&nbsp;&nbsp;&nbsp;&nbsp; A l\u00e9ny szuprament\u00e1lis szf\u00e9r\u00e1j\u00e1ban egy j\u00f3t\u00e9kony megnyilv\u00e1nul\u00e1s fel\u00e9breszt\u00e9se \u00e9s energetiz\u00e1l\u00e1sa.<br>&nbsp;&nbsp;&nbsp;&nbsp;&nbsp;&nbsp;&nbsp;&nbsp;&nbsp;&nbsp;&nbsp;&nbsp;&nbsp;&nbsp;&nbsp;&nbsp; az uralkod\u00f3 objekt\u00edv n\u00e9z\u0151pont (evambhuta-naya)<br>20:15 - 20:45 Spiritu\u00e1lis felid\u00e9z\u00e9s<br>&nbsp;&nbsp;&nbsp;&nbsp;&nbsp;&nbsp;&nbsp;&nbsp;&nbsp;&nbsp;&nbsp;&nbsp;&nbsp;&nbsp;&nbsp;&nbsp; A nagy b\u00f6lcs Atrej\u00e1val val\u00f3 m\u00e9ly lelki k\u00f6z\u00f6ss\u00e9g \u00e1llapota, azzal, aki<br>&nbsp;&nbsp;&nbsp;&nbsp;&nbsp;&nbsp;&nbsp;&nbsp;&nbsp;&nbsp;&nbsp;&nbsp;&nbsp;&nbsp;&nbsp;&nbsp; az \u00e9let alapvet\u0151 tudom\u00e1ny\u00e1t (Ayurveda) t\u00f6k\u00e9letesen hozz\u00e1f\u00e9rhet\u0151 form\u00e1ban t\u00e1rja fel<br>21:00 - 21:30 Spiritu\u00e1lis p\u00e9ldamutat\u00e1s<br>&nbsp;&nbsp;&nbsp;&nbsp;&nbsp;&nbsp;&nbsp;&nbsp;&nbsp;&nbsp;&nbsp;&nbsp;&nbsp;&nbsp;&nbsp;&nbsp; A harmonikus egzisztenci\u00e1lis integr\u00e1ci\u00f3 magasabb \u00e1llapota, amely lehet\u0151v\u00e9 teszi az \u00e1talakul\u00e1st...<br>&nbsp;&nbsp;&nbsp;&nbsp;&nbsp;&nbsp;&nbsp;&nbsp;&nbsp;&nbsp;&nbsp;&nbsp;&nbsp;&nbsp;&nbsp;&nbsp; a l\u00e9ny legm\u00e9lyebb r\u00e9sze a finom energi\u00e1k szisztematikus \u00e9s folyamatos felhalmoz\u00e1sa r\u00e9v\u00e9n.<br>&nbsp;&nbsp;&nbsp;&nbsp;&nbsp;&nbsp;&nbsp;&nbsp;&nbsp;&nbsp;&nbsp;&nbsp;&nbsp;&nbsp;&nbsp;&nbsp; j\u00f3indulat\u00fa, sz\u00e9les \u00e9s m\u00e9ly (akara-samaya)<\/p>\n<h2><strong><span style=\"color: #ffcc00;\">&nbsp; &nbsp; &nbsp; &nbsp;2017. j\u00falius 22.<\/span><\/strong><\/h2>\n<p><strong>REGGELI PROGRAM<\/strong><\/p>\n<p>11:00 - 11:30 Lelki p\u00e9ldamutat\u00e1s<br>&nbsp;&nbsp;&nbsp;&nbsp;&nbsp;&nbsp;&nbsp;&nbsp;&nbsp;&nbsp;&nbsp;&nbsp;&nbsp;&nbsp;&nbsp;&nbsp; Az antianyag \u00e9s az antir\u00e9szecsk\u00e9k misztikus val\u00f3s\u00e1ga (prati-dravya)<br>11:45 - 12:15 Spiritu\u00e1lis felid\u00e9z\u00e9s<br>&nbsp;&nbsp;&nbsp;&nbsp;&nbsp;&nbsp;&nbsp;&nbsp;&nbsp;&nbsp;&nbsp;&nbsp;&nbsp;&nbsp;&nbsp;&nbsp; A b\u00f6lcs j\u00f3gi Chayavan\u00e1val val\u00f3 m\u00e9ly spiritu\u00e1lis k\u00f6z\u00f6ss\u00e9g \u00e1llapota, buzg\u00f3<br>&nbsp;&nbsp;&nbsp;&nbsp;&nbsp;&nbsp;&nbsp;&nbsp;&nbsp;&nbsp;&nbsp;&nbsp;&nbsp;&nbsp;&nbsp;&nbsp; a hagyom\u00e1nyos ayurv\u00e9dikus regener\u00e1ci\u00f3s elj\u00e1r\u00e1sok (rasayana) gyakorl\u00f3ja<br>12:30 - 13:00 Spiritu\u00e1lis p\u00e9ldamutat\u00e1s<br>&nbsp;&nbsp;&nbsp;&nbsp;&nbsp;&nbsp;&nbsp;&nbsp;&nbsp;&nbsp;&nbsp;&nbsp;&nbsp;&nbsp;&nbsp;&nbsp; Kinyilatkoztat\u00e1s a saj\u00e1t bels\u0151 vil\u00e1gegyetem\u00fcnkben Isten kegyelm\u00e9nek felh\u00edv\u00e1sa \u00e1ltal,<br>&nbsp;&nbsp;&nbsp;&nbsp;&nbsp;&nbsp;&nbsp;&nbsp;&nbsp;&nbsp;&nbsp;&nbsp;&nbsp;&nbsp;&nbsp;&nbsp; &nbsp;az alapvet\u0151 \u00e9letenergia alapvet\u0151 hiposzt\u00e1zisa, amely megv\u00e9di a testet \u00e9s minden<br>&nbsp;&nbsp;&nbsp;&nbsp;&nbsp;&nbsp;&nbsp;&nbsp;&nbsp;&nbsp;&nbsp;&nbsp;&nbsp;&nbsp;&nbsp;&nbsp; a boml\u00e1s l\u00e9ny\u00e9nek m\u00e1s j\u00e1rm\u0171vei (dhari-prakara)<\/p>\n<p><strong>ESTI PROGRAM<\/strong><\/p>\n<p>19:30 - 20:00 Spiritu\u00e1lis p\u00e9ldamutat\u00e1s<br>&nbsp;&nbsp;&nbsp;&nbsp;&nbsp;&nbsp;&nbsp;&nbsp;&nbsp;&nbsp;&nbsp;&nbsp;&nbsp;&nbsp;&nbsp;&nbsp; A l\u00e9ny szuprament\u00e1lis szf\u00e9r\u00e1j\u00e1ban egy j\u00f3t\u00e9kony megnyilv\u00e1nul\u00e1s fel\u00e9breszt\u00e9se \u00e9s energetiz\u00e1l\u00e1sa.<br>&nbsp;&nbsp;&nbsp;&nbsp;&nbsp;&nbsp;&nbsp;&nbsp;&nbsp;&nbsp;&nbsp;&nbsp;&nbsp;&nbsp;&nbsp;&nbsp; uralkod\u00f3 szelekt\u00edv n\u00e9z\u0151pont (sangraha-naya)<br>20:15 - 20:45 Spiritu\u00e1lis felid\u00e9z\u00e9s<br>&nbsp;&nbsp;&nbsp;&nbsp;&nbsp;&nbsp;&nbsp;&nbsp;&nbsp;&nbsp;&nbsp;&nbsp;&nbsp;&nbsp;&nbsp;&nbsp; A Bharadvaj\u00e1val, a b\u00f6lcs j\u00f3gival val\u00f3 m\u00e9ly lelki k\u00f6z\u00f6ss\u00e9g \u00e1llapota, aki<br>&nbsp;&nbsp;&nbsp;&nbsp;&nbsp;&nbsp;&nbsp;&nbsp;&nbsp;&nbsp;&nbsp;&nbsp;&nbsp;&nbsp;&nbsp;&nbsp; elsaj\u00e1t\u00edtotta az \u00c9let Tudom\u00e1ny\u00e1t (Ayurveda) egy kiv\u00e9teles beavat\u00e1son kereszt\u00fcl, amelyet a<br>&nbsp;&nbsp;&nbsp;&nbsp;&nbsp;&nbsp;&nbsp;&nbsp;&nbsp;&nbsp;&nbsp;&nbsp;&nbsp;&nbsp;&nbsp;&nbsp; a nagy Indra istenhez<br>21:00 - 21:30 Spiritu\u00e1lis p\u00e9ldamutat\u00e1s<br>&nbsp;&nbsp;&nbsp;&nbsp;&nbsp;&nbsp;&nbsp;&nbsp;&nbsp;&nbsp;&nbsp;&nbsp;&nbsp;&nbsp;&nbsp;&nbsp; A harmonikus egzisztenci\u00e1lis integr\u00e1ci\u00f3 magasabb \u00e1llapota, amely lehet\u0151v\u00e9 teszi a<br>&nbsp;&nbsp;&nbsp;&nbsp;&nbsp;&nbsp;&nbsp;&nbsp;&nbsp;&nbsp;&nbsp;&nbsp;&nbsp;&nbsp;&nbsp;&nbsp; a m\u00e9lyen \u00e1talak\u00edt\u00f3 szellemi ugr\u00e1s \u00e9s a b\u00f6lcs gy\u00fcm\u00f6lcs\u00f6z\u00e9s gy\u00fcm\u00f6lcs\u00f6z\u0151 volt\u00e1ban.<br>&nbsp;&nbsp;&nbsp;&nbsp;&nbsp;&nbsp;&nbsp;&nbsp;&nbsp;&nbsp;&nbsp;&nbsp;&nbsp;&nbsp;&nbsp;&nbsp; (utphala-samaya)<\/p>\n<h2><strong><span style=\"color: #ffcc00;\">&nbsp; &nbsp; &nbsp; &nbsp; 2017. j\u00falius 23.<\/span><\/strong><\/h2>\n<p><strong>REGGELI PROGRAM<\/strong><\/p>\n<p>11:00 - 11:30 Lelki p\u00e9ldamutat\u00e1s<br>&nbsp;&nbsp;&nbsp;&nbsp;&nbsp;&nbsp;&nbsp;&nbsp;&nbsp;&nbsp;&nbsp;&nbsp;&nbsp;&nbsp;&nbsp;&nbsp; A szeszes, pezsg\u0151, t\u00e1gas \u00e9s euf\u00f3rikus j\u00f3l\u00e9t terhes \u00e1llapota.<br>11:45 - 12:15 Spiritu\u00e1lis felid\u00e9z\u00e9s<br>&nbsp;&nbsp;&nbsp;&nbsp;&nbsp;&nbsp;&nbsp;&nbsp;&nbsp;&nbsp;&nbsp;&nbsp;&nbsp;&nbsp;&nbsp;&nbsp; A m\u00e9ly spiritu\u00e1lis k\u00f6z\u00f6ss\u00e9g \u00e1llapota Sushrut\u00e1val, a b\u00f6lcs seb\u00e9sszel, aki<br>&nbsp;&nbsp;&nbsp;&nbsp;&nbsp;&nbsp;&nbsp;&nbsp;&nbsp;&nbsp;&nbsp;&nbsp;&nbsp;&nbsp;&nbsp;&nbsp; \u00e9rt\u00e9kes tan\u00edt\u00e1st ny\u00fajtott az embereknek az \u00e9letr\u0151l a munk\u00e1ja r\u00e9v\u00e9n.<br>&nbsp;&nbsp;&nbsp;&nbsp;&nbsp;&nbsp;&nbsp;&nbsp;&nbsp;&nbsp;&nbsp;&nbsp;&nbsp;&nbsp;&nbsp;&nbsp; &nbsp;Ayurveda Sushruta-Samhita<br>12:30 - 13:00 Spiritu\u00e1lis p\u00e9ldamutat\u00e1s<br>&nbsp;&nbsp;&nbsp;&nbsp;&nbsp;&nbsp;&nbsp;&nbsp;&nbsp;&nbsp;&nbsp;&nbsp;&nbsp;&nbsp;&nbsp;&nbsp; Kinyilatkoztat\u00e1s a saj\u00e1t bels\u0151 vil\u00e1gegyetem\u00fcnkben Isten kegyelm\u00e9nek felh\u00edv\u00e1sa \u00e1ltal,<br>&nbsp;&nbsp;&nbsp;&nbsp;&nbsp;&nbsp;&nbsp;&nbsp;&nbsp;&nbsp;&nbsp;&nbsp;&nbsp;&nbsp;&nbsp;&nbsp; &nbsp;az \u00c9let Alapvet\u0151 Energia Alapvet\u0151 Hiposzt\u00e1zis\u00e1nak, amely fenntartja a j\u00f3l\u00e9tet.<br>&nbsp;&nbsp;&nbsp;&nbsp;&nbsp;&nbsp;&nbsp;&nbsp;&nbsp;&nbsp;&nbsp;&nbsp;&nbsp;&nbsp;&nbsp;&nbsp; a test \u00e9s a l\u00e9ny minden m\u00e1s j\u00e1rm\u0171ve (jivita-prakara)<\/p>\n<p><strong>ESTI PROGRAM<\/strong><\/p>\n<p>19:30 - 20:00 Spiritu\u00e1lis p\u00e9ldamutat\u00e1s<br>&nbsp;&nbsp;&nbsp;&nbsp;&nbsp;&nbsp;&nbsp;&nbsp;&nbsp;&nbsp;&nbsp;&nbsp;&nbsp;&nbsp;&nbsp;&nbsp; A l\u00e9ny szuprament\u00e1lis szf\u00e9r\u00e1j\u00e1ban egy j\u00f3t\u00e9kony megnyilv\u00e1nul\u00e1s fel\u00e9breszt\u00e9se \u00e9s energetiz\u00e1l\u00e1sa.<br>&nbsp;&nbsp;&nbsp;&nbsp;&nbsp;&nbsp;&nbsp;&nbsp;&nbsp;&nbsp;&nbsp;&nbsp;&nbsp;&nbsp;&nbsp;&nbsp; a korrelat\u00edv n\u00e9z\u0151pont (naigama-naya) t\u00fals\u00falya<br>20:15 - 20:45 Spiritu\u00e1lis felid\u00e9z\u00e9s<br>&nbsp;&nbsp;&nbsp;&nbsp;&nbsp;&nbsp;&nbsp;&nbsp;&nbsp;&nbsp;&nbsp;&nbsp;&nbsp;&nbsp;&nbsp;&nbsp; A magasztos szf\u00e9r\u00e1val val\u00f3 csod\u00e1latos lelki k\u00f6z\u00f6ss\u00e9g \u00e1llapota<br>&nbsp;&nbsp;&nbsp;&nbsp;&nbsp;&nbsp;&nbsp;&nbsp;&nbsp;&nbsp;&nbsp;&nbsp;&nbsp;&nbsp;&nbsp;&nbsp; Dhanvantari, az ayurv\u00e9dikus beavat\u00f3 tud\u00e1s inspir\u00e1tora.<br>&nbsp;&nbsp;&nbsp;&nbsp;&nbsp;&nbsp;&nbsp;&nbsp;&nbsp;&nbsp;&nbsp;&nbsp;&nbsp;&nbsp;&nbsp;&nbsp; a l\u00e9ny megtisztul\u00e1sa \u00e9s regener\u00e1l\u00f3d\u00e1sa<br>21:00 - 21:30 Spiritu\u00e1lis p\u00e9ldamutat\u00e1s<br>&nbsp;&nbsp;&nbsp;&nbsp;&nbsp;&nbsp;&nbsp;&nbsp;&nbsp;&nbsp;&nbsp;&nbsp;&nbsp;&nbsp;&nbsp;&nbsp; A harmonikus egzisztenci\u00e1lis integr\u00e1ci\u00f3 magasabb \u00e1llapota, amely lehet\u0151v\u00e9 teszi a sz\u00e9les k\u00f6r\u0171 terjeszked\u00e9st.<br>&nbsp;&nbsp;&nbsp;&nbsp;&nbsp;&nbsp;&nbsp;&nbsp;&nbsp;&nbsp;&nbsp;&nbsp;&nbsp;&nbsp;&nbsp;&nbsp; \u00e9s a l\u00e9ny tudatoss\u00e1gi szf\u00e9r\u00e1j\u00e1nak t\u00f6bbdimenzi\u00f3s, j\u00f3t\u00e9kony kit\u00e1gul\u00e1sa<br>&nbsp;&nbsp;&nbsp;&nbsp;&nbsp;&nbsp;&nbsp;&nbsp;&nbsp;&nbsp;&nbsp;&nbsp;&nbsp;&nbsp;&nbsp;&nbsp; (vistara-samaya)<\/p>\n<h2><strong><span style=\"color: #ffcc00;\">&nbsp; &nbsp; &nbsp; &nbsp; &nbsp; 2017. j\u00falius 24.<\/span><\/strong><\/h2>\n<p><strong>REGGELI PROGRAM<\/strong><\/p>\n<p>11:00 - 11:30 Lelki p\u00e9ldamutat\u00e1s<br>&nbsp;&nbsp;&nbsp;&nbsp;&nbsp;&nbsp;&nbsp;&nbsp;&nbsp;&nbsp;&nbsp;&nbsp;&nbsp;&nbsp;&nbsp;&nbsp; Az ego korl\u00e1toz\u00f3 hat\u00e1s\u00e1nak (ahamkara) vill\u00e1mgyors meghalad\u00e1sa az\u00e1ltal, hogy<br>&nbsp;&nbsp;&nbsp;&nbsp;&nbsp;&nbsp;&nbsp;&nbsp;&nbsp;&nbsp;&nbsp;&nbsp;&nbsp;&nbsp;&nbsp;&nbsp; az egy\u00e9ni akarat fels\u0151bbrend\u0171, harmonikus \u00e9s m\u00e9lyen hasznos integr\u00e1ci\u00f3ja a<br>&nbsp;&nbsp;&nbsp;&nbsp;&nbsp;&nbsp;&nbsp;&nbsp;&nbsp;&nbsp;&nbsp;&nbsp;&nbsp;&nbsp;&nbsp;&nbsp; Isten egyetemes \u00e9s mindenhat\u00f3 akarat\u00e1ban val\u00f3 l\u00e9tez\u00e9s.<br>11:45 - 12:15 Spiritu\u00e1lis felid\u00e9z\u00e9s<br>&nbsp;&nbsp;&nbsp;&nbsp;&nbsp;&nbsp;&nbsp;&nbsp;&nbsp;&nbsp;&nbsp;&nbsp;&nbsp;&nbsp;&nbsp;&nbsp; A m\u00e9ly spiritu\u00e1lis k\u00f6z\u00f6ss\u00e9g \u00e1llapota Nagarjun\u00e1val, a b\u00f6lcs alkimist\u00e1val, aki<br>&nbsp;&nbsp;&nbsp;&nbsp;&nbsp;&nbsp;&nbsp;&nbsp;&nbsp;&nbsp;&nbsp;&nbsp;&nbsp;&nbsp;&nbsp;&nbsp; felt\u00e1rta az embereknek n\u00e9h\u00e1ny titkos, titkos aspektus\u00e1t annak, hogy hogyan kell haszn\u00e1lni<br>&nbsp;&nbsp;&nbsp;&nbsp;&nbsp;&nbsp;&nbsp;&nbsp;&nbsp;&nbsp;&nbsp;&nbsp;&nbsp;&nbsp;&nbsp;&nbsp; hat\u00e9kony, regener\u00e1l\u00f3 hat\u00e1s\u00fa ayurv\u00e9dikus gyakorlatok (rasayana)<br>12:30 - 13:00 Spiritu\u00e1lis p\u00e9ldamutat\u00e1s<br>&nbsp;&nbsp;&nbsp;&nbsp;&nbsp;&nbsp;&nbsp;&nbsp;&nbsp;&nbsp;&nbsp;&nbsp;&nbsp;&nbsp;&nbsp;&nbsp; Kinyilatkoztat\u00e1s a saj\u00e1t bels\u0151 vil\u00e1gegyetem\u00fcnkben Isten kegyelm\u00e9nek felh\u00edv\u00e1sa \u00e1ltal,<br>&nbsp;&nbsp;&nbsp;&nbsp;&nbsp;&nbsp;&nbsp;&nbsp;&nbsp;&nbsp;&nbsp;&nbsp;&nbsp;&nbsp;&nbsp;&nbsp; &nbsp;az \u00c9let alapvet\u0151 Energi\u00e1j\u00e1nak esszenci\u00e1lis hiposzt\u00e1zis\u00e1t, amely az alappill\u00e9rk\u00e9nt szolg\u00e1l.<br>&nbsp;&nbsp;&nbsp;&nbsp;&nbsp;&nbsp;&nbsp;&nbsp;&nbsp;&nbsp;&nbsp;&nbsp;&nbsp;&nbsp;&nbsp;&nbsp; a test \u00e9s a l\u00e9tez\u00e9s minden hordoz\u00f3j\u00e1nak \u00e1lland\u00f3 j\u00f3l\u00e9te (nityada-prakara)<\/p>\n<p><strong>ESTI PROGRAM<\/strong><\/p>\n<p>19:30 - 20:00 Spiritu\u00e1lis p\u00e9ldamutat\u00e1s<br>&nbsp;&nbsp;&nbsp;&nbsp;&nbsp;&nbsp;&nbsp;&nbsp;&nbsp;&nbsp;&nbsp;&nbsp;&nbsp;&nbsp;&nbsp;&nbsp; A l\u00e9ny szuprament\u00e1lis szf\u00e9r\u00e1j\u00e1ban egy j\u00f3t\u00e9kony megnyilv\u00e1nul\u00e1s fel\u00e9breszt\u00e9se \u00e9s energetiz\u00e1l\u00e1sa.<br>&nbsp;&nbsp;&nbsp;&nbsp;&nbsp;&nbsp;&nbsp;&nbsp;&nbsp;&nbsp;&nbsp;&nbsp;&nbsp;&nbsp;&nbsp;&nbsp; a saj\u00e1tos n\u00e9z\u0151pont \u00e9rv\u00e9nyes\u00fcl\u00e9se (vyavahara-naya)<br>20:15 - 20:45 Spiritu\u00e1lis felid\u00e9z\u00e9s<br>&nbsp;&nbsp;&nbsp;&nbsp;&nbsp;&nbsp;&nbsp;&nbsp;&nbsp;&nbsp;&nbsp;&nbsp;&nbsp;&nbsp;&nbsp;&nbsp; A Nagy Istennel, Indr\u00e1val val\u00f3 m\u00e9ly spiritu\u00e1lis k\u00f6z\u00f6ss\u00e9g \u00e1llapota, aki, mivel<br>&nbsp;&nbsp;&nbsp;&nbsp;&nbsp;&nbsp;&nbsp;&nbsp;&nbsp;&nbsp;&nbsp;&nbsp;&nbsp;&nbsp;&nbsp;&nbsp; a gyakorl\u00f3k isteni v\u00e9delmez\u0151je, aki egy \u00faton j\u00e1r.<br>&nbsp;&nbsp;&nbsp;&nbsp;&nbsp;&nbsp;&nbsp;&nbsp;&nbsp;&nbsp;&nbsp;&nbsp;&nbsp;&nbsp;&nbsp;&nbsp; felt\u00e1rta sz\u00e1mukra az \u00c9let Tudom\u00e1ny\u00e1nak l\u00e9nyeges aspektusait -<br>21:00 - 21:30 Spiritu\u00e1lis p\u00e9ldamutat\u00e1s<br>&nbsp;&nbsp;&nbsp;&nbsp;&nbsp;&nbsp;&nbsp;&nbsp;&nbsp;&nbsp;&nbsp;&nbsp;&nbsp;&nbsp;&nbsp;&nbsp; A harmonikus egzisztenci\u00e1lis integr\u00e1ci\u00f3 magasabb \u00e1llapota, amely lehet\u0151v\u00e9 teszi a<br>&nbsp;&nbsp;&nbsp;&nbsp;&nbsp;&nbsp;&nbsp;&nbsp;&nbsp;&nbsp;&nbsp;&nbsp;&nbsp;&nbsp;&nbsp;&nbsp; a j\u00f3t\u00e9kony spiritu\u00e1lis hat\u00e9konys\u00e1g, a magasabb k\u00e9pess\u00e9gek fel\u00e9breszt\u00e9s\u00e9vel \u00e9s<br>&nbsp;&nbsp;&nbsp;&nbsp;&nbsp;&nbsp;&nbsp;&nbsp;&nbsp;&nbsp;&nbsp;&nbsp;&nbsp;&nbsp;&nbsp;&nbsp; a tudatoss\u00e1g kiv\u00e9teles adotts\u00e1gai (sziddhi-samaya)<\/p>\n<h2><strong><span style=\"color: #ffcc00;\">&nbsp; &nbsp; &nbsp; &nbsp; &nbsp; &nbsp;2017. j\u00falius 25.<\/span><\/strong><\/h2>\n<p><strong>REGGELI PROGRAM<\/strong><\/p>\n<p>11:00 - 11:30 Lelki p\u00e9ldamutat\u00e1s<br>&nbsp;&nbsp;&nbsp;&nbsp;&nbsp;&nbsp;&nbsp;&nbsp;&nbsp;&nbsp;&nbsp;&nbsp;&nbsp;&nbsp;&nbsp;&nbsp; Az id\u0151tlen felemel\u0151 szeretet magasztos, sz\u00e9les \u00e9s m\u00e9ly \u00e1llapota, amely lehet\u0151v\u00e9 teszi, hogy<br>&nbsp;&nbsp;&nbsp;&nbsp;&nbsp;&nbsp;&nbsp;&nbsp;&nbsp;&nbsp;&nbsp;&nbsp;&nbsp;&nbsp;&nbsp;&nbsp; az isteni \u00d6r\u00f6kk\u00e9val\u00f3s\u00e1g transzcendens dimenzi\u00f3j\u00e1nak kinyilatkoztat\u00e1sa a l\u00e9tben.<br>11:45 - 12:15 Spiritu\u00e1lis felid\u00e9z\u00e9s<br>&nbsp;&nbsp;&nbsp;&nbsp;&nbsp;&nbsp;&nbsp;&nbsp;&nbsp;&nbsp;&nbsp;&nbsp;&nbsp;&nbsp;&nbsp;&nbsp; A Sinivali-val, az \u00e9gi n\u0151i l\u00e9nnyel val\u00f3 m\u00e9ly spiritu\u00e1lis k\u00f6z\u00f6ss\u00e9g \u00e1llapota.<br>&nbsp;&nbsp;&nbsp;&nbsp;&nbsp;&nbsp;&nbsp;&nbsp;&nbsp;&nbsp;&nbsp;&nbsp;&nbsp;&nbsp;&nbsp;&nbsp; ismert, mint a gyermekek \u00e9let\u00e9nek vigasztal\u00f3ja \u00e9s v\u00e9delmez\u0151je, valamint az Istenn\u0151 is.<br>&nbsp;&nbsp;&nbsp;&nbsp;&nbsp;&nbsp;&nbsp;&nbsp;&nbsp;&nbsp;&nbsp;&nbsp;&nbsp;&nbsp;&nbsp;&nbsp; minden emberi l\u00e9ny, aki a l\u00e9lek magasztos tisztas\u00e1g\u00e1nak kimondhatatlan \u00e1llapot\u00e1ra t\u00f6rekszik.<br>12:30 - 13:00 Spiritu\u00e1lis p\u00e9ldamutat\u00e1s<br>&nbsp;&nbsp;&nbsp;&nbsp;&nbsp;&nbsp;&nbsp;&nbsp;&nbsp;&nbsp;&nbsp;&nbsp;&nbsp;&nbsp;&nbsp;&nbsp; Kinyilatkoztat\u00e1s a saj\u00e1t bels\u0151 vil\u00e1gegyetem\u00fcnkben Isten kegyelm\u00e9nek felh\u00edv\u00e1sa \u00e1ltal,<br>&nbsp;&nbsp;&nbsp;&nbsp;&nbsp;&nbsp;&nbsp;&nbsp;&nbsp;&nbsp;&nbsp;&nbsp;&nbsp;&nbsp;&nbsp;&nbsp; &nbsp;az \u00c9let Alapvet\u0151 Energia L\u00e9nyeges Hiposzt\u00e1zis\u00e1nak, amely biztos\u00edtja a l\u00e9lekv\u00e1ndorl\u00e1st.<br>&nbsp;&nbsp;&nbsp;&nbsp;&nbsp;&nbsp;&nbsp;&nbsp;&nbsp;&nbsp;&nbsp;&nbsp;&nbsp;&nbsp;&nbsp;&nbsp; egyik testhordoz\u00f3b\u00f3l a m\u00e1sikba (anubandha-prakara)<\/p>\n<p><strong>ESTI PROGRAM<\/strong><\/p>\n<p>19:30 - 20:00 Spiritu\u00e1lis p\u00e9ldamutat\u00e1s<br>&nbsp;&nbsp;&nbsp;&nbsp;&nbsp;&nbsp;&nbsp;&nbsp;&nbsp;&nbsp;&nbsp;&nbsp;&nbsp;&nbsp;&nbsp;&nbsp; A l\u00e9ny szuprament\u00e1lis szf\u00e9r\u00e1j\u00e1ban egy j\u00f3t\u00e9kony megnyilv\u00e1nul\u00e1s fel\u00e9breszt\u00e9se \u00e9s energetiz\u00e1l\u00e1sa.<br>&nbsp;&nbsp;&nbsp;&nbsp;&nbsp;&nbsp;&nbsp;&nbsp;&nbsp;&nbsp;&nbsp;&nbsp;&nbsp;&nbsp;&nbsp;&nbsp; a magasabb n\u00e9z\u0151pont domin\u00e1ns, amely m\u00e9lyen integrat\u00edv (rijusutra-<br>&nbsp;&nbsp;&nbsp;&nbsp;&nbsp;&nbsp;&nbsp;&nbsp;&nbsp;&nbsp;&nbsp;&nbsp;&nbsp;&nbsp;&nbsp;&nbsp; naya)<br>20:15 - 20:45 Spiritu\u00e1lis felid\u00e9z\u00e9s<br>&nbsp;&nbsp;&nbsp;&nbsp;&nbsp;&nbsp;&nbsp;&nbsp;&nbsp;&nbsp;&nbsp;&nbsp;&nbsp;&nbsp;&nbsp;&nbsp; A tudat magasabb tudatszf\u00e9r\u00e1j\u00e1val val\u00f3 m\u00e9ly spiritu\u00e1lis k\u00f6z\u00f6ss\u00e9g \u00e1llapota a<br>&nbsp;&nbsp;&nbsp;&nbsp;&nbsp;&nbsp;&nbsp;&nbsp;&nbsp;&nbsp;&nbsp;&nbsp;&nbsp;&nbsp;&nbsp;&nbsp; a Nagy Avat\u00e1r Krishna, aki kinyilatkoztatta az embereknek a tud\u00e1st.<br>&nbsp;&nbsp;&nbsp;&nbsp;&nbsp;&nbsp;&nbsp;&nbsp;&nbsp;&nbsp;&nbsp;&nbsp;&nbsp;&nbsp;&nbsp;&nbsp; a term\u00e9szet h\u00e1rom alapvet\u0151 tendenci\u00e1ja megnyilv\u00e1nul\u00e1s\u00e1nak l\u00e9nyeges megk\u00fcl\u00f6nb\u00f6ztet\u0151je<br>21:00 - 21:30 Spiritu\u00e1lis p\u00e9ldamutat\u00e1s<br>&nbsp;&nbsp;&nbsp;&nbsp;&nbsp;&nbsp;&nbsp;&nbsp;&nbsp;&nbsp;&nbsp;&nbsp;&nbsp;&nbsp;&nbsp;&nbsp; A harmonikus egzisztenci\u00e1lis integr\u00e1ci\u00f3 magasabb \u00e1llapota, amely lehet\u0151v\u00e9 teszi a<br>&nbsp;&nbsp;&nbsp;&nbsp;&nbsp;&nbsp;&nbsp;&nbsp;&nbsp;&nbsp;&nbsp;&nbsp;&nbsp;&nbsp;&nbsp;&nbsp; a kimondhatatlan isteni term\u00e9szet bens\u0151s\u00e9ges \u00e9s m\u00e9ly meg\u00e9rt\u00e9se, \u00e9s a l\u00e9tben val\u00f3 fel\u00e9bred\u00e9se a<br>&nbsp;&nbsp;&nbsp;&nbsp;&nbsp;&nbsp;&nbsp;&nbsp;&nbsp;&nbsp;&nbsp;&nbsp;&nbsp;&nbsp;&nbsp;&nbsp; lelki intelligencia (prabodha-samaya)<\/p>\n<h2><span style=\"color: #ffcc00;\"><strong>&nbsp; &nbsp; &nbsp; &nbsp; &nbsp;2017. j\u00falius 26.<\/strong><\/span><\/h2>\n<p><strong>V\u00c9GLEGES PROGRAM<\/strong><\/p>\n<p>10:00 - 10:20 Medit\u00e1ci\u00f3<br>&nbsp;&nbsp;&nbsp;&nbsp;&nbsp;&nbsp;&nbsp;&nbsp;&nbsp;&nbsp;&nbsp;&nbsp;&nbsp;&nbsp;&nbsp;&nbsp; Az Atya Istennel val\u00f3 sz\u00e9les \u00e9s m\u00e9ly k\u00f6z\u00f6ss\u00e9g kimondhatatlan szellemi \u00e1llapota.<br>10:30 - 11:00 Lelki p\u00e9ldamutat\u00e1s<br>&nbsp;&nbsp;&nbsp;&nbsp;&nbsp;&nbsp;&nbsp;&nbsp;&nbsp;&nbsp;&nbsp;&nbsp;&nbsp;&nbsp;&nbsp;&nbsp; A transzindividu\u00e1lis egzisztenci\u00e1lis integr\u00e1ci\u00f3 magasabb \u00e1llapota, amely lehet\u0151v\u00e9 teszi a kinyilatkoztat\u00e1st<br>&nbsp;&nbsp;&nbsp;&nbsp;&nbsp;&nbsp;&nbsp;&nbsp;&nbsp;&nbsp;&nbsp;&nbsp;&nbsp;&nbsp;&nbsp;&nbsp; a titokzatos \u00e9s kimondhatatlan, v\u00e9gtelen\u00fcl t\u00e1gul\u00f3 tudatszf\u00e9r\u00e1ban.<br>&nbsp;&nbsp;&nbsp;&nbsp;&nbsp;&nbsp;&nbsp;&nbsp;&nbsp;&nbsp;&nbsp;&nbsp;&nbsp;&nbsp;&nbsp;&nbsp; isteni \u00f6sszetetts\u00e9g (samhatatva-samaya)<br>11:10 - 11:30 Medit\u00e1ci\u00f3<br>&nbsp;&nbsp;&nbsp;&nbsp;&nbsp;&nbsp;&nbsp;&nbsp;&nbsp;&nbsp;&nbsp;&nbsp;&nbsp;&nbsp;&nbsp;&nbsp; A sz\u00e9les, al\u00e1zatos \u00e9s m\u00e9ly h\u00e1la Istennek, az Aty\u00e1nak a k\u00f6vetkez\u0151\u00e9rt<br>&nbsp;&nbsp;&nbsp;&nbsp;&nbsp;&nbsp;&nbsp;&nbsp;&nbsp;&nbsp;&nbsp;&nbsp;&nbsp;&nbsp;&nbsp;&nbsp; Az Isteni kegyelem, amelyet ebben a lelki t\u00e1borban a<br>11:40 - 12:00 Medit\u00e1ci\u00f3<br>&nbsp;&nbsp;&nbsp;&nbsp;&nbsp;&nbsp;&nbsp;&nbsp;&nbsp;&nbsp;&nbsp;&nbsp;&nbsp;&nbsp;&nbsp;&nbsp; Szeret\u0151 h\u00e1la medit\u00e1ci\u00f3ja a Spiritu\u00e1lis Vezet\u0151nek a t\u00e1mogat\u00e1s\u00e9rt.<br>&nbsp;&nbsp;&nbsp;&nbsp;&nbsp;&nbsp;&nbsp;&nbsp;&nbsp;&nbsp;&nbsp;&nbsp;&nbsp;&nbsp;&nbsp;&nbsp; a finom spiritu\u00e1lis felismer\u00e9sek, amelyeket ebben az Ayurveda t\u00e1borban kaptunk.<br>12:10 - 12:40 Medit\u00e1ci\u00f3<br>&nbsp;&nbsp;&nbsp;&nbsp;&nbsp;&nbsp;&nbsp;&nbsp;&nbsp;&nbsp;&nbsp;&nbsp;&nbsp;&nbsp;&nbsp;&nbsp; Az Ayurveda t\u00e1bor 2017 finom g\u00f6mbi spiritu\u00e1lis mezej\u00e9nek fokozatos felsz\u00edv\u00f3d\u00e1sa.<\/p>\t\t\t\t\t\t\t\t<\/div>\n\t\t\t\t<\/div>\n\t\t\t\t\t<\/div>\n\t\t<\/div>\n\t\t\t\t\t<\/div>\n\t\t<\/section>\n\t\t\t\t<\/div>","protected":false},"excerpt":{"rendered":"<p>&nbsp;&nbsp;&nbsp;&nbsp;&nbsp;&nbsp;&nbsp; Ayurveda Spiritu\u00e1lis T\u00e1bor 2017 A harmonikus egzisztenci\u00e1lis integr\u00e1ci\u00f3 h\u00e9t magasabb \u00e1llapot\u00e1nak (sapta-samaya) kinyilatkoztat\u00e1sa a l\u00e9tben Isten kegyelm\u00e9hez val\u00f3 folyamod\u00e1s r\u00e9v\u00e9n, melyeket az Ayurveda rendszer ezoterikus hagyom\u00e1ny\u00e1ban prakrita-samaya, akara-samaya, utphala-samaya, vistara-samaya, siddhi-samaya, prabodha-samaya \u00e9s samhatatva-samaya n\u00e9ven ismer\u00fcnk.        A saj\u00e1t bels\u0151 univerzumban val\u00f3 megnyilatkoz\u00e1s, Isten kegyelm\u00e9hez val\u00f3 folyamod\u00e1s r\u00e9v\u00e9n, azoknak a [...]<\/p>","protected":false},"author":1,"featured_media":0,"parent":3532,"menu_order":0,"comment_status":"closed","ping_status":"closed","template":"","meta":{"_mi_skip_tracking":false,"_analytify_skip_tracking":false,"footnotes":""},"class_list":["post-5177","page","type-page","status-publish","hentry"],"aioseo_notices":[],"aioseo_head":"\n\t\t<!-- All in One SEO Pro 4.7.0 - aioseo.com -->\n\t\t<meta name=\"description\" content=\"Revelarea celor cinci Ipostaze esen\u0163iale de manifestare ale Energiei fundamentale a vie\u0163ii (pancha-prakara): ayus-prakara, dhari-prakara, jivita-prakara, nityada-prakara \u015fi anubandha-prakara.\" \/>\n\t\t<meta name=\"robots\" content=\"max-image-preview:large\" \/>\n\t\t<meta name=\"google-site-verification\" content=\"G-391X30D2FS\" \/>\n\t\t<link rel=\"canonical\" href=\"https:\/\/amnromania.ro\/hu\/tevekenyseg\/ayurveda-taborok\/tabara-de-ayurveda-2017\/\" \/>\n\t\t<meta name=\"generator\" content=\"All in One SEO Pro (AIOSEO) 4.7.0\" \/>\n\t\t<meta property=\"og:locale\" content=\"hu_HU\" \/>\n\t\t<meta property=\"og:site_name\" content=\"AMN Ayurveda ROM\u00c2NIA | Asociatia Nationala pentru Promovarea Medicinelor Neconventionale\" \/>\n\t\t<meta property=\"og:type\" content=\"article\" \/>\n\t\t<meta property=\"og:title\" content=\"Tabara de Ayurveda 2017 | AMN Ayurveda ROM\u00c2NIA\" \/>\n\t\t<meta property=\"og:description\" content=\"Revelarea celor cinci Ipostaze esen\u0163iale de manifestare ale Energiei fundamentale a vie\u0163ii (pancha-prakara): ayus-prakara, dhari-prakara, jivita-prakara, nityada-prakara \u015fi anubandha-prakara.\" \/>\n\t\t<meta property=\"og:url\" content=\"https:\/\/amnromania.ro\/hu\/tevekenyseg\/ayurveda-taborok\/tabara-de-ayurveda-2017\/\" \/>\n\t\t<meta property=\"og:image\" content=\"https:\/\/amnromania.ro\/ynorsyju\/2021\/06\/Ayurveda-in-Romania-Vol.-2-Ro.jpg\" \/>\n\t\t<meta property=\"og:image:secure_url\" content=\"https:\/\/amnromania.ro\/ynorsyju\/2021\/06\/Ayurveda-in-Romania-Vol.-2-Ro.jpg\" \/>\n\t\t<meta property=\"article:published_time\" content=\"2020-11-09T17:22:01+00:00\" \/>\n\t\t<meta property=\"article:modified_time\" content=\"2020-11-10T19:53:31+00:00\" \/>\n\t\t<meta property=\"article:publisher\" content=\"https:\/\/www.facebook.com\/AMNRomania\" \/>\n\t\t<script type=\"application\/ld+json\" class=\"aioseo-schema\">\n\t\t\t{\"@context\":\"https:\\\/\\\/schema.org\",\"@graph\":[{\"@type\":\"BreadcrumbList\",\"@id\":\"https:\\\/\\\/amnromania.ro\\\/hu\\\/tevekenyseg\\\/ayurveda-taborok\\\/tabara-de-ayurveda-2017\\\/#breadcrumblist\",\"itemListElement\":[{\"@type\":\"ListItem\",\"@id\":\"https:\\\/\\\/amnromania.ro\\\/hu\\\/#listItem\",\"position\":1,\"name\":\"Home\",\"item\":\"https:\\\/\\\/amnromania.ro\\\/hu\\\/\",\"nextItem\":\"https:\\\/\\\/amnromania.ro\\\/hu\\\/tevekenyseg\\\/#listItem\"},{\"@type\":\"ListItem\",\"@id\":\"https:\\\/\\\/amnromania.ro\\\/hu\\\/tevekenyseg\\\/#listItem\",\"position\":2,\"name\":\"Activitate\",\"item\":\"https:\\\/\\\/amnromania.ro\\\/hu\\\/tevekenyseg\\\/\",\"nextItem\":\"https:\\\/\\\/amnromania.ro\\\/hu\\\/tevekenyseg\\\/ayurveda-taborok\\\/#listItem\",\"previousItem\":\"https:\\\/\\\/amnromania.ro\\\/hu\\\/#listItem\"},{\"@type\":\"ListItem\",\"@id\":\"https:\\\/\\\/amnromania.ro\\\/hu\\\/tevekenyseg\\\/ayurveda-taborok\\\/#listItem\",\"position\":3,\"name\":\"Tabere de Ayurveda\",\"item\":\"https:\\\/\\\/amnromania.ro\\\/hu\\\/tevekenyseg\\\/ayurveda-taborok\\\/\",\"nextItem\":\"https:\\\/\\\/amnromania.ro\\\/hu\\\/tevekenyseg\\\/ayurveda-taborok\\\/tabara-de-ayurveda-2017\\\/#listItem\",\"previousItem\":\"https:\\\/\\\/amnromania.ro\\\/hu\\\/tevekenyseg\\\/#listItem\"},{\"@type\":\"ListItem\",\"@id\":\"https:\\\/\\\/amnromania.ro\\\/hu\\\/tevekenyseg\\\/ayurveda-taborok\\\/tabara-de-ayurveda-2017\\\/#listItem\",\"position\":4,\"name\":\"Tabara de Ayurveda 2017\",\"previousItem\":\"https:\\\/\\\/amnromania.ro\\\/hu\\\/tevekenyseg\\\/ayurveda-taborok\\\/#listItem\"}]},{\"@type\":\"Organization\",\"@id\":\"https:\\\/\\\/amnromania.ro\\\/hu\\\/#organization\",\"name\":\"AMN Ayurveda Romania\",\"url\":\"https:\\\/\\\/amnromania.ro\\\/hu\\\/\",\"logo\":{\"@type\":\"ImageObject\",\"url\":\"https:\\\/\\\/amnromania.ro\\\/ynorsyju\\\/2020\\\/10\\\/amn.png\",\"@id\":\"https:\\\/\\\/amnromania.ro\\\/hu\\\/tevekenyseg\\\/ayurveda-taborok\\\/tabara-de-ayurveda-2017\\\/#organizationLogo\"},\"image\":{\"@id\":\"https:\\\/\\\/amnromania.ro\\\/hu\\\/tevekenyseg\\\/ayurveda-taborok\\\/tabara-de-ayurveda-2017\\\/#organizationLogo\"},\"sameAs\":[\"https:\\\/\\\/www.facebook.com\\\/AMNRomania\",\"https:\\\/\\\/www.youtube.com\\\/channel\\\/UClfqKxiq_uZ11rthDIT3-BQ\\\/videos\"]},{\"@type\":\"WebPage\",\"@id\":\"https:\\\/\\\/amnromania.ro\\\/hu\\\/tevekenyseg\\\/ayurveda-taborok\\\/tabara-de-ayurveda-2017\\\/#webpage\",\"url\":\"https:\\\/\\\/amnromania.ro\\\/hu\\\/tevekenyseg\\\/ayurveda-taborok\\\/tabara-de-ayurveda-2017\\\/\",\"name\":\"Tabara de Ayurveda 2017 | AMN Ayurveda ROM\\u00c2NIA\",\"description\":\"Revelarea celor cinci Ipostaze esen\\u0163iale de manifestare ale Energiei fundamentale a vie\\u0163ii (pancha-prakara): ayus-prakara, dhari-prakara, jivita-prakara, nityada-prakara \\u015fi anubandha-prakara.\",\"inLanguage\":\"hu-HU\",\"isPartOf\":{\"@id\":\"https:\\\/\\\/amnromania.ro\\\/hu\\\/#website\"},\"breadcrumb\":{\"@id\":\"https:\\\/\\\/amnromania.ro\\\/hu\\\/tevekenyseg\\\/ayurveda-taborok\\\/tabara-de-ayurveda-2017\\\/#breadcrumblist\"},\"datePublished\":\"2020-11-09T17:22:01+02:00\",\"dateModified\":\"2020-11-10T19:53:31+02:00\"},{\"@type\":\"WebSite\",\"@id\":\"https:\\\/\\\/amnromania.ro\\\/hu\\\/#website\",\"url\":\"https:\\\/\\\/amnromania.ro\\\/hu\\\/\",\"name\":\"AMN Ayurveda ROM\\u00c2NIA\",\"description\":\"Asociatia Nationala pentru Promovarea Medicinelor Neconventionale\",\"inLanguage\":\"hu-HU\",\"publisher\":{\"@id\":\"https:\\\/\\\/amnromania.ro\\\/hu\\\/#organization\"}}]}\n\t\t<\/script>\n\t\t<!-- All in One SEO Pro -->\r\n\t\t<title>Tabara de Ayurveda 2017 | AMN Ayurveda ROM\u00c2NIA<\/title>\n\n","aioseo_head_json":{"title":"Tabara de Ayurveda 2017 | AMN Ayurveda ROM\u00c2NIA","description":"Revelarea celor cinci Ipostaze esen\u0163iale de manifestare ale Energiei fundamentale a vie\u0163ii (pancha-prakara): ayus-prakara, dhari-prakara, jivita-prakara, nityada-prakara \u015fi anubandha-prakara.","canonical_url":"https:\/\/amnromania.ro\/hu\/tevekenyseg\/ayurveda-taborok\/tabara-de-ayurveda-2017\/","robots":"max-image-preview:large","keywords":"","webmasterTools":{"google-site-verification":"G-391X30D2FS","miscellaneous":""},"og:locale":"hu_HU","og:site_name":"AMN Ayurveda ROM\u00c2NIA | Asociatia Nationala pentru Promovarea Medicinelor Neconventionale","og:type":"article","og:title":"Tabara de Ayurveda 2017 | AMN Ayurveda ROM\u00c2NIA","og:description":"Revelarea celor cinci Ipostaze esen\u0163iale de manifestare ale Energiei fundamentale a vie\u0163ii (pancha-prakara): ayus-prakara, dhari-prakara, jivita-prakara, nityada-prakara \u015fi anubandha-prakara.","og:url":"https:\/\/amnromania.ro\/hu\/tevekenyseg\/ayurveda-taborok\/tabara-de-ayurveda-2017\/","og:image":"https:\/\/amnromania.ro\/ynorsyju\/2021\/06\/Ayurveda-in-Romania-Vol.-2-Ro.jpg","og:image:secure_url":"https:\/\/amnromania.ro\/ynorsyju\/2021\/06\/Ayurveda-in-Romania-Vol.-2-Ro.jpg","article:published_time":"2020-11-09T17:22:01+00:00","article:modified_time":"2020-11-10T19:53:31+00:00","article:publisher":"https:\/\/www.facebook.com\/AMNRomania","schema":{"@context":"https:\/\/schema.org","@graph":[{"@type":"BreadcrumbList","@id":"https:\/\/amnromania.ro\/hu\/tevekenyseg\/ayurveda-taborok\/tabara-de-ayurveda-2017\/#breadcrumblist","itemListElement":[{"@type":"ListItem","@id":"https:\/\/amnromania.ro\/hu\/#listItem","position":1,"name":"Home","item":"https:\/\/amnromania.ro\/hu\/","nextItem":"https:\/\/amnromania.ro\/hu\/tevekenyseg\/#listItem"},{"@type":"ListItem","@id":"https:\/\/amnromania.ro\/hu\/tevekenyseg\/#listItem","position":2,"name":"Activitate","item":"https:\/\/amnromania.ro\/hu\/tevekenyseg\/","nextItem":"https:\/\/amnromania.ro\/hu\/tevekenyseg\/ayurveda-taborok\/#listItem","previousItem":"https:\/\/amnromania.ro\/hu\/#listItem"},{"@type":"ListItem","@id":"https:\/\/amnromania.ro\/hu\/tevekenyseg\/ayurveda-taborok\/#listItem","position":3,"name":"Tabere de Ayurveda","item":"https:\/\/amnromania.ro\/hu\/tevekenyseg\/ayurveda-taborok\/","nextItem":"https:\/\/amnromania.ro\/hu\/tevekenyseg\/ayurveda-taborok\/tabara-de-ayurveda-2017\/#listItem","previousItem":"https:\/\/amnromania.ro\/hu\/tevekenyseg\/#listItem"},{"@type":"ListItem","@id":"https:\/\/amnromania.ro\/hu\/tevekenyseg\/ayurveda-taborok\/tabara-de-ayurveda-2017\/#listItem","position":4,"name":"Tabara de Ayurveda 2017","previousItem":"https:\/\/amnromania.ro\/hu\/tevekenyseg\/ayurveda-taborok\/#listItem"}]},{"@type":"Organization","@id":"https:\/\/amnromania.ro\/hu\/#organization","name":"AMN Ayurveda Romania","url":"https:\/\/amnromania.ro\/hu\/","logo":{"@type":"ImageObject","url":"https:\/\/amnromania.ro\/ynorsyju\/2020\/10\/amn.png","@id":"https:\/\/amnromania.ro\/hu\/tevekenyseg\/ayurveda-taborok\/tabara-de-ayurveda-2017\/#organizationLogo"},"image":{"@id":"https:\/\/amnromania.ro\/hu\/tevekenyseg\/ayurveda-taborok\/tabara-de-ayurveda-2017\/#organizationLogo"},"sameAs":["https:\/\/www.facebook.com\/AMNRomania","https:\/\/www.youtube.com\/channel\/UClfqKxiq_uZ11rthDIT3-BQ\/videos"]},{"@type":"WebPage","@id":"https:\/\/amnromania.ro\/hu\/tevekenyseg\/ayurveda-taborok\/tabara-de-ayurveda-2017\/#webpage","url":"https:\/\/amnromania.ro\/hu\/tevekenyseg\/ayurveda-taborok\/tabara-de-ayurveda-2017\/","name":"Tabara de Ayurveda 2017 | AMN Ayurveda ROM\u00c2NIA","description":"Revelarea celor cinci Ipostaze esen\u0163iale de manifestare ale Energiei fundamentale a vie\u0163ii (pancha-prakara): ayus-prakara, dhari-prakara, jivita-prakara, nityada-prakara \u015fi anubandha-prakara.","inLanguage":"hu-HU","isPartOf":{"@id":"https:\/\/amnromania.ro\/hu\/#website"},"breadcrumb":{"@id":"https:\/\/amnromania.ro\/hu\/tevekenyseg\/ayurveda-taborok\/tabara-de-ayurveda-2017\/#breadcrumblist"},"datePublished":"2020-11-09T17:22:01+02:00","dateModified":"2020-11-10T19:53:31+02:00"},{"@type":"WebSite","@id":"https:\/\/amnromania.ro\/hu\/#website","url":"https:\/\/amnromania.ro\/hu\/","name":"AMN Ayurveda ROM\u00c2NIA","description":"Asociatia Nationala pentru Promovarea Medicinelor Neconventionale","inLanguage":"hu-HU","publisher":{"@id":"https:\/\/amnromania.ro\/hu\/#organization"}}]}},"aioseo_meta_data":{"post_id":"5177","title":null,"description":"Revelarea celor cinci Ipostaze esen\u0163iale de manifestare ale Energiei fundamentale a vie\u0163ii (pancha-prakara): ayus-prakara, dhari-prakara, jivita-prakara, nityada-prakara \u015fi anubandha-prakara.","keywords":null,"keyphrases":null,"primary_term":null,"canonical_url":null,"og_title":null,"og_description":null,"og_object_type":"default","og_image_type":"default","og_image_url":null,"og_image_width":null,"og_image_height":null,"og_image_custom_url":null,"og_image_custom_fields":null,"og_video":null,"og_custom_url":null,"og_article_section":null,"og_article_tags":null,"twitter_use_og":false,"twitter_card":"default","twitter_image_type":"default","twitter_image_url":null,"twitter_image_custom_url":null,"twitter_image_custom_fields":null,"twitter_title":null,"twitter_description":null,"schema":{"blockGraphs":[],"customGraphs":[],"default":{"data":{"Article":[],"Course":[],"Dataset":[],"FAQPage":[],"Movie":[],"Person":[],"Product":[],"Recipe":[],"Service":[],"SoftwareApplication":[],"WebPage":[]},"graphName":"WebPage","isEnabled":true},"graphs":[]},"schema_type":null,"schema_type_options":null,"pillar_content":false,"robots_default":true,"robots_noindex":false,"robots_noarchive":false,"robots_nosnippet":false,"robots_nofollow":false,"robots_noimageindex":false,"robots_noodp":false,"robots_notranslate":false,"robots_max_snippet":null,"robots_max_videopreview":null,"robots_max_imagepreview":"large","priority":null,"frequency":null,"local_seo":null,"limit_modified_date":false,"open_ai":null,"created":"2020-12-21 07:24:32","updated":"2024-01-28 10:47:43"},"aioseo_breadcrumb":"<div class=\"aioseo-breadcrumbs\"><span class=\"aioseo-breadcrumb\">\n\t<a href=\"https:\/\/amnromania.ro\/hu\" title=\"Home\">Home<\/a>\n<\/span><span class=\"aioseo-breadcrumb-separator\">&raquo;<\/span><span class=\"aioseo-breadcrumb\">\n\t<a href=\"https:\/\/amnromania.ro\/hu\/tevekenyseg\/\" title=\"Activitate\">Activitate<\/a>\n<\/span><span class=\"aioseo-breadcrumb-separator\">&raquo;<\/span><span class=\"aioseo-breadcrumb\">\n\t<a href=\"https:\/\/amnromania.ro\/hu\/tevekenyseg\/ayurveda-taborok\/\" title=\"Tabere de Ayurveda\">Tabere de Ayurveda<\/a>\n<\/span><span class=\"aioseo-breadcrumb-separator\">&raquo;<\/span><span class=\"aioseo-breadcrumb\">\n\tTabara de Ayurveda 2017\n<\/span><\/div>","aioseo_breadcrumb_json":[{"label":"Home","link":"https:\/\/amnromania.ro\/hu"},{"label":"Activitate","link":"https:\/\/amnromania.ro\/hu\/tevekenyseg\/"},{"label":"Tabere de Ayurveda","link":"https:\/\/amnromania.ro\/hu\/tevekenyseg\/ayurveda-taborok\/"},{"label":"Tabara de Ayurveda 2017","link":"https:\/\/amnromania.ro\/hu\/tevekenyseg\/ayurveda-taborok\/tabara-de-ayurveda-2017\/"}],"_links":{"self":[{"href":"https:\/\/amnromania.ro\/hu\/wp-json\/wp\/v2\/pages\/5177","targetHints":{"allow":["GET"]}}],"collection":[{"href":"https:\/\/amnromania.ro\/hu\/wp-json\/wp\/v2\/pages"}],"about":[{"href":"https:\/\/amnromania.ro\/hu\/wp-json\/wp\/v2\/types\/page"}],"author":[{"embeddable":true,"href":"https:\/\/amnromania.ro\/hu\/wp-json\/wp\/v2\/users\/1"}],"replies":[{"embeddable":true,"href":"https:\/\/amnromania.ro\/hu\/wp-json\/wp\/v2\/comments?post=5177"}],"version-history":[{"count":0,"href":"https:\/\/amnromania.ro\/hu\/wp-json\/wp\/v2\/pages\/5177\/revisions"}],"up":[{"embeddable":true,"href":"https:\/\/amnromania.ro\/hu\/wp-json\/wp\/v2\/pages\/3532"}],"wp:attachment":[{"href":"https:\/\/amnromania.ro\/hu\/wp-json\/wp\/v2\/media?parent=5177"}],"curies":[{"name":"wp","href":"https:\/\/api.w.org\/{rel}","templated":true}]}}