{"id":5175,"date":"2020-11-09T17:21:43","date_gmt":"2020-11-09T17:21:43","guid":{"rendered":"https:\/\/amnromania.ro\/?page_id=5175"},"modified":"2020-11-10T19:52:23","modified_gmt":"2020-11-10T19:52:23","slug":"tabara-de-ayurveda-2016","status":"publish","type":"page","link":"https:\/\/amnromania.ro\/hu\/tevekenyseg\/ayurveda-taborok\/tabara-de-ayurveda-2016\/","title":{"rendered":"Ayurveda Tabara 2016"},"content":{"rendered":"<div data-elementor-type=\"wp-page\" data-elementor-id=\"5175\" class=\"elementor elementor-5175\" data-elementor-post-type=\"page\">\n\t\t\t\t\t\t<section class=\"elementor-section elementor-top-section elementor-element elementor-element-6a3d032 elementor-section-boxed elementor-section-height-default elementor-section-height-default\" data-id=\"6a3d032\" data-element_type=\"section\">\n\t\t\t\t\t\t<div class=\"elementor-container elementor-column-gap-default\">\n\t\t\t\t\t<div class=\"elementor-column elementor-col-50 elementor-top-column elementor-element elementor-element-b958575\" data-id=\"b958575\" data-element_type=\"column\">\n\t\t\t<div class=\"elementor-widget-wrap elementor-element-populated\">\n\t\t\t\t\t\t<div class=\"elementor-element elementor-element-6d3d33c elementor-nav-menu__align-start elementor-nav-menu__text-align-center elementor-nav-menu--dropdown-tablet elementor-nav-menu--toggle elementor-nav-menu--burger elementor-widget elementor-widget-global elementor-global-4259 elementor-widget-nav-menu\" data-id=\"6d3d33c\" data-element_type=\"widget\" data-settings=\"{&quot;layout&quot;:&quot;vertical&quot;,&quot;submenu_icon&quot;:{&quot;value&quot;:&quot;fas fa-caret-down&quot;,&quot;library&quot;:&quot;fa-solid&quot;},&quot;toggle&quot;:&quot;burger&quot;}\" data-widget_type=\"nav-menu.default\">\n\t\t\t\t<div class=\"elementor-widget-container\">\n\t\t\t\t\t\t\t\t<nav aria-label=\"Men\u00fc\" class=\"elementor-nav-menu--main elementor-nav-menu__container elementor-nav-menu--layout-vertical e--pointer-background e--animation-fade\">\n\t\t\t\t<ul id=\"menu-1-6d3d33c\" class=\"elementor-nav-menu sm-vertical\"><li class=\"menu-item menu-item-type-post_type menu-item-object-page menu-item-4237\"><a href=\"https:\/\/amnromania.ro\/hu\/tevekenyseg\/ayurveda-tanfolyamok\/\" class=\"elementor-item\">Ayurveda tanfolyamok<\/a><\/li>\n<li class=\"menu-item menu-item-type-post_type menu-item-object-page menu-item-4234\"><a href=\"https:\/\/amnromania.ro\/hu\/tevekenyseg\/ayurveda-versenyek\/\" class=\"elementor-item\">Ayurveda versenyek<\/a><\/li>\n<li class=\"menu-item menu-item-type-post_type menu-item-object-page menu-item-4235\"><a href=\"https:\/\/amnromania.ro\/hu\/tevekenyseg\/ayurveda-konferencia\/\" class=\"elementor-item\">Ayurveda konferenci\u00e1k<\/a><\/li>\n<li class=\"menu-item menu-item-type-post_type menu-item-object-page menu-item-4236\"><a href=\"https:\/\/amnromania.ro\/hu\/tevekenyseg\/ayurveda-kongresszus\/\" class=\"elementor-item\">Ayurveda kongresszus<\/a><\/li>\n<li class=\"menu-item menu-item-type-post_type menu-item-object-page menu-item-5535\"><a href=\"https:\/\/amnromania.ro\/hu\/tevekenyseg\/ayurveda-taborok\/\" class=\"elementor-item\">Ayurveda t\u00e1borok<\/a><\/li>\n<\/ul>\t\t\t<\/nav>\n\t\t\t\t\t<div class=\"elementor-menu-toggle\" role=\"button\" tabindex=\"0\" aria-label=\"Toggle men\u00fc\" aria-expanded=\"false\">\n\t\t\t<i aria-hidden=\"true\" role=\"presentation\" class=\"elementor-menu-toggle__icon--open eicon-menu-bar\"><\/i><i aria-hidden=\"true\" role=\"presentation\" class=\"elementor-menu-toggle__icon--close eicon-close\"><\/i>\t\t<\/div>\n\t\t\t\t\t<nav class=\"elementor-nav-menu--dropdown elementor-nav-menu__container\" aria-hidden=\"true\">\n\t\t\t\t<ul id=\"menu-2-6d3d33c\" class=\"elementor-nav-menu sm-vertical\"><li class=\"menu-item menu-item-type-post_type menu-item-object-page menu-item-4237\"><a href=\"https:\/\/amnromania.ro\/hu\/tevekenyseg\/ayurveda-tanfolyamok\/\" class=\"elementor-item\" tabindex=\"-1\">Ayurveda tanfolyamok<\/a><\/li>\n<li class=\"menu-item menu-item-type-post_type menu-item-object-page menu-item-4234\"><a href=\"https:\/\/amnromania.ro\/hu\/tevekenyseg\/ayurveda-versenyek\/\" class=\"elementor-item\" tabindex=\"-1\">Ayurveda versenyek<\/a><\/li>\n<li class=\"menu-item menu-item-type-post_type menu-item-object-page menu-item-4235\"><a href=\"https:\/\/amnromania.ro\/hu\/tevekenyseg\/ayurveda-konferencia\/\" class=\"elementor-item\" tabindex=\"-1\">Ayurveda konferenci\u00e1k<\/a><\/li>\n<li class=\"menu-item menu-item-type-post_type menu-item-object-page menu-item-4236\"><a href=\"https:\/\/amnromania.ro\/hu\/tevekenyseg\/ayurveda-kongresszus\/\" class=\"elementor-item\" tabindex=\"-1\">Ayurveda kongresszus<\/a><\/li>\n<li class=\"menu-item menu-item-type-post_type menu-item-object-page menu-item-5535\"><a href=\"https:\/\/amnromania.ro\/hu\/tevekenyseg\/ayurveda-taborok\/\" class=\"elementor-item\" tabindex=\"-1\">Ayurveda t\u00e1borok<\/a><\/li>\n<\/ul>\t\t\t<\/nav>\n\t\t\t\t\t\t<\/div>\n\t\t\t\t<\/div>\n\t\t\t\t\t<\/div>\n\t\t<\/div>\n\t\t\t\t<div class=\"elementor-column elementor-col-50 elementor-top-column elementor-element elementor-element-5b7f631\" data-id=\"5b7f631\" data-element_type=\"column\">\n\t\t\t<div class=\"elementor-widget-wrap elementor-element-populated\">\n\t\t\t\t\t\t<div class=\"elementor-element elementor-element-d6f6f4c elementor-widget elementor-widget-text-editor\" data-id=\"d6f6f4c\" data-element_type=\"widget\" data-widget_type=\"text-editor.default\">\n\t\t\t\t<div class=\"elementor-widget-container\">\n\t\t\t\t\t\t\t\t\t<h1 style=\"text-align: center;\"><span style=\"color: #ffcc00;\"><strong>Ayurveda Tabera 2016<\/strong><\/span><\/h1><div><span style=\"color: #ffcc00;\"><strong><br><\/strong><\/span><\/div>\n<h2 style=\"text-align: center;\"><span style=\"color: #ffcc00;\"><strong>A t\u00e1bor f\u0151 t\u00e9m\u00e1i a k\u00f6vetkez\u0151k:<\/strong><\/span><\/h2>\n<p style=\"text-align: center;\"><strong><span style=\"color: #ff6600;\">A saj\u00e1t bels\u0151 univerzumban, Isten Kegyelm\u00e9nek felh\u00edv\u00e1sa \u00e1ltal, az \u00c9let alapvet\u0151 Energi\u00e1ja megnyilv\u00e1nul\u00e1s\u00e1nak \u00f6t alapvet\u0151 Ipostasis\u00e1nak kinyilatkoztat\u00e1sa: Ayus, Dhari, Jivita, Nityada \u00e9s Anubandha.<\/span><\/strong><\/p>\n<p style=\"text-align: center;\"><strong><span style=\"color: #ff6600;\">A l\u00e9ny szuprament\u00e1lis szf\u00e9r\u00e1j\u00e1ban az \u00f6t l\u00e9nyegi n\u00e9z\u0151pont (pancsa-artha-n\u00e1j\u00e1) mindegyik\u00e9nek uralkod\u00f3, j\u00f3t\u00e9kony megnyilv\u00e1nul\u00e1s\u00e1t p\u00e9ld\u00e1z\u00f3 \u00e9s energetiz\u00e1l\u00f3 \u00e9bred\u00e9se \u00e9s energetiz\u00e1l\u00e1sa.<\/span><\/strong><\/p>\n<p style=\"text-align: left;\">\n<\/p><p style=\"text-align: left;\"><strong><img fetchpriority=\"high\" decoding=\"async\" class=\"size-medium wp-image-5789 aligncenter\" src=\"https:\/\/amnromania.ro\/wp-content\/uploads\/2020\/11\/tabara-ayurveda-2016-300x199.jpg\" alt=\"\" width=\"300\" height=\"199\" srcset=\"https:\/\/amnromania.ro\/wp-content\/uploads\/2020\/11\/tabara-ayurveda-2016-300x199.jpg 300w, https:\/\/amnromania.ro\/wp-content\/uploads\/2020\/11\/tabara-ayurveda-2016-1024x681.jpg 1024w, https:\/\/amnromania.ro\/wp-content\/uploads\/2020\/11\/tabara-ayurveda-2016-768x511.jpg 768w, https:\/\/amnromania.ro\/wp-content\/uploads\/2020\/11\/tabara-ayurveda-2016-1536x1021.jpg 1536w, https:\/\/amnromania.ro\/wp-content\/uploads\/2020\/11\/tabara-ayurveda-2016.jpg 1880w\" sizes=\"(max-width: 300px) 100vw, 300px\" \/><\/strong><\/p>\n<h2>&nbsp;<\/h2>\n<h2 style=\"text-align: center;\"><span style=\"color: #ffcc00;\"><strong>A 2016-os Ayurveda Spiritu\u00e1lis T\u00e1bor programja<\/strong><\/span><\/h2>\n<h2><strong><span style=\"color: #ffcc00;\">2016. j\u00falius 21., cs\u00fct\u00f6rt\u00f6k<\/span><\/strong><\/h2>\n<p><strong>NYIT\u00d3PROGRAM<\/strong><\/p>\n<p>19:00 - 19:15 Medit\u00e1ci\u00f3 - A 2016-os Ayurveda Spiritu\u00e1lis T\u00e1bor kezdet\u00e9nek gy\u00fcm\u00f6lcseinek teljes \u00e9s felt\u00e9tel n\u00e9lk\u00fcli \u00e1tad\u00e1sa az Atya Istennek.<br>19:30 - 20:00 Medit\u00e1ci\u00f3 - Az Ayurveda Camp 2016 finom szf\u00e9rikus spiritu\u00e1lis mezej\u00e9nek manifeszt\u00e1l\u00e1sa.<br>20:15 - 20:45 Medit\u00e1ci\u00f3 - Bels\u0151 h\u00edv\u00e1s a Spiritu\u00e1lis Vezet\u0151 ir\u00e1ny\u00edt\u00f3 spiritu\u00e1lis megnyilv\u00e1nul\u00e1s\u00e1hoz \u00e9s szubtilis-telepatikus t\u00e1mogat\u00e1s\u00e1hoz.<br>21:00 - 21:30 Medit\u00e1ci\u00f3 - Intenz\u00edv, buzg\u00f3 \u00e9s k\u00e9ts\u00e9gbeesetten t\u00f6rekv\u0151 invok\u00e1ci\u00f3 az Atyaisten isteni ihlet\u00e9s\u0171 megnyilv\u00e1nul\u00e1sa fel\u00e9.<\/p>\n<h2><strong><span style=\"color: #ffcc00;\">2016. j\u00falius 22., p\u00e9ntek<\/span><\/strong><\/h2>\n<p><strong>REGGELI PROGRAM<\/strong><\/p>\n<p>11:00 - 11:30 Spiritu\u00e1lis p\u00e9ldamutat\u00e1s - A nagy b\u00f6lcs Atrej\u00e1val val\u00f3 m\u00e9ly spiritu\u00e1lis k\u00f6z\u00f6ss\u00e9g \u00e1llapota, aki az \u00e9let tudom\u00e1ny\u00e1t (Ayurveda) az emberek sz\u00e1m\u00e1ra t\u00f6k\u00e9letesen hozz\u00e1f\u00e9rhet\u0151 form\u00e1ban fejtette ki.<br>11:45 - 12:15 Spiritu\u00e1lis p\u00e9ldamutat\u00e1s - A hiteles spiritu\u00e1lis tud\u00e1s elm\u00e9ly\u00edt\u00e9s\u00e9nek \u00e1lland\u00f3 \u00e9s alapos \u00e1llapota.<br>12:30 - 13:00 Spiritu\u00e1lis p\u00e9ldamutat\u00e1s - A szil\u00e1rd (szandra-guna) \u00e1ltal\u00e1nos min\u0151s\u00e9g finom j\u00f3t\u00e9kony energi\u00e1j\u00e1nak harmonikus, szil\u00e1rd \u00e9s feloldhatatlan megnyilv\u00e1nul\u00e1sa a szubtilis asztr\u00e1lis l\u00e9t szf\u00e9r\u00e1j\u00e1ban.<\/p>\n<p><strong>ESTI PROGRAM<\/strong><\/p>\n<p>19:30 - 20:00 Spiritu\u00e1lis p\u00e9ldamutat\u00e1s - A Brahm\u00e1val, Isten aspektus\u00e1val, mint az Univerzum (Makrokozmosz) Teremt\u0151j\u00e9vel val\u00f3 m\u00e9ly spiritu\u00e1lis k\u00f6z\u00f6ss\u00e9g \u00e1llapota.<br>20:15 - 20:45 Spiritu\u00e1lis p\u00e9ldamutat\u00e1s - Az objekt\u00edv n\u00e9z\u0151pont (evambhuta-naya) uralkod\u00f3 j\u00f3t\u00e9kony megnyilv\u00e1nul\u00e1s\u00e1nak a szuprament\u00e1lis szf\u00e9r\u00e1ban val\u00f3 fel\u00e9bred\u00e9se \u00e9s energetiz\u00e1l\u00e1sa.<br>21:00 - 21:30 Spiritu\u00e1lis p\u00e9ldamutat\u00e1s - Az egyetemes \u00e9leter\u0151 (ayus-prakara) esszenci\u00e1lis \u00e9s mindent \u00e1that\u00f3 hiposzt\u00e1zis\u00e1nak kinyilatkoztat\u00e1sa a saj\u00e1t bels\u0151 univerzumunkban, Isten kegyelm\u00e9nek felh\u00edv\u00e1sa \u00e1ltal.<\/p>\n<h2><strong><span style=\"color: #ffcc00;\">2016. j\u00falius 23., szombat<\/span><\/strong><\/h2>\n<p><strong>REGGELI PROGRAM<\/strong><\/p>\n<p>11:00 - 11:30 Spiritu\u00e1lis p\u00e9ldamutat\u00e1s - A m\u00e9ly spiritu\u00e1lis k\u00f6z\u00f6ss\u00e9g \u00e1llapota Bharadvaj\u00e1val, a b\u00f6lcs j\u00f3gival, aki a Nagy Isten, Indra \u00e1ltal adott kiv\u00e9teles beavat\u00e1s r\u00e9v\u00e9n elsaj\u00e1t\u00edtotta az \u00c9let Tudom\u00e1ny\u00e1t (Ayurveda).<br>11:45 - 12:15 Spiritu\u00e1lis p\u00e9ldamutat\u00e1s - Az \u00f6nbizalom p\u00e9ldamutat\u00f3 \u00e1llapota, amely a Manipura csakra harmonikus energetiz\u00e1l\u00e1s\u00e1val j\u00f6n l\u00e9tre.<br>12:30 - 13:00 Spiritu\u00e1lis p\u00e9ldamutat\u00e1s - A cselekv\u00e9s hat\u00e9konys\u00e1g\u00e1nak modellszer\u0171 \u00e1llapota, amely az isteni integr\u00e1lt cselekv\u00e9sek eset\u00e9ben teljes m\u00e9rt\u00e9kben megnyilv\u00e1nul.<\/p>\n<p><strong>ESTI PROGRAM<\/strong><\/p>\n<p>19:30 - 20:00 Spiritu\u00e1lis p\u00e9ldamutat\u00e1s - A Daks\u00e1val, Brahm\u00e1 isteni hiposzt\u00e1zis\u00e1val val\u00f3 m\u00e9ly lelki k\u00f6z\u00f6ss\u00e9g \u00e1llapota, amelyen kereszt\u00fcl az \u0150 teremt\u0151 Sz\u00e1nd\u00e9ka \u00e9s Akarata megnyilv\u00e1nul az Isteni Megnyilv\u00e1nul\u00e1sban.<br>20:15 - 20:45 Spiritu\u00e1lis p\u00e9ldamutat\u00e1s - A szelekt\u00edv szeml\u00e9let (szangraha-naya) uralkod\u00f3 j\u00f3t\u00e9kony megnyilv\u00e1nul\u00e1s\u00e1nak fel\u00e9breszt\u00e9se \u00e9s energetiz\u00e1l\u00e1sa a l\u00e9t szuprament\u00e1lis szf\u00e9r\u00e1j\u00e1ban.<br>21:00 - 21:30 Spiritu\u00e1lis p\u00e9ldamutat\u00e1s - A saj\u00e1t bels\u0151 univerzumban, Isten Kegyelm\u00e9nek felh\u00edv\u00e1sa \u00e1ltal, a testet \u00e9s a boml\u00e1s (dhari-prakara) l\u00e9ny\u00e9nek minden m\u00e1s hordoz\u00f3j\u00e1t v\u00e9d\u0151 alapvet\u0151 \u00c9letenergia l\u00e9nyegi Hiposzt\u00e1zis\u00e1nak kinyilatkoztat\u00e1sa.<\/p>\n<h2><span style=\"color: #ffcc00;\"><strong>vas\u00e1rnap 24 j\u00falius 2016<\/strong><\/span><\/h2>\n<p><strong>REGGELI PROGRAM<\/strong><\/p>\n<p>11:00 - 11:30 Spiritu\u00e1lis p\u00e9ldamutat\u00e1s - A m\u00e9ly spiritu\u00e1lis k\u00f6z\u00f6ss\u00e9g \u00e1llapota a b\u00f6lcs j\u00f3gi Chayavana-val, a hagyom\u00e1nyos ayurv\u00e9dikus regener\u00e1ci\u00f3s folyamatok (rasayana) lelkes gyakorl\u00f3j\u00e1val.<br>11:45 - 12:15 Spiritu\u00e1lis p\u00e9ldamutat\u00e1s - Az Atyaisten kegyelme \u00e1ltal az isteni integr\u00e1ci\u00f3 spiritu\u00e1lis \u00e1llapot\u00e1nak felt\u00e1r\u00e1sa, amely sz\u00fcks\u00e9ges a hossz\u00fa \u00e9letre val\u00f3 k\u00e9pess\u00e9gek regener\u00e1l\u00e1s\u00e1ra szolg\u00e1l\u00f3 ayurv\u00e9dikus elj\u00e1r\u00e1sok (rasayana) sikeres megval\u00f3s\u00edt\u00e1s\u00e1hoz.<br>12:30 - 13:00 Spiritu\u00e1lis p\u00e9ldamutat\u00e1s - A szil\u00e1rd ment\u00e1lis \u00f6sszpontos\u00edt\u00e1s \u00e1llapota, tele buzgalommal \u00e9s kitart\u00e1ssal, amely lehet\u0151v\u00e9 teszi a szenved\u00e9st gener\u00e1l\u00f3 karma el\u00e9get\u00e9s\u00e9t.<\/p>\n<p><strong>ESTI PROGRAM<\/strong><\/p>\n<p>19:30 - 20:00 Spiritu\u00e1lis p\u00e9ldamutat\u00e1s - A k\u00e9t Ashvinnel val\u00f3 m\u00e9ly spiritu\u00e1lis k\u00f6z\u00f6ss\u00e9g \u00e1llapota, akik minden elk\u00f6telezett \u00e9s spiritu\u00e1lisan t\u00f6rekv\u0151 ayurv\u00e9dikus gyakorl\u00f3 isteni inspir\u00e1l\u00f3i \u00e9s v\u00e9delmez\u0151i.<br>20:15 - 20:45 Spiritu\u00e1lis p\u00e9ldamutat\u00e1s - A korrelat\u00edv n\u00e9z\u0151pont (naigama-naya) uralkod\u00f3, j\u00f3t\u00e9kony megnyilv\u00e1nul\u00e1sa a l\u00e9t szuprament\u00e1lis szf\u00e9r\u00e1j\u00e1ban val\u00f3 \u00e9bred\u00e9s \u00e9s energetiz\u00e1l\u00e1s.<br>21:00 - 21:30 Spiritu\u00e1lis p\u00e9ldamutat\u00e1s - A testet \u00e9s a l\u00e9t minden m\u00e1s hordoz\u00f3j\u00e1t fenntart\u00f3 alapvet\u0151 \u00c9letenergia (dzsivita-prakara) l\u00e9nyegi hiposzt\u00e1zis\u00e1nak kinyilatkoztat\u00e1sa a saj\u00e1t bels\u0151 univerzumban, Isten Kegyelm\u00e9nek felh\u00edv\u00e1sa \u00e1ltal.<\/p>\n<h2><strong><span style=\"color: #ffcc00;\">2016. j\u00falius 25., h\u00e9tf\u0151<\/span><\/strong><\/h2>\n<p><strong>REGGELI PROGRAM<\/strong><\/p>\n<p>11:00 - 11:30 Spiritu\u00e1lis p\u00e9ldamutat\u00e1s - A b\u00f6lcs Kashyap\u00e1val, az \u00c9let alapvet\u0151 Energi\u00e1ja miszt\u00e9riumainak ismer\u0151j\u00e9vel val\u00f3 m\u00e9ly spiritu\u00e1lis k\u00f6z\u00f6ss\u00e9g \u00e1llapota, aki az id\u0151energia \u00e9s a csillagok megnyilv\u00e1nul\u00e1sa tudom\u00e1ny\u00e1nak miszt\u00e9riumaiban nagy beavatott volt.<br>11:45 - 12:15 Spiritu\u00e1lis p\u00e9ldamutat\u00e1s - A v\u00e9gtelen kozmikus szeretet misztikus \u00e1llapota<br>12:30 - 13:00 Spiritu\u00e1lis p\u00e9ldamutat\u00e1s - A szeml\u00e9l\u0151d\u0151 csend magasabb \u00e1llapota, amely lehet\u0151v\u00e9 teszi a ment\u00e1lis ingadoz\u00e1sok (vritti) meg\u00e1ll\u00edt\u00e1s\u00e1t \u00e9s meghalad\u00e1s\u00e1t.<\/p>\n<p><strong>ESTI PROGRAM<\/strong><\/p>\n<p>19:30 - 20:00 Spiritu\u00e1lis p\u00e9ldamutat\u00e1s - A m\u00e9ly spiritu\u00e1lis k\u00f6z\u00f6ss\u00e9g \u00e1llapota a Nagy Istennel, Indr\u00e1val, aki a spiritu\u00e1lis \u00fat minden tan\u00edtv\u00e1ny\u00e1nak isteni v\u00e9delmez\u0151jek\u00e9nt elk\u00f6telezve mag\u00e1t, felt\u00e1rta az embereknek az \u00e9let tudom\u00e1ny\u00e1nak - az Ayurv\u00e9d\u00e1nak - alapvet\u0151 aspektusait.<br>20:15 - 20:45 Spiritu\u00e1lis p\u00e9ldamutat\u00e1s - A l\u00e9t szuprament\u00e1lis szf\u00e9r\u00e1j\u00e1ban a konkr\u00e9t n\u00e9z\u0151pont (vyavahara-naya) domin\u00e1ns j\u00f3t\u00e9kony megnyilv\u00e1nul\u00e1s\u00e1nak fel\u00e9breszt\u00e9se \u00e9s energetiz\u00e1l\u00e1sa.<br>21:00 - 21:30 Spiritu\u00e1lis p\u00e9ldamutat\u00e1s - Az \u00e9let alapvet\u0151 Energi\u00e1j\u00e1nak l\u00e9nyegi hiposzt\u00e1zis\u00e1nak kinyilatkoztat\u00e1sa a saj\u00e1t bels\u0151 univerzumban, Isten Kegyelm\u00e9nek felh\u00edv\u00e1sa \u00e1ltal, amely e test \u00e1lland\u00f3 szubsztr\u00e1tumak\u00e9nt szolg\u00e1l (nityada-prakara).<\/p>\n<h2><strong><span style=\"color: #ffcc00;\">2016. j\u00falius 26., kedd<\/span><\/strong><\/h2>\n<p><strong>REGGELI PROGRAM<\/strong><\/p>\n<p>11:00 - 11:30 Spiritu\u00e1lis p\u00e9ldamutat\u00e1s - A m\u00e9ly spiritu\u00e1lis k\u00f6z\u00f6ss\u00e9g \u00e1llapota a b\u00f6lcs Chakrapanival, aki az embereknek vil\u00e1gos \u00e9s m\u00e9lyen integr\u00e1l\u00f3 l\u00e1t\u00e1sm\u00f3dot adott az \u00c9let hagyom\u00e1nyos tudom\u00e1ny\u00e1r\u00f3l (Ayurveda).<br>11:45 - 12:15 Spiritu\u00e1lis p\u00e9lda - A kreat\u00edv, szeretetteljes energia szublim\u00e1l\u00f3, felfel\u00e9 ir\u00e1nyul\u00f3 lend\u00fclete.<br>12:30 - 13:00 Lelki p\u00e9ldamutat\u00e1s - A lelki integrit\u00e1s p\u00e9lda\u00e9rt\u00e9k\u0171 \u00e1llapota.<\/p>\n<p><strong>ESTI PROGRAM<\/strong><\/p>\n<p>19:30 - 20:00 Spiritu\u00e1lis p\u00e9ldamutat\u00e1s - A Siv\u00e1val, mint Isteni Gy\u00f3gy\u00edt\u00f3val val\u00f3 m\u00e9ly spiritu\u00e1lis k\u00f6z\u00f6ss\u00e9g \u00e1llapota (Siva-Bhishaja).<br>20:15 - 20:45 Spiritu\u00e1lis p\u00e9ldamutat\u00e1s - Az integrat\u00edv n\u00e9z\u0151pont (rijusutra-naya) domin\u00e1ns j\u00f3t\u00e9kony megnyilv\u00e1nul\u00e1sa a l\u00e9t szuprament\u00e1lis szf\u00e9r\u00e1j\u00e1ban val\u00f3 \u00e9bred\u00e9s \u00e9s energetiz\u00e1l\u00e1s.<br>21:00 - 21:30 Spiritu\u00e1lis p\u00e9ldamutat\u00e1s - A saj\u00e1t bels\u0151 univerzumban, Isten Kegyelm\u00e9nek felh\u00edv\u00e1sa \u00e1ltal, az \u00e9let alapvet\u0151 Energi\u00e1j\u00e1nak l\u00e9nyegi Hiposzt\u00e1zis\u00e1nak kinyilatkoztat\u00e1sa, amely biztos\u00edtja az egyik testi j\u00e1rm\u0171b\u0151l a m\u00e1sikba val\u00f3 \u00e1tv\u00e1ndorl\u00e1st (anubandha-prakara).<\/p>\n<h2><strong><span style=\"color: #ffcc00;\">szerda 27 j\u00falius 2016<\/span><\/strong><\/h2>\n<p><strong>V\u00c9GLEGES PROGRAM<\/strong><\/p>\n<p>10:00 - 10:20 Medit\u00e1ci\u00f3 - H\u00e1laad\u00e1s az Atya Istennek az Isteni Kegyelem\u00e9rt, amit ebben az Ayurveda t\u00e1borban kaptunk.<br>10:30 - 10:50 Medit\u00e1ci\u00f3 - H\u00e1laad\u00e1s a Spiritu\u00e1lis Vezet\u0151nek a finom spiritu\u00e1lis t\u00e1mogat\u00e1s\u00e9rt, amit ebben az Ayurveda T\u00e1borban kaptunk.<br>11:00 - 11:30 Medit\u00e1ci\u00f3 - Az Atya Istennel val\u00f3 m\u00e9ly lelki k\u00f6z\u00f6ss\u00e9g \u00e1llapota.<br>11:40 - 12:00 Medit\u00e1ci\u00f3 - Az Ayurveda Camp 2016 finom szf\u00e9rikus spiritu\u00e1lis mez\u0151j\u00e9nek fokozatos felsz\u00edv\u00f3d\u00e1sa.<\/p>\t\t\t\t\t\t\t\t<\/div>\n\t\t\t\t<\/div>\n\t\t\t\t\t<\/div>\n\t\t<\/div>\n\t\t\t\t\t<\/div>\n\t\t<\/section>\n\t\t\t\t<\/div>","protected":false},"excerpt":{"rendered":"<p>Ayurveda T\u00e1bor 2016 A t\u00e1bor f\u0151 t\u00e9m\u00e1i: a saj\u00e1t bels\u0151 univerzumban, Isten kegyelm\u00e9nek felh\u00edv\u00e1sa \u00e1ltal, az \u00c9let alapvet\u0151 Energi\u00e1ja megnyilv\u00e1nul\u00e1s\u00e1nak \u00f6t alapvet\u0151 Iposzta: Ayus, Dhari, Jivita, Nityada \u00e9s Anubandha kinyilatkoztat\u00e1sa. A l\u00e9t szuprament\u00e1lis szf\u00e9r\u00e1j\u00e1ban egy uralkod\u00f3, p\u00e9ldamutat\u00f3, j\u00f3t\u00e9kony megnyilv\u00e1nul\u00e1s\u00e1nak fel\u00e9bred\u00e9se \u00e9s energetiz\u00e1l\u00e1sa [...]<\/p>","protected":false},"author":1,"featured_media":0,"parent":3532,"menu_order":0,"comment_status":"closed","ping_status":"closed","template":"","meta":{"_mi_skip_tracking":false,"_analytify_skip_tracking":false,"footnotes":""},"class_list":["post-5175","page","type-page","status-publish","hentry"],"aioseo_notices":[],"aioseo_head":"\n\t\t<!-- All in One SEO Pro 4.7.0 - aioseo.com -->\n\t\t<meta name=\"description\" content=\"Taberele de Ayurveda se desf\u0103\u015foar\u0103 \u00een timpul verii \u015fi la un astfel de acest eveniment particip\u0103 zeci p\u00e2n\u0103 la sute de participan\u0163i. Totu\u015fi cei care vin \u00eentr-o tab\u0103r\u0103 de Ayurveda particip\u0103 la un program spiritual ce este alc\u0103tuit din medita\u0163ii precedate de unele prezent\u0103ri tematice din domeniul Ayurvedei, \u00een special din ezoterismul ayurvedic, corelate cu aspecte referitoare la propriet\u0103\u0163ile plantelor medicinale.\" \/>\n\t\t<meta name=\"robots\" content=\"max-image-preview:large\" \/>\n\t\t<meta name=\"google-site-verification\" content=\"G-391X30D2FS\" \/>\n\t\t<link rel=\"canonical\" href=\"https:\/\/amnromania.ro\/hu\/tevekenyseg\/ayurveda-taborok\/tabara-de-ayurveda-2016\/\" \/>\n\t\t<meta name=\"generator\" content=\"All in One SEO Pro (AIOSEO) 4.7.0\" \/>\n\t\t<meta property=\"og:locale\" content=\"hu_HU\" \/>\n\t\t<meta property=\"og:site_name\" content=\"AMN Ayurveda ROM\u00c2NIA | Asociatia Nationala pentru Promovarea Medicinelor Neconventionale\" \/>\n\t\t<meta property=\"og:type\" content=\"article\" \/>\n\t\t<meta property=\"og:title\" content=\"Tabara de Ayurveda 2016 | AMN Ayurveda ROM\u00c2NIA\" \/>\n\t\t<meta property=\"og:description\" content=\"Taberele de Ayurveda se desf\u0103\u015foar\u0103 \u00een timpul verii \u015fi la un astfel de acest eveniment particip\u0103 zeci p\u00e2n\u0103 la sute de participan\u0163i. Totu\u015fi cei care vin \u00eentr-o tab\u0103r\u0103 de Ayurveda particip\u0103 la un program spiritual ce este alc\u0103tuit din medita\u0163ii precedate de unele prezent\u0103ri tematice din domeniul Ayurvedei, \u00een special din ezoterismul ayurvedic, corelate cu aspecte referitoare la propriet\u0103\u0163ile plantelor medicinale.\" \/>\n\t\t<meta property=\"og:url\" content=\"https:\/\/amnromania.ro\/hu\/tevekenyseg\/ayurveda-taborok\/tabara-de-ayurveda-2016\/\" \/>\n\t\t<meta property=\"og:image\" content=\"https:\/\/amnromania.ro\/ynorsyju\/2021\/06\/Ayurveda-in-Romania-Vol.-2-Ro.jpg\" \/>\n\t\t<meta property=\"og:image:secure_url\" content=\"https:\/\/amnromania.ro\/ynorsyju\/2021\/06\/Ayurveda-in-Romania-Vol.-2-Ro.jpg\" \/>\n\t\t<meta property=\"article:published_time\" content=\"2020-11-09T17:21:43+00:00\" \/>\n\t\t<meta property=\"article:modified_time\" content=\"2020-11-10T19:52:23+00:00\" \/>\n\t\t<meta property=\"article:publisher\" content=\"https:\/\/www.facebook.com\/AMNRomania\" \/>\n\t\t<script type=\"application\/ld+json\" class=\"aioseo-schema\">\n\t\t\t{\"@context\":\"https:\\\/\\\/schema.org\",\"@graph\":[{\"@type\":\"BreadcrumbList\",\"@id\":\"https:\\\/\\\/amnromania.ro\\\/hu\\\/tevekenyseg\\\/ayurveda-taborok\\\/tabara-de-ayurveda-2016\\\/#breadcrumblist\",\"itemListElement\":[{\"@type\":\"ListItem\",\"@id\":\"https:\\\/\\\/amnromania.ro\\\/hu\\\/#listItem\",\"position\":1,\"name\":\"Home\",\"item\":\"https:\\\/\\\/amnromania.ro\\\/hu\\\/\",\"nextItem\":\"https:\\\/\\\/amnromania.ro\\\/hu\\\/tevekenyseg\\\/#listItem\"},{\"@type\":\"ListItem\",\"@id\":\"https:\\\/\\\/amnromania.ro\\\/hu\\\/tevekenyseg\\\/#listItem\",\"position\":2,\"name\":\"Activitate\",\"item\":\"https:\\\/\\\/amnromania.ro\\\/hu\\\/tevekenyseg\\\/\",\"nextItem\":\"https:\\\/\\\/amnromania.ro\\\/hu\\\/tevekenyseg\\\/ayurveda-taborok\\\/#listItem\",\"previousItem\":\"https:\\\/\\\/amnromania.ro\\\/hu\\\/#listItem\"},{\"@type\":\"ListItem\",\"@id\":\"https:\\\/\\\/amnromania.ro\\\/hu\\\/tevekenyseg\\\/ayurveda-taborok\\\/#listItem\",\"position\":3,\"name\":\"Tabere de Ayurveda\",\"item\":\"https:\\\/\\\/amnromania.ro\\\/hu\\\/tevekenyseg\\\/ayurveda-taborok\\\/\",\"nextItem\":\"https:\\\/\\\/amnromania.ro\\\/hu\\\/tevekenyseg\\\/ayurveda-taborok\\\/tabara-de-ayurveda-2016\\\/#listItem\",\"previousItem\":\"https:\\\/\\\/amnromania.ro\\\/hu\\\/tevekenyseg\\\/#listItem\"},{\"@type\":\"ListItem\",\"@id\":\"https:\\\/\\\/amnromania.ro\\\/hu\\\/tevekenyseg\\\/ayurveda-taborok\\\/tabara-de-ayurveda-2016\\\/#listItem\",\"position\":4,\"name\":\"Tabara de Ayurveda 2016\",\"previousItem\":\"https:\\\/\\\/amnromania.ro\\\/hu\\\/tevekenyseg\\\/ayurveda-taborok\\\/#listItem\"}]},{\"@type\":\"Organization\",\"@id\":\"https:\\\/\\\/amnromania.ro\\\/hu\\\/#organization\",\"name\":\"AMN Ayurveda Romania\",\"url\":\"https:\\\/\\\/amnromania.ro\\\/hu\\\/\",\"logo\":{\"@type\":\"ImageObject\",\"url\":\"https:\\\/\\\/amnromania.ro\\\/ynorsyju\\\/2020\\\/10\\\/amn.png\",\"@id\":\"https:\\\/\\\/amnromania.ro\\\/hu\\\/tevekenyseg\\\/ayurveda-taborok\\\/tabara-de-ayurveda-2016\\\/#organizationLogo\"},\"image\":{\"@id\":\"https:\\\/\\\/amnromania.ro\\\/hu\\\/tevekenyseg\\\/ayurveda-taborok\\\/tabara-de-ayurveda-2016\\\/#organizationLogo\"},\"sameAs\":[\"https:\\\/\\\/www.facebook.com\\\/AMNRomania\",\"https:\\\/\\\/www.youtube.com\\\/channel\\\/UClfqKxiq_uZ11rthDIT3-BQ\\\/videos\"]},{\"@type\":\"WebPage\",\"@id\":\"https:\\\/\\\/amnromania.ro\\\/hu\\\/tevekenyseg\\\/ayurveda-taborok\\\/tabara-de-ayurveda-2016\\\/#webpage\",\"url\":\"https:\\\/\\\/amnromania.ro\\\/hu\\\/tevekenyseg\\\/ayurveda-taborok\\\/tabara-de-ayurveda-2016\\\/\",\"name\":\"Tabara de Ayurveda 2016 | AMN Ayurveda ROM\\u00c2NIA\",\"description\":\"Taberele de Ayurveda se desf\\u0103\\u015foar\\u0103 \\u00een timpul verii \\u015fi la un astfel de acest eveniment particip\\u0103 zeci p\\u00e2n\\u0103 la sute de participan\\u0163i. Totu\\u015fi cei care vin \\u00eentr-o tab\\u0103r\\u0103 de Ayurveda particip\\u0103 la un program spiritual ce este alc\\u0103tuit din medita\\u0163ii precedate de unele prezent\\u0103ri tematice din domeniul Ayurvedei, \\u00een special din ezoterismul ayurvedic, corelate cu aspecte referitoare la propriet\\u0103\\u0163ile plantelor medicinale.\",\"inLanguage\":\"hu-HU\",\"isPartOf\":{\"@id\":\"https:\\\/\\\/amnromania.ro\\\/hu\\\/#website\"},\"breadcrumb\":{\"@id\":\"https:\\\/\\\/amnromania.ro\\\/hu\\\/tevekenyseg\\\/ayurveda-taborok\\\/tabara-de-ayurveda-2016\\\/#breadcrumblist\"},\"datePublished\":\"2020-11-09T17:21:43+02:00\",\"dateModified\":\"2020-11-10T19:52:23+02:00\"},{\"@type\":\"WebSite\",\"@id\":\"https:\\\/\\\/amnromania.ro\\\/hu\\\/#website\",\"url\":\"https:\\\/\\\/amnromania.ro\\\/hu\\\/\",\"name\":\"AMN Ayurveda ROM\\u00c2NIA\",\"description\":\"Asociatia Nationala pentru Promovarea Medicinelor Neconventionale\",\"inLanguage\":\"hu-HU\",\"publisher\":{\"@id\":\"https:\\\/\\\/amnromania.ro\\\/hu\\\/#organization\"}}]}\n\t\t<\/script>\n\t\t<!-- All in One SEO Pro -->\r\n\t\t<title>Tabara de Ayurveda 2016 | AMN Ayurveda ROM\u00c2NIA<\/title>\n\n","aioseo_head_json":{"title":"Tabara de Ayurveda 2016 | AMN Ayurveda ROM\u00c2NIA","description":"Taberele de Ayurveda se desf\u0103\u015foar\u0103 \u00een timpul verii \u015fi la un astfel de acest eveniment particip\u0103 zeci p\u00e2n\u0103 la sute de participan\u0163i. Totu\u015fi cei care vin \u00eentr-o tab\u0103r\u0103 de Ayurveda particip\u0103 la un program spiritual ce este alc\u0103tuit din medita\u0163ii precedate de unele prezent\u0103ri tematice din domeniul Ayurvedei, \u00een special din ezoterismul ayurvedic, corelate cu aspecte referitoare la propriet\u0103\u0163ile plantelor medicinale.","canonical_url":"https:\/\/amnromania.ro\/hu\/tevekenyseg\/ayurveda-taborok\/tabara-de-ayurveda-2016\/","robots":"max-image-preview:large","keywords":"","webmasterTools":{"google-site-verification":"G-391X30D2FS","miscellaneous":""},"og:locale":"hu_HU","og:site_name":"AMN Ayurveda ROM\u00c2NIA | Asociatia Nationala pentru Promovarea Medicinelor Neconventionale","og:type":"article","og:title":"Tabara de Ayurveda 2016 | AMN Ayurveda ROM\u00c2NIA","og:description":"Taberele de Ayurveda se desf\u0103\u015foar\u0103 \u00een timpul verii \u015fi la un astfel de acest eveniment particip\u0103 zeci p\u00e2n\u0103 la sute de participan\u0163i. Totu\u015fi cei care vin \u00eentr-o tab\u0103r\u0103 de Ayurveda particip\u0103 la un program spiritual ce este alc\u0103tuit din medita\u0163ii precedate de unele prezent\u0103ri tematice din domeniul Ayurvedei, \u00een special din ezoterismul ayurvedic, corelate cu aspecte referitoare la propriet\u0103\u0163ile plantelor medicinale.","og:url":"https:\/\/amnromania.ro\/hu\/tevekenyseg\/ayurveda-taborok\/tabara-de-ayurveda-2016\/","og:image":"https:\/\/amnromania.ro\/ynorsyju\/2021\/06\/Ayurveda-in-Romania-Vol.-2-Ro.jpg","og:image:secure_url":"https:\/\/amnromania.ro\/ynorsyju\/2021\/06\/Ayurveda-in-Romania-Vol.-2-Ro.jpg","article:published_time":"2020-11-09T17:21:43+00:00","article:modified_time":"2020-11-10T19:52:23+00:00","article:publisher":"https:\/\/www.facebook.com\/AMNRomania","schema":{"@context":"https:\/\/schema.org","@graph":[{"@type":"BreadcrumbList","@id":"https:\/\/amnromania.ro\/hu\/tevekenyseg\/ayurveda-taborok\/tabara-de-ayurveda-2016\/#breadcrumblist","itemListElement":[{"@type":"ListItem","@id":"https:\/\/amnromania.ro\/hu\/#listItem","position":1,"name":"Home","item":"https:\/\/amnromania.ro\/hu\/","nextItem":"https:\/\/amnromania.ro\/hu\/tevekenyseg\/#listItem"},{"@type":"ListItem","@id":"https:\/\/amnromania.ro\/hu\/tevekenyseg\/#listItem","position":2,"name":"Activitate","item":"https:\/\/amnromania.ro\/hu\/tevekenyseg\/","nextItem":"https:\/\/amnromania.ro\/hu\/tevekenyseg\/ayurveda-taborok\/#listItem","previousItem":"https:\/\/amnromania.ro\/hu\/#listItem"},{"@type":"ListItem","@id":"https:\/\/amnromania.ro\/hu\/tevekenyseg\/ayurveda-taborok\/#listItem","position":3,"name":"Tabere de Ayurveda","item":"https:\/\/amnromania.ro\/hu\/tevekenyseg\/ayurveda-taborok\/","nextItem":"https:\/\/amnromania.ro\/hu\/tevekenyseg\/ayurveda-taborok\/tabara-de-ayurveda-2016\/#listItem","previousItem":"https:\/\/amnromania.ro\/hu\/tevekenyseg\/#listItem"},{"@type":"ListItem","@id":"https:\/\/amnromania.ro\/hu\/tevekenyseg\/ayurveda-taborok\/tabara-de-ayurveda-2016\/#listItem","position":4,"name":"Tabara de Ayurveda 2016","previousItem":"https:\/\/amnromania.ro\/hu\/tevekenyseg\/ayurveda-taborok\/#listItem"}]},{"@type":"Organization","@id":"https:\/\/amnromania.ro\/hu\/#organization","name":"AMN Ayurveda Romania","url":"https:\/\/amnromania.ro\/hu\/","logo":{"@type":"ImageObject","url":"https:\/\/amnromania.ro\/ynorsyju\/2020\/10\/amn.png","@id":"https:\/\/amnromania.ro\/hu\/tevekenyseg\/ayurveda-taborok\/tabara-de-ayurveda-2016\/#organizationLogo"},"image":{"@id":"https:\/\/amnromania.ro\/hu\/tevekenyseg\/ayurveda-taborok\/tabara-de-ayurveda-2016\/#organizationLogo"},"sameAs":["https:\/\/www.facebook.com\/AMNRomania","https:\/\/www.youtube.com\/channel\/UClfqKxiq_uZ11rthDIT3-BQ\/videos"]},{"@type":"WebPage","@id":"https:\/\/amnromania.ro\/hu\/tevekenyseg\/ayurveda-taborok\/tabara-de-ayurveda-2016\/#webpage","url":"https:\/\/amnromania.ro\/hu\/tevekenyseg\/ayurveda-taborok\/tabara-de-ayurveda-2016\/","name":"Tabara de Ayurveda 2016 | AMN Ayurveda ROM\u00c2NIA","description":"Taberele de Ayurveda se desf\u0103\u015foar\u0103 \u00een timpul verii \u015fi la un astfel de acest eveniment particip\u0103 zeci p\u00e2n\u0103 la sute de participan\u0163i. Totu\u015fi cei care vin \u00eentr-o tab\u0103r\u0103 de Ayurveda particip\u0103 la un program spiritual ce este alc\u0103tuit din medita\u0163ii precedate de unele prezent\u0103ri tematice din domeniul Ayurvedei, \u00een special din ezoterismul ayurvedic, corelate cu aspecte referitoare la propriet\u0103\u0163ile plantelor medicinale.","inLanguage":"hu-HU","isPartOf":{"@id":"https:\/\/amnromania.ro\/hu\/#website"},"breadcrumb":{"@id":"https:\/\/amnromania.ro\/hu\/tevekenyseg\/ayurveda-taborok\/tabara-de-ayurveda-2016\/#breadcrumblist"},"datePublished":"2020-11-09T17:21:43+02:00","dateModified":"2020-11-10T19:52:23+02:00"},{"@type":"WebSite","@id":"https:\/\/amnromania.ro\/hu\/#website","url":"https:\/\/amnromania.ro\/hu\/","name":"AMN Ayurveda ROM\u00c2NIA","description":"Asociatia Nationala pentru Promovarea Medicinelor Neconventionale","inLanguage":"hu-HU","publisher":{"@id":"https:\/\/amnromania.ro\/hu\/#organization"}}]}},"aioseo_meta_data":{"post_id":"5175","title":null,"description":"Taberele de Ayurveda se desf\u0103\u015foar\u0103 \u00een timpul verii \u015fi la un astfel de acest eveniment particip\u0103 zeci p\u00e2n\u0103 la sute de participan\u0163i. Totu\u015fi cei care vin \u00eentr-o tab\u0103r\u0103 de Ayurveda particip\u0103 la un program spiritual ce este alc\u0103tuit din medita\u0163ii precedate de unele prezent\u0103ri tematice din domeniul Ayurvedei, \u00een special din ezoterismul ayurvedic, corelate cu aspecte referitoare la propriet\u0103\u0163ile plantelor medicinale.","keywords":null,"keyphrases":null,"primary_term":null,"canonical_url":null,"og_title":null,"og_description":null,"og_object_type":"default","og_image_type":"default","og_image_url":null,"og_image_width":null,"og_image_height":null,"og_image_custom_url":null,"og_image_custom_fields":null,"og_video":null,"og_custom_url":null,"og_article_section":null,"og_article_tags":null,"twitter_use_og":false,"twitter_card":"default","twitter_image_type":"default","twitter_image_url":null,"twitter_image_custom_url":null,"twitter_image_custom_fields":null,"twitter_title":null,"twitter_description":null,"schema":{"blockGraphs":[],"customGraphs":[],"default":{"data":{"Article":[],"Course":[],"Dataset":[],"FAQPage":[],"Movie":[],"Person":[],"Product":[],"Recipe":[],"Service":[],"SoftwareApplication":[],"WebPage":[]},"graphName":"WebPage","isEnabled":true},"graphs":[]},"schema_type":null,"schema_type_options":null,"pillar_content":false,"robots_default":true,"robots_noindex":false,"robots_noarchive":false,"robots_nosnippet":false,"robots_nofollow":false,"robots_noimageindex":false,"robots_noodp":false,"robots_notranslate":false,"robots_max_snippet":null,"robots_max_videopreview":null,"robots_max_imagepreview":"large","priority":null,"frequency":null,"local_seo":null,"limit_modified_date":false,"open_ai":null,"created":"2020-12-21 07:24:32","updated":"2024-01-28 10:47:43"},"aioseo_breadcrumb":"<div class=\"aioseo-breadcrumbs\"><span class=\"aioseo-breadcrumb\">\n\t<a href=\"https:\/\/amnromania.ro\/hu\" title=\"Home\">Home<\/a>\n<\/span><span class=\"aioseo-breadcrumb-separator\">&raquo;<\/span><span class=\"aioseo-breadcrumb\">\n\t<a href=\"https:\/\/amnromania.ro\/hu\/tevekenyseg\/\" title=\"Activitate\">Activitate<\/a>\n<\/span><span class=\"aioseo-breadcrumb-separator\">&raquo;<\/span><span class=\"aioseo-breadcrumb\">\n\t<a href=\"https:\/\/amnromania.ro\/hu\/tevekenyseg\/ayurveda-taborok\/\" title=\"Tabere de Ayurveda\">Tabere de Ayurveda<\/a>\n<\/span><span class=\"aioseo-breadcrumb-separator\">&raquo;<\/span><span class=\"aioseo-breadcrumb\">\n\tTabara de Ayurveda 2016\n<\/span><\/div>","aioseo_breadcrumb_json":[{"label":"Home","link":"https:\/\/amnromania.ro\/hu"},{"label":"Activitate","link":"https:\/\/amnromania.ro\/hu\/tevekenyseg\/"},{"label":"Tabere de Ayurveda","link":"https:\/\/amnromania.ro\/hu\/tevekenyseg\/ayurveda-taborok\/"},{"label":"Tabara de Ayurveda 2016","link":"https:\/\/amnromania.ro\/hu\/tevekenyseg\/ayurveda-taborok\/tabara-de-ayurveda-2016\/"}],"_links":{"self":[{"href":"https:\/\/amnromania.ro\/hu\/wp-json\/wp\/v2\/pages\/5175","targetHints":{"allow":["GET"]}}],"collection":[{"href":"https:\/\/amnromania.ro\/hu\/wp-json\/wp\/v2\/pages"}],"about":[{"href":"https:\/\/amnromania.ro\/hu\/wp-json\/wp\/v2\/types\/page"}],"author":[{"embeddable":true,"href":"https:\/\/amnromania.ro\/hu\/wp-json\/wp\/v2\/users\/1"}],"replies":[{"embeddable":true,"href":"https:\/\/amnromania.ro\/hu\/wp-json\/wp\/v2\/comments?post=5175"}],"version-history":[{"count":0,"href":"https:\/\/amnromania.ro\/hu\/wp-json\/wp\/v2\/pages\/5175\/revisions"}],"up":[{"embeddable":true,"href":"https:\/\/amnromania.ro\/hu\/wp-json\/wp\/v2\/pages\/3532"}],"wp:attachment":[{"href":"https:\/\/amnromania.ro\/hu\/wp-json\/wp\/v2\/media?parent=5175"}],"curies":[{"name":"wp","href":"https:\/\/api.w.org\/{rel}","templated":true}]}}