{"id":5173,"date":"2020-11-09T17:21:26","date_gmt":"2020-11-09T17:21:26","guid":{"rendered":"https:\/\/amnromania.ro\/?page_id=5173"},"modified":"2020-11-10T19:51:09","modified_gmt":"2020-11-10T19:51:09","slug":"tabara-de-ayurveda-2015","status":"publish","type":"page","link":"https:\/\/amnromania.ro\/hu\/tevekenyseg\/ayurveda-taborok\/tabara-de-ayurveda-2015\/","title":{"rendered":"Ayurveda Tabara 2015"},"content":{"rendered":"<div data-elementor-type=\"wp-page\" data-elementor-id=\"5173\" class=\"elementor elementor-5173\" data-elementor-post-type=\"page\">\n\t\t\t\t\t\t<section class=\"elementor-section elementor-top-section elementor-element elementor-element-fb0c955 elementor-section-boxed elementor-section-height-default elementor-section-height-default\" data-id=\"fb0c955\" data-element_type=\"section\">\n\t\t\t\t\t\t<div class=\"elementor-container elementor-column-gap-default\">\n\t\t\t\t\t<div class=\"elementor-column elementor-col-50 elementor-top-column elementor-element elementor-element-4fb3a27\" data-id=\"4fb3a27\" data-element_type=\"column\">\n\t\t\t<div class=\"elementor-widget-wrap elementor-element-populated\">\n\t\t\t\t\t\t<div class=\"elementor-element elementor-element-0f06fbc elementor-nav-menu__align-start elementor-nav-menu__text-align-center elementor-nav-menu--dropdown-tablet elementor-nav-menu--toggle elementor-nav-menu--burger elementor-widget elementor-widget-global elementor-global-4259 elementor-widget-nav-menu\" data-id=\"0f06fbc\" data-element_type=\"widget\" data-settings=\"{&quot;layout&quot;:&quot;vertical&quot;,&quot;submenu_icon&quot;:{&quot;value&quot;:&quot;fas fa-caret-down&quot;,&quot;library&quot;:&quot;fa-solid&quot;},&quot;toggle&quot;:&quot;burger&quot;}\" data-widget_type=\"nav-menu.default\">\n\t\t\t\t<div class=\"elementor-widget-container\">\n\t\t\t\t\t\t\t\t<nav aria-label=\"Men\u00fc\" class=\"elementor-nav-menu--main elementor-nav-menu__container elementor-nav-menu--layout-vertical e--pointer-background e--animation-fade\">\n\t\t\t\t<ul id=\"menu-1-0f06fbc\" class=\"elementor-nav-menu sm-vertical\"><li class=\"menu-item menu-item-type-post_type menu-item-object-page menu-item-4237\"><a href=\"https:\/\/amnromania.ro\/hu\/tevekenyseg\/ayurveda-tanfolyamok\/\" class=\"elementor-item\">Ayurveda tanfolyamok<\/a><\/li>\n<li class=\"menu-item menu-item-type-post_type menu-item-object-page menu-item-4234\"><a href=\"https:\/\/amnromania.ro\/hu\/tevekenyseg\/ayurveda-versenyek\/\" class=\"elementor-item\">Ayurveda versenyek<\/a><\/li>\n<li class=\"menu-item menu-item-type-post_type menu-item-object-page menu-item-4235\"><a href=\"https:\/\/amnromania.ro\/hu\/tevekenyseg\/ayurveda-konferencia\/\" class=\"elementor-item\">Ayurveda konferenci\u00e1k<\/a><\/li>\n<li class=\"menu-item menu-item-type-post_type menu-item-object-page menu-item-4236\"><a href=\"https:\/\/amnromania.ro\/hu\/tevekenyseg\/ayurveda-kongresszus\/\" class=\"elementor-item\">Ayurveda kongresszus<\/a><\/li>\n<li class=\"menu-item menu-item-type-post_type menu-item-object-page menu-item-5535\"><a href=\"https:\/\/amnromania.ro\/hu\/tevekenyseg\/ayurveda-taborok\/\" class=\"elementor-item\">Ayurveda t\u00e1borok<\/a><\/li>\n<\/ul>\t\t\t<\/nav>\n\t\t\t\t\t<div class=\"elementor-menu-toggle\" role=\"button\" tabindex=\"0\" aria-label=\"Toggle men\u00fc\" aria-expanded=\"false\">\n\t\t\t<i aria-hidden=\"true\" role=\"presentation\" class=\"elementor-menu-toggle__icon--open eicon-menu-bar\"><\/i><i aria-hidden=\"true\" role=\"presentation\" class=\"elementor-menu-toggle__icon--close eicon-close\"><\/i>\t\t<\/div>\n\t\t\t\t\t<nav class=\"elementor-nav-menu--dropdown elementor-nav-menu__container\" aria-hidden=\"true\">\n\t\t\t\t<ul id=\"menu-2-0f06fbc\" class=\"elementor-nav-menu sm-vertical\"><li class=\"menu-item menu-item-type-post_type menu-item-object-page menu-item-4237\"><a href=\"https:\/\/amnromania.ro\/hu\/tevekenyseg\/ayurveda-tanfolyamok\/\" class=\"elementor-item\" tabindex=\"-1\">Ayurveda tanfolyamok<\/a><\/li>\n<li class=\"menu-item menu-item-type-post_type menu-item-object-page menu-item-4234\"><a href=\"https:\/\/amnromania.ro\/hu\/tevekenyseg\/ayurveda-versenyek\/\" class=\"elementor-item\" tabindex=\"-1\">Ayurveda versenyek<\/a><\/li>\n<li class=\"menu-item menu-item-type-post_type menu-item-object-page menu-item-4235\"><a href=\"https:\/\/amnromania.ro\/hu\/tevekenyseg\/ayurveda-konferencia\/\" class=\"elementor-item\" tabindex=\"-1\">Ayurveda konferenci\u00e1k<\/a><\/li>\n<li class=\"menu-item menu-item-type-post_type menu-item-object-page menu-item-4236\"><a href=\"https:\/\/amnromania.ro\/hu\/tevekenyseg\/ayurveda-kongresszus\/\" class=\"elementor-item\" tabindex=\"-1\">Ayurveda kongresszus<\/a><\/li>\n<li class=\"menu-item menu-item-type-post_type menu-item-object-page menu-item-5535\"><a href=\"https:\/\/amnromania.ro\/hu\/tevekenyseg\/ayurveda-taborok\/\" class=\"elementor-item\" tabindex=\"-1\">Ayurveda t\u00e1borok<\/a><\/li>\n<\/ul>\t\t\t<\/nav>\n\t\t\t\t\t\t<\/div>\n\t\t\t\t<\/div>\n\t\t\t\t\t<\/div>\n\t\t<\/div>\n\t\t\t\t<div class=\"elementor-column elementor-col-50 elementor-top-column elementor-element elementor-element-dad2a2d\" data-id=\"dad2a2d\" data-element_type=\"column\">\n\t\t\t<div class=\"elementor-widget-wrap elementor-element-populated\">\n\t\t\t\t\t\t<div class=\"elementor-element elementor-element-f76af53 elementor-widget elementor-widget-text-editor\" data-id=\"f76af53\" data-element_type=\"widget\" data-widget_type=\"text-editor.default\">\n\t\t\t\t<div class=\"elementor-widget-container\">\n\t\t\t\t\t\t\t\t\t<h1 style=\"text-align: center;\"><strong><span style=\"color: #ffcc00;\">Ayurveda Tabara 2015<\/span><\/strong><\/h1><div><strong><span style=\"color: #ffcc00;\"><br><\/span><\/strong><\/div>\n<h2 style=\"text-align: center;\"><span style=\"color: #ff6600;\"><strong>A t\u00e1bor t\u00e9m\u00e1ja:<\/strong><\/span><\/h2>\n<h2 style=\"text-align: center;\"><span style=\"color: #ff6600;\"><strong>Az \u00c9let alapvet\u0151 Energi\u00e1j\u00e1nak \u00f6t alapvet\u0151 megnyilv\u00e1nul\u00e1si \u00e1llapota:<\/strong><\/span><\/h2>\n<h2 style=\"text-align: center;\"><span style=\"color: #ff6600;\"><strong> Ayus, Dhari, Jivita, Nityada \u00e9s Anubandha<\/strong><\/span><\/h2><div><span style=\"color: #ff6600;\"><strong><br><\/strong><\/span><\/div>\n<p><\/p>\n<h2 style=\"text-align: center;\"><span style=\"color: #ff6600;\"><strong><img fetchpriority=\"high\" decoding=\"async\" class=\"size-medium wp-image-5738 aligncenter\" src=\"https:\/\/amnromania.ro\/wp-content\/uploads\/2020\/11\/tabara-de-ayurveda-23-iulie-29-300x169.jpg\" alt=\"\" width=\"300\" height=\"169\" srcset=\"https:\/\/amnromania.ro\/wp-content\/uploads\/2020\/11\/tabara-de-ayurveda-23-iulie-29-300x169.jpg 300w, https:\/\/amnromania.ro\/wp-content\/uploads\/2020\/11\/tabara-de-ayurveda-23-iulie-29-1024x576.jpg 1024w, https:\/\/amnromania.ro\/wp-content\/uploads\/2020\/11\/tabara-de-ayurveda-23-iulie-29-768x432.jpg 768w, https:\/\/amnromania.ro\/wp-content\/uploads\/2020\/11\/tabara-de-ayurveda-23-iulie-29-1536x864.jpg 1536w, https:\/\/amnromania.ro\/wp-content\/uploads\/2020\/11\/tabara-de-ayurveda-23-iulie-29.jpg 1920w\" sizes=\"(max-width: 300px) 100vw, 300px\" \/><\/strong><\/span><\/h2>\n<p><\/p>\n<h2 style=\"text-align: left;\"><strong><span style=\"color: #ffcc00;\">A 2015-\u00f6s Ayurveda Spiritu\u00e1lis T\u00e1bor programja<\/span><\/strong><\/h2>\n<p><\/p>\n<h2><strong><span style=\"color: #ffcc00;\">2015. j\u00falius 23.<\/span><\/strong><\/h2>\n<p><strong>NYIT\u00d3PROGRAM<\/strong><\/p>\n<p>19:00 - 19:15 Medit\u00e1ci\u00f3<br>Az Ayurveda Spiritu\u00e1lis T\u00e1borban \u00e1ltalunk v\u00e9grehajtott j\u00f3t\u00e9kony cselekedetek gy\u00fcm\u00f6lcs\u00e9nek teljes \u00e9s felt\u00e9tel n\u00e9lk\u00fcli \u00e1tad\u00e1sa Istennek, az Aty\u00e1nak.<br>19:30 - 20:00 Medit\u00e1ci\u00f3<br>Az Ayurveda Camp 2015 finom szf\u00e9rikus spiritu\u00e1lis mezej\u00e9nek megnyilv\u00e1nul\u00e1sa<br>20:15 - 20:45 Medit\u00e1ci\u00f3<br>Az ir\u00e1ny\u00edt\u00f3 spiritu\u00e1lis megnyilv\u00e1nul\u00e1s bels\u0151 h\u00edv\u00e1sa \u00e9s a Spiritu\u00e1lis Vezet\u0151 finom telepatikus t\u00e1mogat\u00e1sa.<br>21:00 - 21:30 Medit\u00e1ci\u00f3<br>Az Atyaisten isteni ihlet\u00e9s\u0171 megnyilv\u00e1nul\u00e1s\u00e1nak intenz\u00edv, buzg\u00f3 \u00e9s k\u00e9ts\u00e9gbeesetten t\u00f6rekv\u0151 seg\u00edts\u00e9g\u00fcl h\u00edv\u00e1sa.<\/p>\n<h2><strong><span style=\"color: #ffcc00;\">2015. j\u00falius 24.<\/span><\/strong><\/h2>\n<p><strong>REGGELI PROGRAM<\/strong><\/p>\n<p>11:00 - 11:30 Lelki p\u00e9ldamutat\u00e1s<br>A b\u00f6lcs Kashyap\u00e1val, az \u00e9let alapvet\u0151 energi\u00e1ja titkainak ismer\u0151j\u00e9vel val\u00f3 m\u00e9ly spiritu\u00e1lis k\u00f6z\u00f6ss\u00e9g \u00e1llapota, aki a csillagok miszt\u00e9riumainak nagy beavatottja volt.<br>11:45 - 12:15 Lelki p\u00e9ldamutat\u00e1s<br>Az energetikai teljess\u00e9g \u00e1llapota a vishuddha csakra szintj\u00e9n, amely lehet\u0151v\u00e9 teszi az id\u0151beli transzl\u00e1ci\u00f3s jelens\u00e9gek megjelen\u00e9s\u00e9t.<br>12:30 - 13:00 Spiritu\u00e1lis p\u00e9ldamutat\u00e1s<br>A b\u00f6lcs felel\u0151ss\u00e9gteljes felt\u00e9telez\u00e9s magasabb \u00e1llapota<\/p>\n<p><strong>ESTI PROGRAM<\/strong><\/p>\n<p>19:30 - 20:00 Spiritu\u00e1lis p\u00e9ldamutat\u00e1s<br>A Jivak\u00e1val, a b\u00f6lcs fiatalemberrel val\u00f3 m\u00e9ly lelki k\u00f6z\u00f6ss\u00e9g \u00e1llapota, aki t\u00fall\u00e9pett a kor id\u0151beli korl\u00e1tain.<br>20:15 - 20:45 Spiritu\u00e1lis p\u00e9ldamutat\u00e1s<br>A hat\u00e1rtalans\u00e1gba val\u00f3 kit\u00e1gul\u00e1s \u00e1llapota a szeretet \u00e1ltal<br>21:00 - 21:30 Spiritu\u00e1lis p\u00e9ldamutat\u00e1s<br>Az egyetemes \u00e9leter\u0151 (ayus) esszenci\u00e1lis \u00e9s mindent \u00e1that\u00f3 hiposzt\u00e1zis\u00e1nak kinyilatkoztat\u00e1sa a saj\u00e1t bels\u0151 vil\u00e1gegyetem\u00fcnkben.<\/p>\n<h2><strong><span style=\"color: #ffcc00;\">2015. j\u00falius 25.<\/span><\/strong><\/h2>\n<p><strong>REGGELI PROGRAM<\/strong><\/p>\n<p>11:00 - 11:30 Lelki p\u00e9ldamutat\u00e1s<br>A m\u00e9ly lelki k\u00f6z\u00f6ss\u00e9g \u00e1llapota Sushrut\u00e1val, a b\u00f6lcs seb\u00e9sszel, aki a Sushruta-samhita m\u0171v\u00e9t \u00edrta.&nbsp;<br>11:45 - 12:15 Lelki p\u00e9ldamutat\u00e1s<br>Az integr\u00e1lt isteni koordin\u00e1ci\u00f3 magasabb k\u00e9pess\u00e9g\u00e9nek fel\u00e9breszt\u00e9se<br>12:30 - 13:00 Spiritu\u00e1lis p\u00e9ldamutat\u00e1s<br>A hat\u00e9konys\u00e1g modell\u00e1llapota a gyakorlatban<\/p>\n<p><strong>ESTI PROGRAM<\/strong><\/p>\n<p>19:30 - 20:00 Spiritu\u00e1lis p\u00e9ldamutat\u00e1s<br>A Nagarjun\u00e1val, a b\u00f6lcs alkimist\u00e1val val\u00f3 m\u00e9ly szellemi k\u00f6z\u00f6ss\u00e9g \u00e1llapota, aki felt\u00e1rta a regener\u00e1l\u00f3 gy\u00f3gym\u00f3dok k\u00e9sz\u00edt\u00e9s\u00e9nek titkait.<br>20:15 - 20:45 Spiritu\u00e1lis p\u00e9ldamutat\u00e1s<br>Isten bocs\u00e1nat\u00e1nak al\u00e1zatos k\u00e9r\u00e9se \u00e9s lelki v\u00e1gyakoz\u00e1sa ut\u00e1n<br>21:00 - 21:30 Spiritu\u00e1lis p\u00e9ldamutat\u00e1s<br>A testet \u00e9s a boml\u00e1s (dhari) l\u00e9ny\u00e9nek minden m\u00e1s hordoz\u00f3j\u00e1t v\u00e9d\u0151 alapvet\u0151 \u00e9letenergia esszenci\u00e1lis hiposzt\u00e1zis\u00e1nak kinyilatkoztat\u00e1sa a saj\u00e1t bels\u0151 univerzumunkban.<\/p>\n<h2><strong><span style=\"color: #ffcc00;\">2015. j\u00falius 26.<\/span><\/strong><\/h2>\n<p><strong>REGGELI PROGRAM<\/strong><\/p>\n<p>11:00 - 11:30 Lelki p\u00e9ldamutat\u00e1s<br>A Bharadvaj\u00e1val, a b\u00f6lcs j\u00f3gival val\u00f3 m\u00e9ly spiritu\u00e1lis k\u00f6z\u00f6ss\u00e9g \u00e1llapota, aki a Nagy Isten, Indra \u00e1ltal adott kiv\u00e9teles beavat\u00e1s r\u00e9v\u00e9n elsaj\u00e1t\u00edtotta az \u00c9let Tudom\u00e1ny\u00e1t (Ayurveda).<br>11:45 - 12:15 Lelki p\u00e9ldamutat\u00e1s<br>A kinyilatkoztat\u00e1s \u00e9s a finom paranorm\u00e1lis hozz\u00e1f\u00e9r\u00e9s a tud\u00e1s elemi r\u00e9szecsk\u00e9inek (kognitronok) titkos integr\u00e1l\u00f3 f\u00f3kusz\u00e1hoz, amelyek minden emberi l\u00e9ny mikrokozmosz\u00e1ban l\u00e9teznek.<br>12:30 - 13:00 Spiritu\u00e1lis p\u00e9ldamutat\u00e1s<br>Az Atyaisten kegyelme \u00e1ltal a paranorm\u00e1lis gy\u00f3gy\u00edt\u00e1s finom folyamat\u00e1nak kinyilatkoztat\u00e1sa, amelyet egy j\u00f3t\u00e9kony kognitronikus \u00e1raml\u00e1snak az egy\u00e9ni mikrokozmoszba val\u00f3 becsatorn\u00e1z\u00e1s\u00e1val \u00e9r\u00fcnk el.<\/p>\n<p><strong>ESTI PROGRAM<\/strong><\/p>\n<p>19:30 - 20:00 Spiritu\u00e1lis p\u00e9ldamutat\u00e1s<br>A b\u00f6lcs Atreya-val val\u00f3 m\u00e9ly spiritu\u00e1lis k\u00f6z\u00f6ss\u00e9g \u00e1llapota, aki az \u00e9let tudom\u00e1ny\u00e1t (Ayurveda) az emberek sz\u00e1m\u00e1ra t\u00f6k\u00e9letesen hozz\u00e1f\u00e9rhet\u0151 form\u00e1ban fejtette ki.<br>20:15 - 20:45 Spiritu\u00e1lis p\u00e9ldamutat\u00e1s<br>Az Atyaisten kegyelme \u00e1ltal az isteni integr\u00e1ci\u00f3 spiritu\u00e1lis \u00e1llapot\u00e1nak kinyilatkoztat\u00e1sa, amely sz\u00fcks\u00e9ges a hossz\u00fa \u00e9letre val\u00f3 k\u00e9pess\u00e9gek regener\u00e1l\u00e1s\u00e1ra szolg\u00e1l\u00f3 ayurv\u00e9dikus elj\u00e1r\u00e1sok (rasayana) sikeres megval\u00f3s\u00edt\u00e1s\u00e1hoz.<br>21:00 - 21:30 Spiritu\u00e1lis p\u00e9ldamutat\u00e1s<br>A testet \u00e9s a l\u00e9t minden m\u00e1s hordoz\u00f3j\u00e1t fenntart\u00f3 alapvet\u0151 \u00e9letenergia (dzsivita) esszenci\u00e1lis hiposzt\u00e1zis\u00e1nak kinyilatkoztat\u00e1sa a saj\u00e1t bels\u0151 univerzumunkban.<\/p>\n<h2><strong><span style=\"color: #ffcc00;\">2015. j\u00falius 27.<\/span><\/strong><\/h2>\n<p><strong>REGGELI PROGRAM<\/strong><\/p>\n<p>11:00 - 11:30 Lelki p\u00e9ldamutat\u00e1s<br>A Sinivali-val, az \u00e9gi l\u00e9nnyel val\u00f3 m\u00e9ly spiritu\u00e1lis k\u00f6z\u00f6ss\u00e9g \u00e1llapota, akit a gyermekek \u00e9let\u00e9nek vigasztal\u00f3jak\u00e9nt \u00e9s v\u00e9delmez\u0151jek\u00e9nt ismernek.<br>11:45 - 12:15 Lelki p\u00e9ldamutat\u00e1s<br>Isten szeretet\u00e9nek m\u00e9lyen meg\u00faj\u00edt\u00f3 okkult ereje<br>12:30 - 13:00 Spiritu\u00e1lis p\u00e9ldamutat\u00e1s<br>A szeretet \u00e1llapota, amelyet egyszerre t\u00f6bb asztr\u00e1lis dimenzi\u00f3ban tapasztalunk meg.<\/p>\n<p><strong>ESTI PROGRAM<\/strong><\/p>\n<p>19:30 - 20:00 Spiritu\u00e1lis p\u00e9ldamutat\u00e1s<br>A Dhanvantari isteni l\u00e9ny\u00e9vel val\u00f3 csod\u00e1latos lelki k\u00f6z\u00f6ss\u00e9g \u00e1llapota, a l\u00e9ny m\u00e9ly megtisztul\u00e1si folyamatainak inspir\u00e1l\u00f3ja.<br>20:15 - 20:45 Spiritu\u00e1lis p\u00e9ldamutat\u00e1s<br>A tisztas\u00e1g kimondhatatlan \u00e1llapot\u00e1nak m\u00e9lyen regener\u00e1l\u00f3 ereje<br>21:00 - 21:30 Spiritu\u00e1lis p\u00e9ldamutat\u00e1s<br>A saj\u00e1t bels\u0151 vil\u00e1gegyetem\u00fcnkben az \u00e9let alapvet\u0151 energi\u00e1ja esszenci\u00e1lis hiposzt\u00e1zis\u00e1nak kinyilatkoztat\u00e1sa, amely e test \u00e1lland\u00f3 szubsztr\u00e1tumak\u00e9nt szolg\u00e1l (nityada).<\/p>\n<h2><strong><span style=\"color: #ffcc00;\">2015. j\u00falius 28.<\/span><\/strong><\/h2>\n<p><strong>REGGELI PROGRAM<\/strong><\/p>\n<p>11:00 - 11:30 Lelki p\u00e9ldamutat\u00e1s<br>A Charaka, a b\u00f6lcs utaz\u00f3val, aki az Ayurv\u00e9d\u00e1t az eg\u00e9sz F\u00f6ld\u00f6n ismertt\u00e9 tette, val\u00f3 m\u00e9ly spiritu\u00e1lis k\u00f6z\u00f6ss\u00e9g \u00e1llapota.<br>11:45 - 12:15 Lelki p\u00e9ldamutat\u00e1s<br>A spiritu\u00e1lis megk\u00fcl\u00f6nb\u00f6ztet\u00e9s terhes \u00e9s m\u00e9ly \u00e1llapota<br>12:30 - 13:00 Spiritu\u00e1lis p\u00e9ldamutat\u00e1s<br>A kauz\u00e1lis szf\u00e9r\u00e1ban megnyilv\u00e1nul\u00f3 isteni kreativit\u00e1s \u00e1llapota<\/p>\n<p><strong>ESTI PROGRAM<\/strong><\/p>\n<p>19:30 - 20:00 Spiritu\u00e1lis p\u00e9ldamutat\u00e1s<br>A Siv\u00e1val, mint Isteni Gy\u00f3gy\u00edt\u00f3val val\u00f3 m\u00e9ly spiritu\u00e1lis k\u00f6z\u00f6ss\u00e9g \u00e1llapota<br>20:15 - 20:45 Spiritu\u00e1lis p\u00e9ldamutat\u00e1s<br>Isten fens\u00e9ges, v\u00e9gtelen \u00e1llapota<br>21:00 - 21:30 Spiritu\u00e1lis p\u00e9ldamutat\u00e1s<br>Az \u00e9let alapvet\u0151 energi\u00e1j\u00e1nak esszenci\u00e1lis hiposzt\u00e1zis\u00e1nak kinyilatkoztat\u00e1sa a saj\u00e1t bels\u0151 univerzumunkban, amely biztos\u00edtja a l\u00e9lekv\u00e1ndorl\u00e1st egyik testi j\u00e1rm\u0171b\u0151l a m\u00e1sikba (anubandha).<\/p>\n<h2><strong><span style=\"color: #ffcc00;\">2015. j\u00falius 29.<\/span><\/strong><\/h2>\n<p><strong>V\u00c9GLEGES PROGRAM<\/strong><\/p>\n<p>10:00 - 10:20 Medit\u00e1ci\u00f3<br>A h\u00e1la \u00e1llapota az Atya Istennek az Isteni Kegyelem\u00e9rt, amit ebben az Ayurveda T\u00e1borban kaptunk.<br>10:30 - 10:50 Medit\u00e1ci\u00f3<br>H\u00e1la medit\u00e1ci\u00f3 a Spiritu\u00e1lis Vezet\u0151nek a finom spiritu\u00e1lis t\u00e1mogat\u00e1s\u00e9rt, amit ebben az Ayurveda T\u00e1borban kaptunk.<br>11:00 - 11:30 Medit\u00e1ci\u00f3<br>Az Atya Istennel val\u00f3 m\u00e9ly lelki k\u00f6z\u00f6ss\u00e9g \u00e1llapota.<br>11:40 - 12:00 Medit\u00e1ci\u00f3<br>Az Ayurveda T\u00e1bor 2015 finom g\u00f6mbi spiritu\u00e1lis mezej\u00e9nek fokozatos felsz\u00edv\u00f3d\u00e1sa.<\/p>\t\t\t\t\t\t\t\t<\/div>\n\t\t\t\t<\/div>\n\t\t\t\t\t<\/div>\n\t\t<\/div>\n\t\t\t\t\t<\/div>\n\t\t<\/section>\n\t\t\t\t<\/div>","protected":false},"excerpt":{"rendered":"<p>Ayurveda Camp 2015 A t\u00e1bor t\u00e9m\u00e1ja: Az Ayurv\u00e9da Spiritu\u00e1lis T\u00e1bor 2015 programja 2015. j\u00falius 23. 2015. j\u00falius 23. NYIT\u00d3 PROGRAM 19:00 - 19:15 Medit\u00e1ci\u00f3A j\u00f3t\u00e9kony cselekedetek gy\u00fcm\u00f6lcs\u00e9nek szerves \u00e9s felt\u00e9tel n\u00e9lk\u00fcli odaad\u00e1sa az Atya Istennek, az Aty\u00e1nak, amely a j\u00f3t\u00e9kony cselekedetek gy\u00fcm\u00f6lcs\u00e9t [...]<\/p>","protected":false},"author":1,"featured_media":0,"parent":3532,"menu_order":0,"comment_status":"closed","ping_status":"closed","template":"","meta":{"_mi_skip_tracking":false,"_analytify_skip_tracking":false,"footnotes":""},"class_list":["post-5173","page","type-page","status-publish","hentry"],"aioseo_notices":[],"aioseo_head":"\n\t\t<!-- All in One SEO Pro 4.7.0 - aioseo.com -->\n\t\t<meta name=\"description\" content=\"Tema acestei tabere este: Cele cinci ipostaze esen\u0163iale de manifestare ale Energiei fundamentale a vie\u0163ii: Ayus, Dhari, Jivita, Nityada \u015fi Anubandha\" \/>\n\t\t<meta name=\"robots\" content=\"max-image-preview:large\" \/>\n\t\t<meta name=\"google-site-verification\" content=\"G-391X30D2FS\" \/>\n\t\t<link rel=\"canonical\" href=\"https:\/\/amnromania.ro\/hu\/tevekenyseg\/ayurveda-taborok\/tabara-de-ayurveda-2015\/\" \/>\n\t\t<meta name=\"generator\" content=\"All in One SEO Pro (AIOSEO) 4.7.0\" \/>\n\t\t<meta property=\"og:locale\" content=\"hu_HU\" \/>\n\t\t<meta property=\"og:site_name\" content=\"AMN Ayurveda ROM\u00c2NIA | Asociatia Nationala pentru Promovarea Medicinelor Neconventionale\" \/>\n\t\t<meta property=\"og:type\" content=\"article\" \/>\n\t\t<meta property=\"og:title\" content=\"Tabara de Ayurveda 2015 | AMN Ayurveda ROM\u00c2NIA\" \/>\n\t\t<meta property=\"og:description\" content=\"Tema acestei tabere este: Cele cinci ipostaze esen\u0163iale de manifestare ale Energiei fundamentale a vie\u0163ii: Ayus, Dhari, Jivita, Nityada \u015fi Anubandha\" \/>\n\t\t<meta property=\"og:url\" content=\"https:\/\/amnromania.ro\/hu\/tevekenyseg\/ayurveda-taborok\/tabara-de-ayurveda-2015\/\" \/>\n\t\t<meta property=\"og:image\" content=\"https:\/\/amnromania.ro\/ynorsyju\/2021\/06\/Ayurveda-in-Romania-Vol.-2-Ro.jpg\" \/>\n\t\t<meta property=\"og:image:secure_url\" content=\"https:\/\/amnromania.ro\/ynorsyju\/2021\/06\/Ayurveda-in-Romania-Vol.-2-Ro.jpg\" \/>\n\t\t<meta property=\"article:published_time\" content=\"2020-11-09T17:21:26+00:00\" \/>\n\t\t<meta property=\"article:modified_time\" content=\"2020-11-10T19:51:09+00:00\" \/>\n\t\t<meta property=\"article:publisher\" content=\"https:\/\/www.facebook.com\/AMNRomania\" \/>\n\t\t<script type=\"application\/ld+json\" class=\"aioseo-schema\">\n\t\t\t{\"@context\":\"https:\\\/\\\/schema.org\",\"@graph\":[{\"@type\":\"BreadcrumbList\",\"@id\":\"https:\\\/\\\/amnromania.ro\\\/hu\\\/tevekenyseg\\\/ayurveda-taborok\\\/tabara-de-ayurveda-2015\\\/#breadcrumblist\",\"itemListElement\":[{\"@type\":\"ListItem\",\"@id\":\"https:\\\/\\\/amnromania.ro\\\/hu\\\/#listItem\",\"position\":1,\"name\":\"Home\",\"item\":\"https:\\\/\\\/amnromania.ro\\\/hu\\\/\",\"nextItem\":\"https:\\\/\\\/amnromania.ro\\\/hu\\\/tevekenyseg\\\/#listItem\"},{\"@type\":\"ListItem\",\"@id\":\"https:\\\/\\\/amnromania.ro\\\/hu\\\/tevekenyseg\\\/#listItem\",\"position\":2,\"name\":\"Activitate\",\"item\":\"https:\\\/\\\/amnromania.ro\\\/hu\\\/tevekenyseg\\\/\",\"nextItem\":\"https:\\\/\\\/amnromania.ro\\\/hu\\\/tevekenyseg\\\/ayurveda-taborok\\\/#listItem\",\"previousItem\":\"https:\\\/\\\/amnromania.ro\\\/hu\\\/#listItem\"},{\"@type\":\"ListItem\",\"@id\":\"https:\\\/\\\/amnromania.ro\\\/hu\\\/tevekenyseg\\\/ayurveda-taborok\\\/#listItem\",\"position\":3,\"name\":\"Tabere de Ayurveda\",\"item\":\"https:\\\/\\\/amnromania.ro\\\/hu\\\/tevekenyseg\\\/ayurveda-taborok\\\/\",\"nextItem\":\"https:\\\/\\\/amnromania.ro\\\/hu\\\/tevekenyseg\\\/ayurveda-taborok\\\/tabara-de-ayurveda-2015\\\/#listItem\",\"previousItem\":\"https:\\\/\\\/amnromania.ro\\\/hu\\\/tevekenyseg\\\/#listItem\"},{\"@type\":\"ListItem\",\"@id\":\"https:\\\/\\\/amnromania.ro\\\/hu\\\/tevekenyseg\\\/ayurveda-taborok\\\/tabara-de-ayurveda-2015\\\/#listItem\",\"position\":4,\"name\":\"Tabara de Ayurveda 2015\",\"previousItem\":\"https:\\\/\\\/amnromania.ro\\\/hu\\\/tevekenyseg\\\/ayurveda-taborok\\\/#listItem\"}]},{\"@type\":\"Organization\",\"@id\":\"https:\\\/\\\/amnromania.ro\\\/hu\\\/#organization\",\"name\":\"AMN Ayurveda Romania\",\"url\":\"https:\\\/\\\/amnromania.ro\\\/hu\\\/\",\"logo\":{\"@type\":\"ImageObject\",\"url\":\"https:\\\/\\\/amnromania.ro\\\/ynorsyju\\\/2020\\\/10\\\/amn.png\",\"@id\":\"https:\\\/\\\/amnromania.ro\\\/hu\\\/tevekenyseg\\\/ayurveda-taborok\\\/tabara-de-ayurveda-2015\\\/#organizationLogo\"},\"image\":{\"@id\":\"https:\\\/\\\/amnromania.ro\\\/hu\\\/tevekenyseg\\\/ayurveda-taborok\\\/tabara-de-ayurveda-2015\\\/#organizationLogo\"},\"sameAs\":[\"https:\\\/\\\/www.facebook.com\\\/AMNRomania\",\"https:\\\/\\\/www.youtube.com\\\/channel\\\/UClfqKxiq_uZ11rthDIT3-BQ\\\/videos\"]},{\"@type\":\"WebPage\",\"@id\":\"https:\\\/\\\/amnromania.ro\\\/hu\\\/tevekenyseg\\\/ayurveda-taborok\\\/tabara-de-ayurveda-2015\\\/#webpage\",\"url\":\"https:\\\/\\\/amnromania.ro\\\/hu\\\/tevekenyseg\\\/ayurveda-taborok\\\/tabara-de-ayurveda-2015\\\/\",\"name\":\"Tabara de Ayurveda 2015 | AMN Ayurveda ROM\\u00c2NIA\",\"description\":\"Tema acestei tabere este: Cele cinci ipostaze esen\\u0163iale de manifestare ale Energiei fundamentale a vie\\u0163ii: Ayus, Dhari, Jivita, Nityada \\u015fi Anubandha\",\"inLanguage\":\"hu-HU\",\"isPartOf\":{\"@id\":\"https:\\\/\\\/amnromania.ro\\\/hu\\\/#website\"},\"breadcrumb\":{\"@id\":\"https:\\\/\\\/amnromania.ro\\\/hu\\\/tevekenyseg\\\/ayurveda-taborok\\\/tabara-de-ayurveda-2015\\\/#breadcrumblist\"},\"datePublished\":\"2020-11-09T17:21:26+02:00\",\"dateModified\":\"2020-11-10T19:51:09+02:00\"},{\"@type\":\"WebSite\",\"@id\":\"https:\\\/\\\/amnromania.ro\\\/hu\\\/#website\",\"url\":\"https:\\\/\\\/amnromania.ro\\\/hu\\\/\",\"name\":\"AMN Ayurveda ROM\\u00c2NIA\",\"description\":\"Asociatia Nationala pentru Promovarea Medicinelor Neconventionale\",\"inLanguage\":\"hu-HU\",\"publisher\":{\"@id\":\"https:\\\/\\\/amnromania.ro\\\/hu\\\/#organization\"}}]}\n\t\t<\/script>\n\t\t<!-- All in One SEO Pro -->\r\n\t\t<title>Tabara de Ayurveda 2015 | AMN Ayurveda ROM\u00c2NIA<\/title>\n\n","aioseo_head_json":{"title":"Tabara de Ayurveda 2015 | AMN Ayurveda ROM\u00c2NIA","description":"Tema acestei tabere este: Cele cinci ipostaze esen\u0163iale de manifestare ale Energiei fundamentale a vie\u0163ii: Ayus, Dhari, Jivita, Nityada \u015fi Anubandha","canonical_url":"https:\/\/amnromania.ro\/hu\/tevekenyseg\/ayurveda-taborok\/tabara-de-ayurveda-2015\/","robots":"max-image-preview:large","keywords":"","webmasterTools":{"google-site-verification":"G-391X30D2FS","miscellaneous":""},"og:locale":"hu_HU","og:site_name":"AMN Ayurveda ROM\u00c2NIA | Asociatia Nationala pentru Promovarea Medicinelor Neconventionale","og:type":"article","og:title":"Tabara de Ayurveda 2015 | AMN Ayurveda ROM\u00c2NIA","og:description":"Tema acestei tabere este: Cele cinci ipostaze esen\u0163iale de manifestare ale Energiei fundamentale a vie\u0163ii: Ayus, Dhari, Jivita, Nityada \u015fi Anubandha","og:url":"https:\/\/amnromania.ro\/hu\/tevekenyseg\/ayurveda-taborok\/tabara-de-ayurveda-2015\/","og:image":"https:\/\/amnromania.ro\/ynorsyju\/2021\/06\/Ayurveda-in-Romania-Vol.-2-Ro.jpg","og:image:secure_url":"https:\/\/amnromania.ro\/ynorsyju\/2021\/06\/Ayurveda-in-Romania-Vol.-2-Ro.jpg","article:published_time":"2020-11-09T17:21:26+00:00","article:modified_time":"2020-11-10T19:51:09+00:00","article:publisher":"https:\/\/www.facebook.com\/AMNRomania","schema":{"@context":"https:\/\/schema.org","@graph":[{"@type":"BreadcrumbList","@id":"https:\/\/amnromania.ro\/hu\/tevekenyseg\/ayurveda-taborok\/tabara-de-ayurveda-2015\/#breadcrumblist","itemListElement":[{"@type":"ListItem","@id":"https:\/\/amnromania.ro\/hu\/#listItem","position":1,"name":"Home","item":"https:\/\/amnromania.ro\/hu\/","nextItem":"https:\/\/amnromania.ro\/hu\/tevekenyseg\/#listItem"},{"@type":"ListItem","@id":"https:\/\/amnromania.ro\/hu\/tevekenyseg\/#listItem","position":2,"name":"Activitate","item":"https:\/\/amnromania.ro\/hu\/tevekenyseg\/","nextItem":"https:\/\/amnromania.ro\/hu\/tevekenyseg\/ayurveda-taborok\/#listItem","previousItem":"https:\/\/amnromania.ro\/hu\/#listItem"},{"@type":"ListItem","@id":"https:\/\/amnromania.ro\/hu\/tevekenyseg\/ayurveda-taborok\/#listItem","position":3,"name":"Tabere de Ayurveda","item":"https:\/\/amnromania.ro\/hu\/tevekenyseg\/ayurveda-taborok\/","nextItem":"https:\/\/amnromania.ro\/hu\/tevekenyseg\/ayurveda-taborok\/tabara-de-ayurveda-2015\/#listItem","previousItem":"https:\/\/amnromania.ro\/hu\/tevekenyseg\/#listItem"},{"@type":"ListItem","@id":"https:\/\/amnromania.ro\/hu\/tevekenyseg\/ayurveda-taborok\/tabara-de-ayurveda-2015\/#listItem","position":4,"name":"Tabara de Ayurveda 2015","previousItem":"https:\/\/amnromania.ro\/hu\/tevekenyseg\/ayurveda-taborok\/#listItem"}]},{"@type":"Organization","@id":"https:\/\/amnromania.ro\/hu\/#organization","name":"AMN Ayurveda Romania","url":"https:\/\/amnromania.ro\/hu\/","logo":{"@type":"ImageObject","url":"https:\/\/amnromania.ro\/ynorsyju\/2020\/10\/amn.png","@id":"https:\/\/amnromania.ro\/hu\/tevekenyseg\/ayurveda-taborok\/tabara-de-ayurveda-2015\/#organizationLogo"},"image":{"@id":"https:\/\/amnromania.ro\/hu\/tevekenyseg\/ayurveda-taborok\/tabara-de-ayurveda-2015\/#organizationLogo"},"sameAs":["https:\/\/www.facebook.com\/AMNRomania","https:\/\/www.youtube.com\/channel\/UClfqKxiq_uZ11rthDIT3-BQ\/videos"]},{"@type":"WebPage","@id":"https:\/\/amnromania.ro\/hu\/tevekenyseg\/ayurveda-taborok\/tabara-de-ayurveda-2015\/#webpage","url":"https:\/\/amnromania.ro\/hu\/tevekenyseg\/ayurveda-taborok\/tabara-de-ayurveda-2015\/","name":"Tabara de Ayurveda 2015 | AMN Ayurveda ROM\u00c2NIA","description":"Tema acestei tabere este: Cele cinci ipostaze esen\u0163iale de manifestare ale Energiei fundamentale a vie\u0163ii: Ayus, Dhari, Jivita, Nityada \u015fi Anubandha","inLanguage":"hu-HU","isPartOf":{"@id":"https:\/\/amnromania.ro\/hu\/#website"},"breadcrumb":{"@id":"https:\/\/amnromania.ro\/hu\/tevekenyseg\/ayurveda-taborok\/tabara-de-ayurveda-2015\/#breadcrumblist"},"datePublished":"2020-11-09T17:21:26+02:00","dateModified":"2020-11-10T19:51:09+02:00"},{"@type":"WebSite","@id":"https:\/\/amnromania.ro\/hu\/#website","url":"https:\/\/amnromania.ro\/hu\/","name":"AMN Ayurveda ROM\u00c2NIA","description":"Asociatia Nationala pentru Promovarea Medicinelor Neconventionale","inLanguage":"hu-HU","publisher":{"@id":"https:\/\/amnromania.ro\/hu\/#organization"}}]}},"aioseo_meta_data":{"post_id":"5173","title":null,"description":"Tema acestei tabere este: Cele cinci ipostaze esen\u0163iale de manifestare ale Energiei fundamentale a vie\u0163ii: Ayus, Dhari, Jivita, Nityada \u015fi Anubandha","keywords":null,"keyphrases":null,"primary_term":null,"canonical_url":null,"og_title":null,"og_description":null,"og_object_type":"default","og_image_type":"default","og_image_url":null,"og_image_width":null,"og_image_height":null,"og_image_custom_url":null,"og_image_custom_fields":null,"og_video":null,"og_custom_url":null,"og_article_section":null,"og_article_tags":null,"twitter_use_og":false,"twitter_card":"default","twitter_image_type":"default","twitter_image_url":null,"twitter_image_custom_url":null,"twitter_image_custom_fields":null,"twitter_title":null,"twitter_description":null,"schema":{"blockGraphs":[],"customGraphs":[],"default":{"data":{"Article":[],"Course":[],"Dataset":[],"FAQPage":[],"Movie":[],"Person":[],"Product":[],"Recipe":[],"Service":[],"SoftwareApplication":[],"WebPage":[]},"graphName":"WebPage","isEnabled":true},"graphs":[]},"schema_type":null,"schema_type_options":null,"pillar_content":false,"robots_default":true,"robots_noindex":false,"robots_noarchive":false,"robots_nosnippet":false,"robots_nofollow":false,"robots_noimageindex":false,"robots_noodp":false,"robots_notranslate":false,"robots_max_snippet":null,"robots_max_videopreview":null,"robots_max_imagepreview":"large","priority":null,"frequency":null,"local_seo":null,"limit_modified_date":false,"open_ai":null,"created":"2020-12-21 07:24:38","updated":"2024-01-28 10:47:43"},"aioseo_breadcrumb":"<div class=\"aioseo-breadcrumbs\"><span class=\"aioseo-breadcrumb\">\n\t<a href=\"https:\/\/amnromania.ro\/hu\" title=\"Home\">Home<\/a>\n<\/span><span class=\"aioseo-breadcrumb-separator\">&raquo;<\/span><span class=\"aioseo-breadcrumb\">\n\t<a href=\"https:\/\/amnromania.ro\/hu\/tevekenyseg\/\" title=\"Activitate\">Activitate<\/a>\n<\/span><span class=\"aioseo-breadcrumb-separator\">&raquo;<\/span><span class=\"aioseo-breadcrumb\">\n\t<a href=\"https:\/\/amnromania.ro\/hu\/tevekenyseg\/ayurveda-taborok\/\" title=\"Tabere de Ayurveda\">Tabere de Ayurveda<\/a>\n<\/span><span class=\"aioseo-breadcrumb-separator\">&raquo;<\/span><span class=\"aioseo-breadcrumb\">\n\tTabara de Ayurveda 2015\n<\/span><\/div>","aioseo_breadcrumb_json":[{"label":"Home","link":"https:\/\/amnromania.ro\/hu"},{"label":"Activitate","link":"https:\/\/amnromania.ro\/hu\/tevekenyseg\/"},{"label":"Tabere de Ayurveda","link":"https:\/\/amnromania.ro\/hu\/tevekenyseg\/ayurveda-taborok\/"},{"label":"Tabara de Ayurveda 2015","link":"https:\/\/amnromania.ro\/hu\/tevekenyseg\/ayurveda-taborok\/tabara-de-ayurveda-2015\/"}],"_links":{"self":[{"href":"https:\/\/amnromania.ro\/hu\/wp-json\/wp\/v2\/pages\/5173","targetHints":{"allow":["GET"]}}],"collection":[{"href":"https:\/\/amnromania.ro\/hu\/wp-json\/wp\/v2\/pages"}],"about":[{"href":"https:\/\/amnromania.ro\/hu\/wp-json\/wp\/v2\/types\/page"}],"author":[{"embeddable":true,"href":"https:\/\/amnromania.ro\/hu\/wp-json\/wp\/v2\/users\/1"}],"replies":[{"embeddable":true,"href":"https:\/\/amnromania.ro\/hu\/wp-json\/wp\/v2\/comments?post=5173"}],"version-history":[{"count":0,"href":"https:\/\/amnromania.ro\/hu\/wp-json\/wp\/v2\/pages\/5173\/revisions"}],"up":[{"embeddable":true,"href":"https:\/\/amnromania.ro\/hu\/wp-json\/wp\/v2\/pages\/3532"}],"wp:attachment":[{"href":"https:\/\/amnromania.ro\/hu\/wp-json\/wp\/v2\/media?parent=5173"}],"curies":[{"name":"wp","href":"https:\/\/api.w.org\/{rel}","templated":true}]}}