{"id":5171,"date":"2020-11-09T17:21:08","date_gmt":"2020-11-09T17:21:08","guid":{"rendered":"https:\/\/amnromania.ro\/?page_id=5171"},"modified":"2020-11-10T13:44:58","modified_gmt":"2020-11-10T13:44:58","slug":"tabara-de-ayurveda-2014","status":"publish","type":"page","link":"https:\/\/amnromania.ro\/hu\/tevekenyseg\/ayurveda-taborok\/tabara-de-ayurveda-2014\/","title":{"rendered":"Ayurveda Tabara 2014"},"content":{"rendered":"<div data-elementor-type=\"wp-page\" data-elementor-id=\"5171\" class=\"elementor elementor-5171\" data-elementor-post-type=\"page\">\n\t\t\t\t\t\t<section class=\"elementor-section elementor-top-section elementor-element elementor-element-f6bff72 elementor-section-boxed elementor-section-height-default elementor-section-height-default\" data-id=\"f6bff72\" data-element_type=\"section\">\n\t\t\t\t\t\t<div class=\"elementor-container elementor-column-gap-default\">\n\t\t\t\t\t<div class=\"elementor-column elementor-col-50 elementor-top-column elementor-element elementor-element-d99c253\" data-id=\"d99c253\" data-element_type=\"column\">\n\t\t\t<div class=\"elementor-widget-wrap elementor-element-populated\">\n\t\t\t\t\t\t<div class=\"elementor-element elementor-element-2e8e7b6 elementor-nav-menu__align-start elementor-nav-menu__text-align-center elementor-nav-menu--dropdown-tablet elementor-nav-menu--toggle elementor-nav-menu--burger elementor-widget elementor-widget-global elementor-global-4259 elementor-widget-nav-menu\" data-id=\"2e8e7b6\" data-element_type=\"widget\" data-settings=\"{&quot;layout&quot;:&quot;vertical&quot;,&quot;submenu_icon&quot;:{&quot;value&quot;:&quot;fas fa-caret-down&quot;,&quot;library&quot;:&quot;fa-solid&quot;},&quot;toggle&quot;:&quot;burger&quot;}\" data-widget_type=\"nav-menu.default\">\n\t\t\t\t<div class=\"elementor-widget-container\">\n\t\t\t\t\t\t\t\t<nav aria-label=\"Men\u00fc\" class=\"elementor-nav-menu--main elementor-nav-menu__container elementor-nav-menu--layout-vertical e--pointer-background e--animation-fade\">\n\t\t\t\t<ul id=\"menu-1-2e8e7b6\" class=\"elementor-nav-menu sm-vertical\"><li class=\"menu-item menu-item-type-post_type menu-item-object-page menu-item-4237\"><a href=\"https:\/\/amnromania.ro\/hu\/tevekenyseg\/ayurveda-tanfolyamok\/\" class=\"elementor-item\">Ayurveda tanfolyamok<\/a><\/li>\n<li class=\"menu-item menu-item-type-post_type menu-item-object-page menu-item-4234\"><a href=\"https:\/\/amnromania.ro\/hu\/tevekenyseg\/ayurveda-versenyek\/\" class=\"elementor-item\">Ayurveda versenyek<\/a><\/li>\n<li class=\"menu-item menu-item-type-post_type menu-item-object-page menu-item-4235\"><a href=\"https:\/\/amnromania.ro\/hu\/tevekenyseg\/ayurveda-konferencia\/\" class=\"elementor-item\">Ayurveda konferenci\u00e1k<\/a><\/li>\n<li class=\"menu-item menu-item-type-post_type menu-item-object-page menu-item-4236\"><a href=\"https:\/\/amnromania.ro\/hu\/tevekenyseg\/ayurveda-kongresszus\/\" class=\"elementor-item\">Ayurveda kongresszus<\/a><\/li>\n<li class=\"menu-item menu-item-type-post_type menu-item-object-page menu-item-5535\"><a href=\"https:\/\/amnromania.ro\/hu\/tevekenyseg\/ayurveda-taborok\/\" class=\"elementor-item\">Ayurveda t\u00e1borok<\/a><\/li>\n<\/ul>\t\t\t<\/nav>\n\t\t\t\t\t<div class=\"elementor-menu-toggle\" role=\"button\" tabindex=\"0\" aria-label=\"Toggle men\u00fc\" aria-expanded=\"false\">\n\t\t\t<i aria-hidden=\"true\" role=\"presentation\" class=\"elementor-menu-toggle__icon--open eicon-menu-bar\"><\/i><i aria-hidden=\"true\" role=\"presentation\" class=\"elementor-menu-toggle__icon--close eicon-close\"><\/i>\t\t<\/div>\n\t\t\t\t\t<nav class=\"elementor-nav-menu--dropdown elementor-nav-menu__container\" aria-hidden=\"true\">\n\t\t\t\t<ul id=\"menu-2-2e8e7b6\" class=\"elementor-nav-menu sm-vertical\"><li class=\"menu-item menu-item-type-post_type menu-item-object-page menu-item-4237\"><a href=\"https:\/\/amnromania.ro\/hu\/tevekenyseg\/ayurveda-tanfolyamok\/\" class=\"elementor-item\" tabindex=\"-1\">Ayurveda tanfolyamok<\/a><\/li>\n<li class=\"menu-item menu-item-type-post_type menu-item-object-page menu-item-4234\"><a href=\"https:\/\/amnromania.ro\/hu\/tevekenyseg\/ayurveda-versenyek\/\" class=\"elementor-item\" tabindex=\"-1\">Ayurveda versenyek<\/a><\/li>\n<li class=\"menu-item menu-item-type-post_type menu-item-object-page menu-item-4235\"><a href=\"https:\/\/amnromania.ro\/hu\/tevekenyseg\/ayurveda-konferencia\/\" class=\"elementor-item\" tabindex=\"-1\">Ayurveda konferenci\u00e1k<\/a><\/li>\n<li class=\"menu-item menu-item-type-post_type menu-item-object-page menu-item-4236\"><a href=\"https:\/\/amnromania.ro\/hu\/tevekenyseg\/ayurveda-kongresszus\/\" class=\"elementor-item\" tabindex=\"-1\">Ayurveda kongresszus<\/a><\/li>\n<li class=\"menu-item menu-item-type-post_type menu-item-object-page menu-item-5535\"><a href=\"https:\/\/amnromania.ro\/hu\/tevekenyseg\/ayurveda-taborok\/\" class=\"elementor-item\" tabindex=\"-1\">Ayurveda t\u00e1borok<\/a><\/li>\n<\/ul>\t\t\t<\/nav>\n\t\t\t\t\t\t<\/div>\n\t\t\t\t<\/div>\n\t\t\t\t\t<\/div>\n\t\t<\/div>\n\t\t\t\t<div class=\"elementor-column elementor-col-50 elementor-top-column elementor-element elementor-element-bc16892\" data-id=\"bc16892\" data-element_type=\"column\">\n\t\t\t<div class=\"elementor-widget-wrap elementor-element-populated\">\n\t\t\t\t\t\t<div class=\"elementor-element elementor-element-bafad35 elementor-widget elementor-widget-text-editor\" data-id=\"bafad35\" data-element_type=\"widget\" data-widget_type=\"text-editor.default\">\n\t\t\t\t<div class=\"elementor-widget-container\">\n\t\t\t\t\t\t\t\t\t<h1 style=\"text-align: center;\"><span style=\"color: #ffcc00;\"><strong><span class=\"C-20\">Tabara Ayurveda 2014<\/span><\/strong><\/span><\/h1><p>\u00a0<\/p><p style=\"text-align: center;\">Az Ayurveda t\u00e1bor t\u00e9m\u00e1ja a k\u00f6vetkez\u0151:<strong>\u00a0<\/strong><\/p><p style=\"text-align: center;\"><strong>\"Az ember komplex regener\u00e1l\u00f3d\u00e1s\u00e1nak \u00e1llapota, amely a j\u00f3t\u00e9kony bels\u0151 \u00e1llapotok \u00e1lland\u00f3 \u00e9s m\u00e9ly megtapasztal\u00e1s\u00e1b\u00f3l ered\".<\/strong><\/p><p>\u00a0<\/p><p><img fetchpriority=\"high\" decoding=\"async\" class=\"size-medium wp-image-5696 alignleft\" src=\"https:\/\/amnromania.ro\/wp-content\/uploads\/2020\/11\/P1060013-300x225.jpg\" alt=\"\" width=\"300\" height=\"225\" srcset=\"https:\/\/amnromania.ro\/wp-content\/uploads\/2020\/11\/P1060013-300x225.jpg 300w, https:\/\/amnromania.ro\/wp-content\/uploads\/2020\/11\/P1060013-1024x768.jpg 1024w, https:\/\/amnromania.ro\/wp-content\/uploads\/2020\/11\/P1060013-768x576.jpg 768w, https:\/\/amnromania.ro\/wp-content\/uploads\/2020\/11\/P1060013-1536x1152.jpg 1536w, https:\/\/amnromania.ro\/wp-content\/uploads\/2020\/11\/P1060013-2048x1536.jpg 2048w\" sizes=\"(max-width: 300px) 100vw, 300px\" \/>\u00d6tven spiritu\u00e1lis p\u00e9ldamutat\u00e1s szerepel az Ayurveda-t\u00e1bor programj\u00e1ban. Az 50 medit\u00e1ci\u00f3b\u00f3l 24 el\u0151tt bizonyos j\u00f3t\u00e9kony, gy\u00f3gy\u00edt\u00f3 tulajdons\u00e1gokkal rendelkez\u0151 gy\u00f3gyn\u00f6v\u00e9nyek ker\u00fclnek bemutat\u00e1sra. Minden napi medit\u00e1ci\u00f3s program elej\u00e9n lesz egy medit\u00e1ci\u00f3, amelynek t\u00e9m\u00e1ja az ayurv\u00e9da t\u00e1borok k\u00f6z\u00f6tt el\u0151sz\u00f6r fordul el\u0151. A d\u00e9lel\u0151tti program medit\u00e1ci\u00f3i 11.00 \u00f3rakor kezd\u0151dnek \u00e9s 13.00 \u00f3rakor \u00e9rnek v\u00e9get. Az esti medit\u00e1ci\u00f3k 19.30-kor kezd\u0151dnek \u00e9s 21.30-kor \u00e9rnek v\u00e9get. A d\u00e9lut\u00e1ni \u00f3r\u00e1kba minden nap be van \u00e9p\u00edtve egy spiritu\u00e1lis k\u00f6z\u00f6ss\u00e9gi medit\u00e1ci\u00f3 az ayurv\u00e9dikus b\u00f6lcsekkel. Az esti \u00f3r\u00e1kban az Ayurveda ezoterikus tud\u00e1s hat egyetemes alapelvei k\u00f6z\u00fcl egy-egy p\u00e9ld\u00e1t integr\u00e1lnak a programba, amelyet a v\u00e9g\u00e9n egy \u00f6sszegz\u0151 medit\u00e1ci\u00f3 k\u00f6vet. J\u00falius 27-\u00e9n, vas\u00e1rnap az emberi l\u00e9ny regener\u00e1l\u00f3d\u00e1s\u00e1nak m\u00e9ly folyamataihoz kapcsol\u00f3d\u00f3 aspektusokr\u00f3l tartanak medit\u00e1ci\u00f3kat.<\/p><h2><strong><span style=\"color: #ffcc00;\">2014. j\u00falius 23.<\/span><\/strong><\/h2><p><strong>NYIT\u00d3PROGRAM<\/strong><\/p><p>19:00 - 19:15 Medit\u00e1ci\u00f3: az Ayurveda Spiritu\u00e1lis T\u00e1borban elv\u00e9gzett j\u00f3t\u00e9kony cselekedeteink gy\u00fcm\u00f6lcs\u00e9nek teljes \u00e9s felt\u00e9tel n\u00e9lk\u00fcli \u00e1tad\u00e1sa az Atya Istennek.<br \/>19:30 - 20:00 Medit\u00e1ci\u00f3: az Ayurveda Camp 2014 finom g\u00f6mb spiritu\u00e1lis mezej\u00e9nek megnyilv\u00e1nul\u00e1sa.<br \/>20:15 - 20:45 Medit\u00e1ci\u00f3: A vezet\u0151 spiritu\u00e1lis megnyilv\u00e1nul\u00e1s bels\u0151 h\u00edv\u00e1sa \u00e9s a spiritu\u00e1lis vezet\u0151 szubtilis-telepatikus t\u00e1mogat\u00e1sa.<br \/>21:00 - 21:30 Medit\u00e1ci\u00f3: Az Atyaisten isteni ihlet\u00e9s\u0171 megnyilv\u00e1nul\u00e1s\u00e1nak intenz\u00edv, buzg\u00f3 \u00e9s k\u00e9ts\u00e9gbeesetten t\u00f6rekv\u0151 megid\u00e9z\u00e9se.<\/p><h2><span style=\"color: #ffcc00;\"><strong>2014. j\u00falius 24.<\/strong><\/span><\/h2><p><strong>REGGELI PROGRAM<\/strong><\/p><p>11:00 - 11:30 Spiritu\u00e1lis p\u00e9ldamutat\u00e1s: az Istent\u0151l sz\u00e1rmaz\u00f3 szeretet titokzatos, mindent \u00e1tfog\u00f3, mindent fel\u00f6lel\u0151 energi\u00e1ja.<br \/>11:45 - 12:15 Spiritu\u00e1lis p\u00e9lda: a felt\u00e9tel n\u00e9lk\u00fcli szeretet kimondhatatlan \u00e1llapota, amely a l\u00e9lek \u00e9bred\u00e9s\u00e9hez vezet.<br \/>12:30 - 13:00 Spiritu\u00e1lis p\u00e9ldamutat\u00e1s: a Brahm\u00e1val, Isten aspektus\u00e1val, mint az Univerzum Teremt\u0151j\u00e9vel val\u00f3 m\u00e9ly spiritu\u00e1lis k\u00f6z\u00f6ss\u00e9g \u00e1llapota.<\/p><p><strong>ESTI PROGRAM<\/strong><\/p><p>19:30 - 20:00 Spiritu\u00e1lis p\u00e9ldamutat\u00e1s: az euf\u00f3rikus szeretetteljes dinamizmus magasztos \u00e1llapota<br \/>20:15 - 20:45 Spiritu\u00e1lis p\u00e9lda: az energetikai teljess\u00e9g \u00e1llapota a vishuddha csakra szintj\u00e9n, amely lehet\u0151v\u00e9 teszi az id\u0151beli ford\u00edt\u00e1si jelens\u00e9gek megjelen\u00e9s\u00e9t.<br \/>21:00 - 21:30 Spiritu\u00e1lis p\u00e9ldamutat\u00e1s: az Atyaisten intuit\u00edv vezet\u00e9s\u00e9vel a hasonl\u00f3s\u00e1g egyetemes elv\u00e9nek (Samanya-Padartha) misztikus val\u00f3s\u00e1g\u00e1nak kinyilatkoztat\u00e1sa, vagy m\u00e1s sz\u00f3val az okkult rezonancia t\u00f6rv\u00e9nye.<\/p><h2><strong><span style=\"color: #ffcc00;\">2014. j\u00falius 25.<\/span><\/strong><\/h2><p><strong>REGGELI PROGRAM<\/strong><\/p><p>11:00 - 11:30 Spiritu\u00e1lis p\u00e9ldamutat\u00e1s: az isteni szeretet m\u00e9lyen meg\u00faj\u00edt\u00f3 okkult ereje<br \/>11:45 - 12:15 Spiritu\u00e1lis p\u00e9lda: a szeretet \u00e1llapota, amelyet egyszerre t\u00f6bb asztr\u00e1lis dimenzi\u00f3ban is megtapasztalhatunk.<br \/>12:30 - 13:00 Spiritu\u00e1lis p\u00e9ldamutat\u00e1s: a Daks\u00e1val, Brahm\u00e1 isteni hiposzt\u00e1zis\u00e1val val\u00f3 m\u00e9ly lelki k\u00f6z\u00f6ss\u00e9g \u00e1llapota, amelyen kereszt\u00fcl az \u0150 teremt\u0151 sz\u00e1nd\u00e9ka az Isteni Megnyilv\u00e1nul\u00e1sban megnyilv\u00e1nul.<\/p><p><strong>ESTI PROGRAM<\/strong><\/p><p>19:30 - 20:00 Spiritu\u00e1lis p\u00e9ldamutat\u00e1s: a spiritu\u00e1lis tud\u00e1s elm\u00e9ly\u00edt\u00e9s\u00e9nek folyamatos \u00e9s alapos \u00e1llapota.<br \/>20:15 - 20:45 Spiritu\u00e1lis p\u00e9ldamutat\u00e1s: a szabads\u00e1g magasztos \u00e1llapota, amely az egy\u00e9nis\u00e9g meghalad\u00e1s\u00e1b\u00f3l fakad.<br \/>21:00 - 21:30 Spiritu\u00e1lis p\u00e9ldamutat\u00e1s: az Atyaisten intuit\u00edv vezet\u00e9s\u00e9vel a finomrezg\u00e9ses megnyilv\u00e1nul\u00e1sok differenci\u00e1l\u00f3d\u00e1s\u00e1nak egyetemes elv\u00e9nek misztikus val\u00f3s\u00e1g\u00e1nak kinyilatkoztat\u00e1sa (Vishesha-Padartha).<\/p><h2><strong><span style=\"color: #ffcc00;\">2014. j\u00falius 26.<\/span><\/strong><\/h2><p><strong>REGGELI PROGRAM<\/strong><\/p><p>11:00 - 11:30 Lelki p\u00e9ldamutat\u00e1s: al\u00e1zatos \u00e9s lelkileg t\u00f6rekv\u0151 k\u00f6ny\u00f6rg\u00e9s Isten megbocs\u00e1t\u00e1s\u00e1ra<br \/>11:45 - 12:15 Spiritu\u00e1lis p\u00e9ldamutat\u00e1s: az emelkedett szellemi befogad\u00f3k\u00e9pess\u00e9g csendes \u00e9s terhes \u00e1llapota.<br \/>12:30 - 13:00 Spiritu\u00e1lis p\u00e9ldamutat\u00e1s: a k\u00e9t Ashvinnel, minden Ayurv\u00e9dikus gyakorl\u00f3 isteni inspir\u00e1tor\u00e1val val\u00f3 m\u00e9ly spiritu\u00e1lis k\u00f6z\u00f6ss\u00e9g \u00e1llapota, tele odaad\u00e1ssal \u00e9s spiritu\u00e1lis t\u00f6rekv\u00e9ssel.<\/p><p><strong>ESTI PROGRAM<\/strong><\/p><p>19:30 - 20:00 Spiritu\u00e1lis p\u00e9ldamutat\u00e1s: az \u00e1tl\u00e9nyeg\u00fcl\u0151 erotika magasztos, titokzatos \u00e1llapota<br \/>20:15 - 20:45 Spiritu\u00e1lis p\u00e9lda: a vishuddha csakra szintj\u00e9n megtapasztalt orgazmus magasztos \u00e1llapota.<br \/>21:00 - 21:30 Spiritu\u00e1lis p\u00e9ldamutat\u00e1s: a szubsztancialit\u00e1s egyetemes princ\u00edpium\u00e1nak misztikus val\u00f3s\u00e1g\u00e1nak kinyilatkoztat\u00e1sa az Atyaisten intuit\u00edv vezet\u00e9s\u00e9vel (Dravya-Padartha).<\/p><h2><span style=\"color: #ffcc00;\"><strong>2014. j\u00falius 27.<\/strong><\/span><\/h2><p><strong>REGGELI PROGRAM<\/strong><\/p><p>11:00 - 11:30 Spiritu\u00e1lis p\u00e9ldamutat\u00e1s: a testi regener\u00e1l\u00f3d\u00e1s paranorm\u00e1lis finom-energetikai folyamat\u00e1nak tudatos\u00edt\u00e1sa a sejtek szintj\u00e9n, amelyet a finom makrokozmikus orgazmikus energi\u00e1val val\u00f3 okkult rezonancia kimondhatatlan \u00e1llapot\u00e1ba val\u00f3 bel\u00e9p\u00e9s r\u00e9v\u00e9n \u00e9r\u00fcnk el.<br \/><img decoding=\"async\" class=\"size-medium wp-image-5700 alignleft\" src=\"https:\/\/amnromania.ro\/wp-content\/uploads\/2020\/11\/lord-indradev-300x175.jpg\" alt=\"\" width=\"300\" height=\"175\" srcset=\"https:\/\/amnromania.ro\/wp-content\/uploads\/2020\/11\/lord-indradev-300x175.jpg 300w, https:\/\/amnromania.ro\/wp-content\/uploads\/2020\/11\/lord-indradev-1024x596.jpg 1024w, https:\/\/amnromania.ro\/wp-content\/uploads\/2020\/11\/lord-indradev-768x447.jpg 768w, https:\/\/amnromania.ro\/wp-content\/uploads\/2020\/11\/lord-indradev.jpg 1200w\" sizes=\"(max-width: 300px) 100vw, 300px\" \/>11:45 - 12:15 Spiritu\u00e1lis p\u00e9ldamutat\u00e1s: az Atya Isten kegyelme \u00e1ltal az isteni integr\u00e1ci\u00f3 spiritu\u00e1lis \u00e1llapot\u00e1nak felt\u00e1r\u00e1sa, amely sz\u00fcks\u00e9ges a hossz\u00fa \u00e9let potenci\u00e1lj\u00e1nak regener\u00e1l\u00e1s\u00e1ra ir\u00e1nyul\u00f3 ayurv\u00e9dikus elj\u00e1r\u00e1sok (rasayana) sikeres megval\u00f3s\u00edt\u00e1s\u00e1hoz.<br \/>12:30 - 13:00 Spiritu\u00e1lis p\u00e9ldamutat\u00e1s: a Nagy Indra Istennel val\u00f3 m\u00e9ly spiritu\u00e1lis k\u00f6z\u00f6ss\u00e9g \u00e1llapota, aki a spiritu\u00e1lis \u00fat minden tan\u00edtv\u00e1ny\u00e1nak isteni v\u00e9delmez\u0151jek\u00e9nt elk\u00f6telezve mag\u00e1t, felt\u00e1rta az embereknek az \u00e9let tudom\u00e1ny\u00e1nak - az Ayurv\u00e9d\u00e1nak - n\u00e9h\u00e1ny alapvet\u0151 aspektus\u00e1t.<\/p><p><strong>ESTI PROGRAM<\/strong><\/p><p>19:30 - 20:00 Spiritu\u00e1lis p\u00e9lda: a fotonikus \u00f6v r\u00e9szecsk\u00e9inek saj\u00e1tos szubtilis-energetikai mezej\u00e9nek harmonikus modul\u00e1ci\u00f3ja \u00e1ltal a l\u00e9nyben l\u00e9trehozott szubtilis-energetikai gy\u00f3gyul\u00e1s sz\u00e9lesk\u00f6r\u0171 folyamat\u00e1nak tudatos\u00edt\u00e1sa a bels\u0151 univerzumban.<br \/>20:15 - 20:45 Spiritu\u00e1lis p\u00e9lda: egy finom-energetikai gy\u00f3gyul\u00e1si folyamat tudatos\u00edt\u00e1sa a bels\u0151 univerzumban, amely az id\u0151 r\u00e9szecsk\u00e9k - krononok - saj\u00e1tos finom energi\u00e1j\u00e1val val\u00f3 okkult rezonancia kimondhatatlan \u00e1llapot\u00e1nak a l\u00e9nyben val\u00f3 kiv\u00e1lt\u00e1s\u00e1b\u00f3l ered.<br \/>21:00 - 21:30 Spiritu\u00e1lis p\u00e9ldamutat\u00e1s: az Atyaisten intuit\u00edv vezet\u00e9s\u00e9vel a min\u0151s\u00e9gi rendez\u00e9s egyetemes misztikus elv\u00e9nek (Guna-Padartha) val\u00f3s\u00e1g\u00e1nak felt\u00e1r\u00e1sa.<\/p><h2><strong><span style=\"color: #ffcc00;\">2014. j\u00falius 28.<\/span><\/strong><\/h2><p><strong>REGGELI PROGRAM<\/strong><\/p><p>11:00 - 11:30 Lelki p\u00e9ldamutat\u00e1s: a tisztas\u00e1g kimondhatatlan \u00e1llapot\u00e1nak m\u00e9lys\u00e9gesen regener\u00e1l\u00f3 ereje<br \/>11:45 - 12:15 Spiritu\u00e1lis p\u00e9ldamutat\u00e1s; A v\u00e9gtelen kozmikus szeretet misztikus \u00e1llapota<br \/>12:30 - 13:00 Spiritu\u00e1lis p\u00e9ldamutat\u00e1s: a m\u00e9ly spiritu\u00e1lis k\u00f6z\u00f6ss\u00e9g \u00e1llapota Bharadvaj\u00e1val, a b\u00f6lcs j\u00f3gival, aki a Nagy Isten, Indra \u00e1ltal adott kiv\u00e9teles beavat\u00e1s r\u00e9v\u00e9n elsaj\u00e1t\u00edtotta az \u00c9let Tudom\u00e1ny\u00e1t (Ayurveda).<\/p><p><strong>ESTI PROGRAM<\/strong><\/p><p>19:30 - 20:00 Spiritu\u00e1lis p\u00e9lda: a hat\u00e9konys\u00e1g modell\u00e1llapota a gyakorlatban<br \/>20:15 - 20:45 Spiritu\u00e1lis p\u00e9lda: az \u00f6nbizalom \u00e1llapota, amelyet a manipura csakra harmonikus energetiz\u00e1l\u00e1sa hoz l\u00e9tre.<br \/>21:00 - 21:30 Spiritu\u00e1lis p\u00e9ldamutat\u00e1s: az Atyaisten intuit\u00edv vezet\u00e9s\u00e9vel a cselekv\u00e9s egyetemes elv\u00e9nek (K\u00e1rman-Padartha) misztikus val\u00f3s\u00e1g\u00e1nak felt\u00e1r\u00e1sa.<\/p><h2><span style=\"color: #ffcc00;\"><strong>2014. j\u00falius 29.<\/strong><\/span><\/h2><p><strong>REGGELI PROGRAM<\/strong><\/p><p>11:00 - 11:30 Spiritu\u00e1lis p\u00e9lda: Az optimizmus diadalmas \u00e1llapota<br \/>11:45 - 12:15 Spiritu\u00e1lis p\u00e9ldamutat\u00e1s: Az istenien integr\u00e1lt koordin\u00e1ci\u00f3 magasabb szint\u0171 k\u00e9pess\u00e9g\u00e9nek fel\u00e9breszt\u00e9se<br \/>12:30 - 13:00 Spiritu\u00e1lis p\u00e9ldamutat\u00e1s: a m\u00e9ly spiritu\u00e1lis k\u00f6z\u00f6ss\u00e9g \u00e1llapota a b\u00f6lcs Atrej\u00e1val, aki az \u00e9let tudom\u00e1ny\u00e1t (Ayurveda) az emberek sz\u00e1m\u00e1ra t\u00f6k\u00e9letesen hozz\u00e1f\u00e9rhet\u0151 form\u00e1ban fejtette ki.<\/p><p><strong>ESTI PROGRAM<\/strong><\/p><p>19:30 - 20:00 Spiritu\u00e1lis p\u00e9ldamutat\u00e1s: a szuprament\u00e1lis energetiz\u00e1ci\u00f3 spiritu\u00e1lis \u00e1llapota, amely a tiszt\u00e1nl\u00e1t\u00e1s fel\u00e9breszt\u00e9s\u00e9hez vezet.<br \/>20:15 - 20:45 Spiritu\u00e1lis p\u00e9ldamutat\u00e1s: a kauz\u00e1lis szf\u00e9r\u00e1ban megnyilv\u00e1nul\u00f3 isteni kreativit\u00e1s \u00e1llapota.<br \/>21:00 - 21:30 Spiritu\u00e1lis p\u00e9ldamutat\u00e1s: az elv\u00e1laszthatatlan egyidej\u0171s\u00e9g egyetemes elv\u00e9nek misztikus val\u00f3s\u00e1g\u00e1nak kinyilatkoztat\u00e1sa az Atyaisten intuit\u00edv vezet\u00e9s\u00e9vel (Samavaya-Padartha).<\/p><h2><strong><span style=\"color: #ffcc00;\">2014. j\u00falius 30.<\/span><\/strong><\/h2><p><strong>REGGELI PROGRAM<\/strong><\/p><p>11:00 - 11:30 Spiritu\u00e1lis p\u00e9ldamutat\u00e1s: a l\u00e9ny m\u00e9ly regener\u00e1l\u00f3d\u00e1s\u00e1nak \u00e1llapota, amely az alapvet\u0151 energia, a Kundalini Shakti fel\u00e9bred\u00e9se \u00e9s felemelked\u00e9se r\u00e9v\u00e9n j\u00f6n l\u00e9tre.<br \/>11:45 - 12:15 Lelki p\u00e9lda: a lelki megk\u00fcl\u00f6nb\u00f6ztet\u00e9s terhes \u00e9s m\u00e9ly \u00e1llapota<br \/>12:30 - 13:00 Spiritu\u00e1lis p\u00e9ldamutat\u00e1s: a Siv\u00e1val val\u00f3 m\u00e9ly spiritu\u00e1lis k\u00f6z\u00f6ss\u00e9g \u00e1llapota az Isteni Gy\u00f3gy\u00edt\u00f3 egym\u00e1s mell\u00e9 helyez\u00e9s\u00e9ben.<\/p><p><strong>ESTI PROGRAM<\/strong><\/p><p>19:30 - 20:00 Spiritu\u00e1lis p\u00e9ldamutat\u00e1s: az antianyag \u00e9s az antir\u00e9szecsk\u00e9k titokzatos val\u00f3s\u00e1ga<br \/>20:15 - 20:45 Spiritu\u00e1lis p\u00e9lda: Isten hat\u00e1rtalans\u00e1g\u00e1nak magasztos \u00e1llapota<br \/>21:00 - 21:30 Spiritu\u00e1lis p\u00e9ldamutat\u00e1s: az Atyaisten intuit\u00edv vezet\u00e9s\u00e9vel az Ayurveda ezoterikus tud\u00e1s hat egyetemes alapelv\u00e9nek (Shad-Padartha) szintetikus meg\u00e9rt\u00e9se.<\/p><h2><span style=\"color: #ffcc00;\"><strong>2014. j\u00falius 31.<\/strong><\/span><\/h2><p><strong>V\u00c9GLEGES PROGRAM<\/strong><\/p><p>10:00 - 10:20 Medit\u00e1ci\u00f3: a h\u00e1la \u00e1llapota az Atya Istennek az isteni kegyelem\u00e9rt, amit ebben az Ayurveda t\u00e1borban kaptunk.<br \/>10:30 - 10:50 Medit\u00e1ci\u00f3: H\u00e1laad\u00e1s a Spiritu\u00e1lis Vezet\u0151nek a finom spiritu\u00e1lis t\u00e1mogat\u00e1s\u00e9rt, amit ebben az Ayurveda T\u00e1borban kaptunk.<br \/>11:00 - 11:30 Medit\u00e1ci\u00f3: az Atya Istennel val\u00f3 m\u00e9ly lelki k\u00f6z\u00f6ss\u00e9g \u00e1llapota.<br \/>11:40 - 12:00 Medit\u00e1ci\u00f3: A finom szf\u00e9rikus spiritu\u00e1lis mez\u0151 fokozatos felsz\u00edv\u00f3d\u00e1sa Ayurveda T\u00e1bor 2014<\/p>\t\t\t\t\t\t\t\t<\/div>\n\t\t\t\t<\/div>\n\t\t\t\t\t<\/div>\n\t\t<\/div>\n\t\t\t\t\t<\/div>\n\t\t<\/section>\n\t\t\t\t<\/div>","protected":false},"excerpt":{"rendered":"<p>Ayurveda Camp 2014 Az Ayurveda Camp t\u00e9m\u00e1ja: \"Az emberi l\u00e9ny komplex regener\u00e1l\u00f3d\u00e1s\u00e1nak \u00e1llapota, amely a j\u00f3t\u00e9kony bels\u0151 \u00e1llapotok \u00e1lland\u00f3 \u00e9s m\u00e9ly megtapasztal\u00e1s\u00e1b\u00f3l ered\".   \u00d6tven spiritu\u00e1lis p\u00e9lda ker\u00fclt be ennek az Ayurveda T\u00e1bornak a programj\u00e1ba. Az 50-b\u0151l 24 megval\u00f3s\u00edt\u00e1sa el\u0151tt [...]<\/p>","protected":false},"author":1,"featured_media":0,"parent":3532,"menu_order":0,"comment_status":"closed","ping_status":"closed","template":"","meta":{"_mi_skip_tracking":false,"_analytify_skip_tracking":false,"footnotes":""},"class_list":["post-5171","page","type-page","status-publish","hentry"],"aioseo_notices":[],"aioseo_head":"\n\t\t<!-- All in One SEO Pro 4.7.0 - aioseo.com -->\n\t\t<meta name=\"description\" content=\"Taberele de Ayurveda asigur\u0103 celor care studiaz\u0103 Ayurveda \u00een decursul unui an de curs de Ayurveda oportunitatea de a-\u015fi \u00eemp\u0103rt\u0103\u015fi unii altora cuno\u015ftin\u0163ele dob\u00e2ndite \u015fi mai ales experien\u0163ele spirituale avute \u015fi care sunt conexe cu subiectele abordate \u00een program.\" \/>\n\t\t<meta name=\"robots\" content=\"max-image-preview:large\" \/>\n\t\t<meta name=\"google-site-verification\" content=\"G-391X30D2FS\" \/>\n\t\t<link rel=\"canonical\" href=\"https:\/\/amnromania.ro\/hu\/tevekenyseg\/ayurveda-taborok\/tabara-de-ayurveda-2014\/\" \/>\n\t\t<meta name=\"generator\" content=\"All in One SEO Pro (AIOSEO) 4.7.0\" \/>\n\t\t<meta property=\"og:locale\" content=\"hu_HU\" \/>\n\t\t<meta property=\"og:site_name\" content=\"AMN Ayurveda ROM\u00c2NIA | Asociatia Nationala pentru Promovarea Medicinelor Neconventionale\" \/>\n\t\t<meta property=\"og:type\" content=\"article\" \/>\n\t\t<meta property=\"og:title\" content=\"Tabara de Ayurveda 2014 | AMN Ayurveda ROM\u00c2NIA\" \/>\n\t\t<meta property=\"og:description\" content=\"Taberele de Ayurveda asigur\u0103 celor care studiaz\u0103 Ayurveda \u00een decursul unui an de curs de Ayurveda oportunitatea de a-\u015fi \u00eemp\u0103rt\u0103\u015fi unii altora cuno\u015ftin\u0163ele dob\u00e2ndite \u015fi mai ales experien\u0163ele spirituale avute \u015fi care sunt conexe cu subiectele abordate \u00een program.\" \/>\n\t\t<meta property=\"og:url\" content=\"https:\/\/amnromania.ro\/hu\/tevekenyseg\/ayurveda-taborok\/tabara-de-ayurveda-2014\/\" \/>\n\t\t<meta property=\"og:image\" content=\"https:\/\/amnromania.ro\/ynorsyju\/2021\/06\/Ayurveda-in-Romania-Vol.-2-Ro.jpg\" \/>\n\t\t<meta property=\"og:image:secure_url\" content=\"https:\/\/amnromania.ro\/ynorsyju\/2021\/06\/Ayurveda-in-Romania-Vol.-2-Ro.jpg\" \/>\n\t\t<meta property=\"article:published_time\" content=\"2020-11-09T17:21:08+00:00\" \/>\n\t\t<meta property=\"article:modified_time\" content=\"2020-11-10T13:44:58+00:00\" \/>\n\t\t<meta property=\"article:publisher\" content=\"https:\/\/www.facebook.com\/AMNRomania\" \/>\n\t\t<script type=\"application\/ld+json\" class=\"aioseo-schema\">\n\t\t\t{\"@context\":\"https:\\\/\\\/schema.org\",\"@graph\":[{\"@type\":\"BreadcrumbList\",\"@id\":\"https:\\\/\\\/amnromania.ro\\\/hu\\\/tevekenyseg\\\/ayurveda-taborok\\\/tabara-de-ayurveda-2014\\\/#breadcrumblist\",\"itemListElement\":[{\"@type\":\"ListItem\",\"@id\":\"https:\\\/\\\/amnromania.ro\\\/hu\\\/#listItem\",\"position\":1,\"name\":\"Home\",\"item\":\"https:\\\/\\\/amnromania.ro\\\/hu\\\/\",\"nextItem\":\"https:\\\/\\\/amnromania.ro\\\/hu\\\/tevekenyseg\\\/#listItem\"},{\"@type\":\"ListItem\",\"@id\":\"https:\\\/\\\/amnromania.ro\\\/hu\\\/tevekenyseg\\\/#listItem\",\"position\":2,\"name\":\"Activitate\",\"item\":\"https:\\\/\\\/amnromania.ro\\\/hu\\\/tevekenyseg\\\/\",\"nextItem\":\"https:\\\/\\\/amnromania.ro\\\/hu\\\/tevekenyseg\\\/ayurveda-taborok\\\/#listItem\",\"previousItem\":\"https:\\\/\\\/amnromania.ro\\\/hu\\\/#listItem\"},{\"@type\":\"ListItem\",\"@id\":\"https:\\\/\\\/amnromania.ro\\\/hu\\\/tevekenyseg\\\/ayurveda-taborok\\\/#listItem\",\"position\":3,\"name\":\"Tabere de Ayurveda\",\"item\":\"https:\\\/\\\/amnromania.ro\\\/hu\\\/tevekenyseg\\\/ayurveda-taborok\\\/\",\"nextItem\":\"https:\\\/\\\/amnromania.ro\\\/hu\\\/tevekenyseg\\\/ayurveda-taborok\\\/tabara-de-ayurveda-2014\\\/#listItem\",\"previousItem\":\"https:\\\/\\\/amnromania.ro\\\/hu\\\/tevekenyseg\\\/#listItem\"},{\"@type\":\"ListItem\",\"@id\":\"https:\\\/\\\/amnromania.ro\\\/hu\\\/tevekenyseg\\\/ayurveda-taborok\\\/tabara-de-ayurveda-2014\\\/#listItem\",\"position\":4,\"name\":\"Tabara de Ayurveda 2014\",\"previousItem\":\"https:\\\/\\\/amnromania.ro\\\/hu\\\/tevekenyseg\\\/ayurveda-taborok\\\/#listItem\"}]},{\"@type\":\"Organization\",\"@id\":\"https:\\\/\\\/amnromania.ro\\\/hu\\\/#organization\",\"name\":\"AMN Ayurveda Romania\",\"url\":\"https:\\\/\\\/amnromania.ro\\\/hu\\\/\",\"logo\":{\"@type\":\"ImageObject\",\"url\":\"https:\\\/\\\/amnromania.ro\\\/ynorsyju\\\/2020\\\/10\\\/amn.png\",\"@id\":\"https:\\\/\\\/amnromania.ro\\\/hu\\\/tevekenyseg\\\/ayurveda-taborok\\\/tabara-de-ayurveda-2014\\\/#organizationLogo\"},\"image\":{\"@id\":\"https:\\\/\\\/amnromania.ro\\\/hu\\\/tevekenyseg\\\/ayurveda-taborok\\\/tabara-de-ayurveda-2014\\\/#organizationLogo\"},\"sameAs\":[\"https:\\\/\\\/www.facebook.com\\\/AMNRomania\",\"https:\\\/\\\/www.youtube.com\\\/channel\\\/UClfqKxiq_uZ11rthDIT3-BQ\\\/videos\"]},{\"@type\":\"WebPage\",\"@id\":\"https:\\\/\\\/amnromania.ro\\\/hu\\\/tevekenyseg\\\/ayurveda-taborok\\\/tabara-de-ayurveda-2014\\\/#webpage\",\"url\":\"https:\\\/\\\/amnromania.ro\\\/hu\\\/tevekenyseg\\\/ayurveda-taborok\\\/tabara-de-ayurveda-2014\\\/\",\"name\":\"Tabara de Ayurveda 2014 | AMN Ayurveda ROM\\u00c2NIA\",\"description\":\"Taberele de Ayurveda asigur\\u0103 celor care studiaz\\u0103 Ayurveda \\u00een decursul unui an de curs de Ayurveda oportunitatea de a-\\u015fi \\u00eemp\\u0103rt\\u0103\\u015fi unii altora cuno\\u015ftin\\u0163ele dob\\u00e2ndite \\u015fi mai ales experien\\u0163ele spirituale avute \\u015fi care sunt conexe cu subiectele abordate \\u00een program.\",\"inLanguage\":\"hu-HU\",\"isPartOf\":{\"@id\":\"https:\\\/\\\/amnromania.ro\\\/hu\\\/#website\"},\"breadcrumb\":{\"@id\":\"https:\\\/\\\/amnromania.ro\\\/hu\\\/tevekenyseg\\\/ayurveda-taborok\\\/tabara-de-ayurveda-2014\\\/#breadcrumblist\"},\"datePublished\":\"2020-11-09T17:21:08+02:00\",\"dateModified\":\"2020-11-10T13:44:58+02:00\"},{\"@type\":\"WebSite\",\"@id\":\"https:\\\/\\\/amnromania.ro\\\/hu\\\/#website\",\"url\":\"https:\\\/\\\/amnromania.ro\\\/hu\\\/\",\"name\":\"AMN Ayurveda ROM\\u00c2NIA\",\"description\":\"Asociatia Nationala pentru Promovarea Medicinelor Neconventionale\",\"inLanguage\":\"hu-HU\",\"publisher\":{\"@id\":\"https:\\\/\\\/amnromania.ro\\\/hu\\\/#organization\"}}]}\n\t\t<\/script>\n\t\t<!-- All in One SEO Pro -->\r\n\t\t<title>Tabara de Ayurveda 2014 | AMN Ayurveda ROM\u00c2NIA<\/title>\n\n","aioseo_head_json":{"title":"Tabara de Ayurveda 2014 | AMN Ayurveda ROM\u00c2NIA","description":"Taberele de Ayurveda asigur\u0103 celor care studiaz\u0103 Ayurveda \u00een decursul unui an de curs de Ayurveda oportunitatea de a-\u015fi \u00eemp\u0103rt\u0103\u015fi unii altora cuno\u015ftin\u0163ele dob\u00e2ndite \u015fi mai ales experien\u0163ele spirituale avute \u015fi care sunt conexe cu subiectele abordate \u00een program.","canonical_url":"https:\/\/amnromania.ro\/hu\/tevekenyseg\/ayurveda-taborok\/tabara-de-ayurveda-2014\/","robots":"max-image-preview:large","keywords":"","webmasterTools":{"google-site-verification":"G-391X30D2FS","miscellaneous":""},"og:locale":"hu_HU","og:site_name":"AMN Ayurveda ROM\u00c2NIA | Asociatia Nationala pentru Promovarea Medicinelor Neconventionale","og:type":"article","og:title":"Tabara de Ayurveda 2014 | AMN Ayurveda ROM\u00c2NIA","og:description":"Taberele de Ayurveda asigur\u0103 celor care studiaz\u0103 Ayurveda \u00een decursul unui an de curs de Ayurveda oportunitatea de a-\u015fi \u00eemp\u0103rt\u0103\u015fi unii altora cuno\u015ftin\u0163ele dob\u00e2ndite \u015fi mai ales experien\u0163ele spirituale avute \u015fi care sunt conexe cu subiectele abordate \u00een program.","og:url":"https:\/\/amnromania.ro\/hu\/tevekenyseg\/ayurveda-taborok\/tabara-de-ayurveda-2014\/","og:image":"https:\/\/amnromania.ro\/ynorsyju\/2021\/06\/Ayurveda-in-Romania-Vol.-2-Ro.jpg","og:image:secure_url":"https:\/\/amnromania.ro\/ynorsyju\/2021\/06\/Ayurveda-in-Romania-Vol.-2-Ro.jpg","article:published_time":"2020-11-09T17:21:08+00:00","article:modified_time":"2020-11-10T13:44:58+00:00","article:publisher":"https:\/\/www.facebook.com\/AMNRomania","schema":{"@context":"https:\/\/schema.org","@graph":[{"@type":"BreadcrumbList","@id":"https:\/\/amnromania.ro\/hu\/tevekenyseg\/ayurveda-taborok\/tabara-de-ayurveda-2014\/#breadcrumblist","itemListElement":[{"@type":"ListItem","@id":"https:\/\/amnromania.ro\/hu\/#listItem","position":1,"name":"Home","item":"https:\/\/amnromania.ro\/hu\/","nextItem":"https:\/\/amnromania.ro\/hu\/tevekenyseg\/#listItem"},{"@type":"ListItem","@id":"https:\/\/amnromania.ro\/hu\/tevekenyseg\/#listItem","position":2,"name":"Activitate","item":"https:\/\/amnromania.ro\/hu\/tevekenyseg\/","nextItem":"https:\/\/amnromania.ro\/hu\/tevekenyseg\/ayurveda-taborok\/#listItem","previousItem":"https:\/\/amnromania.ro\/hu\/#listItem"},{"@type":"ListItem","@id":"https:\/\/amnromania.ro\/hu\/tevekenyseg\/ayurveda-taborok\/#listItem","position":3,"name":"Tabere de Ayurveda","item":"https:\/\/amnromania.ro\/hu\/tevekenyseg\/ayurveda-taborok\/","nextItem":"https:\/\/amnromania.ro\/hu\/tevekenyseg\/ayurveda-taborok\/tabara-de-ayurveda-2014\/#listItem","previousItem":"https:\/\/amnromania.ro\/hu\/tevekenyseg\/#listItem"},{"@type":"ListItem","@id":"https:\/\/amnromania.ro\/hu\/tevekenyseg\/ayurveda-taborok\/tabara-de-ayurveda-2014\/#listItem","position":4,"name":"Tabara de Ayurveda 2014","previousItem":"https:\/\/amnromania.ro\/hu\/tevekenyseg\/ayurveda-taborok\/#listItem"}]},{"@type":"Organization","@id":"https:\/\/amnromania.ro\/hu\/#organization","name":"AMN Ayurveda Romania","url":"https:\/\/amnromania.ro\/hu\/","logo":{"@type":"ImageObject","url":"https:\/\/amnromania.ro\/ynorsyju\/2020\/10\/amn.png","@id":"https:\/\/amnromania.ro\/hu\/tevekenyseg\/ayurveda-taborok\/tabara-de-ayurveda-2014\/#organizationLogo"},"image":{"@id":"https:\/\/amnromania.ro\/hu\/tevekenyseg\/ayurveda-taborok\/tabara-de-ayurveda-2014\/#organizationLogo"},"sameAs":["https:\/\/www.facebook.com\/AMNRomania","https:\/\/www.youtube.com\/channel\/UClfqKxiq_uZ11rthDIT3-BQ\/videos"]},{"@type":"WebPage","@id":"https:\/\/amnromania.ro\/hu\/tevekenyseg\/ayurveda-taborok\/tabara-de-ayurveda-2014\/#webpage","url":"https:\/\/amnromania.ro\/hu\/tevekenyseg\/ayurveda-taborok\/tabara-de-ayurveda-2014\/","name":"Tabara de Ayurveda 2014 | AMN Ayurveda ROM\u00c2NIA","description":"Taberele de Ayurveda asigur\u0103 celor care studiaz\u0103 Ayurveda \u00een decursul unui an de curs de Ayurveda oportunitatea de a-\u015fi \u00eemp\u0103rt\u0103\u015fi unii altora cuno\u015ftin\u0163ele dob\u00e2ndite \u015fi mai ales experien\u0163ele spirituale avute \u015fi care sunt conexe cu subiectele abordate \u00een program.","inLanguage":"hu-HU","isPartOf":{"@id":"https:\/\/amnromania.ro\/hu\/#website"},"breadcrumb":{"@id":"https:\/\/amnromania.ro\/hu\/tevekenyseg\/ayurveda-taborok\/tabara-de-ayurveda-2014\/#breadcrumblist"},"datePublished":"2020-11-09T17:21:08+02:00","dateModified":"2020-11-10T13:44:58+02:00"},{"@type":"WebSite","@id":"https:\/\/amnromania.ro\/hu\/#website","url":"https:\/\/amnromania.ro\/hu\/","name":"AMN Ayurveda ROM\u00c2NIA","description":"Asociatia Nationala pentru Promovarea Medicinelor Neconventionale","inLanguage":"hu-HU","publisher":{"@id":"https:\/\/amnromania.ro\/hu\/#organization"}}]}},"aioseo_meta_data":{"post_id":"5171","title":null,"description":"Taberele de Ayurveda asigur\u0103 celor care studiaz\u0103 Ayurveda \u00een decursul unui an de curs de Ayurveda oportunitatea de a-\u015fi \u00eemp\u0103rt\u0103\u015fi unii altora cuno\u015ftin\u0163ele dob\u00e2ndite \u015fi mai ales experien\u0163ele spirituale avute \u015fi care sunt conexe cu subiectele abordate \u00een program.","keywords":null,"keyphrases":null,"primary_term":null,"canonical_url":null,"og_title":null,"og_description":null,"og_object_type":"default","og_image_type":"default","og_image_url":null,"og_image_width":null,"og_image_height":null,"og_image_custom_url":null,"og_image_custom_fields":null,"og_video":null,"og_custom_url":null,"og_article_section":null,"og_article_tags":null,"twitter_use_og":false,"twitter_card":"default","twitter_image_type":"default","twitter_image_url":null,"twitter_image_custom_url":null,"twitter_image_custom_fields":null,"twitter_title":null,"twitter_description":null,"schema":{"blockGraphs":[],"customGraphs":[],"default":{"data":{"Article":[],"Course":[],"Dataset":[],"FAQPage":[],"Movie":[],"Person":[],"Product":[],"Recipe":[],"Service":[],"SoftwareApplication":[],"WebPage":[]},"graphName":"WebPage","isEnabled":true},"graphs":[]},"schema_type":null,"schema_type_options":null,"pillar_content":false,"robots_default":true,"robots_noindex":false,"robots_noarchive":false,"robots_nosnippet":false,"robots_nofollow":false,"robots_noimageindex":false,"robots_noodp":false,"robots_notranslate":false,"robots_max_snippet":null,"robots_max_videopreview":null,"robots_max_imagepreview":"large","priority":null,"frequency":null,"local_seo":null,"limit_modified_date":false,"open_ai":null,"created":"2020-12-21 07:24:38","updated":"2024-01-28 10:47:43"},"aioseo_breadcrumb":"<div class=\"aioseo-breadcrumbs\"><span class=\"aioseo-breadcrumb\">\n\t<a href=\"https:\/\/amnromania.ro\/hu\" title=\"Home\">Home<\/a>\n<\/span><span class=\"aioseo-breadcrumb-separator\">&raquo;<\/span><span class=\"aioseo-breadcrumb\">\n\t<a href=\"https:\/\/amnromania.ro\/hu\/tevekenyseg\/\" title=\"Activitate\">Activitate<\/a>\n<\/span><span class=\"aioseo-breadcrumb-separator\">&raquo;<\/span><span class=\"aioseo-breadcrumb\">\n\t<a href=\"https:\/\/amnromania.ro\/hu\/tevekenyseg\/ayurveda-taborok\/\" title=\"Tabere de Ayurveda\">Tabere de Ayurveda<\/a>\n<\/span><span class=\"aioseo-breadcrumb-separator\">&raquo;<\/span><span class=\"aioseo-breadcrumb\">\n\tTabara de Ayurveda 2014\n<\/span><\/div>","aioseo_breadcrumb_json":[{"label":"Home","link":"https:\/\/amnromania.ro\/hu"},{"label":"Activitate","link":"https:\/\/amnromania.ro\/hu\/tevekenyseg\/"},{"label":"Tabere de Ayurveda","link":"https:\/\/amnromania.ro\/hu\/tevekenyseg\/ayurveda-taborok\/"},{"label":"Tabara de Ayurveda 2014","link":"https:\/\/amnromania.ro\/hu\/tevekenyseg\/ayurveda-taborok\/tabara-de-ayurveda-2014\/"}],"_links":{"self":[{"href":"https:\/\/amnromania.ro\/hu\/wp-json\/wp\/v2\/pages\/5171","targetHints":{"allow":["GET"]}}],"collection":[{"href":"https:\/\/amnromania.ro\/hu\/wp-json\/wp\/v2\/pages"}],"about":[{"href":"https:\/\/amnromania.ro\/hu\/wp-json\/wp\/v2\/types\/page"}],"author":[{"embeddable":true,"href":"https:\/\/amnromania.ro\/hu\/wp-json\/wp\/v2\/users\/1"}],"replies":[{"embeddable":true,"href":"https:\/\/amnromania.ro\/hu\/wp-json\/wp\/v2\/comments?post=5171"}],"version-history":[{"count":0,"href":"https:\/\/amnromania.ro\/hu\/wp-json\/wp\/v2\/pages\/5171\/revisions"}],"up":[{"embeddable":true,"href":"https:\/\/amnromania.ro\/hu\/wp-json\/wp\/v2\/pages\/3532"}],"wp:attachment":[{"href":"https:\/\/amnromania.ro\/hu\/wp-json\/wp\/v2\/media?parent=5171"}],"curies":[{"name":"wp","href":"https:\/\/api.w.org\/{rel}","templated":true}]}}