{"id":5155,"date":"2020-11-09T17:06:02","date_gmt":"2020-11-09T17:06:02","guid":{"rendered":"https:\/\/amnromania.ro\/?page_id=5155"},"modified":"2020-11-09T21:10:53","modified_gmt":"2020-11-09T21:10:53","slug":"verseny-2017","status":"publish","type":"page","link":"https:\/\/amnromania.ro\/hu\/tevekenyseg\/ayurveda-versenyek\/verseny-2017\/","title":{"rendered":"Verseny 2017"},"content":{"rendered":"<div data-elementor-type=\"wp-page\" data-elementor-id=\"5155\" class=\"elementor elementor-5155\" data-elementor-post-type=\"page\">\n\t\t\t\t\t\t<section class=\"elementor-section elementor-top-section elementor-element elementor-element-9584ece elementor-section-boxed elementor-section-height-default elementor-section-height-default\" data-id=\"9584ece\" data-element_type=\"section\">\n\t\t\t\t\t\t<div class=\"elementor-container elementor-column-gap-default\">\n\t\t\t\t\t<div class=\"elementor-column elementor-col-50 elementor-top-column elementor-element elementor-element-39fec54\" data-id=\"39fec54\" data-element_type=\"column\">\n\t\t\t<div class=\"elementor-widget-wrap elementor-element-populated\">\n\t\t\t\t\t\t<div class=\"elementor-element elementor-element-1626be2 elementor-nav-menu__align-start elementor-nav-menu__text-align-center elementor-nav-menu--dropdown-tablet elementor-nav-menu--toggle elementor-nav-menu--burger elementor-widget elementor-widget-global elementor-global-4259 elementor-widget-nav-menu\" data-id=\"1626be2\" data-element_type=\"widget\" data-settings=\"{&quot;layout&quot;:&quot;vertical&quot;,&quot;submenu_icon&quot;:{&quot;value&quot;:&quot;fas fa-caret-down&quot;,&quot;library&quot;:&quot;fa-solid&quot;},&quot;toggle&quot;:&quot;burger&quot;}\" data-widget_type=\"nav-menu.default\">\n\t\t\t\t<div class=\"elementor-widget-container\">\n\t\t\t\t\t\t\t\t<nav aria-label=\"Men\u00fc\" class=\"elementor-nav-menu--main elementor-nav-menu__container elementor-nav-menu--layout-vertical e--pointer-background e--animation-fade\">\n\t\t\t\t<ul id=\"menu-1-1626be2\" class=\"elementor-nav-menu sm-vertical\"><li class=\"menu-item menu-item-type-post_type menu-item-object-page menu-item-4237\"><a href=\"https:\/\/amnromania.ro\/hu\/tevekenyseg\/ayurveda-tanfolyamok\/\" class=\"elementor-item\">Ayurveda tanfolyamok<\/a><\/li>\n<li class=\"menu-item menu-item-type-post_type menu-item-object-page menu-item-4234\"><a href=\"https:\/\/amnromania.ro\/hu\/tevekenyseg\/ayurveda-versenyek\/\" class=\"elementor-item\">Ayurveda versenyek<\/a><\/li>\n<li class=\"menu-item menu-item-type-post_type menu-item-object-page menu-item-4235\"><a href=\"https:\/\/amnromania.ro\/hu\/tevekenyseg\/ayurveda-konferencia\/\" class=\"elementor-item\">Ayurveda konferenci\u00e1k<\/a><\/li>\n<li class=\"menu-item menu-item-type-post_type menu-item-object-page menu-item-4236\"><a href=\"https:\/\/amnromania.ro\/hu\/tevekenyseg\/ayurveda-kongresszus\/\" class=\"elementor-item\">Ayurveda kongresszus<\/a><\/li>\n<li class=\"menu-item menu-item-type-post_type menu-item-object-page menu-item-5535\"><a href=\"https:\/\/amnromania.ro\/hu\/tevekenyseg\/ayurveda-taborok\/\" class=\"elementor-item\">Ayurveda t\u00e1borok<\/a><\/li>\n<\/ul>\t\t\t<\/nav>\n\t\t\t\t\t<div class=\"elementor-menu-toggle\" role=\"button\" tabindex=\"0\" aria-label=\"Toggle men\u00fc\" aria-expanded=\"false\">\n\t\t\t<i aria-hidden=\"true\" role=\"presentation\" class=\"elementor-menu-toggle__icon--open eicon-menu-bar\"><\/i><i aria-hidden=\"true\" role=\"presentation\" class=\"elementor-menu-toggle__icon--close eicon-close\"><\/i>\t\t<\/div>\n\t\t\t\t\t<nav class=\"elementor-nav-menu--dropdown elementor-nav-menu__container\" aria-hidden=\"true\">\n\t\t\t\t<ul id=\"menu-2-1626be2\" class=\"elementor-nav-menu sm-vertical\"><li class=\"menu-item menu-item-type-post_type menu-item-object-page menu-item-4237\"><a href=\"https:\/\/amnromania.ro\/hu\/tevekenyseg\/ayurveda-tanfolyamok\/\" class=\"elementor-item\" tabindex=\"-1\">Ayurveda tanfolyamok<\/a><\/li>\n<li class=\"menu-item menu-item-type-post_type menu-item-object-page menu-item-4234\"><a href=\"https:\/\/amnromania.ro\/hu\/tevekenyseg\/ayurveda-versenyek\/\" class=\"elementor-item\" tabindex=\"-1\">Ayurveda versenyek<\/a><\/li>\n<li class=\"menu-item menu-item-type-post_type menu-item-object-page menu-item-4235\"><a href=\"https:\/\/amnromania.ro\/hu\/tevekenyseg\/ayurveda-konferencia\/\" class=\"elementor-item\" tabindex=\"-1\">Ayurveda konferenci\u00e1k<\/a><\/li>\n<li class=\"menu-item menu-item-type-post_type menu-item-object-page menu-item-4236\"><a href=\"https:\/\/amnromania.ro\/hu\/tevekenyseg\/ayurveda-kongresszus\/\" class=\"elementor-item\" tabindex=\"-1\">Ayurveda kongresszus<\/a><\/li>\n<li class=\"menu-item menu-item-type-post_type menu-item-object-page menu-item-5535\"><a href=\"https:\/\/amnromania.ro\/hu\/tevekenyseg\/ayurveda-taborok\/\" class=\"elementor-item\" tabindex=\"-1\">Ayurveda t\u00e1borok<\/a><\/li>\n<\/ul>\t\t\t<\/nav>\n\t\t\t\t\t\t<\/div>\n\t\t\t\t<\/div>\n\t\t\t\t\t<\/div>\n\t\t<\/div>\n\t\t\t\t<div class=\"elementor-column elementor-col-50 elementor-top-column elementor-element elementor-element-3cb14f2\" data-id=\"3cb14f2\" data-element_type=\"column\">\n\t\t\t<div class=\"elementor-widget-wrap elementor-element-populated\">\n\t\t\t\t\t\t<div class=\"elementor-element elementor-element-e6c7279 elementor-widget elementor-widget-text-editor\" data-id=\"e6c7279\" data-element_type=\"widget\" data-widget_type=\"text-editor.default\">\n\t\t\t\t<div class=\"elementor-widget-container\">\n\t\t\t\t\t\t\t\t\t<h1 style=\"text-align: center;\"><strong><span class=\"C-14\" style=\"color: #ffcc00;\">\u00c9VES AYURVEDA VERSENY<\/span><\/strong><\/h1><h1 style=\"text-align: center;\"><strong><span class=\"C-14\" style=\"color: #ffcc00;\">FEBRU\u00c1R 2017<\/span><\/strong><\/h1><h2 class=\"Normal P-18\"><strong><span class=\"C-17\" style=\"color: #ffcc00;\">A versenyvizsg\u00e1k friss\u00edtett \u00fctemterve<\/span><\/strong><\/h2><p class=\"Normal P-20\"><span class=\"C-15\">2017. febru\u00e1r 11-\u00e9n, szombaton, 12.45 \u00f3rai kezdettel Rom\u00e1ni\u00e1ban \u00e9s m\u00e1s orsz\u00e1gokban t\u00f6bb helysz\u00ednen is megrendez\u00e9sre ker\u00fcl a Nemzetk\u00f6zi Ayurveda Verseny 2017. Bukarestben az Obor tantermekben, az Ote\u0219ani utca 16. sz\u00e1m alatt, a 2. szektorban ker\u00fcl megrendez\u00e9sre az Ayurveda Verseny 2017.<\/span><\/p><p class=\"Normal P-20\"><span class=\"C-15\">A 2017-es Nemzetk\u00f6zi Ayurveda Verseny 6 speci\u00e1lis tesztb\u0151l \u00e1ll, amelyek mindegyike egyn\u00e9l t\u00f6bb dolgozatb\u00f3l \u00e1ll, \u00e9s az Ayurveda \u00e9vezredes hagyom\u00e1ny\u00e1ban le\u00edrt h\u00e1rom f\u0151 tud\u00e1sm\u00f3d elsaj\u00e1t\u00edt\u00e1s\u00e1t vizsg\u00e1lja: az elm\u00e9leti tud\u00e1s (apta), az \u00e9rz\u00e9kel\u00e9sen kereszt\u00fcli tud\u00e1s (pratyaksha) \u00e9s a k\u00f6vetkeztet\u00e9sen kereszt\u00fcli tud\u00e1s (anumana).<\/span><\/p><p class=\"Normal P-18\"><strong><span class=\"C-17\">A 2017-es Ayurveda verseny programja a k\u00f6vetkez\u0151:<\/span><\/strong><\/p><p>1. r\u00e9sz:<\/p><p>12:45-13:00 Bej\u00e1rat a termekbe: Bukarestben a bej\u00e1rat az Obor tanfolyami teremn\u00e9l lesz - alagsorban.<br \/>13:00-13:30 Regisztr\u00e1ci\u00f3 a versenyre: a regisztr\u00e1ci\u00f3 csoportonk\u00e9nt t\u00f6rt\u00e9nik, \u00e9rkez\u00e9si sorrendben, az egyes helysz\u00ednek k\u00fcl\u00f6n list\u00e1in, ahol a 2017-es Ayurveda verseny megrendez\u00e9sre ker\u00fcl.<br \/>13:30-13:35 \u00c1ltal\u00e1nos felszentel\u00e9s<br \/>13:35-13:45 A 2017-es Ayurveda verseny lebonyol\u00edt\u00e1s\u00e1nak bemutat\u00e1sa.<br \/>13:45-14:15 1. teszt (30 perc): Ayurv\u00e9dikus tud\u00e1s teszt (apta)<br \/>14:15-14:30 Sz\u00fcnet<br \/>14:30-15:00 2. teszt (30 perc): Ayurv\u00e9dikus tud\u00e1s \u00e9s \u00e9rz\u00e9kel\u00e9s tesztje (apta-pratyaksha)<br \/>15:00-15:15 Sz\u00fcnet<br \/>15:15-15:45 3. teszt (30 perc): Ayurv\u00e9dikus tud\u00e1s \u00e9s intelligencia teszt (apta-anumana)<br \/>15:45-16:00 Sz\u00fcnet<br \/>16:00-16:30 4. teszt (30 perc): intelligenciateszt (anumana)<\/p><p>2. r\u00e9sz:<\/p><p>16:30-17:00 Sz\u00fcnet: Bukarestben a r\u00e9sztvev\u0151k \u00e1tvonulnak az Obor el\u0151ad\u00f3terem f\u00f6ldszintj\u00e9re.<br \/>17:00-17:30 5. teszt (30 perc): Az \u00e9rz\u00e9kel\u00e9s \u00e9s intelligencia tesztje (pratyaksha-anumana)<br \/>17:30-17:45 Sz\u00fcnet<br \/>17:45-18:15 6. teszt (30 perc): Telepatikus \u00e9rz\u00e9kel\u00e9s teszt (pratyaksha)<br \/>18:15-18:25 Sz\u00fcnet<br \/>18:25-18:45 A versenyvizsg\u00e1k helyes v\u00e1laszainak bemutat\u00e1sa.<\/p><p class=\"Normal P-20\"><span class=\"C-15\">19:00 \u00f3r\u00e1t\u00f3l a t\u00e1mogat\u00e1s lelki programj\u00e1t egyhang\u00faan adj\u00e1k el\u0151.<\/span><\/p><p class=\"Normal P-20\"><span class=\"C-15\">A 2017. \u00e9vi Ayurveda verseny gy\u0151zteseit 2017. \u00e1prilis 26. \u00e9s m\u00e1jus 7. k\u00f6z\u00f6tt, a 2017. \u00e9vi Herculane-i Yogic Spiritual Holiday Camp\u00ae program sor\u00e1n d\u00edjazz\u00e1k.<\/span><\/p><p class=\"Normal P-20\"><span class=\"C-15\">Mind az ayurv\u00e9da, mind a j\u00f3ga tanul\u00f3it megh\u00edvj\u00e1k, hogy vegyenek r\u00e9szt ezen az ayurv\u00e9da versenyen.<\/span><\/p><p class=\"Normal P-20\"><span class=\"C-15\">Az 1., 2. \u00e9s 3. teszteken az ayurv\u00e9da-tanfolyam 1. csoportj\u00e1ba vagy ann\u00e1l magasabb csoportba tartoz\u00f3 r\u00e9sztvev\u0151k vehetnek r\u00e9szt, bele\u00e9rtve azokat is, akik m\u00e1r elv\u00e9gezt\u00e9k az ayurv\u00e9da-tanfolyamot.<wbr \/>beiratkozott az Ayurveda tanfolyam 1. t\u00e9tel\u00e9re a 2016-os \u00fcl\u00e9sszakban<wbr \/>2017.<\/span><\/p><p class=\"Normal P-20\"><span class=\"C-15\">A 4., 5. \u00e9s 6. tesztek mindenki sz\u00e1m\u00e1ra nyitottak, aki r\u00e9szt k\u00edv\u00e1n venni, m\u00e9g akkor is, ha jelenleg nem ayurv\u00e9da-tanul\u00f3, de legal\u00e1bb alapszint\u0171 ayurv\u00e9da ismeretekkel rendelkezik.<\/span><\/p><p class=\"Normal P-20\"><span class=\"C-15\">A 3., 4., 5. \u00e9s 6. fordul\u00f3ra a regisztr\u00e1ci\u00f3 a verseny elej\u00e9n, k\u00f6zvetlen\u00fcl a csarnokban, valamint a fordul\u00f3k el\u0151tti sz\u00fcnetekben t\u00f6rt\u00e9nik. A regisztr\u00e1ci\u00f3kat e-mailben is lehet fogadni<wbr \/>e-mail a ayurveda_romania@yahoo.com c\u00edmre, de csak a teszt el\u0151tt. A verseny 4., 5. \u00e9s 6. fordul\u00f3j\u00e1t \u00e9l\u0151ben k\u00f6zvet\u00edti a k\u00f6vetkez\u0151 weboldalon.<wbr \/>vonal\u00a0<a class=\"C-19\" href=\"http:\/\/misatv.ro\/live\/\" target=\"_blank\" rel=\"noopener\">MISA\u00aeSensational -<wbr \/>TV: http:\/\/misatv.ro\/live\/<\/a>.<\/span><\/p><h2 class=\"Normal P-18\"><strong><span class=\"C-17\" style=\"color: #ffcc00;\">A 2017-es Ayurveda verseny n\u00e9gy csoportra oszlik:<\/span><\/strong><\/h2><p>1. csoport: Ayurveda 1. csoportos gyakornokok.<br \/>2. csoport: Ayurveda 2. csoport gyakornokai.<br \/>3. csoport: Ayurveda 3. csoport gyakornokai.<br \/>4. csoport: az Ayurveda 4. \u00e9s magasabb csoportjait tanul\u00f3k.<\/p><p><span style=\"color: #ffcc00;\"><strong>A 2017-ES AYURV\u00c9DA VERSENY 1. \u00c9S 3. TESZTJ\u00c9NEK BIBLIOGR\u00c1FI\u00c1J\u00c1NAK \u00c9S ELJ\u00c1R\u00c1S\u00c1NAK MEGHIRDET\u00c9SE<\/strong><\/span><\/p><p>Az 1. \u00e9s a 3. tesztet a r\u00e9sztvev\u0151k csoportjai adj\u00e1k le, amelyek k\u00f3dol\u00e1sa a k\u00f6vetkez\u0151: A, B, C, D \u00e9s opcion\u00e1lisan, az idei \u00e9vt\u0151l (2017) kezd\u0151d\u0151en az E csoport, az al\u00e1bbiak szerint:<br \/>13:45-14:15 1. teszt (30 perc): Ayurv\u00e9dikus ismeretek tesztje (apta)<br \/>15:15-15:45 3. teszt (30 perc): Ayurv\u00e9dikus tud\u00e1s \u00e9s intelligencia teszt (apta-anumana)<\/p><p class=\"Normal-_Web_ P-26\"><strong><span class=\"C-25\">1. teszt<\/span><\/strong><\/p><p class=\"Normal-_Web_ P-27\"><span class=\"C-22\">1. teszt -<wbr \/>\u00a0Ayurv\u00e9dikus ismeretek teszt (<span class=\"C-24\">megfelel\u0151<\/span>) &#8211;<wbr \/>\u00a035 k\u00e9rd\u00e9st tartalmaz h\u00e1rom lehets\u00e9ges v\u00e1lasszal. Felh\u00edvjuk figyelm\u00e9t, hogy az 1. tesztben az \u00e1ll\u00edt\u00e1s h\u00e1rom lehets\u00e9ges v\u00e1ltozata k\u00f6z\u00fcl csak az egyik helyes. A helyesnek \u00edt\u00e9lt v\u00e1ltozat (csak az egyik) be lesz karik\u00e1zva. Jav\u00edt\u00e1s vagy t\u00f6rl\u00e9s nem megengedett. Minden helyes v\u00e1laszt 200 ponttal \u00e9rt\u00e9kel\u00fcnk, a maxim\u00e1lis \u00f6sszpontsz\u00e1m 7000 pont.<\/span><\/p><p class=\"Normal-_Web_ P-28\"><span class=\"C-23\"><strong>FIGYELEM!<\/strong> 13:45 k\u00f6z\u00f6tt...<wbr \/>14:15 p\u00e1rhuzamosan, a r\u00e9sztvev\u0151k csoportjaiban, a tesztek 1-<wbr \/>A, 1-<wbr \/>B, 1-<wbr \/>C, 1-<wbr \/>D \u00e9s 1-<wbr \/>E. Ezeket a szervez\u0151k differenci\u00e1ltan aj\u00e1nlj\u00e1k fel a r\u00e9sztvev\u0151knek.<\/span><\/p><p class=\"Normal-_Web_ P-26\"><strong><span class=\"C-25\">3. teszt<\/span><\/strong><\/p><p class=\"Normal-_Web_ P-27\"><span class=\"C-22\">3. teszt -<wbr \/>\u00a0ayurv\u00e9dikus tud\u00e1s \u00e9s intelligencia teszt (<span class=\"C-24\">apt-<wbr \/>anumana<\/span>) &#8211;<wbr \/>\u00a035 k\u00e9rd\u00e9st tartalmaz h\u00e1rom lehets\u00e9ges v\u00e1lasszal. Felh\u00edvjuk figyelm\u00e9t, hogy a 3. tesztben a k\u00e9rd\u00e9sben felsorolt h\u00e1rom v\u00e1lasz k\u00f6z\u00fcl 2, mindh\u00e1rom vagy egyik sem lehet helyes. A helyesnek \u00edt\u00e9lt v\u00e1ltozatok be lesznek karik\u00e1zva. Jav\u00edt\u00e1s vagy t\u00f6rl\u00e9s nem megengedett. Ha az \u00e1ll\u00edt\u00e1sban szerepl\u0151 v\u00e1ltozatok k\u00f6z\u00fcl egyik sem tekinthet\u0151 helyesnek, akkor egyik sem lesz bekarik\u00e1zva. Ahhoz, hogy a 35 k\u00e9rd\u00e9s k\u00f6z\u00fcl valamelyik 200 pontot kapjon, mindh\u00e1rom v\u00e1ltozat eset\u00e9ben meg kell egyezni a v\u00e1laszr\u00e1csban szerepl\u0151 v\u00e1laszokkal. A maxim\u00e1lisan el\u00e9rhet\u0151 pontsz\u00e1m 7000 pont.<\/span><\/p><p class=\"Normal-_Web_ P-28\"><span class=\"C-23\"><strong>FIGYELEM!<\/strong> 15:15 k\u00f6z\u00f6tt...<wbr \/>15:45 p\u00e1rhuzamosan, a r\u00e9sztvev\u0151k csoportjai \u00e1ltal, a 3-<wbr \/>A, 3-<wbr \/>B, 3-<wbr \/>C, 3-<wbr \/>D \u00e9s 3-<wbr \/>E. Ezeket a szervez\u0151k differenci\u00e1ltan aj\u00e1nlj\u00e1k fel a r\u00e9sztvev\u0151knek.<\/span><\/p><p class=\"Normal P-26\"><span class=\"C-23\">A csoport<span class=\"C-22\">, amely az 1. csoportba tartoz\u00f3 ayurv\u00e9dikus gyakornokokb\u00f3l \u00e1ll, az 1-k\u00f3dos teszteket fogja haszn\u00e1lni.<wbr \/>A \u00e9s 3-<wbr \/>A, amelyek az Ayurveda tanfolyamokban szerepl\u0151 inform\u00e1ci\u00f3kat tartalmazz\u00e1k, szakasz\u00a0<span class=\"C-24\">Dosha-<wbr \/>Prakriti<\/span>, kiad\u00e1s 2003-<wbr \/>2004, az 1. sz\u00e1mt\u00f3l a 21. sz\u00e1mig bez\u00e1r\u00f3lag\u00a0<span class=\"C-26\">vagy<\/span>\u00a0a szakaszban felsoroltak\u00a0<span class=\"C-24\">Dosha-<wbr \/>Prakriti<\/span>, kiad\u00e1s 2011-<wbr \/>2012, az 1. sz\u00e1mt\u00f3l a 32. sz\u00e1mig bez\u00e1r\u00f3lag.<\/span><\/span><\/p><p class=\"Normal P-28\"><span class=\"C-23\">B csoport<span class=\"C-22\">, amely a 2. csoportba tartoz\u00f3 ayurv\u00e9dikus gyakornokokb\u00f3l \u00e1ll, a teszteket 1-<wbr \/>B \u00e9s 3-<wbr \/>B, amelyek az Ayurveda tanfolyamok szekci\u00f3ban tal\u00e1lhat\u00f3 inform\u00e1ci\u00f3kat tartalmazz\u00e1k.\u00a0<span class=\"C-24\">Dosha-<wbr \/>Prakriti<\/span>, kiad\u00e1s 2003-<wbr \/>2004, a 26-t\u00f3l a 48-ig bez\u00e1r\u00f3lag,\u00a0<span class=\"C-26\">vagy<\/span>\u00a0a szakaszban felsoroltak\u00a0<span class=\"C-24\">Dosha-<wbr \/>Prakriti<\/span>, kiad\u00e1s 2011-<wbr \/>2012, a 33. sz\u00e1mt\u00f3l a 42. sz\u00e1mig bez\u00e1r\u00f3lag, valamint az Ayurv\u00e9da-tanfolyamok a k\u00f6vetkez\u0151 szakaszokban\u00a0<span class=\"C-24\">Svasthavritta<\/span>, a 2011-es...<wbr \/>2012, az 1. sz\u00e1mt\u00f3l a 12. sz\u00e1mig bez\u00e1r\u00f3lag.<\/span><\/span><\/p><p class=\"Normal P-28\"><span class=\"C-23\">C csoport<span class=\"C-22\">, amely a 3. csoportba tartoz\u00f3 ayurv\u00e9dikus gyakornokokb\u00f3l \u00e1ll, az 1-k\u00f3dos teszteket fogja haszn\u00e1lni.<wbr \/>C \u00e9s 3-<wbr \/>C, amelyek olyan inform\u00e1ci\u00f3kat tartalmaznak, amelyek az Ayurveda tanfolyamokban szerepelnek a szakaszban.\u00a0<span class=\"C-24\">Svasthavritta<\/span>, kiad\u00e1s 2003-<wbr \/>2004, 1-t\u0151l 22-ig bez\u00e1r\u00f3lag\u00a0<span class=\"C-26\">vagy<\/span>\u00a0a\u00a0<span class=\"C-24\">Svasthavritta<\/span>, kiad\u00e1s 2011-<wbr \/>2012, a 14. sz\u00e1mt\u00f3l a 30. sz\u00e1mig bez\u00e1r\u00f3lag.<\/span><\/span><\/p><p class=\"Normal P-29\"><span class=\"C-23\">Megjegyz\u00e9s: A 4. \u00e9vfolyamon vagy ann\u00e1l magasabb \u00e9vfolyamokon r\u00e9szt vev\u0151 ayurv\u00e9dikus gyakornokok v\u00e1laszthatnak a D vagy az E kateg\u00f3ri\u00e1j\u00fa vizsg\u00e1k k\u00f6z\u00fcl az al\u00e1bbiak szerint:<\/span><\/p><p class=\"Normal P-28\"><span class=\"C-23\">D csoport<span class=\"C-22\">, amely 4-n\u00e9l nagyobb ayurv\u00e9dikus csoportokb\u00f3l sz\u00e1rmaz\u00f3 tanul\u00f3kb\u00f3l \u00e1ll, az 1 k\u00f3d\u00fa teszteket fogja haszn\u00e1lni.<wbr \/>D \u00e9s 3-<wbr \/>D, amelyek olyan inform\u00e1ci\u00f3kat tartalmaznak, amelyek az Ayurveda tanfolyamokban szerepelnek a szakaszban.\u00a0<span class=\"C-24\">Dravyaguna<\/span>, kiad\u00e1s 2015-<wbr \/>2016, az 1-t\u0151l 15-ig terjed\u0151 sz\u00e1mokkal \u00e9s a 27-t\u0151l 35-ig terjed\u0151 sz\u00e1mokkal.<\/span><\/span><\/p><p class=\"Normal P-28\"><span class=\"C-23\">E csoport<span class=\"C-22\">, amely 4-n\u00e9l nagyobb ayurv\u00e9dikus csoportokb\u00f3l sz\u00e1rmaz\u00f3 tanul\u00f3kb\u00f3l \u00e1ll, az 1 k\u00f3d\u00fa teszteket fogja haszn\u00e1lni.<wbr \/>E \u00e9s 3-<wbr \/>E, amelyek olyan inform\u00e1ci\u00f3kat tartalmaznak, amelyek az Ayurveda tanfolyamokban szerepelnek a szakaszban.\u00a0<span class=\"C-24\">Manasa-<wbr \/>Jnana<\/span>, 2016-os kiad\u00e1s.<wbr \/>2017, 1-t\u0151l 15-ig terjed\u0151 sz\u00e1mokkal.<\/span><\/span><\/p><p class=\"Normal P-17\"><span class=\"C-16\">Sok sikert k\u00edv\u00e1nunk!<\/span><\/p>\t\t\t\t\t\t\t\t<\/div>\n\t\t\t\t<\/div>\n\t\t\t\t\t<\/div>\n\t\t<\/div>\n\t\t\t\t\t<\/div>\n\t\t<\/section>\n\t\t\t\t<\/div>","protected":false},"excerpt":{"rendered":"<p>\u00c9VI AYURVEDA VERSENY 2017 FEBRU\u00c1R 2017 A verseny friss\u00edtett menetrendje 2017. febru\u00e1r 11-\u00e9n, szombaton, 12.45 \u00f3rai kezdettel, a 2017. \u00e9vi Nemzetk\u00f6zi Ayurveda Verseny t\u00f6bb rom\u00e1niai \u00e9s k\u00fclf\u00f6ldi helysz\u00ednen ker\u00fcl megrendez\u00e9sre. Bukarestben az Ayurveda Verseny 2017 az Obor tantermekben ker\u00fcl megrendez\u00e9sre, [...]<\/p>","protected":false},"author":1,"featured_media":0,"parent":3530,"menu_order":0,"comment_status":"closed","ping_status":"closed","template":"","meta":{"_mi_skip_tracking":false,"_analytify_skip_tracking":false,"footnotes":""},"class_list":["post-5155","page","type-page","status-publish","hentry"],"aioseo_notices":[],"aioseo_head":"\n\t\t<!-- All in One SEO Pro 4.7.0 - aioseo.com -->\n\t\t<meta name=\"description\" content=\"Premierea c\u00e2\u015ftig\u0103torilor Concursului de Ayurveda 2017 se va realiza \u00een perioada 26 aprilie \u2013 7 mai\" \/>\n\t\t<meta name=\"robots\" content=\"max-image-preview:large\" \/>\n\t\t<meta name=\"google-site-verification\" content=\"G-391X30D2FS\" \/>\n\t\t<link rel=\"canonical\" href=\"https:\/\/amnromania.ro\/hu\/tevekenyseg\/ayurveda-versenyek\/verseny-2017\/\" \/>\n\t\t<meta name=\"generator\" content=\"All in One SEO Pro (AIOSEO) 4.7.0\" \/>\n\t\t<meta property=\"og:locale\" content=\"hu_HU\" \/>\n\t\t<meta property=\"og:site_name\" content=\"AMN Ayurveda ROM\u00c2NIA | Asociatia Nationala pentru Promovarea Medicinelor Neconventionale\" \/>\n\t\t<meta property=\"og:type\" content=\"article\" \/>\n\t\t<meta property=\"og:title\" content=\"Concurs 2017 | AMN Ayurveda ROM\u00c2NIA\" \/>\n\t\t<meta property=\"og:description\" content=\"Premierea c\u00e2\u015ftig\u0103torilor Concursului de Ayurveda 2017 se va realiza \u00een perioada 26 aprilie \u2013 7 mai\" \/>\n\t\t<meta property=\"og:url\" content=\"https:\/\/amnromania.ro\/hu\/tevekenyseg\/ayurveda-versenyek\/verseny-2017\/\" \/>\n\t\t<meta property=\"og:image\" content=\"https:\/\/amnromania.ro\/ynorsyju\/2021\/06\/Ayurveda-in-Romania-Vol.-2-Ro.jpg\" \/>\n\t\t<meta property=\"og:image:secure_url\" content=\"https:\/\/amnromania.ro\/ynorsyju\/2021\/06\/Ayurveda-in-Romania-Vol.-2-Ro.jpg\" \/>\n\t\t<meta property=\"article:published_time\" content=\"2020-11-09T17:06:02+00:00\" \/>\n\t\t<meta property=\"article:modified_time\" content=\"2020-11-09T21:10:53+00:00\" \/>\n\t\t<meta property=\"article:publisher\" content=\"https:\/\/www.facebook.com\/AMNRomania\" \/>\n\t\t<script type=\"application\/ld+json\" class=\"aioseo-schema\">\n\t\t\t{\"@context\":\"https:\\\/\\\/schema.org\",\"@graph\":[{\"@type\":\"BreadcrumbList\",\"@id\":\"https:\\\/\\\/amnromania.ro\\\/hu\\\/tevekenyseg\\\/ayurveda-versenyek\\\/verseny-2017\\\/#breadcrumblist\",\"itemListElement\":[{\"@type\":\"ListItem\",\"@id\":\"https:\\\/\\\/amnromania.ro\\\/hu\\\/#listItem\",\"position\":1,\"name\":\"Home\",\"item\":\"https:\\\/\\\/amnromania.ro\\\/hu\\\/\",\"nextItem\":\"https:\\\/\\\/amnromania.ro\\\/hu\\\/tevekenyseg\\\/#listItem\"},{\"@type\":\"ListItem\",\"@id\":\"https:\\\/\\\/amnromania.ro\\\/hu\\\/tevekenyseg\\\/#listItem\",\"position\":2,\"name\":\"Activitate\",\"item\":\"https:\\\/\\\/amnromania.ro\\\/hu\\\/tevekenyseg\\\/\",\"nextItem\":\"https:\\\/\\\/amnromania.ro\\\/hu\\\/tevekenyseg\\\/ayurveda-versenyek\\\/#listItem\",\"previousItem\":\"https:\\\/\\\/amnromania.ro\\\/hu\\\/#listItem\"},{\"@type\":\"ListItem\",\"@id\":\"https:\\\/\\\/amnromania.ro\\\/hu\\\/tevekenyseg\\\/ayurveda-versenyek\\\/#listItem\",\"position\":3,\"name\":\"Concursuri de Ayurveda\",\"item\":\"https:\\\/\\\/amnromania.ro\\\/hu\\\/tevekenyseg\\\/ayurveda-versenyek\\\/\",\"nextItem\":\"https:\\\/\\\/amnromania.ro\\\/hu\\\/tevekenyseg\\\/ayurveda-versenyek\\\/verseny-2017\\\/#listItem\",\"previousItem\":\"https:\\\/\\\/amnromania.ro\\\/hu\\\/tevekenyseg\\\/#listItem\"},{\"@type\":\"ListItem\",\"@id\":\"https:\\\/\\\/amnromania.ro\\\/hu\\\/tevekenyseg\\\/ayurveda-versenyek\\\/verseny-2017\\\/#listItem\",\"position\":4,\"name\":\"Concurs 2017\",\"previousItem\":\"https:\\\/\\\/amnromania.ro\\\/hu\\\/tevekenyseg\\\/ayurveda-versenyek\\\/#listItem\"}]},{\"@type\":\"Organization\",\"@id\":\"https:\\\/\\\/amnromania.ro\\\/hu\\\/#organization\",\"name\":\"AMN Ayurveda Romania\",\"url\":\"https:\\\/\\\/amnromania.ro\\\/hu\\\/\",\"logo\":{\"@type\":\"ImageObject\",\"url\":\"https:\\\/\\\/amnromania.ro\\\/ynorsyju\\\/2020\\\/10\\\/amn.png\",\"@id\":\"https:\\\/\\\/amnromania.ro\\\/hu\\\/tevekenyseg\\\/ayurveda-versenyek\\\/verseny-2017\\\/#organizationLogo\"},\"image\":{\"@id\":\"https:\\\/\\\/amnromania.ro\\\/hu\\\/tevekenyseg\\\/ayurveda-versenyek\\\/verseny-2017\\\/#organizationLogo\"},\"sameAs\":[\"https:\\\/\\\/www.facebook.com\\\/AMNRomania\",\"https:\\\/\\\/www.youtube.com\\\/channel\\\/UClfqKxiq_uZ11rthDIT3-BQ\\\/videos\"]},{\"@type\":\"WebPage\",\"@id\":\"https:\\\/\\\/amnromania.ro\\\/hu\\\/tevekenyseg\\\/ayurveda-versenyek\\\/verseny-2017\\\/#webpage\",\"url\":\"https:\\\/\\\/amnromania.ro\\\/hu\\\/tevekenyseg\\\/ayurveda-versenyek\\\/verseny-2017\\\/\",\"name\":\"Concurs 2017 | AMN Ayurveda ROM\\u00c2NIA\",\"description\":\"Premierea c\\u00e2\\u015ftig\\u0103torilor Concursului de Ayurveda 2017 se va realiza \\u00een perioada 26 aprilie \\u2013 7 mai\",\"inLanguage\":\"hu-HU\",\"isPartOf\":{\"@id\":\"https:\\\/\\\/amnromania.ro\\\/hu\\\/#website\"},\"breadcrumb\":{\"@id\":\"https:\\\/\\\/amnromania.ro\\\/hu\\\/tevekenyseg\\\/ayurveda-versenyek\\\/verseny-2017\\\/#breadcrumblist\"},\"datePublished\":\"2020-11-09T17:06:02+02:00\",\"dateModified\":\"2020-11-09T21:10:53+02:00\"},{\"@type\":\"WebSite\",\"@id\":\"https:\\\/\\\/amnromania.ro\\\/hu\\\/#website\",\"url\":\"https:\\\/\\\/amnromania.ro\\\/hu\\\/\",\"name\":\"AMN Ayurveda ROM\\u00c2NIA\",\"description\":\"Asociatia Nationala pentru Promovarea Medicinelor Neconventionale\",\"inLanguage\":\"hu-HU\",\"publisher\":{\"@id\":\"https:\\\/\\\/amnromania.ro\\\/hu\\\/#organization\"}}]}\n\t\t<\/script>\n\t\t<!-- All in One SEO Pro -->\r\n\t\t<title>Concurs 2017 | AMN Ayurveda ROM\u00c2NIA<\/title>\n\n","aioseo_head_json":{"title":"Concurs 2017 | AMN Ayurveda ROM\u00c2NIA","description":"Premierea c\u00e2\u015ftig\u0103torilor Concursului de Ayurveda 2017 se va realiza \u00een perioada 26 aprilie \u2013 7 mai","canonical_url":"https:\/\/amnromania.ro\/hu\/tevekenyseg\/ayurveda-versenyek\/verseny-2017\/","robots":"max-image-preview:large","keywords":"","webmasterTools":{"google-site-verification":"G-391X30D2FS","miscellaneous":""},"og:locale":"hu_HU","og:site_name":"AMN Ayurveda ROM\u00c2NIA | Asociatia Nationala pentru Promovarea Medicinelor Neconventionale","og:type":"article","og:title":"Concurs 2017 | AMN Ayurveda ROM\u00c2NIA","og:description":"Premierea c\u00e2\u015ftig\u0103torilor Concursului de Ayurveda 2017 se va realiza \u00een perioada 26 aprilie \u2013 7 mai","og:url":"https:\/\/amnromania.ro\/hu\/tevekenyseg\/ayurveda-versenyek\/verseny-2017\/","og:image":"https:\/\/amnromania.ro\/ynorsyju\/2021\/06\/Ayurveda-in-Romania-Vol.-2-Ro.jpg","og:image:secure_url":"https:\/\/amnromania.ro\/ynorsyju\/2021\/06\/Ayurveda-in-Romania-Vol.-2-Ro.jpg","article:published_time":"2020-11-09T17:06:02+00:00","article:modified_time":"2020-11-09T21:10:53+00:00","article:publisher":"https:\/\/www.facebook.com\/AMNRomania","schema":{"@context":"https:\/\/schema.org","@graph":[{"@type":"BreadcrumbList","@id":"https:\/\/amnromania.ro\/hu\/tevekenyseg\/ayurveda-versenyek\/verseny-2017\/#breadcrumblist","itemListElement":[{"@type":"ListItem","@id":"https:\/\/amnromania.ro\/hu\/#listItem","position":1,"name":"Home","item":"https:\/\/amnromania.ro\/hu\/","nextItem":"https:\/\/amnromania.ro\/hu\/tevekenyseg\/#listItem"},{"@type":"ListItem","@id":"https:\/\/amnromania.ro\/hu\/tevekenyseg\/#listItem","position":2,"name":"Activitate","item":"https:\/\/amnromania.ro\/hu\/tevekenyseg\/","nextItem":"https:\/\/amnromania.ro\/hu\/tevekenyseg\/ayurveda-versenyek\/#listItem","previousItem":"https:\/\/amnromania.ro\/hu\/#listItem"},{"@type":"ListItem","@id":"https:\/\/amnromania.ro\/hu\/tevekenyseg\/ayurveda-versenyek\/#listItem","position":3,"name":"Concursuri de Ayurveda","item":"https:\/\/amnromania.ro\/hu\/tevekenyseg\/ayurveda-versenyek\/","nextItem":"https:\/\/amnromania.ro\/hu\/tevekenyseg\/ayurveda-versenyek\/verseny-2017\/#listItem","previousItem":"https:\/\/amnromania.ro\/hu\/tevekenyseg\/#listItem"},{"@type":"ListItem","@id":"https:\/\/amnromania.ro\/hu\/tevekenyseg\/ayurveda-versenyek\/verseny-2017\/#listItem","position":4,"name":"Concurs 2017","previousItem":"https:\/\/amnromania.ro\/hu\/tevekenyseg\/ayurveda-versenyek\/#listItem"}]},{"@type":"Organization","@id":"https:\/\/amnromania.ro\/hu\/#organization","name":"AMN Ayurveda Romania","url":"https:\/\/amnromania.ro\/hu\/","logo":{"@type":"ImageObject","url":"https:\/\/amnromania.ro\/ynorsyju\/2020\/10\/amn.png","@id":"https:\/\/amnromania.ro\/hu\/tevekenyseg\/ayurveda-versenyek\/verseny-2017\/#organizationLogo"},"image":{"@id":"https:\/\/amnromania.ro\/hu\/tevekenyseg\/ayurveda-versenyek\/verseny-2017\/#organizationLogo"},"sameAs":["https:\/\/www.facebook.com\/AMNRomania","https:\/\/www.youtube.com\/channel\/UClfqKxiq_uZ11rthDIT3-BQ\/videos"]},{"@type":"WebPage","@id":"https:\/\/amnromania.ro\/hu\/tevekenyseg\/ayurveda-versenyek\/verseny-2017\/#webpage","url":"https:\/\/amnromania.ro\/hu\/tevekenyseg\/ayurveda-versenyek\/verseny-2017\/","name":"Concurs 2017 | AMN Ayurveda ROM\u00c2NIA","description":"Premierea c\u00e2\u015ftig\u0103torilor Concursului de Ayurveda 2017 se va realiza \u00een perioada 26 aprilie \u2013 7 mai","inLanguage":"hu-HU","isPartOf":{"@id":"https:\/\/amnromania.ro\/hu\/#website"},"breadcrumb":{"@id":"https:\/\/amnromania.ro\/hu\/tevekenyseg\/ayurveda-versenyek\/verseny-2017\/#breadcrumblist"},"datePublished":"2020-11-09T17:06:02+02:00","dateModified":"2020-11-09T21:10:53+02:00"},{"@type":"WebSite","@id":"https:\/\/amnromania.ro\/hu\/#website","url":"https:\/\/amnromania.ro\/hu\/","name":"AMN Ayurveda ROM\u00c2NIA","description":"Asociatia Nationala pentru Promovarea Medicinelor Neconventionale","inLanguage":"hu-HU","publisher":{"@id":"https:\/\/amnromania.ro\/hu\/#organization"}}]}},"aioseo_meta_data":{"post_id":"5155","title":null,"description":"Premierea c\u00e2\u015ftig\u0103torilor Concursului de Ayurveda 2017 se va realiza \u00een perioada 26 aprilie \u2013 7 mai","keywords":null,"keyphrases":null,"primary_term":null,"canonical_url":null,"og_title":null,"og_description":null,"og_object_type":"default","og_image_type":"default","og_image_url":null,"og_image_width":null,"og_image_height":null,"og_image_custom_url":null,"og_image_custom_fields":null,"og_video":null,"og_custom_url":null,"og_article_section":null,"og_article_tags":null,"twitter_use_og":false,"twitter_card":"default","twitter_image_type":"default","twitter_image_url":null,"twitter_image_custom_url":null,"twitter_image_custom_fields":null,"twitter_title":null,"twitter_description":null,"schema":{"blockGraphs":[],"customGraphs":[],"default":{"data":{"Article":[],"Course":[],"Dataset":[],"FAQPage":[],"Movie":[],"Person":[],"Product":[],"Recipe":[],"Service":[],"SoftwareApplication":[],"WebPage":[]},"graphName":"WebPage","isEnabled":true},"graphs":[]},"schema_type":null,"schema_type_options":null,"pillar_content":false,"robots_default":true,"robots_noindex":false,"robots_noarchive":false,"robots_nosnippet":false,"robots_nofollow":false,"robots_noimageindex":false,"robots_noodp":false,"robots_notranslate":false,"robots_max_snippet":null,"robots_max_videopreview":null,"robots_max_imagepreview":"large","priority":null,"frequency":null,"local_seo":null,"limit_modified_date":false,"open_ai":null,"created":"2020-12-21 07:24:38","updated":"2024-01-28 10:47:43"},"aioseo_breadcrumb":"<div class=\"aioseo-breadcrumbs\"><span class=\"aioseo-breadcrumb\">\n\t<a href=\"https:\/\/amnromania.ro\/hu\" title=\"Home\">Home<\/a>\n<\/span><span class=\"aioseo-breadcrumb-separator\">&raquo;<\/span><span class=\"aioseo-breadcrumb\">\n\t<a href=\"https:\/\/amnromania.ro\/hu\/tevekenyseg\/\" title=\"Activitate\">Activitate<\/a>\n<\/span><span class=\"aioseo-breadcrumb-separator\">&raquo;<\/span><span class=\"aioseo-breadcrumb\">\n\t<a href=\"https:\/\/amnromania.ro\/hu\/tevekenyseg\/ayurveda-versenyek\/\" title=\"Concursuri de Ayurveda\">Concursuri de Ayurveda<\/a>\n<\/span><span class=\"aioseo-breadcrumb-separator\">&raquo;<\/span><span class=\"aioseo-breadcrumb\">\n\tConcurs 2017\n<\/span><\/div>","aioseo_breadcrumb_json":[{"label":"Home","link":"https:\/\/amnromania.ro\/hu"},{"label":"Activitate","link":"https:\/\/amnromania.ro\/hu\/tevekenyseg\/"},{"label":"Concursuri de Ayurveda","link":"https:\/\/amnromania.ro\/hu\/tevekenyseg\/ayurveda-versenyek\/"},{"label":"Concurs 2017","link":"https:\/\/amnromania.ro\/hu\/tevekenyseg\/ayurveda-versenyek\/verseny-2017\/"}],"_links":{"self":[{"href":"https:\/\/amnromania.ro\/hu\/wp-json\/wp\/v2\/pages\/5155","targetHints":{"allow":["GET"]}}],"collection":[{"href":"https:\/\/amnromania.ro\/hu\/wp-json\/wp\/v2\/pages"}],"about":[{"href":"https:\/\/amnromania.ro\/hu\/wp-json\/wp\/v2\/types\/page"}],"author":[{"embeddable":true,"href":"https:\/\/amnromania.ro\/hu\/wp-json\/wp\/v2\/users\/1"}],"replies":[{"embeddable":true,"href":"https:\/\/amnromania.ro\/hu\/wp-json\/wp\/v2\/comments?post=5155"}],"version-history":[{"count":0,"href":"https:\/\/amnromania.ro\/hu\/wp-json\/wp\/v2\/pages\/5155\/revisions"}],"up":[{"embeddable":true,"href":"https:\/\/amnromania.ro\/hu\/wp-json\/wp\/v2\/pages\/3530"}],"wp:attachment":[{"href":"https:\/\/amnromania.ro\/hu\/wp-json\/wp\/v2\/media?parent=5155"}],"curies":[{"name":"wp","href":"https:\/\/api.w.org\/{rel}","templated":true}]}}