{"id":4643,"date":"2020-11-08T19:06:31","date_gmt":"2020-11-08T19:06:31","guid":{"rendered":"https:\/\/amnromania.ro\/?page_id=4643"},"modified":"2023-12-13T11:44:58","modified_gmt":"2023-12-13T09:44:58","slug":"kongresszus-2018","status":"publish","type":"page","link":"https:\/\/amnromania.ro\/hu\/tevekenyseg\/ayurveda-kongresszus\/kongresszus-2018\/","title":{"rendered":"Ayurveda Kongresszus 2018"},"content":{"rendered":"<div data-elementor-type=\"wp-page\" data-elementor-id=\"4643\" class=\"elementor elementor-4643\" data-elementor-post-type=\"page\">\n\t\t\t\t\t\t<section class=\"elementor-section elementor-top-section elementor-element elementor-element-0736846 elementor-section-boxed elementor-section-height-default elementor-section-height-default\" data-id=\"0736846\" data-element_type=\"section\">\n\t\t\t\t\t\t<div class=\"elementor-container elementor-column-gap-default\">\n\t\t\t\t\t<div class=\"elementor-column elementor-col-50 elementor-top-column elementor-element elementor-element-0ba6788\" data-id=\"0ba6788\" data-element_type=\"column\">\n\t\t\t<div class=\"elementor-widget-wrap elementor-element-populated\">\n\t\t\t\t\t\t<div class=\"elementor-element elementor-element-36ca9a3 elementor-nav-menu__align-start elementor-nav-menu__text-align-center elementor-nav-menu--dropdown-tablet elementor-nav-menu--toggle elementor-nav-menu--burger elementor-widget elementor-widget-global elementor-global-4259 elementor-widget-nav-menu\" data-id=\"36ca9a3\" data-element_type=\"widget\" data-settings=\"{&quot;layout&quot;:&quot;vertical&quot;,&quot;submenu_icon&quot;:{&quot;value&quot;:&quot;fas fa-caret-down&quot;,&quot;library&quot;:&quot;fa-solid&quot;},&quot;toggle&quot;:&quot;burger&quot;}\" data-widget_type=\"nav-menu.default\">\n\t\t\t\t<div class=\"elementor-widget-container\">\n\t\t\t\t\t\t\t\t<nav aria-label=\"Men\u00fc\" class=\"elementor-nav-menu--main elementor-nav-menu__container elementor-nav-menu--layout-vertical e--pointer-background e--animation-fade\">\n\t\t\t\t<ul id=\"menu-1-36ca9a3\" class=\"elementor-nav-menu sm-vertical\"><li class=\"menu-item menu-item-type-post_type menu-item-object-page menu-item-4237\"><a href=\"https:\/\/amnromania.ro\/hu\/tevekenyseg\/ayurveda-tanfolyamok\/\" class=\"elementor-item\">Ayurveda tanfolyamok<\/a><\/li>\n<li class=\"menu-item menu-item-type-post_type menu-item-object-page menu-item-4234\"><a href=\"https:\/\/amnromania.ro\/hu\/tevekenyseg\/ayurveda-versenyek\/\" class=\"elementor-item\">Ayurveda versenyek<\/a><\/li>\n<li class=\"menu-item menu-item-type-post_type menu-item-object-page menu-item-4235\"><a href=\"https:\/\/amnromania.ro\/hu\/tevekenyseg\/ayurveda-konferencia\/\" class=\"elementor-item\">Ayurveda konferenci\u00e1k<\/a><\/li>\n<li class=\"menu-item menu-item-type-post_type menu-item-object-page menu-item-4236\"><a href=\"https:\/\/amnromania.ro\/hu\/tevekenyseg\/ayurveda-kongresszus\/\" class=\"elementor-item\">Ayurveda kongresszus<\/a><\/li>\n<li class=\"menu-item menu-item-type-post_type menu-item-object-page menu-item-5535\"><a href=\"https:\/\/amnromania.ro\/hu\/tevekenyseg\/ayurveda-taborok\/\" class=\"elementor-item\">Ayurveda t\u00e1borok<\/a><\/li>\n<\/ul>\t\t\t<\/nav>\n\t\t\t\t\t<div class=\"elementor-menu-toggle\" role=\"button\" tabindex=\"0\" aria-label=\"Toggle men\u00fc\" aria-expanded=\"false\">\n\t\t\t<i aria-hidden=\"true\" role=\"presentation\" class=\"elementor-menu-toggle__icon--open eicon-menu-bar\"><\/i><i aria-hidden=\"true\" role=\"presentation\" class=\"elementor-menu-toggle__icon--close eicon-close\"><\/i>\t\t<\/div>\n\t\t\t\t\t<nav class=\"elementor-nav-menu--dropdown elementor-nav-menu__container\" aria-hidden=\"true\">\n\t\t\t\t<ul id=\"menu-2-36ca9a3\" class=\"elementor-nav-menu sm-vertical\"><li class=\"menu-item menu-item-type-post_type menu-item-object-page menu-item-4237\"><a href=\"https:\/\/amnromania.ro\/hu\/tevekenyseg\/ayurveda-tanfolyamok\/\" class=\"elementor-item\" tabindex=\"-1\">Ayurveda tanfolyamok<\/a><\/li>\n<li class=\"menu-item menu-item-type-post_type menu-item-object-page menu-item-4234\"><a href=\"https:\/\/amnromania.ro\/hu\/tevekenyseg\/ayurveda-versenyek\/\" class=\"elementor-item\" tabindex=\"-1\">Ayurveda versenyek<\/a><\/li>\n<li class=\"menu-item menu-item-type-post_type menu-item-object-page menu-item-4235\"><a href=\"https:\/\/amnromania.ro\/hu\/tevekenyseg\/ayurveda-konferencia\/\" class=\"elementor-item\" tabindex=\"-1\">Ayurveda konferenci\u00e1k<\/a><\/li>\n<li class=\"menu-item menu-item-type-post_type menu-item-object-page menu-item-4236\"><a href=\"https:\/\/amnromania.ro\/hu\/tevekenyseg\/ayurveda-kongresszus\/\" class=\"elementor-item\" tabindex=\"-1\">Ayurveda kongresszus<\/a><\/li>\n<li class=\"menu-item menu-item-type-post_type menu-item-object-page menu-item-5535\"><a href=\"https:\/\/amnromania.ro\/hu\/tevekenyseg\/ayurveda-taborok\/\" class=\"elementor-item\" tabindex=\"-1\">Ayurveda t\u00e1borok<\/a><\/li>\n<\/ul>\t\t\t<\/nav>\n\t\t\t\t\t\t<\/div>\n\t\t\t\t<\/div>\n\t\t\t\t\t<\/div>\n\t\t<\/div>\n\t\t\t\t<div class=\"elementor-column elementor-col-50 elementor-top-column elementor-element elementor-element-a4414f5\" data-id=\"a4414f5\" data-element_type=\"column\">\n\t\t\t<div class=\"elementor-widget-wrap elementor-element-populated\">\n\t\t\t\t\t\t<div class=\"elementor-element elementor-element-76b2ac6 elementor-widget elementor-widget-text-editor\" data-id=\"76b2ac6\" data-element_type=\"widget\" data-widget_type=\"text-editor.default\">\n\t\t\t\t<div class=\"elementor-widget-container\">\n\t\t\t\t\t\t\t\t\t<h1 style=\"text-align: center;\"><span style=\"color: #ffcc00;\"><strong style=\"font-size: 29px; text-align: center;\">Nemzetk\u00f6zi Kongresszus a\u00a0<\/strong><strong style=\"font-size: 29px;\">Ayurveda - j\u00falius 2018<\/strong><\/span><\/h1><div><h2 style=\"text-align: center;\"><span style=\"color: #ffcc00;\"><strong>\"Egy\u00e9ni \u00e9s assziszt\u00e1lt ayurv\u00e9dikus gyakorlat\"<\/strong><\/span><\/h2><p class=\"Normal P-19\">Az esem\u00e9nyre 7-<wbr \/>2018. j\u00fanius 12., \u00e9s sz\u00e1mos szakembert, kutat\u00f3t \u00e9s k\u00fcl\u00f6n\u00f6sen az \u0151si ayurv\u00e9da rendszer gyakorl\u00f3it hozza \u00f6ssze, akik olyan t\u00e9m\u00e1k sz\u00e9les sk\u00e1l\u00e1j\u00e1t mutatj\u00e1k be, amelyek konkr\u00e9t m\u00f3don kiemelik az ayurv\u00e9da k\u00fcl\u00f6nb\u00f6z\u0151 hagyom\u00e1nyos m\u00f3dszereinek alkalmaz\u00e1s\u00e1t az \u00e9let\u00fckben \u00e9s munk\u00e1jukban.<\/p><p class=\"Normal P-19\">Mindezen k\u00fcl\u00f6nleges esem\u00e9ny programj\u00e1ban szerepl\u0151 ki\u00e1ll\u00edt\u00e1sok hiteless\u00e9ge az esem\u00e9ny n\u00e9vjegye, amely jelenleg egyed\u00fcl\u00e1ll\u00f3 Rom\u00e1ni\u00e1ban.<\/p><p class=\"Normal P-19\">A 2018-as Ayurveda Kongresszust a Rom\u00e1ni\u00e1ban 1992 \u00f3ta m\u0171k\u00f6d\u0151, a nem hagyom\u00e1nyos gy\u00f3gym\u00f3dokat n\u00e9pszer\u0171s\u00edt\u0151 Orsz\u00e1gos Egyes\u00fclet (AMN) \u00e9gisze alatt szervezik, amely a hagyom\u00e1nyos ayurv\u00e9da rendszer \u00e9vezredes tudom\u00e1ny\u00e1t n\u00e9pszer\u0171s\u00edti minden olyan ember sz\u00e1m\u00e1ra, aki \u00e9rdekl\u0151dik az emberi tud\u00e1s e hatalmas ter\u00fclete ir\u00e1nt.<\/p><p class=\"Normal P-19\">Az esem\u00e9nyen val\u00f3 r\u00e9szv\u00e9tel teljesen ingyenes, \u00e9s b\u00e1rki sz\u00e1m\u00e1ra nyitott, aki \u00e9rdekl\u0151dik az Ayurveda hatalmas ter\u00fclet\u00e9nek megismer\u00e9se ir\u00e1nt.<\/p><p class=\"Normal P-19\">A 2018-as Nemzetk\u00f6zi Ayurveda Kongresszus az AMN - Rom\u00e1nia \u00e1ltal 1995 \u00f3ta kezdem\u00e9nyezett \u00e9s t\u00e1mogatott nemzeti \u00e9s nemzetk\u00f6zi oktat\u00e1si program r\u00e9sze.<\/p><\/div><div>\u00a0<\/div><h2><img fetchpriority=\"high\" decoding=\"async\" class=\"alignnone wp-image-5668 size-large\" src=\"https:\/\/amnromania.ro\/wp-content\/uploads\/2020\/11\/CARTON-CONGRES-2018-1024x576.jpg\" alt=\"\" width=\"1024\" height=\"576\" srcset=\"https:\/\/amnromania.ro\/wp-content\/uploads\/2020\/11\/CARTON-CONGRES-2018-1024x576.jpg 1024w, https:\/\/amnromania.ro\/wp-content\/uploads\/2020\/11\/CARTON-CONGRES-2018-300x169.jpg 300w, https:\/\/amnromania.ro\/wp-content\/uploads\/2020\/11\/CARTON-CONGRES-2018-768x432.jpg 768w, https:\/\/amnromania.ro\/wp-content\/uploads\/2020\/11\/CARTON-CONGRES-2018-1536x864.jpg 1536w, https:\/\/amnromania.ro\/wp-content\/uploads\/2020\/11\/CARTON-CONGRES-2018.jpg 1920w\" sizes=\"(max-width: 1024px) 100vw, 1024px\" \/><\/h2><h2><span style=\"color: #ffcc00;\">A ki\u00e1ll\u00edt\u00e1sok felv\u00e9telei megtekinthet\u0151k a k\u00f6vetkez\u0151 weboldalon <\/span><span style=\"color: #000080;\"><a style=\"color: #000080;\" href=\"https:\/\/www.youtube.com\/playlist?list=PLBlglrmb4KqeQX_1Ice7oTVFhWwAZ9vXx\" target=\"_blank\" rel=\"noopener\">AMN-Rom\u00e1nia Youtube csatorna<\/a><\/span><\/h2><p><span style=\"color: #ff0000;\"><strong>\u00a0<\/strong><\/span><\/p><h1><strong><span style=\"color: #ffcc00;\"><span style=\"font-family: 'Roboto Condensed', sans-serif; font-size: 22px;\">A 2018-as Ayurveda Kongresszuson bemutatott t\u00e9m\u00e1k<\/span><\/span><\/strong><\/h1><h2>1. Bevezet\u00e9s az Ayurv\u00e9d\u00e1ba<\/h2><p>Andrei Gamulea \u00e9s Aurora Nicolae - az AMN-Rom\u00e1nia eln\u00f6ke<br \/><a href=\"https:\/\/youtu.be\/m8XEZFGN1ns\" target=\"_blank\" rel=\"noopener\">https:\/\/youtu.be\/m8XEZFGN1ns<\/a><\/p><p><span style=\"font-family: 'Roboto Condensed', sans-serif; font-size: 24px; font-weight: inherit; color: var( --e-global-color-text );\">2. Ayurv\u00e9dikus diagn\u00f3zis biorezonanci\u00e1s k\u00e9sz\u00fcl\u00e9k seg\u00edts\u00e9g\u00e9vel<\/span><\/p><p>Sigismund Papp - ayurveda el\u0151ad\u00f3, orvos, Bukarest<br \/><a href=\"https:\/\/youtu.be\/m8XEZFGN1ns\" target=\"_blank\" rel=\"noopener\">https:\/\/youtu.be\/BaPDHtcFohA<\/a><\/p><h2>3. A torokgyullad\u00e1s kezel\u00e9s\u00e9nek ayurv\u00e9dikus megk\u00f6zel\u00edt\u00e9se<\/h2><p>Victor Modval - Ayurveda el\u0151ad\u00f3, pszichi\u00e1ter, Marosv\u00e1s\u00e1rhelyen<br \/><a href=\"https:\/\/youtu.be\/ht3liF1D_wU\" target=\"_blank\" rel=\"noopener\">https:\/\/youtu.be\/ht3liF1D_wU<\/a><\/p><h2>4. Ill\u00f3olajok haszn\u00e1lata ayurv\u00e9dikus formul\u00e1kban<\/h2><p>Sophia Mitchell - Ayurveda gyakorl\u00f3, Brass\u00f3<br \/><a href=\"https:\/\/youtu.be\/Pjiy4Eu39kk\" target=\"_blank\" rel=\"noopener\">https:\/\/youtu.be\/Pjiy4Eu39kk<\/a><\/p><h2>5. Ayurv\u00e9dikus fitoter\u00e1pi\u00e1s megk\u00f6zel\u00edt\u00e9s kognit\u00edv hanyatl\u00e1s eset\u00e9n<\/h2><p>Victor Modval - Ayurveda el\u0151ad\u00f3, pszichi\u00e1ter, Marosv\u00e1s\u00e1rhelyen<br \/><a href=\"https:\/\/youtu.be\/FgzLlTgxNN0\" target=\"_blank\" rel=\"noopener\">https:\/\/youtu.be\/FgzLlTgxNN0<\/a><\/p><h2>6. Ayurv\u00e9dikus fitoter\u00e1pi\u00e1s megk\u00f6zel\u00edt\u00e9s a petef\u00e9szek t\u00e1lyogban<\/h2><p>Elisabeta Bugu - Ayurveda el\u0151ad\u00f3, Constanta<br \/><a href=\"https:\/\/youtu.be\/s0_dq0pwU_4\" target=\"_blank\" rel=\"noopener\">https:\/\/youtu.be\/s0_dq0pwU_4<\/a><\/p><h2>7. Ayurv\u00e9dikus kezel\u00e9si lehet\u0151s\u00e9gek a nyaki elv\u00e1ltoz\u00e1sokn\u00e1l<\/h2><p>Aurora Repede - ayurv\u00e9da el\u0151ad\u00f3, orvos, Kolozsv\u00e1r<br \/><a href=\"https:\/\/youtu.be\/Ka6MxhnbD_A\" target=\"_blank\" rel=\"noopener\">https:\/\/youtu.be\/Ka6MxhnbD_A<\/a><\/p><h2>8. Erekci\u00f3s zavarok eset\u00e9n alkalmazott ayurv\u00e9dikus m\u00f3dszerek<\/h2><p>Monica Pascalau - Ayurveda oktat\u00f3, orvos, Kolozsv\u00e1r<br \/><a href=\"https:\/\/youtu.be\/py7gF4zYE6A\" target=\"_blank\" rel=\"noopener\">https:\/\/youtu.be\/py7gF4zYE6A<\/a><\/p><h2>9. Az ayurv\u00e9dikus \u00e9g\u00e9si s\u00e9r\u00fcl\u00e9sek kezel\u00e9s\u00e9ben haszn\u00e1lt m\u00e9z<\/h2><p>Nadia Todericiu - Ayurveda gyakorl\u00f3, orvos, Kolozsv\u00e1r<br \/><a href=\"https:\/\/youtu.be\/jF8-t7vpChg\" target=\"_blank\" rel=\"noopener\">https:\/\/youtu.be\/jF8-t7vpChg<\/a><\/p><h2>10. Ayurv\u00e9dikus megk\u00f6zel\u00edt\u00e9s az iszk\u00e9mi\u00e1s sz\u00edvbetegs\u00e9g kezel\u00e9s\u00e9ben<\/h2><p>Monica Pascalau - ayurv\u00e9da el\u0151ad\u00f3, orvos, Kolozsv\u00e1r<br \/><a href=\"https:\/\/youtu.be\/aD9ivL-dNGc\" target=\"_blank\" rel=\"noopener\">https:\/\/youtu.be\/aD9ivL-dNGc<\/a><\/p><h2>11. Az Ayurveda gyakorlati alkalmaz\u00e1s\u00e1nak el\u0151nyei<\/h2><p>Sibila Pitkanen - Ayurveda gyakorl\u00f3, Helsinki, Finnorsz\u00e1g<br \/><a href=\"https:\/\/youtu.be\/rJkUNv2rtzY\" target=\"_blank\" rel=\"noopener\">https:\/\/youtu.be\/rJkUNv2rtzY<\/a><\/p><h2>12. Regener\u00e1ci\u00f3 \u00e9s wellness az ayurv\u00e9dikus gyakorlatok seg\u00edts\u00e9g\u00e9vel<\/h2><p>Aurora Repede - ayurv\u00e9da el\u0151ad\u00f3, orvos, Kolozsv\u00e1r<br \/><a href=\"https:\/\/youtu.be\/aw_VTlIMyGg\" target=\"_blank\" rel=\"noopener\">https:\/\/youtu.be\/aw_VTlIMyGg<\/a><\/p><h2>13. Immunit\u00e1s a hagyom\u00e1nyos ayurv\u00e9dikus rendszer szempontj\u00e1b\u00f3l<\/h2><p>Mirela Strant - ayurv\u00e9da el\u0151ad\u00f3, orvos, Kolozsv\u00e1r<br \/><a href=\"https:\/\/youtu.be\/b5rW_gMb7vc\" target=\"_blank\" rel=\"noopener\">https:\/\/youtu.be\/b5rW_gMb7vc<\/a><\/p><h2>14. Ayurv\u00e9dikus kezel\u00e9s az amenorrhoe\u00e1hoz igaz\u00edtva<\/h2><p>Anca Cioltan - ayurveda el\u0151ad\u00f3, orvos, Mangalia<br \/><a href=\"https:\/\/youtu.be\/0Uho_v1h-Mw\" target=\"_blank\" rel=\"noopener\">https:\/\/youtu.be\/0Uho_v1h-Mw<\/a><\/p><h2>15. A gy\u00f3gy\u00edt\u00f3 er\u0151fesz\u00edt\u00e9s matematikai bizony\u00edt\u00e1sa<\/h2><p>Vasile Cocor - Ayurveda el\u0151ad\u00f3, Kolozsv\u00e1r<br \/><a href=\"https:\/\/youtu.be\/E-ZpKlLuEiQ\" target=\"_blank\" rel=\"noopener\">https:\/\/youtu.be\/E-ZpKlLuEiQ<\/a><\/p><h2>16. Ayurv\u00e9dikus fitoter\u00e1pi\u00e1s megk\u00f6zel\u00edt\u00e9s t\u00fcd\u0151betegs\u00e9g eset\u00e9n<\/h2><p>Anca Cioltan - ayurveda el\u0151ad\u00f3, orvos, Mangalia<br \/><a href=\"https:\/\/youtu.be\/K2S-I-nX6cs\" target=\"_blank\" rel=\"noopener\">https:\/\/youtu.be\/K2S-I-nX6cs<\/a><\/p><h2>17. Ayurv\u00e9dikus alkalmaz\u00e1s a m\u00e1j steatofibr\u00f3zis\u00e1nak kezel\u00e9s\u00e9re<\/h2><p>Monica Pascalau - ayurv\u00e9da el\u0151ad\u00f3, orvos, Kolozsv\u00e1r<br \/><a href=\"https:\/\/youtu.be\/k7BtgNJo31g\" target=\"_blank\" rel=\"noopener\">https:\/\/youtu.be\/k7BtgNJo31g<\/a><\/p><h2>18. Az ayurv\u00e9dikus regenerat\u00edv m\u00f3dszerek alkalmaz\u00e1sa a v\u00e1rosi k\u00f6rnyezetben<\/h2><p>Viorel Ionescu - ayurv\u00e9da gy\u00f3gy\u00edt\u00f3, Bukarest<br \/><a href=\"https:\/\/youtu.be\/6aAFWXGMMzc\" target=\"_blank\" rel=\"noopener\">https:\/\/youtu.be\/6aAFWXGMMzc<\/a><\/p><h2>19. Az olajoz\u00e1si elj\u00e1r\u00e1sok egy\u00e9ni ayurv\u00e9dikus gyakorlata<\/h2><p>Oleinic Adelina - ayurv\u00e9dikus, Chi\u015fin\u0103u<br \/><a href=\"https:\/\/youtu.be\/hsZa2jM1gQo\" target=\"_blank\" rel=\"noopener\">https:\/\/youtu.be\/hsZa2jM1gQo<\/a><\/p><h2>20. A Pancha Karma szekvenci\u00e1k egy\u00e9ni ayurv\u00e9dikus gyakorlata<\/h2><p>Daniela Oarga - ayurveda el\u0151ad\u00f3, Alba Iulia<br \/><a href=\"https:\/\/youtu.be\/rOfKRV4Y_0I\" target=\"_blank\" rel=\"noopener\">https:\/\/youtu.be\/rOfKRV4Y_0I<\/a><\/p><h2>21. Gy\u00f3gyn\u00f6v\u00e9nyek haszn\u00e1lata az eml\u0151ciszta kezel\u00e9s\u00e9ben<\/h2><p>Virginia Gurau - ayurv\u00e9dikus, Chi\u015fin\u0103u<br \/><a href=\"https:\/\/youtu.be\/TzuSe5gWges\" target=\"_blank\" rel=\"noopener\">https:\/\/youtu.be\/TzuSe5gWges<\/a><\/p><h2>22. N\u00e9h\u00e1ny megfigyel\u00e9s az assziszt\u00e1lt ayurv\u00e9dikus gyakorlatban<\/h2><p>Viorica Vacaru - Ayurveda el\u0151ad\u00f3, orvos, Chi\u015fin\u0103u<br \/><a href=\"https:\/\/youtu.be\/oefXjvTwFws\" target=\"_blank\" rel=\"noopener\">https:\/\/youtu.be\/oefXjvTwFws<\/a><\/p><h2>23. A s\u00f6r\u00e9leszt\u0151 haszn\u00e1lat\u00e1ra vonatkoz\u00f3 utas\u00edt\u00e1sok ment\u00e1lis patol\u00f3gi\u00e1ban<\/h2><p>Micu Antonoral - ayurveda el\u0151ad\u00f3, orvos, Bukarest<br \/><a href=\"https:\/\/youtu.be\/Zhz-wC9js5A\" target=\"_blank\" rel=\"noopener\">https:\/\/youtu.be\/Zhz-wC9js5A<\/a><\/p><h2>24. Az ill\u00f3olajok ayurv\u00e9dikus haszn\u00e1lata a marma akt\u00edv pontter\u00e1pi\u00e1ban<\/h2><p>Florin Bebesel - ayurveda gyakorl\u00f3, orvos, Bukarest<br \/><a href=\"https:\/\/youtu.be\/SUxKEZe_4rY\" target=\"_blank\" rel=\"noopener\">https:\/\/youtu.be\/SUxKEZe_4rY<\/a><\/p><h2>25. Ayurv\u00e9dikus megk\u00f6zel\u00edt\u00e9s az erysipelas kezel\u00e9s\u00e9ben<\/h2><p>Cristina C\u00eempean - ayurv\u00e9da el\u0151ad\u00f3, orvos, Kolozsv\u00e1r<br \/><a href=\"https:\/\/youtu.be\/6YGo2qJ9sZs\" target=\"_blank\" rel=\"noopener\">https:\/\/youtu.be\/6YGo2qJ9sZs<\/a><\/p><h2>26. Modern perspekt\u00edv\u00e1k a hagyom\u00e1nyos ayurv\u00e9dikus m\u00f3dszerek alkalmaz\u00e1s\u00e1ban<\/h2><p>2018-as z\u00e1r\u00f3kongresszus - Andrei Gamulea - ayurv\u00e9da el\u0151ad\u00f3, ayurv\u00e9da el\u0151ad\u00f3, a Rom\u00e1niai Nem Konvencion\u00e1lis Gy\u00f3gym\u00f3dok Sz\u00f6vets\u00e9g\u00e9nek eln\u00f6ke.<br \/><a href=\"https:\/\/youtu.be\/QZ8FnxSYK3U\" target=\"_blank\" rel=\"noopener\">https:\/\/youtu.be\/QZ8FnxSYK3U<\/a><\/p>\t\t\t\t\t\t\t\t<\/div>\n\t\t\t\t<\/div>\n\t\t\t\t\t<\/div>\n\t\t<\/div>\n\t\t\t\t\t<\/div>\n\t\t<\/section>\n\t\t\t\t<\/div>","protected":false},"excerpt":{"rendered":"<p>Nemzetk\u00f6zi Ayurveda Kongresszus - 2018. j\u00falius \"Egy\u00e9ni \u00e9s t\u00e1mogatott ayurv\u00e9dikus gyakorlat\" A 2018. j\u00fanius 7-12. k\u00f6z\u00f6tt megrendez\u00e9sre ker\u00fcl\u0151 esem\u00e9nyen sz\u00e1mos szakember, kutat\u00f3 \u00e9s k\u00fcl\u00f6n\u00f6sen az \u0151si ayurv\u00e9dikus rendszer gyakorl\u00f3i vesznek r\u00e9szt, akik olyan t\u00e9m\u00e1k sz\u00e9les k\u00f6r\u00e9t mutatj\u00e1k be, amelyek konkr\u00e9t m\u00f3don kiemelik az ayurv\u00e9da k\u00fcl\u00f6nb\u00f6z\u0151 hagyom\u00e1nyos m\u00f3dszereinek alkalmaz\u00e1s\u00e1t az \u00e9letben [...].<\/p>","protected":false},"author":1,"featured_media":0,"parent":3534,"menu_order":0,"comment_status":"closed","ping_status":"closed","template":"","meta":{"_mi_skip_tracking":false,"_analytify_skip_tracking":false,"footnotes":""},"class_list":["post-4643","page","type-page","status-publish","hentry"],"aioseo_notices":[],"aioseo_head":"\n\t\t<!-- All in One SEO Pro 4.7.0 - aioseo.com -->\n\t\t<meta name=\"description\" content=\"Evenimentul reuneste numero\u015fi speciali\u015fti, cercet\u0103tori \u015fi mai ales practican\u0163i ai sistemului milenar Ayurveda, care expun o serie ampl\u0103 de aspecte ce reliefeaz\u0103, \u00een moduri specifice, punerea \u00een practic\u0103 a variatelor metode tradi\u0163ionale din Ayurveda, \u00een via\u0163a \u015fi \u00een activitatea lor.\" \/>\n\t\t<meta name=\"robots\" content=\"max-image-preview:large\" \/>\n\t\t<meta name=\"google-site-verification\" content=\"G-391X30D2FS\" \/>\n\t\t<link rel=\"canonical\" href=\"https:\/\/amnromania.ro\/hu\/tevekenyseg\/ayurveda-kongresszus\/kongresszus-2018\/\" \/>\n\t\t<meta name=\"generator\" content=\"All in One SEO Pro (AIOSEO) 4.7.0\" \/>\n\t\t<meta property=\"og:locale\" content=\"hu_HU\" \/>\n\t\t<meta property=\"og:site_name\" content=\"AMN Ayurveda ROM\u00c2NIA | Asociatia Nationala pentru Promovarea Medicinelor Neconventionale\" \/>\n\t\t<meta property=\"og:type\" content=\"article\" \/>\n\t\t<meta property=\"og:title\" content=\"Congres Ayurveda 2018 | AMN Ayurveda ROM\u00c2NIA\" \/>\n\t\t<meta property=\"og:description\" content=\"Evenimentul reuneste numero\u015fi speciali\u015fti, cercet\u0103tori \u015fi mai ales practican\u0163i ai sistemului milenar Ayurveda, care expun o serie ampl\u0103 de aspecte ce reliefeaz\u0103, \u00een moduri specifice, punerea \u00een practic\u0103 a variatelor metode tradi\u0163ionale din Ayurveda, \u00een via\u0163a \u015fi \u00een activitatea lor.\" \/>\n\t\t<meta property=\"og:url\" content=\"https:\/\/amnromania.ro\/hu\/tevekenyseg\/ayurveda-kongresszus\/kongresszus-2018\/\" \/>\n\t\t<meta property=\"og:image\" content=\"https:\/\/amnromania.ro\/ynorsyju\/2021\/06\/Ayurveda-in-Romania-Vol.-2-Ro.jpg\" \/>\n\t\t<meta property=\"og:image:secure_url\" content=\"https:\/\/amnromania.ro\/ynorsyju\/2021\/06\/Ayurveda-in-Romania-Vol.-2-Ro.jpg\" \/>\n\t\t<meta property=\"article:published_time\" content=\"2020-11-08T19:06:31+00:00\" \/>\n\t\t<meta property=\"article:modified_time\" content=\"2023-12-13T09:44:58+00:00\" \/>\n\t\t<meta property=\"article:publisher\" content=\"https:\/\/www.facebook.com\/AMNRomania\" \/>\n\t\t<script type=\"application\/ld+json\" class=\"aioseo-schema\">\n\t\t\t{\"@context\":\"https:\\\/\\\/schema.org\",\"@graph\":[{\"@type\":\"BreadcrumbList\",\"@id\":\"https:\\\/\\\/amnromania.ro\\\/hu\\\/tevekenyseg\\\/ayurveda-kongresszus\\\/kongresszus-2018\\\/#breadcrumblist\",\"itemListElement\":[{\"@type\":\"ListItem\",\"@id\":\"https:\\\/\\\/amnromania.ro\\\/hu\\\/#listItem\",\"position\":1,\"name\":\"Home\",\"item\":\"https:\\\/\\\/amnromania.ro\\\/hu\\\/\",\"nextItem\":\"https:\\\/\\\/amnromania.ro\\\/hu\\\/tevekenyseg\\\/#listItem\"},{\"@type\":\"ListItem\",\"@id\":\"https:\\\/\\\/amnromania.ro\\\/hu\\\/tevekenyseg\\\/#listItem\",\"position\":2,\"name\":\"Activitate\",\"item\":\"https:\\\/\\\/amnromania.ro\\\/hu\\\/tevekenyseg\\\/\",\"nextItem\":\"https:\\\/\\\/amnromania.ro\\\/hu\\\/tevekenyseg\\\/ayurveda-kongresszus\\\/#listItem\",\"previousItem\":\"https:\\\/\\\/amnromania.ro\\\/hu\\\/#listItem\"},{\"@type\":\"ListItem\",\"@id\":\"https:\\\/\\\/amnromania.ro\\\/hu\\\/tevekenyseg\\\/ayurveda-kongresszus\\\/#listItem\",\"position\":3,\"name\":\"Congrese de Ayurveda\",\"item\":\"https:\\\/\\\/amnromania.ro\\\/hu\\\/tevekenyseg\\\/ayurveda-kongresszus\\\/\",\"nextItem\":\"https:\\\/\\\/amnromania.ro\\\/hu\\\/tevekenyseg\\\/ayurveda-kongresszus\\\/kongresszus-2018\\\/#listItem\",\"previousItem\":\"https:\\\/\\\/amnromania.ro\\\/hu\\\/tevekenyseg\\\/#listItem\"},{\"@type\":\"ListItem\",\"@id\":\"https:\\\/\\\/amnromania.ro\\\/hu\\\/tevekenyseg\\\/ayurveda-kongresszus\\\/kongresszus-2018\\\/#listItem\",\"position\":4,\"name\":\"Congres Ayurveda 2018\",\"previousItem\":\"https:\\\/\\\/amnromania.ro\\\/hu\\\/tevekenyseg\\\/ayurveda-kongresszus\\\/#listItem\"}]},{\"@type\":\"Organization\",\"@id\":\"https:\\\/\\\/amnromania.ro\\\/hu\\\/#organization\",\"name\":\"AMN Ayurveda Romania\",\"url\":\"https:\\\/\\\/amnromania.ro\\\/hu\\\/\",\"logo\":{\"@type\":\"ImageObject\",\"url\":\"https:\\\/\\\/amnromania.ro\\\/ynorsyju\\\/2020\\\/10\\\/amn.png\",\"@id\":\"https:\\\/\\\/amnromania.ro\\\/hu\\\/tevekenyseg\\\/ayurveda-kongresszus\\\/kongresszus-2018\\\/#organizationLogo\"},\"image\":{\"@id\":\"https:\\\/\\\/amnromania.ro\\\/hu\\\/tevekenyseg\\\/ayurveda-kongresszus\\\/kongresszus-2018\\\/#organizationLogo\"},\"sameAs\":[\"https:\\\/\\\/www.facebook.com\\\/AMNRomania\",\"https:\\\/\\\/www.youtube.com\\\/channel\\\/UClfqKxiq_uZ11rthDIT3-BQ\\\/videos\"]},{\"@type\":\"WebPage\",\"@id\":\"https:\\\/\\\/amnromania.ro\\\/hu\\\/tevekenyseg\\\/ayurveda-kongresszus\\\/kongresszus-2018\\\/#webpage\",\"url\":\"https:\\\/\\\/amnromania.ro\\\/hu\\\/tevekenyseg\\\/ayurveda-kongresszus\\\/kongresszus-2018\\\/\",\"name\":\"Congres Ayurveda 2018 | AMN Ayurveda ROM\\u00c2NIA\",\"description\":\"Evenimentul reuneste numero\\u015fi speciali\\u015fti, cercet\\u0103tori \\u015fi mai ales practican\\u0163i ai sistemului milenar Ayurveda, care expun o serie ampl\\u0103 de aspecte ce reliefeaz\\u0103, \\u00een moduri specifice, punerea \\u00een practic\\u0103 a variatelor metode tradi\\u0163ionale din Ayurveda, \\u00een via\\u0163a \\u015fi \\u00een activitatea lor.\",\"inLanguage\":\"hu-HU\",\"isPartOf\":{\"@id\":\"https:\\\/\\\/amnromania.ro\\\/hu\\\/#website\"},\"breadcrumb\":{\"@id\":\"https:\\\/\\\/amnromania.ro\\\/hu\\\/tevekenyseg\\\/ayurveda-kongresszus\\\/kongresszus-2018\\\/#breadcrumblist\"},\"datePublished\":\"2020-11-08T19:06:31+02:00\",\"dateModified\":\"2023-12-13T11:44:58+02:00\"},{\"@type\":\"WebSite\",\"@id\":\"https:\\\/\\\/amnromania.ro\\\/hu\\\/#website\",\"url\":\"https:\\\/\\\/amnromania.ro\\\/hu\\\/\",\"name\":\"AMN Ayurveda ROM\\u00c2NIA\",\"description\":\"Asociatia Nationala pentru Promovarea Medicinelor Neconventionale\",\"inLanguage\":\"hu-HU\",\"publisher\":{\"@id\":\"https:\\\/\\\/amnromania.ro\\\/hu\\\/#organization\"}}]}\n\t\t<\/script>\n\t\t<!-- All in One SEO Pro -->\r\n\t\t<title>Congres Ayurveda 2018 | AMN Ayurveda ROM\u00c2NIA<\/title>\n\n","aioseo_head_json":{"title":"Congres Ayurveda 2018 | AMN Ayurveda ROM\u00c2NIA","description":"Evenimentul reuneste numero\u015fi speciali\u015fti, cercet\u0103tori \u015fi mai ales practican\u0163i ai sistemului milenar Ayurveda, care expun o serie ampl\u0103 de aspecte ce reliefeaz\u0103, \u00een moduri specifice, punerea \u00een practic\u0103 a variatelor metode tradi\u0163ionale din Ayurveda, \u00een via\u0163a \u015fi \u00een activitatea lor.","canonical_url":"https:\/\/amnromania.ro\/hu\/tevekenyseg\/ayurveda-kongresszus\/kongresszus-2018\/","robots":"max-image-preview:large","keywords":"","webmasterTools":{"google-site-verification":"G-391X30D2FS","miscellaneous":""},"og:locale":"hu_HU","og:site_name":"AMN Ayurveda ROM\u00c2NIA | Asociatia Nationala pentru Promovarea Medicinelor Neconventionale","og:type":"article","og:title":"Congres Ayurveda 2018 | AMN Ayurveda ROM\u00c2NIA","og:description":"Evenimentul reuneste numero\u015fi speciali\u015fti, cercet\u0103tori \u015fi mai ales practican\u0163i ai sistemului milenar Ayurveda, care expun o serie ampl\u0103 de aspecte ce reliefeaz\u0103, \u00een moduri specifice, punerea \u00een practic\u0103 a variatelor metode tradi\u0163ionale din Ayurveda, \u00een via\u0163a \u015fi \u00een activitatea lor.","og:url":"https:\/\/amnromania.ro\/hu\/tevekenyseg\/ayurveda-kongresszus\/kongresszus-2018\/","og:image":"https:\/\/amnromania.ro\/ynorsyju\/2021\/06\/Ayurveda-in-Romania-Vol.-2-Ro.jpg","og:image:secure_url":"https:\/\/amnromania.ro\/ynorsyju\/2021\/06\/Ayurveda-in-Romania-Vol.-2-Ro.jpg","article:published_time":"2020-11-08T19:06:31+00:00","article:modified_time":"2023-12-13T09:44:58+00:00","article:publisher":"https:\/\/www.facebook.com\/AMNRomania","schema":{"@context":"https:\/\/schema.org","@graph":[{"@type":"BreadcrumbList","@id":"https:\/\/amnromania.ro\/hu\/tevekenyseg\/ayurveda-kongresszus\/kongresszus-2018\/#breadcrumblist","itemListElement":[{"@type":"ListItem","@id":"https:\/\/amnromania.ro\/hu\/#listItem","position":1,"name":"Home","item":"https:\/\/amnromania.ro\/hu\/","nextItem":"https:\/\/amnromania.ro\/hu\/tevekenyseg\/#listItem"},{"@type":"ListItem","@id":"https:\/\/amnromania.ro\/hu\/tevekenyseg\/#listItem","position":2,"name":"Activitate","item":"https:\/\/amnromania.ro\/hu\/tevekenyseg\/","nextItem":"https:\/\/amnromania.ro\/hu\/tevekenyseg\/ayurveda-kongresszus\/#listItem","previousItem":"https:\/\/amnromania.ro\/hu\/#listItem"},{"@type":"ListItem","@id":"https:\/\/amnromania.ro\/hu\/tevekenyseg\/ayurveda-kongresszus\/#listItem","position":3,"name":"Congrese de Ayurveda","item":"https:\/\/amnromania.ro\/hu\/tevekenyseg\/ayurveda-kongresszus\/","nextItem":"https:\/\/amnromania.ro\/hu\/tevekenyseg\/ayurveda-kongresszus\/kongresszus-2018\/#listItem","previousItem":"https:\/\/amnromania.ro\/hu\/tevekenyseg\/#listItem"},{"@type":"ListItem","@id":"https:\/\/amnromania.ro\/hu\/tevekenyseg\/ayurveda-kongresszus\/kongresszus-2018\/#listItem","position":4,"name":"Congres Ayurveda 2018","previousItem":"https:\/\/amnromania.ro\/hu\/tevekenyseg\/ayurveda-kongresszus\/#listItem"}]},{"@type":"Organization","@id":"https:\/\/amnromania.ro\/hu\/#organization","name":"AMN Ayurveda Romania","url":"https:\/\/amnromania.ro\/hu\/","logo":{"@type":"ImageObject","url":"https:\/\/amnromania.ro\/ynorsyju\/2020\/10\/amn.png","@id":"https:\/\/amnromania.ro\/hu\/tevekenyseg\/ayurveda-kongresszus\/kongresszus-2018\/#organizationLogo"},"image":{"@id":"https:\/\/amnromania.ro\/hu\/tevekenyseg\/ayurveda-kongresszus\/kongresszus-2018\/#organizationLogo"},"sameAs":["https:\/\/www.facebook.com\/AMNRomania","https:\/\/www.youtube.com\/channel\/UClfqKxiq_uZ11rthDIT3-BQ\/videos"]},{"@type":"WebPage","@id":"https:\/\/amnromania.ro\/hu\/tevekenyseg\/ayurveda-kongresszus\/kongresszus-2018\/#webpage","url":"https:\/\/amnromania.ro\/hu\/tevekenyseg\/ayurveda-kongresszus\/kongresszus-2018\/","name":"Congres Ayurveda 2018 | AMN Ayurveda ROM\u00c2NIA","description":"Evenimentul reuneste numero\u015fi speciali\u015fti, cercet\u0103tori \u015fi mai ales practican\u0163i ai sistemului milenar Ayurveda, care expun o serie ampl\u0103 de aspecte ce reliefeaz\u0103, \u00een moduri specifice, punerea \u00een practic\u0103 a variatelor metode tradi\u0163ionale din Ayurveda, \u00een via\u0163a \u015fi \u00een activitatea lor.","inLanguage":"hu-HU","isPartOf":{"@id":"https:\/\/amnromania.ro\/hu\/#website"},"breadcrumb":{"@id":"https:\/\/amnromania.ro\/hu\/tevekenyseg\/ayurveda-kongresszus\/kongresszus-2018\/#breadcrumblist"},"datePublished":"2020-11-08T19:06:31+02:00","dateModified":"2023-12-13T11:44:58+02:00"},{"@type":"WebSite","@id":"https:\/\/amnromania.ro\/hu\/#website","url":"https:\/\/amnromania.ro\/hu\/","name":"AMN Ayurveda ROM\u00c2NIA","description":"Asociatia Nationala pentru Promovarea Medicinelor Neconventionale","inLanguage":"hu-HU","publisher":{"@id":"https:\/\/amnromania.ro\/hu\/#organization"}}]}},"aioseo_meta_data":{"post_id":"4643","title":null,"description":"Evenimentul reuneste numero\u015fi speciali\u015fti, cercet\u0103tori \u015fi mai ales practican\u0163i ai sistemului milenar Ayurveda, care expun o serie ampl\u0103 de aspecte ce reliefeaz\u0103, \u00een moduri specifice, punerea \u00een practic\u0103 a variatelor metode tradi\u0163ionale din Ayurveda, \u00een via\u0163a \u015fi \u00een activitatea lor.","keywords":null,"keyphrases":null,"primary_term":null,"canonical_url":null,"og_title":null,"og_description":null,"og_object_type":"default","og_image_type":"default","og_image_url":null,"og_image_width":null,"og_image_height":null,"og_image_custom_url":null,"og_image_custom_fields":null,"og_video":null,"og_custom_url":null,"og_article_section":null,"og_article_tags":null,"twitter_use_og":false,"twitter_card":"default","twitter_image_type":"default","twitter_image_url":null,"twitter_image_custom_url":null,"twitter_image_custom_fields":null,"twitter_title":null,"twitter_description":null,"schema":{"blockGraphs":[],"customGraphs":[],"default":{"data":{"Article":[],"Course":[],"Dataset":[],"FAQPage":[],"Movie":[],"Person":[],"Product":[],"Recipe":[],"Service":[],"SoftwareApplication":[],"WebPage":[]},"graphName":"WebPage","isEnabled":true},"graphs":[]},"schema_type":null,"schema_type_options":null,"pillar_content":false,"robots_default":true,"robots_noindex":false,"robots_noarchive":false,"robots_nosnippet":false,"robots_nofollow":false,"robots_noimageindex":false,"robots_noodp":false,"robots_notranslate":false,"robots_max_snippet":null,"robots_max_videopreview":null,"robots_max_imagepreview":"large","priority":null,"frequency":null,"local_seo":null,"limit_modified_date":false,"open_ai":null,"created":"2020-12-21 07:24:39","updated":"2024-01-28 10:47:43"},"aioseo_breadcrumb":"<div class=\"aioseo-breadcrumbs\"><span class=\"aioseo-breadcrumb\">\n\t<a href=\"https:\/\/amnromania.ro\/hu\" title=\"Home\">Home<\/a>\n<\/span><span class=\"aioseo-breadcrumb-separator\">&raquo;<\/span><span class=\"aioseo-breadcrumb\">\n\t<a href=\"https:\/\/amnromania.ro\/hu\/tevekenyseg\/\" title=\"Activitate\">Activitate<\/a>\n<\/span><span class=\"aioseo-breadcrumb-separator\">&raquo;<\/span><span class=\"aioseo-breadcrumb\">\n\t<a href=\"https:\/\/amnromania.ro\/hu\/tevekenyseg\/ayurveda-kongresszus\/\" title=\"Congrese de Ayurveda\">Congrese de Ayurveda<\/a>\n<\/span><span class=\"aioseo-breadcrumb-separator\">&raquo;<\/span><span class=\"aioseo-breadcrumb\">\n\tCongres Ayurveda 2018\n<\/span><\/div>","aioseo_breadcrumb_json":[{"label":"Home","link":"https:\/\/amnromania.ro\/hu"},{"label":"Activitate","link":"https:\/\/amnromania.ro\/hu\/tevekenyseg\/"},{"label":"Congrese de Ayurveda","link":"https:\/\/amnromania.ro\/hu\/tevekenyseg\/ayurveda-kongresszus\/"},{"label":"Congres Ayurveda 2018","link":"https:\/\/amnromania.ro\/hu\/tevekenyseg\/ayurveda-kongresszus\/kongresszus-2018\/"}],"_links":{"self":[{"href":"https:\/\/amnromania.ro\/hu\/wp-json\/wp\/v2\/pages\/4643","targetHints":{"allow":["GET"]}}],"collection":[{"href":"https:\/\/amnromania.ro\/hu\/wp-json\/wp\/v2\/pages"}],"about":[{"href":"https:\/\/amnromania.ro\/hu\/wp-json\/wp\/v2\/types\/page"}],"author":[{"embeddable":true,"href":"https:\/\/amnromania.ro\/hu\/wp-json\/wp\/v2\/users\/1"}],"replies":[{"embeddable":true,"href":"https:\/\/amnromania.ro\/hu\/wp-json\/wp\/v2\/comments?post=4643"}],"version-history":[{"count":1,"href":"https:\/\/amnromania.ro\/hu\/wp-json\/wp\/v2\/pages\/4643\/revisions"}],"predecessor-version":[{"id":11758,"href":"https:\/\/amnromania.ro\/hu\/wp-json\/wp\/v2\/pages\/4643\/revisions\/11758"}],"up":[{"embeddable":true,"href":"https:\/\/amnromania.ro\/hu\/wp-json\/wp\/v2\/pages\/3534"}],"wp:attachment":[{"href":"https:\/\/amnromania.ro\/hu\/wp-json\/wp\/v2\/media?parent=4643"}],"curies":[{"name":"wp","href":"https:\/\/api.w.org\/{rel}","templated":true}]}}