{"id":3437,"date":"2020-11-07T08:35:45","date_gmt":"2020-11-07T08:35:45","guid":{"rendered":"https:\/\/amnromania.ro\/?page_id=3437"},"modified":"2020-11-08T21:13:39","modified_gmt":"2020-11-08T21:13:39","slug":"novenyi-por","status":"publish","type":"page","link":"https:\/\/amnromania.ro\/hu\/mezok\/fitoterapia\/novenyi-por\/","title":{"rendered":"Gy\u00f3gyn\u00f6v\u00e9nyporok"},"content":{"rendered":"<div data-elementor-type=\"wp-page\" data-elementor-id=\"3437\" class=\"elementor elementor-3437\" data-elementor-post-type=\"page\">\n\t\t\t\t\t\t<section class=\"elementor-section elementor-top-section elementor-element elementor-element-d72644a elementor-section-boxed elementor-section-height-default elementor-section-height-default\" data-id=\"d72644a\" data-element_type=\"section\">\n\t\t\t\t\t\t<div class=\"elementor-container elementor-column-gap-default\">\n\t\t\t\t\t<div class=\"elementor-column elementor-col-50 elementor-top-column elementor-element elementor-element-3d465cf\" data-id=\"3d465cf\" data-element_type=\"column\">\n\t\t\t<div class=\"elementor-widget-wrap elementor-element-populated\">\n\t\t\t\t\t\t<div class=\"elementor-element elementor-element-d44cadf elementor-nav-menu__align-start elementor-nav-menu__text-align-center elementor-nav-menu--dropdown-tablet elementor-nav-menu--toggle elementor-nav-menu--burger elementor-widget elementor-widget-global elementor-global-2418 elementor-widget-nav-menu\" data-id=\"d44cadf\" data-element_type=\"widget\" data-settings=\"{&quot;layout&quot;:&quot;vertical&quot;,&quot;submenu_icon&quot;:{&quot;value&quot;:&quot;fas fa-caret-down&quot;,&quot;library&quot;:&quot;fa-solid&quot;},&quot;toggle&quot;:&quot;burger&quot;}\" data-widget_type=\"nav-menu.default\">\n\t\t\t\t<div class=\"elementor-widget-container\">\n\t\t\t\t\t\t\t\t<nav aria-label=\"Men\u00fc\" class=\"elementor-nav-menu--main elementor-nav-menu__container elementor-nav-menu--layout-vertical e--pointer-background e--animation-fade\">\n\t\t\t\t<ul id=\"menu-1-d44cadf\" class=\"elementor-nav-menu sm-vertical\"><li class=\"menu-item menu-item-type-post_type menu-item-object-page menu-item-2414\"><a href=\"https:\/\/amnromania.ro\/hu\/mezok\/aromaterapia-2\/\" class=\"elementor-item\">Aromater\u00e1pia<\/a><\/li>\n<li class=\"menu-item menu-item-type-post_type menu-item-object-page menu-item-3268\"><a href=\"https:\/\/amnromania.ro\/hu\/mezok\/apiterapia\/\" class=\"elementor-item\">Apiter\u00e1pia<\/a><\/li>\n<li class=\"menu-item menu-item-type-post_type menu-item-object-page menu-item-2412\"><a href=\"https:\/\/amnromania.ro\/hu\/mezok\/kristalyterapia\/\" class=\"elementor-item\">Krist\u00e1ly ter\u00e1pia<\/a><\/li>\n<li class=\"menu-item menu-item-type-post_type menu-item-object-page menu-item-2413\"><a href=\"https:\/\/amnromania.ro\/hu\/mezok\/kromoterapia\/\" class=\"elementor-item\">Kromoter\u00e1pia<\/a><\/li>\n<li class=\"menu-item menu-item-type-post_type menu-item-object-page menu-item-3269\"><a href=\"https:\/\/amnromania.ro\/hu\/mezok\/dermoterapia\/\" class=\"elementor-item\">Dermoter\u00e1pia<\/a><\/li>\n<li class=\"menu-item menu-item-type-post_type menu-item-object-page menu-item-3267\"><a href=\"https:\/\/amnromania.ro\/hu\/mezok\/dietas-kezeles\/\" class=\"elementor-item\">Dietoter\u00e1pia<\/a><\/li>\n<li class=\"menu-item menu-item-type-post_type menu-item-object-page menu-item-3266\"><a href=\"https:\/\/amnromania.ro\/hu\/mezok\/fitoterapia\/\" class=\"elementor-item\">Fitoter\u00e1pia<\/a><\/li>\n<li class=\"menu-item menu-item-type-post_type menu-item-object-page menu-item-3265\"><a href=\"https:\/\/amnromania.ro\/hu\/mezok\/floriterapia\/\" class=\"elementor-item\">Floritherapy<\/a><\/li>\n<li class=\"menu-item menu-item-type-post_type menu-item-object-page menu-item-3264\"><a href=\"https:\/\/amnromania.ro\/hu\/mezok\/hidroterapia\/\" class=\"elementor-item\">Hidroter\u00e1pia<\/a><\/li>\n<li class=\"menu-item menu-item-type-post_type menu-item-object-page menu-item-3263\"><a href=\"https:\/\/amnromania.ro\/hu\/mezok\/idojaras-terapia\/\" class=\"elementor-item\">Meteoroter\u00e1pia<\/a><\/li>\n<li class=\"menu-item menu-item-type-post_type menu-item-object-page menu-item-3262\"><a href=\"https:\/\/amnromania.ro\/hu\/mezok\/zeneterapia\/\" class=\"elementor-item\">Zeneter\u00e1pia<\/a><\/li>\n<li class=\"menu-item menu-item-type-post_type menu-item-object-page menu-item-3261\"><a href=\"https:\/\/amnromania.ro\/hu\/mezok\/pszichoterapia\/\" class=\"elementor-item\">Pszichoter\u00e1pia<\/a><\/li>\n<li class=\"menu-item menu-item-type-post_type menu-item-object-page menu-item-3260\"><a href=\"https:\/\/amnromania.ro\/hu\/mezok\/termoterapia\/\" class=\"elementor-item\">Termoter\u00e1pia<\/a><\/li>\n<li class=\"menu-item menu-item-type-post_type menu-item-object-page menu-item-3259\"><a href=\"https:\/\/amnromania.ro\/hu\/mezok\/humorterapia\/\" class=\"elementor-item\">Humor ter\u00e1pia<\/a><\/li>\n<\/ul>\t\t\t<\/nav>\n\t\t\t\t\t<div class=\"elementor-menu-toggle\" role=\"button\" tabindex=\"0\" aria-label=\"Toggle men\u00fc\" aria-expanded=\"false\">\n\t\t\t<i aria-hidden=\"true\" role=\"presentation\" class=\"elementor-menu-toggle__icon--open eicon-menu-bar\"><\/i><i aria-hidden=\"true\" role=\"presentation\" class=\"elementor-menu-toggle__icon--close eicon-close\"><\/i>\t\t<\/div>\n\t\t\t\t\t<nav class=\"elementor-nav-menu--dropdown elementor-nav-menu__container\" aria-hidden=\"true\">\n\t\t\t\t<ul id=\"menu-2-d44cadf\" class=\"elementor-nav-menu sm-vertical\"><li class=\"menu-item menu-item-type-post_type menu-item-object-page menu-item-2414\"><a href=\"https:\/\/amnromania.ro\/hu\/mezok\/aromaterapia-2\/\" class=\"elementor-item\" tabindex=\"-1\">Aromater\u00e1pia<\/a><\/li>\n<li class=\"menu-item menu-item-type-post_type menu-item-object-page menu-item-3268\"><a href=\"https:\/\/amnromania.ro\/hu\/mezok\/apiterapia\/\" class=\"elementor-item\" tabindex=\"-1\">Apiter\u00e1pia<\/a><\/li>\n<li class=\"menu-item menu-item-type-post_type menu-item-object-page menu-item-2412\"><a href=\"https:\/\/amnromania.ro\/hu\/mezok\/kristalyterapia\/\" class=\"elementor-item\" tabindex=\"-1\">Krist\u00e1ly ter\u00e1pia<\/a><\/li>\n<li class=\"menu-item menu-item-type-post_type menu-item-object-page menu-item-2413\"><a href=\"https:\/\/amnromania.ro\/hu\/mezok\/kromoterapia\/\" class=\"elementor-item\" tabindex=\"-1\">Kromoter\u00e1pia<\/a><\/li>\n<li class=\"menu-item menu-item-type-post_type menu-item-object-page menu-item-3269\"><a href=\"https:\/\/amnromania.ro\/hu\/mezok\/dermoterapia\/\" class=\"elementor-item\" tabindex=\"-1\">Dermoter\u00e1pia<\/a><\/li>\n<li class=\"menu-item menu-item-type-post_type menu-item-object-page menu-item-3267\"><a href=\"https:\/\/amnromania.ro\/hu\/mezok\/dietas-kezeles\/\" class=\"elementor-item\" tabindex=\"-1\">Dietoter\u00e1pia<\/a><\/li>\n<li class=\"menu-item menu-item-type-post_type menu-item-object-page menu-item-3266\"><a href=\"https:\/\/amnromania.ro\/hu\/mezok\/fitoterapia\/\" class=\"elementor-item\" tabindex=\"-1\">Fitoter\u00e1pia<\/a><\/li>\n<li class=\"menu-item menu-item-type-post_type menu-item-object-page menu-item-3265\"><a href=\"https:\/\/amnromania.ro\/hu\/mezok\/floriterapia\/\" class=\"elementor-item\" tabindex=\"-1\">Floritherapy<\/a><\/li>\n<li class=\"menu-item menu-item-type-post_type menu-item-object-page menu-item-3264\"><a href=\"https:\/\/amnromania.ro\/hu\/mezok\/hidroterapia\/\" class=\"elementor-item\" tabindex=\"-1\">Hidroter\u00e1pia<\/a><\/li>\n<li class=\"menu-item menu-item-type-post_type menu-item-object-page menu-item-3263\"><a href=\"https:\/\/amnromania.ro\/hu\/mezok\/idojaras-terapia\/\" class=\"elementor-item\" tabindex=\"-1\">Meteoroter\u00e1pia<\/a><\/li>\n<li class=\"menu-item menu-item-type-post_type menu-item-object-page menu-item-3262\"><a href=\"https:\/\/amnromania.ro\/hu\/mezok\/zeneterapia\/\" class=\"elementor-item\" tabindex=\"-1\">Zeneter\u00e1pia<\/a><\/li>\n<li class=\"menu-item menu-item-type-post_type menu-item-object-page menu-item-3261\"><a href=\"https:\/\/amnromania.ro\/hu\/mezok\/pszichoterapia\/\" class=\"elementor-item\" tabindex=\"-1\">Pszichoter\u00e1pia<\/a><\/li>\n<li class=\"menu-item menu-item-type-post_type menu-item-object-page menu-item-3260\"><a href=\"https:\/\/amnromania.ro\/hu\/mezok\/termoterapia\/\" class=\"elementor-item\" tabindex=\"-1\">Termoter\u00e1pia<\/a><\/li>\n<li class=\"menu-item menu-item-type-post_type menu-item-object-page menu-item-3259\"><a href=\"https:\/\/amnromania.ro\/hu\/mezok\/humorterapia\/\" class=\"elementor-item\" tabindex=\"-1\">Humor ter\u00e1pia<\/a><\/li>\n<\/ul>\t\t\t<\/nav>\n\t\t\t\t\t\t<\/div>\n\t\t\t\t<\/div>\n\t\t\t\t\t<\/div>\n\t\t<\/div>\n\t\t\t\t<div class=\"elementor-column elementor-col-50 elementor-top-column elementor-element elementor-element-17b799f\" data-id=\"17b799f\" data-element_type=\"column\">\n\t\t\t<div class=\"elementor-widget-wrap elementor-element-populated\">\n\t\t\t\t\t\t<div class=\"elementor-element elementor-element-bdea3af elementor-widget elementor-widget-text-editor\" data-id=\"bdea3af\" data-element_type=\"widget\" data-widget_type=\"text-editor.default\">\n\t\t\t\t<div class=\"elementor-widget-container\">\n\t\t\t\t\t\t\t\t\t<h1 style=\"text-align: center;\"><span class=\"C-14\" style=\"color: #008000;\"><b>GY\u00d3GYN\u00d6V\u00c9NYPOROK<\/b><\/span><\/h1><p>\u00a0<\/p><p class=\"normal-p P-15\"><span class=\"C-13\">Az \u00e9let \u0151si tudom\u00e1nya - az AYURVEDA - t\u00f6bb mint 5000 \u00e9ve ismert \u00e9s a gyakorlatban alkalmazott, egyszer\u0171 \u00e9s term\u00e9szetes, rendk\u00edv\u00fcl hat\u00e9kony m\u00f3dszereket k\u00edn\u00e1l a gy\u00f3gy\u00edt\u00f3 tulajdons\u00e1gokkal rendelkez\u0151 n\u00f6v\u00e9nyek ter\u00e1pi\u00e1s c\u00e9l\u00fa felhaszn\u00e1l\u00e1s\u00e1ra. Ezek egyike a gy\u00f3gy- \u00e9s aroman\u00f6v\u00e9nyek por alakban t\u00f6rt\u00e9n\u0151 felhaszn\u00e1l\u00e1sa.<img fetchpriority=\"high\" decoding=\"async\" class=\"size-medium wp-image-3750 alignright\" src=\"https:\/\/amnromania.ro\/wp-content\/uploads\/2020\/11\/pulbere-plante-2-300x200.jpg\" alt=\"\" width=\"300\" height=\"200\" srcset=\"https:\/\/amnromania.ro\/wp-content\/uploads\/2020\/11\/pulbere-plante-2-300x200.jpg 300w, https:\/\/amnromania.ro\/wp-content\/uploads\/2020\/11\/pulbere-plante-2-1024x683.jpg 1024w, https:\/\/amnromania.ro\/wp-content\/uploads\/2020\/11\/pulbere-plante-2-768x512.jpg 768w, https:\/\/amnromania.ro\/wp-content\/uploads\/2020\/11\/pulbere-plante-2-1536x1024.jpg 1536w, https:\/\/amnromania.ro\/wp-content\/uploads\/2020\/11\/pulbere-plante-2.jpg 2048w\" sizes=\"(max-width: 300px) 100vw, 300px\" \/><\/span><\/p><p class=\"normal-p P-15\"><span class=\"C-13\">A legt\u00f6bb gy\u00f3gy\u00edt\u00f3 tulajdons\u00e1gokkal rendelkez\u0151 n\u00f6v\u00e9ny por alakban is beadhat\u00f3. Val\u00f3j\u00e1ban ez a m\u00f3dszer nem ismeretlen. A por\u00edtott, \u0151r\u00f6lt f\u0171szern\u00f6v\u00e9nyek haszn\u00e1lata p\u00e9ld\u00e1ul praktikus m\u00f3dszer, amelyet gyakran alkalmazunk, amikor leveseket vagy m\u00e1s olyan \u00e9teleket k\u00e9sz\u00edt\u00fcnk, amelyeket szeretn\u00e9nk min\u00e9l \u00edzletesebb\u00e9 \u00e9s \u00e9lvezetesebb\u00e9 tenni.<\/span><\/p><p class=\"normal-p P-15\"><span class=\"C-13\">Ha jobban belegondolunk, nem ritka, hogy azon kapjuk magunkat, hogy egy kicsit megk\u00f3stoljuk a konyh\u00e1nkban l\u00e9v\u0151 soksz\u00edn\u0171 f\u0171szerporokat. Ak\u00e1r a j\u00f3l ismert bors- vagy s\u00f3porokat, ak\u00e1r az olyan f\u0171szerek arom\u00e1s poraihoz vonz\u00f3dunk, mint a koriander, must\u00e1r, paprika, kapor, kapor, kapor, petrezselyem vagy petrezselyem, ak\u00e1r a fah\u00e9j, van\u00edlia, szerecsendi\u00f3 arom\u00e1s porait szeretn\u00e9nk megk\u00f3stolni, \u00e9desk\u00f6m\u00e9nyt vagy \u00e1nizst, vagy ak\u00e1r a menta, a bazsalikom, a bazsalikom vagy a zs\u00e1lya porai ejtenek rabul, minden alkalommal, amikor megk\u00f3stolunk egy kicsit ezekb\u0151l az arom\u00e1s porokb\u00f3l, valami k\u00fcl\u00f6nleges, kellemes \u00e9s friss\u00edt\u0151 t\u00f6rt\u00e9nik, mind az \u00e9tv\u00e1gyunk, mind az \u00e9rz\u00e9keink sz\u00e1m\u00e1ra. Az \u00e9tv\u00e1gy felkelt\u00e9s\u00e9vel \u00e9s az em\u00e9szt\u00e9s jav\u00edt\u00e1s\u00e1val, a gy\u00f6ny\u00f6rk\u00f6dtet\u0151<wbr \/>\u00c9rz\u00e9kszerveink \u00e9s elm\u00e9nk, a f\u0171szeres n\u00f6v\u00e9nyi porok seg\u00edts\u00e9g\u00e9vel felfedezhetj\u00fck a benn\u00fck rejl\u0151 gy\u00f3gy\u00edt\u00f3 er\u0151t.<\/span><\/p><p class=\"normal-p P-15\"><span class=\"C-13\">Amikor azt akarjuk, hogy egy \u00e9tel min\u00e9l \u00e9lvezetesebb, \u00edzletesebb \u00e9s \u00edzgazdagabb legyen, arra \u00f6szt\u00f6n\u00f6znek minket, hogy egy kicsit megsz\u00f3rjuk egy vagy t\u00f6bb \u00e1ltalunk ismert \u00e9s kedvelt \u00edzzel. N\u00e9ha a k\u00edv\u00e1ncsis\u00e1g hajt minket arra, hogy egy kis van\u00edlia- vagy fah\u00e9jport tegy\u00fcnk a nyelv\u00fcnkre, vagy hogy megr\u00e1gjunk n\u00e9h\u00e1ny darab bazsalikomlevelet, hogy el\u0151re l\u00e1ssuk, milyen \u00edzt adnak majd az \u00e9telnek, amelybe beletessz\u00fck. Gyakran meglep\u0151d\u00fcnk \u00e9s gy\u00f6ny\u00f6rk\u00f6d\u00fcnk melegs\u00e9g\u00fckben, \u00edz\u00fckben vagy illatukban. M\u00e1skor megk\u00eds\u00e9rt\u00e9sbe es\u00fcnk, ha megk\u00f3stolunk egy kis mentalev\u00e9lport, \u00e9s azonnal \u00e9rezz\u00fck, hogy kellemes h\u0171v\u00f6ss\u00e9g \u00e9s friss\u00edt\u0151 aroma \u00e1rasztja el eg\u00e9sz l\u00e9ny\u00fcnket.<\/span><\/p><p class=\"normal-p P-15\"><span class=\"C-13\">Az biztos, hogy az apr\u00f3ra v\u00e1gott vagy \u0151r\u00f6lt n\u00f6v\u00e9nyek arom\u00e1i m\u00e9rt\u00e9kkel fogyasztva jav\u00edtj\u00e1k mind a test\u00fcnket, mind az elm\u00e9nket. Mi\u00e9rt ne fontoln\u00e1nk meg teh\u00e1t ennek a rendk\u00edv\u00fcl egyszer\u0171 m\u00f3dszernek a haszn\u00e1lat\u00e1t -<wbr \/>\u00a0gy\u00f3gyn\u00f6v\u00e9nypor haszn\u00e1lata -<wbr \/>\u00a0hogy ily m\u00f3don min\u00e9l t\u00f6bb olyan j\u00f3t\u00e9kony gy\u00f3gyn\u00f6v\u00e9nyt emelj\u00fcnk ki, amelyekr\u0151l tudjuk, hogy bizonyos gy\u00f3gy\u00edt\u00f3 tulajdons\u00e1gokkal rendelkeznek?<\/span><\/p><p class=\"normal-p P-15\"><span class=\"C-13\">Az \u0151si \u00e1jurv\u00e9dikus tudom\u00e1nyban sz\u00e1mtalan p\u00e9lda van a formul\u00e1kra, n\u00e9melyek egyszer\u0171bbek, m\u00e1sok bonyolultabbak, amelyek a sz\u00e1r\u00edtott n\u00f6v\u00e9nyek por alak\u00fa felhaszn\u00e1l\u00e1s\u00e1n alapulnak az egyens\u00falyhi\u00e1ny, rendelleness\u00e9gek vagy betegs\u00e9gek enyh\u00edt\u00e9s\u00e9re \u00e9s gy\u00f3gy\u00edt\u00e1s\u00e1ra.<\/span><\/p><p class=\"normal-p P-15\"><span class=\"C-13\"><img decoding=\"async\" class=\"wp-image-3757 size-full aligncenter\" src=\"https:\/\/amnromania.ro\/wp-content\/uploads\/2020\/11\/pulbere-plante1.jpg\" alt=\"\" width=\"702\" height=\"336\" srcset=\"https:\/\/amnromania.ro\/wp-content\/uploads\/2020\/11\/pulbere-plante1.jpg 702w, https:\/\/amnromania.ro\/wp-content\/uploads\/2020\/11\/pulbere-plante1-300x144.jpg 300w\" sizes=\"(max-width: 702px) 100vw, 702px\" \/><\/span><\/p><p class=\"normal-p P-15\"><span class=\"C-13\">Ahhoz, hogy egy n\u00f6v\u00e9nyb\u0151l port nyerj\u00fcnk, sz\u00fcks\u00e9g van arra, hogy t\u00f6bb azonos fajt\u00e1j\u00fa sz\u00e1raz n\u00f6v\u00e9ny \u00e1lljon a rendelkez\u00e9s\u00fcnkre, amelyek hasznos r\u00e9szeit m\u00e1r kiv\u00e1lasztottuk, mint p\u00e9ld\u00e1ul a bojtorj\u00e1n eset\u00e9ben a gy\u00f6k\u00e9r, a menta eset\u00e9ben a levelek, a kamilla eset\u00e9ben a vir\u00e1gok, az \u00e1nizs eset\u00e9ben a term\u00e9sek, a g\u00f6r\u00f6gsz\u00e9na eset\u00e9ben a magok, a feny\u0151 eset\u00e9ben a r\u00fcgyek. A gy\u00f3gyn\u00f6v\u00e9nypor ezut\u00e1n k\u00f6nnyen el\u0151\u00e1ll\u00edthat\u00f3 ak\u00e1r dar\u00e1l\u00f3val, ak\u00e1r elektromos dar\u00e1l\u00f3val a kiv\u00e1lasztott, el\u0151z\u0151leg felapr\u00edtott r\u00e9szek finomra \u0151rl\u00e9s\u00e9vel. Az \u00edgy kapott por azonnal felhaszn\u00e1lhat\u00f3 vagy h\u0171v\u00f6s helyen t\u00e1rolhat\u00f3.<wbr \/>egy z\u00e1rt tart\u00e1lyban k\u00e9s\u0151bbi felhaszn\u00e1l\u00e1sra.<\/span><\/p><p class=\"normal-p P-15\"><span class=\"C-13\">A porok adagol\u00e1s\u00e1nak m\u00f3dja nagyon egyszer\u0171: egy csipetnyi vagy egy te\u00e1skan\u00e1lnyi gy\u00f3gyn\u00f6v\u00e9nyport a nyelv al\u00e1 kell helyezni, kiss\u00e9 megnedves\u00edteni, esetleg egy kis v\u00edzzel, majd a port a nyelv alatt kell tartani 3 \u00e9s 20 perc k\u00f6z\u00f6tt, a felhaszn\u00e1lt gy\u00f3gyn\u00f6v\u00e9nyekt\u0151l f\u00fcgg\u0151en. A gyakorlati tapasztalatok azt mutatj\u00e1k, hogy ez a bead\u00e1si m\u00f3d k\u00fcl\u00f6n\u00f6sen hat\u00e9kony a sokf\u00e9le egyens\u00falytalans\u00e1g gyors enyh\u00edt\u00e9s\u00e9ben, mert a n\u00f6v\u00e9nyek fizikai tulajdons\u00e1gait \u00e9s finom tulajdons\u00e1gait egyar\u00e1nt kihozza.<wbr \/>l\u00e1thatatlan energia, m\u00e9g akkor is, ha ez az aspektus tal\u00e1n kev\u00e9sb\u00e9 ismert a legt\u00f6bb ember sz\u00e1m\u00e1ra.<\/span><\/p><p class=\"normal-p P-15\"><span class=\"C-13\">\u00cdme egy p\u00e9lda. Ha a<wbr \/>egy mozgalmas \u00e9s megterhel\u0151 nap ut\u00e1n a t\u00falzott izgalom \u00e1llapot\u00e1ban vagyunk, \u00e9s az \u00e1llapot, amelyben vagyunk, nem engedi, hogy elaludjunk, hogy kipihenj\u00fck magunkat, v\u00e1laszthatunk olyan n\u00f6v\u00e9nyeket, amelyek seg\u00edtenek visszanyerni a nyugalmunkat \u00e9s a bels\u0151 b\u00e9k\u00e9t, p\u00e9ld\u00e1ul h\u00e1rsfavir\u00e1got, m\u00e1kot vagy k\u00e9nvir\u00e1got. Ezeknek a n\u00f6v\u00e9nyeknek a por\u00e1t egyenl\u0151 ar\u00e1nyban \u00f6sszekeverhetj\u00fck, majd a nyelv\u00fcnk al\u00e1 tessz\u00fck \u00e9s 5-10 percig a nyelv\u00fcnk alatt tartjuk.<wbr \/>10 perc. Ez az egyszer\u0171 formula nyugtat\u00f3 hat\u00e1s\u00fa, \u00e9s seg\u00edt cs\u00f6kkenteni az \u00e1lmatlans\u00e1gra val\u00f3 hajlamot.<\/span><\/p>\t\t\t\t\t\t\t\t<\/div>\n\t\t\t\t<\/div>\n\t\t\t\t\t<\/div>\n\t\t<\/div>\n\t\t\t\t\t<\/div>\n\t\t<\/section>\n\t\t\t\t<\/div>","protected":false},"excerpt":{"rendered":"<p>A t\u00f6bb mint 5000 \u00e9ve ismert \u00e9s a gyakorlatban alkalmazott gy\u00f3gyn\u00f6v\u00e9nyek, az \u00e9let \u0151si tudom\u00e1nya - az AYURVEDA - n\u00e9h\u00e1ny egyszer\u0171 \u00e9s term\u00e9szetes, rendk\u00edv\u00fcl hat\u00e9kony m\u00f3dszert k\u00edn\u00e1l a gy\u00f3gy\u00edt\u00f3 tulajdons\u00e1gokkal rendelkez\u0151 n\u00f6v\u00e9nyek ter\u00e1pi\u00e1s c\u00e9l\u00fa felhaszn\u00e1l\u00e1s\u00e1ra. Ezek egyike a gy\u00f3gy- \u00e9s aroman\u00f6v\u00e9nyek haszn\u00e1lata por\u00edtott form\u00e1ban. [...]<\/p>","protected":false},"author":1,"featured_media":0,"parent":3232,"menu_order":0,"comment_status":"closed","ping_status":"closed","template":"","meta":{"_mi_skip_tracking":false,"_analytify_skip_tracking":false,"footnotes":""},"class_list":["post-3437","page","type-page","status-publish","hentry"],"aioseo_notices":[],"aioseo_head":"\n\t\t<!-- All in One SEO Pro 4.7.0 - aioseo.com -->\n\t\t<meta name=\"description\" content=\"\u00cen mod cert, aromele plantelor m\u0103run\u0163ite sau m\u0103cinate luate cu m\u0103sur\u0103 ne \u00eembun\u0103t\u0103\u0163esc at\u00e2t starea trupului, c\u00e2t \u015fi cea a min\u0163ii. A\u015fadar, de ce s\u0103 nu ne g\u00e2ndim s\u0103 folosim aceast\u0103 modalitate extrem de simpl\u0103 \u2013 folosirea pulberii din plante \u2013 pentru a pune \u00een valoare, pe aceast\u0103 cale, c\u00e2t mai multe dintre plantele medicinale binef\u0103c\u0103toare, despre care \u015ftim c\u0103 au certe propriet\u0103\u0163i vindec\u0103toare?\" \/>\n\t\t<meta name=\"robots\" content=\"max-image-preview:large\" \/>\n\t\t<meta name=\"google-site-verification\" content=\"G-391X30D2FS\" \/>\n\t\t<link rel=\"canonical\" href=\"https:\/\/amnromania.ro\/hu\/mezok\/fitoterapia\/novenyi-por\/\" \/>\n\t\t<meta name=\"generator\" content=\"All in One SEO Pro (AIOSEO) 4.7.0\" \/>\n\t\t<meta property=\"og:locale\" content=\"hu_HU\" \/>\n\t\t<meta property=\"og:site_name\" content=\"AMN Ayurveda ROM\u00c2NIA | Asociatia Nationala pentru Promovarea Medicinelor Neconventionale\" \/>\n\t\t<meta property=\"og:type\" content=\"article\" \/>\n\t\t<meta property=\"og:title\" content=\"Pulberile de plante | AMN Ayurveda ROM\u00c2NIA\" \/>\n\t\t<meta property=\"og:description\" content=\"\u00cen mod cert, aromele plantelor m\u0103run\u0163ite sau m\u0103cinate luate cu m\u0103sur\u0103 ne \u00eembun\u0103t\u0103\u0163esc at\u00e2t starea trupului, c\u00e2t \u015fi cea a min\u0163ii. A\u015fadar, de ce s\u0103 nu ne g\u00e2ndim s\u0103 folosim aceast\u0103 modalitate extrem de simpl\u0103 \u2013 folosirea pulberii din plante \u2013 pentru a pune \u00een valoare, pe aceast\u0103 cale, c\u00e2t mai multe dintre plantele medicinale binef\u0103c\u0103toare, despre care \u015ftim c\u0103 au certe propriet\u0103\u0163i vindec\u0103toare?\" \/>\n\t\t<meta property=\"og:url\" content=\"https:\/\/amnromania.ro\/hu\/mezok\/fitoterapia\/novenyi-por\/\" \/>\n\t\t<meta property=\"og:image\" content=\"https:\/\/amnromania.ro\/ynorsyju\/2021\/06\/Ayurveda-in-Romania-Vol.-2-Ro.jpg\" \/>\n\t\t<meta property=\"og:image:secure_url\" content=\"https:\/\/amnromania.ro\/ynorsyju\/2021\/06\/Ayurveda-in-Romania-Vol.-2-Ro.jpg\" \/>\n\t\t<meta property=\"article:published_time\" content=\"2020-11-07T08:35:45+00:00\" \/>\n\t\t<meta property=\"article:modified_time\" content=\"2020-11-08T21:13:39+00:00\" \/>\n\t\t<meta property=\"article:publisher\" content=\"https:\/\/www.facebook.com\/AMNRomania\" \/>\n\t\t<script type=\"application\/ld+json\" class=\"aioseo-schema\">\n\t\t\t{\"@context\":\"https:\\\/\\\/schema.org\",\"@graph\":[{\"@type\":\"BreadcrumbList\",\"@id\":\"https:\\\/\\\/amnromania.ro\\\/hu\\\/mezok\\\/fitoterapia\\\/novenyi-por\\\/#breadcrumblist\",\"itemListElement\":[{\"@type\":\"ListItem\",\"@id\":\"https:\\\/\\\/amnromania.ro\\\/hu\\\/#listItem\",\"position\":1,\"name\":\"Home\",\"item\":\"https:\\\/\\\/amnromania.ro\\\/hu\\\/\",\"nextItem\":\"https:\\\/\\\/amnromania.ro\\\/hu\\\/mezok\\\/#listItem\"},{\"@type\":\"ListItem\",\"@id\":\"https:\\\/\\\/amnromania.ro\\\/hu\\\/mezok\\\/#listItem\",\"position\":2,\"name\":\"Domenii\",\"item\":\"https:\\\/\\\/amnromania.ro\\\/hu\\\/mezok\\\/\",\"nextItem\":\"https:\\\/\\\/amnromania.ro\\\/hu\\\/mezok\\\/fitoterapia\\\/#listItem\",\"previousItem\":\"https:\\\/\\\/amnromania.ro\\\/hu\\\/#listItem\"},{\"@type\":\"ListItem\",\"@id\":\"https:\\\/\\\/amnromania.ro\\\/hu\\\/mezok\\\/fitoterapia\\\/#listItem\",\"position\":3,\"name\":\"Fitoterapie\",\"item\":\"https:\\\/\\\/amnromania.ro\\\/hu\\\/mezok\\\/fitoterapia\\\/\",\"nextItem\":\"https:\\\/\\\/amnromania.ro\\\/hu\\\/mezok\\\/fitoterapia\\\/novenyi-por\\\/#listItem\",\"previousItem\":\"https:\\\/\\\/amnromania.ro\\\/hu\\\/mezok\\\/#listItem\"},{\"@type\":\"ListItem\",\"@id\":\"https:\\\/\\\/amnromania.ro\\\/hu\\\/mezok\\\/fitoterapia\\\/novenyi-por\\\/#listItem\",\"position\":4,\"name\":\"Pulberile de plante\",\"previousItem\":\"https:\\\/\\\/amnromania.ro\\\/hu\\\/mezok\\\/fitoterapia\\\/#listItem\"}]},{\"@type\":\"Organization\",\"@id\":\"https:\\\/\\\/amnromania.ro\\\/hu\\\/#organization\",\"name\":\"AMN Ayurveda Romania\",\"url\":\"https:\\\/\\\/amnromania.ro\\\/hu\\\/\",\"logo\":{\"@type\":\"ImageObject\",\"url\":\"https:\\\/\\\/amnromania.ro\\\/ynorsyju\\\/2020\\\/10\\\/amn.png\",\"@id\":\"https:\\\/\\\/amnromania.ro\\\/hu\\\/mezok\\\/fitoterapia\\\/novenyi-por\\\/#organizationLogo\"},\"image\":{\"@id\":\"https:\\\/\\\/amnromania.ro\\\/hu\\\/mezok\\\/fitoterapia\\\/novenyi-por\\\/#organizationLogo\"},\"sameAs\":[\"https:\\\/\\\/www.facebook.com\\\/AMNRomania\",\"https:\\\/\\\/www.youtube.com\\\/channel\\\/UClfqKxiq_uZ11rthDIT3-BQ\\\/videos\"]},{\"@type\":\"WebPage\",\"@id\":\"https:\\\/\\\/amnromania.ro\\\/hu\\\/mezok\\\/fitoterapia\\\/novenyi-por\\\/#webpage\",\"url\":\"https:\\\/\\\/amnromania.ro\\\/hu\\\/mezok\\\/fitoterapia\\\/novenyi-por\\\/\",\"name\":\"Pulberile de plante | AMN Ayurveda ROM\\u00c2NIA\",\"description\":\"\\u00cen mod cert, aromele plantelor m\\u0103run\\u0163ite sau m\\u0103cinate luate cu m\\u0103sur\\u0103 ne \\u00eembun\\u0103t\\u0103\\u0163esc at\\u00e2t starea trupului, c\\u00e2t \\u015fi cea a min\\u0163ii. A\\u015fadar, de ce s\\u0103 nu ne g\\u00e2ndim s\\u0103 folosim aceast\\u0103 modalitate extrem de simpl\\u0103 \\u2013 folosirea pulberii din plante \\u2013 pentru a pune \\u00een valoare, pe aceast\\u0103 cale, c\\u00e2t mai multe dintre plantele medicinale binef\\u0103c\\u0103toare, despre care \\u015ftim c\\u0103 au certe propriet\\u0103\\u0163i vindec\\u0103toare?\",\"inLanguage\":\"hu-HU\",\"isPartOf\":{\"@id\":\"https:\\\/\\\/amnromania.ro\\\/hu\\\/#website\"},\"breadcrumb\":{\"@id\":\"https:\\\/\\\/amnromania.ro\\\/hu\\\/mezok\\\/fitoterapia\\\/novenyi-por\\\/#breadcrumblist\"},\"datePublished\":\"2020-11-07T08:35:45+02:00\",\"dateModified\":\"2020-11-08T21:13:39+02:00\"},{\"@type\":\"WebSite\",\"@id\":\"https:\\\/\\\/amnromania.ro\\\/hu\\\/#website\",\"url\":\"https:\\\/\\\/amnromania.ro\\\/hu\\\/\",\"name\":\"AMN Ayurveda ROM\\u00c2NIA\",\"description\":\"Asociatia Nationala pentru Promovarea Medicinelor Neconventionale\",\"inLanguage\":\"hu-HU\",\"publisher\":{\"@id\":\"https:\\\/\\\/amnromania.ro\\\/hu\\\/#organization\"}}]}\n\t\t<\/script>\n\t\t<!-- All in One SEO Pro -->\r\n\t\t<title>Pulberile de plante | AMN Ayurveda ROM\u00c2NIA<\/title>\n\n","aioseo_head_json":{"title":"Pulberile de plante | AMN Ayurveda ROM\u00c2NIA","description":"\u00cen mod cert, aromele plantelor m\u0103run\u0163ite sau m\u0103cinate luate cu m\u0103sur\u0103 ne \u00eembun\u0103t\u0103\u0163esc at\u00e2t starea trupului, c\u00e2t \u015fi cea a min\u0163ii. A\u015fadar, de ce s\u0103 nu ne g\u00e2ndim s\u0103 folosim aceast\u0103 modalitate extrem de simpl\u0103 \u2013 folosirea pulberii din plante \u2013 pentru a pune \u00een valoare, pe aceast\u0103 cale, c\u00e2t mai multe dintre plantele medicinale binef\u0103c\u0103toare, despre care \u015ftim c\u0103 au certe propriet\u0103\u0163i vindec\u0103toare?","canonical_url":"https:\/\/amnromania.ro\/hu\/mezok\/fitoterapia\/novenyi-por\/","robots":"max-image-preview:large","keywords":"","webmasterTools":{"google-site-verification":"G-391X30D2FS","miscellaneous":""},"og:locale":"hu_HU","og:site_name":"AMN Ayurveda ROM\u00c2NIA | Asociatia Nationala pentru Promovarea Medicinelor Neconventionale","og:type":"article","og:title":"Pulberile de plante | AMN Ayurveda ROM\u00c2NIA","og:description":"\u00cen mod cert, aromele plantelor m\u0103run\u0163ite sau m\u0103cinate luate cu m\u0103sur\u0103 ne \u00eembun\u0103t\u0103\u0163esc at\u00e2t starea trupului, c\u00e2t \u015fi cea a min\u0163ii. A\u015fadar, de ce s\u0103 nu ne g\u00e2ndim s\u0103 folosim aceast\u0103 modalitate extrem de simpl\u0103 \u2013 folosirea pulberii din plante \u2013 pentru a pune \u00een valoare, pe aceast\u0103 cale, c\u00e2t mai multe dintre plantele medicinale binef\u0103c\u0103toare, despre care \u015ftim c\u0103 au certe propriet\u0103\u0163i vindec\u0103toare?","og:url":"https:\/\/amnromania.ro\/hu\/mezok\/fitoterapia\/novenyi-por\/","og:image":"https:\/\/amnromania.ro\/ynorsyju\/2021\/06\/Ayurveda-in-Romania-Vol.-2-Ro.jpg","og:image:secure_url":"https:\/\/amnromania.ro\/ynorsyju\/2021\/06\/Ayurveda-in-Romania-Vol.-2-Ro.jpg","article:published_time":"2020-11-07T08:35:45+00:00","article:modified_time":"2020-11-08T21:13:39+00:00","article:publisher":"https:\/\/www.facebook.com\/AMNRomania","schema":{"@context":"https:\/\/schema.org","@graph":[{"@type":"BreadcrumbList","@id":"https:\/\/amnromania.ro\/hu\/mezok\/fitoterapia\/novenyi-por\/#breadcrumblist","itemListElement":[{"@type":"ListItem","@id":"https:\/\/amnromania.ro\/hu\/#listItem","position":1,"name":"Home","item":"https:\/\/amnromania.ro\/hu\/","nextItem":"https:\/\/amnromania.ro\/hu\/mezok\/#listItem"},{"@type":"ListItem","@id":"https:\/\/amnromania.ro\/hu\/mezok\/#listItem","position":2,"name":"Domenii","item":"https:\/\/amnromania.ro\/hu\/mezok\/","nextItem":"https:\/\/amnromania.ro\/hu\/mezok\/fitoterapia\/#listItem","previousItem":"https:\/\/amnromania.ro\/hu\/#listItem"},{"@type":"ListItem","@id":"https:\/\/amnromania.ro\/hu\/mezok\/fitoterapia\/#listItem","position":3,"name":"Fitoterapie","item":"https:\/\/amnromania.ro\/hu\/mezok\/fitoterapia\/","nextItem":"https:\/\/amnromania.ro\/hu\/mezok\/fitoterapia\/novenyi-por\/#listItem","previousItem":"https:\/\/amnromania.ro\/hu\/mezok\/#listItem"},{"@type":"ListItem","@id":"https:\/\/amnromania.ro\/hu\/mezok\/fitoterapia\/novenyi-por\/#listItem","position":4,"name":"Pulberile de plante","previousItem":"https:\/\/amnromania.ro\/hu\/mezok\/fitoterapia\/#listItem"}]},{"@type":"Organization","@id":"https:\/\/amnromania.ro\/hu\/#organization","name":"AMN Ayurveda Romania","url":"https:\/\/amnromania.ro\/hu\/","logo":{"@type":"ImageObject","url":"https:\/\/amnromania.ro\/ynorsyju\/2020\/10\/amn.png","@id":"https:\/\/amnromania.ro\/hu\/mezok\/fitoterapia\/novenyi-por\/#organizationLogo"},"image":{"@id":"https:\/\/amnromania.ro\/hu\/mezok\/fitoterapia\/novenyi-por\/#organizationLogo"},"sameAs":["https:\/\/www.facebook.com\/AMNRomania","https:\/\/www.youtube.com\/channel\/UClfqKxiq_uZ11rthDIT3-BQ\/videos"]},{"@type":"WebPage","@id":"https:\/\/amnromania.ro\/hu\/mezok\/fitoterapia\/novenyi-por\/#webpage","url":"https:\/\/amnromania.ro\/hu\/mezok\/fitoterapia\/novenyi-por\/","name":"Pulberile de plante | AMN Ayurveda ROM\u00c2NIA","description":"\u00cen mod cert, aromele plantelor m\u0103run\u0163ite sau m\u0103cinate luate cu m\u0103sur\u0103 ne \u00eembun\u0103t\u0103\u0163esc at\u00e2t starea trupului, c\u00e2t \u015fi cea a min\u0163ii. A\u015fadar, de ce s\u0103 nu ne g\u00e2ndim s\u0103 folosim aceast\u0103 modalitate extrem de simpl\u0103 \u2013 folosirea pulberii din plante \u2013 pentru a pune \u00een valoare, pe aceast\u0103 cale, c\u00e2t mai multe dintre plantele medicinale binef\u0103c\u0103toare, despre care \u015ftim c\u0103 au certe propriet\u0103\u0163i vindec\u0103toare?","inLanguage":"hu-HU","isPartOf":{"@id":"https:\/\/amnromania.ro\/hu\/#website"},"breadcrumb":{"@id":"https:\/\/amnromania.ro\/hu\/mezok\/fitoterapia\/novenyi-por\/#breadcrumblist"},"datePublished":"2020-11-07T08:35:45+02:00","dateModified":"2020-11-08T21:13:39+02:00"},{"@type":"WebSite","@id":"https:\/\/amnromania.ro\/hu\/#website","url":"https:\/\/amnromania.ro\/hu\/","name":"AMN Ayurveda ROM\u00c2NIA","description":"Asociatia Nationala pentru Promovarea Medicinelor Neconventionale","inLanguage":"hu-HU","publisher":{"@id":"https:\/\/amnromania.ro\/hu\/#organization"}}]}},"aioseo_meta_data":{"post_id":"3437","title":null,"description":"\u00cen mod cert, aromele plantelor m\u0103run\u0163ite sau m\u0103cinate luate cu m\u0103sur\u0103 ne \u00eembun\u0103t\u0103\u0163esc at\u00e2t starea trupului, c\u00e2t \u015fi cea a min\u0163ii. A\u015fadar, de ce s\u0103 nu ne g\u00e2ndim s\u0103 folosim aceast\u0103 modalitate extrem de simpl\u0103 \u2013 folosirea pulberii din plante \u2013 pentru a pune \u00een valoare, pe aceast\u0103 cale, c\u00e2t mai multe dintre plantele medicinale binef\u0103c\u0103toare, despre care \u015ftim c\u0103 au certe propriet\u0103\u0163i vindec\u0103toare?","keywords":null,"keyphrases":null,"primary_term":null,"canonical_url":null,"og_title":null,"og_description":null,"og_object_type":"default","og_image_type":"default","og_image_url":null,"og_image_width":null,"og_image_height":null,"og_image_custom_url":null,"og_image_custom_fields":null,"og_video":null,"og_custom_url":null,"og_article_section":null,"og_article_tags":null,"twitter_use_og":false,"twitter_card":"default","twitter_image_type":"default","twitter_image_url":null,"twitter_image_custom_url":null,"twitter_image_custom_fields":null,"twitter_title":null,"twitter_description":null,"schema":{"blockGraphs":[],"customGraphs":[],"default":{"data":{"Article":[],"Course":[],"Dataset":[],"FAQPage":[],"Movie":[],"Person":[],"Product":[],"Recipe":[],"Service":[],"SoftwareApplication":[],"WebPage":[]},"graphName":"WebPage","isEnabled":true},"graphs":[]},"schema_type":null,"schema_type_options":null,"pillar_content":false,"robots_default":true,"robots_noindex":false,"robots_noarchive":false,"robots_nosnippet":false,"robots_nofollow":false,"robots_noimageindex":false,"robots_noodp":false,"robots_notranslate":false,"robots_max_snippet":null,"robots_max_videopreview":null,"robots_max_imagepreview":"large","priority":null,"frequency":null,"local_seo":null,"limit_modified_date":false,"open_ai":null,"created":"2020-12-21 07:24:49","updated":"2024-01-28 10:50:09"},"aioseo_breadcrumb":"<div class=\"aioseo-breadcrumbs\"><span class=\"aioseo-breadcrumb\">\n\t<a href=\"https:\/\/amnromania.ro\/hu\" title=\"Home\">Home<\/a>\n<\/span><span class=\"aioseo-breadcrumb-separator\">&raquo;<\/span><span class=\"aioseo-breadcrumb\">\n\t<a href=\"https:\/\/amnromania.ro\/hu\/mezok\/\" title=\"Domenii\">Domenii<\/a>\n<\/span><span class=\"aioseo-breadcrumb-separator\">&raquo;<\/span><span class=\"aioseo-breadcrumb\">\n\t<a href=\"https:\/\/amnromania.ro\/hu\/mezok\/fitoterapia\/\" title=\"Fitoterapie\">Fitoterapie<\/a>\n<\/span><span class=\"aioseo-breadcrumb-separator\">&raquo;<\/span><span class=\"aioseo-breadcrumb\">\n\tPulberile de plante\n<\/span><\/div>","aioseo_breadcrumb_json":[{"label":"Home","link":"https:\/\/amnromania.ro\/hu"},{"label":"Domenii","link":"https:\/\/amnromania.ro\/hu\/mezok\/"},{"label":"Fitoterapie","link":"https:\/\/amnromania.ro\/hu\/mezok\/fitoterapia\/"},{"label":"Pulberile de plante","link":"https:\/\/amnromania.ro\/hu\/mezok\/fitoterapia\/novenyi-por\/"}],"_links":{"self":[{"href":"https:\/\/amnromania.ro\/hu\/wp-json\/wp\/v2\/pages\/3437","targetHints":{"allow":["GET"]}}],"collection":[{"href":"https:\/\/amnromania.ro\/hu\/wp-json\/wp\/v2\/pages"}],"about":[{"href":"https:\/\/amnromania.ro\/hu\/wp-json\/wp\/v2\/types\/page"}],"author":[{"embeddable":true,"href":"https:\/\/amnromania.ro\/hu\/wp-json\/wp\/v2\/users\/1"}],"replies":[{"embeddable":true,"href":"https:\/\/amnromania.ro\/hu\/wp-json\/wp\/v2\/comments?post=3437"}],"version-history":[{"count":0,"href":"https:\/\/amnromania.ro\/hu\/wp-json\/wp\/v2\/pages\/3437\/revisions"}],"up":[{"embeddable":true,"href":"https:\/\/amnromania.ro\/hu\/wp-json\/wp\/v2\/pages\/3232"}],"wp:attachment":[{"href":"https:\/\/amnromania.ro\/hu\/wp-json\/wp\/v2\/media?parent=3437"}],"curies":[{"name":"wp","href":"https:\/\/api.w.org\/{rel}","templated":true}]}}