{"id":3058,"date":"2020-11-06T16:41:16","date_gmt":"2020-11-06T16:41:16","guid":{"rendered":"https:\/\/amnromania.ro\/?page_id=3058"},"modified":"2020-11-06T22:25:51","modified_gmt":"2020-11-06T22:25:51","slug":"novenyi-szinu","status":"publish","type":"page","link":"https:\/\/amnromania.ro\/hu\/mezok\/kromoterapia\/novenyi-szinu\/","title":{"rendered":"N\u00f6v\u00e9ny sz\u00edne"},"content":{"rendered":"<div data-elementor-type=\"wp-page\" data-elementor-id=\"3058\" class=\"elementor elementor-3058\" data-elementor-post-type=\"page\">\n\t\t\t\t\t\t<section class=\"elementor-section elementor-top-section elementor-element elementor-element-4692274 elementor-section-boxed elementor-section-height-default elementor-section-height-default\" data-id=\"4692274\" data-element_type=\"section\">\n\t\t\t\t\t\t<div class=\"elementor-container elementor-column-gap-default\">\n\t\t\t\t\t<div class=\"elementor-column elementor-col-50 elementor-top-column elementor-element elementor-element-25f37b3\" data-id=\"25f37b3\" data-element_type=\"column\">\n\t\t\t<div class=\"elementor-widget-wrap elementor-element-populated\">\n\t\t\t\t\t\t<div class=\"elementor-element elementor-element-99fea44 elementor-nav-menu__align-start elementor-nav-menu__text-align-center elementor-nav-menu--dropdown-tablet elementor-nav-menu--toggle elementor-nav-menu--burger elementor-widget elementor-widget-global elementor-global-2418 elementor-widget-nav-menu\" data-id=\"99fea44\" data-element_type=\"widget\" data-settings=\"{&quot;layout&quot;:&quot;vertical&quot;,&quot;submenu_icon&quot;:{&quot;value&quot;:&quot;fas fa-caret-down&quot;,&quot;library&quot;:&quot;fa-solid&quot;},&quot;toggle&quot;:&quot;burger&quot;}\" data-widget_type=\"nav-menu.default\">\n\t\t\t\t<div class=\"elementor-widget-container\">\n\t\t\t\t\t\t\t\t<nav aria-label=\"Men\u00fc\" class=\"elementor-nav-menu--main elementor-nav-menu__container elementor-nav-menu--layout-vertical e--pointer-background e--animation-fade\">\n\t\t\t\t<ul id=\"menu-1-99fea44\" class=\"elementor-nav-menu sm-vertical\"><li class=\"menu-item menu-item-type-post_type menu-item-object-page menu-item-2414\"><a href=\"https:\/\/amnromania.ro\/hu\/mezok\/aromaterapia-2\/\" class=\"elementor-item\">Aromater\u00e1pia<\/a><\/li>\n<li class=\"menu-item menu-item-type-post_type menu-item-object-page menu-item-3268\"><a href=\"https:\/\/amnromania.ro\/hu\/mezok\/apiterapia\/\" class=\"elementor-item\">Apiter\u00e1pia<\/a><\/li>\n<li class=\"menu-item menu-item-type-post_type menu-item-object-page menu-item-2412\"><a href=\"https:\/\/amnromania.ro\/hu\/mezok\/kristalyterapia\/\" class=\"elementor-item\">Krist\u00e1ly ter\u00e1pia<\/a><\/li>\n<li class=\"menu-item menu-item-type-post_type menu-item-object-page menu-item-2413\"><a href=\"https:\/\/amnromania.ro\/hu\/mezok\/kromoterapia\/\" class=\"elementor-item\">Kromoter\u00e1pia<\/a><\/li>\n<li class=\"menu-item menu-item-type-post_type menu-item-object-page menu-item-3269\"><a href=\"https:\/\/amnromania.ro\/hu\/mezok\/dermoterapia\/\" class=\"elementor-item\">Dermoter\u00e1pia<\/a><\/li>\n<li class=\"menu-item menu-item-type-post_type menu-item-object-page menu-item-3267\"><a href=\"https:\/\/amnromania.ro\/hu\/mezok\/dietas-kezeles\/\" class=\"elementor-item\">Dietoter\u00e1pia<\/a><\/li>\n<li class=\"menu-item menu-item-type-post_type menu-item-object-page menu-item-3266\"><a href=\"https:\/\/amnromania.ro\/hu\/mezok\/fitoterapia\/\" class=\"elementor-item\">Fitoter\u00e1pia<\/a><\/li>\n<li class=\"menu-item menu-item-type-post_type menu-item-object-page menu-item-3265\"><a href=\"https:\/\/amnromania.ro\/hu\/mezok\/floriterapia\/\" class=\"elementor-item\">Floritherapy<\/a><\/li>\n<li class=\"menu-item menu-item-type-post_type menu-item-object-page menu-item-3264\"><a href=\"https:\/\/amnromania.ro\/hu\/mezok\/hidroterapia\/\" class=\"elementor-item\">Hidroter\u00e1pia<\/a><\/li>\n<li class=\"menu-item menu-item-type-post_type menu-item-object-page menu-item-3263\"><a href=\"https:\/\/amnromania.ro\/hu\/mezok\/idojaras-terapia\/\" class=\"elementor-item\">Meteoroter\u00e1pia<\/a><\/li>\n<li class=\"menu-item menu-item-type-post_type menu-item-object-page menu-item-3262\"><a href=\"https:\/\/amnromania.ro\/hu\/mezok\/zeneterapia\/\" class=\"elementor-item\">Zeneter\u00e1pia<\/a><\/li>\n<li class=\"menu-item menu-item-type-post_type menu-item-object-page menu-item-3261\"><a href=\"https:\/\/amnromania.ro\/hu\/mezok\/pszichoterapia\/\" class=\"elementor-item\">Pszichoter\u00e1pia<\/a><\/li>\n<li class=\"menu-item menu-item-type-post_type menu-item-object-page menu-item-3260\"><a href=\"https:\/\/amnromania.ro\/hu\/mezok\/termoterapia\/\" class=\"elementor-item\">Termoter\u00e1pia<\/a><\/li>\n<li class=\"menu-item menu-item-type-post_type menu-item-object-page menu-item-3259\"><a href=\"https:\/\/amnromania.ro\/hu\/mezok\/humorterapia\/\" class=\"elementor-item\">Humor ter\u00e1pia<\/a><\/li>\n<\/ul>\t\t\t<\/nav>\n\t\t\t\t\t<div class=\"elementor-menu-toggle\" role=\"button\" tabindex=\"0\" aria-label=\"Toggle men\u00fc\" aria-expanded=\"false\">\n\t\t\t<i aria-hidden=\"true\" role=\"presentation\" class=\"elementor-menu-toggle__icon--open eicon-menu-bar\"><\/i><i aria-hidden=\"true\" role=\"presentation\" class=\"elementor-menu-toggle__icon--close eicon-close\"><\/i>\t\t<\/div>\n\t\t\t\t\t<nav class=\"elementor-nav-menu--dropdown elementor-nav-menu__container\" aria-hidden=\"true\">\n\t\t\t\t<ul id=\"menu-2-99fea44\" class=\"elementor-nav-menu sm-vertical\"><li class=\"menu-item menu-item-type-post_type menu-item-object-page menu-item-2414\"><a href=\"https:\/\/amnromania.ro\/hu\/mezok\/aromaterapia-2\/\" class=\"elementor-item\" tabindex=\"-1\">Aromater\u00e1pia<\/a><\/li>\n<li class=\"menu-item menu-item-type-post_type menu-item-object-page menu-item-3268\"><a href=\"https:\/\/amnromania.ro\/hu\/mezok\/apiterapia\/\" class=\"elementor-item\" tabindex=\"-1\">Apiter\u00e1pia<\/a><\/li>\n<li class=\"menu-item menu-item-type-post_type menu-item-object-page menu-item-2412\"><a href=\"https:\/\/amnromania.ro\/hu\/mezok\/kristalyterapia\/\" class=\"elementor-item\" tabindex=\"-1\">Krist\u00e1ly ter\u00e1pia<\/a><\/li>\n<li class=\"menu-item menu-item-type-post_type menu-item-object-page menu-item-2413\"><a href=\"https:\/\/amnromania.ro\/hu\/mezok\/kromoterapia\/\" class=\"elementor-item\" tabindex=\"-1\">Kromoter\u00e1pia<\/a><\/li>\n<li class=\"menu-item menu-item-type-post_type menu-item-object-page menu-item-3269\"><a href=\"https:\/\/amnromania.ro\/hu\/mezok\/dermoterapia\/\" class=\"elementor-item\" tabindex=\"-1\">Dermoter\u00e1pia<\/a><\/li>\n<li class=\"menu-item menu-item-type-post_type menu-item-object-page menu-item-3267\"><a href=\"https:\/\/amnromania.ro\/hu\/mezok\/dietas-kezeles\/\" class=\"elementor-item\" tabindex=\"-1\">Dietoter\u00e1pia<\/a><\/li>\n<li class=\"menu-item menu-item-type-post_type menu-item-object-page menu-item-3266\"><a href=\"https:\/\/amnromania.ro\/hu\/mezok\/fitoterapia\/\" class=\"elementor-item\" tabindex=\"-1\">Fitoter\u00e1pia<\/a><\/li>\n<li class=\"menu-item menu-item-type-post_type menu-item-object-page menu-item-3265\"><a href=\"https:\/\/amnromania.ro\/hu\/mezok\/floriterapia\/\" class=\"elementor-item\" tabindex=\"-1\">Floritherapy<\/a><\/li>\n<li class=\"menu-item menu-item-type-post_type menu-item-object-page menu-item-3264\"><a href=\"https:\/\/amnromania.ro\/hu\/mezok\/hidroterapia\/\" class=\"elementor-item\" tabindex=\"-1\">Hidroter\u00e1pia<\/a><\/li>\n<li class=\"menu-item menu-item-type-post_type menu-item-object-page menu-item-3263\"><a href=\"https:\/\/amnromania.ro\/hu\/mezok\/idojaras-terapia\/\" class=\"elementor-item\" tabindex=\"-1\">Meteoroter\u00e1pia<\/a><\/li>\n<li class=\"menu-item menu-item-type-post_type menu-item-object-page menu-item-3262\"><a href=\"https:\/\/amnromania.ro\/hu\/mezok\/zeneterapia\/\" class=\"elementor-item\" tabindex=\"-1\">Zeneter\u00e1pia<\/a><\/li>\n<li class=\"menu-item menu-item-type-post_type menu-item-object-page menu-item-3261\"><a href=\"https:\/\/amnromania.ro\/hu\/mezok\/pszichoterapia\/\" class=\"elementor-item\" tabindex=\"-1\">Pszichoter\u00e1pia<\/a><\/li>\n<li class=\"menu-item menu-item-type-post_type menu-item-object-page menu-item-3260\"><a href=\"https:\/\/amnromania.ro\/hu\/mezok\/termoterapia\/\" class=\"elementor-item\" tabindex=\"-1\">Termoter\u00e1pia<\/a><\/li>\n<li class=\"menu-item menu-item-type-post_type menu-item-object-page menu-item-3259\"><a href=\"https:\/\/amnromania.ro\/hu\/mezok\/humorterapia\/\" class=\"elementor-item\" tabindex=\"-1\">Humor ter\u00e1pia<\/a><\/li>\n<\/ul>\t\t\t<\/nav>\n\t\t\t\t\t\t<\/div>\n\t\t\t\t<\/div>\n\t\t\t\t\t<\/div>\n\t\t<\/div>\n\t\t\t\t<div class=\"elementor-column elementor-col-50 elementor-top-column elementor-element elementor-element-985c27f\" data-id=\"985c27f\" data-element_type=\"column\">\n\t\t\t<div class=\"elementor-widget-wrap elementor-element-populated\">\n\t\t\t\t\t\t<div class=\"elementor-element elementor-element-ffbba9f elementor-widget elementor-widget-text-editor\" data-id=\"ffbba9f\" data-element_type=\"widget\" data-widget_type=\"text-editor.default\">\n\t\t\t\t<div class=\"elementor-widget-container\">\n\t\t\t\t\t\t\t\t\t<h1 style=\"text-align: center;\"><span style=\"color: #008000;\"><b>N\u00d6V\u00c9NY SZ\u00cdNE<\/b><\/span><\/h1>\n<p><\/p>\n<h2><img fetchpriority=\"high\" decoding=\"async\" class=\"alignnone wp-image-3103 size-large\" src=\"https:\/\/amnromania.ro\/wp-content\/uploads\/2020\/11\/food-rainbow-1024x541.jpg\" alt=\"\" width=\"1024\" height=\"541\" srcset=\"https:\/\/amnromania.ro\/wp-content\/uploads\/2020\/11\/food-rainbow-1024x541.jpg 1024w, https:\/\/amnromania.ro\/wp-content\/uploads\/2020\/11\/food-rainbow-300x158.jpg 300w, https:\/\/amnromania.ro\/wp-content\/uploads\/2020\/11\/food-rainbow-768x406.jpg 768w, https:\/\/amnromania.ro\/wp-content\/uploads\/2020\/11\/food-rainbow.jpg 1392w\" sizes=\"(max-width: 1024px) 100vw, 1024px\" \/><\/h2>\n<h2><span style=\"color: #008000;\"><b>Term\u00e9szetes forr\u00e1sok<\/b><\/span><\/h2>\n<p class=\"Text2\">A n\u00f6v\u00e9nyek sz\u00edne a term\u00e9szetes sz\u00ednez\u0151anyagoknak k\u00f6sz\u00f6nhet\u0151. Ezeknek a pigmenteknek a megl\u00e9te v\u00e1ltozatos, ahogy a vir\u00e1gokban vagy a gy\u00fcm\u00f6lcs\u00f6kben megjelen\u0151 sz\u00ednpaletta is. Vannak m\u00e1s t\u00e9nyez\u0151k is, amelyek befoly\u00e1solj\u00e1k a vir\u00e1gok sz\u00edn\u00e9t, \u00e9s ugyanazt a n\u00f6v\u00e9nyfajt vil\u00e1gosabb\u00e1 vagy s\u00f6t\u00e9tebb\u00e9, egyik vagy m\u00e1sik \u00e1rnyalat\u00fav\u00e1 teszik, vagy m\u00e1s \u00e1rnyalatokkal keverednek.<\/p>\n<h2><span style=\"color: #008000;\"><b>A sz\u00ednek v\u00e9gtelens\u00e9ge<\/b><\/span><\/h2>\n<p class=\"Text2\">A vir\u00e1gokban tal\u00e1lhat\u00f3 rengeteg sz\u00ednt mind\u00f6ssze h\u00e1rom term\u00e9szetes csoport hozza l\u00e9tre: a flavonok, a sejtnedvben tal\u00e1lhat\u00f3 s\u00e1rga sz\u00ednez\u00e9kek, a protoplazm\u00e1ban tal\u00e1lhat\u00f3 s\u00e1rga \u00e9s v\u00f6r\u00f6s k\u00f6z\u00f6tti \u00e1rnyalat\u00fa karcolor\u00e1nsok, a szint\u00e9n a sejtnedvben tal\u00e1lhat\u00f3 v\u00f6r\u00f6s \u00e9s s\u00f6t\u00e9tlila, majdnem fekete \u00e1rnyalat\u00fa antoci\u00e1nok. A vir\u00e1gok sohasem fekete sz\u00edn\u0171ek, mint a fekete r\u00f3zs\u00e1k vagy a fekete tulip\u00e1nok eset\u00e9ben.<\/p>\n<h2><span style=\"color: #008000;\"><b>Term\u00e9szeti t\u00e9nyez\u0151k<\/b><\/span><\/h2>\n<p class=\"Text2\">A n\u00f6v\u00e9nyek sz\u00edn\u00e9t a f\u00e9ny, a h\u0151m\u00e9rs\u00e9klet, a p\u00e1ratartalom \u00e9s m\u00e1s t\u00e9nyez\u0151k befoly\u00e1solj\u00e1k. Sok, teljes f\u00e9nyben nevelt n\u00f6v\u00e9ny sejtlev\u00e9ben t\u00f6bb antoci\u00e1npigment tal\u00e1lhat\u00f3. A szirmok er\u0151sebben megvil\u00e1g\u00edtott r\u00e9szei er\u0151sebben pigment\u00e1ltak, mint az \u00e1rny\u00e9kos r\u00e9szek. M\u00e1s esetekben k\u00f6nnyen bel\u00e1that\u00f3, hogy a f\u00e9ny vagy a f\u00e9ny hi\u00e1nya nem befoly\u00e1solja a pigment\u00e1ci\u00f3t: v\u00f6r\u00f6s c\u00e9kla, retek. Azonban egy olyan vir\u00e1g, amelyik a t\u00f6v\u00e9n\u00e9l vir\u00e1gzik, amikor behozzuk a lak\u00e1sba, kiny\u00edlik, \u00e9s a bimb\u00f3 tetej\u00e9n l\u00e9v\u0151 t\u00f6bbi, utols\u00f3k\u00e9nt megjelen\u0151 vir\u00e1gnak nem olyan sz\u00edn\u0171ek a szirmai, mint a testv\u00e9reik\u00e9.<\/p>\n<h2><span style=\"color: #008000;\"><b>Term\u00e9szetes pigmentek<\/b><\/span><\/h2>\n<p class=\"Text2\">A gy\u00fcm\u00f6lcs\u00f6k \u00e9s levelek sz\u00ednez\u0151d\u00e9se a h\u00e9jban tal\u00e1lhat\u00f3 pigmenteknek k\u00f6sz\u00f6nhet\u0151. A z\u00f6ld sz\u00ednt a klorofill pigment adja.<\/p>\n<p class=\"Text2\">A gy\u00f3gyn\u00f6v\u00e9nyek sz\u00edn\u00e9nek sokf\u00e9les\u00e9g\u00e9t a pigmentek n\u00e9gy csoportj\u00e1nak tulajdon\u00edtj\u00e1k: porfirinek, karatenoidok, flavonok, antoci\u00e1nok, xantoci\u00e1nok (s\u00e1rga- \u00e9s s\u00e1rga sz\u00edn\u0171).<wbr>narancss\u00e1rga, s\u00e1rga...<wbr>v\u00f6r\u00f6ses) \u00e1rnyaltabban jelennek meg egy<wbr>l\u00fagosabb k\u00f6rnyezetben, \u00e9s vasoldatok jelenl\u00e9t\u00e9ben a z\u00f6ld-<wbr>oliv, z\u00f6ld...<wbr>megbarnult.<\/p>\n<p class=\"Text2\">Az antocianin pigmentek sz\u00edne a pH-\u00e9rt\u00e9k f\u00fcggv\u00e9ny\u00e9ben v\u00e1ltozik.<wbr>A sejtl\u00e9 savas pH-n v\u00f6r\u00f6s, l\u00fagos pH-n k\u00e9k, semleges pH-n pedig lila sz\u00edn\u0171. A k\u00e9n-dioxid elsz\u00ednezheti \u0151ket.<\/p>\n<p class=\"Text2\">A h\u0151m\u00e9rs\u00e9klet-v\u00e1ltoz\u00e1s befoly\u00e1solhatja a sz\u00ednt, p\u00e9ld\u00e1ul: a t\u00e9len, \u00fcvegh\u00e1zban, 30 Celsius-fok feletti h\u0151m\u00e9rs\u00e9kleten er\u0151ltetett lil\u00e1knak feh\u00e9r vir\u00e1gaik vannak, m\u00e9g ha lila sz\u00edn\u0171ek is, de 26- \u00e9s 26 \u00b0C k\u00f6z\u00f6tti h\u0151m\u00e9rs\u00e9kleten a vir\u00e1gok feh\u00e9r sz\u00edn\u0171ek.<wbr>27C visszanyeri fajtaspecifikus sz\u00edn\u00e9t.<\/p>\n<h2><span style=\"color: #008000;\"><b>Sz\u00ednek \u00e9s f\u00f6ldrajzi r\u00e9gi\u00f3<\/b><\/span><\/h2>\n<p class=\"Text2\">Az alpesi \u00e9s cirkumpol\u00e1ris ter\u00fcleteken, ahol alacsony a h\u0151m\u00e9rs\u00e9klet, a vir\u00e1gok sz\u00edne s\u00f6t\u00e9tebb v\u00f6r\u00f6s, lila, k\u00e9k, mert ezek a pigmentek funkci\u00f3ja a forr\u00f3 sug\u00e1rz\u00e1s csapd\u00e1ba ejt\u00e9se, ak\u00e1r a k\u00e1ros ultraibolya sug\u00e1rz\u00e1s elleni v\u00e9delem az enzimk\u00e9mia sz\u00e1m\u00e1ra.<\/p>\n<p class=\"Text2\">Az \u00e9szaki orsz\u00e1gokban a piros, k\u00e9k \u00e9s lila vir\u00e1g\u00fa n\u00f6v\u00e9nyek (61%), a feh\u00e9r vir\u00e1g\u00faak (22%) \u00e9s a s\u00e1rga\/z\u00f6ld vir\u00e1g\u00faak (17%) domin\u00e1lnak, m\u00edg a m\u00e9rs\u00e9kelt \u00e9g\u00f6v\u00f6n a s\u00e1rga\/z\u00f6ld vir\u00e1g\u00faak \u00e9s a feh\u00e9r vir\u00e1gok vannak t\u00fals\u00falyban. A sztyepp\u00e9ken feh\u00e9res sz\u00edn\u0171ek \u00e9s ritk\u00e1bban k\u00e9k sz\u00edn\u0171ek, ut\u00f3bbiak vil\u00e1gosabbak.<\/p>\n<p class=\"Text2\">Az egyenl\u00edt\u0151i z\u00f3n\u00e1kban, b\u00e1r magasabb a h\u0151m\u00e9rs\u00e9klet, a n\u00f6v\u00e9nyek sz\u00edne m\u00e9gis v\u00e1ltozatos, mivel a f\u00e9ny sz\u00f3r\u00f3dik, valamint a r\u00e9teges n\u00f6v\u00e9nyzet \u00e9s a sz\u0151l\u0151 miatt. A tavasszal vir\u00e1gz\u00f3 n\u00f6v\u00e9nyek, b\u00e1r kora tavasszal vir\u00e1goznak, alacsony h\u0151m\u00e9rs\u00e9kleten m\u00e9g mindig vil\u00e1gos, feh\u00e9r, z\u00f6ldes vagy lila sz\u00edn\u0171ek, mert a vil\u00e1gos sz\u00ednnek h\u0151szab\u00e1lyoz\u00f3 hat\u00e1sa van.<\/p>\t\t\t\t\t\t\t\t<\/div>\n\t\t\t\t<\/div>\n\t\t\t\t\t<\/div>\n\t\t<\/div>\n\t\t\t\t\t<\/div>\n\t\t<\/section>\n\t\t\t\t<\/div>","protected":false},"excerpt":{"rendered":"<p>N\u00d6V\u00c9NYSZ\u00cdN Term\u00e9szetes forr\u00e1sok A n\u00f6v\u00e9nyek sz\u00edne a term\u00e9szetes sz\u00ednez\u0151anyagoknak k\u00f6sz\u00f6nhet\u0151. E pigmentek l\u00e9tez\u00e9s\u00e9nek eredm\u00e9nye v\u00e1ltozatos, ahogyan a vir\u00e1gokban vagy gy\u00fcm\u00f6lcs\u00f6kben megjelen\u0151 sz\u00ednpaletta is. Vannak m\u00e1s t\u00e9nyez\u0151k is, amelyek befoly\u00e1solj\u00e1k a vir\u00e1gok sz\u00edn\u00e9t, \u00e9s ugyanazt a n\u00f6v\u00e9nyfajt vil\u00e1gosabb\u00e1 vagy s\u00f6t\u00e9tebb\u00e9 teszik, vagy [...].<\/p>","protected":false},"author":1,"featured_media":0,"parent":2408,"menu_order":0,"comment_status":"closed","ping_status":"closed","template":"","meta":{"_mi_skip_tracking":false,"_analytify_skip_tracking":false,"footnotes":""},"class_list":["post-3058","page","type-page","status-publish","hentry"],"aioseo_notices":[],"aioseo_head":"\n\t\t<!-- All in One SEO Pro 4.7.0 - aioseo.com -->\n\t\t<meta name=\"description\" content=\"Culoarea plantelor este influentata de lumina, temperatura, umiditate si alti factori. Multe plante cultivate in plina lumina contin in sucul celular mai multi pigmenti antocionici.\" \/>\n\t\t<meta name=\"robots\" content=\"max-image-preview:large\" \/>\n\t\t<meta name=\"google-site-verification\" content=\"G-391X30D2FS\" \/>\n\t\t<link rel=\"canonical\" href=\"https:\/\/amnromania.ro\/hu\/mezok\/kromoterapia\/novenyi-szinu\/\" \/>\n\t\t<meta name=\"generator\" content=\"All in One SEO Pro (AIOSEO) 4.7.0\" \/>\n\t\t<meta property=\"og:locale\" content=\"hu_HU\" \/>\n\t\t<meta property=\"og:site_name\" content=\"AMN Ayurveda ROM\u00c2NIA | Asociatia Nationala pentru Promovarea Medicinelor Neconventionale\" \/>\n\t\t<meta property=\"og:type\" content=\"article\" \/>\n\t\t<meta property=\"og:title\" content=\"Culoarea plantelor | AMN Ayurveda ROM\u00c2NIA\" \/>\n\t\t<meta property=\"og:description\" content=\"Culoarea plantelor este influentata de lumina, temperatura, umiditate si alti factori. Multe plante cultivate in plina lumina contin in sucul celular mai multi pigmenti antocionici.\" \/>\n\t\t<meta property=\"og:url\" content=\"https:\/\/amnromania.ro\/hu\/mezok\/kromoterapia\/novenyi-szinu\/\" \/>\n\t\t<meta property=\"og:image\" content=\"https:\/\/amnromania.ro\/ynorsyju\/2021\/06\/Ayurveda-in-Romania-Vol.-2-Ro.jpg\" \/>\n\t\t<meta property=\"og:image:secure_url\" content=\"https:\/\/amnromania.ro\/ynorsyju\/2021\/06\/Ayurveda-in-Romania-Vol.-2-Ro.jpg\" \/>\n\t\t<meta property=\"article:published_time\" content=\"2020-11-06T16:41:16+00:00\" \/>\n\t\t<meta property=\"article:modified_time\" content=\"2020-11-06T22:25:51+00:00\" \/>\n\t\t<meta property=\"article:publisher\" content=\"https:\/\/www.facebook.com\/AMNRomania\" \/>\n\t\t<script type=\"application\/ld+json\" class=\"aioseo-schema\">\n\t\t\t{\"@context\":\"https:\\\/\\\/schema.org\",\"@graph\":[{\"@type\":\"BreadcrumbList\",\"@id\":\"https:\\\/\\\/amnromania.ro\\\/hu\\\/mezok\\\/kromoterapia\\\/novenyi-szinu\\\/#breadcrumblist\",\"itemListElement\":[{\"@type\":\"ListItem\",\"@id\":\"https:\\\/\\\/amnromania.ro\\\/hu\\\/#listItem\",\"position\":1,\"name\":\"Home\",\"item\":\"https:\\\/\\\/amnromania.ro\\\/hu\\\/\",\"nextItem\":\"https:\\\/\\\/amnromania.ro\\\/hu\\\/mezok\\\/#listItem\"},{\"@type\":\"ListItem\",\"@id\":\"https:\\\/\\\/amnromania.ro\\\/hu\\\/mezok\\\/#listItem\",\"position\":2,\"name\":\"Domenii\",\"item\":\"https:\\\/\\\/amnromania.ro\\\/hu\\\/mezok\\\/\",\"nextItem\":\"https:\\\/\\\/amnromania.ro\\\/hu\\\/mezok\\\/kromoterapia\\\/#listItem\",\"previousItem\":\"https:\\\/\\\/amnromania.ro\\\/hu\\\/#listItem\"},{\"@type\":\"ListItem\",\"@id\":\"https:\\\/\\\/amnromania.ro\\\/hu\\\/mezok\\\/kromoterapia\\\/#listItem\",\"position\":3,\"name\":\"Cromoterapie\",\"item\":\"https:\\\/\\\/amnromania.ro\\\/hu\\\/mezok\\\/kromoterapia\\\/\",\"nextItem\":\"https:\\\/\\\/amnromania.ro\\\/hu\\\/mezok\\\/kromoterapia\\\/novenyi-szinu\\\/#listItem\",\"previousItem\":\"https:\\\/\\\/amnromania.ro\\\/hu\\\/mezok\\\/#listItem\"},{\"@type\":\"ListItem\",\"@id\":\"https:\\\/\\\/amnromania.ro\\\/hu\\\/mezok\\\/kromoterapia\\\/novenyi-szinu\\\/#listItem\",\"position\":4,\"name\":\"Culoarea plantelor\",\"previousItem\":\"https:\\\/\\\/amnromania.ro\\\/hu\\\/mezok\\\/kromoterapia\\\/#listItem\"}]},{\"@type\":\"Organization\",\"@id\":\"https:\\\/\\\/amnromania.ro\\\/hu\\\/#organization\",\"name\":\"AMN Ayurveda Romania\",\"url\":\"https:\\\/\\\/amnromania.ro\\\/hu\\\/\",\"logo\":{\"@type\":\"ImageObject\",\"url\":\"https:\\\/\\\/amnromania.ro\\\/ynorsyju\\\/2020\\\/10\\\/amn.png\",\"@id\":\"https:\\\/\\\/amnromania.ro\\\/hu\\\/mezok\\\/kromoterapia\\\/novenyi-szinu\\\/#organizationLogo\"},\"image\":{\"@id\":\"https:\\\/\\\/amnromania.ro\\\/hu\\\/mezok\\\/kromoterapia\\\/novenyi-szinu\\\/#organizationLogo\"},\"sameAs\":[\"https:\\\/\\\/www.facebook.com\\\/AMNRomania\",\"https:\\\/\\\/www.youtube.com\\\/channel\\\/UClfqKxiq_uZ11rthDIT3-BQ\\\/videos\"]},{\"@type\":\"WebPage\",\"@id\":\"https:\\\/\\\/amnromania.ro\\\/hu\\\/mezok\\\/kromoterapia\\\/novenyi-szinu\\\/#webpage\",\"url\":\"https:\\\/\\\/amnromania.ro\\\/hu\\\/mezok\\\/kromoterapia\\\/novenyi-szinu\\\/\",\"name\":\"Culoarea plantelor | AMN Ayurveda ROM\\u00c2NIA\",\"description\":\"Culoarea plantelor este influentata de lumina, temperatura, umiditate si alti factori. Multe plante cultivate in plina lumina contin in sucul celular mai multi pigmenti antocionici.\",\"inLanguage\":\"hu-HU\",\"isPartOf\":{\"@id\":\"https:\\\/\\\/amnromania.ro\\\/hu\\\/#website\"},\"breadcrumb\":{\"@id\":\"https:\\\/\\\/amnromania.ro\\\/hu\\\/mezok\\\/kromoterapia\\\/novenyi-szinu\\\/#breadcrumblist\"},\"datePublished\":\"2020-11-06T16:41:16+02:00\",\"dateModified\":\"2020-11-06T22:25:51+02:00\"},{\"@type\":\"WebSite\",\"@id\":\"https:\\\/\\\/amnromania.ro\\\/hu\\\/#website\",\"url\":\"https:\\\/\\\/amnromania.ro\\\/hu\\\/\",\"name\":\"AMN Ayurveda ROM\\u00c2NIA\",\"description\":\"Asociatia Nationala pentru Promovarea Medicinelor Neconventionale\",\"inLanguage\":\"hu-HU\",\"publisher\":{\"@id\":\"https:\\\/\\\/amnromania.ro\\\/hu\\\/#organization\"}}]}\n\t\t<\/script>\n\t\t<!-- All in One SEO Pro -->\r\n\t\t<title>Culoarea plantelor | AMN Ayurveda ROM\u00c2NIA<\/title>\n\n","aioseo_head_json":{"title":"Culoarea plantelor | AMN Ayurveda ROM\u00c2NIA","description":"Culoarea plantelor este influentata de lumina, temperatura, umiditate si alti factori. Multe plante cultivate in plina lumina contin in sucul celular mai multi pigmenti antocionici.","canonical_url":"https:\/\/amnromania.ro\/hu\/mezok\/kromoterapia\/novenyi-szinu\/","robots":"max-image-preview:large","keywords":"","webmasterTools":{"google-site-verification":"G-391X30D2FS","miscellaneous":""},"og:locale":"hu_HU","og:site_name":"AMN Ayurveda ROM\u00c2NIA | Asociatia Nationala pentru Promovarea Medicinelor Neconventionale","og:type":"article","og:title":"Culoarea plantelor | AMN Ayurveda ROM\u00c2NIA","og:description":"Culoarea plantelor este influentata de lumina, temperatura, umiditate si alti factori. Multe plante cultivate in plina lumina contin in sucul celular mai multi pigmenti antocionici.","og:url":"https:\/\/amnromania.ro\/hu\/mezok\/kromoterapia\/novenyi-szinu\/","og:image":"https:\/\/amnromania.ro\/ynorsyju\/2021\/06\/Ayurveda-in-Romania-Vol.-2-Ro.jpg","og:image:secure_url":"https:\/\/amnromania.ro\/ynorsyju\/2021\/06\/Ayurveda-in-Romania-Vol.-2-Ro.jpg","article:published_time":"2020-11-06T16:41:16+00:00","article:modified_time":"2020-11-06T22:25:51+00:00","article:publisher":"https:\/\/www.facebook.com\/AMNRomania","schema":{"@context":"https:\/\/schema.org","@graph":[{"@type":"BreadcrumbList","@id":"https:\/\/amnromania.ro\/hu\/mezok\/kromoterapia\/novenyi-szinu\/#breadcrumblist","itemListElement":[{"@type":"ListItem","@id":"https:\/\/amnromania.ro\/hu\/#listItem","position":1,"name":"Home","item":"https:\/\/amnromania.ro\/hu\/","nextItem":"https:\/\/amnromania.ro\/hu\/mezok\/#listItem"},{"@type":"ListItem","@id":"https:\/\/amnromania.ro\/hu\/mezok\/#listItem","position":2,"name":"Domenii","item":"https:\/\/amnromania.ro\/hu\/mezok\/","nextItem":"https:\/\/amnromania.ro\/hu\/mezok\/kromoterapia\/#listItem","previousItem":"https:\/\/amnromania.ro\/hu\/#listItem"},{"@type":"ListItem","@id":"https:\/\/amnromania.ro\/hu\/mezok\/kromoterapia\/#listItem","position":3,"name":"Cromoterapie","item":"https:\/\/amnromania.ro\/hu\/mezok\/kromoterapia\/","nextItem":"https:\/\/amnromania.ro\/hu\/mezok\/kromoterapia\/novenyi-szinu\/#listItem","previousItem":"https:\/\/amnromania.ro\/hu\/mezok\/#listItem"},{"@type":"ListItem","@id":"https:\/\/amnromania.ro\/hu\/mezok\/kromoterapia\/novenyi-szinu\/#listItem","position":4,"name":"Culoarea plantelor","previousItem":"https:\/\/amnromania.ro\/hu\/mezok\/kromoterapia\/#listItem"}]},{"@type":"Organization","@id":"https:\/\/amnromania.ro\/hu\/#organization","name":"AMN Ayurveda Romania","url":"https:\/\/amnromania.ro\/hu\/","logo":{"@type":"ImageObject","url":"https:\/\/amnromania.ro\/ynorsyju\/2020\/10\/amn.png","@id":"https:\/\/amnromania.ro\/hu\/mezok\/kromoterapia\/novenyi-szinu\/#organizationLogo"},"image":{"@id":"https:\/\/amnromania.ro\/hu\/mezok\/kromoterapia\/novenyi-szinu\/#organizationLogo"},"sameAs":["https:\/\/www.facebook.com\/AMNRomania","https:\/\/www.youtube.com\/channel\/UClfqKxiq_uZ11rthDIT3-BQ\/videos"]},{"@type":"WebPage","@id":"https:\/\/amnromania.ro\/hu\/mezok\/kromoterapia\/novenyi-szinu\/#webpage","url":"https:\/\/amnromania.ro\/hu\/mezok\/kromoterapia\/novenyi-szinu\/","name":"Culoarea plantelor | AMN Ayurveda ROM\u00c2NIA","description":"Culoarea plantelor este influentata de lumina, temperatura, umiditate si alti factori. Multe plante cultivate in plina lumina contin in sucul celular mai multi pigmenti antocionici.","inLanguage":"hu-HU","isPartOf":{"@id":"https:\/\/amnromania.ro\/hu\/#website"},"breadcrumb":{"@id":"https:\/\/amnromania.ro\/hu\/mezok\/kromoterapia\/novenyi-szinu\/#breadcrumblist"},"datePublished":"2020-11-06T16:41:16+02:00","dateModified":"2020-11-06T22:25:51+02:00"},{"@type":"WebSite","@id":"https:\/\/amnromania.ro\/hu\/#website","url":"https:\/\/amnromania.ro\/hu\/","name":"AMN Ayurveda ROM\u00c2NIA","description":"Asociatia Nationala pentru Promovarea Medicinelor Neconventionale","inLanguage":"hu-HU","publisher":{"@id":"https:\/\/amnromania.ro\/hu\/#organization"}}]}},"aioseo_meta_data":{"post_id":"3058","title":null,"description":"Culoarea plantelor este influentata de lumina, temperatura, umiditate si alti factori. Multe plante cultivate in plina lumina contin in sucul celular mai multi pigmenti antocionici.","keywords":null,"keyphrases":null,"primary_term":null,"canonical_url":null,"og_title":null,"og_description":null,"og_object_type":"default","og_image_type":"default","og_image_url":null,"og_image_width":null,"og_image_height":null,"og_image_custom_url":null,"og_image_custom_fields":null,"og_video":null,"og_custom_url":null,"og_article_section":null,"og_article_tags":null,"twitter_use_og":false,"twitter_card":"default","twitter_image_type":"default","twitter_image_url":null,"twitter_image_custom_url":null,"twitter_image_custom_fields":null,"twitter_title":null,"twitter_description":null,"schema":{"blockGraphs":[],"customGraphs":[],"default":{"data":{"Article":[],"Course":[],"Dataset":[],"FAQPage":[],"Movie":[],"Person":[],"Product":[],"Recipe":[],"Service":[],"SoftwareApplication":[],"WebPage":[]},"graphName":"WebPage","isEnabled":true},"graphs":[]},"schema_type":null,"schema_type_options":null,"pillar_content":false,"robots_default":true,"robots_noindex":false,"robots_noarchive":false,"robots_nosnippet":false,"robots_nofollow":false,"robots_noimageindex":false,"robots_noodp":false,"robots_notranslate":false,"robots_max_snippet":null,"robots_max_videopreview":null,"robots_max_imagepreview":"large","priority":null,"frequency":null,"local_seo":null,"limit_modified_date":false,"open_ai":null,"created":"2020-12-21 07:24:50","updated":"2024-01-28 10:51:30"},"aioseo_breadcrumb":"<div class=\"aioseo-breadcrumbs\"><span class=\"aioseo-breadcrumb\">\n\t<a href=\"https:\/\/amnromania.ro\/hu\" title=\"Home\">Home<\/a>\n<\/span><span class=\"aioseo-breadcrumb-separator\">&raquo;<\/span><span class=\"aioseo-breadcrumb\">\n\t<a href=\"https:\/\/amnromania.ro\/hu\/mezok\/\" title=\"Domenii\">Domenii<\/a>\n<\/span><span class=\"aioseo-breadcrumb-separator\">&raquo;<\/span><span class=\"aioseo-breadcrumb\">\n\t<a href=\"https:\/\/amnromania.ro\/hu\/mezok\/kromoterapia\/\" title=\"Cromoterapie\">Cromoterapie<\/a>\n<\/span><span class=\"aioseo-breadcrumb-separator\">&raquo;<\/span><span class=\"aioseo-breadcrumb\">\n\tCuloarea plantelor\n<\/span><\/div>","aioseo_breadcrumb_json":[{"label":"Home","link":"https:\/\/amnromania.ro\/hu"},{"label":"Domenii","link":"https:\/\/amnromania.ro\/hu\/mezok\/"},{"label":"Cromoterapie","link":"https:\/\/amnromania.ro\/hu\/mezok\/kromoterapia\/"},{"label":"Culoarea plantelor","link":"https:\/\/amnromania.ro\/hu\/mezok\/kromoterapia\/novenyi-szinu\/"}],"_links":{"self":[{"href":"https:\/\/amnromania.ro\/hu\/wp-json\/wp\/v2\/pages\/3058","targetHints":{"allow":["GET"]}}],"collection":[{"href":"https:\/\/amnromania.ro\/hu\/wp-json\/wp\/v2\/pages"}],"about":[{"href":"https:\/\/amnromania.ro\/hu\/wp-json\/wp\/v2\/types\/page"}],"author":[{"embeddable":true,"href":"https:\/\/amnromania.ro\/hu\/wp-json\/wp\/v2\/users\/1"}],"replies":[{"embeddable":true,"href":"https:\/\/amnromania.ro\/hu\/wp-json\/wp\/v2\/comments?post=3058"}],"version-history":[{"count":0,"href":"https:\/\/amnromania.ro\/hu\/wp-json\/wp\/v2\/pages\/3058\/revisions"}],"up":[{"embeddable":true,"href":"https:\/\/amnromania.ro\/hu\/wp-json\/wp\/v2\/pages\/2408"}],"wp:attachment":[{"href":"https:\/\/amnromania.ro\/hu\/wp-json\/wp\/v2\/media?parent=3058"}],"curies":[{"name":"wp","href":"https:\/\/api.w.org\/{rel}","templated":true}]}}