{"id":2693,"date":"2020-11-06T09:28:01","date_gmt":"2020-11-06T09:28:01","guid":{"rendered":"https:\/\/amnromania.ro\/?page_id=2693"},"modified":"2024-04-17T18:26:35","modified_gmt":"2024-04-17T16:26:35","slug":"tavasz","status":"publish","type":"page","link":"https:\/\/amnromania.ro\/hu\/ayurveda\/how-to\/tavasz\/","title":{"rendered":"Tavaszi"},"content":{"rendered":"<div data-elementor-type=\"wp-page\" data-elementor-id=\"2693\" class=\"elementor elementor-2693\" data-elementor-post-type=\"page\">\n\t\t\t\t\t\t<section class=\"elementor-section elementor-top-section elementor-element elementor-element-8f6b058 elementor-section-boxed elementor-section-height-default elementor-section-height-default\" data-id=\"8f6b058\" data-element_type=\"section\">\n\t\t\t\t\t\t<div class=\"elementor-container elementor-column-gap-default\">\n\t\t\t\t\t<div class=\"elementor-column elementor-col-50 elementor-top-column elementor-element elementor-element-a608203\" data-id=\"a608203\" data-element_type=\"column\">\n\t\t\t<div class=\"elementor-widget-wrap elementor-element-populated\">\n\t\t\t\t\t\t<div class=\"elementor-element elementor-element-81e6d3f elementor-nav-menu__align-start elementor-nav-menu__text-align-center elementor-nav-menu--dropdown-tablet elementor-nav-menu--toggle elementor-nav-menu--burger elementor-widget elementor-widget-global elementor-global-2579 elementor-widget-nav-menu\" data-id=\"81e6d3f\" data-element_type=\"widget\" data-settings=\"{&quot;layout&quot;:&quot;vertical&quot;,&quot;submenu_icon&quot;:{&quot;value&quot;:&quot;fas fa-chevron-down&quot;,&quot;library&quot;:&quot;fa-solid&quot;},&quot;toggle&quot;:&quot;burger&quot;}\" data-widget_type=\"nav-menu.default\">\n\t\t\t\t<div class=\"elementor-widget-container\">\n\t\t\t\t\t\t\t\t<nav aria-label=\"Men\u00fc\" class=\"elementor-nav-menu--main elementor-nav-menu__container elementor-nav-menu--layout-vertical e--pointer-background e--animation-fade\">\n\t\t\t\t<ul id=\"menu-1-81e6d3f\" class=\"elementor-nav-menu sm-vertical\"><li class=\"menu-item menu-item-type-post_type menu-item-object-page menu-item-2034\"><a href=\"https:\/\/amnromania.ro\/hu\/ayurveda\/dimenzio-ezoterikus\/\" class=\"elementor-item\">Az ezoterikus dimenzi\u00f3<\/a><\/li>\n<li class=\"menu-item menu-item-type-post_type menu-item-object-page menu-item-2026\"><a href=\"https:\/\/amnromania.ro\/hu\/ayurveda\/o-life-boldogsag\/\" class=\"elementor-item\">Boldog \u00e9let<\/a><\/li>\n<li class=\"menu-item menu-item-type-post_type menu-item-object-page menu-item-2027\"><a href=\"https:\/\/amnromania.ro\/hu\/ayurveda\/szepseg-noies\/\" class=\"elementor-item\">N\u0151i sz\u00e9ps\u00e9g<\/a><\/li>\n<li class=\"menu-item menu-item-type-post_type menu-item-object-page menu-item-2028\"><a href=\"https:\/\/amnromania.ro\/hu\/ayurveda\/kiegyensulyozott-taplalkozas-az-ajurvedaban\/\" class=\"elementor-item\">Kiegyens\u00falyozott t\u00e1pl\u00e1lkoz\u00e1s az ayurv\u00e9d\u00e1ban<\/a><\/li>\n<li class=\"menu-item menu-item-type-post_type menu-item-object-page menu-item-2029\"><a href=\"https:\/\/amnromania.ro\/hu\/ayurveda\/natural-foods-and-longevity\/\" class=\"elementor-item\">Term\u00e9szetes t\u00e1pl\u00e1lkoz\u00e1s \u00e9s hossz\u00fa \u00e9let<\/a><\/li>\n<li class=\"menu-item menu-item-type-post_type menu-item-object-page menu-item-2030\"><a href=\"https:\/\/amnromania.ro\/hu\/ayurveda\/ayurveda-es-egeszseg\/\" class=\"elementor-item\">Ayurveda \u00e9s eg\u00e9szs\u00e9g<\/a><\/li>\n<li class=\"menu-item menu-item-type-post_type menu-item-object-page menu-item-2031\"><a href=\"https:\/\/amnromania.ro\/hu\/ayurveda\/ayurveda-gyogyito-rendszer\/\" class=\"elementor-item\">Ayurveda - gy\u00f3gy\u00edt\u00f3 rendszer<\/a><\/li>\n<li class=\"menu-item menu-item-type-post_type menu-item-object-page menu-item-2032\"><a href=\"https:\/\/amnromania.ro\/hu\/ayurveda\/egyediseg-perspektiva-ayurvedikus\/\" class=\"elementor-item\">Az ayurv\u00e9dikus szeml\u00e9let egyedis\u00e9ge<\/a><\/li>\n<li class=\"menu-item menu-item-type-post_type menu-item-object-page menu-item-2033\"><a href=\"https:\/\/amnromania.ro\/hu\/ayurveda\/ayurvedikus-tudas\/\" class=\"elementor-item\">Ayurv\u00e9dikus tud\u00e1s<\/a><\/li>\n<li class=\"menu-item menu-item-type-post_type menu-item-object-page menu-item-2058\"><a href=\"https:\/\/amnromania.ro\/hu\/ayurveda\/how-to\/\" class=\"elementor-item\">Gyakorlati int\u00e9zked\u00e9sek<\/a><\/li>\n<\/ul>\t\t\t<\/nav>\n\t\t\t\t\t<div class=\"elementor-menu-toggle\" role=\"button\" tabindex=\"0\" aria-label=\"Toggle men\u00fc\" aria-expanded=\"false\">\n\t\t\t<i aria-hidden=\"true\" role=\"presentation\" class=\"elementor-menu-toggle__icon--open eicon-menu-bar\"><\/i><i aria-hidden=\"true\" role=\"presentation\" class=\"elementor-menu-toggle__icon--close eicon-close\"><\/i>\t\t<\/div>\n\t\t\t\t\t<nav class=\"elementor-nav-menu--dropdown elementor-nav-menu__container\" aria-hidden=\"true\">\n\t\t\t\t<ul id=\"menu-2-81e6d3f\" class=\"elementor-nav-menu sm-vertical\"><li class=\"menu-item menu-item-type-post_type menu-item-object-page menu-item-2034\"><a href=\"https:\/\/amnromania.ro\/hu\/ayurveda\/dimenzio-ezoterikus\/\" class=\"elementor-item\" tabindex=\"-1\">Az ezoterikus dimenzi\u00f3<\/a><\/li>\n<li class=\"menu-item menu-item-type-post_type menu-item-object-page menu-item-2026\"><a href=\"https:\/\/amnromania.ro\/hu\/ayurveda\/o-life-boldogsag\/\" class=\"elementor-item\" tabindex=\"-1\">Boldog \u00e9let<\/a><\/li>\n<li class=\"menu-item menu-item-type-post_type menu-item-object-page menu-item-2027\"><a href=\"https:\/\/amnromania.ro\/hu\/ayurveda\/szepseg-noies\/\" class=\"elementor-item\" tabindex=\"-1\">N\u0151i sz\u00e9ps\u00e9g<\/a><\/li>\n<li class=\"menu-item menu-item-type-post_type menu-item-object-page menu-item-2028\"><a href=\"https:\/\/amnromania.ro\/hu\/ayurveda\/kiegyensulyozott-taplalkozas-az-ajurvedaban\/\" class=\"elementor-item\" tabindex=\"-1\">Kiegyens\u00falyozott t\u00e1pl\u00e1lkoz\u00e1s az ayurv\u00e9d\u00e1ban<\/a><\/li>\n<li class=\"menu-item menu-item-type-post_type menu-item-object-page menu-item-2029\"><a href=\"https:\/\/amnromania.ro\/hu\/ayurveda\/natural-foods-and-longevity\/\" class=\"elementor-item\" tabindex=\"-1\">Term\u00e9szetes t\u00e1pl\u00e1lkoz\u00e1s \u00e9s hossz\u00fa \u00e9let<\/a><\/li>\n<li class=\"menu-item menu-item-type-post_type menu-item-object-page menu-item-2030\"><a href=\"https:\/\/amnromania.ro\/hu\/ayurveda\/ayurveda-es-egeszseg\/\" class=\"elementor-item\" tabindex=\"-1\">Ayurveda \u00e9s eg\u00e9szs\u00e9g<\/a><\/li>\n<li class=\"menu-item menu-item-type-post_type menu-item-object-page menu-item-2031\"><a href=\"https:\/\/amnromania.ro\/hu\/ayurveda\/ayurveda-gyogyito-rendszer\/\" class=\"elementor-item\" tabindex=\"-1\">Ayurveda - gy\u00f3gy\u00edt\u00f3 rendszer<\/a><\/li>\n<li class=\"menu-item menu-item-type-post_type menu-item-object-page menu-item-2032\"><a href=\"https:\/\/amnromania.ro\/hu\/ayurveda\/egyediseg-perspektiva-ayurvedikus\/\" class=\"elementor-item\" tabindex=\"-1\">Az ayurv\u00e9dikus szeml\u00e9let egyedis\u00e9ge<\/a><\/li>\n<li class=\"menu-item menu-item-type-post_type menu-item-object-page menu-item-2033\"><a href=\"https:\/\/amnromania.ro\/hu\/ayurveda\/ayurvedikus-tudas\/\" class=\"elementor-item\" tabindex=\"-1\">Ayurv\u00e9dikus tud\u00e1s<\/a><\/li>\n<li class=\"menu-item menu-item-type-post_type menu-item-object-page menu-item-2058\"><a href=\"https:\/\/amnromania.ro\/hu\/ayurveda\/how-to\/\" class=\"elementor-item\" tabindex=\"-1\">Gyakorlati int\u00e9zked\u00e9sek<\/a><\/li>\n<\/ul>\t\t\t<\/nav>\n\t\t\t\t\t\t<\/div>\n\t\t\t\t<\/div>\n\t\t\t\t\t<\/div>\n\t\t<\/div>\n\t\t\t\t<div class=\"elementor-column elementor-col-50 elementor-top-column elementor-element elementor-element-43ec9ad\" data-id=\"43ec9ad\" data-element_type=\"column\">\n\t\t\t<div class=\"elementor-widget-wrap elementor-element-populated\">\n\t\t\t\t\t\t<div class=\"elementor-element elementor-element-2fc87f1 elementor-widget elementor-widget-text-editor\" data-id=\"2fc87f1\" data-element_type=\"widget\" data-widget_type=\"text-editor.default\">\n\t\t\t\t<div class=\"elementor-widget-container\">\n\t\t\t\t\t\t\t\t\t<h1 style=\"text-align: center;\"><span style=\"color: #3366ff;\"><strong>Hogyan mehet\u00fcnk energi\u00e1val telve \u00e9s zsigerekt\u0151l mentesen a tavaszba?<\/strong><\/span><\/h1><p class=\"Normal4 P-32\" style=\"text-align: right;\"><span class=\"C-20\">Carmen Gheorghe \u00e9s Dana Oarga \u00e1ltal<\/span><\/p><p class=\"Text2\">A term\u00e9szet minden alkalommal leny\u0171g\u00f6z benn\u00fcnket, amikor \u00e1ts\u00e9t\u00e1lunk egy<wbr \/>egy \u00faj \u00e9vad. Olyan ez, mint egy k\u00e9pzett fest\u0151, aki von\u00e1sr\u00f3l von\u00e1sra haladva a feh\u00e9ret z\u00f6lddel, a z\u00f6ldet aranys\u00e1rg\u00e1val, az aranys\u00e1rg\u00e1t pirossal helyettes\u00edti, majd visszat\u00e9r a feh\u00e9rhez. \u00c9s mindezt nagy kecsess\u00e9ggel \u00e9s t\u00fcrelemmel teszi, mert a term\u00e9szetnek var\u00e1zslatos ecsete \u00e9s v\u00e9gtelen sz\u00ednpalett\u00e1ja van! Milyen sz\u00e9p lenne, ha mi is megtehetn\u00e9nk ugyanezt magunkban... Igaz, hogy nem vagyunk olyan \u00fcgyesek, mint a Fest\u0151, aki sz\u00ednt ad a term\u00e9szetnek, de att\u00f3l m\u00e9g \u00e9lvezhetj\u00fck a m\u0171v\u00e9szet\u00e9t.<\/p><p class=\"Text2\">Csak annyit kell tenn\u00fcnk, hogy eml\u00e9kezz\u00fcnk arra, hogy a test\u00fcnk meg\u00e9rti a vir\u00e1gok, az es\u0151 \u00e9s a sz\u00e9l nyelv\u00e9t, \u00e9s meg\u00e1llunk egy pillanatra, hogy<wbr \/>hallgatjuk a suttog\u00e1s\u00e1t. Mert nem v\u00e9letlen\u00fcl \"v\u00e1gyunk\" valami melegre egy hossz\u00fa utaz\u00e1s ut\u00e1n, vagy valami j\u00f3ra egy f\u00e1raszt\u00f3 munkanap ut\u00e1n. Nem v\u00e9letlen\u00fcl megy\u00fcnk ki a napra, ha csak n\u00e9h\u00e1ny percre is, vagy illatos\u00edtjuk otthonunkat illatos olajokkal. Ezek mind olyan jelz\u00e9sek, amelyeket a test\u00fcnk s\u00fag nek\u00fcnk, hogy harmonikusan beilleszkedhess\u00fcnk a term\u00e9szet term\u00e9szetes ritmus\u00e1ba.<\/p><p class=\"Text2\">Az indi\u00e1nok \u0151sid\u0151k \u00f3ta ismerik ezeket a ritmusokat. A hagyom\u00e1nyos \u00e1zsiai orvosl\u00e1s r\u00e9szletesen tanulm\u00e1nyozta mind a term\u00e9szet, mind az ember ritmusait. Az \u00e1jurv\u00e9da gyakorlatilag a vil\u00e1g legr\u00e9gebbi gy\u00f3gy\u00edt\u00e1si rendszere, \u00e9s az indiai orvosi tud\u00e1sanyag a V\u00e9d\u00e1k szent sz\u00f6vegeib\u0151l sz\u00e1rmazik. Azon a meggy\u0151z\u0151d\u00e9sen alapul, hogy az eg\u00e9szs\u00e9g \u00e9s a harm\u00f3nia az elme, a test \u00e9s a l\u00e9lek k\u00f6z\u00f6tti k\u00e9nyes egyens\u00faly fenntart\u00e1s\u00e1n m\u00falik.<\/p><p class=\"Text2 C-22\">A f\u0151 c\u00e9l<span class=\"C-22\">\u00a0<\/span>a  c\u00edmen.<span class=\"C-22\">\u00a0<\/span>ayurv\u00e9dikus gy\u00f3gy\u00e1szat<span class=\"C-22\">\u00a0<\/span>a k\u00f6vetkez\u0151k el\u0151mozd\u00edt\u00e1sa<span class=\"C-22\">\u00a0<\/span>j\u00f3 eg\u00e9szs\u00e9g<span class=\"C-22\">,\u00a0<\/span>ahelyett, hogy<span class=\"C-22\">\u00a0<\/span>harc a betegs\u00e9ggel<span class=\"C-22\">. Hogy meg\u00e9rts\u00fck a saj\u00e1t test\u00fcnk mechanizmus\u00e1t, \u00e9s ezzel egy\u00fctt folyamatosan megadja nek\u00fcnk, amire sz\u00fcks\u00e9g\u00fcnk van.<\/span><\/p><p class=\"Text2\">A m\u00e9rs\u00e9kelt \u00f6vben, ahol \u00e9l\u00fcnk, n\u00e9gy \u00e9vszak van: tavasz, ny\u00e1r, \u0151sz \u00e9s t\u00e9l. A hagyom\u00e1nyos \u00e1jurv\u00e9dikus gy\u00f3gy\u00e1szat azonban csak h\u00e1romra osztja az \u00e9vszakokat, \u00e9s minden \u00e1jurv\u00e9dikus \u00e9vszak n\u00e9gy h\u00f3napig tart. Ebben az id\u0151szakban a h\u00e1rom alapvet\u0151 \u00e9letenergia egyik\u00e9nek t\u00fals\u00falya ciklikusan jelentkezik: Kapha \u00e9letenergia, Pitta \u00e9letenergia \u00e9s Vata \u00e9letenergia. Napt\u00e1rilag az \u00faj \u00e9v kezdete febru\u00e1r 15-\u00e9nek felel meg. A t\u00e9l - amikor a hideg, sz\u00e1raz Vata \u00e9letenergia uralkodik - \u00e9s a tavasz - amikor a hideg, nedves Kapha \u00e9letenergia uralkodik - k\u00f6z\u00f6tti \u00e1tmeneti id\u0151szak rendk\u00edv\u00fcl kedvez\u0151 lehet a j\u00f3t\u00e9kony \u00fajj\u00e1sz\u00fclet\u00e9shez minden olyan ember sz\u00e1m\u00e1ra, aki odafigyel a bek\u00f6vetkez\u0151 \u00e9letenergia-v\u00e1ltoz\u00e1sokra, \u00e9s aki igyekszik tudatos\u00edtani, hogy ezek az egyes emberi saj\u00e1toss\u00e1goknak megfelel\u0151en milyen m\u00f3don t\u00fckr\u00f6z\u0151dnek a bels\u0151 univerzum\u00e1ban.<\/p><p class=\"Text2 C-22\">Az Ayurveda hagyom\u00e1nyos rendszere egyszerre pontos \u00e9s megalapozott tudom\u00e1ny, amely \u00e1ltal\u00e1nos fogalmakat \u00e9s kateg\u00f3ri\u00e1kat, valamint ter\u00e1pi\u00e1s m\u00f3dszereket tartalmaz, \u00e9s val\u00f3di gy\u00f3gy\u00edt\u00f3 m\u0171v\u00e9szet.\u00a0<span class=\"C-23\">Ha ismerj\u00fck azt a finom m\u00f3dot, ahogyan a term\u00e9szet felk\u00e9sz\u00fcl az \u00faj id\u0151ciklusra, az azt is lehet\u0151v\u00e9 teszi sz\u00e1munkra, hogy k\u00f6nnyed\u00e9n \u00e9s harmonikusan lek\u00fczdj\u00fck mindazokat a t\u00fcneteket \u00e9s kellemetlens\u00e9geket, amelyeket a modern orvostudom\u00e1ny a \"tavaszi f\u00e1radts\u00e1g\" \u00e1ltal\u00e1nos kifejez\u00e9ssel illet. Mert ez a tavaszi f\u00e1radts\u00e1g nem m\u00e1s, mint az \u00e1tmenet a<wbr \/>egy \u00faj ayurv\u00e9dikus id\u0151ciklus, egy \u00e1tmenet, amelyet a test\u00fcnk t\u00f6bb\u00e9-kev\u00e9sb\u00e9 intenz\u00edven \u00e9rez, att\u00f3l f\u00fcgg\u0151en, hogy mennyire vagyunk k\u00e9pesek megbirk\u00f3zni a k\u00f6rnyezet\u00fcnkben bek\u00f6vetkez\u0151 k\u00fcls\u0151 v\u00e1ltoz\u00e1sokkal.<\/span><\/p><p class=\"Text2 C-22\">Az Ayurveda val\u00f3j\u00e1ban egy igazi \u00e9letm\u00f3d, vagy m\u00e1s sz\u00f3val egy m\u00e9lyen spiritu\u00e1lis, egyszer\u0171 \u00e9s term\u00e9szetes \u00e9letm\u00f3d, amely helyre\u00e1ll\u00edtja minden ember teljes harm\u00f3ni\u00e1j\u00e1t \u00f6nmag\u00e1val \u00e9s mindazzal, ami k\u00f6r\u00fcl\u00f6tte van, lehet\u0151v\u00e9 t\u00e9ve sz\u00e1m\u00e1ra, hogy<wbr \/>\u00e9s \u00edgy felfedezni a misztikus kapcsolatot \u00f6nmaga \u00e9s a term\u00e9szet, \u00f6nmaga \u00e9s Isten k\u00f6z\u00f6tt. Ez\u00e9rt j\u00f3, ha igyeksz\u00fcnk min\u00e9l m\u00e9lyebben meg\u00e9rteni a gy\u00f3gy\u00edt\u00f3 n\u00f6v\u00e9nyek aktu\u00e1lis haszn\u00e1lat\u00e1nak ayurv\u00e9dikus gyakorlat\u00e1nak \u00e9rt\u00e9k\u00e9t, azt az ayurv\u00e9dikus gyakorlatot, amely azt jelzi, hogy test\u00fcnket rendszeresen kenj\u00fck fel toniz\u00e1l\u00f3 \u00e9s t\u00e1pl\u00e1l\u00f3 olajokkal, vagy \u00f6lt\u00f6zz\u00fcnk puha \u00e9s meleg ruh\u00e1kba, vagy ak\u00e1r m\u00f3dos\u00edtsuk \u00e9trend\u00fcnket, k\u00fcl\u00f6n\u00f6sen, ha valahol legbel\u00fcl mi is \u00e9rezz\u00fck ezt az ig\u00e9nyt. A divaton, szok\u00e1sokon, hat\u00e1sokon vagy el\u0151\u00edt\u00e9leteken t\u00fal j\u00f3, ha tudjuk, hogy sokkal fontosabb, hogy el\u00e9gedettek legy\u00fcnk \u00f6nmagunkkal, \u00e9s n\u00e9h\u00e1ny egyszer\u0171 \u00e9s j\u00f3zan ayurv\u00e9dikus tan\u00e1csot a gyakorlatba \u00fcltetve, hogyan tud test\u00fcnk harmonikusan \u00e9s z\u00f6kken\u0151mentesen \u00e1tmenni az \u00faj ayurv\u00e9dikus \u00e9vbe, j\u00f3t\u00e9kony, ak\u00e1r v\u00e1ratlan eredm\u00e9nyekkel is j\u00e1rhat, k\u00fcl\u00f6n\u00f6sen, ha eddig minden kora tavaszt k\u00e1ros szintetikus antibiotikumokkal k\u00f6sz\u00f6nt\u00f6tt\u00fcnk fejf\u00e1j\u00e1sunk \u00e9s torokf\u00e1j\u00e1sunk kezel\u00e9s\u00e9re.<\/p><p class=\"Text2 C-22\">\u00c1ltal\u00e1noss\u00e1gban elmondhat\u00f3, hogy a febru\u00e1r 15-\u00e9n kezd\u0151d\u00f6tt \u00faj \u00e9vszak nedves \u00e9s hideg jellege hajlamos\u00edt a ny\u00e1lkah\u00e1rtya-felhalmoz\u00f3d\u00e1ssal j\u00e1r\u00f3 megf\u00e1z\u00e1sra, az arc\u00fcregrohamok s\u00falyosbod\u00e1s\u00e1ra, a gyullad\u00e1sra \u00e9s a ny\u00e1lkah\u00e1rtya-gyullad\u00e1sra.\u00a0<span class=\"C-22\">az em\u00e9szt\u00e9s lelassul\u00e1sa.<\/span><\/p><p class=\"Text2 C-22\">Az els\u0151 l\u00e9p\u00e9s az, hogy kital\u00e1ljuk, hogyan l\u00e9pj\u00fcnk \u00e1t szem\u00e9lyesen ebbe az \u00faj id\u0151ciklusba. Vess\u00fcnk egy pillant\u00e1st az elm\u00falt \u00e9vekre \u00e9s az \u00f6sszes t\u00fcnetre, amit...<wbr \/>volt, k\u00f6vetkezetesen minden alkalommal, majd v\u00e1lasszuk ki a sz\u00e1munkra legmegfelel\u0151bb gy\u00f3gym\u00f3dot.<\/p><p class=\"Text2\">Mert most a legfontosabb, hogy a megfelel\u0151 gy\u00f3gyn\u00f6v\u00e9nyeket szedj\u00fck, \u00e9s meleg\u00edt\u0151 \u00e9s tiszt\u00edt\u00f3 ter\u00e1pi\u00e1kat v\u00e9gezz\u00fcnk. De egy gy\u00f3gym\u00f3d soha nem lehet csodaszer. Mindannyiunknak megvan a saj\u00e1t t\u00f6rt\u00e9nete \u00e9s s-<wbr \/>megbetegedett<wbr \/>egy saj\u00e1tos, egyedi, r\u00e1 jellemz\u0151 kontextus. Vannak azonban olyan gy\u00f3gyn\u00f6v\u00e9nyek \u00e9s gy\u00f3gym\u00f3dok, amelyek mindenkinek megfelelnek, \u00e9s mind profilaktikusak, mind gy\u00f3gy\u00edt\u00f3 hat\u00e1s\u00faak.<\/p><h2><strong><span style=\"color: #3366ff;\">Friss gy\u00f6mb\u00e9r<\/span><\/strong><\/h2><p class=\"Text2\">A gy\u00f6mb\u00e9r \u00c1zsi\u00e1b\u00f3l sz\u00e1rmazik, majd k\u00e9s\u0151bb D\u00e9l-Amerik\u00e1ban, Ausztr\u00e1li\u00e1ban, Jamaik\u00e1ban \u00e9s az USA-ban is termesztett\u00e9k. A k\u00ednai tenger\u00e9szek gy\u00f6mb\u00e9rt kaptak a tengeri betegs\u00e9g \u00e9s a sz\u00e9d\u00fcl\u00e9s elker\u00fcl\u00e9s\u00e9re, az \u00f3kori g\u00f6r\u00f6g\u00f6k pedig lakoma ut\u00e1n fogyasztott\u00e1k az em\u00e9szt\u00e9s el\u0151seg\u00edt\u00e9s\u00e9re. Az indi\u00e1nok azt \u00e1ll\u00edtj\u00e1k, hogy tiszt\u00e1bb\u00e1 teszi az elm\u00e9t.<\/p><p class=\"Text2 C-25\">A gy\u00f6mb\u00e9rt kiv\u00e1l\u00f3 gy\u00f3gym\u00f3dnak tartj\u00e1k k\u00fcl\u00f6nb\u00f6z\u0151 betegs\u00e9gek kezel\u00e9s\u00e9re \u00e9s az em\u00e9szt\u0151rendszerre gyakorolt gyors hat\u00e1sa miatt. \u0150sid\u0151k \u00f3ta haszn\u00e1lj\u00e1k gy\u00f3gyn\u00f6v\u00e9nyk\u00e9nt reumatikus panaszok enyh\u00edt\u00e9s\u00e9re, valamint a megf\u00e1z\u00e1s \u00e9s influenza t\u00fcneteinek kezel\u00e9s\u00e9re. A gy\u00f6mb\u00e9rrel kapcsolatos kutat\u00e1sok r\u00e1kellenes tulajdons\u00e1gokat is kimutattak.<\/p><p class=\"Text2\">A gy\u00f6mb\u00e9r kalciumot, vasat, magn\u00e9ziumot, mang\u00e1nt, k\u00e1liumot, feh\u00e9rj\u00e9t, sz\u00e9nhidr\u00e1tot, \u00e9lelmi rostot, szel\u00e9nt, n\u00e1triumot, C-, E- \u00e9s B6-vitamint tartalmaz. A gy\u00f6mb\u00e9rben l\u00e9v\u0151 ill\u00f3olajok f\u00e1jdalomcsillap\u00edt\u00f3, nyugtat\u00f3 \u00e9s h\u0151old\u00f3 hat\u00e1s\u00faak. Ezek adj\u00e1k k\u00fcl\u00f6nleges \u00edz\u00e9t \u00e9s illat\u00e1t, \u00e9s el\u0151seg\u00edtik a gyomor-b\u00e9lrendszer izmainak mozg\u00e1s\u00e1t, hozz\u00e1j\u00e1rulva a jobb em\u00e9szt\u00e9shez.<\/p><p class=\"Text2\">Fontos tudni, hogy a gy\u00f6mb\u00e9rt frissen kell fogyasztani ahhoz, hogy a n\u00f6v\u00e9ny minden tulajdons\u00e1g\u00e1t ki tudjuk haszn\u00e1lni. Nyugtatja a hasi f\u00e1jdalmakat, seg\u00edti az em\u00e9szt\u00e9st, megsz\u00fcnteti a g\u00e1zokat, \u00e9tv\u00e1gyat ad, semleges\u00edti a m\u00e9reganyagokat, m\u00edg egy cs\u00e9sze l\u00e9 ugyanebb\u0151l a n\u00f6v\u00e9nyi r\u00e9szb\u0151l megszabad\u00edthat a l\u00e1zad\u00f3 csukl\u00e1st\u00f3l, h\u00e1nyingert\u0151l vagy h\u00e1ny\u00e1st\u00f3l, s\u0151t, ak\u00e1r \u00e9telm\u00e9rgez\u00e9st\u0151l is. A feh\u00e9rj\u00e9k lebont\u00e1s\u00e1val m\u0171k\u00f6dik, hogy megszabad\u00edtsa a gyomrot \u00e9s a beleket a g\u00e1zokt\u00f3l. Az\u00e9rt olyan hat\u00e9kony ebben, mert 180-szor t\u00f6bb feh\u00e9rjeem\u00e9szt\u0151 enzim van benne, mint a papay\u00e1ban. Ezek az enzimek alapvet\u0151 szerepet j\u00e1tszanak abban, hogy a t\u00e1pl\u00e1l\u00e9kb\u00f3l sz\u00e1rmaz\u00f3 t\u00e1panyagok hat\u00e9konyan felsz\u00edv\u00f3djanak. A zs\u00edros \u00e9telek em\u00e9szt\u00e9s\u00e9t is seg\u00edti az\u00e1ltal, hogy serkenti a ny\u00e1ltermel\u00e9st \u00e9s megk\u00f6nny\u00edti a nyel\u00e9si folyamatot.<\/p><p class=\"Text2\">A hideg \u00e9vszakban a megf\u00e1z\u00e1s megel\u0151z\u00e9s\u00e9re, de a megf\u00e1z\u00e1s kezel\u00e9s\u00e9re is haszn\u00e1ljuk. A t\u00fcd\u0151re, a gyomorra \u00e9s a l\u00e9pre hat. A gy\u00f6mb\u00e9r gy\u00f3gy\u00edt\u00f3 hat\u00e1s\u00e1t felhaszn\u00e1lhatjuk a l\u00e9g\u00fati betegs\u00e9gek lek\u00fczd\u00e9s\u00e9re. K\u00fcl\u00f6n\u00f6sen hat\u00e1sos k\u00f6ptet\u0151 k\u00f6h\u00f6g\u00e9sn\u00e9l, a t\u00fcd\u0151 tiszt\u00edt\u00e1s\u00e1val, de allergi\u00e1s l\u00e9g\u00fati probl\u00e9m\u00e1kn\u00e1l is, mint p\u00e9ld\u00e1ul a sz\u00e1raz k\u00f6h\u00f6g\u00e9ssel k\u00eds\u00e9rt asztma, h\u00f6rghurut, angina. A gy\u00f6mb\u00e9rtea seg\u00edt a megf\u00e1z\u00e1s \u00e9s az influenza eset\u00e9n az\u00e1ltal, hogy izzad\u00e1st id\u00e9z el\u0151, \u00e9s \u00e9l\u00e9nk\u00edti az immunrendszert. J\u00f3t\u00e9konyan hat a k\u00f6h\u00f6g\u00e9s \u00e9s a torokirrit\u00e1ci\u00f3 megsz\u00fcntet\u00e9s\u00e9re. H\u00edg\u00edtja a h\u00f6rg\u0151k ny\u00e1lk\u00e1j\u00e1t \u00e9s serkenti a v\u00e9rkering\u00e9st, megsz\u00fcnteti a hideg k\u00e9z \u00e9s l\u00e1b t\u00fcneteit, cs\u00f6kkenti a koleszterinszintet, cs\u00f6kkenti a v\u00e9ralvad\u00e1s kock\u00e1zat\u00e1t \u00e9s megel\u0151zi a sz\u00edv- \u00e9s \u00e9rrendszeri betegs\u00e9geket.<\/p><p class=\"Text2\">A gy\u00f6mb\u00e9r cs\u00f6kkenti az \u00edz\u00fcleti gyullad\u00e1st, \u00e9s gyakran aj\u00e1nlj\u00e1k reum\u00e1s \u00edz\u00fcleti gyullad\u00e1s eset\u00e9n. Emellett egy cs\u00e9sze gy\u00f6mb\u00e9rtea fogyaszt\u00e1sa fizikai megterhel\u00e9s ut\u00e1n megel\u0151zheti az izoml\u00e1zat \u00e9s \u00e1ltal\u00e1ban az \u00edz\u00fcleti f\u00e1jdalmakat. Helyi gyullad\u00e1sok eset\u00e9n a gy\u00f6mb\u00e9res borogat\u00e1s csod\u00e1kra k\u00e9pes.<\/p><p class=\"Text2\">Egy cs\u00e9sze gy\u00f6mb\u00e9rtea cs\u00f6kkenti a prosztaglandinokat, amelyek \u00e9rz\u00e9kenny\u00e9 teszik az idegv\u00e9gz\u0151d\u00e9sekben l\u00e9v\u0151 f\u00e1jdalomreceptorokat, ami er\u0151s f\u00e1jdalomcsillap\u00edt\u00f3 hat\u00e1st mutat. J\u00f3 gy\u00f3gy\u00edr a stressz ellen, a szak\u00e9rt\u0151k szerint a gy\u00f6mb\u00e9rtea hat\u00e1sa az enyhe szorong\u00e1sold\u00f3k\u00e9hoz hasonl\u00f3.\u00a0<\/p><p class=\"Text2\">B\u00e1r a n\u00f6v\u00e9ny riz\u00f3m\u00e1j\u00e1nak \u00e1rnyalt \u00edz\u00e9t sokan az \u00e1zsiai konyh\u00e1val azonos\u00edtj\u00e1k, a nyers gy\u00f6mb\u00e9rt sokf\u00e9lek\u00e9ppen beilleszthetj\u00fck az \u00e9trend\u00fcnkbe, mivel sz\u00e1mos \u00e1rnyalatot k\u00edn\u00e1l az \u00edzvil\u00e1gunknak: f\u0171szeres, arom\u00e1s, friss \u00edz\u0171 \u00e9s friss\u00edt\u0151.<\/p><p class=\"Text2\">A nyers gy\u00f6mb\u00e9r els\u0151sorban az \u00e9dessz\u00e1j\u00faaknak \u00e9s az \u00e9dessz\u00e1j\u00faaknak aj\u00e1nlott. Ha a sov\u00e1ny, sz\u00e1raz, hideg \u00e9s \u00e9tv\u00e1gytalan, vagy meglehet\u0151sen szesz\u00e9lyes \u00e9tv\u00e1gy\u00fa kateg\u00f3ri\u00e1ba tartozol, a gy\u00f6mb\u00e9r nem a legjobb v\u00e1laszt\u00e1s. Akik ebbe a kateg\u00f3ri\u00e1ba tartoznak, azoknak ott van egy m\u00e1sik gy\u00f3gyn\u00f6v\u00e9ny, a Pippali, Piper Longum, vagyis az indiai hossz\u00fa bors.<\/p><p class=\"Text2\">Vigy\u00e1zzanak azok is, akiknek gyomorhurutjuk \u00e9s gyomorfek\u00e9ly\u00fck van.<wbr \/>nyomb\u00e9l, akut gyullad\u00e1sos betegs\u00e9gek, ahol a gy\u00f6mb\u00e9r nem aj\u00e1nlott.<\/p><h2><strong><span style=\"color: #3366ff;\">A f\u00e9szkek<\/span><\/strong><\/h2><p class=\"Text2\">Azt mondj\u00e1k, hogy i. e. 3-ban a k\u00ednai m\u00e9lt\u00f3s\u00e1goknak, akik a cs\u00e1sz\u00e1rhoz j\u00f6ttek audienci\u00e1ra, szegf\u0171szeget kellett r\u00e1gniuk, hogy felfriss\u00edts\u00e9k a lehelet\u00fcket \u00e9s el\u0171zz\u00e9k a gonosz gondolatokat.<\/p><p class=\"Text2\">A gum\u00f3k tannint, ill\u00f3olajat tartalmaznak, amelynek f\u0151 \u00f6sszetev\u0151je az eugenol, amely fert\u0151tlen\u00edt\u0151 hat\u00e1s\u00fa. Nyugtat\u00f3, fert\u0151tlen\u00edt\u0151 \u00e9s v\u00edrusellenes hat\u00e1s\u00fa.  K\u00e9miai tartalm\u00e1nak \u00e9s az eugenolban gazdag olajnak k\u00f6sz\u00f6nhet\u0151en a szegf\u0171szeg sz\u00e1mos ter\u00e1pi\u00e1s hat\u00e1st fejt ki: fert\u0151tlen\u00edt\u0151, antibakteri\u00e1lis, gomba\u00f6l\u0151, v\u00edrusellenes, \u00e9rz\u00e9stelen\u00edt\u0151, f\u00e1jdalomcsillap\u00edt\u00f3, gyullad\u00e1scs\u00f6kkent\u0151, toniz\u00e1l\u00f3, gyomorer\u0151s\u00edt\u0151, karminat\u00edv, fek\u00e9lyellenes, f\u00e9reghajt\u00f3 \u00e9s v\u00e9rlemezkek\u00e9pz\u0151d\u00e9s-g\u00e1tl\u00f3. Kiv\u00e1l\u00f3an alkalmas em\u00e9szt\u00e9si panaszok kezel\u00e9s\u00e9re, megf\u00e1z\u00e1s \u00e9s egy\u00e9b l\u00e9g\u00fati betegs\u00e9gek kezel\u00e9s\u00e9re, antibakteri\u00e1lis, izzaszt\u00f3 \u00e9s simaizomlaz\u00edt\u00f3 hat\u00e1s\u00fa a t\u00fcd\u0151ben. A f\u00fcl, az orr, a torok \u00e9s a nemi szervek fert\u0151z\u00e9sei ellen is harcolnak.<\/p><p class=\"Text2\">Serkenti az \u00e9tv\u00e1gyat, seg\u00edti az em\u00e9szt\u00e9st, h\u00e1ny\u00e1s, k\u00f3lika \u00e9s csukl\u00e1s ellen hat.  K\u00fczd a b\u00e9lf\u00e9rgek ellen, er\u0151s\u00edti az immunit\u00e1st, vizelethajt\u00f3 \u00e9s vizelethajt\u00f3. Seg\u00edt a szembetegs\u00e9gekben \u00e9s a k\u00f6z\u00e9pf\u00fcl gyullad\u00e1s\u00e1ban.<\/p><p class=\"Text2\">Mind profilaktikusan, mind ter\u00e1pi\u00e1s c\u00e9llal naponta t\u00f6bbsz\u00f6r is r\u00e1ghatunk eg\u00e9sz szegf\u0171szeget. Amellett, hogy felfriss\u00edtik a lehelet\u00fcnket, seg\u00edtenek abban is, hogy j\u00f3l \u00e9rezz\u00fck magunkat.<\/p><h2><strong><span style=\"color: #3366ff;\">Tinkt\u00far\u00e1k<\/span><\/strong><\/h2><p class=\"Text2\">A tinkt\u00far\u00e1k a gy\u00f3gyn\u00f6v\u00e9nyekb\u0151l (levelekb\u0151l, vir\u00e1gokb\u00f3l, gy\u00f6kerekb\u0151l vagy ezek \u00f6sszess\u00e9g\u00e9b\u0151l) nyert alkoholos, hidroalkoholos vagy heteroalkoholos kivonatos oldatok, att\u00f3l f\u00fcgg\u0151en, hogy milyen betegs\u00e9gre alkalmazz\u00e1k \u0151ket. A tinkt\u00far\u00e1kban l\u00e9v\u0151 n\u00f6v\u00e9nyi hat\u00f3anyagok viszonylag nagyobb koncentr\u00e1ci\u00f3ban vannak jelen, mint m\u00e1s foly\u00e9kony gy\u00f3gyn\u00f6v\u00e9nyk\u00e9sz\u00edtm\u00e9nyekben, \u00e9s hossz\u00fa ideig meg\u0151rzik ter\u00e1pi\u00e1s min\u0151s\u00e9g\u00fcket.<\/p><p class=\"Text2\">Az egyszer\u0171 gy\u00f3gyn\u00f6v\u00e9nytinkt\u00far\u00e1k enyh\u00edthetik \u00e9s gy\u00f3gy\u00edthatj\u00e1k a k\u00fcl\u00f6nb\u00f6z\u0151 eg\u00e9szs\u00e9g\u00fcgyi probl\u00e9m\u00e1kat, a h\u00f6rg\u0151asztm\u00e1t\u00f3l, a mandulagyullad\u00e1st\u00f3l, az arc\u00fcreggyullad\u00e1st\u00f3l, az influenz\u00e1t\u00f3l, az adnexitist\u0151l kezdve a r\u00e1k, az agyh\u00e1rtyagyullad\u00e1s, a tuberkul\u00f3zis, a hepatitis C \u00e9s B vagy a gombaf\u00f3bi\u00e1kig.<\/p><p class=\"Text2\">A tinkt\u00far\u00e1k nagyon j\u00f3 gy\u00f3gym\u00f3dok ebben az id\u0151szakban. Amellett, hogy n\u00e9h\u00e1ny csepp tinkt\u00fara fel\u00e9r egy cs\u00e9sze te\u00e1val, t\u00e1panyagaik rendk\u00edv\u00fcl k\u00f6nnyen asszimil\u00e1l\u00f3dnak. Fokozz\u00e1k a szervezet \u00f6nv\u00e9delmi k\u00e9pess\u00e9g\u00e9t \u00e9s kiegyens\u00falyozz\u00e1k a l\u00e9gz\u0151rendszer m\u0171k\u00f6d\u00e9s\u00e9t.<\/p><p class=\"Text2\">Szedhet propolisz tinkt\u00far\u00e1t, influenza elleni tinkt\u00far\u00e1kat, immunstimul\u00e1l\u00f3 hat\u00e1s\u00fa tinkt\u00far\u00e1kat, pl. echinacea tinkt\u00far\u00e1t, vagy m\u00e1s egyszer\u0171 tinkt\u00far\u00e1kat, amelyek alkalmasak erre az id\u0151szakra. Mindig \u00e9rdemes el\u0151re t\u00e1j\u00e9koz\u00f3dni az egyes tinkt\u00far\u00e1k hat\u00e1sair\u00f3l, miel\u0151tt elkezden\u00e9nk haszn\u00e1lni \u0151ket. A gyakorlatban a hat\u00e9kony hat\u00e1s \u00e9rdek\u00e9ben az aj\u00e1nlott adagot mindig v\u00edzzel vagy gy\u00f3gyn\u00f6v\u00e9nymakr\u00e9ttal h\u00edg\u00edtva \u00e9s m\u00e9zzel \u00e9des\u00edtve kell alkalmazni.<\/p><h2><span style=\"color: #3366ff;\"><strong>Di\u00e9ta<\/strong><\/span><\/h2><p class=\"Text2\">Ezt az id\u0151szakot az em\u00e9szt\u00e9s bizonyos fok\u00fa lelassul\u00e1sa jellemzi. \u00c9ppen ez\u00e9rt k\u00f6nnyebb \u00e9teleket kell enni, cs\u00f6kkenteni kell a tejterm\u00e9keket (ak\u00e1r ki is kell iktatni \u0151ket egy id\u0151re az \u00e9trendb\u0151l), \u00e9s a nagyon neh\u00e9z \u00e9teleket. A f\u0171szereket b\u0151s\u00e9gesen haszn\u00e1lhatjuk. \u00cdgy seg\u00edthetj\u00fck az em\u00e9szt\u0151 t\u00fcz\u00fcnket, \u00e9s hamarosan, amint melegszik az id\u0151, megkezdhetj\u00fck a tiszt\u00edt\u00f3k\u00far\u00e1kat.<\/p><p class=\"Text2\">\u00a0Term\u00e9szetesen \u00e1t\u00e1llunk egy \u00faj \u00e9trendre, c\u00e9lunk, hogy az eddig megszokott tejterm\u00e9keket \u00e9s \u00e9teleket valami megfelel\u0151bbre cser\u00e9lj\u00fck. Ha teh\u00e1t azok k\u00f6z\u00e9 tartozol, akik minden \u00e9tkez\u00e9shez sajtot esznek, akkor most itt az ideje, hogy a tofunak h\u00f3dolj, annak minden \u00edz\u00e9ben \u00e9s megjelen\u00e9si form\u00e1j\u00e1ban. A tejet sikeresen helyettes\u00edthetj\u00fck mandulatejjel, sz\u00f3jatejjel vagy rizstejjel. V\u00e1s\u00e1rolhatod vagy elk\u00e9sz\u00edtheted otthon, ut\u00f3bbi esetben \u00edzek kever\u00e9k\u00e9t adhatod hozz\u00e1, s\u0151t k\u00eds\u00e9rletezhetsz is vel\u00fck. Ha nem tudod teljesen elhagyni a tejterm\u00e9keket, akkor j\u00f3, ha a szok\u00e1sosn\u00e1l jobban megf\u0171szerezed az \u00e9teleket, amiket f\u0151z\u00f6l.<\/p><p class=\"Text2\">\u00a0A tiszt\u00edtott vaj, a ghee is alkalmas. Sokkal eg\u00e9szs\u00e9gesebb, mint a kereskedelemben v\u00e1s\u00e1rolt vaj, \u00e9s nem ig\u00e9nyel sok el\u0151k\u00e9sz\u00fcletet, csak egy kicsit t\u00f6bb t\u00fcrelmet \u00e9s id\u0151t az otthoni elk\u00e9sz\u00edt\u00e9s\u00e9hez.<\/p><p class=\"Text2\">\u00a0Az \u00e9tolajokat, m\u00e9g ha hidegen sajtoltak is, a legjobb takar\u00e9kosan haszn\u00e1lni.<\/p><p class=\"Text2\">\u00a0Hasonl\u00f3k\u00e9ppen, ha azok k\u00f6z\u00e9 tartozol, akik \u00e9dessz\u00e1j\u00faak, akkor jobb, ha kihagyod a kr\u00e9mes, \u00e9des s\u00fctem\u00e9nyeket, amelyeknek eddig kedvet \u00e9rezt\u00e9l a k\u00e9nyeztet\u00e9shez. A m\u00e9z \u00e1ltal\u00e1ban is remek\u00fcl helyettes\u00edti a cukrot, nem csak az \u00e9vnek ebben az id\u0151szak\u00e1ban. Ayurv\u00e9dikus szempontb\u00f3l az egy \u00e9vn\u00e9l id\u0151sebb m\u00e9z ilyenkor j\u00f3, teh\u00e1t nem kell tavaly ny\u00e1ri m\u00e9zet vagy nagyon foly\u00f3s m\u00e9zet keresni. Az \u00e9des\u00edtett m\u00e9zet minden gond n\u00e9lk\u00fcl fogyaszthatjuk. Szedhetsz vir\u00e1gport is. Ha eddig m\u00e9g nem szedett, javasoljuk, hogy pr\u00f3b\u00e1ljon ki t\u00f6bbf\u00e9le vir\u00e1gport (szak\u00fczletekben tal\u00e1lhat), ak\u00e1r nyersen t\u00e1rolva, ak\u00e1r sz\u00e1r\u00edtva. Kellemesen meg fog lep\u0151dni, mert a vir\u00e1gpornak sz\u00e1mtalan \u00edze \u00e9s illata is lehet att\u00f3l f\u00fcgg\u0151en, hogy milyen vir\u00e1gr\u00f3l szedt\u00e9k. \u00a0<\/p><h2><span style=\"color: #3366ff;\"><strong>H\u0151<\/strong><\/span><\/h2><p class=\"Text2\">Ennek az id\u0151szaknak a jellemz\u0151je a hideg \u00e9s a csapad\u00e9k. Ez\u00e9rt fontos, hogy m\u00e9g akkor is, ha odakint m\u00e1r s\u00fct a nap, el\u00e9g vastagon \u00f6lt\u00f6zz\u00fcnk. Ebben az id\u0151szakban sz\u00e1raz meleg aj\u00e1nlott. A hossz\u00fa f\u00fcrd\u0151ket \u00e9s a vizes szaun\u00e1t egy ideig ker\u00fclni kell.<\/p><p class=\"Text2\">Ha valahogy egy ideig a hidegben vagy huzatban \u00fclt\u00e9l, \u00e9s \u00fagy \u00e9rzed, hogy valami nincs rendben, akkor egy forr\u00f3 zuhany ut\u00e1n tan\u00e1csos egy takar\u00f3val a tested k\u00f6r\u00fcl az \u00e1gyba vonulni. Most van itt az ideje a tinkt\u00far\u00e1knak is, felt\u00e9tlen\u00fcl meleg gy\u00f3gyn\u00f6v\u00e9nyes folyad\u00e9kkal \u00e9s m\u00e9zzel keverve. Haszn\u00e1lja b\u00e1tran az erre az \u00e9vszakra kaphat\u00f3 tinkt\u00far\u00e1k sz\u00e9les v\u00e1laszt\u00e9k\u00e1t.<\/p><p class=\"Text2\">Ne agg\u00f3djon, ha b\u0151s\u00e9gesen izzad, ez az egyik m\u00f3dja annak, hogy a test meggy\u00f3gy\u00edtsa mag\u00e1t.<\/p><p class=\"Text2\">Fontos meg\u00e9rteni, hogy amikor hosszabb ideig vagyunk kit\u00e9ve a hidegnek vagy a sz\u00e9lnek, a szervezet\u00fcnk k\u00e9nytelen nagyon gyorsan alkalmazkodni ezekhez a k\u00f6r\u00fclm\u00e9nyekhez. Ha tudod, hogy \u00e9rz\u00e9keny ember vagy, ne hagyd, hogy a kinti naps\u00fct\u00e9s elragadjon, \u00e9s \u00f6lt\u00f6zz fel...<wbr \/>egy kicsit vastagabb. Lehet, hogy a h\u0151m\u00e9rs\u00e9klet n\u00e9h\u00e1ny \u00f3r\u00e1n \u00e1t kellemes lesz eb\u00e9did\u0151ben, de azt\u00e1n meredeken cs\u00f6kken, \u00e9s a szervezeted nem nagyon fog megbirk\u00f3zni a v\u00e1ltoz\u00e1sokkal, miut\u00e1n egy eg\u00e9sz t\u00e9len \u00e1t hozz\u00e1szokt\u00e1l ahhoz, hogy v\u00e9dekezz a hideg ellen. Vannak, akik alig v\u00e1rj\u00e1k, hogy kis\u00fcss\u00f6n a nap, miel\u0151tt lemondan\u00e1nak a vastag ruh\u00e1zatr\u00f3l. De ha egy ilyen tavaszi kiruccan\u00e1s ut\u00e1n a leh\u0171l\u00e9s legkisebb jel\u00e9t is \u00e9szreveszed, akkor nem tartozol a melegkedvel\u0151k k\u00f6z\u00e9, \u00e9s m\u00e9g egy kicsit v\u00e1rnod kell, hogy ledobd a kab\u00e1todat.<\/p><p class=\"Text2\">A melegs\u00e9g \u00e9s a gondoskod\u00e1s, amit mi...<wbr \/>amit egy hossz\u00fa \u00e9s f\u00e1raszt\u00f3 nap ut\u00e1n adunk magunknak, sokkal jobb hat\u00e1s\u00fa, mint a tablett\u00e1k szed\u00e9se, amikor \u00fagy \u00e9rezz\u00fck, hogy \"mi-<wbr \/>elkapta a megf\u00e1z\u00e1st\". Itt az influenza \u00e9s a megf\u00e1z\u00e1s szezonja, de az is lehet, hogy a t\u00fcnetek, amelyeket tapasztalunk, egyszer\u0171en annak a k\u00f6vetkezm\u00e9nyei, hogy t\u00fal kor\u00e1n lemondtunk a meleg \u00e9s nem meleg ruh\u00e1kr\u00f3l.<wbr \/>nem megfelel\u0151 \u00f6lt\u00f6z\u00e9kben battyogtunk ki. A \"egy kis hideg nem \u00e1rt\" mond\u00e1s nem mindenkinek \u00e1ll j\u00f3l. Jobb megel\u0151zni, mint k\u00e9s\u0151bb gy\u00f3gyszereket szedni egy sor olyan t\u00fcnetre, amelyek egy pihe-puha takar\u00f3val \u00e9s forr\u00f3 te\u00e1val is kezelhet\u0151k.<\/p><p class=\"Text2\">Mivel \u00e1prilis az \u00e9v legmegfelel\u0151bb h\u00f3napja a tiszt\u00edt\u00f3k\u00far\u00e1k megkezd\u00e9s\u00e9re, a k\u00f6vetkez\u0151 sz\u00e1mban a m\u00e9regtelen\u00edt\u00e9sr\u0151l, annak fontoss\u00e1g\u00e1r\u00f3l \u00e9s helyes alkalmaz\u00e1si m\u00f3djair\u00f3l lesz sz\u00f3.<\/p>\t\t\t\t\t\t\t\t<\/div>\n\t\t\t\t<\/div>\n\t\t\t\t\t<\/div>\n\t\t<\/div>\n\t\t\t\t\t<\/div>\n\t\t<\/section>\n\t\t\t\t<\/div>","protected":false},"excerpt":{"rendered":"<p>Hogyan l\u00e9phet\u00fcnk be a tavaszba energi\u00e1val telve \u00e9s gyomorb\u00e1ntalmakt\u00f3l mentesen Carmen Gheorghe \u00e9s Dana Oarga A term\u00e9szet minden alkalommal meglep minket, amikor \u00faj \u00e9vszakba l\u00e9p\u00fcnk. Olyan, mint egy \u00fcgyes fest\u0151, aki von\u00e1sr\u00f3l-von\u00e1sra hozz\u00e1adva a feh\u00e9ret z\u00f6lddel, a z\u00f6ldet aranys\u00e1rg\u00e1val, az aranys\u00e1rg\u00e1t pedig pirossal helyettes\u00edti, majd [...].<\/p>","protected":false},"author":1,"featured_media":0,"parent":2056,"menu_order":0,"comment_status":"closed","ping_status":"closed","template":"","meta":{"_mi_skip_tracking":false,"_analytify_skip_tracking":false,"footnotes":""},"class_list":["post-2693","page","type-page","status-publish","hentry"],"aioseo_notices":[],"aioseo_head":"\n\t\t<!-- All in One SEO Pro 4.7.0 - aioseo.com -->\n\t\t<meta name=\"description\" content=\"La modul general, caracteristica umed\u0103 \u015fi rece a noului anotimp \u00een care am intrat la 15 februarie predispune la r\u0103celi cu acumulare de mucus, agravarea crizelor de sinuzit\u0103, inflama\u0163ii \u015fi o anumit\u0103 \u00eencetinire a digestiei.\" \/>\n\t\t<meta name=\"robots\" content=\"max-image-preview:large\" \/>\n\t\t<meta name=\"google-site-verification\" content=\"G-391X30D2FS\" \/>\n\t\t<link rel=\"canonical\" href=\"https:\/\/amnromania.ro\/hu\/ayurveda\/how-to\/tavasz\/\" \/>\n\t\t<meta name=\"generator\" content=\"All in One SEO Pro (AIOSEO) 4.7.0\" \/>\n\t\t<meta property=\"og:locale\" content=\"hu_HU\" \/>\n\t\t<meta property=\"og:site_name\" content=\"AMN Ayurveda ROM\u00c2NIA | Asociatia Nationala pentru Promovarea Medicinelor Neconventionale\" \/>\n\t\t<meta property=\"og:type\" content=\"article\" \/>\n\t\t<meta property=\"og:title\" content=\"Primavara | AMN Ayurveda ROM\u00c2NIA\" \/>\n\t\t<meta property=\"og:description\" content=\"La modul general, caracteristica umed\u0103 \u015fi rece a noului anotimp \u00een care am intrat la 15 februarie predispune la r\u0103celi cu acumulare de mucus, agravarea crizelor de sinuzit\u0103, inflama\u0163ii \u015fi o anumit\u0103 \u00eencetinire a digestiei.\" \/>\n\t\t<meta property=\"og:url\" content=\"https:\/\/amnromania.ro\/hu\/ayurveda\/how-to\/tavasz\/\" \/>\n\t\t<meta property=\"og:image\" content=\"https:\/\/amnromania.ro\/ynorsyju\/2021\/06\/Ayurveda-in-Romania-Vol.-2-Ro.jpg\" \/>\n\t\t<meta property=\"og:image:secure_url\" content=\"https:\/\/amnromania.ro\/ynorsyju\/2021\/06\/Ayurveda-in-Romania-Vol.-2-Ro.jpg\" \/>\n\t\t<meta property=\"article:published_time\" content=\"2020-11-06T09:28:01+00:00\" \/>\n\t\t<meta property=\"article:modified_time\" content=\"2024-04-17T16:26:35+00:00\" \/>\n\t\t<meta property=\"article:publisher\" content=\"https:\/\/www.facebook.com\/AMNRomania\" \/>\n\t\t<script type=\"application\/ld+json\" class=\"aioseo-schema\">\n\t\t\t{\"@context\":\"https:\\\/\\\/schema.org\",\"@graph\":[{\"@type\":\"BreadcrumbList\",\"@id\":\"https:\\\/\\\/amnromania.ro\\\/hu\\\/ayurveda\\\/how-to\\\/tavasz\\\/#breadcrumblist\",\"itemListElement\":[{\"@type\":\"ListItem\",\"@id\":\"https:\\\/\\\/amnromania.ro\\\/hu\\\/#listItem\",\"position\":1,\"name\":\"Home\",\"item\":\"https:\\\/\\\/amnromania.ro\\\/hu\\\/\",\"nextItem\":\"https:\\\/\\\/amnromania.ro\\\/hu\\\/ayurveda\\\/#listItem\"},{\"@type\":\"ListItem\",\"@id\":\"https:\\\/\\\/amnromania.ro\\\/hu\\\/ayurveda\\\/#listItem\",\"position\":2,\"name\":\"Ayurveda\",\"item\":\"https:\\\/\\\/amnromania.ro\\\/hu\\\/ayurveda\\\/\",\"nextItem\":\"https:\\\/\\\/amnromania.ro\\\/hu\\\/ayurveda\\\/how-to\\\/#listItem\",\"previousItem\":\"https:\\\/\\\/amnromania.ro\\\/hu\\\/#listItem\"},{\"@type\":\"ListItem\",\"@id\":\"https:\\\/\\\/amnromania.ro\\\/hu\\\/ayurveda\\\/how-to\\\/#listItem\",\"position\":3,\"name\":\"Modalitati practice\",\"item\":\"https:\\\/\\\/amnromania.ro\\\/hu\\\/ayurveda\\\/how-to\\\/\",\"nextItem\":\"https:\\\/\\\/amnromania.ro\\\/hu\\\/ayurveda\\\/how-to\\\/tavasz\\\/#listItem\",\"previousItem\":\"https:\\\/\\\/amnromania.ro\\\/hu\\\/ayurveda\\\/#listItem\"},{\"@type\":\"ListItem\",\"@id\":\"https:\\\/\\\/amnromania.ro\\\/hu\\\/ayurveda\\\/how-to\\\/tavasz\\\/#listItem\",\"position\":4,\"name\":\"Primavara\",\"previousItem\":\"https:\\\/\\\/amnromania.ro\\\/hu\\\/ayurveda\\\/how-to\\\/#listItem\"}]},{\"@type\":\"Organization\",\"@id\":\"https:\\\/\\\/amnromania.ro\\\/hu\\\/#organization\",\"name\":\"AMN Ayurveda Romania\",\"url\":\"https:\\\/\\\/amnromania.ro\\\/hu\\\/\",\"logo\":{\"@type\":\"ImageObject\",\"url\":\"https:\\\/\\\/amnromania.ro\\\/ynorsyju\\\/2020\\\/10\\\/amn.png\",\"@id\":\"https:\\\/\\\/amnromania.ro\\\/hu\\\/ayurveda\\\/how-to\\\/tavasz\\\/#organizationLogo\"},\"image\":{\"@id\":\"https:\\\/\\\/amnromania.ro\\\/hu\\\/ayurveda\\\/how-to\\\/tavasz\\\/#organizationLogo\"},\"sameAs\":[\"https:\\\/\\\/www.facebook.com\\\/AMNRomania\",\"https:\\\/\\\/www.youtube.com\\\/channel\\\/UClfqKxiq_uZ11rthDIT3-BQ\\\/videos\"]},{\"@type\":\"WebPage\",\"@id\":\"https:\\\/\\\/amnromania.ro\\\/hu\\\/ayurveda\\\/how-to\\\/tavasz\\\/#webpage\",\"url\":\"https:\\\/\\\/amnromania.ro\\\/hu\\\/ayurveda\\\/how-to\\\/tavasz\\\/\",\"name\":\"Primavara | AMN Ayurveda ROM\\u00c2NIA\",\"description\":\"La modul general, caracteristica umed\\u0103 \\u015fi rece a noului anotimp \\u00een care am intrat la 15 februarie predispune la r\\u0103celi cu acumulare de mucus, agravarea crizelor de sinuzit\\u0103, inflama\\u0163ii \\u015fi o anumit\\u0103 \\u00eencetinire a digestiei.\",\"inLanguage\":\"hu-HU\",\"isPartOf\":{\"@id\":\"https:\\\/\\\/amnromania.ro\\\/hu\\\/#website\"},\"breadcrumb\":{\"@id\":\"https:\\\/\\\/amnromania.ro\\\/hu\\\/ayurveda\\\/how-to\\\/tavasz\\\/#breadcrumblist\"},\"datePublished\":\"2020-11-06T09:28:01+02:00\",\"dateModified\":\"2024-04-17T18:26:35+02:00\"},{\"@type\":\"WebSite\",\"@id\":\"https:\\\/\\\/amnromania.ro\\\/hu\\\/#website\",\"url\":\"https:\\\/\\\/amnromania.ro\\\/hu\\\/\",\"name\":\"AMN Ayurveda ROM\\u00c2NIA\",\"description\":\"Asociatia Nationala pentru Promovarea Medicinelor Neconventionale\",\"inLanguage\":\"hu-HU\",\"publisher\":{\"@id\":\"https:\\\/\\\/amnromania.ro\\\/hu\\\/#organization\"}}]}\n\t\t<\/script>\n\t\t<!-- All in One SEO Pro -->\r\n\t\t<title>Primavara | AMN Ayurveda ROM\u00c2NIA<\/title>\n\n","aioseo_head_json":{"title":"Primavara | AMN Ayurveda ROM\u00c2NIA","description":"La modul general, caracteristica umed\u0103 \u015fi rece a noului anotimp \u00een care am intrat la 15 februarie predispune la r\u0103celi cu acumulare de mucus, agravarea crizelor de sinuzit\u0103, inflama\u0163ii \u015fi o anumit\u0103 \u00eencetinire a digestiei.","canonical_url":"https:\/\/amnromania.ro\/hu\/ayurveda\/how-to\/tavasz\/","robots":"max-image-preview:large","keywords":"","webmasterTools":{"google-site-verification":"G-391X30D2FS","miscellaneous":""},"og:locale":"hu_HU","og:site_name":"AMN Ayurveda ROM\u00c2NIA | Asociatia Nationala pentru Promovarea Medicinelor Neconventionale","og:type":"article","og:title":"Primavara | AMN Ayurveda ROM\u00c2NIA","og:description":"La modul general, caracteristica umed\u0103 \u015fi rece a noului anotimp \u00een care am intrat la 15 februarie predispune la r\u0103celi cu acumulare de mucus, agravarea crizelor de sinuzit\u0103, inflama\u0163ii \u015fi o anumit\u0103 \u00eencetinire a digestiei.","og:url":"https:\/\/amnromania.ro\/hu\/ayurveda\/how-to\/tavasz\/","og:image":"https:\/\/amnromania.ro\/ynorsyju\/2021\/06\/Ayurveda-in-Romania-Vol.-2-Ro.jpg","og:image:secure_url":"https:\/\/amnromania.ro\/ynorsyju\/2021\/06\/Ayurveda-in-Romania-Vol.-2-Ro.jpg","article:published_time":"2020-11-06T09:28:01+00:00","article:modified_time":"2024-04-17T16:26:35+00:00","article:publisher":"https:\/\/www.facebook.com\/AMNRomania","schema":{"@context":"https:\/\/schema.org","@graph":[{"@type":"BreadcrumbList","@id":"https:\/\/amnromania.ro\/hu\/ayurveda\/how-to\/tavasz\/#breadcrumblist","itemListElement":[{"@type":"ListItem","@id":"https:\/\/amnromania.ro\/hu\/#listItem","position":1,"name":"Home","item":"https:\/\/amnromania.ro\/hu\/","nextItem":"https:\/\/amnromania.ro\/hu\/ayurveda\/#listItem"},{"@type":"ListItem","@id":"https:\/\/amnromania.ro\/hu\/ayurveda\/#listItem","position":2,"name":"Ayurveda","item":"https:\/\/amnromania.ro\/hu\/ayurveda\/","nextItem":"https:\/\/amnromania.ro\/hu\/ayurveda\/how-to\/#listItem","previousItem":"https:\/\/amnromania.ro\/hu\/#listItem"},{"@type":"ListItem","@id":"https:\/\/amnromania.ro\/hu\/ayurveda\/how-to\/#listItem","position":3,"name":"Modalitati practice","item":"https:\/\/amnromania.ro\/hu\/ayurveda\/how-to\/","nextItem":"https:\/\/amnromania.ro\/hu\/ayurveda\/how-to\/tavasz\/#listItem","previousItem":"https:\/\/amnromania.ro\/hu\/ayurveda\/#listItem"},{"@type":"ListItem","@id":"https:\/\/amnromania.ro\/hu\/ayurveda\/how-to\/tavasz\/#listItem","position":4,"name":"Primavara","previousItem":"https:\/\/amnromania.ro\/hu\/ayurveda\/how-to\/#listItem"}]},{"@type":"Organization","@id":"https:\/\/amnromania.ro\/hu\/#organization","name":"AMN Ayurveda Romania","url":"https:\/\/amnromania.ro\/hu\/","logo":{"@type":"ImageObject","url":"https:\/\/amnromania.ro\/ynorsyju\/2020\/10\/amn.png","@id":"https:\/\/amnromania.ro\/hu\/ayurveda\/how-to\/tavasz\/#organizationLogo"},"image":{"@id":"https:\/\/amnromania.ro\/hu\/ayurveda\/how-to\/tavasz\/#organizationLogo"},"sameAs":["https:\/\/www.facebook.com\/AMNRomania","https:\/\/www.youtube.com\/channel\/UClfqKxiq_uZ11rthDIT3-BQ\/videos"]},{"@type":"WebPage","@id":"https:\/\/amnromania.ro\/hu\/ayurveda\/how-to\/tavasz\/#webpage","url":"https:\/\/amnromania.ro\/hu\/ayurveda\/how-to\/tavasz\/","name":"Primavara | AMN Ayurveda ROM\u00c2NIA","description":"La modul general, caracteristica umed\u0103 \u015fi rece a noului anotimp \u00een care am intrat la 15 februarie predispune la r\u0103celi cu acumulare de mucus, agravarea crizelor de sinuzit\u0103, inflama\u0163ii \u015fi o anumit\u0103 \u00eencetinire a digestiei.","inLanguage":"hu-HU","isPartOf":{"@id":"https:\/\/amnromania.ro\/hu\/#website"},"breadcrumb":{"@id":"https:\/\/amnromania.ro\/hu\/ayurveda\/how-to\/tavasz\/#breadcrumblist"},"datePublished":"2020-11-06T09:28:01+02:00","dateModified":"2024-04-17T18:26:35+02:00"},{"@type":"WebSite","@id":"https:\/\/amnromania.ro\/hu\/#website","url":"https:\/\/amnromania.ro\/hu\/","name":"AMN Ayurveda ROM\u00c2NIA","description":"Asociatia Nationala pentru Promovarea Medicinelor Neconventionale","inLanguage":"hu-HU","publisher":{"@id":"https:\/\/amnromania.ro\/hu\/#organization"}}]}},"aioseo_meta_data":{"post_id":"2693","title":null,"description":"La modul general, caracteristica umed\u0103 \u015fi rece a noului anotimp \u00een care am intrat la 15 februarie predispune la r\u0103celi cu acumulare de mucus, agravarea crizelor de sinuzit\u0103, inflama\u0163ii \u015fi o anumit\u0103 \u00eencetinire a digestiei.","keywords":null,"keyphrases":null,"primary_term":null,"canonical_url":null,"og_title":null,"og_description":null,"og_object_type":"default","og_image_type":"default","og_image_url":null,"og_image_width":null,"og_image_height":null,"og_image_custom_url":null,"og_image_custom_fields":null,"og_video":null,"og_custom_url":null,"og_article_section":null,"og_article_tags":null,"twitter_use_og":false,"twitter_card":"default","twitter_image_type":"default","twitter_image_url":null,"twitter_image_custom_url":null,"twitter_image_custom_fields":null,"twitter_title":null,"twitter_description":null,"schema":{"blockGraphs":[],"customGraphs":[],"default":{"data":{"Article":[],"Course":[],"Dataset":[],"FAQPage":[],"Movie":[],"Person":[],"Product":[],"Recipe":[],"Service":[],"SoftwareApplication":[],"WebPage":[]},"graphName":"WebPage","isEnabled":true},"graphs":[]},"schema_type":null,"schema_type_options":null,"pillar_content":false,"robots_default":true,"robots_noindex":false,"robots_noarchive":false,"robots_nosnippet":false,"robots_nofollow":false,"robots_noimageindex":false,"robots_noodp":false,"robots_notranslate":false,"robots_max_snippet":null,"robots_max_videopreview":null,"robots_max_imagepreview":"large","priority":null,"frequency":null,"local_seo":null,"limit_modified_date":false,"open_ai":null,"created":"2020-12-21 07:24:50","updated":"2024-04-17 16:33:37"},"aioseo_breadcrumb":"<div class=\"aioseo-breadcrumbs\"><span class=\"aioseo-breadcrumb\">\n\t<a href=\"https:\/\/amnromania.ro\/hu\" title=\"Home\">Home<\/a>\n<\/span><span class=\"aioseo-breadcrumb-separator\">&raquo;<\/span><span class=\"aioseo-breadcrumb\">\n\t<a href=\"https:\/\/amnromania.ro\/hu\/ayurveda\/\" title=\"Ayurveda\">Ayurveda<\/a>\n<\/span><span class=\"aioseo-breadcrumb-separator\">&raquo;<\/span><span class=\"aioseo-breadcrumb\">\n\t<a href=\"https:\/\/amnromania.ro\/hu\/ayurveda\/how-to\/\" title=\"Modalitati practice\">Modalitati practice<\/a>\n<\/span><span class=\"aioseo-breadcrumb-separator\">&raquo;<\/span><span class=\"aioseo-breadcrumb\">\n\tPrimavara\n<\/span><\/div>","aioseo_breadcrumb_json":[{"label":"Home","link":"https:\/\/amnromania.ro\/hu"},{"label":"Ayurveda","link":"https:\/\/amnromania.ro\/hu\/ayurveda\/"},{"label":"Modalitati practice","link":"https:\/\/amnromania.ro\/hu\/ayurveda\/how-to\/"},{"label":"Primavara","link":"https:\/\/amnromania.ro\/hu\/ayurveda\/how-to\/tavasz\/"}],"_links":{"self":[{"href":"https:\/\/amnromania.ro\/hu\/wp-json\/wp\/v2\/pages\/2693","targetHints":{"allow":["GET"]}}],"collection":[{"href":"https:\/\/amnromania.ro\/hu\/wp-json\/wp\/v2\/pages"}],"about":[{"href":"https:\/\/amnromania.ro\/hu\/wp-json\/wp\/v2\/types\/page"}],"author":[{"embeddable":true,"href":"https:\/\/amnromania.ro\/hu\/wp-json\/wp\/v2\/users\/1"}],"replies":[{"embeddable":true,"href":"https:\/\/amnromania.ro\/hu\/wp-json\/wp\/v2\/comments?post=2693"}],"version-history":[{"count":6,"href":"https:\/\/amnromania.ro\/hu\/wp-json\/wp\/v2\/pages\/2693\/revisions"}],"predecessor-version":[{"id":12212,"href":"https:\/\/amnromania.ro\/hu\/wp-json\/wp\/v2\/pages\/2693\/revisions\/12212"}],"up":[{"embeddable":true,"href":"https:\/\/amnromania.ro\/hu\/wp-json\/wp\/v2\/pages\/2056"}],"wp:attachment":[{"href":"https:\/\/amnromania.ro\/hu\/wp-json\/wp\/v2\/media?parent=2693"}],"curies":[{"name":"wp","href":"https:\/\/api.w.org\/{rel}","templated":true}]}}