{"id":2682,"date":"2020-11-06T09:26:36","date_gmt":"2020-11-06T09:26:36","guid":{"rendered":"https:\/\/amnromania.ro\/?page_id=2682"},"modified":"2020-11-12T07:03:11","modified_gmt":"2020-11-12T07:03:11","slug":"care-pair-2","status":"publish","type":"page","link":"https:\/\/amnromania.ro\/hu\/mezok\/dermoterapia\/care-pair-2\/","title":{"rendered":"Haj\u00e1pol\u00e1s 2"},"content":{"rendered":"<div data-elementor-type=\"wp-page\" data-elementor-id=\"2682\" class=\"elementor elementor-2682\" data-elementor-post-type=\"page\">\n\t\t\t\t\t\t<section class=\"elementor-section elementor-top-section elementor-element elementor-element-6a662dc elementor-section-boxed elementor-section-height-default elementor-section-height-default\" data-id=\"6a662dc\" data-element_type=\"section\">\n\t\t\t\t\t\t<div class=\"elementor-container elementor-column-gap-default\">\n\t\t\t\t\t<div class=\"elementor-column elementor-col-50 elementor-top-column elementor-element elementor-element-1e15b37\" data-id=\"1e15b37\" data-element_type=\"column\">\n\t\t\t<div class=\"elementor-widget-wrap elementor-element-populated\">\n\t\t\t\t\t\t<div class=\"elementor-element elementor-element-00bae79 elementor-nav-menu__align-start elementor-nav-menu__text-align-center elementor-nav-menu--dropdown-tablet elementor-nav-menu--toggle elementor-nav-menu--burger elementor-widget elementor-widget-global elementor-global-2418 elementor-widget-nav-menu\" data-id=\"00bae79\" data-element_type=\"widget\" data-settings=\"{&quot;layout&quot;:&quot;vertical&quot;,&quot;submenu_icon&quot;:{&quot;value&quot;:&quot;fas fa-caret-down&quot;,&quot;library&quot;:&quot;fa-solid&quot;},&quot;toggle&quot;:&quot;burger&quot;}\" data-widget_type=\"nav-menu.default\">\n\t\t\t\t<div class=\"elementor-widget-container\">\n\t\t\t\t\t\t\t\t<nav aria-label=\"Men\u00fc\" class=\"elementor-nav-menu--main elementor-nav-menu__container elementor-nav-menu--layout-vertical e--pointer-background e--animation-fade\">\n\t\t\t\t<ul id=\"menu-1-00bae79\" class=\"elementor-nav-menu sm-vertical\"><li class=\"menu-item menu-item-type-post_type menu-item-object-page menu-item-2414\"><a href=\"https:\/\/amnromania.ro\/hu\/mezok\/aromaterapia-2\/\" class=\"elementor-item\">Aromater\u00e1pia<\/a><\/li>\n<li class=\"menu-item menu-item-type-post_type menu-item-object-page menu-item-3268\"><a href=\"https:\/\/amnromania.ro\/hu\/mezok\/apiterapia\/\" class=\"elementor-item\">Apiter\u00e1pia<\/a><\/li>\n<li class=\"menu-item menu-item-type-post_type menu-item-object-page menu-item-2412\"><a href=\"https:\/\/amnromania.ro\/hu\/mezok\/kristalyterapia\/\" class=\"elementor-item\">Krist\u00e1ly ter\u00e1pia<\/a><\/li>\n<li class=\"menu-item menu-item-type-post_type menu-item-object-page menu-item-2413\"><a href=\"https:\/\/amnromania.ro\/hu\/mezok\/kromoterapia\/\" class=\"elementor-item\">Kromoter\u00e1pia<\/a><\/li>\n<li class=\"menu-item menu-item-type-post_type menu-item-object-page menu-item-3269\"><a href=\"https:\/\/amnromania.ro\/hu\/mezok\/dermoterapia\/\" class=\"elementor-item\">Dermoter\u00e1pia<\/a><\/li>\n<li class=\"menu-item menu-item-type-post_type menu-item-object-page menu-item-3267\"><a href=\"https:\/\/amnromania.ro\/hu\/mezok\/dietas-kezeles\/\" class=\"elementor-item\">Dietoter\u00e1pia<\/a><\/li>\n<li class=\"menu-item menu-item-type-post_type menu-item-object-page menu-item-3266\"><a href=\"https:\/\/amnromania.ro\/hu\/mezok\/fitoterapia\/\" class=\"elementor-item\">Fitoter\u00e1pia<\/a><\/li>\n<li class=\"menu-item menu-item-type-post_type menu-item-object-page menu-item-3265\"><a href=\"https:\/\/amnromania.ro\/hu\/mezok\/floriterapia\/\" class=\"elementor-item\">Floritherapy<\/a><\/li>\n<li class=\"menu-item menu-item-type-post_type menu-item-object-page menu-item-3264\"><a href=\"https:\/\/amnromania.ro\/hu\/mezok\/hidroterapia\/\" class=\"elementor-item\">Hidroter\u00e1pia<\/a><\/li>\n<li class=\"menu-item menu-item-type-post_type menu-item-object-page menu-item-3263\"><a href=\"https:\/\/amnromania.ro\/hu\/mezok\/idojaras-terapia\/\" class=\"elementor-item\">Meteoroter\u00e1pia<\/a><\/li>\n<li class=\"menu-item menu-item-type-post_type menu-item-object-page menu-item-3262\"><a href=\"https:\/\/amnromania.ro\/hu\/mezok\/zeneterapia\/\" class=\"elementor-item\">Zeneter\u00e1pia<\/a><\/li>\n<li class=\"menu-item menu-item-type-post_type menu-item-object-page menu-item-3261\"><a href=\"https:\/\/amnromania.ro\/hu\/mezok\/pszichoterapia\/\" class=\"elementor-item\">Pszichoter\u00e1pia<\/a><\/li>\n<li class=\"menu-item menu-item-type-post_type menu-item-object-page menu-item-3260\"><a href=\"https:\/\/amnromania.ro\/hu\/mezok\/termoterapia\/\" class=\"elementor-item\">Termoter\u00e1pia<\/a><\/li>\n<li class=\"menu-item menu-item-type-post_type menu-item-object-page menu-item-3259\"><a href=\"https:\/\/amnromania.ro\/hu\/mezok\/humorterapia\/\" class=\"elementor-item\">Humor ter\u00e1pia<\/a><\/li>\n<\/ul>\t\t\t<\/nav>\n\t\t\t\t\t<div class=\"elementor-menu-toggle\" role=\"button\" tabindex=\"0\" aria-label=\"Toggle men\u00fc\" aria-expanded=\"false\">\n\t\t\t<i aria-hidden=\"true\" role=\"presentation\" class=\"elementor-menu-toggle__icon--open eicon-menu-bar\"><\/i><i aria-hidden=\"true\" role=\"presentation\" class=\"elementor-menu-toggle__icon--close eicon-close\"><\/i>\t\t<\/div>\n\t\t\t\t\t<nav class=\"elementor-nav-menu--dropdown elementor-nav-menu__container\" aria-hidden=\"true\">\n\t\t\t\t<ul id=\"menu-2-00bae79\" class=\"elementor-nav-menu sm-vertical\"><li class=\"menu-item menu-item-type-post_type menu-item-object-page menu-item-2414\"><a href=\"https:\/\/amnromania.ro\/hu\/mezok\/aromaterapia-2\/\" class=\"elementor-item\" tabindex=\"-1\">Aromater\u00e1pia<\/a><\/li>\n<li class=\"menu-item menu-item-type-post_type menu-item-object-page menu-item-3268\"><a href=\"https:\/\/amnromania.ro\/hu\/mezok\/apiterapia\/\" class=\"elementor-item\" tabindex=\"-1\">Apiter\u00e1pia<\/a><\/li>\n<li class=\"menu-item menu-item-type-post_type menu-item-object-page menu-item-2412\"><a href=\"https:\/\/amnromania.ro\/hu\/mezok\/kristalyterapia\/\" class=\"elementor-item\" tabindex=\"-1\">Krist\u00e1ly ter\u00e1pia<\/a><\/li>\n<li class=\"menu-item menu-item-type-post_type menu-item-object-page menu-item-2413\"><a href=\"https:\/\/amnromania.ro\/hu\/mezok\/kromoterapia\/\" class=\"elementor-item\" tabindex=\"-1\">Kromoter\u00e1pia<\/a><\/li>\n<li class=\"menu-item menu-item-type-post_type menu-item-object-page menu-item-3269\"><a href=\"https:\/\/amnromania.ro\/hu\/mezok\/dermoterapia\/\" class=\"elementor-item\" tabindex=\"-1\">Dermoter\u00e1pia<\/a><\/li>\n<li class=\"menu-item menu-item-type-post_type menu-item-object-page menu-item-3267\"><a href=\"https:\/\/amnromania.ro\/hu\/mezok\/dietas-kezeles\/\" class=\"elementor-item\" tabindex=\"-1\">Dietoter\u00e1pia<\/a><\/li>\n<li class=\"menu-item menu-item-type-post_type menu-item-object-page menu-item-3266\"><a href=\"https:\/\/amnromania.ro\/hu\/mezok\/fitoterapia\/\" class=\"elementor-item\" tabindex=\"-1\">Fitoter\u00e1pia<\/a><\/li>\n<li class=\"menu-item menu-item-type-post_type menu-item-object-page menu-item-3265\"><a href=\"https:\/\/amnromania.ro\/hu\/mezok\/floriterapia\/\" class=\"elementor-item\" tabindex=\"-1\">Floritherapy<\/a><\/li>\n<li class=\"menu-item menu-item-type-post_type menu-item-object-page menu-item-3264\"><a href=\"https:\/\/amnromania.ro\/hu\/mezok\/hidroterapia\/\" class=\"elementor-item\" tabindex=\"-1\">Hidroter\u00e1pia<\/a><\/li>\n<li class=\"menu-item menu-item-type-post_type menu-item-object-page menu-item-3263\"><a href=\"https:\/\/amnromania.ro\/hu\/mezok\/idojaras-terapia\/\" class=\"elementor-item\" tabindex=\"-1\">Meteoroter\u00e1pia<\/a><\/li>\n<li class=\"menu-item menu-item-type-post_type menu-item-object-page menu-item-3262\"><a href=\"https:\/\/amnromania.ro\/hu\/mezok\/zeneterapia\/\" class=\"elementor-item\" tabindex=\"-1\">Zeneter\u00e1pia<\/a><\/li>\n<li class=\"menu-item menu-item-type-post_type menu-item-object-page menu-item-3261\"><a href=\"https:\/\/amnromania.ro\/hu\/mezok\/pszichoterapia\/\" class=\"elementor-item\" tabindex=\"-1\">Pszichoter\u00e1pia<\/a><\/li>\n<li class=\"menu-item menu-item-type-post_type menu-item-object-page menu-item-3260\"><a href=\"https:\/\/amnromania.ro\/hu\/mezok\/termoterapia\/\" class=\"elementor-item\" tabindex=\"-1\">Termoter\u00e1pia<\/a><\/li>\n<li class=\"menu-item menu-item-type-post_type menu-item-object-page menu-item-3259\"><a href=\"https:\/\/amnromania.ro\/hu\/mezok\/humorterapia\/\" class=\"elementor-item\" tabindex=\"-1\">Humor ter\u00e1pia<\/a><\/li>\n<\/ul>\t\t\t<\/nav>\n\t\t\t\t\t\t<\/div>\n\t\t\t\t<\/div>\n\t\t\t\t\t<\/div>\n\t\t<\/div>\n\t\t\t\t<div class=\"elementor-column elementor-col-50 elementor-top-column elementor-element elementor-element-dc1e275\" data-id=\"dc1e275\" data-element_type=\"column\">\n\t\t\t<div class=\"elementor-widget-wrap elementor-element-populated\">\n\t\t\t\t\t\t<div class=\"elementor-element elementor-element-e47e120 elementor-widget elementor-widget-text-editor\" data-id=\"e47e120\" data-element_type=\"widget\" data-widget_type=\"text-editor.default\">\n\t\t\t\t<div class=\"elementor-widget-container\">\n\t\t\t\t\t\t\t\t\t<h1 style=\"text-align: center;\"><span style=\"color: #3366ff;\"><strong>HASZNOS GY\u00d3GYN\u00d6V\u00c9NYEK \u00c9S TERM\u00c9SZETES GY\u00d3GYM\u00d3DOK A HAJ\u00c1POL\u00c1SHOZ (2)<\/strong><\/span><\/h1><p class=\"Text P-15\" style=\"text-align: right;\">Nina Marin, ayurv\u00e9da el\u0151ad\u00f3, Kolozsv\u00e1r-<wbr \/>Napoca<\/p><h2><span style=\"color: #3366ff;\"><b>Term\u00e9szetes haj kezel\u00e9sek<\/b><\/span><\/h2><p class=\"Text2\">A hajmaszkok olyan kezel\u00e9sek, amelyeket az indiai n\u0151k rendszeresen alkalmaznak, hogy t\u00e1pl\u00e1lj\u00e1k \u00e9s jav\u00edts\u00e1k hajuk megjelen\u00e9s\u00e9t, k\u00fcl\u00f6nb\u00f6z\u0151 term\u00e9szetes \u00f6sszetev\u0151k felhaszn\u00e1l\u00e1s\u00e1val. Ezeket a fejb\u0151rre kenik, bemassz\u00edrozz\u00e1k \u00e9s 30 percig vagy ak\u00e1r 2 \u00f3r\u00e1n \u00e1t a hajon hagyj\u00e1k, majd b\u0151 v\u00edzzel kimoss\u00e1k a hajat.<img fetchpriority=\"high\" decoding=\"async\" class=\"size-medium wp-image-2816 alignleft\" src=\"https:\/\/amnromania.ro\/wp-content\/uploads\/2020\/11\/ingrijirea-parului-2-300x201.jpg\" alt=\"\" width=\"300\" height=\"201\" srcset=\"https:\/\/amnromania.ro\/wp-content\/uploads\/2020\/11\/ingrijirea-parului-2-300x201.jpg 300w, https:\/\/amnromania.ro\/wp-content\/uploads\/2020\/11\/ingrijirea-parului-2.jpg 512w\" sizes=\"(max-width: 300px) 100vw, 300px\" \/><\/p><p class=\"Text2\">A hajolajokat a haj gy\u00f6ker\u00e9be massz\u00edrozzuk, hogy serkents\u00fck a v\u00e9rkering\u00e9st a fej ter\u00fclet\u00e9n. Hagyjuk a hajon egy ideig, majd alaposan mossuk meg.<\/p><p class=\"Text2\">A n\u00f6v\u00e9nyi tinkt\u00far\u00e1kat els\u0151sorban a hajn\u00f6veked\u00e9s serkent\u00e9s\u00e9re haszn\u00e1lj\u00e1k. Ezeket a tinkt\u00far\u00e1kat j\u00f3l d\u00f6rzs\u00f6lje be a fejb\u0151rbe, hagyja \u00e1llni egy ideig, majd sz\u00fcks\u00e9g eset\u00e9n alaposan \u00f6bl\u00edtse ki a hajat.<\/p><p class=\"Text2\">Ha hajmos\u00e1s ut\u00e1n \u00fagy tal\u00e1ljuk, hogy a haj nem tisztult meg j\u00f3l, \u00f6bl\u00edts\u00fck ki extra v\u00edzzel \u00e9s ecettel.<\/p><h2><span style=\"color: #3366ff;\"><b>M\u00e9zes maszk<\/b><\/span><\/h2><p class=\"Text2\">A m\u00e9hm\u00e9zet ol\u00edvaolajjal \u00e9s toj\u00e1ss\u00e1rg\u00e1j\u00e1val keverve hetente egyszer legal\u00e1bb 30 percre maszk form\u00e1j\u00e1ban lehet a hajra \u00e9s a fejb\u0151rre felvinni, majd a hajat b\u0151 v\u00edzzel le\u00f6bl\u00edteni.<\/p><h2><span style=\"color: #3366ff;\"><b>Toj\u00e1sb\u00f3l, s\u00f6r\u00e9leszt\u0151b\u0151l, m\u00e9hpemp\u0151b\u0151l \u00e9s m\u00e9zb\u0151l k\u00e9sz\u00fclt maszk.<\/b><\/span><\/h2><p class=\"Text2\">A hajra 2 toj\u00e1ss\u00e1rg\u00e1j\u00e1b\u00f3l, k\u00e9t fiola m\u00e9hpemp\u0151b\u0151l, egy te\u00e1skan\u00e1l friss s\u00f6r\u00e9leszt\u0151b\u0151l \u00e9s egy ev\u0151kan\u00e1l m\u00e9zb\u0151l kevert maszkot haszn\u00e1lhat. Vigye fel a kever\u00e9ket a hajra \u00e9s a fejb\u0151rre, hagyja hatni legal\u00e1bb 30 percig, majd \u00f6bl\u00edtse le v\u00edzzel.<\/p><h2><span style=\"color: #3366ff;\"><b>Gy\u00f6mb\u00e9r maszk<\/b><\/span><\/h2><p class=\"Text2\">A gy\u00f6mb\u00e9r olaj form\u00e1j\u00e1ban is felhaszn\u00e1lhat\u00f3, amelyet egy<wbr \/>1 ev\u0151kan\u00e1l reszelt gy\u00f6mb\u00e9r 50 ml szez\u00e1molajjal \u00f6sszekeverve. Vigye fel a kever\u00e9ket a hajra \u00e9s a fejb\u0151rre, hagyja hatni legal\u00e1bb 30 percig, majd samponozza le.<\/p><h2><span style=\"color: #3366ff;\"><b>Hajmaszk aloe g\u00e9llel<\/b><\/span><\/h2><p class=\"Text2\"><a href=\"http:\/\/animaplant.ro\/aloe_vera.html\" target=\"_blank\" rel=\"noopener\">Aloe g\u00e9l<\/a>\u00a0serkenti a haj n\u00f6veked\u00e9s\u00e9t \u00e9s seg\u00edt \u00e1polni a fejb\u0151rt. Has\u00edtsa fel az aloe leveleket, hogy kivonja bel\u0151l\u00fck a g\u00e9lt, \u00e9s vigye fel a hajt\u00f6vekre. Massz\u00edrozza a fejb\u0151rt, hogy jav\u00edtsa a v\u00e9rkering\u00e9st, \u00e9s a term\u00e9k k\u00f6nnyebben felsz\u00edv\u00f3dik. Hagyja a maszkot legal\u00e1bb k\u00e9t \u00f3r\u00e1n \u00e1t hatni, majd alaposan \u00f6bl\u00edtse ki a hajat.<\/p><h2><span style=\"color: #3366ff;\"><b>Sz\u00edntelen henna hajmaszk<\/b><\/span><\/h2><p class=\"Text2\">Ez a maszk nagyon hat\u00e9kony a s\u00e9r\u00fclt haj kezel\u00e9s\u00e9re. A sz\u00edntelen henn\u00e1t (Cassia obovata) forr\u00f3 v\u00edzzel addig keverj\u00fck, am\u00edg homog\u00e9n kr\u00e9mes paszt\u00e1t nem kapunk, amelyet a frissen mosott \u00e9s megsz\u00e1r\u00edtott hajra visz\u00fcnk fel. Zuhanyz\u00f3sapk\u00e1val, majd t\u00f6r\u00f6lk\u00f6z\u0151vel takarjuk le. Hagyjuk hatni 30-<wbr \/>60 percig, de ak\u00e1r t\u00f6bb \u00f3r\u00e1n kereszt\u00fcl is hagyhat\u00f3. Ezt k\u00f6vet\u0151en alaposan \u00f6bl\u00edtse le v\u00edzzel, sampon n\u00e9lk\u00fcl. Ha feh\u00e9r vagy vil\u00e1gos sz\u0151ke hajon t\u00f6bb \u00f3r\u00e1n \u00e1t hagyjuk hatni, akkor kiemelheti a haj arany \u00e1rnyalat\u00e1t. A s\u00f6t\u00e9t hajat nem sz\u00ednezi. Az extra hidrat\u00e1l\u00e1s \u00e9rdek\u00e9ben a sz\u00edntelen hennapor mellett olyan \u00f6sszetev\u0151ket adhat hozz\u00e1, mint olaj (k\u00f3kusz, ol\u00edva, mandula, amalaki), k\u00f3kusztej, toj\u00e1ss\u00e1rg\u00e1ja vagy m\u00e9z. Kamilla macer\u00e1tum is adhat\u00f3 hozz\u00e1, de nem aj\u00e1nlott savas \u00f6sszetev\u0151ket, p\u00e9ld\u00e1ul ecetet vagy citromlevet hozz\u00e1adni, mivel ezek kisz\u00e1r\u00edthatj\u00e1k a hajat.<\/p><h2><span style=\"color: #3366ff;\"><b>Maszk shikakai, reetha (szappan di\u00f3), amalaki \u00e9s bhringaraj maszkkal<\/b><\/span><\/h2><p class=\"Text2\">Hajmaszk k\u00e9sz\u00edthet\u0151 egy ev\u0151kan\u00e1l shikakai por, egy ev\u0151kan\u00e1l amalaki por, egy ev\u0151kan\u00e1l bhringaraj por \u00e9s egy ev\u0151kan\u00e1l reetha (szappandi\u00f3) por kombin\u00e1l\u00e1s\u00e1val. Keverj\u00fck \u00f6ssze az eg\u00e9szet egy cs\u00e9sze meleg v\u00edzzel, \u00e9s hagyjuk \u00e1llni 10 percig, majd kenj\u00fck a fejb\u0151rre. Hagyja \u00e1llni 2 \u00f3r\u00e1n \u00e1t, majd alaposan mossa meg a hajat.<\/p><h2><span style=\"color: #3366ff;\"><b>Hajmaszkok bhringarajjal<\/b><\/span><\/h2><p class=\"Text2\">A bhringaraj por hajmaszkk\u00e9nt haszn\u00e1lhat\u00f3, esetleg m\u00e1s porokkal vagy \u00f6sszetev\u0151kkel kombin\u00e1lva, \u00e9s meleg v\u00edzzel \u00f6sszekeverve a megfelel\u0151 mennyis\u00e9gben l\u00e1gy paszt\u00e1t k\u00e9pez, amelyet a hajra \u00e9s a fejb\u0151rre ken\u00fcnk, kicsit bemassz\u00edrozzuk, 30 perct\u0151l 2 \u00f3r\u00e1ig hagyjuk hatni, majd b\u0151 meleg v\u00edzzel le\u00f6bl\u00edtj\u00fck.<\/p><p class=\"Text2\">Szez\u00e1m- vagy k\u00f3kuszolajjal is kombin\u00e1lhat\u00f3 s\u00f6t\u00e9t haj\u00e1pol\u00f3 olajk\u00e9nt.<\/p><p class=\"Text2\">A Bhringaraj por kombin\u00e1lhat\u00f3 jojobaolajjal \u00e9s reeth\u00e1val (szappanos di\u00f3) hajhigi\u00e9niai c\u00e9lokra, amalaki porral \u00e9s c\u00e9drus ill\u00f3olajjal a hajn\u00f6veked\u00e9s serkent\u00e9s\u00e9re, r\u00f3zsav\u00edzzel \u00e9s arg\u00e1nolajjal regener\u00e1l\u00f3 alkalmaz\u00e1sokhoz, kamilla vagy levendula v\u00edzzel nyugtat\u00f3 \u00e9s gyullad\u00e1scs\u00f6kkent\u0151 b\u0151rgy\u00f3gy\u00e1szati alkalmaz\u00e1sokhoz, amalaki porral, brahmival \u00e9s tulszival komplex hajsz\u00e9p\u00edt\u0151 maszkhoz.<\/p>\t\t\t\t\t\t\t\t<\/div>\n\t\t\t\t<\/div>\n\t\t\t\t\t<\/div>\n\t\t<\/div>\n\t\t\t\t\t<\/div>\n\t\t<\/section>\n\t\t\t\t<\/div>","protected":false},"excerpt":{"rendered":"<p>Nina Marin, Ayurveda el\u0151ad\u00f3, Kolozsv\u00e1r Term\u00e9szetes hajkezel\u00e9sek A hajmaszkok olyan kezel\u00e9sek, amelyeket az indiai n\u0151k rendszeresen alkalmaznak, hogy t\u00e1pl\u00e1lj\u00e1k \u00e9s jav\u00edts\u00e1k hajuk kin\u00e9zet\u00e9t, k\u00fcl\u00f6nb\u00f6z\u0151 term\u00e9szetes \u00f6sszetev\u0151k felhaszn\u00e1l\u00e1s\u00e1val. Ezeket a fejb\u0151rre viszik fel, bemassz\u00edrozz\u00e1k, \u00e9s egy [...]<\/p>","protected":false},"author":1,"featured_media":0,"parent":3226,"menu_order":0,"comment_status":"closed","ping_status":"closed","template":"","meta":{"_mi_skip_tracking":false,"_analytify_skip_tracking":false,"footnotes":""},"class_list":["post-2682","page","type-page","status-publish","hentry"],"aioseo_notices":[],"aioseo_head":"\n\t\t<!-- All in One SEO Pro 4.7.0 - aioseo.com -->\n\t\t<meta name=\"description\" content=\"Mierea de albine se poate aplica pe p\u0103r, dar \u015fi pe scalp, sub forma unei m\u0103\u015fti, \u00een amestec cu ulei de m\u0103sline \u015fi g\u0103lbenu\u015f de ou, pentru minim 30 de minute, o dat\u0103 pe s\u0103pt\u0103m\u00e2n\u0103, dup\u0103 care p\u0103rul se cl\u0103te\u0219te cu ap\u0103 din abunden\u021b\u0103.\" \/>\n\t\t<meta name=\"robots\" content=\"max-image-preview:large\" \/>\n\t\t<meta name=\"google-site-verification\" content=\"G-391X30D2FS\" \/>\n\t\t<link rel=\"canonical\" href=\"https:\/\/amnromania.ro\/hu\/mezok\/dermoterapia\/care-pair-2\/\" \/>\n\t\t<meta name=\"generator\" content=\"All in One SEO Pro (AIOSEO) 4.7.0\" \/>\n\t\t<meta property=\"og:locale\" content=\"hu_HU\" \/>\n\t\t<meta property=\"og:site_name\" content=\"AMN Ayurveda ROM\u00c2NIA | Asociatia Nationala pentru Promovarea Medicinelor Neconventionale\" \/>\n\t\t<meta property=\"og:type\" content=\"article\" \/>\n\t\t<meta property=\"og:title\" content=\"Ingrijirea parului 2 | AMN Ayurveda ROM\u00c2NIA\" \/>\n\t\t<meta property=\"og:description\" content=\"Mierea de albine se poate aplica pe p\u0103r, dar \u015fi pe scalp, sub forma unei m\u0103\u015fti, \u00een amestec cu ulei de m\u0103sline \u015fi g\u0103lbenu\u015f de ou, pentru minim 30 de minute, o dat\u0103 pe s\u0103pt\u0103m\u00e2n\u0103, dup\u0103 care p\u0103rul se cl\u0103te\u0219te cu ap\u0103 din abunden\u021b\u0103.\" \/>\n\t\t<meta property=\"og:url\" content=\"https:\/\/amnromania.ro\/hu\/mezok\/dermoterapia\/care-pair-2\/\" \/>\n\t\t<meta property=\"og:image\" content=\"https:\/\/amnromania.ro\/ynorsyju\/2021\/06\/Ayurveda-in-Romania-Vol.-2-Ro.jpg\" \/>\n\t\t<meta property=\"og:image:secure_url\" content=\"https:\/\/amnromania.ro\/ynorsyju\/2021\/06\/Ayurveda-in-Romania-Vol.-2-Ro.jpg\" \/>\n\t\t<meta property=\"article:published_time\" content=\"2020-11-06T09:26:36+00:00\" \/>\n\t\t<meta property=\"article:modified_time\" content=\"2020-11-12T07:03:11+00:00\" \/>\n\t\t<meta property=\"article:publisher\" content=\"https:\/\/www.facebook.com\/AMNRomania\" \/>\n\t\t<script type=\"application\/ld+json\" class=\"aioseo-schema\">\n\t\t\t{\"@context\":\"https:\\\/\\\/schema.org\",\"@graph\":[{\"@type\":\"BreadcrumbList\",\"@id\":\"https:\\\/\\\/amnromania.ro\\\/hu\\\/mezok\\\/dermoterapia\\\/care-pair-2\\\/#breadcrumblist\",\"itemListElement\":[{\"@type\":\"ListItem\",\"@id\":\"https:\\\/\\\/amnromania.ro\\\/hu\\\/#listItem\",\"position\":1,\"name\":\"Home\",\"item\":\"https:\\\/\\\/amnromania.ro\\\/hu\\\/\",\"nextItem\":\"https:\\\/\\\/amnromania.ro\\\/hu\\\/mezok\\\/#listItem\"},{\"@type\":\"ListItem\",\"@id\":\"https:\\\/\\\/amnromania.ro\\\/hu\\\/mezok\\\/#listItem\",\"position\":2,\"name\":\"Domenii\",\"item\":\"https:\\\/\\\/amnromania.ro\\\/hu\\\/mezok\\\/\",\"nextItem\":\"https:\\\/\\\/amnromania.ro\\\/hu\\\/mezok\\\/dermoterapia\\\/#listItem\",\"previousItem\":\"https:\\\/\\\/amnromania.ro\\\/hu\\\/#listItem\"},{\"@type\":\"ListItem\",\"@id\":\"https:\\\/\\\/amnromania.ro\\\/hu\\\/mezok\\\/dermoterapia\\\/#listItem\",\"position\":3,\"name\":\"Dermoterapie\",\"item\":\"https:\\\/\\\/amnromania.ro\\\/hu\\\/mezok\\\/dermoterapia\\\/\",\"nextItem\":\"https:\\\/\\\/amnromania.ro\\\/hu\\\/mezok\\\/dermoterapia\\\/care-pair-2\\\/#listItem\",\"previousItem\":\"https:\\\/\\\/amnromania.ro\\\/hu\\\/mezok\\\/#listItem\"},{\"@type\":\"ListItem\",\"@id\":\"https:\\\/\\\/amnromania.ro\\\/hu\\\/mezok\\\/dermoterapia\\\/care-pair-2\\\/#listItem\",\"position\":4,\"name\":\"Ingrijirea parului 2\",\"previousItem\":\"https:\\\/\\\/amnromania.ro\\\/hu\\\/mezok\\\/dermoterapia\\\/#listItem\"}]},{\"@type\":\"Organization\",\"@id\":\"https:\\\/\\\/amnromania.ro\\\/hu\\\/#organization\",\"name\":\"AMN Ayurveda Romania\",\"url\":\"https:\\\/\\\/amnromania.ro\\\/hu\\\/\",\"logo\":{\"@type\":\"ImageObject\",\"url\":\"https:\\\/\\\/amnromania.ro\\\/ynorsyju\\\/2020\\\/10\\\/amn.png\",\"@id\":\"https:\\\/\\\/amnromania.ro\\\/hu\\\/mezok\\\/dermoterapia\\\/care-pair-2\\\/#organizationLogo\"},\"image\":{\"@id\":\"https:\\\/\\\/amnromania.ro\\\/hu\\\/mezok\\\/dermoterapia\\\/care-pair-2\\\/#organizationLogo\"},\"sameAs\":[\"https:\\\/\\\/www.facebook.com\\\/AMNRomania\",\"https:\\\/\\\/www.youtube.com\\\/channel\\\/UClfqKxiq_uZ11rthDIT3-BQ\\\/videos\"]},{\"@type\":\"WebPage\",\"@id\":\"https:\\\/\\\/amnromania.ro\\\/hu\\\/mezok\\\/dermoterapia\\\/care-pair-2\\\/#webpage\",\"url\":\"https:\\\/\\\/amnromania.ro\\\/hu\\\/mezok\\\/dermoterapia\\\/care-pair-2\\\/\",\"name\":\"Ingrijirea parului 2 | AMN Ayurveda ROM\\u00c2NIA\",\"description\":\"Mierea de albine se poate aplica pe p\\u0103r, dar \\u015fi pe scalp, sub forma unei m\\u0103\\u015fti, \\u00een amestec cu ulei de m\\u0103sline \\u015fi g\\u0103lbenu\\u015f de ou, pentru minim 30 de minute, o dat\\u0103 pe s\\u0103pt\\u0103m\\u00e2n\\u0103, dup\\u0103 care p\\u0103rul se cl\\u0103te\\u0219te cu ap\\u0103 din abunden\\u021b\\u0103.\",\"inLanguage\":\"hu-HU\",\"isPartOf\":{\"@id\":\"https:\\\/\\\/amnromania.ro\\\/hu\\\/#website\"},\"breadcrumb\":{\"@id\":\"https:\\\/\\\/amnromania.ro\\\/hu\\\/mezok\\\/dermoterapia\\\/care-pair-2\\\/#breadcrumblist\"},\"datePublished\":\"2020-11-06T09:26:36+02:00\",\"dateModified\":\"2020-11-12T07:03:11+02:00\"},{\"@type\":\"WebSite\",\"@id\":\"https:\\\/\\\/amnromania.ro\\\/hu\\\/#website\",\"url\":\"https:\\\/\\\/amnromania.ro\\\/hu\\\/\",\"name\":\"AMN Ayurveda ROM\\u00c2NIA\",\"description\":\"Asociatia Nationala pentru Promovarea Medicinelor Neconventionale\",\"inLanguage\":\"hu-HU\",\"publisher\":{\"@id\":\"https:\\\/\\\/amnromania.ro\\\/hu\\\/#organization\"}}]}\n\t\t<\/script>\n\t\t<!-- All in One SEO Pro -->\r\n\t\t<title>Ingrijirea parului 2 | AMN Ayurveda ROM\u00c2NIA<\/title>\n\n","aioseo_head_json":{"title":"Ingrijirea parului 2 | AMN Ayurveda ROM\u00c2NIA","description":"Mierea de albine se poate aplica pe p\u0103r, dar \u015fi pe scalp, sub forma unei m\u0103\u015fti, \u00een amestec cu ulei de m\u0103sline \u015fi g\u0103lbenu\u015f de ou, pentru minim 30 de minute, o dat\u0103 pe s\u0103pt\u0103m\u00e2n\u0103, dup\u0103 care p\u0103rul se cl\u0103te\u0219te cu ap\u0103 din abunden\u021b\u0103.","canonical_url":"https:\/\/amnromania.ro\/hu\/mezok\/dermoterapia\/care-pair-2\/","robots":"max-image-preview:large","keywords":"","webmasterTools":{"google-site-verification":"G-391X30D2FS","miscellaneous":""},"og:locale":"hu_HU","og:site_name":"AMN Ayurveda ROM\u00c2NIA | Asociatia Nationala pentru Promovarea Medicinelor Neconventionale","og:type":"article","og:title":"Ingrijirea parului 2 | AMN Ayurveda ROM\u00c2NIA","og:description":"Mierea de albine se poate aplica pe p\u0103r, dar \u015fi pe scalp, sub forma unei m\u0103\u015fti, \u00een amestec cu ulei de m\u0103sline \u015fi g\u0103lbenu\u015f de ou, pentru minim 30 de minute, o dat\u0103 pe s\u0103pt\u0103m\u00e2n\u0103, dup\u0103 care p\u0103rul se cl\u0103te\u0219te cu ap\u0103 din abunden\u021b\u0103.","og:url":"https:\/\/amnromania.ro\/hu\/mezok\/dermoterapia\/care-pair-2\/","og:image":"https:\/\/amnromania.ro\/ynorsyju\/2021\/06\/Ayurveda-in-Romania-Vol.-2-Ro.jpg","og:image:secure_url":"https:\/\/amnromania.ro\/ynorsyju\/2021\/06\/Ayurveda-in-Romania-Vol.-2-Ro.jpg","article:published_time":"2020-11-06T09:26:36+00:00","article:modified_time":"2020-11-12T07:03:11+00:00","article:publisher":"https:\/\/www.facebook.com\/AMNRomania","schema":{"@context":"https:\/\/schema.org","@graph":[{"@type":"BreadcrumbList","@id":"https:\/\/amnromania.ro\/hu\/mezok\/dermoterapia\/care-pair-2\/#breadcrumblist","itemListElement":[{"@type":"ListItem","@id":"https:\/\/amnromania.ro\/hu\/#listItem","position":1,"name":"Home","item":"https:\/\/amnromania.ro\/hu\/","nextItem":"https:\/\/amnromania.ro\/hu\/mezok\/#listItem"},{"@type":"ListItem","@id":"https:\/\/amnromania.ro\/hu\/mezok\/#listItem","position":2,"name":"Domenii","item":"https:\/\/amnromania.ro\/hu\/mezok\/","nextItem":"https:\/\/amnromania.ro\/hu\/mezok\/dermoterapia\/#listItem","previousItem":"https:\/\/amnromania.ro\/hu\/#listItem"},{"@type":"ListItem","@id":"https:\/\/amnromania.ro\/hu\/mezok\/dermoterapia\/#listItem","position":3,"name":"Dermoterapie","item":"https:\/\/amnromania.ro\/hu\/mezok\/dermoterapia\/","nextItem":"https:\/\/amnromania.ro\/hu\/mezok\/dermoterapia\/care-pair-2\/#listItem","previousItem":"https:\/\/amnromania.ro\/hu\/mezok\/#listItem"},{"@type":"ListItem","@id":"https:\/\/amnromania.ro\/hu\/mezok\/dermoterapia\/care-pair-2\/#listItem","position":4,"name":"Ingrijirea parului 2","previousItem":"https:\/\/amnromania.ro\/hu\/mezok\/dermoterapia\/#listItem"}]},{"@type":"Organization","@id":"https:\/\/amnromania.ro\/hu\/#organization","name":"AMN Ayurveda Romania","url":"https:\/\/amnromania.ro\/hu\/","logo":{"@type":"ImageObject","url":"https:\/\/amnromania.ro\/ynorsyju\/2020\/10\/amn.png","@id":"https:\/\/amnromania.ro\/hu\/mezok\/dermoterapia\/care-pair-2\/#organizationLogo"},"image":{"@id":"https:\/\/amnromania.ro\/hu\/mezok\/dermoterapia\/care-pair-2\/#organizationLogo"},"sameAs":["https:\/\/www.facebook.com\/AMNRomania","https:\/\/www.youtube.com\/channel\/UClfqKxiq_uZ11rthDIT3-BQ\/videos"]},{"@type":"WebPage","@id":"https:\/\/amnromania.ro\/hu\/mezok\/dermoterapia\/care-pair-2\/#webpage","url":"https:\/\/amnromania.ro\/hu\/mezok\/dermoterapia\/care-pair-2\/","name":"Ingrijirea parului 2 | AMN Ayurveda ROM\u00c2NIA","description":"Mierea de albine se poate aplica pe p\u0103r, dar \u015fi pe scalp, sub forma unei m\u0103\u015fti, \u00een amestec cu ulei de m\u0103sline \u015fi g\u0103lbenu\u015f de ou, pentru minim 30 de minute, o dat\u0103 pe s\u0103pt\u0103m\u00e2n\u0103, dup\u0103 care p\u0103rul se cl\u0103te\u0219te cu ap\u0103 din abunden\u021b\u0103.","inLanguage":"hu-HU","isPartOf":{"@id":"https:\/\/amnromania.ro\/hu\/#website"},"breadcrumb":{"@id":"https:\/\/amnromania.ro\/hu\/mezok\/dermoterapia\/care-pair-2\/#breadcrumblist"},"datePublished":"2020-11-06T09:26:36+02:00","dateModified":"2020-11-12T07:03:11+02:00"},{"@type":"WebSite","@id":"https:\/\/amnromania.ro\/hu\/#website","url":"https:\/\/amnromania.ro\/hu\/","name":"AMN Ayurveda ROM\u00c2NIA","description":"Asociatia Nationala pentru Promovarea Medicinelor Neconventionale","inLanguage":"hu-HU","publisher":{"@id":"https:\/\/amnromania.ro\/hu\/#organization"}}]}},"aioseo_meta_data":{"post_id":"2682","title":null,"description":"Mierea de albine se poate aplica pe p\u0103r, dar \u015fi pe scalp, sub forma unei m\u0103\u015fti, \u00een amestec cu ulei de m\u0103sline \u015fi g\u0103lbenu\u015f de ou, pentru minim 30 de minute, o dat\u0103 pe s\u0103pt\u0103m\u00e2n\u0103, dup\u0103 care p\u0103rul se cl\u0103te\u0219te cu ap\u0103 din abunden\u021b\u0103.","keywords":null,"keyphrases":null,"primary_term":null,"canonical_url":null,"og_title":null,"og_description":null,"og_object_type":"default","og_image_type":"default","og_image_url":null,"og_image_width":null,"og_image_height":null,"og_image_custom_url":null,"og_image_custom_fields":null,"og_video":null,"og_custom_url":null,"og_article_section":null,"og_article_tags":null,"twitter_use_og":false,"twitter_card":"default","twitter_image_type":"default","twitter_image_url":null,"twitter_image_custom_url":null,"twitter_image_custom_fields":null,"twitter_title":null,"twitter_description":null,"schema":{"blockGraphs":[],"customGraphs":[],"default":{"data":{"Article":[],"Course":[],"Dataset":[],"FAQPage":[],"Movie":[],"Person":[],"Product":[],"Recipe":[],"Service":[],"SoftwareApplication":[],"WebPage":[]},"graphName":"WebPage","isEnabled":true},"graphs":[]},"schema_type":null,"schema_type_options":null,"pillar_content":false,"robots_default":true,"robots_noindex":false,"robots_noarchive":false,"robots_nosnippet":false,"robots_nofollow":false,"robots_noimageindex":false,"robots_noodp":false,"robots_notranslate":false,"robots_max_snippet":null,"robots_max_videopreview":null,"robots_max_imagepreview":"large","priority":null,"frequency":null,"local_seo":null,"limit_modified_date":false,"open_ai":null,"created":"2020-12-21 07:24:50","updated":"2024-01-28 10:52:43"},"aioseo_breadcrumb":"<div class=\"aioseo-breadcrumbs\"><span class=\"aioseo-breadcrumb\">\n\t<a href=\"https:\/\/amnromania.ro\/hu\" title=\"Home\">Home<\/a>\n<\/span><span class=\"aioseo-breadcrumb-separator\">&raquo;<\/span><span class=\"aioseo-breadcrumb\">\n\t<a href=\"https:\/\/amnromania.ro\/hu\/mezok\/\" title=\"Domenii\">Domenii<\/a>\n<\/span><span class=\"aioseo-breadcrumb-separator\">&raquo;<\/span><span class=\"aioseo-breadcrumb\">\n\t<a href=\"https:\/\/amnromania.ro\/hu\/mezok\/dermoterapia\/\" title=\"Dermoterapie\">Dermoterapie<\/a>\n<\/span><span class=\"aioseo-breadcrumb-separator\">&raquo;<\/span><span class=\"aioseo-breadcrumb\">\n\tIngrijirea parului 2\n<\/span><\/div>","aioseo_breadcrumb_json":[{"label":"Home","link":"https:\/\/amnromania.ro\/hu"},{"label":"Domenii","link":"https:\/\/amnromania.ro\/hu\/mezok\/"},{"label":"Dermoterapie","link":"https:\/\/amnromania.ro\/hu\/mezok\/dermoterapia\/"},{"label":"Ingrijirea parului 2","link":"https:\/\/amnromania.ro\/hu\/mezok\/dermoterapia\/care-pair-2\/"}],"_links":{"self":[{"href":"https:\/\/amnromania.ro\/hu\/wp-json\/wp\/v2\/pages\/2682","targetHints":{"allow":["GET"]}}],"collection":[{"href":"https:\/\/amnromania.ro\/hu\/wp-json\/wp\/v2\/pages"}],"about":[{"href":"https:\/\/amnromania.ro\/hu\/wp-json\/wp\/v2\/types\/page"}],"author":[{"embeddable":true,"href":"https:\/\/amnromania.ro\/hu\/wp-json\/wp\/v2\/users\/1"}],"replies":[{"embeddable":true,"href":"https:\/\/amnromania.ro\/hu\/wp-json\/wp\/v2\/comments?post=2682"}],"version-history":[{"count":0,"href":"https:\/\/amnromania.ro\/hu\/wp-json\/wp\/v2\/pages\/2682\/revisions"}],"up":[{"embeddable":true,"href":"https:\/\/amnromania.ro\/hu\/wp-json\/wp\/v2\/pages\/3226"}],"wp:attachment":[{"href":"https:\/\/amnromania.ro\/hu\/wp-json\/wp\/v2\/media?parent=2682"}],"curies":[{"name":"wp","href":"https:\/\/api.w.org\/{rel}","templated":true}]}}