{"id":2665,"date":"2020-11-06T09:09:53","date_gmt":"2020-11-06T09:09:53","guid":{"rendered":"https:\/\/amnromania.ro\/?page_id=2665"},"modified":"2020-11-12T07:00:45","modified_gmt":"2020-11-12T07:00:45","slug":"etetes-bor","status":"publish","type":"page","link":"https:\/\/amnromania.ro\/hu\/mezok\/dermoterapia\/etetes-bor\/","title":{"rendered":"B\u0151rt\u00e1pl\u00e1l\u00e1s"},"content":{"rendered":"<div data-elementor-type=\"wp-page\" data-elementor-id=\"2665\" class=\"elementor elementor-2665\" data-elementor-post-type=\"page\">\n\t\t\t\t\t\t<section class=\"elementor-section elementor-top-section elementor-element elementor-element-8267130 elementor-section-boxed elementor-section-height-default elementor-section-height-default\" data-id=\"8267130\" data-element_type=\"section\">\n\t\t\t\t\t\t<div class=\"elementor-container elementor-column-gap-default\">\n\t\t\t\t\t<div class=\"elementor-column elementor-col-50 elementor-top-column elementor-element elementor-element-4a0cf38\" data-id=\"4a0cf38\" data-element_type=\"column\">\n\t\t\t<div class=\"elementor-widget-wrap elementor-element-populated\">\n\t\t\t\t\t\t<div class=\"elementor-element elementor-element-ff28baf elementor-nav-menu__align-start elementor-nav-menu__text-align-center elementor-nav-menu--dropdown-tablet elementor-nav-menu--toggle elementor-nav-menu--burger elementor-widget elementor-widget-global elementor-global-2418 elementor-widget-nav-menu\" data-id=\"ff28baf\" data-element_type=\"widget\" data-settings=\"{&quot;layout&quot;:&quot;vertical&quot;,&quot;submenu_icon&quot;:{&quot;value&quot;:&quot;fas fa-caret-down&quot;,&quot;library&quot;:&quot;fa-solid&quot;},&quot;toggle&quot;:&quot;burger&quot;}\" data-widget_type=\"nav-menu.default\">\n\t\t\t\t<div class=\"elementor-widget-container\">\n\t\t\t\t\t\t\t\t<nav aria-label=\"Men\u00fc\" class=\"elementor-nav-menu--main elementor-nav-menu__container elementor-nav-menu--layout-vertical e--pointer-background e--animation-fade\">\n\t\t\t\t<ul id=\"menu-1-ff28baf\" class=\"elementor-nav-menu sm-vertical\"><li class=\"menu-item menu-item-type-post_type menu-item-object-page menu-item-2414\"><a href=\"https:\/\/amnromania.ro\/hu\/mezok\/aromaterapia-2\/\" class=\"elementor-item\">Aromater\u00e1pia<\/a><\/li>\n<li class=\"menu-item menu-item-type-post_type menu-item-object-page menu-item-3268\"><a href=\"https:\/\/amnromania.ro\/hu\/mezok\/apiterapia\/\" class=\"elementor-item\">Apiter\u00e1pia<\/a><\/li>\n<li class=\"menu-item menu-item-type-post_type menu-item-object-page menu-item-2412\"><a href=\"https:\/\/amnromania.ro\/hu\/mezok\/kristalyterapia\/\" class=\"elementor-item\">Krist\u00e1ly ter\u00e1pia<\/a><\/li>\n<li class=\"menu-item menu-item-type-post_type menu-item-object-page menu-item-2413\"><a href=\"https:\/\/amnromania.ro\/hu\/mezok\/kromoterapia\/\" class=\"elementor-item\">Kromoter\u00e1pia<\/a><\/li>\n<li class=\"menu-item menu-item-type-post_type menu-item-object-page menu-item-3269\"><a href=\"https:\/\/amnromania.ro\/hu\/mezok\/dermoterapia\/\" class=\"elementor-item\">Dermoter\u00e1pia<\/a><\/li>\n<li class=\"menu-item menu-item-type-post_type menu-item-object-page menu-item-3267\"><a href=\"https:\/\/amnromania.ro\/hu\/mezok\/dietas-kezeles\/\" class=\"elementor-item\">Dietoter\u00e1pia<\/a><\/li>\n<li class=\"menu-item menu-item-type-post_type menu-item-object-page menu-item-3266\"><a href=\"https:\/\/amnromania.ro\/hu\/mezok\/fitoterapia\/\" class=\"elementor-item\">Fitoter\u00e1pia<\/a><\/li>\n<li class=\"menu-item menu-item-type-post_type menu-item-object-page menu-item-3265\"><a href=\"https:\/\/amnromania.ro\/hu\/mezok\/floriterapia\/\" class=\"elementor-item\">Floritherapy<\/a><\/li>\n<li class=\"menu-item menu-item-type-post_type menu-item-object-page menu-item-3264\"><a href=\"https:\/\/amnromania.ro\/hu\/mezok\/hidroterapia\/\" class=\"elementor-item\">Hidroter\u00e1pia<\/a><\/li>\n<li class=\"menu-item menu-item-type-post_type menu-item-object-page menu-item-3263\"><a href=\"https:\/\/amnromania.ro\/hu\/mezok\/idojaras-terapia\/\" class=\"elementor-item\">Meteoroter\u00e1pia<\/a><\/li>\n<li class=\"menu-item menu-item-type-post_type menu-item-object-page menu-item-3262\"><a href=\"https:\/\/amnromania.ro\/hu\/mezok\/zeneterapia\/\" class=\"elementor-item\">Zeneter\u00e1pia<\/a><\/li>\n<li class=\"menu-item menu-item-type-post_type menu-item-object-page menu-item-3261\"><a href=\"https:\/\/amnromania.ro\/hu\/mezok\/pszichoterapia\/\" class=\"elementor-item\">Pszichoter\u00e1pia<\/a><\/li>\n<li class=\"menu-item menu-item-type-post_type menu-item-object-page menu-item-3260\"><a href=\"https:\/\/amnromania.ro\/hu\/mezok\/termoterapia\/\" class=\"elementor-item\">Termoter\u00e1pia<\/a><\/li>\n<li class=\"menu-item menu-item-type-post_type menu-item-object-page menu-item-3259\"><a href=\"https:\/\/amnromania.ro\/hu\/mezok\/humorterapia\/\" class=\"elementor-item\">Humor ter\u00e1pia<\/a><\/li>\n<\/ul>\t\t\t<\/nav>\n\t\t\t\t\t<div class=\"elementor-menu-toggle\" role=\"button\" tabindex=\"0\" aria-label=\"Toggle men\u00fc\" aria-expanded=\"false\">\n\t\t\t<i aria-hidden=\"true\" role=\"presentation\" class=\"elementor-menu-toggle__icon--open eicon-menu-bar\"><\/i><i aria-hidden=\"true\" role=\"presentation\" class=\"elementor-menu-toggle__icon--close eicon-close\"><\/i>\t\t<\/div>\n\t\t\t\t\t<nav class=\"elementor-nav-menu--dropdown elementor-nav-menu__container\" aria-hidden=\"true\">\n\t\t\t\t<ul id=\"menu-2-ff28baf\" class=\"elementor-nav-menu sm-vertical\"><li class=\"menu-item menu-item-type-post_type menu-item-object-page menu-item-2414\"><a href=\"https:\/\/amnromania.ro\/hu\/mezok\/aromaterapia-2\/\" class=\"elementor-item\" tabindex=\"-1\">Aromater\u00e1pia<\/a><\/li>\n<li class=\"menu-item menu-item-type-post_type menu-item-object-page menu-item-3268\"><a href=\"https:\/\/amnromania.ro\/hu\/mezok\/apiterapia\/\" class=\"elementor-item\" tabindex=\"-1\">Apiter\u00e1pia<\/a><\/li>\n<li class=\"menu-item menu-item-type-post_type menu-item-object-page menu-item-2412\"><a href=\"https:\/\/amnromania.ro\/hu\/mezok\/kristalyterapia\/\" class=\"elementor-item\" tabindex=\"-1\">Krist\u00e1ly ter\u00e1pia<\/a><\/li>\n<li class=\"menu-item menu-item-type-post_type menu-item-object-page menu-item-2413\"><a href=\"https:\/\/amnromania.ro\/hu\/mezok\/kromoterapia\/\" class=\"elementor-item\" tabindex=\"-1\">Kromoter\u00e1pia<\/a><\/li>\n<li class=\"menu-item menu-item-type-post_type menu-item-object-page menu-item-3269\"><a href=\"https:\/\/amnromania.ro\/hu\/mezok\/dermoterapia\/\" class=\"elementor-item\" tabindex=\"-1\">Dermoter\u00e1pia<\/a><\/li>\n<li class=\"menu-item menu-item-type-post_type menu-item-object-page menu-item-3267\"><a href=\"https:\/\/amnromania.ro\/hu\/mezok\/dietas-kezeles\/\" class=\"elementor-item\" tabindex=\"-1\">Dietoter\u00e1pia<\/a><\/li>\n<li class=\"menu-item menu-item-type-post_type menu-item-object-page menu-item-3266\"><a href=\"https:\/\/amnromania.ro\/hu\/mezok\/fitoterapia\/\" class=\"elementor-item\" tabindex=\"-1\">Fitoter\u00e1pia<\/a><\/li>\n<li class=\"menu-item menu-item-type-post_type menu-item-object-page menu-item-3265\"><a href=\"https:\/\/amnromania.ro\/hu\/mezok\/floriterapia\/\" class=\"elementor-item\" tabindex=\"-1\">Floritherapy<\/a><\/li>\n<li class=\"menu-item menu-item-type-post_type menu-item-object-page menu-item-3264\"><a href=\"https:\/\/amnromania.ro\/hu\/mezok\/hidroterapia\/\" class=\"elementor-item\" tabindex=\"-1\">Hidroter\u00e1pia<\/a><\/li>\n<li class=\"menu-item menu-item-type-post_type menu-item-object-page menu-item-3263\"><a href=\"https:\/\/amnromania.ro\/hu\/mezok\/idojaras-terapia\/\" class=\"elementor-item\" tabindex=\"-1\">Meteoroter\u00e1pia<\/a><\/li>\n<li class=\"menu-item menu-item-type-post_type menu-item-object-page menu-item-3262\"><a href=\"https:\/\/amnromania.ro\/hu\/mezok\/zeneterapia\/\" class=\"elementor-item\" tabindex=\"-1\">Zeneter\u00e1pia<\/a><\/li>\n<li class=\"menu-item menu-item-type-post_type menu-item-object-page menu-item-3261\"><a href=\"https:\/\/amnromania.ro\/hu\/mezok\/pszichoterapia\/\" class=\"elementor-item\" tabindex=\"-1\">Pszichoter\u00e1pia<\/a><\/li>\n<li class=\"menu-item menu-item-type-post_type menu-item-object-page menu-item-3260\"><a href=\"https:\/\/amnromania.ro\/hu\/mezok\/termoterapia\/\" class=\"elementor-item\" tabindex=\"-1\">Termoter\u00e1pia<\/a><\/li>\n<li class=\"menu-item menu-item-type-post_type menu-item-object-page menu-item-3259\"><a href=\"https:\/\/amnromania.ro\/hu\/mezok\/humorterapia\/\" class=\"elementor-item\" tabindex=\"-1\">Humor ter\u00e1pia<\/a><\/li>\n<\/ul>\t\t\t<\/nav>\n\t\t\t\t\t\t<\/div>\n\t\t\t\t<\/div>\n\t\t\t\t\t<\/div>\n\t\t<\/div>\n\t\t\t\t<div class=\"elementor-column elementor-col-50 elementor-top-column elementor-element elementor-element-15f8adb\" data-id=\"15f8adb\" data-element_type=\"column\">\n\t\t\t<div class=\"elementor-widget-wrap elementor-element-populated\">\n\t\t\t\t\t\t<div class=\"elementor-element elementor-element-218d00b elementor-widget elementor-widget-text-editor\" data-id=\"218d00b\" data-element_type=\"widget\" data-widget_type=\"text-editor.default\">\n\t\t\t\t<div class=\"elementor-widget-container\">\n\t\t\t\t\t\t\t\t\t<h1 style=\"text-align: center;\"><span style=\"color: #3366ff;\"><strong>Hogyan t\u00e1pl\u00e1ljuk b\u0151r\u00fcnket eg\u00e9szs\u00e9gesen az \u00e9telek elk\u00e9sz\u00edt\u00e9sekor?<\/strong><\/span><\/h1><p class=\"Text P-15\" style=\"text-align: right;\">Nina Marin, Ayurveda el\u0151ad\u00f3, Kolozsv\u00e1r -<wbr \/>Napoca<\/p><h2><strong><span style=\"color: #3366ff;\">Sz\u00e1raz b\u0151r<\/span><\/strong><\/h2><p class=\"Text2\">Az \u0151sr\u00e9gi ayurv\u00e9dikus hagyom\u00e1ny azt tan\u00edtja, hogy a fiatals\u00e1g elm\u00fal\u00e1sa \u00e9s az \u00f6regs\u00e9g fel\u00e9 halad\u00e1s ut\u00e1n, f\u00fcggetlen\u00fcl att\u00f3l, hogy milyen konstit\u00faci\u00f3s t\u00edpus jellemez minket, az eg\u00e9szs\u00e9g vagy betegs\u00e9g h\u00e1rom alapvet\u0151 t\u00e9nyez\u0151j\u00e9nek egyike (<span class=\"C-14\">dosha<\/span>) nevezetesen\u00a0<span class=\"C-14\">vata-<wbr \/>dosha<\/span>. Ennek eredm\u00e9nyek\u00e9nt a sz\u00e1razf\u00f6ldek \u00e1ltal\u00e1nos min\u0151s\u00e9ge (<span class=\"C-14\">ruksha-<wbr \/>guna<\/span>), bele\u00e9rtve a testet is. A b\u0151r azonnal megmutatja ezt az \u00e1ltal\u00e1nos min\u0151s\u00e9get (<span class=\"C-14\">guna<\/span>) a fell\u00e9p\u0151 sz\u00e1razs\u00e1g\u00e9rzet, a b\u0151r rugalmass\u00e1g\u00e1nak elveszt\u00e9se \u00e9s a r\u00e1ncok megjelen\u00e9se \u00e1ltal. K\u00fcl\u00f6n\u00f6sen azokn\u00e1l az emberekn\u00e9l, akiknek a konstit\u00faci\u00f3s t\u00edpus\u00e1ra jellemz\u0151 az al\u00e1bbiak t\u00fals\u00falya\u00a0<span class=\"C-14\">vata-<wbr \/>dosha<\/span>\u00a0szembes\u00fclni fognak ezzel a diszharmonikus megnyilv\u00e1nul\u00e1ssal, amely az \u0151 eset\u00fckben nagyon er\u0151s \u00e9s gyors lesz.<\/p><p class=\"Text2\">Mindezen szempontok ismeret\u00e9ben r\u00e1j\u00f6v\u00fcnk, hogy nem j\u00f3, hogy <img fetchpriority=\"high\" decoding=\"async\" class=\"size-medium wp-image-6095 alignright\" src=\"https:\/\/amnromania.ro\/wp-content\/uploads\/2020\/11\/dermoterapia3-300x167.jpg\" alt=\"\" width=\"300\" height=\"167\" srcset=\"https:\/\/amnromania.ro\/wp-content\/uploads\/2020\/11\/dermoterapia3-300x167.jpg 300w, https:\/\/amnromania.ro\/wp-content\/uploads\/2020\/11\/dermoterapia3-768x427.jpg 768w, https:\/\/amnromania.ro\/wp-content\/uploads\/2020\/11\/dermoterapia3.jpg 900w\" sizes=\"(max-width: 300px) 100vw, 300px\" \/>elhanyagoljuk test\u00fcnk b\u0151r\u00e9nek t\u00e1pl\u00e1l\u00e1s\u00e1t, mert mire \u00e9szrevessz\u00fck a hat\u00e1s\u00e1t, m\u00e1r k\u00e9s\u0151 lesz. De hogyan t\u00e1pl\u00e1lhatjuk b\u0151r\u00fcnket eg\u00e9szs\u00e9ges \u00e9s hat\u00e9kony term\u00e9kekkel?<\/p><p class=\"Titlu-2\">B\u0151r\u00fcnk t\u00e1pl\u00e1l\u00e1sa azzal, amit esz\u00fcnk<\/p><p class=\"Text2\">Kiindulhatunk abb\u00f3l az Ayurv\u00e9d\u00e1ban j\u00f3l ismert gondolatb\u00f3l, hogy csak azt kenj\u00fck a b\u0151rre, amit meg tudunk enni, mert a b\u0151r\u00f6n kereszt\u00fcl t\u00e1pl\u00e1ljuk magunkat, ahogy a sz\u00e1nkkal is t\u00e1pl\u00e1ljuk magunkat.<\/p><p class=\"Text2\">Amikor elk\u00e9sz\u00edtj\u00fck a \"sz\u00e1nknak val\u00f3 \u00e9telt\", akkor<wbr \/>a b\u0151rt is adjuk \"enni\".<\/p><h2><span style=\"color: #3366ff;\"><strong>Gy\u00f3gyn\u00f6v\u00e9nyes macer\u00e1tum<\/strong><\/span><\/h2><p class=\"Text2\">A j\u00f3 eg\u00e9szs\u00e9g meg\u0151rz\u00e9s\u00e9hez p\u00e9ld\u00e1ul naponta legal\u00e1bb k\u00e9t liter v\u00edzre van sz\u00fcks\u00e9g\u00fcnk. Az ayurv\u00e9dikus hagyom\u00e1nyokb\u00f3l megtanultuk, hogy a vizet gy\u00f3gy\u00edt\u00f3 hat\u00e1s\u00fa n\u00f6v\u00e9nyekben tal\u00e1lhat\u00f3 t\u00e1panyagokkal lehet d\u00fas\u00edtani, \u00e1titatva azt a k\u00f6vetkez\u0151 tulajdons\u00e1gokkal<wbr \/>a n\u00f6v\u00e9nyek megfelel\u0151 energi\u00e1ival egyidej\u0171leg \u00e9s finoman, ha ezeket a n\u00f6v\u00e9nyeket t\u00f6bb \u00f3r\u00e1n \u00e1t v\u00edzben \u00e1ztatjuk. \u00cdgy t\u00e1pl\u00e1lhatjuk a szervezet\u00fcnket, ha megisszuk a j\u00f3t\u00e9kony hat\u00e1s\u00fa n\u00f6v\u00e9nyek e macer\u00e1tumait. De test\u00fcnkre, b\u0151r\u00fcnkre is \u00f6nthetj\u00fck ezeket az \u00e9rt\u00e9kes folyad\u00e9kokat. Teh\u00e1t az eg\u00e9sz test\u00fcnket vagy csak az arcunkat min\u00e9l gyakrabban benedves\u00edthetj\u00fck kamilla, sangziana, neem, k\u00f6r\u00f6mvir\u00e1g vagy m\u00e1s, \u00e1ltalunk v\u00e1lasztott n\u00f6v\u00e9ny macer\u00e1tum\u00e1val. \u00cdgy, amit a test\u00fcnkbe tesz\u00fcnk, azt a test\u00fcnkre is kenj\u00fck.<\/p><h2><strong><span style=\"color: #3366ff;\">Avok\u00e1d\u00f3 \u00e9s citrom<\/span><\/strong><\/h2><p class=\"Text2\">\u00c9s a p\u00e9ld\u00e1kat m\u00e9g hosszan lehetne sorolni, \u00e9s olyan sokf\u00e9l\u00e9k lehetnek, mint amilyen kreat\u00edvak az \u00e9telreceptjeink. Amikor avok\u00e1d\u00f3-citrom paszt\u00e1t k\u00e9sz\u00edt\u00fcnk, az avok\u00e1d\u00f3 gy\u00fcm\u00f6lcs\u00e9nek megh\u00e1moz\u00e1sa ut\u00e1n a h\u00e9jon marad\u00f3 r\u00e9sz\u00e9vel bekenhetj\u00fck az arcunkat \u00e9s a nyakunkat. A citromlevet kenhetj\u00fck a kez\u00fcnkre, eg\u00e9szen felfel\u00e9. Az avok\u00e1d\u00f3 gy\u00fcm\u00f6lcs egy r\u00e9sz\u00e9t, vagy ak\u00e1r az avok\u00e1d\u00f3-citrom paszt\u00e1t hajpakol\u00e1sk\u00e9nt a hajunkra is kenhetj\u00fck.<\/p><h2><strong><span style=\"color: #3366ff;\">Aloe g\u00e9l<\/span><\/strong><\/h2><p class=\"Text2\">Amikor aloe vera g\u00e9llel k\u00e9sz\u00edt\u00fcnk egy italt a turmixg\u00e9pben, az aloe vera lev\u00e9l lev\u00e1g\u00e1sa ut\u00e1n haszn\u00e1lhatjuk a\u00a0<a href=\"http:\/\/animaplant.ro\/aloe_vera.html\" target=\"_blank\" rel=\"noopener\">aloe<\/a>\u00a0\u00e9s kivonjuk a g\u00e9lt, a leveleken maradt g\u00e9l marad\u00e9k\u00e1t az arcunkra kenhetj\u00fck, \u00e9s \u00edgy, mik\u00f6zben elk\u00e9sz\u00edtj\u00fck az \u00e9telt, a b\u0151r\u00fcnket is t\u00e1pl\u00e1ljuk.<\/p><h2><span style=\"color: #3366ff;\"><strong>Gy\u00fcm\u00f6lcs \u00e9s z\u00f6lds\u00e9g<\/strong><\/span><\/h2><p class=\"Text2\">Ugyanezt tehetj\u00fck akkor is, amikor gy\u00fcm\u00f6lcs- vagy z\u00f6lds\u00e9gsal\u00e1t\u00e1kat k\u00e9sz\u00edt\u00fcnk, \u00e9s az arcunk, nyakunk \u00e9s mellkasunk b\u0151r\u00e9t z\u00f6lds\u00e9g- vagy gy\u00fcm\u00f6lcsszeletekkel massz\u00edrozzuk. Gondoljunk csak bele, milyen j\u00f3l fogjuk \u00e9rezni magunkat, amikor megd\u00f6rzs\u00f6lj\u00fck az arcunkat, \u00e9s \u00e9rezz\u00fck az illatos gy\u00fcm\u00f6lcs\u00f6k, p\u00e9ld\u00e1ul az eper, m\u00e1lna, szeder, \u0151szibarack, k\u00f6rte, mang\u00f3, narancs, g\u00f6r\u00f6gdinnye \u00e9s s\u00e1rgadinnye m\u00e1mor\u00edt\u00f3 illat\u00e1t. Vagy amikor a ny\u00e1r h\u0171s\u00edti \u00e9s megnyugtatja az arcunkat, ha az uborka vagy a cukkini lev\u00e9t a b\u0151r\u00fcnkre kenj\u00fck. \u00c9s milyen j\u00f3l \u00e9rzi mag\u00e1t a b\u0151r\u00fcnk, ha egy illatos paradicsom lev\u00e9vel t\u00e1pl\u00e1ljuk. Azt fogjuk tapasztalni, hogy a szagl\u00f3\u00e9rz\u00e9k gy\u00f6ny\u00f6r\u00e9n t\u00fal b\u0151r\u00fcnk t\u00e1pl\u00e1lt, hidrat\u00e1lt, b\u00e1rsonyos, rugalmas \u00e9s eg\u00e9szs\u00e9ges lesz.<\/p><h2><strong><span style=\"color: #3366ff;\">Gabonav\u00edz<\/span><\/strong><\/h2><p class=\"Text2\">Amikor meg akarjuk f\u0151zni a gabonaf\u00e9l\u00e9ket, amikor le\u00f6bl\u00edtj\u00fck \u0151ket, akkor a vizet, amivel...<wbr \/>megmostuk \u00e9s megnedves\u00edtett\u00fck vele az arcunkat \u00e9s a test\u00fcnket. A rizsszemeket ak\u00e1r hosszabb ideig is \u00e1ztathatjuk, \u00e9s a v\u00edzzel megmoshatjuk az arcunkat. Megl\u00e1tjuk, hogy ez a hagyom\u00e1nyos keleti m\u00f3dszer nagyon hat\u00e9kony. A b\u0151r\u00fcnk t\u00e1pl\u00e1lt \u00e9s hidrat\u00e1lt lesz.<\/p><h2><strong><span style=\"color: #3366ff;\">Hidegen sajtolt olaj<\/span><\/strong><\/h2><p class=\"Text2\">A k\u00f3kuszolaj, amely sz\u00e1mos orsz\u00e1gban h\u00edres a b\u0151rre \u00e9s a hajra gyakorolt j\u00f3t\u00e9kony hat\u00e1s\u00e1r\u00f3l, azonnal bekenhet\u0151 az arcra, vagy a hajra kenhet\u0151, amikor olyan desszertet k\u00e9sz\u00edt\u00fcnk, amelyhez k\u00f3kuszolajat adtunk. A hidegen sajtolt szez\u00e1m-, napraforg\u00f3- vagy ol\u00edvaolaj, amelyet gyakran haszn\u00e1lunk sal\u00e1t\u00e1k \u00e9s egy\u00e9b \u00e9telek k\u00e9sz\u00edt\u00e9sekor, nagyon gyorsan, s\u0151t, sokkal gyorsabban felsz\u00edv\u00f3dik b\u0151r\u00fcnk \u00e9s hajunk sz\u00e1m\u00e1ra.<\/p><h2><strong><span style=\"color: #3366ff;\">Ecet<\/span><\/strong><\/h2><p class=\"Text2\">Hasonl\u00f3k\u00e9ppen, az alm\u00e1b\u00f3l vagy m\u00e1s gy\u00fcm\u00f6lcs\u00f6kb\u0151l vagy gabonaf\u00e9l\u00e9kb\u0151l k\u00e9sz\u00fclt ecet, amely-<wbr \/>Sal\u00e1t\u00e1khoz vagy sz\u00f3szokhoz adva szint\u00e9n nagyon j\u00f3 lehet a haj t\u00e1pl\u00e1l\u00e1s\u00e1ra \u00e9s a korp\u00e1sod\u00e1s megsz\u00fcntet\u00e9s\u00e9re, ha v\u00edzzel h\u00edg\u00edtott ecetet \u00f6nt\u00fcnk a hajra, ami-<wbr \/>30 percig hagyjuk dolgozni. Hajsz\u00e1r\u00edt\u00e1s ut\u00e1n az ecet szaga elt\u0171nik.<\/p><h2><span style=\"color: #3366ff;\"><strong>R\u00f3zsav\u00edz<img decoding=\"async\" class=\"size-medium wp-image-2858 alignleft\" src=\"https:\/\/amnromania.ro\/wp-content\/uploads\/2020\/11\/ingrijirea-pielii-300x225.jpg\" alt=\"\" width=\"300\" height=\"225\" srcset=\"https:\/\/amnromania.ro\/wp-content\/uploads\/2020\/11\/ingrijirea-pielii-300x225.jpg 300w, https:\/\/amnromania.ro\/wp-content\/uploads\/2020\/11\/ingrijirea-pielii-1024x768.jpg 1024w, https:\/\/amnromania.ro\/wp-content\/uploads\/2020\/11\/ingrijirea-pielii-768x576.jpg 768w, https:\/\/amnromania.ro\/wp-content\/uploads\/2020\/11\/ingrijirea-pielii-1536x1152.jpg 1536w, https:\/\/amnromania.ro\/wp-content\/uploads\/2020\/11\/ingrijirea-pielii-2048x1536.jpg 2048w\" sizes=\"(max-width: 300px) 100vw, 300px\" \/><\/strong><\/span><\/h2><p class=\"Text2\">Ha a mandulatejet m\u00e9zzel \u00e9s r\u00f3zsav\u00edzzel k\u00e9sz\u00edtj\u00fck el, r\u00f3zsav\u00edzzel gy\u00f6ny\u00f6rk\u00f6dtethetj\u00fck arcb\u0151r\u00fcnket, \u00e9s h\u0171s\u00edthetj\u00fck \u00e9s megnyugtathatjuk szem\u00fcnket, ha a szemh\u00e9jra kenj\u00fck.<\/p><p class=\"Text2\">Ez csak n\u00e9h\u00e1ny \u00f6tlet a b\u0151r \u00e9s a haj, s\u0151t az eg\u00e9sz test t\u00e1pl\u00e1l\u00e1s\u00e1ra, amit az \u00e9telk\u00e9sz\u00edt\u00e9s ideje alatt meg is tesz\u00fcnk. Mindenki k\u00e9pes lesz inspir\u00e1l\u00f3dni a megfelel\u0151 alapanyagok haszn\u00e1lat\u00e1ra, \u00e9s nem fog megfeledkezni a haszn\u00e1latukr\u00f3l, mert a mindennapi t\u00e1pl\u00e1lkoz\u00e1s \u00e9s \u00e9telk\u00e9sz\u00edt\u00e9s h\u00e9tk\u00f6znapi aktus\u00e1t \u00f6sszekapcsolja a test k\u00fcls\u0151 r\u00e9sz\u00e9nek, a b\u0151rnek az egyidej\u0171 t\u00e1pl\u00e1l\u00e1s\u00e1val, amelyet az Ayurv\u00e9d\u00e1ban a l\u00e9ny m\u00e1sodik v\u00e9delmi vonal\u00e1nak tartanak.<\/p>\t\t\t\t\t\t\t\t<\/div>\n\t\t\t\t<\/div>\n\t\t\t\t\t<\/div>\n\t\t<\/div>\n\t\t\t\t\t<\/div>\n\t\t<\/section>\n\t\t\t\t<\/div>","protected":false},"excerpt":{"rendered":"<p>Hogyan t\u00e1pl\u00e1ljuk b\u0151r\u00fcnket eg\u00e9szs\u00e9gesen az \u00e9telek elk\u00e9sz\u00edt\u00e9sekor Nina Marin, ayurveda el\u0151ad\u00f3, Kolozsv\u00e1r Sz\u00e1raz b\u0151r Az \u00e9vezredes ayurv\u00e9dikus hagyom\u00e1ny azt tan\u00edtja, hogy a fiatals\u00e1g elm\u00fal\u00e1sa ut\u00e1n \u00e9s az \u00f6regkor fel\u00e9 haladva, f\u00fcggetlen\u00fcl att\u00f3l, hogy milyen konstit\u00faci\u00f3s t\u00edpus jellemez minket, a legt\u00f6bb embern\u00e9l t\u00falzottan \u00e9s diszharmonikusan n\u00f6vekszik az egyik [...]<\/p>","protected":false},"author":1,"featured_media":0,"parent":3226,"menu_order":0,"comment_status":"closed","ping_status":"closed","template":"","meta":{"_mi_skip_tracking":false,"_analytify_skip_tracking":false,"footnotes":""},"class_list":["post-2665","page","type-page","status-publish","hentry"],"aioseo_notices":[],"aioseo_head":"\n\t\t<!-- All in One SEO Pro 4.7.0 - aioseo.com -->\n\t\t<meta name=\"description\" content=\"Atunci c\u00e2nd ne prepar\u0103m la blender o b\u0103utur\u0103 \u00een care punem \u0219i gel de aloe vera, dup\u0103 ce am t\u0103iat frunza de aloe \u0219i am extras gelul, putem s\u0103 punem pe fa\u021b\u0103 restul de gel care a r\u0103mas pe frunze \u0219i astfel, \u00een timpul \u00een care noi prepar\u0103m hrana, ne hr\u0103nim \u0219i pielea.\" \/>\n\t\t<meta name=\"robots\" content=\"max-image-preview:large\" \/>\n\t\t<meta name=\"google-site-verification\" content=\"G-391X30D2FS\" \/>\n\t\t<link rel=\"canonical\" href=\"https:\/\/amnromania.ro\/hu\/mezok\/dermoterapia\/etetes-bor\/\" \/>\n\t\t<meta name=\"generator\" content=\"All in One SEO Pro (AIOSEO) 4.7.0\" \/>\n\t\t<meta property=\"og:locale\" content=\"hu_HU\" \/>\n\t\t<meta property=\"og:site_name\" content=\"AMN Ayurveda ROM\u00c2NIA | Asociatia Nationala pentru Promovarea Medicinelor Neconventionale\" \/>\n\t\t<meta property=\"og:type\" content=\"article\" \/>\n\t\t<meta property=\"og:title\" content=\"Hranirea pielii | AMN Ayurveda ROM\u00c2NIA\" \/>\n\t\t<meta property=\"og:description\" content=\"Atunci c\u00e2nd ne prepar\u0103m la blender o b\u0103utur\u0103 \u00een care punem \u0219i gel de aloe vera, dup\u0103 ce am t\u0103iat frunza de aloe \u0219i am extras gelul, putem s\u0103 punem pe fa\u021b\u0103 restul de gel care a r\u0103mas pe frunze \u0219i astfel, \u00een timpul \u00een care noi prepar\u0103m hrana, ne hr\u0103nim \u0219i pielea.\" \/>\n\t\t<meta property=\"og:url\" content=\"https:\/\/amnromania.ro\/hu\/mezok\/dermoterapia\/etetes-bor\/\" \/>\n\t\t<meta property=\"og:image\" content=\"https:\/\/amnromania.ro\/ynorsyju\/2021\/06\/Ayurveda-in-Romania-Vol.-2-Ro.jpg\" \/>\n\t\t<meta property=\"og:image:secure_url\" content=\"https:\/\/amnromania.ro\/ynorsyju\/2021\/06\/Ayurveda-in-Romania-Vol.-2-Ro.jpg\" \/>\n\t\t<meta property=\"article:published_time\" content=\"2020-11-06T09:09:53+00:00\" \/>\n\t\t<meta property=\"article:modified_time\" content=\"2020-11-12T07:00:45+00:00\" \/>\n\t\t<meta property=\"article:publisher\" content=\"https:\/\/www.facebook.com\/AMNRomania\" \/>\n\t\t<script type=\"application\/ld+json\" class=\"aioseo-schema\">\n\t\t\t{\"@context\":\"https:\\\/\\\/schema.org\",\"@graph\":[{\"@type\":\"BreadcrumbList\",\"@id\":\"https:\\\/\\\/amnromania.ro\\\/hu\\\/mezok\\\/dermoterapia\\\/etetes-bor\\\/#breadcrumblist\",\"itemListElement\":[{\"@type\":\"ListItem\",\"@id\":\"https:\\\/\\\/amnromania.ro\\\/hu\\\/#listItem\",\"position\":1,\"name\":\"Home\",\"item\":\"https:\\\/\\\/amnromania.ro\\\/hu\\\/\",\"nextItem\":\"https:\\\/\\\/amnromania.ro\\\/hu\\\/mezok\\\/#listItem\"},{\"@type\":\"ListItem\",\"@id\":\"https:\\\/\\\/amnromania.ro\\\/hu\\\/mezok\\\/#listItem\",\"position\":2,\"name\":\"Domenii\",\"item\":\"https:\\\/\\\/amnromania.ro\\\/hu\\\/mezok\\\/\",\"nextItem\":\"https:\\\/\\\/amnromania.ro\\\/hu\\\/mezok\\\/dermoterapia\\\/#listItem\",\"previousItem\":\"https:\\\/\\\/amnromania.ro\\\/hu\\\/#listItem\"},{\"@type\":\"ListItem\",\"@id\":\"https:\\\/\\\/amnromania.ro\\\/hu\\\/mezok\\\/dermoterapia\\\/#listItem\",\"position\":3,\"name\":\"Dermoterapie\",\"item\":\"https:\\\/\\\/amnromania.ro\\\/hu\\\/mezok\\\/dermoterapia\\\/\",\"nextItem\":\"https:\\\/\\\/amnromania.ro\\\/hu\\\/mezok\\\/dermoterapia\\\/etetes-bor\\\/#listItem\",\"previousItem\":\"https:\\\/\\\/amnromania.ro\\\/hu\\\/mezok\\\/#listItem\"},{\"@type\":\"ListItem\",\"@id\":\"https:\\\/\\\/amnromania.ro\\\/hu\\\/mezok\\\/dermoterapia\\\/etetes-bor\\\/#listItem\",\"position\":4,\"name\":\"Hranirea pielii\",\"previousItem\":\"https:\\\/\\\/amnromania.ro\\\/hu\\\/mezok\\\/dermoterapia\\\/#listItem\"}]},{\"@type\":\"Organization\",\"@id\":\"https:\\\/\\\/amnromania.ro\\\/hu\\\/#organization\",\"name\":\"AMN Ayurveda Romania\",\"url\":\"https:\\\/\\\/amnromania.ro\\\/hu\\\/\",\"logo\":{\"@type\":\"ImageObject\",\"url\":\"https:\\\/\\\/amnromania.ro\\\/ynorsyju\\\/2020\\\/10\\\/amn.png\",\"@id\":\"https:\\\/\\\/amnromania.ro\\\/hu\\\/mezok\\\/dermoterapia\\\/etetes-bor\\\/#organizationLogo\"},\"image\":{\"@id\":\"https:\\\/\\\/amnromania.ro\\\/hu\\\/mezok\\\/dermoterapia\\\/etetes-bor\\\/#organizationLogo\"},\"sameAs\":[\"https:\\\/\\\/www.facebook.com\\\/AMNRomania\",\"https:\\\/\\\/www.youtube.com\\\/channel\\\/UClfqKxiq_uZ11rthDIT3-BQ\\\/videos\"]},{\"@type\":\"WebPage\",\"@id\":\"https:\\\/\\\/amnromania.ro\\\/hu\\\/mezok\\\/dermoterapia\\\/etetes-bor\\\/#webpage\",\"url\":\"https:\\\/\\\/amnromania.ro\\\/hu\\\/mezok\\\/dermoterapia\\\/etetes-bor\\\/\",\"name\":\"Hranirea pielii | AMN Ayurveda ROM\\u00c2NIA\",\"description\":\"Atunci c\\u00e2nd ne prepar\\u0103m la blender o b\\u0103utur\\u0103 \\u00een care punem \\u0219i gel de aloe vera, dup\\u0103 ce am t\\u0103iat frunza de aloe \\u0219i am extras gelul, putem s\\u0103 punem pe fa\\u021b\\u0103 restul de gel care a r\\u0103mas pe frunze \\u0219i astfel, \\u00een timpul \\u00een care noi prepar\\u0103m hrana, ne hr\\u0103nim \\u0219i pielea.\",\"inLanguage\":\"hu-HU\",\"isPartOf\":{\"@id\":\"https:\\\/\\\/amnromania.ro\\\/hu\\\/#website\"},\"breadcrumb\":{\"@id\":\"https:\\\/\\\/amnromania.ro\\\/hu\\\/mezok\\\/dermoterapia\\\/etetes-bor\\\/#breadcrumblist\"},\"datePublished\":\"2020-11-06T09:09:53+02:00\",\"dateModified\":\"2020-11-12T07:00:45+02:00\"},{\"@type\":\"WebSite\",\"@id\":\"https:\\\/\\\/amnromania.ro\\\/hu\\\/#website\",\"url\":\"https:\\\/\\\/amnromania.ro\\\/hu\\\/\",\"name\":\"AMN Ayurveda ROM\\u00c2NIA\",\"description\":\"Asociatia Nationala pentru Promovarea Medicinelor Neconventionale\",\"inLanguage\":\"hu-HU\",\"publisher\":{\"@id\":\"https:\\\/\\\/amnromania.ro\\\/hu\\\/#organization\"}}]}\n\t\t<\/script>\n\t\t<!-- All in One SEO Pro -->\r\n\t\t<title>Hranirea pielii | AMN Ayurveda ROM\u00c2NIA<\/title>\n\n","aioseo_head_json":{"title":"Hranirea pielii | AMN Ayurveda ROM\u00c2NIA","description":"Atunci c\u00e2nd ne prepar\u0103m la blender o b\u0103utur\u0103 \u00een care punem \u0219i gel de aloe vera, dup\u0103 ce am t\u0103iat frunza de aloe \u0219i am extras gelul, putem s\u0103 punem pe fa\u021b\u0103 restul de gel care a r\u0103mas pe frunze \u0219i astfel, \u00een timpul \u00een care noi prepar\u0103m hrana, ne hr\u0103nim \u0219i pielea.","canonical_url":"https:\/\/amnromania.ro\/hu\/mezok\/dermoterapia\/etetes-bor\/","robots":"max-image-preview:large","keywords":"","webmasterTools":{"google-site-verification":"G-391X30D2FS","miscellaneous":""},"og:locale":"hu_HU","og:site_name":"AMN Ayurveda ROM\u00c2NIA | Asociatia Nationala pentru Promovarea Medicinelor Neconventionale","og:type":"article","og:title":"Hranirea pielii | AMN Ayurveda ROM\u00c2NIA","og:description":"Atunci c\u00e2nd ne prepar\u0103m la blender o b\u0103utur\u0103 \u00een care punem \u0219i gel de aloe vera, dup\u0103 ce am t\u0103iat frunza de aloe \u0219i am extras gelul, putem s\u0103 punem pe fa\u021b\u0103 restul de gel care a r\u0103mas pe frunze \u0219i astfel, \u00een timpul \u00een care noi prepar\u0103m hrana, ne hr\u0103nim \u0219i pielea.","og:url":"https:\/\/amnromania.ro\/hu\/mezok\/dermoterapia\/etetes-bor\/","og:image":"https:\/\/amnromania.ro\/ynorsyju\/2021\/06\/Ayurveda-in-Romania-Vol.-2-Ro.jpg","og:image:secure_url":"https:\/\/amnromania.ro\/ynorsyju\/2021\/06\/Ayurveda-in-Romania-Vol.-2-Ro.jpg","article:published_time":"2020-11-06T09:09:53+00:00","article:modified_time":"2020-11-12T07:00:45+00:00","article:publisher":"https:\/\/www.facebook.com\/AMNRomania","schema":{"@context":"https:\/\/schema.org","@graph":[{"@type":"BreadcrumbList","@id":"https:\/\/amnromania.ro\/hu\/mezok\/dermoterapia\/etetes-bor\/#breadcrumblist","itemListElement":[{"@type":"ListItem","@id":"https:\/\/amnromania.ro\/hu\/#listItem","position":1,"name":"Home","item":"https:\/\/amnromania.ro\/hu\/","nextItem":"https:\/\/amnromania.ro\/hu\/mezok\/#listItem"},{"@type":"ListItem","@id":"https:\/\/amnromania.ro\/hu\/mezok\/#listItem","position":2,"name":"Domenii","item":"https:\/\/amnromania.ro\/hu\/mezok\/","nextItem":"https:\/\/amnromania.ro\/hu\/mezok\/dermoterapia\/#listItem","previousItem":"https:\/\/amnromania.ro\/hu\/#listItem"},{"@type":"ListItem","@id":"https:\/\/amnromania.ro\/hu\/mezok\/dermoterapia\/#listItem","position":3,"name":"Dermoterapie","item":"https:\/\/amnromania.ro\/hu\/mezok\/dermoterapia\/","nextItem":"https:\/\/amnromania.ro\/hu\/mezok\/dermoterapia\/etetes-bor\/#listItem","previousItem":"https:\/\/amnromania.ro\/hu\/mezok\/#listItem"},{"@type":"ListItem","@id":"https:\/\/amnromania.ro\/hu\/mezok\/dermoterapia\/etetes-bor\/#listItem","position":4,"name":"Hranirea pielii","previousItem":"https:\/\/amnromania.ro\/hu\/mezok\/dermoterapia\/#listItem"}]},{"@type":"Organization","@id":"https:\/\/amnromania.ro\/hu\/#organization","name":"AMN Ayurveda Romania","url":"https:\/\/amnromania.ro\/hu\/","logo":{"@type":"ImageObject","url":"https:\/\/amnromania.ro\/ynorsyju\/2020\/10\/amn.png","@id":"https:\/\/amnromania.ro\/hu\/mezok\/dermoterapia\/etetes-bor\/#organizationLogo"},"image":{"@id":"https:\/\/amnromania.ro\/hu\/mezok\/dermoterapia\/etetes-bor\/#organizationLogo"},"sameAs":["https:\/\/www.facebook.com\/AMNRomania","https:\/\/www.youtube.com\/channel\/UClfqKxiq_uZ11rthDIT3-BQ\/videos"]},{"@type":"WebPage","@id":"https:\/\/amnromania.ro\/hu\/mezok\/dermoterapia\/etetes-bor\/#webpage","url":"https:\/\/amnromania.ro\/hu\/mezok\/dermoterapia\/etetes-bor\/","name":"Hranirea pielii | AMN Ayurveda ROM\u00c2NIA","description":"Atunci c\u00e2nd ne prepar\u0103m la blender o b\u0103utur\u0103 \u00een care punem \u0219i gel de aloe vera, dup\u0103 ce am t\u0103iat frunza de aloe \u0219i am extras gelul, putem s\u0103 punem pe fa\u021b\u0103 restul de gel care a r\u0103mas pe frunze \u0219i astfel, \u00een timpul \u00een care noi prepar\u0103m hrana, ne hr\u0103nim \u0219i pielea.","inLanguage":"hu-HU","isPartOf":{"@id":"https:\/\/amnromania.ro\/hu\/#website"},"breadcrumb":{"@id":"https:\/\/amnromania.ro\/hu\/mezok\/dermoterapia\/etetes-bor\/#breadcrumblist"},"datePublished":"2020-11-06T09:09:53+02:00","dateModified":"2020-11-12T07:00:45+02:00"},{"@type":"WebSite","@id":"https:\/\/amnromania.ro\/hu\/#website","url":"https:\/\/amnromania.ro\/hu\/","name":"AMN Ayurveda ROM\u00c2NIA","description":"Asociatia Nationala pentru Promovarea Medicinelor Neconventionale","inLanguage":"hu-HU","publisher":{"@id":"https:\/\/amnromania.ro\/hu\/#organization"}}]}},"aioseo_meta_data":{"post_id":"2665","title":null,"description":"Atunci c\u00e2nd ne prepar\u0103m la blender o b\u0103utur\u0103 \u00een care punem \u0219i gel de aloe vera, dup\u0103 ce am t\u0103iat frunza de aloe \u0219i am extras gelul, putem s\u0103 punem pe fa\u021b\u0103 restul de gel care a r\u0103mas pe frunze \u0219i astfel, \u00een timpul \u00een care noi prepar\u0103m hrana, ne hr\u0103nim \u0219i pielea.","keywords":null,"keyphrases":null,"primary_term":null,"canonical_url":null,"og_title":null,"og_description":null,"og_object_type":"default","og_image_type":"default","og_image_url":null,"og_image_width":null,"og_image_height":null,"og_image_custom_url":null,"og_image_custom_fields":null,"og_video":null,"og_custom_url":null,"og_article_section":null,"og_article_tags":null,"twitter_use_og":false,"twitter_card":"default","twitter_image_type":"default","twitter_image_url":null,"twitter_image_custom_url":null,"twitter_image_custom_fields":null,"twitter_title":null,"twitter_description":null,"schema":{"blockGraphs":[],"customGraphs":[],"default":{"data":{"Article":[],"Course":[],"Dataset":[],"FAQPage":[],"Movie":[],"Person":[],"Product":[],"Recipe":[],"Service":[],"SoftwareApplication":[],"WebPage":[]},"graphName":"WebPage","isEnabled":true},"graphs":[]},"schema_type":null,"schema_type_options":null,"pillar_content":false,"robots_default":true,"robots_noindex":false,"robots_noarchive":false,"robots_nosnippet":false,"robots_nofollow":false,"robots_noimageindex":false,"robots_noodp":false,"robots_notranslate":false,"robots_max_snippet":null,"robots_max_videopreview":null,"robots_max_imagepreview":"large","priority":null,"frequency":null,"local_seo":null,"limit_modified_date":false,"open_ai":null,"created":"2020-12-21 07:24:50","updated":"2024-01-28 10:46:32"},"aioseo_breadcrumb":"<div class=\"aioseo-breadcrumbs\"><span class=\"aioseo-breadcrumb\">\n\t<a href=\"https:\/\/amnromania.ro\/hu\" title=\"Home\">Home<\/a>\n<\/span><span class=\"aioseo-breadcrumb-separator\">&raquo;<\/span><span class=\"aioseo-breadcrumb\">\n\t<a href=\"https:\/\/amnromania.ro\/hu\/mezok\/\" title=\"Domenii\">Domenii<\/a>\n<\/span><span class=\"aioseo-breadcrumb-separator\">&raquo;<\/span><span class=\"aioseo-breadcrumb\">\n\t<a href=\"https:\/\/amnromania.ro\/hu\/mezok\/dermoterapia\/\" title=\"Dermoterapie\">Dermoterapie<\/a>\n<\/span><span class=\"aioseo-breadcrumb-separator\">&raquo;<\/span><span class=\"aioseo-breadcrumb\">\n\tHranirea pielii\n<\/span><\/div>","aioseo_breadcrumb_json":[{"label":"Home","link":"https:\/\/amnromania.ro\/hu"},{"label":"Domenii","link":"https:\/\/amnromania.ro\/hu\/mezok\/"},{"label":"Dermoterapie","link":"https:\/\/amnromania.ro\/hu\/mezok\/dermoterapia\/"},{"label":"Hranirea pielii","link":"https:\/\/amnromania.ro\/hu\/mezok\/dermoterapia\/etetes-bor\/"}],"_links":{"self":[{"href":"https:\/\/amnromania.ro\/hu\/wp-json\/wp\/v2\/pages\/2665","targetHints":{"allow":["GET"]}}],"collection":[{"href":"https:\/\/amnromania.ro\/hu\/wp-json\/wp\/v2\/pages"}],"about":[{"href":"https:\/\/amnromania.ro\/hu\/wp-json\/wp\/v2\/types\/page"}],"author":[{"embeddable":true,"href":"https:\/\/amnromania.ro\/hu\/wp-json\/wp\/v2\/users\/1"}],"replies":[{"embeddable":true,"href":"https:\/\/amnromania.ro\/hu\/wp-json\/wp\/v2\/comments?post=2665"}],"version-history":[{"count":0,"href":"https:\/\/amnromania.ro\/hu\/wp-json\/wp\/v2\/pages\/2665\/revisions"}],"up":[{"embeddable":true,"href":"https:\/\/amnromania.ro\/hu\/wp-json\/wp\/v2\/pages\/3226"}],"wp:attachment":[{"href":"https:\/\/amnromania.ro\/hu\/wp-json\/wp\/v2\/media?parent=2665"}],"curies":[{"name":"wp","href":"https:\/\/api.w.org\/{rel}","templated":true}]}}