{"id":1668,"date":"2020-11-03T11:34:54","date_gmt":"2020-11-03T11:34:54","guid":{"rendered":"https:\/\/amnromania.ro\/?page_id=1668"},"modified":"2020-11-06T07:56:27","modified_gmt":"2020-11-06T07:56:27","slug":"indra","status":"publish","type":"page","link":"https:\/\/amnromania.ro\/hu\/ayurveda\/dimenzio-ezoterikus\/indra\/","title":{"rendered":"Indra"},"content":{"rendered":"<div data-elementor-type=\"wp-page\" data-elementor-id=\"1668\" class=\"elementor elementor-1668\" data-elementor-post-type=\"page\">\n\t\t\t\t\t\t<section class=\"elementor-section elementor-top-section elementor-element elementor-element-99ee9f1 elementor-section-boxed elementor-section-height-default elementor-section-height-default\" data-id=\"99ee9f1\" data-element_type=\"section\">\n\t\t\t\t\t\t<div class=\"elementor-container elementor-column-gap-default\">\n\t\t\t\t\t<div class=\"elementor-column elementor-col-50 elementor-top-column elementor-element elementor-element-49b325a\" data-id=\"49b325a\" data-element_type=\"column\">\n\t\t\t<div class=\"elementor-widget-wrap elementor-element-populated\">\n\t\t\t\t\t\t<div class=\"elementor-element elementor-element-2b5f38e elementor-nav-menu__align-start elementor-nav-menu__text-align-center elementor-nav-menu--dropdown-tablet elementor-nav-menu--toggle elementor-nav-menu--burger elementor-widget elementor-widget-global elementor-global-2579 elementor-widget-nav-menu\" data-id=\"2b5f38e\" data-element_type=\"widget\" data-settings=\"{&quot;layout&quot;:&quot;vertical&quot;,&quot;submenu_icon&quot;:{&quot;value&quot;:&quot;fas fa-chevron-down&quot;,&quot;library&quot;:&quot;fa-solid&quot;},&quot;toggle&quot;:&quot;burger&quot;}\" data-widget_type=\"nav-menu.default\">\n\t\t\t\t<div class=\"elementor-widget-container\">\n\t\t\t\t\t\t\t\t<nav aria-label=\"Men\u00fc\" class=\"elementor-nav-menu--main elementor-nav-menu__container elementor-nav-menu--layout-vertical e--pointer-background e--animation-fade\">\n\t\t\t\t<ul id=\"menu-1-2b5f38e\" class=\"elementor-nav-menu sm-vertical\"><li class=\"menu-item menu-item-type-post_type menu-item-object-page menu-item-2034\"><a href=\"https:\/\/amnromania.ro\/hu\/ayurveda\/dimenzio-ezoterikus\/\" class=\"elementor-item\">Az ezoterikus dimenzi\u00f3<\/a><\/li>\n<li class=\"menu-item menu-item-type-post_type menu-item-object-page menu-item-2026\"><a href=\"https:\/\/amnromania.ro\/hu\/ayurveda\/o-life-boldogsag\/\" class=\"elementor-item\">Boldog \u00e9let<\/a><\/li>\n<li class=\"menu-item menu-item-type-post_type menu-item-object-page menu-item-2027\"><a href=\"https:\/\/amnromania.ro\/hu\/ayurveda\/szepseg-noies\/\" class=\"elementor-item\">N\u0151i sz\u00e9ps\u00e9g<\/a><\/li>\n<li class=\"menu-item menu-item-type-post_type menu-item-object-page menu-item-2028\"><a href=\"https:\/\/amnromania.ro\/hu\/ayurveda\/kiegyensulyozott-taplalkozas-az-ajurvedaban\/\" class=\"elementor-item\">Kiegyens\u00falyozott t\u00e1pl\u00e1lkoz\u00e1s az ayurv\u00e9d\u00e1ban<\/a><\/li>\n<li class=\"menu-item menu-item-type-post_type menu-item-object-page menu-item-2029\"><a href=\"https:\/\/amnromania.ro\/hu\/ayurveda\/natural-foods-and-longevity\/\" class=\"elementor-item\">Term\u00e9szetes t\u00e1pl\u00e1lkoz\u00e1s \u00e9s hossz\u00fa \u00e9let<\/a><\/li>\n<li class=\"menu-item menu-item-type-post_type menu-item-object-page menu-item-2030\"><a href=\"https:\/\/amnromania.ro\/hu\/ayurveda\/ayurveda-es-egeszseg\/\" class=\"elementor-item\">Ayurveda \u00e9s eg\u00e9szs\u00e9g<\/a><\/li>\n<li class=\"menu-item menu-item-type-post_type menu-item-object-page menu-item-2031\"><a href=\"https:\/\/amnromania.ro\/hu\/ayurveda\/ayurveda-gyogyito-rendszer\/\" class=\"elementor-item\">Ayurveda - gy\u00f3gy\u00edt\u00f3 rendszer<\/a><\/li>\n<li class=\"menu-item menu-item-type-post_type menu-item-object-page menu-item-2032\"><a href=\"https:\/\/amnromania.ro\/hu\/ayurveda\/egyediseg-perspektiva-ayurvedikus\/\" class=\"elementor-item\">Az ayurv\u00e9dikus szeml\u00e9let egyedis\u00e9ge<\/a><\/li>\n<li class=\"menu-item menu-item-type-post_type menu-item-object-page menu-item-2033\"><a href=\"https:\/\/amnromania.ro\/hu\/ayurveda\/ayurvedikus-tudas\/\" class=\"elementor-item\">Ayurv\u00e9dikus tud\u00e1s<\/a><\/li>\n<li class=\"menu-item menu-item-type-post_type menu-item-object-page menu-item-2058\"><a href=\"https:\/\/amnromania.ro\/hu\/ayurveda\/how-to\/\" class=\"elementor-item\">Gyakorlati int\u00e9zked\u00e9sek<\/a><\/li>\n<\/ul>\t\t\t<\/nav>\n\t\t\t\t\t<div class=\"elementor-menu-toggle\" role=\"button\" tabindex=\"0\" aria-label=\"Toggle men\u00fc\" aria-expanded=\"false\">\n\t\t\t<i aria-hidden=\"true\" role=\"presentation\" class=\"elementor-menu-toggle__icon--open eicon-menu-bar\"><\/i><i aria-hidden=\"true\" role=\"presentation\" class=\"elementor-menu-toggle__icon--close eicon-close\"><\/i>\t\t<\/div>\n\t\t\t\t\t<nav class=\"elementor-nav-menu--dropdown elementor-nav-menu__container\" aria-hidden=\"true\">\n\t\t\t\t<ul id=\"menu-2-2b5f38e\" class=\"elementor-nav-menu sm-vertical\"><li class=\"menu-item menu-item-type-post_type menu-item-object-page menu-item-2034\"><a href=\"https:\/\/amnromania.ro\/hu\/ayurveda\/dimenzio-ezoterikus\/\" class=\"elementor-item\" tabindex=\"-1\">Az ezoterikus dimenzi\u00f3<\/a><\/li>\n<li class=\"menu-item menu-item-type-post_type menu-item-object-page menu-item-2026\"><a href=\"https:\/\/amnromania.ro\/hu\/ayurveda\/o-life-boldogsag\/\" class=\"elementor-item\" tabindex=\"-1\">Boldog \u00e9let<\/a><\/li>\n<li class=\"menu-item menu-item-type-post_type menu-item-object-page menu-item-2027\"><a href=\"https:\/\/amnromania.ro\/hu\/ayurveda\/szepseg-noies\/\" class=\"elementor-item\" tabindex=\"-1\">N\u0151i sz\u00e9ps\u00e9g<\/a><\/li>\n<li class=\"menu-item menu-item-type-post_type menu-item-object-page menu-item-2028\"><a href=\"https:\/\/amnromania.ro\/hu\/ayurveda\/kiegyensulyozott-taplalkozas-az-ajurvedaban\/\" class=\"elementor-item\" tabindex=\"-1\">Kiegyens\u00falyozott t\u00e1pl\u00e1lkoz\u00e1s az ayurv\u00e9d\u00e1ban<\/a><\/li>\n<li class=\"menu-item menu-item-type-post_type menu-item-object-page menu-item-2029\"><a href=\"https:\/\/amnromania.ro\/hu\/ayurveda\/natural-foods-and-longevity\/\" class=\"elementor-item\" tabindex=\"-1\">Term\u00e9szetes t\u00e1pl\u00e1lkoz\u00e1s \u00e9s hossz\u00fa \u00e9let<\/a><\/li>\n<li class=\"menu-item menu-item-type-post_type menu-item-object-page menu-item-2030\"><a href=\"https:\/\/amnromania.ro\/hu\/ayurveda\/ayurveda-es-egeszseg\/\" class=\"elementor-item\" tabindex=\"-1\">Ayurveda \u00e9s eg\u00e9szs\u00e9g<\/a><\/li>\n<li class=\"menu-item menu-item-type-post_type menu-item-object-page menu-item-2031\"><a href=\"https:\/\/amnromania.ro\/hu\/ayurveda\/ayurveda-gyogyito-rendszer\/\" class=\"elementor-item\" tabindex=\"-1\">Ayurveda - gy\u00f3gy\u00edt\u00f3 rendszer<\/a><\/li>\n<li class=\"menu-item menu-item-type-post_type menu-item-object-page menu-item-2032\"><a href=\"https:\/\/amnromania.ro\/hu\/ayurveda\/egyediseg-perspektiva-ayurvedikus\/\" class=\"elementor-item\" tabindex=\"-1\">Az ayurv\u00e9dikus szeml\u00e9let egyedis\u00e9ge<\/a><\/li>\n<li class=\"menu-item menu-item-type-post_type menu-item-object-page menu-item-2033\"><a href=\"https:\/\/amnromania.ro\/hu\/ayurveda\/ayurvedikus-tudas\/\" class=\"elementor-item\" tabindex=\"-1\">Ayurv\u00e9dikus tud\u00e1s<\/a><\/li>\n<li class=\"menu-item menu-item-type-post_type menu-item-object-page menu-item-2058\"><a href=\"https:\/\/amnromania.ro\/hu\/ayurveda\/how-to\/\" class=\"elementor-item\" tabindex=\"-1\">Gyakorlati int\u00e9zked\u00e9sek<\/a><\/li>\n<\/ul>\t\t\t<\/nav>\n\t\t\t\t\t\t<\/div>\n\t\t\t\t<\/div>\n\t\t\t\t\t<\/div>\n\t\t<\/div>\n\t\t\t\t<div class=\"elementor-column elementor-col-50 elementor-top-column elementor-element elementor-element-a07ae4e\" data-id=\"a07ae4e\" data-element_type=\"column\">\n\t\t\t<div class=\"elementor-widget-wrap elementor-element-populated\">\n\t\t\t\t\t\t<div class=\"elementor-element elementor-element-aff4081 elementor-widget elementor-widget-image\" data-id=\"aff4081\" data-element_type=\"widget\" data-widget_type=\"image.default\">\n\t\t\t\t<div class=\"elementor-widget-container\">\n\t\t\t\t\t\t\t\t\t\t\t\t\t\t\t\t<a href=\"https:\/\/amnromania.ro\/wp-content\/uploads\/2020\/11\/Indra.jpg\" data-elementor-open-lightbox=\"yes\" data-elementor-lightbox-title=\"Indra\" data-e-action-hash=\"#elementor-action%3Aaction%3Dlightbox%26settings%3DeyJpZCI6MjM5NSwidXJsIjoiaHR0cHM6XC9cL2FtbnJvbWFuaWEucm9cL3dwLWNvbnRlbnRcL3VwbG9hZHNcLzIwMjBcLzExXC9JbmRyYS5qcGcifQ%3D%3D\">\n\t\t\t\t\t\t\t<img fetchpriority=\"high\" decoding=\"async\" width=\"950\" height=\"533\" src=\"https:\/\/amnromania.ro\/wp-content\/uploads\/2020\/11\/Indra.jpg\" class=\"attachment-full size-full wp-image-2395\" alt=\"\" srcset=\"https:\/\/amnromania.ro\/wp-content\/uploads\/2020\/11\/Indra.jpg 950w, https:\/\/amnromania.ro\/wp-content\/uploads\/2020\/11\/Indra-300x168.jpg 300w, https:\/\/amnromania.ro\/wp-content\/uploads\/2020\/11\/Indra-768x431.jpg 768w\" sizes=\"(max-width: 950px) 100vw, 950px\" \/>\t\t\t\t\t\t\t\t<\/a>\n\t\t\t\t\t\t\t\t\t\t\t\t\t\t\t<\/div>\n\t\t\t\t<\/div>\n\t\t\t\t<div class=\"elementor-element elementor-element-a496e3c elementor-widget elementor-widget-text-editor\" data-id=\"a496e3c\" data-element_type=\"widget\" data-widget_type=\"text-editor.default\">\n\t\t\t\t<div class=\"elementor-widget-container\">\n\t\t\t\t\t\t\t\t\t<h1>\u00a0<\/h1><h1 style=\"text-align: center;\"><span style=\"color: #0000ff;\"><b>A NAGY ISTEN TUDATI SZF\u00c9R\u00c1J\u00c1NAK MEGHAT\u00c1ROZ\u00d3 ASPEKTUSAI\u00a0<span class=\"C-13\">INDRA<\/span><\/b><\/span><\/h1><p>\u00a0<\/p><p class=\"Text2\">Az \u0151si ayurv\u00e9dikus hagyom\u00e1ny szerint a Nagy Isten<span class=\"C-14\">\u00a0Indra<\/span>\u00a0az \u00e9gi energi\u00e1k \u00e9s a t\u00e9r szubtilis szf\u00e9r\u00e1j\u00e1nak isteni Urak\u00e9nt ismert.<\/p><p class=\"Text2\">A Nagy Isten\u00a0<span class=\"C-14\">Indra<\/span>\u00a0a keleti spiritu\u00e1lis hagyom\u00e1nyban az istenek urak\u00e9nt \u00e9s a spiritu\u00e1lis \u00fat tan\u00edtv\u00e1nyainak v\u00e9delmez\u0151jek\u00e9nt ismert.<\/p><p class=\"Text2\">A Nagy Isten\u00a0<span class=\"C-14\">Indra<\/span>\u00a0p\u00e9ldamutat\u00f3 l\u00e9ny, tele b\u00e1tors\u00e1ggal, vakmer\u0151s\u00e9ggel \u00e9s h\u0151siess\u00e9ggel. Az ayurv\u00e9dikus hagyom\u00e1ny szerint a Nagy Isten\u00a0<span class=\"C-14\">Indra<\/span>\u00a0p\u00e1ratlan \u00e9leter\u0151vel \u00e9s a j\u00f3t\u00e9kony hat\u00e1s nagy erej\u00e9vel van felruh\u00e1zva. Az \u0151 tisztelet\u00e9re\u00a0<span class=\"C-14\">Indra<\/span>az indiai szent m\u0171vekben, a\u00a0<span class=\"C-14\">L\u00e1sd<\/span>&#8211;<wbr \/>e, sz\u00e1mos himnuszt szenteltek, t\u00f6bbet, mint az \u00f6sszes t\u00f6bbi isten tisztelet\u00e9re, kiv\u00e9ve a Nagy Istent.\u00a0<span class=\"C-14\">Agni<\/span>.<\/p><p class=\"Text2\">A Nagy Istenr\u0151l\u00a0<span class=\"C-14\">Indra<\/span>\u00a0azt \u00e1ll\u00edtj\u00e1k, hogy b\u00e1rmilyen form\u00e1t felvehet, amit csak akar, \u00e9s ez az, ami\u00e9rt a Nagy Isten\u00a0<span class=\"C-14\">Indra<\/span>\u00a0sz\u00e1mos megnyilv\u00e1nul\u00e1si form\u00e1t \u00e9s inkarn\u00e1ci\u00f3t tulajdon\u00edtanak neki.<\/p><h2><span style=\"color: #0000ff;\"><span class=\"C-16\">A Nagy Istennel kapcsolatos hagyom\u00e1nyos \u00e1br\u00e1zol\u00e1s \u00e9s le\u00edr\u00e1s\u00a0<\/span><span class=\"C-17\">Indra<\/span><\/span><\/h2><p class=\"Text2\">Hagyom\u00e1nyosan a Nagy Isten\u00a0<span class=\"C-14\">Indra<\/span>\u00a0a le\u00edr\u00e1s szerint kiv\u00e9teles l\u00e9ny, akinek f\u00e9nyes, aranysz\u00edn\u0171 b\u0151re \u00e9s rendk\u00edv\u00fcl hossz\u00fa karjai vannak.\u00a0<span class=\"C-14\">Indra<\/span>\u00a0bek\u00f6lt\u00f6zik<wbr \/>egy f\u00e9nyes, aranysz\u00edn\u0171 hint\u00f3, amelyet k\u00e9t fekete l\u00f3 h\u00fazott, s\u00f6r\u00e9ny\u00fcket hull\u00e1mz\u00f3 s\u00f6r\u00e9nnyel.\u00a0<span class=\"C-14\">Indra<\/span>\u00a0n\u00e9gykez\u0171nek \u00e1br\u00e1zolj\u00e1k, vill\u00e1mmal felfegyverkezve (<span class=\"C-14\">vajra<\/span>), amelyet egyik kez\u00e9vel a jobb oldal\u00e1n tart.\u00a0<span class=\"C-14\">Indra<\/span>\u00a0szint\u00e9n rendelkezik nyilakkal, egy nagy horoggal (<span class=\"C-14\">ankusha<\/span>) \u00e9s egy hurok, amellyel legy\u0151zi ellenfeleit. India szent \u00edr\u00e1sai (<span class=\"C-14\">purana<\/span>&#8211;<wbr \/>\u0151ket) \u00edrja le\u00a0<span class=\"C-14\">Indra<\/span>\u00a0fiatalemberk\u00e9nt, n\u00e9ha feh\u00e9r lovon, n\u00e9ha elef\u00e1nton lovagolva, jobb kez\u00e9ben vill\u00e1mot tartva.<\/p><p class=\"Text2\">\u00d6r\u00f6kk\u00e9 fiatal,\u00a0<span class=\"C-14\">Indra<\/span>\u00a0az az \u00e9gi l\u00e9ny, amely megtestes\u00edti a fiatals\u00e1g \u00e9s a h\u0151siess\u00e9g er\u00e9nyeit, valamint az isteni nagylelk\u0171s\u00e9g \u00e9s a t\u00fal\u00e1rad\u00f3, \u00fcd\u00edt\u0151 \u00e9s \u00e9letad\u00f3 \u00e1llapot megnyilv\u00e1nul\u00e1s\u00e1t. N\u00e9ha a hagyom\u00e1nyos \u00e1br\u00e1zol\u00e1sokban,\u00a0<span class=\"C-14\">Indra<\/span>\u00a0a le\u00edr\u00e1s szerint a mellkasa \u00e9s a karjai sok szemmel vannak megjel\u00f6lve (<span class=\"C-14\">akshi<\/span>), \u00edgy a beceneve\u00a0<span class=\"C-14\">Sahasraksha<\/span>, egy kifejez\u00e9s, amely azt jelenti \"<span class=\"C-14\">Aki ezer szemmel van felruh\u00e1zva.<\/span>&#8220;.\u00a0<span class=\"C-14\">Indra<\/span>\u00a0a keleti hagyom\u00e1ny a legfiatalabb istenek egyikek\u00e9nt is le\u00edrja, \u00e9s n\u00e9ha \u00fagy h\u00edvj\u00e1k, hogy\u00a0<span class=\"C-14\">Kanina<\/span>, egy sz\u00f3, amely azt jelenti \"<span class=\"C-14\">Aki mindig fiatalon sz\u00fcletik<\/span>\", \"<span class=\"C-14\">Aki tele van fiatals\u00e1ggal<\/span>\", \"<span class=\"C-14\">Legkisebb<\/span>\" vagy \"<span class=\"C-14\">A Mezin<\/span>&#8220;.\u00a0<span class=\"C-14\">Indra<\/span>\u00a0szuggeszt\u00edven \u00fagy \u00edrj\u00e1k le, mint egy kiv\u00e9teles l\u00e9nyt, aki az \u00e9leter\u0151 \u00e9s a fiatals\u00e1g megtestes\u00edt\u0151je, egy olyan \u00e1llapot, amelyet\u00a0<span class=\"C-14\">Indra<\/span>\u00a0\u00e9s-<wbr \/>\u00fagy tartja fenn, hogy mindig az istenek \u00e9gi ital\u00e1t (<span class=\"C-14\">soma<\/span>).<\/p><h2><span style=\"color: #0000ff;\"><span class=\"C-16\">A Nagy Isten\u00a0<\/span><span class=\"C-18\">Indra<\/span><span class=\"C-16\">\u00a0az ayurv\u00e9dikus hagyom\u00e1nyban<\/span><\/span><\/h2><p class=\"Text2\">Az Ayurveda szent tudom\u00e1ny\u00e1nak \u00e1tad\u00e1s\u00e1t az embereknek a Nagy Isten k\u00f6zvet\u00edtette.\u00a0<span class=\"C-14\">Indra<\/span>.\u00a0<span class=\"C-14\">Indra<\/span>\u00a0az, aki felfedte az embereknek az \u00c9let halhatatlan Szent Tudom\u00e1ny\u00e1t (Ayurveda), amit m\u00e1r az els\u0151 id\u0151k \u00f3ta eml\u00edtenek.\u00a0<span class=\"C-14\">sz\u00fatra<\/span>&#8211;<wbr \/>a j\u00f3l ismert Ayurveda m\u0171\u00a0<span class=\"C-14\">Charaka-<wbr \/>Samhita<\/span>. Ebben az \u00f6sszef\u00fcgg\u00e9sben,\u00a0<span class=\"C-14\">Indra<\/span>\u00a0\u00fagy eml\u00edtik, mint aki az Ayurveda titkos tan\u00edt\u00e1s\u00e1t a k\u00e9t h\u00edres bor\u00e1szt\u00f3l kapta,\u00a0<span class=\"C-14\">Ashvinii<\/span>.\u00a0<span class=\"C-14\">Indra<\/span>\u00a0az \u00c9let Tudom\u00e1nya felbecs\u00fclhetetlen \u00e9rt\u00e9k\u0171 tud\u00e1skincs\u00e9nek \u0151rz\u0151je, \u00e9s ez\u00e9rt van az, hogy\u00a0<span class=\"C-14\">Indra<\/span>\u00a0az, aki, ha buzg\u00f3n h\u00edvj\u00e1k, nagy j\u00f3indulattal v\u00e1laszol, \u00e9s \u00edgy felaj\u00e1nlja isteni t\u00e1mogat\u00e1s\u00e1t.<\/p><p class=\"Text2\">Az Ayurveda munk\u00e1ja\u00a0<span class=\"C-14\">Charaka-<wbr \/>Samhita<\/span>\u00a0\u00e1ll\u00edtja a\u00a0<span class=\"C-14\">Indra<\/span>\u00a0hogy ez \"<span class=\"C-14\">A szenved\u0151 emberek megment\u0151je<\/span>\". Ez\u00e9rt,\u00a0<span class=\"C-14\">Indra<\/span>\u00a0a hossz\u00fa \u00e9letre v\u00e1gy\u00f3 b\u00f6lcsek arra k\u00e9rik, hogy t\u00e1rja fel el\u0151tt\u00fck az Ayurveda titkos tud\u00e1s\u00e1t, amely addig csak az \u00e9gi l\u00e9nyek sz\u00e1m\u00e1ra volt hozz\u00e1f\u00e9rhet\u0151.<\/p><p class=\"Text2\">A Nagy Istenr\u0151l\u00a0<span class=\"C-14\">Indra<\/span>\u00a0\u00e1ll\u00edt\u00f3lag sz\u00e1mos kiv\u00e9teles gy\u00f3gy\u00edt\u00e1st hajtott v\u00e9gre, p\u00e9ld\u00e1ul: t\u00f6r\u00f6tt nyakakat varrt \u00f6ssze v\u00e9rz\u00e9s n\u00e9lk\u00fcl, gy\u00f3gy\u00edtotta a s\u00falyos betegs\u00e9gekben, p\u00e9ld\u00e1ul tuberkul\u00f3zisban szenved\u0151ket s\u00fajt\u00f3 rendk\u00edv\u00fcli devitaliz\u00e1ci\u00f3t \u00e9s fogy\u00f3k\u00far\u00e1s \u00e1llapotokat (<span class=\"C-14\">rajayakshma<\/span>), hajregener\u00e1l\u00e1s kopaszod\u00e1s eset\u00e9n, valamint sz\u00e1mos m\u00e1s betegs\u00e9g gy\u00f3gy\u00edt\u00e1sa.<\/p><p class=\"Text2\">A  oldalr\u00f3l\u00a0<span class=\"C-14\">Indra<\/span>\u00a0\u00e1ll\u00edt\u00f3lag sz\u00e1mos csod\u00e1s gy\u00f3gyul\u00e1st hajtott v\u00e9gre, kiv\u00e9teles t\u00e1mogat\u00e1st ny\u00fajtva az emberek gy\u00f3gy\u00edt\u00e1s\u00e1ban, akiknek\u00a0<span class=\"C-14\">Rig-<wbr \/>L\u00e1sd<\/span>\u00a0\u00e9s r\u00e1mutat a nev\u00fckre, nevezetesen: helyre\u00e1ll\u00edtotta a l\u00e1tv\u00e1ny a\u00a0<span class=\"C-14\">Paravrija<\/span>, l-<wbr \/>seg\u00edtett\u00a0<span class=\"C-14\">Sz\u00e9k<\/span>\u00a0visszanyeri a j\u00e1r\u00e1s k\u00e9pess\u00e9g\u00e9t \u00e9s...<wbr \/>gy\u00f3gy\u00edtott\u00a0<span class=\"C-14\">Apala<\/span>\u00a0s\u00falyos b\u0151rbetegs\u00e9g.<\/p><p class=\"Text2 C-14\">Rig-<wbr \/>L\u00e1sd<span class=\"C-19\">\u00a0k\u00fcl\u00f6n megeml\u00edti a rendk\u00edv\u00fcli k\u00e9pess\u00e9geit\u00a0<\/span>Indra<span class=\"C-19\">\u00a0seb\u00e9szeti ter\u00e1pi\u00e1s beavatkoz\u00e1sokban \u00e9s skorpi\u00f3- vagy k\u00edgy\u00f3mar\u00e1s s\u00falyos eseteinek kezel\u00e9s\u00e9ben.<\/span><\/p><p class=\"Text2\">Az al\u00e1bbi c\u00edm\u0171 tanulm\u00e1nyban\u00a0<span class=\"C-14\">Ayurveda-<wbr \/>Vijnana<\/span>,\u00a0<span class=\"C-14\">Indra<\/span>\u00a0a pszicho- \u00e9s pszichi\u00e1triai betegs\u00e9gek gyors \u00e9s hat\u00e9kony kezel\u00e9s\u00e9nek nagy szak\u00e9rt\u0151jek\u00e9nt \u00edrj\u00e1k le.<wbr \/>ment\u00e1lis, amelynek gy\u00f3gy\u00edt\u00e1s\u00e1ra\u00a0<span class=\"C-14\">Indra<\/span>\u00a0a pszich\u00e9re \u00e9s az elm\u00e9re gy\u00f3gy\u00edt\u00f3 hat\u00e1s\u00fa term\u00e9szetes gy\u00f3gyn\u00f6v\u00e9nyes formul\u00e1k sokas\u00e1g\u00e1t alkalmazza. Sz\u00e1mos ilyen ter\u00e1pi\u00e1s formul\u00e1t tulajdon\u00edtanak a\u00a0<span class=\"C-14\">Indra<\/span>\u00a0\u00e9s m\u00e9g az Ayurveda klasszikus m\u0171veiben is megtal\u00e1lhat\u00f3k, mint p\u00e9ld\u00e1ul a\u00a0<span class=\"C-14\">Charaka-<wbr \/>Samhita<\/span>\u00a0vagy\u00a0<span class=\"C-14\">Sushruta-<wbr \/>Samhita<\/span>.<\/p>\t\t\t\t\t\t\t\t<\/div>\n\t\t\t\t<\/div>\n\t\t\t\t\t<\/div>\n\t\t<\/div>\n\t\t\t\t\t<\/div>\n\t\t<\/section>\n\t\t\t\t<\/div>","protected":false},"excerpt":{"rendered":"<p>\u00a0 INDRA NAGY ISTEN MEGHAT\u00c1ROZ\u00c1SA A NAGY ISTEN MEGHAT\u00c1ROZ\u00c1S\u00c1B\u00d3L Az \u00e9vezredes ayurv\u00e9dikus hagyom\u00e1nyban a Nagy Istent, Indr\u00e1t az \u00e9gi energi\u00e1k \u00e9s a t\u00e9r finom szf\u00e9r\u00e1j\u00e1nak isteni urak\u00e9nt ismerik. A Nagy Indra Isten a keleti spiritu\u00e1lis hagyom\u00e1nyban az Istenek Urak\u00e9nt \u00e9s a spiritu\u00e1lis \u00f6sv\u00e9ny tan\u00edtv\u00e1nyainak v\u00e9delmez\u0151jek\u00e9nt ismert. A Nagy Indra Isten p\u00e9ldamutat\u00f3 l\u00e9ny, tele b\u00e1tors\u00e1ggal, [...]<\/p>","protected":false},"author":1,"featured_media":0,"parent":1999,"menu_order":0,"comment_status":"closed","ping_status":"closed","template":"","meta":{"_mi_skip_tracking":false,"_analytify_skip_tracking":false,"footnotes":""},"class_list":["post-1668","page","type-page","status-publish","hentry"],"aioseo_notices":[],"aioseo_head":"\n\t\t<!-- All in One SEO Pro 4.7.0 - aioseo.com -->\n\t\t<meta name=\"description\" content=\"\u00cen tradi\u021bia milenar\u0103 ayurvedic\u0103, Marele Zeu Indra este cunoscut ca fiind St\u0103p\u00e2nul zeiesc al energiilor celeste \u015fi al sferei subtile a spa\u0163iului.\" \/>\n\t\t<meta name=\"robots\" content=\"max-image-preview:large\" \/>\n\t\t<meta name=\"google-site-verification\" content=\"G-391X30D2FS\" \/>\n\t\t<link rel=\"canonical\" href=\"https:\/\/amnromania.ro\/hu\/ayurveda\/dimenzio-ezoterikus\/indra\/\" \/>\n\t\t<meta name=\"generator\" content=\"All in One SEO Pro (AIOSEO) 4.7.0\" \/>\n\t\t<meta property=\"og:locale\" content=\"hu_HU\" \/>\n\t\t<meta property=\"og:site_name\" content=\"AMN Ayurveda ROM\u00c2NIA | Asociatia Nationala pentru Promovarea Medicinelor Neconventionale\" \/>\n\t\t<meta property=\"og:type\" content=\"article\" \/>\n\t\t<meta property=\"og:title\" content=\"Indra | AMN Ayurveda ROM\u00c2NIA\" \/>\n\t\t<meta property=\"og:description\" content=\"\u00cen tradi\u021bia milenar\u0103 ayurvedic\u0103, Marele Zeu Indra este cunoscut ca fiind St\u0103p\u00e2nul zeiesc al energiilor celeste \u015fi al sferei subtile a spa\u0163iului.\" \/>\n\t\t<meta property=\"og:url\" content=\"https:\/\/amnromania.ro\/hu\/ayurveda\/dimenzio-ezoterikus\/indra\/\" \/>\n\t\t<meta property=\"og:image\" content=\"https:\/\/amnromania.ro\/ynorsyju\/2021\/06\/Ayurveda-in-Romania-Vol.-2-Ro.jpg\" \/>\n\t\t<meta property=\"og:image:secure_url\" content=\"https:\/\/amnromania.ro\/ynorsyju\/2021\/06\/Ayurveda-in-Romania-Vol.-2-Ro.jpg\" \/>\n\t\t<meta property=\"article:published_time\" content=\"2020-11-03T11:34:54+00:00\" \/>\n\t\t<meta property=\"article:modified_time\" content=\"2020-11-06T07:56:27+00:00\" \/>\n\t\t<meta property=\"article:publisher\" content=\"https:\/\/www.facebook.com\/AMNRomania\" \/>\n\t\t<script type=\"application\/ld+json\" class=\"aioseo-schema\">\n\t\t\t{\"@context\":\"https:\\\/\\\/schema.org\",\"@graph\":[{\"@type\":\"BreadcrumbList\",\"@id\":\"https:\\\/\\\/amnromania.ro\\\/hu\\\/ayurveda\\\/dimenzio-ezoterikus\\\/indra\\\/#breadcrumblist\",\"itemListElement\":[{\"@type\":\"ListItem\",\"@id\":\"https:\\\/\\\/amnromania.ro\\\/hu\\\/#listItem\",\"position\":1,\"name\":\"Home\",\"item\":\"https:\\\/\\\/amnromania.ro\\\/hu\\\/\",\"nextItem\":\"https:\\\/\\\/amnromania.ro\\\/hu\\\/ayurveda\\\/#listItem\"},{\"@type\":\"ListItem\",\"@id\":\"https:\\\/\\\/amnromania.ro\\\/hu\\\/ayurveda\\\/#listItem\",\"position\":2,\"name\":\"Ayurveda\",\"item\":\"https:\\\/\\\/amnromania.ro\\\/hu\\\/ayurveda\\\/\",\"nextItem\":\"https:\\\/\\\/amnromania.ro\\\/hu\\\/ayurveda\\\/dimenzio-ezoterikus\\\/#listItem\",\"previousItem\":\"https:\\\/\\\/amnromania.ro\\\/hu\\\/#listItem\"},{\"@type\":\"ListItem\",\"@id\":\"https:\\\/\\\/amnromania.ro\\\/hu\\\/ayurveda\\\/dimenzio-ezoterikus\\\/#listItem\",\"position\":3,\"name\":\"Dimensiunea esoterica\",\"item\":\"https:\\\/\\\/amnromania.ro\\\/hu\\\/ayurveda\\\/dimenzio-ezoterikus\\\/\",\"nextItem\":\"https:\\\/\\\/amnromania.ro\\\/hu\\\/ayurveda\\\/dimenzio-ezoterikus\\\/indra\\\/#listItem\",\"previousItem\":\"https:\\\/\\\/amnromania.ro\\\/hu\\\/ayurveda\\\/#listItem\"},{\"@type\":\"ListItem\",\"@id\":\"https:\\\/\\\/amnromania.ro\\\/hu\\\/ayurveda\\\/dimenzio-ezoterikus\\\/indra\\\/#listItem\",\"position\":4,\"name\":\"Indra\",\"previousItem\":\"https:\\\/\\\/amnromania.ro\\\/hu\\\/ayurveda\\\/dimenzio-ezoterikus\\\/#listItem\"}]},{\"@type\":\"Organization\",\"@id\":\"https:\\\/\\\/amnromania.ro\\\/hu\\\/#organization\",\"name\":\"AMN Ayurveda Romania\",\"url\":\"https:\\\/\\\/amnromania.ro\\\/hu\\\/\",\"logo\":{\"@type\":\"ImageObject\",\"url\":\"https:\\\/\\\/amnromania.ro\\\/ynorsyju\\\/2020\\\/10\\\/amn.png\",\"@id\":\"https:\\\/\\\/amnromania.ro\\\/hu\\\/ayurveda\\\/dimenzio-ezoterikus\\\/indra\\\/#organizationLogo\"},\"image\":{\"@id\":\"https:\\\/\\\/amnromania.ro\\\/hu\\\/ayurveda\\\/dimenzio-ezoterikus\\\/indra\\\/#organizationLogo\"},\"sameAs\":[\"https:\\\/\\\/www.facebook.com\\\/AMNRomania\",\"https:\\\/\\\/www.youtube.com\\\/channel\\\/UClfqKxiq_uZ11rthDIT3-BQ\\\/videos\"]},{\"@type\":\"WebPage\",\"@id\":\"https:\\\/\\\/amnromania.ro\\\/hu\\\/ayurveda\\\/dimenzio-ezoterikus\\\/indra\\\/#webpage\",\"url\":\"https:\\\/\\\/amnromania.ro\\\/hu\\\/ayurveda\\\/dimenzio-ezoterikus\\\/indra\\\/\",\"name\":\"Indra | AMN Ayurveda ROM\\u00c2NIA\",\"description\":\"\\u00cen tradi\\u021bia milenar\\u0103 ayurvedic\\u0103, Marele Zeu Indra este cunoscut ca fiind St\\u0103p\\u00e2nul zeiesc al energiilor celeste \\u015fi al sferei subtile a spa\\u0163iului.\",\"inLanguage\":\"hu-HU\",\"isPartOf\":{\"@id\":\"https:\\\/\\\/amnromania.ro\\\/hu\\\/#website\"},\"breadcrumb\":{\"@id\":\"https:\\\/\\\/amnromania.ro\\\/hu\\\/ayurveda\\\/dimenzio-ezoterikus\\\/indra\\\/#breadcrumblist\"},\"datePublished\":\"2020-11-03T11:34:54+02:00\",\"dateModified\":\"2020-11-06T07:56:27+02:00\"},{\"@type\":\"WebSite\",\"@id\":\"https:\\\/\\\/amnromania.ro\\\/hu\\\/#website\",\"url\":\"https:\\\/\\\/amnromania.ro\\\/hu\\\/\",\"name\":\"AMN Ayurveda ROM\\u00c2NIA\",\"description\":\"Asociatia Nationala pentru Promovarea Medicinelor Neconventionale\",\"inLanguage\":\"hu-HU\",\"publisher\":{\"@id\":\"https:\\\/\\\/amnromania.ro\\\/hu\\\/#organization\"}}]}\n\t\t<\/script>\n\t\t<!-- All in One SEO Pro -->\r\n\t\t<title>Indra | AMN Ayurveda ROM\u00c2NIA<\/title>\n\n","aioseo_head_json":{"title":"Indra | AMN Ayurveda ROM\u00c2NIA","description":"\u00cen tradi\u021bia milenar\u0103 ayurvedic\u0103, Marele Zeu Indra este cunoscut ca fiind St\u0103p\u00e2nul zeiesc al energiilor celeste \u015fi al sferei subtile a spa\u0163iului.","canonical_url":"https:\/\/amnromania.ro\/hu\/ayurveda\/dimenzio-ezoterikus\/indra\/","robots":"max-image-preview:large","keywords":"","webmasterTools":{"google-site-verification":"G-391X30D2FS","miscellaneous":""},"og:locale":"hu_HU","og:site_name":"AMN Ayurveda ROM\u00c2NIA | Asociatia Nationala pentru Promovarea Medicinelor Neconventionale","og:type":"article","og:title":"Indra | AMN Ayurveda ROM\u00c2NIA","og:description":"\u00cen tradi\u021bia milenar\u0103 ayurvedic\u0103, Marele Zeu Indra este cunoscut ca fiind St\u0103p\u00e2nul zeiesc al energiilor celeste \u015fi al sferei subtile a spa\u0163iului.","og:url":"https:\/\/amnromania.ro\/hu\/ayurveda\/dimenzio-ezoterikus\/indra\/","og:image":"https:\/\/amnromania.ro\/ynorsyju\/2021\/06\/Ayurveda-in-Romania-Vol.-2-Ro.jpg","og:image:secure_url":"https:\/\/amnromania.ro\/ynorsyju\/2021\/06\/Ayurveda-in-Romania-Vol.-2-Ro.jpg","article:published_time":"2020-11-03T11:34:54+00:00","article:modified_time":"2020-11-06T07:56:27+00:00","article:publisher":"https:\/\/www.facebook.com\/AMNRomania","schema":{"@context":"https:\/\/schema.org","@graph":[{"@type":"BreadcrumbList","@id":"https:\/\/amnromania.ro\/hu\/ayurveda\/dimenzio-ezoterikus\/indra\/#breadcrumblist","itemListElement":[{"@type":"ListItem","@id":"https:\/\/amnromania.ro\/hu\/#listItem","position":1,"name":"Home","item":"https:\/\/amnromania.ro\/hu\/","nextItem":"https:\/\/amnromania.ro\/hu\/ayurveda\/#listItem"},{"@type":"ListItem","@id":"https:\/\/amnromania.ro\/hu\/ayurveda\/#listItem","position":2,"name":"Ayurveda","item":"https:\/\/amnromania.ro\/hu\/ayurveda\/","nextItem":"https:\/\/amnromania.ro\/hu\/ayurveda\/dimenzio-ezoterikus\/#listItem","previousItem":"https:\/\/amnromania.ro\/hu\/#listItem"},{"@type":"ListItem","@id":"https:\/\/amnromania.ro\/hu\/ayurveda\/dimenzio-ezoterikus\/#listItem","position":3,"name":"Dimensiunea esoterica","item":"https:\/\/amnromania.ro\/hu\/ayurveda\/dimenzio-ezoterikus\/","nextItem":"https:\/\/amnromania.ro\/hu\/ayurveda\/dimenzio-ezoterikus\/indra\/#listItem","previousItem":"https:\/\/amnromania.ro\/hu\/ayurveda\/#listItem"},{"@type":"ListItem","@id":"https:\/\/amnromania.ro\/hu\/ayurveda\/dimenzio-ezoterikus\/indra\/#listItem","position":4,"name":"Indra","previousItem":"https:\/\/amnromania.ro\/hu\/ayurveda\/dimenzio-ezoterikus\/#listItem"}]},{"@type":"Organization","@id":"https:\/\/amnromania.ro\/hu\/#organization","name":"AMN Ayurveda Romania","url":"https:\/\/amnromania.ro\/hu\/","logo":{"@type":"ImageObject","url":"https:\/\/amnromania.ro\/ynorsyju\/2020\/10\/amn.png","@id":"https:\/\/amnromania.ro\/hu\/ayurveda\/dimenzio-ezoterikus\/indra\/#organizationLogo"},"image":{"@id":"https:\/\/amnromania.ro\/hu\/ayurveda\/dimenzio-ezoterikus\/indra\/#organizationLogo"},"sameAs":["https:\/\/www.facebook.com\/AMNRomania","https:\/\/www.youtube.com\/channel\/UClfqKxiq_uZ11rthDIT3-BQ\/videos"]},{"@type":"WebPage","@id":"https:\/\/amnromania.ro\/hu\/ayurveda\/dimenzio-ezoterikus\/indra\/#webpage","url":"https:\/\/amnromania.ro\/hu\/ayurveda\/dimenzio-ezoterikus\/indra\/","name":"Indra | AMN Ayurveda ROM\u00c2NIA","description":"\u00cen tradi\u021bia milenar\u0103 ayurvedic\u0103, Marele Zeu Indra este cunoscut ca fiind St\u0103p\u00e2nul zeiesc al energiilor celeste \u015fi al sferei subtile a spa\u0163iului.","inLanguage":"hu-HU","isPartOf":{"@id":"https:\/\/amnromania.ro\/hu\/#website"},"breadcrumb":{"@id":"https:\/\/amnromania.ro\/hu\/ayurveda\/dimenzio-ezoterikus\/indra\/#breadcrumblist"},"datePublished":"2020-11-03T11:34:54+02:00","dateModified":"2020-11-06T07:56:27+02:00"},{"@type":"WebSite","@id":"https:\/\/amnromania.ro\/hu\/#website","url":"https:\/\/amnromania.ro\/hu\/","name":"AMN Ayurveda ROM\u00c2NIA","description":"Asociatia Nationala pentru Promovarea Medicinelor Neconventionale","inLanguage":"hu-HU","publisher":{"@id":"https:\/\/amnromania.ro\/hu\/#organization"}}]}},"aioseo_meta_data":{"post_id":"1668","title":null,"description":"\u00cen tradi\u021bia milenar\u0103 ayurvedic\u0103, Marele Zeu Indra este cunoscut ca fiind St\u0103p\u00e2nul zeiesc al energiilor celeste \u015fi al sferei subtile a spa\u0163iului.","keywords":null,"keyphrases":null,"primary_term":null,"canonical_url":null,"og_title":null,"og_description":null,"og_object_type":"default","og_image_type":"default","og_image_url":null,"og_image_width":null,"og_image_height":null,"og_image_custom_url":null,"og_image_custom_fields":null,"og_video":null,"og_custom_url":null,"og_article_section":null,"og_article_tags":null,"twitter_use_og":false,"twitter_card":"default","twitter_image_type":"default","twitter_image_url":null,"twitter_image_custom_url":null,"twitter_image_custom_fields":null,"twitter_title":null,"twitter_description":null,"schema":{"blockGraphs":[],"customGraphs":[],"default":{"data":{"Article":[],"Course":[],"Dataset":[],"FAQPage":[],"Movie":[],"Person":[],"Product":[],"Recipe":[],"Service":[],"SoftwareApplication":[],"WebPage":[]},"graphName":"WebPage","isEnabled":true},"graphs":[]},"schema_type":null,"schema_type_options":null,"pillar_content":false,"robots_default":true,"robots_noindex":false,"robots_noarchive":false,"robots_nosnippet":false,"robots_nofollow":false,"robots_noimageindex":false,"robots_noodp":false,"robots_notranslate":false,"robots_max_snippet":null,"robots_max_videopreview":null,"robots_max_imagepreview":"large","priority":null,"frequency":null,"local_seo":null,"limit_modified_date":false,"open_ai":null,"created":"2020-12-21 07:26:24","updated":"2024-01-28 10:52:43"},"aioseo_breadcrumb":"<div class=\"aioseo-breadcrumbs\"><span class=\"aioseo-breadcrumb\">\n\t<a href=\"https:\/\/amnromania.ro\/hu\" title=\"Home\">Home<\/a>\n<\/span><span class=\"aioseo-breadcrumb-separator\">&raquo;<\/span><span class=\"aioseo-breadcrumb\">\n\t<a href=\"https:\/\/amnromania.ro\/hu\/ayurveda\/\" title=\"Ayurveda\">Ayurveda<\/a>\n<\/span><span class=\"aioseo-breadcrumb-separator\">&raquo;<\/span><span class=\"aioseo-breadcrumb\">\n\t<a href=\"https:\/\/amnromania.ro\/hu\/ayurveda\/dimenzio-ezoterikus\/\" title=\"Dimensiunea esoterica\">Dimensiunea esoterica<\/a>\n<\/span><span class=\"aioseo-breadcrumb-separator\">&raquo;<\/span><span class=\"aioseo-breadcrumb\">\n\tIndra\n<\/span><\/div>","aioseo_breadcrumb_json":[{"label":"Home","link":"https:\/\/amnromania.ro\/hu"},{"label":"Ayurveda","link":"https:\/\/amnromania.ro\/hu\/ayurveda\/"},{"label":"Dimensiunea esoterica","link":"https:\/\/amnromania.ro\/hu\/ayurveda\/dimenzio-ezoterikus\/"},{"label":"Indra","link":"https:\/\/amnromania.ro\/hu\/ayurveda\/dimenzio-ezoterikus\/indra\/"}],"_links":{"self":[{"href":"https:\/\/amnromania.ro\/hu\/wp-json\/wp\/v2\/pages\/1668","targetHints":{"allow":["GET"]}}],"collection":[{"href":"https:\/\/amnromania.ro\/hu\/wp-json\/wp\/v2\/pages"}],"about":[{"href":"https:\/\/amnromania.ro\/hu\/wp-json\/wp\/v2\/types\/page"}],"author":[{"embeddable":true,"href":"https:\/\/amnromania.ro\/hu\/wp-json\/wp\/v2\/users\/1"}],"replies":[{"embeddable":true,"href":"https:\/\/amnromania.ro\/hu\/wp-json\/wp\/v2\/comments?post=1668"}],"version-history":[{"count":0,"href":"https:\/\/amnromania.ro\/hu\/wp-json\/wp\/v2\/pages\/1668\/revisions"}],"up":[{"embeddable":true,"href":"https:\/\/amnromania.ro\/hu\/wp-json\/wp\/v2\/pages\/1999"}],"wp:attachment":[{"href":"https:\/\/amnromania.ro\/hu\/wp-json\/wp\/v2\/media?parent=1668"}],"curies":[{"name":"wp","href":"https:\/\/api.w.org\/{rel}","templated":true}]}}