{"id":11858,"date":"2024-01-23T21:19:04","date_gmt":"2024-01-23T19:19:04","guid":{"rendered":"https:\/\/amnromania.ro\/?page_id=11858"},"modified":"2024-01-25T21:59:02","modified_gmt":"2024-01-25T19:59:02","slug":"india-nap-2023","status":"publish","type":"page","link":"https:\/\/amnromania.ro\/hu\/india-nap-2023\/","title":{"rendered":"India K\u00f6zt\u00e1rsas\u00e1g napja 2023"},"content":{"rendered":"<div data-elementor-type=\"wp-page\" data-elementor-id=\"11858\" class=\"elementor elementor-11858\" data-elementor-post-type=\"page\">\n\t\t\t\t\t\t<section class=\"elementor-section elementor-top-section elementor-element elementor-element-717c92a elementor-section-boxed elementor-section-height-default elementor-section-height-default\" data-id=\"717c92a\" data-element_type=\"section\">\n\t\t\t\t\t\t<div class=\"elementor-container elementor-column-gap-default\">\n\t\t\t\t\t<div class=\"elementor-column elementor-col-50 elementor-top-column elementor-element elementor-element-c99cd07\" data-id=\"c99cd07\" data-element_type=\"column\">\n\t\t\t<div class=\"elementor-widget-wrap elementor-element-populated\">\n\t\t\t\t\t\t<div class=\"elementor-element elementor-element-aad61b0 elementor-nav-menu__align-start elementor-nav-menu__text-align-center elementor-nav-menu--dropdown-tablet elementor-nav-menu--toggle elementor-nav-menu--burger elementor-widget elementor-widget-global elementor-global-5200 elementor-widget-nav-menu\" data-id=\"aad61b0\" data-element_type=\"widget\" data-settings=\"{&quot;layout&quot;:&quot;vertical&quot;,&quot;submenu_icon&quot;:{&quot;value&quot;:&quot;fas fa-caret-down&quot;,&quot;library&quot;:&quot;fa-solid&quot;},&quot;toggle&quot;:&quot;burger&quot;}\" data-widget_type=\"nav-menu.default\">\n\t\t\t\t<div class=\"elementor-widget-container\">\n\t\t\t\t\t\t\t\t<nav aria-label=\"Men\u00fc\" class=\"elementor-nav-menu--main elementor-nav-menu__container elementor-nav-menu--layout-vertical e--pointer-background e--animation-fade\">\n\t\t\t\t<ul id=\"menu-1-aad61b0\" class=\"elementor-nav-menu sm-vertical\"><li class=\"menu-item menu-item-type-post_type menu-item-object-page menu-item-6419\"><a href=\"https:\/\/amnromania.ro\/hu\/day-ayurveda\/\" class=\"elementor-item\">Ayurveda nap<\/a><\/li>\n<li class=\"menu-item menu-item-type-post_type menu-item-object-page menu-item-11894\"><a href=\"https:\/\/amnromania.ro\/hu\/eloadasok\/\" class=\"elementor-item\">El\u0151ad\u00e1sok<\/a><\/li>\n<li class=\"menu-item menu-item-type-post_type menu-item-object-page menu-item-11880\"><a href=\"https:\/\/amnromania.ro\/hu\/unnepsegek\/\" class=\"elementor-item\">\u00dcnneps\u00e9gek<\/a><\/li>\n<li class=\"menu-item menu-item-type-post_type menu-item-object-page menu-item-11893\"><a href=\"https:\/\/amnromania.ro\/hu\/konferenciak\/\" class=\"elementor-item\">Konferenci\u00e1k<\/a><\/li>\n<\/ul>\t\t\t<\/nav>\n\t\t\t\t\t<div class=\"elementor-menu-toggle\" role=\"button\" tabindex=\"0\" aria-label=\"Toggle men\u00fc\" aria-expanded=\"false\">\n\t\t\t<i aria-hidden=\"true\" role=\"presentation\" class=\"elementor-menu-toggle__icon--open eicon-menu-bar\"><\/i><i aria-hidden=\"true\" role=\"presentation\" class=\"elementor-menu-toggle__icon--close eicon-close\"><\/i>\t\t<\/div>\n\t\t\t\t\t<nav class=\"elementor-nav-menu--dropdown elementor-nav-menu__container\" aria-hidden=\"true\">\n\t\t\t\t<ul id=\"menu-2-aad61b0\" class=\"elementor-nav-menu sm-vertical\"><li class=\"menu-item menu-item-type-post_type menu-item-object-page menu-item-6419\"><a href=\"https:\/\/amnromania.ro\/hu\/day-ayurveda\/\" class=\"elementor-item\" tabindex=\"-1\">Ayurveda nap<\/a><\/li>\n<li class=\"menu-item menu-item-type-post_type menu-item-object-page menu-item-11894\"><a href=\"https:\/\/amnromania.ro\/hu\/eloadasok\/\" class=\"elementor-item\" tabindex=\"-1\">El\u0151ad\u00e1sok<\/a><\/li>\n<li class=\"menu-item menu-item-type-post_type menu-item-object-page menu-item-11880\"><a href=\"https:\/\/amnromania.ro\/hu\/unnepsegek\/\" class=\"elementor-item\" tabindex=\"-1\">\u00dcnneps\u00e9gek<\/a><\/li>\n<li class=\"menu-item menu-item-type-post_type menu-item-object-page menu-item-11893\"><a href=\"https:\/\/amnromania.ro\/hu\/konferenciak\/\" class=\"elementor-item\" tabindex=\"-1\">Konferenci\u00e1k<\/a><\/li>\n<\/ul>\t\t\t<\/nav>\n\t\t\t\t\t\t<\/div>\n\t\t\t\t<\/div>\n\t\t\t\t\t<\/div>\n\t\t<\/div>\n\t\t\t\t<div class=\"elementor-column elementor-col-50 elementor-top-column elementor-element elementor-element-e4128f9\" data-id=\"e4128f9\" data-element_type=\"column\">\n\t\t\t<div class=\"elementor-widget-wrap elementor-element-populated\">\n\t\t\t\t\t\t<div class=\"elementor-element elementor-element-30508df elementor-widget elementor-widget-text-editor\" data-id=\"30508df\" data-element_type=\"widget\" data-widget_type=\"text-editor.default\">\n\t\t\t\t<div class=\"elementor-widget-container\">\n\t\t\t\t\t\t\t\t\t<h1 style=\"text-align: center;\"><strong><span style=\"color: #ff9900;\">India K\u00f6zt\u00e1rsas\u00e1g napja 2023<\/span><\/strong><\/h1><p style=\"text-align: right;\">\"Egyetlen kult\u00fara sem \u00e9lhet, ha megpr\u00f3b\u00e1l kiz\u00e1r\u00f3lagos lenni.\" (Mahatma Gandhi)<\/p><p style=\"text-align: left;\">2023. janu\u00e1r 26-\u00e1n Bukarest adott otthont az indiai k\u00f6zt\u00e1rsas\u00e1g napj\u00e1nak 74. \u00e9vfordul\u00f3ja alkalm\u00e1b\u00f3l rendezett \u00fcnneps\u00e9geknek, amelyet k\u00e9t \u00fcnnepi szekvenci\u00e1ban rendeztek meg. Az els\u0151, hivatalos \u00e9s \u00fcnnep\u00e9lyes jelleg\u0171 esem\u00e9nyre India nagyk\u00f6vets\u00e9g\u00e9n ker\u00fclt sor, ahol \u0150excellenci\u00e1ja Rahul Shrivastava, India bukaresti nagyk\u00f6vete felvonta India nemzeti lobog\u00f3j\u00e1t, ezzel jelezve az \u00fcnneps\u00e9gek kezdet\u00e9t. Ezt k\u00f6vette az indiai nemzeti himnusz el\u00e9nekl\u00e9se \u00e9s az indiai eln\u00f6k \u00fczenet\u00e9nek felolvas\u00e1sa.<\/p><p><img decoding=\"async\" src=\"https:\/\/amnromania.ro\/wp-content\/uploads\/2024\/01\/photo_2024-01-22_10-08-02-300x135.jpg\" alt=\"\" width=\"300\" height=\"135\" \/><\/p><p>Besz\u00e9d\u00e9ben Rahul Shrivastava \u0151excellenci\u00e1ja nagyk\u00f6vet kiemelte ennek a napnak a jelent\u0151s\u00e9g\u00e9t az indiai n\u00e9p sz\u00e1m\u00e1ra, \u00e9s hangs\u00falyozta az India \u00e9s Rom\u00e1nia k\u00f6z\u00f6tti szoros kapcsolatokat. \u00dcdv\u00f6zlet\u00e9t tolm\u00e1csolta a Rom\u00e1ni\u00e1ban, Moldov\u00e1ban \u00e9s Alb\u00e1ni\u00e1ban \u00e9l\u0151 indiaiaknak \u00e9s mindazoknak, akik t\u00e1mogatj\u00e1k \u00e9s csod\u00e1lj\u00e1k Indi\u00e1t ezekben az orsz\u00e1gokban.<\/p><p>Az Indiai K\u00f6zt\u00e1rsas\u00e1g Napja \u00fcnneps\u00e9gsorozat m\u00e1sodik \u00e1llom\u00e1sa a bukaresti JW Mariott Grand Hotelben zajlott, ahol az Indiai Nagyk\u00f6vets\u00e9g pazar fogad\u00e1st rendezett. Az esem\u00e9nyen sz\u00e1mos el\u0151kel\u0151 vend\u00e9g vett r\u00e9szt, k\u00f6zt\u00fck a diplom\u00e1ciai k\u00f6z\u00f6ss\u00e9g k\u00e9pvisel\u0151i, magas rang\u00fa korm\u00e1nyzati tisztvisel\u0151k, tekint\u00e9lyes akad\u00e9mikusok, \u00fczleti vezet\u0151k, az indiai diaszp\u00f3ra tagjai \u00e9s India k\u00f6zeli bar\u00e1tai. A jelenl\u00e9v\u0151k k\u00f6z\u00f6tt voltak a rom\u00e1niai nem hagyom\u00e1nyos gy\u00f3gyszereket n\u00e9pszer\u0171s\u00edt\u0151 nemzeti sz\u00f6vets\u00e9g - AMN-Rom\u00e1nia - vend\u00e9gei is, akik a k\u00e9t orsz\u00e1g k\u00f6z\u00f6tti egy\u00fcttm\u0171k\u00f6d\u00e9st emelt\u00e9k ki.<\/p><p><img fetchpriority=\"high\" decoding=\"async\" src=\"https:\/\/amnromania.ro\/wp-content\/uploads\/2024\/01\/Ziua-india-la-Bucuresti-2023-300x204.jpg\" alt=\"\" width=\"300\" height=\"204\" \/><\/p><p>A fogad\u00e1st vibr\u00e1l\u00f3 hangulat jellemezte, ahol az indiai kult\u00fara, gasztron\u00f3mia \u00e9s hagyom\u00e1nyok ker\u00fcltek el\u0151t\u00e9rbe. A vend\u00e9geket autentikus indiai \u00e9telekkel \u00e9s kultur\u00e1lis el\u0151ad\u00e1sokkal, t\u00f6bbek k\u00f6z\u00f6tt hagyom\u00e1nyos t\u00e1ncokkal \u00e9s zen\u00e9vel v\u00e1rt\u00e1k, amelyek hiteles \u00e9lm\u00e9nyt ny\u00fajtottak India sz\u00e9ps\u00e9g\u00e9r\u0151l \u00e9s kultur\u00e1lis soksz\u00edn\u0171s\u00e9g\u00e9r\u0151l.<\/p><p>Az esem\u00e9ny nemcsak az India \u00e9s Rom\u00e1nia k\u00f6z\u00f6tti bar\u00e1ts\u00e1got \u00e9s szoros kapcsolatokat emelte ki, hanem a kult\u00far\u00e1k k\u00f6z\u00f6tti p\u00e1rbesz\u00e9d \u00e9s a kultur\u00e1lis soksz\u00edn\u0171s\u00e9g ir\u00e1nti nyitotts\u00e1g fontoss\u00e1g\u00e1t is, amint arra Mahatma Gandhi b\u00f6lcsess\u00e9ge eml\u00e9keztet benn\u00fcnket.<\/p>\t\t\t\t\t\t\t\t<\/div>\n\t\t\t\t<\/div>\n\t\t\t\t\t<\/div>\n\t\t<\/div>\n\t\t\t\t\t<\/div>\n\t\t<\/section>\n\t\t\t\t<\/div>","protected":false},"excerpt":{"rendered":"<p>India K\u00f6zt\u00e1rsas\u00e1g Napja 2023 \"Egyetlen kult\u00fara sem \u00e9lhet, ha megpr\u00f3b\u00e1l kiz\u00e1r\u00f3lagos lenni.\" (Mahatma Gandhi) 2023. janu\u00e1r 26-\u00e1n Bukarest adott otthont az indiai k\u00f6zt\u00e1rsas\u00e1g napj\u00e1nak 74. \u00e9vfordul\u00f3ja alkalm\u00e1b\u00f3l rendezett \u00fcnneps\u00e9geknek, amelyet k\u00e9t \u00fcnnepi szekvenci\u00e1ban rendeztek meg. Az els\u0151, hivatalos \u00e9s \u00fcnnep\u00e9lyes jelleg\u0171, [...]<\/p>","protected":false},"author":1,"featured_media":0,"parent":0,"menu_order":0,"comment_status":"closed","ping_status":"closed","template":"","meta":{"_mi_skip_tracking":false,"_analytify_skip_tracking":false,"footnotes":""},"class_list":["post-11858","page","type-page","status-publish","hentry"],"aioseo_notices":[],"aioseo_head":"\n\t\t<!-- All in One SEO Pro 4.7.0 - aioseo.com -->\n\t\t<meta name=\"description\" content=\"Ziua Ayurveda Prezentari Festivitati Conferinte Ziua Ayurveda Prezentari Festivitati Conferinte Ziua Republicii India 2023\u201eNicio cultur\u0103 nu poate tr\u0103i dac\u0103 \u00eencearc\u0103 s\u0103 fie exclusiv\u0103.\u201d (Mahatma Gandhi)\u00cen data de 26 ianuarie 2023, Bucure\u0219tiul a g\u0103zduit ceremoniile de celebrare a celei de-a 74-a anivers\u0103ri a Zilei Republicii India, eveniment organizat \u00een dou\u0103 secven\u021be festive. Prima dintre acestea, cu\" \/>\n\t\t<meta name=\"robots\" content=\"max-image-preview:large\" \/>\n\t\t<meta name=\"google-site-verification\" content=\"G-391X30D2FS\" \/>\n\t\t<link rel=\"canonical\" href=\"https:\/\/amnromania.ro\/hu\/india-nap-2023\/\" \/>\n\t\t<meta name=\"generator\" content=\"All in One SEO Pro (AIOSEO) 4.7.0\" \/>\n\t\t<meta property=\"og:locale\" content=\"hu_HU\" \/>\n\t\t<meta property=\"og:site_name\" content=\"AMN Ayurveda ROM\u00c2NIA | Asociatia Nationala pentru Promovarea Medicinelor Neconventionale\" \/>\n\t\t<meta property=\"og:type\" content=\"article\" \/>\n\t\t<meta property=\"og:title\" content=\"Ziua Republicii India 2023 | AMN Ayurveda ROM\u00c2NIA\" \/>\n\t\t<meta property=\"og:description\" content=\"Ziua Ayurveda Prezentari Festivitati Conferinte Ziua Ayurveda Prezentari Festivitati Conferinte Ziua Republicii India 2023\u201eNicio cultur\u0103 nu poate tr\u0103i dac\u0103 \u00eencearc\u0103 s\u0103 fie exclusiv\u0103.\u201d (Mahatma Gandhi)\u00cen data de 26 ianuarie 2023, Bucure\u0219tiul a g\u0103zduit ceremoniile de celebrare a celei de-a 74-a anivers\u0103ri a Zilei Republicii India, eveniment organizat \u00een dou\u0103 secven\u021be festive. Prima dintre acestea, cu\" \/>\n\t\t<meta property=\"og:url\" content=\"https:\/\/amnromania.ro\/hu\/india-nap-2023\/\" \/>\n\t\t<meta property=\"og:image\" content=\"https:\/\/amnromania.ro\/ynorsyju\/2021\/06\/Ayurveda-in-Romania-Vol.-2-Ro.jpg\" \/>\n\t\t<meta property=\"og:image:secure_url\" content=\"https:\/\/amnromania.ro\/ynorsyju\/2021\/06\/Ayurveda-in-Romania-Vol.-2-Ro.jpg\" \/>\n\t\t<meta property=\"article:published_time\" content=\"2024-01-23T19:19:04+00:00\" \/>\n\t\t<meta property=\"article:modified_time\" content=\"2024-01-25T19:59:02+00:00\" \/>\n\t\t<meta property=\"article:publisher\" content=\"https:\/\/www.facebook.com\/AMNRomania\" \/>\n\t\t<script type=\"application\/ld+json\" class=\"aioseo-schema\">\n\t\t\t{\"@context\":\"https:\\\/\\\/schema.org\",\"@graph\":[{\"@type\":\"BreadcrumbList\",\"@id\":\"https:\\\/\\\/amnromania.ro\\\/hu\\\/india-nap-2023\\\/#breadcrumblist\",\"itemListElement\":[{\"@type\":\"ListItem\",\"@id\":\"https:\\\/\\\/amnromania.ro\\\/hu\\\/#listItem\",\"position\":1,\"name\":\"Home\",\"item\":\"https:\\\/\\\/amnromania.ro\\\/hu\\\/\",\"nextItem\":\"https:\\\/\\\/amnromania.ro\\\/hu\\\/india-nap-2023\\\/#listItem\"},{\"@type\":\"ListItem\",\"@id\":\"https:\\\/\\\/amnromania.ro\\\/hu\\\/india-nap-2023\\\/#listItem\",\"position\":2,\"name\":\"Ziua Republicii India 2023\",\"previousItem\":\"https:\\\/\\\/amnromania.ro\\\/hu\\\/#listItem\"}]},{\"@type\":\"Organization\",\"@id\":\"https:\\\/\\\/amnromania.ro\\\/hu\\\/#organization\",\"name\":\"AMN Ayurveda Romania\",\"url\":\"https:\\\/\\\/amnromania.ro\\\/hu\\\/\",\"logo\":{\"@type\":\"ImageObject\",\"url\":\"https:\\\/\\\/amnromania.ro\\\/ynorsyju\\\/2020\\\/10\\\/amn.png\",\"@id\":\"https:\\\/\\\/amnromania.ro\\\/hu\\\/india-nap-2023\\\/#organizationLogo\"},\"image\":{\"@id\":\"https:\\\/\\\/amnromania.ro\\\/hu\\\/india-nap-2023\\\/#organizationLogo\"},\"sameAs\":[\"https:\\\/\\\/www.facebook.com\\\/AMNRomania\",\"https:\\\/\\\/www.youtube.com\\\/channel\\\/UClfqKxiq_uZ11rthDIT3-BQ\\\/videos\"]},{\"@type\":\"WebPage\",\"@id\":\"https:\\\/\\\/amnromania.ro\\\/hu\\\/india-nap-2023\\\/#webpage\",\"url\":\"https:\\\/\\\/amnromania.ro\\\/hu\\\/india-nap-2023\\\/\",\"name\":\"Ziua Republicii India 2023 | AMN Ayurveda ROM\\u00c2NIA\",\"description\":\"Ziua Ayurveda Prezentari Festivitati Conferinte Ziua Ayurveda Prezentari Festivitati Conferinte Ziua Republicii India 2023\\u201eNicio cultur\\u0103 nu poate tr\\u0103i dac\\u0103 \\u00eencearc\\u0103 s\\u0103 fie exclusiv\\u0103.\\u201d (Mahatma Gandhi)\\u00cen data de 26 ianuarie 2023, Bucure\\u0219tiul a g\\u0103zduit ceremoniile de celebrare a celei de-a 74-a anivers\\u0103ri a Zilei Republicii India, eveniment organizat \\u00een dou\\u0103 secven\\u021be festive. Prima dintre acestea, cu\",\"inLanguage\":\"hu-HU\",\"isPartOf\":{\"@id\":\"https:\\\/\\\/amnromania.ro\\\/hu\\\/#website\"},\"breadcrumb\":{\"@id\":\"https:\\\/\\\/amnromania.ro\\\/hu\\\/india-nap-2023\\\/#breadcrumblist\"},\"datePublished\":\"2024-01-23T21:19:04+02:00\",\"dateModified\":\"2024-01-25T21:59:02+02:00\"},{\"@type\":\"WebSite\",\"@id\":\"https:\\\/\\\/amnromania.ro\\\/hu\\\/#website\",\"url\":\"https:\\\/\\\/amnromania.ro\\\/hu\\\/\",\"name\":\"AMN Ayurveda ROM\\u00c2NIA\",\"description\":\"Asociatia Nationala pentru Promovarea Medicinelor Neconventionale\",\"inLanguage\":\"hu-HU\",\"publisher\":{\"@id\":\"https:\\\/\\\/amnromania.ro\\\/hu\\\/#organization\"}}]}\n\t\t<\/script>\n\t\t<!-- All in One SEO Pro -->\r\n\t\t<title>Ziua Republicii India 2023 | AMN Ayurveda ROM\u00c2NIA<\/title>\n\n","aioseo_head_json":{"title":"Ziua Republicii India 2023 | AMN Ayurveda ROM\u00c2NIA","description":"Ziua Ayurveda Prezentari Festivitati Conferinte Ziua Ayurveda Prezentari Festivitati Conferinte Ziua Republicii India 2023\u201eNicio cultur\u0103 nu poate tr\u0103i dac\u0103 \u00eencearc\u0103 s\u0103 fie exclusiv\u0103.\u201d (Mahatma Gandhi)\u00cen data de 26 ianuarie 2023, Bucure\u0219tiul a g\u0103zduit ceremoniile de celebrare a celei de-a 74-a anivers\u0103ri a Zilei Republicii India, eveniment organizat \u00een dou\u0103 secven\u021be festive. Prima dintre acestea, cu","canonical_url":"https:\/\/amnromania.ro\/hu\/india-nap-2023\/","robots":"max-image-preview:large","keywords":"","webmasterTools":{"google-site-verification":"G-391X30D2FS","miscellaneous":""},"og:locale":"hu_HU","og:site_name":"AMN Ayurveda ROM\u00c2NIA | Asociatia Nationala pentru Promovarea Medicinelor Neconventionale","og:type":"article","og:title":"Ziua Republicii India 2023 | AMN Ayurveda ROM\u00c2NIA","og:description":"Ziua Ayurveda Prezentari Festivitati Conferinte Ziua Ayurveda Prezentari Festivitati Conferinte Ziua Republicii India 2023\u201eNicio cultur\u0103 nu poate tr\u0103i dac\u0103 \u00eencearc\u0103 s\u0103 fie exclusiv\u0103.\u201d (Mahatma Gandhi)\u00cen data de 26 ianuarie 2023, Bucure\u0219tiul a g\u0103zduit ceremoniile de celebrare a celei de-a 74-a anivers\u0103ri a Zilei Republicii India, eveniment organizat \u00een dou\u0103 secven\u021be festive. Prima dintre acestea, cu","og:url":"https:\/\/amnromania.ro\/hu\/india-nap-2023\/","og:image":"https:\/\/amnromania.ro\/ynorsyju\/2021\/06\/Ayurveda-in-Romania-Vol.-2-Ro.jpg","og:image:secure_url":"https:\/\/amnromania.ro\/ynorsyju\/2021\/06\/Ayurveda-in-Romania-Vol.-2-Ro.jpg","article:published_time":"2024-01-23T19:19:04+00:00","article:modified_time":"2024-01-25T19:59:02+00:00","article:publisher":"https:\/\/www.facebook.com\/AMNRomania","schema":{"@context":"https:\/\/schema.org","@graph":[{"@type":"BreadcrumbList","@id":"https:\/\/amnromania.ro\/hu\/india-nap-2023\/#breadcrumblist","itemListElement":[{"@type":"ListItem","@id":"https:\/\/amnromania.ro\/hu\/#listItem","position":1,"name":"Home","item":"https:\/\/amnromania.ro\/hu\/","nextItem":"https:\/\/amnromania.ro\/hu\/india-nap-2023\/#listItem"},{"@type":"ListItem","@id":"https:\/\/amnromania.ro\/hu\/india-nap-2023\/#listItem","position":2,"name":"Ziua Republicii India 2023","previousItem":"https:\/\/amnromania.ro\/hu\/#listItem"}]},{"@type":"Organization","@id":"https:\/\/amnromania.ro\/hu\/#organization","name":"AMN Ayurveda Romania","url":"https:\/\/amnromania.ro\/hu\/","logo":{"@type":"ImageObject","url":"https:\/\/amnromania.ro\/ynorsyju\/2020\/10\/amn.png","@id":"https:\/\/amnromania.ro\/hu\/india-nap-2023\/#organizationLogo"},"image":{"@id":"https:\/\/amnromania.ro\/hu\/india-nap-2023\/#organizationLogo"},"sameAs":["https:\/\/www.facebook.com\/AMNRomania","https:\/\/www.youtube.com\/channel\/UClfqKxiq_uZ11rthDIT3-BQ\/videos"]},{"@type":"WebPage","@id":"https:\/\/amnromania.ro\/hu\/india-nap-2023\/#webpage","url":"https:\/\/amnromania.ro\/hu\/india-nap-2023\/","name":"Ziua Republicii India 2023 | AMN Ayurveda ROM\u00c2NIA","description":"Ziua Ayurveda Prezentari Festivitati Conferinte Ziua Ayurveda Prezentari Festivitati Conferinte Ziua Republicii India 2023\u201eNicio cultur\u0103 nu poate tr\u0103i dac\u0103 \u00eencearc\u0103 s\u0103 fie exclusiv\u0103.\u201d (Mahatma Gandhi)\u00cen data de 26 ianuarie 2023, Bucure\u0219tiul a g\u0103zduit ceremoniile de celebrare a celei de-a 74-a anivers\u0103ri a Zilei Republicii India, eveniment organizat \u00een dou\u0103 secven\u021be festive. Prima dintre acestea, cu","inLanguage":"hu-HU","isPartOf":{"@id":"https:\/\/amnromania.ro\/hu\/#website"},"breadcrumb":{"@id":"https:\/\/amnromania.ro\/hu\/india-nap-2023\/#breadcrumblist"},"datePublished":"2024-01-23T21:19:04+02:00","dateModified":"2024-01-25T21:59:02+02:00"},{"@type":"WebSite","@id":"https:\/\/amnromania.ro\/hu\/#website","url":"https:\/\/amnromania.ro\/hu\/","name":"AMN Ayurveda ROM\u00c2NIA","description":"Asociatia Nationala pentru Promovarea Medicinelor Neconventionale","inLanguage":"hu-HU","publisher":{"@id":"https:\/\/amnromania.ro\/hu\/#organization"}}]}},"aioseo_meta_data":{"post_id":"11858","title":null,"description":null,"keywords":"[]","keyphrases":"{\"focus\":{\"keyphrase\":\"Ziua India 2023\",\"score\":56,\"analysis\":{\"keyphraseInTitle\":{\"title\":\"Focus keyphrase in SEO title\",\"description\":\"Focus keyphrase not found in SEO title.\",\"score\":3,\"maxScore\":9,\"error\":1},\"keyphraseInDescription\":[],\"keyphraseLength\":{\"title\":\"Focus keyphrase length\",\"description\":\"Good job!\",\"score\":9,\"maxScore\":9,\"error\":0,\"length\":2},\"keyphraseInURL\":{\"title\":\"Focus keyphrase in URL\",\"description\":\"Focus keyphrase not found in the URL.\",\"score\":1,\"maxScore\":5,\"error\":1},\"keyphraseInIntroduction\":{\"title\":\"Focus keyphrase in introduction\",\"description\":\"Your Focus keyphrase does not appear in the first paragraph. Make sure the topic is clear immediately.\",\"score\":3,\"maxScore\":9,\"error\":1},\"keyphraseInSubHeadings\":[],\"keyphraseInImageAlt\":{\"title\":\"Focus keyphrase in image alt attributes\",\"description\":\"Focus keyphrase not found in image alt attribute(s). Add an image with your Focus keyphrase as alt text.\",\"score\":3,\"maxScore\":9,\"error\":1}}},\"additional\":[]}","primary_term":null,"canonical_url":null,"og_title":null,"og_description":null,"og_object_type":"default","og_image_type":"default","og_image_url":null,"og_image_width":null,"og_image_height":null,"og_image_custom_url":null,"og_image_custom_fields":null,"og_video":"","og_custom_url":null,"og_article_section":null,"og_article_tags":"[]","twitter_use_og":false,"twitter_card":"default","twitter_image_type":"default","twitter_image_url":null,"twitter_image_custom_url":null,"twitter_image_custom_fields":null,"twitter_title":null,"twitter_description":null,"schema":{"blockGraphs":[],"customGraphs":[],"default":{"data":{"Article":[],"Course":[],"Dataset":[],"FAQPage":[],"Movie":[],"Person":[],"Product":[],"Recipe":[],"Service":[],"SoftwareApplication":[],"WebPage":{"id":"#aioseo-web-page-65b63588854bb","slug":"web-page","graphName":"WebPage","label":"Web Page","properties":{"type":"WebPage","name":"","description":""}}},"graphName":"WebPage","isEnabled":true},"graphs":[]},"schema_type":"default","schema_type_options":"{\"article\":{\"articleType\":\"BlogPosting\"},\"course\":{\"name\":\"\",\"description\":\"\",\"provider\":\"\"},\"faq\":{\"pages\":[]},\"product\":{\"reviews\":[]},\"recipe\":{\"ingredients\":[],\"instructions\":[],\"keywords\":[]},\"software\":{\"reviews\":[],\"operatingSystems\":[]},\"webPage\":{\"webPageType\":\"WebPage\"},\"blockGraphs\":[]}","pillar_content":false,"robots_default":true,"robots_noindex":false,"robots_noarchive":false,"robots_nosnippet":false,"robots_nofollow":false,"robots_noimageindex":false,"robots_noodp":false,"robots_notranslate":false,"robots_max_snippet":"-1","robots_max_videopreview":"-1","robots_max_imagepreview":"large","priority":null,"frequency":"default","local_seo":null,"limit_modified_date":false,"open_ai":null,"created":"2024-01-23 19:11:36","updated":"2024-01-28 11:07:52"},"aioseo_breadcrumb":"<div class=\"aioseo-breadcrumbs\"><span class=\"aioseo-breadcrumb\">\n\t<a href=\"https:\/\/amnromania.ro\/hu\" title=\"Home\">Home<\/a>\n<\/span><span class=\"aioseo-breadcrumb-separator\">&raquo;<\/span><span class=\"aioseo-breadcrumb\">\n\tZiua Republicii India 2023\n<\/span><\/div>","aioseo_breadcrumb_json":[{"label":"Home","link":"https:\/\/amnromania.ro\/hu"},{"label":"Ziua Republicii India 2023","link":"https:\/\/amnromania.ro\/hu\/india-nap-2023\/"}],"_links":{"self":[{"href":"https:\/\/amnromania.ro\/hu\/wp-json\/wp\/v2\/pages\/11858","targetHints":{"allow":["GET"]}}],"collection":[{"href":"https:\/\/amnromania.ro\/hu\/wp-json\/wp\/v2\/pages"}],"about":[{"href":"https:\/\/amnromania.ro\/hu\/wp-json\/wp\/v2\/types\/page"}],"author":[{"embeddable":true,"href":"https:\/\/amnromania.ro\/hu\/wp-json\/wp\/v2\/users\/1"}],"replies":[{"embeddable":true,"href":"https:\/\/amnromania.ro\/hu\/wp-json\/wp\/v2\/comments?post=11858"}],"version-history":[{"count":15,"href":"https:\/\/amnromania.ro\/hu\/wp-json\/wp\/v2\/pages\/11858\/revisions"}],"predecessor-version":[{"id":11925,"href":"https:\/\/amnromania.ro\/hu\/wp-json\/wp\/v2\/pages\/11858\/revisions\/11925"}],"wp:attachment":[{"href":"https:\/\/amnromania.ro\/hu\/wp-json\/wp\/v2\/media?parent=11858"}],"curies":[{"name":"wp","href":"https:\/\/api.w.org\/{rel}","templated":true}]}}