{"id":10273,"date":"2022-03-28T20:12:15","date_gmt":"2022-03-28T18:12:15","guid":{"rendered":"https:\/\/amnromania.ro\/?page_id=10273"},"modified":"2022-03-28T21:05:31","modified_gmt":"2022-03-28T19:05:31","slug":"egeszseg-rak","status":"publish","type":"page","link":"https:\/\/amnromania.ro\/hu\/egeszseg-rak\/","title":{"rendered":"Mellr\u00e1k"},"content":{"rendered":"<div data-elementor-type=\"wp-page\" data-elementor-id=\"10273\" class=\"elementor elementor-10273\" data-elementor-post-type=\"page\">\n\t\t\t\t\t\t<section class=\"elementor-section elementor-top-section elementor-element elementor-element-8594593 elementor-section-boxed elementor-section-height-default elementor-section-height-default\" data-id=\"8594593\" data-element_type=\"section\">\n\t\t\t\t\t\t<div class=\"elementor-container elementor-column-gap-default\">\n\t\t\t\t\t<div class=\"elementor-column elementor-col-50 elementor-top-column elementor-element elementor-element-03a9c19\" data-id=\"03a9c19\" data-element_type=\"column\">\n\t\t\t<div class=\"elementor-widget-wrap elementor-element-populated\">\n\t\t\t\t\t\t<div class=\"elementor-element elementor-element-3a3108d elementor-nav-menu__align-start elementor-nav-menu__text-align-center elementor-nav-menu--dropdown-tablet elementor-nav-menu--toggle elementor-nav-menu--burger elementor-widget elementor-widget-global elementor-global-2418 elementor-widget-nav-menu\" data-id=\"3a3108d\" data-element_type=\"widget\" data-settings=\"{&quot;layout&quot;:&quot;vertical&quot;,&quot;submenu_icon&quot;:{&quot;value&quot;:&quot;fas fa-caret-down&quot;,&quot;library&quot;:&quot;fa-solid&quot;},&quot;toggle&quot;:&quot;burger&quot;}\" data-widget_type=\"nav-menu.default\">\n\t\t\t\t<div class=\"elementor-widget-container\">\n\t\t\t\t\t\t\t\t<nav aria-label=\"Men\u00fc\" class=\"elementor-nav-menu--main elementor-nav-menu__container elementor-nav-menu--layout-vertical e--pointer-background e--animation-fade\">\n\t\t\t\t<ul id=\"menu-1-3a3108d\" class=\"elementor-nav-menu sm-vertical\"><li class=\"menu-item menu-item-type-post_type menu-item-object-page menu-item-2414\"><a href=\"https:\/\/amnromania.ro\/hu\/mezok\/aromaterapia-2\/\" class=\"elementor-item\">Aromater\u00e1pia<\/a><\/li>\n<li class=\"menu-item menu-item-type-post_type menu-item-object-page menu-item-3268\"><a href=\"https:\/\/amnromania.ro\/hu\/mezok\/apiterapia\/\" class=\"elementor-item\">Apiter\u00e1pia<\/a><\/li>\n<li class=\"menu-item menu-item-type-post_type menu-item-object-page menu-item-2412\"><a href=\"https:\/\/amnromania.ro\/hu\/mezok\/kristalyterapia\/\" class=\"elementor-item\">Krist\u00e1ly ter\u00e1pia<\/a><\/li>\n<li class=\"menu-item menu-item-type-post_type menu-item-object-page menu-item-2413\"><a href=\"https:\/\/amnromania.ro\/hu\/mezok\/kromoterapia\/\" class=\"elementor-item\">Kromoter\u00e1pia<\/a><\/li>\n<li class=\"menu-item menu-item-type-post_type menu-item-object-page menu-item-3269\"><a href=\"https:\/\/amnromania.ro\/hu\/mezok\/dermoterapia\/\" class=\"elementor-item\">Dermoter\u00e1pia<\/a><\/li>\n<li class=\"menu-item menu-item-type-post_type menu-item-object-page menu-item-3267\"><a href=\"https:\/\/amnromania.ro\/hu\/mezok\/dietas-kezeles\/\" class=\"elementor-item\">Dietoter\u00e1pia<\/a><\/li>\n<li class=\"menu-item menu-item-type-post_type menu-item-object-page menu-item-3266\"><a href=\"https:\/\/amnromania.ro\/hu\/mezok\/fitoterapia\/\" class=\"elementor-item\">Fitoter\u00e1pia<\/a><\/li>\n<li class=\"menu-item menu-item-type-post_type menu-item-object-page menu-item-3265\"><a href=\"https:\/\/amnromania.ro\/hu\/mezok\/floriterapia\/\" class=\"elementor-item\">Floritherapy<\/a><\/li>\n<li class=\"menu-item menu-item-type-post_type menu-item-object-page menu-item-3264\"><a href=\"https:\/\/amnromania.ro\/hu\/mezok\/hidroterapia\/\" class=\"elementor-item\">Hidroter\u00e1pia<\/a><\/li>\n<li class=\"menu-item menu-item-type-post_type menu-item-object-page menu-item-3263\"><a href=\"https:\/\/amnromania.ro\/hu\/mezok\/idojaras-terapia\/\" class=\"elementor-item\">Meteoroter\u00e1pia<\/a><\/li>\n<li class=\"menu-item menu-item-type-post_type menu-item-object-page menu-item-3262\"><a href=\"https:\/\/amnromania.ro\/hu\/mezok\/zeneterapia\/\" class=\"elementor-item\">Zeneter\u00e1pia<\/a><\/li>\n<li class=\"menu-item menu-item-type-post_type menu-item-object-page menu-item-3261\"><a href=\"https:\/\/amnromania.ro\/hu\/mezok\/pszichoterapia\/\" class=\"elementor-item\">Pszichoter\u00e1pia<\/a><\/li>\n<li class=\"menu-item menu-item-type-post_type menu-item-object-page menu-item-3260\"><a href=\"https:\/\/amnromania.ro\/hu\/mezok\/termoterapia\/\" class=\"elementor-item\">Termoter\u00e1pia<\/a><\/li>\n<li class=\"menu-item menu-item-type-post_type menu-item-object-page menu-item-3259\"><a href=\"https:\/\/amnromania.ro\/hu\/mezok\/humorterapia\/\" class=\"elementor-item\">Humor ter\u00e1pia<\/a><\/li>\n<\/ul>\t\t\t<\/nav>\n\t\t\t\t\t<div class=\"elementor-menu-toggle\" role=\"button\" tabindex=\"0\" aria-label=\"Toggle men\u00fc\" aria-expanded=\"false\">\n\t\t\t<i aria-hidden=\"true\" role=\"presentation\" class=\"elementor-menu-toggle__icon--open eicon-menu-bar\"><\/i><i aria-hidden=\"true\" role=\"presentation\" class=\"elementor-menu-toggle__icon--close eicon-close\"><\/i>\t\t<\/div>\n\t\t\t\t\t<nav class=\"elementor-nav-menu--dropdown elementor-nav-menu__container\" aria-hidden=\"true\">\n\t\t\t\t<ul id=\"menu-2-3a3108d\" class=\"elementor-nav-menu sm-vertical\"><li class=\"menu-item menu-item-type-post_type menu-item-object-page menu-item-2414\"><a href=\"https:\/\/amnromania.ro\/hu\/mezok\/aromaterapia-2\/\" class=\"elementor-item\" tabindex=\"-1\">Aromater\u00e1pia<\/a><\/li>\n<li class=\"menu-item menu-item-type-post_type menu-item-object-page menu-item-3268\"><a href=\"https:\/\/amnromania.ro\/hu\/mezok\/apiterapia\/\" class=\"elementor-item\" tabindex=\"-1\">Apiter\u00e1pia<\/a><\/li>\n<li class=\"menu-item menu-item-type-post_type menu-item-object-page menu-item-2412\"><a href=\"https:\/\/amnromania.ro\/hu\/mezok\/kristalyterapia\/\" class=\"elementor-item\" tabindex=\"-1\">Krist\u00e1ly ter\u00e1pia<\/a><\/li>\n<li class=\"menu-item menu-item-type-post_type menu-item-object-page menu-item-2413\"><a href=\"https:\/\/amnromania.ro\/hu\/mezok\/kromoterapia\/\" class=\"elementor-item\" tabindex=\"-1\">Kromoter\u00e1pia<\/a><\/li>\n<li class=\"menu-item menu-item-type-post_type menu-item-object-page menu-item-3269\"><a href=\"https:\/\/amnromania.ro\/hu\/mezok\/dermoterapia\/\" class=\"elementor-item\" tabindex=\"-1\">Dermoter\u00e1pia<\/a><\/li>\n<li class=\"menu-item menu-item-type-post_type menu-item-object-page menu-item-3267\"><a href=\"https:\/\/amnromania.ro\/hu\/mezok\/dietas-kezeles\/\" class=\"elementor-item\" tabindex=\"-1\">Dietoter\u00e1pia<\/a><\/li>\n<li class=\"menu-item menu-item-type-post_type menu-item-object-page menu-item-3266\"><a href=\"https:\/\/amnromania.ro\/hu\/mezok\/fitoterapia\/\" class=\"elementor-item\" tabindex=\"-1\">Fitoter\u00e1pia<\/a><\/li>\n<li class=\"menu-item menu-item-type-post_type menu-item-object-page menu-item-3265\"><a href=\"https:\/\/amnromania.ro\/hu\/mezok\/floriterapia\/\" class=\"elementor-item\" tabindex=\"-1\">Floritherapy<\/a><\/li>\n<li class=\"menu-item menu-item-type-post_type menu-item-object-page menu-item-3264\"><a href=\"https:\/\/amnromania.ro\/hu\/mezok\/hidroterapia\/\" class=\"elementor-item\" tabindex=\"-1\">Hidroter\u00e1pia<\/a><\/li>\n<li class=\"menu-item menu-item-type-post_type menu-item-object-page menu-item-3263\"><a href=\"https:\/\/amnromania.ro\/hu\/mezok\/idojaras-terapia\/\" class=\"elementor-item\" tabindex=\"-1\">Meteoroter\u00e1pia<\/a><\/li>\n<li class=\"menu-item menu-item-type-post_type menu-item-object-page menu-item-3262\"><a href=\"https:\/\/amnromania.ro\/hu\/mezok\/zeneterapia\/\" class=\"elementor-item\" tabindex=\"-1\">Zeneter\u00e1pia<\/a><\/li>\n<li class=\"menu-item menu-item-type-post_type menu-item-object-page menu-item-3261\"><a href=\"https:\/\/amnromania.ro\/hu\/mezok\/pszichoterapia\/\" class=\"elementor-item\" tabindex=\"-1\">Pszichoter\u00e1pia<\/a><\/li>\n<li class=\"menu-item menu-item-type-post_type menu-item-object-page menu-item-3260\"><a href=\"https:\/\/amnromania.ro\/hu\/mezok\/termoterapia\/\" class=\"elementor-item\" tabindex=\"-1\">Termoter\u00e1pia<\/a><\/li>\n<li class=\"menu-item menu-item-type-post_type menu-item-object-page menu-item-3259\"><a href=\"https:\/\/amnromania.ro\/hu\/mezok\/humorterapia\/\" class=\"elementor-item\" tabindex=\"-1\">Humor ter\u00e1pia<\/a><\/li>\n<\/ul>\t\t\t<\/nav>\n\t\t\t\t\t\t<\/div>\n\t\t\t\t<\/div>\n\t\t\t\t\t<\/div>\n\t\t<\/div>\n\t\t\t\t<div class=\"elementor-column elementor-col-50 elementor-top-column elementor-element elementor-element-2847b35\" data-id=\"2847b35\" data-element_type=\"column\">\n\t\t\t<div class=\"elementor-widget-wrap elementor-element-populated\">\n\t\t\t\t\t\t<div class=\"elementor-element elementor-element-26ac1a8 elementor-widget elementor-widget-text-editor\" data-id=\"26ac1a8\" data-element_type=\"widget\" data-widget_type=\"text-editor.default\">\n\t\t\t\t<div class=\"elementor-widget-container\">\n\t\t\t\t\t\t\t\t\t<h1 style=\"text-align: center;\"><strong>Milyen traum\u00e1k \u00e1llhatnak a mellr\u00e1k m\u00f6g\u00f6tt<\/strong><\/h1><p>\u00a0<\/p><p>Az eml\u0151r\u00e1k kialakul\u00e1s\u00e1ban m\u00e1r \u0151sid\u0151k \u00f3ta megfigyelt\u00e9k bizonyos \u00e9rzelmi t\u00e9nyez\u0151k r\u00e9szv\u00e9tel\u00e9t. Galenus (Kr. u. 2. sz\u00e1zad) kimutatta, hogy a t\u00falnyom\u00f3r\u00e9szt melankolikus hangulat\u00fa n\u0151kn\u00e9l nagyobb a mellr\u00e1k kock\u00e1zata, mint a t\u00falnyom\u00f3r\u00e9szt szangvinikus hangulat\u00faakn\u00e1l. Hippokrat\u00e9szhez hasonl\u00f3an Galenus is n\u00e9gy temperamentumt\u00edpusba sorolta az embereket, az emberi szervezetben jelen l\u00e9v\u0151 n\u00e9gy nedvess\u00e9g alapj\u00e1n: a v\u00e9r, amely a szangvinikus temperamentumot adja, a nyirok - a flegmatikus temperamentum, a s\u00e1rga epe - a kolerikus temperamentum \u00e9s a fekete epe - a melankolikus temperamentum. \u00dagy v\u00e9lte, hogy ezen anyagok helyes, m\u00e9rt\u00e9kletes kever\u00e9ke (innen a temperamentum kifejez\u00e9s) t\u00f6k\u00e9letes eg\u00e9szs\u00e9gi \u00e1llapothoz, teh\u00e1t t\u00f6k\u00e9letes temperamentumhoz vezet, m\u00edg az egyik humor t\u00falteng\u00e9se t\u00f6k\u00e9letlen temperamentumot \u00e9s a hozz\u00e1 kapcsol\u00f3d\u00f3 betegs\u00e9geket eredm\u00e9nyez. Ez a n\u00e9zet a Hippokrat\u00e9szn\u00e9l \u00e9s Gal\u00e9noszn\u00e1l 3000 \u00e9vvel kor\u00e1bban, az \u0151si hagyom\u00e1nyos indiai orvosi rendszerben, az Ayurv\u00e9d\u00e1ban le\u00edrt alkotm\u00e1nyos t\u00edpusok adapt\u00e1ci\u00f3ja \u00e9s \u00e1tnevez\u00e9se. A melankolikus temperamentum az, amelyik annak az alkotm\u00e1nyos t\u00edpusnak felel meg, amelyben a k\u00f6vetkez\u0151k vannak t\u00fals\u00falyban <em>vata dosha,<\/em> A v\u00e9rm\u00e9rs\u00e9klet arra a tipol\u00f3gi\u00e1ra utal, amelyben a v\u00e9r alkotm\u00e1nyosan t\u00fals\u00falyban van, az ayurv\u00e9da szerint <em>rakta dhatu<\/em> \u00e9s Sushruta \u00edrta le a korszakalkot\u00f3 m\u0171v\u00e9ben. <em>Sushruta Samhita. <\/em><\/p><p><strong>\u00a0<\/strong><\/p><h2><strong>Az \u00e9rzelmek elfojt\u00e1s\u00e1nak gyermekkorban tanult szok\u00e1sa r\u00e1khoz vezet<\/strong><\/h2><p>Bizonyos \u00e9rzelmi t\u00e9nyez\u0151k \u00e9s a mellr\u00e1k k\u00f6z\u00f6tti kapcsolatot m\u00e9g ma is meger\u0151s\u00edtett\u00e9k. Egy fontos tanulm\u00e1ny ebben az ir\u00e1nyban a Michael Wirshing \u00e1ltal vezetett csoport 1982-ben publik\u00e1lt tanulm\u00e1nya (Wirsching, Sherlin, Hoffmann \u00e9s Weber in Wirshing, M. et al. <em>Journal of Psychosomatic Research<\/em> (Journal of Psychosomatic Studies) c\u00edmmel. <em>Az eml\u0151r\u00e1kos betegek pszichol\u00f3giai azonos\u00edt\u00e1sa a biopszia el\u0151tt <\/em>(Az eml\u0151r\u00e1kos betegek pszichol\u00f3giai azonos\u00edt\u00e1sa a biopszia el\u0151tt). A Heidelbergi Egyetem Pszichoszomatikus Klinik\u00e1ja (N\u00e9metorsz\u00e1g) hasonl\u00f3 kutat\u00e1sokat v\u00e9gzett. \u00d6tvenhat n\u0151t interj\u00favoltak meg a biopszia el\u0151tt, hogy meg\u00e1llap\u00edts\u00e1k, van-e mellr\u00e1kjuk vagy sem. Az interj\u00fak 30-50 percig tartottak, \u00e9s r\u00f6gz\u00edt\u00e9sre ker\u00fcltek. A csoport a biopszia elv\u00e9gz\u00e9se el\u0151tt a k\u00f6vetkez\u0151 8 f\u0151 jellemz\u0151t figyelembe v\u00e9ve meg tudta j\u00f3solni a helyes mellr\u00e1kdiagn\u00f3zist:<\/p><ol><li>Megk\u00f6zel\u00edthetetlen hozz\u00e1\u00e1ll\u00e1s vagy t\u00falterheltnek \u00e9rzi mag\u00e1t az interj\u00fa sor\u00e1n.<\/li><li>Az \u00e9rzelmek elfojt\u00e1sa v\u00e1ratlan kit\u00f6r\u00e9sekkel k\u00eds\u00e9rve.<\/li><li>\u00c1ramvonalas\u00edt\u00e1s.<\/li><li>A m\u0171t\u00e9ttel kapcsolatos szorong\u00e1s hi\u00e1nya vagy alacsony szorong\u00e1s mutatkozik.<\/li><li>Hamis optimizmus - az optimizmus megnyilv\u00e1nul\u00e1sai.<\/li><li>T\u00falzott \u00f6n\u00e1ll\u00f3s\u00e1g \u00e9s \u00f6nell\u00e1t\u00e1s, neh\u00e9zs\u00e9get mutat seg\u00edts\u00e9get k\u00e9rni vagy elfogadni.<\/li><li>T\u00falzottan \u00f6nzetlen viselked\u00e9s, \u00e1l-\u00f6nfel\u00e1ldoz\u00e1s.<\/li><li>Konfliktusker\u00fcl\u00e9s.<\/li><\/ol><p>\u00c1ltal\u00e1noss\u00e1gban elmondhat\u00f3, hogy a r\u00e1k t\u00edpus\u00e1t\u00f3l f\u00fcggetlen\u00fcl meg\u00e1llap\u00edtott\u00e1k, hogy a r\u00e1kra hajlamos szem\u00e9lyis\u00e9g kialakul\u00e1s\u00e1ban fontos szerepet j\u00e1tszanak az \u00fagynevezett sz\u00fcl\u0151i figur\u00e1k. Az\u00e9rt nem nevezt\u00fck \u0151ket sz\u00fcl\u0151knek, mert nem felt\u00e9tlen\u00fcl kell, hogy a term\u00e9szetes sz\u00fcl\u0151k legyenek, hanem lehetnek \u00f6r\u00f6kbefogad\u00f3 sz\u00fcl\u0151k, gondoz\u00f3k, nagysz\u00fcl\u0151k, nagyb\u00e1csik vagy nagyn\u00e9nik, csal\u00e1di bar\u00e1tok, tan\u00e1rok vagy b\u00e1rmely m\u00e1s szem\u00e9ly, akibe a gyermek sok \u00e9rzelmi energi\u00e1t fektet. A r\u00e1kos embereknek hideg, k\u00f6z\u00f6mb\u00f6s, konformista sz\u00fcl\u0151i figur\u00e1ik voltak vagy vannak, akik g\u00e1tolj\u00e1k a gyermek spont\u00e1n \u00e9rzelemkifejez\u00e9s\u00e9t.<\/p><p>Sz\u00e1mos kort\u00e1rs tanulm\u00e1ny is hangs\u00falyozza a depresszi\u00f3 szerep\u00e9t egy fontos szem\u00e9lyt\u0151l val\u00f3 elv\u00e1l\u00e1st vagy egy fontos c\u00e9l elveszt\u00e9s\u00e9t k\u00f6vet\u0151en (Meerloo, 1954; Kowal, 1955; Neumann, 1959; Greene, l966; Schmale &amp; Iker, l966; Horne &amp; Picard, 1979) Ez a depresszi\u00f3 leggyakrabban rem\u00e9nytelens\u00e9g \u00e9s k\u00e9ts\u00e9gbees\u00e9s form\u00e1j\u00e1ban jelentkezik, \u00e9s hasznosnak bizonyult a rosszindulat\u00fa betegs\u00e9g el\u0151rejelz\u0151jek\u00e9nt, amint azt Schmale &amp; Iker, 1966 \u00e9s Spence, 1979 tanulm\u00e1nyai mutatj\u00e1k.<\/p><p>Le Shan volt az, aki a legm\u00e9lyebben tanulm\u00e1nyozta az \u00e9lett\u00f6rt\u00e9net mechanizmus\u00e1t a r\u00e1kos betegekn\u00e9l (Le Shan &amp; Worthington, l956; Le Shan &amp; Reznikoff, 1960; Le Shan, l966), miut\u00e1n 500 r\u00e1kos beteggel szerzett tapasztalatokat. Kimutatja, hogy az \u00e9let els\u0151 7 \u00e9v\u00e9ben a sz\u00fcl\u0151k \u00e9s a gyermek k\u00f6zvetlen k\u00f6rnyezet\u00e9ben \u00e9l\u0151k egyik alapvet\u0151 szerepe az, hogy viselked\u00e9si mint\u00e1kat, a vil\u00e1ghoz \u00e9s az \u00e9lethez val\u00f3 hozz\u00e1\u00e1ll\u00e1st, bele\u00e9rtve a t\u00e1rsas kapcsolatok modelljeit is, adj\u00e1k. A r\u00e1kbetegek eset\u00e9ben a pozit\u00edv szerepmodellek helyes elsaj\u00e1t\u00edt\u00e1s\u00e1t olyan traumatikus esem\u00e9ny befoly\u00e1solta, mint p\u00e9ld\u00e1ul a sz\u00fcl\u0151 (hal\u00e1la vagy elv\u00e1l\u00e1sa miatt) vagy egy m\u00e1sik k\u00f6zeli szem\u00e9ly elt\u0171n\u00e9se, akihez a gyermek \u00e9rzelmileg nagyon k\u00f6t\u0151d\u00f6tt. Ebb\u0151l az \u00e9lm\u00e9nyb\u0151l a gyermek megtanulta, hogy az \u00e9rzelmi bevon\u00f3d\u00e1s csak f\u00e1jdalommal \u00e9s szenved\u00e9ssel j\u00e1r, \u00e9s hogy az elvonul\u00e1s megv\u00e9dheti \u0151t. Gyakran ezek az \u00e1llapotok hib\u00e1ztat\u00e1ssal, \u00f6nmarcangol\u00e1ssal \u00e9s kudarc\u00e9rz\u00e9ssel t\u00e1rsulnak. Kirkeggaard ezt \"\u00f6nmagunk k\u00e9ts\u00e9gbees\u00e9s\u00e9nek\" nevezte. Annak \u00e9rdek\u00e9ben, hogy elfogadj\u00e1k (\u00e9s \u00edgy k\u00f6nnyebben elfogadja \u00f6nmag\u00e1t), olyan emberr\u00e9 v\u00e1lik, akit m\u00e1sok nagyon j\u00f3nak, tisztess\u00e9gesnek, j\u00f3l neveltnek l\u00e1tnak, a hely\u00e9n van, hiszen nem zavar senkit, nem v\u00e9di az \u00e1ll\u00e1spontj\u00e1t, nem hangoztatja a s\u00e9relmeit. \u00c9lete sor\u00e1n azonban lehet\u0151s\u00e9get kap arra, hogy \u00e9rzelmi kapcsolatokat alak\u00edtson ki, \u00e9s a kamasz vagy fiatal feln\u0151tt ebben l\u00e1tja az es\u00e9lyt, hogy v\u00e9get vessen az \u00e1ltala \u00e9rzett mag\u00e1nyoss\u00e1g \u00e9rz\u00e9s\u00e9nek. Sok pr\u00f3b\u00e1lkoz\u00e1s \u00e9s hiba ut\u00e1n siker\u00fcl p\u00e1rkapcsolatba bonyol\u00f3dnia. A mag\u00e1ny, a tehetetlens\u00e9g, az \u00fcress\u00e9g \u00e9s a kudarc \u00e1lland\u00f3 \u00e9rz\u00e9sei elt\u0171nnek, \u00e9s \u00faj \u00e9rtelmet tal\u00e1l az \u00e9let\u00e9ben. Ez lehet egy szerelmi kapcsolat, lehet a munka vagy a gyermeknevel\u00e9s. Ezut\u00e1n k\u00e9pes lesz \u00e9rtelmes \u00e9letet \u00e9lni f\u00e9rjk\u00e9nt vagy feles\u00e9gk\u00e9nt, anyak\u00e9nt vagy apak\u00e9nt, j\u00f3 alkalmazottk\u00e9nt. De a probl\u00e9ma tov\u00e1bbra is fenn\u00e1ll. K\u00e9ptelen felismerni saj\u00e1t sz\u00fcks\u00e9gleteit, pedig ha az \u00e1ltala t\u00e1mogatott \u00fcgyr\u0151l van sz\u00f3, a leglelkesebb harcoss\u00e1 v\u00e1lik. Eg\u00e9szen addig a pillanatig, am\u00edg a szerep, amelyben oly lelkesen r\u00e9szt vesz (\u00e9s ez az egyetlen szempont, amelyben \u00edgy viselkedik), el nem veszik t\u0151le: vagy \u0151 megy nyugd\u00edjba, vagy a gyerekek feln\u0151nek \u00e9s elmennek, hogy saj\u00e1t csal\u00e1dot alap\u00edtsanak, vagy a h\u00e1zast\u00e1rs elt\u0171nik. Az azonnali reakci\u00f3 az, hogy \u00fagy \u00e9rzi, minden \u00f6sszeomlott, hogy \u00e9let\u00e9nek \u00e9rtelme elt\u0171nt, \u00e9s ugyanaz az \u00fcress\u00e9g, a tehetetlens\u00e9g, a kudarc \u00e9rz\u00e9se ker\u00edti hatalm\u00e1ba. A r\u00e9gi gondolat, hogy valami baj van vele, valami, ami miatt m\u00e1sok sz\u00e1m\u00e1ra elfogadhatatlan, \u00fajra megjelenik, l\u00e1tsz\u00f3lag m\u00e9g intenz\u00edvebben, \u00e9s nem telik el sok id\u0151, mire megjelennek a r\u00e1k els\u0151 t\u00fcnetei (LeShan, 1966). LeShan szerint a r\u00e1k nem m\u00e1s, mint menek\u00fcl\u00e9s az ellens\u00e9gesnek, bar\u00e1ts\u00e1gtalannak \u00e9s boldogtalannak tekintett vil\u00e1gb\u00f3l, a kiel\u00e9g\u00edtetlens\u00e9g \u00e9s a boldogtalans\u00e1g forr\u00e1sa el\u0151l.<\/p><p>Bahnson saj\u00e1t klinikai tapasztalataib\u00f3l indult ki (Bahnson, 1967, 1969, 1971), \u00e9s hasonl\u00f3 k\u00e9pet alkotott. A r\u00e1kbetegek gyermekkorukban gyakori csal\u00f3d\u00e1st, vesztes\u00e9get, k\u00e9ts\u00e9gbees\u00e9st \u00e9ltek \u00e1t a sz\u00fcleikkel val\u00f3 kapcsolatukban, amelyet f\u00fcgg\u0151s\u00e9g, konfliktus \u00e9s el\u00e9gedetlens\u00e9g jellemzett, k\u00fcl\u00f6n\u00f6sen az \u00e9desanyjukkal. Serd\u00fcl\u0151korban a sz\u00fcl\u0151kt\u0151l val\u00f3 elv\u00e1l\u00e1s f\u00e1jdalmas volt, \u00e9s jelent\u0151s n\u00e9lk\u00fcl\u00f6z\u00e9sk\u00e9nt \u00e9lt\u00e9k meg, amely ellen k\u00fczd\u00f6ttek, \u00e9s ezt \u00fagy pr\u00f3b\u00e1lt\u00e1k kompenz\u00e1lni, hogy \u00e9rzelmi kapcsolatot alak\u00edtottak ki egy m\u00e1sik szem\u00e9llyel, vagy energi\u00e1t fektettek olyan p\u00f3tcselekv\u00e9sekbe, mint a munka vagy az alkot\u00e1s. Ezt gyakran neh\u00e9z el\u00e9rni, mivel bizalmatlanok, \u00e9s a vil\u00e1got ellens\u00e9gesnek \u00e9rz\u00e9kelik magukkal szemben. Ha azonban egy ilyen gondosan fel\u00e9p\u00edtett kapcsolat megromlik, a r\u00e9gi k\u00e9ts\u00e9gbees\u00e9s, az egykori tehetetlen gyermeki l\u00e9t r\u00e9gi k\u00e9ts\u00e9gbees\u00e9se \u00fajra felsz\u00ednre t\u00f6r, \u00e9s arra k\u00e9nyszer\u00edti \u0151ket, hogy ism\u00e9t szembes\u00fcljenek egy olyan k\u00f6rnyezettel, amelyet ellens\u00e9gesnek \u00e9reznek, \u00e9s amely k\u00e9ptelen elfogadni \u0151ket. Ehhez j\u00f6n m\u00e9g a mag\u00e1ny, \u00e9s az a meggy\u0151z\u0151d\u00e9s, hogy m\u00e1sokt\u00f3l nem kaphatnak seg\u00edts\u00e9get vagy melegs\u00e9get. Ekkor \u00e9rtelmetlennek t\u0171nik minden k\u00eds\u00e9rlet, hogy kapcsolatot tartsanak fenn egy olyan intoler\u00e1ns val\u00f3s\u00e1ggal, amely nem k\u00e9pes megadni nekik a sz\u00fcks\u00e9ges el\u00e9gedetts\u00e9get \u00e9s elfogad\u00e1st.<\/p><p>Ugyancsak Bahnson \u00e9s munkat\u00e1rsai a sz\u00fcl\u0151-gyermek kapcsolatra vonatkoz\u00f3 k\u00e9rd\u0151\u00edvet t\u00f6lt\u00f6ttek ki, \u00e9s kimutatt\u00e1k, hogy a r\u00e1kbetegek \u00fagy \u00e9rezt\u00e9k (\u00e9rz\u00e9kelt\u00e9k), hogy sz\u00fcleik elhanyagol\u00f3ak \u00e9s hidegek, kev\u00e9sb\u00e9 szeretetteljesek, kev\u00e9sb\u00e9 v\u00e9delmez\u0151ek, \u00e9s kevesebb \u00e9rzelmi kiel\u00e9g\u00fcl\u00e9st tudnak ny\u00fajtani (Bahnson, 1980, 978. o.). 1979-ben a tagad\u00e1s \u00e9s az \u00e9rzelmek visszatart\u00e1s\u00e1nak kialakul\u00e1s\u00e1t is magyar\u00e1zza - a r\u00e1kbetegek centrifug\u00e1lis csal\u00e1dba sz\u00fclettek, amelyben a k\u00f6lcs\u00f6n\u00f6s elszigetel\u0151d\u00e9s \u00e9s a tagok k\u00f6z\u00f6tti t\u00e1vols\u00e1g nagyon nagy. A gyermek nem tudja megosztani \u00e9rzelmeit a sz\u00fcleivel, de egyens\u00faly\u00e1nak meg\u0151rz\u00e9se \u00e9rdek\u00e9ben megtanulja haszn\u00e1lni ezeket a v\u00e9dekez\u0151 mechanizmusokat. Ebben a csal\u00e1dt\u00edpusban teh\u00e1t nem a k\u00f6zels\u00e9gen, a hovatartoz\u00e1son, a sikeress\u00e9gen \u00e9s a szocializ\u00e1ci\u00f3n van a hangs\u00faly, hanem az elfojt\u00e1son, a visszafog\u00e1son \u00e9s az ellen\u0151rz\u00e9sen. A r\u00e1k Bahnson szeml\u00e9let\u00e9ben, amely csak kieg\u00e9sz\u00edti Le Shan elm\u00e9let\u00e9t, \u00fagy jelenik meg, mint egy sikertelen t\u00fal\u00e9l\u00e9si strat\u00e9gia, egy diszfunkcion\u00e1lis megk\u00fczd\u00e9si m\u00f3d egy els\u0151sorban bels\u0151 val\u00f3s\u00e1ggal, amely t\u00falterheli az alkalmazkod\u00e1si \u00e9s integr\u00e1ci\u00f3s k\u00e9pess\u00e9get.<\/p><p>Kissen kutat\u00f3csoportja (1946, 1966) az els\u0151k k\u00f6z\u00f6tt v\u00e9gzett sz\u00e1mos vizsg\u00e1latot a r\u00e1kbetegek \u00e9n-v\u00e9delmi mechanizmusair\u00f3l, felt\u00e1rva, hogy k\u00e9ptelenek szabadon \u00e9s megfelel\u0151en kifejezni \u00e9rzelmeiket, k\u00fcl\u00f6n\u00f6sen a d\u00fch\u00f6t, az agresszi\u00f3t, az ellens\u00e9gess\u00e9get, amelyeket v\u00e9g\u00fcl az elutas\u00edt\u00e1st\u00f3l val\u00f3 f\u00e9lelem miatt j\u00f3indulat\u00fa homlokzattal takarnak el. Sz\u00e1mos tov\u00e1bbi vizsg\u00e1latot v\u00e9geztek Tarlau &amp; Smalheiser, 1951; Blumberg, West &amp; Ellis, 1954, Reznikoff, 1955; Schonfield, 1975 \u00e9s Bahnson, 1966, 1969. Ugyanezek a szempontok befoly\u00e1solj\u00e1k a r\u00e1kos sejtek prolifer\u00e1ci\u00f3s sebess\u00e9g\u00e9t is v\u00f6. Blumberg, West &amp; Ellis, 1954; Klopfer, 1954, West, 1954; Bahnson &amp; Bahnson, 1964; Greer &amp; Morris, 1975; Derogatis, Abeloff &amp; Melisaratos, 1978; Rogentine et al. 1979.<\/p><p>Ezeket az eredm\u00e9nyeket meger\u0151s\u00edtette Thomas (Thomas &amp; Duszynski, 1974: Thomas, Duszynski &amp; Shaffer. 1979), aki prospekt\u00edv vizsg\u00e1latokkal az \u00f6ngyilkoss\u00e1g, a ment\u00e1lis betegs\u00e9gek, a rosszindulat\u00fa daganatok, a magas v\u00e9rnyom\u00e1s \u00e9s a sz\u00edvkoszor\u00fa\u00e9r-betegs\u00e9g el\u0151rejelz\u0151it kereste, \u00e9s kimutatta, hogy a r\u00e1kos betegekn\u00e9l a sz\u00fcl\u0151kkel val\u00f3 szoros kapcsolat a legalacsonyabb.<\/p><p>Egy 1979-es Wyre-tanulm\u00e1ny, amely mellr\u00e1kban szenved\u0151 n\u0151k anyjukr\u00f3l alkotott k\u00e9p\u00e9t vizsg\u00e1lta, azt mutatja, hogy anyjukat k\u00e9ptelennek vagy felk\u00e9sz\u00fcletlennek l\u00e1tj\u00e1k az anyai szerep v\u00e1llal\u00e1s\u00e1ra.<\/p><p>Booth a r\u00e1kbetegs\u00e9ggel diagnosztiz\u00e1lt betegek \u00e9rzelmi t\u00e1rgy\u00e1nak jelleg\u00e9t vizsg\u00e1lta a tuberkul\u00f3zissal diagnosztiz\u00e1lt betegek\u00e9hez k\u00e9pest. A k\u00f6vetkeztet\u00e9s az volt, hogy a r\u00e1kos betegekre jellemz\u0151 az \u00e9rzelmi t\u00e1rgy feletti kontroll ig\u00e9nye. K\u00fczdenek az \u00e9rzelmi t\u00e1rgy feletti kontroll megszerz\u00e9s\u00e9\u00e9rt, de \u00e9ppen ez teszi \u0151ket f\u00fcgg\u0151v\u00e9 a t\u00e1rgyt\u00f3l, \u00edgy kifejezett merevs\u00e9g \u00e9s az elveszett \u00e9rzelmi t\u00e1rgyak p\u00f3tl\u00e1s\u00e1ra val\u00f3 k\u00e9ptelens\u00e9g jelenik meg (Booth, 1969).<\/p><p>Ezeket a k\u00f6vetkeztet\u00e9seket a spiritu\u00e1lis dimenzi\u00f3ra kiterjesztve azt mondhatjuk, hogy a r\u00e1kbetegs\u00e9gben szenved\u0151 ember elfelejti vagy m\u00e1r nem tudja, mi az \u00e9let c\u00e9lja, ragaszkodik a m\u00faland\u00f3 dolgokhoz, amelyeket l\u00e9t\u00e9nek k\u00f6z\u00e9ppontj\u00e1nak tekint, nem szeret hitelesen, hanem csak az\u00e9rt ad, hogy m\u00e1sok elfogad\u00e1s\u00e1t elnyerje, \u00e9s ezeket \u00e9ppen az\u00e9rt veszik el t\u0151le, hogy visszat\u00e9rjen az Isten keres\u00e9s\u00e9hez.<\/p><p>\u00a0<\/p><h2><strong>Az \u00e9rzelmek kifejez\u00e9se a r\u00e1k b\u00e1rmely form\u00e1j\u00e1nak megel\u0151z\u00e9s\u00e9nek \u00e9s kezel\u00e9s\u00e9nek alapja.<\/strong><\/h2><p>Sz\u00e1mos tanulm\u00e1ny kimutatta, hogy a t\u00fal\u00e9l\u00e9s magasabb azokn\u00e1l a betegekn\u00e9l, akik megtanulj\u00e1k kifejezni \u00e9rzelmeiket, \u00e9s akik er\u0151s szoci\u00e1lis \u00e9s \u00e9rzelmi t\u00e1mogat\u00e1sban r\u00e9szes\u00fclnek. Ezek a meg\u00e1llap\u00edt\u00e1sok sz\u00e1mos csoportos pszichoter\u00e1pi\u00e1s beavatkoz\u00e1si rendszer kialak\u00edt\u00e1s\u00e1nak alapj\u00e1t k\u00e9pezt\u00e9k.<\/p><p>Az 1990-es \u00e9vekben a UCLA School of Medicine Neuropszichi\u00e1triai Int\u00e9zet\u00e9nek munkat\u00e1rsa, Fawzy \u00e1ltal v\u00e9gzett kutat\u00e1s sor\u00e1n 61 r\u00e1kos beteg immunol\u00f3giai v\u00e1lasz\u00e1t elemezt\u00e9k 6 h\u00f3napon kereszt\u00fcl. A betegeket 2 csoportra osztott\u00e1k - a vizsg\u00e1lati csoportra, akik 6 h\u00e9ten kereszt\u00fcl egy csoportos pszichol\u00f3giai t\u00e1mogat\u00f3 programban vettek r\u00e9szt, \u00e9s a kontrollcsoportra. B\u00e1r 6 h\u00e9t ut\u00e1n nem \u00e9szleltek k\u00fcl\u00f6nbs\u00e9get, 6 h\u00f3nap ut\u00e1n m\u00e1r nyilv\u00e1nval\u00f3 volt a k\u00fcl\u00f6nbs\u00e9g. A vizsg\u00e1lati csoportban a k\u00f6vetkez\u0151k voltak megfigyelhet\u0151k: cs\u00f6kkent stressz, a megk\u00fczd\u00e9si strat\u00e9gi\u00e1k tudatosabb haszn\u00e1lata, a granul\u00e1ris limfocit\u00e1k szignifik\u00e1ns n\u00f6veked\u00e9se, a term\u00e9szetes \u00f6l\u0151 (NK) T-limfocit\u00e1k ar\u00e1ny\u00e1nak szignifik\u00e1ns n\u00f6veked\u00e9se, a gyilkos (K) T-limfocit\u00e1k citotoxikus aktivit\u00e1s\u00e1nak n\u00f6veked\u00e9se. A pszichoter\u00e1pia teh\u00e1t nemcsak azt \u00e9rezteti a betegekkel, hogy jobban megbirk\u00f3znak a betegs\u00e9ggel, hanem m\u00e9g az immunol\u00f3giai v\u00e1laszokat is serkenti.<\/p><p>Speigel (Stanford \u00e9s Berkeley Egyetemek Kaliforni\u00e1ban) 1989-ben hasonl\u00f3 vizsg\u00e1latot v\u00e9gzett mellr\u00e1kos n\u0151k\u00f6n. A 86 beteget 2 csoportra osztott\u00e1k, mindkett\u0151 a szok\u00e1sos r\u00e1kkezel\u00e9sen esett \u00e1t, de a vizsg\u00e1lati csoport 1 \u00e9ven \u00e1t heti rendszeress\u00e9ggel pszichoter\u00e1pi\u00e1s \u00e9s \u00f6nszuggeszti\u00f3s foglalkoz\u00e1sokon vett r\u00e9szt, hogy jobban megbirk\u00f3zzon a f\u00e1jdalommal. A k\u00e9t csoport k\u00f6z\u00f6tti k\u00fcl\u00f6nbs\u00e9gek a t\u00fal\u00e9l\u00e9si ar\u00e1nyok tekintet\u00e9ben 8 h\u00f3nap eltelt\u00e9vel mutatkoztak. A t\u00fal\u00e9l\u00e9si ar\u00e1ny \u00e1tlagosan 3 \u00e9v volt a k\u00eds\u00e9rleti csoportban \u00e9s 1,5 \u00e9v a kontrollcsoportban, ami jelent\u0151s k\u00fcl\u00f6nbs\u00e9g. Itt kell hozz\u00e1tenni, hogy a k\u00eds\u00e9rleti csoportban ez id\u0151 alatt a szorong\u00e1s \u00e9s a depresszi\u00f3 jelent\u0151sen cs\u00f6kkent, \u00e9s a f\u00e1jdalomellen\u00e1ll\u00e1s is n\u0151tt.<\/p><p>B\u00e1r a kutat\u00f3k kezdetben nagyon szkeptikusak voltak a vizualiz\u00e1ci\u00f3, a medit\u00e1ci\u00f3, a kreat\u00edv k\u00e9pzeletbeli technik\u00e1k vagy az \u00f6nszuggeszt\u00edv relax\u00e1ci\u00f3 j\u00f3t\u00e9kony hat\u00e1sait illet\u0151en, hamarosan k\u00e9nytelenek voltak felismerni, hogy ezek nem csak a t\u00fal\u00e9l\u00e9si id\u0151 n\u00f6vel\u00e9s\u00e9re (ami \u00fagy t\u0171nik, sok\u00e1ig az egyetlen szempont volt), hanem az \u00e9letmin\u0151s\u00e9g jav\u00edt\u00e1s\u00e1ra \u00e9s a pszichol\u00f3giai distressz cs\u00f6kkent\u00e9s\u00e9re is alkalmasak. Az orvosokkal, a csal\u00e1ddal \u00e9s m\u00e1s betegekkel val\u00f3 jobb kommunik\u00e1ci\u00f3, a f\u00e1jdalomcsillap\u00edt\u00e1s \u00e9s a hal\u00e1lt\u00f3l vagy f\u00e1jdalomt\u00f3l val\u00f3 f\u00e9lelem hat\u00e9kony kezel\u00e9se nagyon fontos elemeiv\u00e9 v\u00e1ltak az ilyen pszichoter\u00e1pi\u00e1s rendszereknek.<\/p><p>Egy dolog azonban megmagyar\u00e1zatlan maradt - mi\u00e9rt v\u00e1lt a t\u00fal\u00e9l\u0151k ar\u00e1nya csak 1 \u00e9vvel a pszichoter\u00e1pia befejez\u00e9se ut\u00e1n v\u00e1lt jelent\u0151ss\u00e9? Az egyik magyar\u00e1zat lehet az id\u0151 m\u00fal\u00e1s\u00e1nak kumulat\u00edv hat\u00e1sa, amely lehet\u0151v\u00e9 teszi az \u00faj strukt\u00far\u00e1k megtapasztal\u00e1s\u00e1t \u00e9s az \u00e1talakul\u00e1sok internaliz\u00e1l\u00e1s\u00e1t.<\/p><p>A harmadik tanulm\u00e1ny, amely a pszichoter\u00e1pia hat\u00e9konys\u00e1g\u00e1nak bizony\u00edt\u00e1s\u00e1ban jelent\u0151snek bizonyul, Hans J. Eysenck \u00e9s R. Grossarth-Maticek (University of London, 1992) tanulm\u00e1nya. Ami ebben a tanulm\u00e1nyban \u00fajdons\u00e1g, az a vizsg\u00e1lt popul\u00e1ci\u00f3 gondosabb kiv\u00e1laszt\u00e1sa, amely lehet\u0151v\u00e9 tette a kor, a nem, a doh\u00e1nyfogyaszt\u00e1s, a koleszterinszint, a v\u00e9rnyom\u00e1s \u00e9s a szem\u00e9lyis\u00e9gt\u00edpus (A vagy C) szerinti differenci\u00e1l\u00e1st. Ez a rendszer garant\u00e1lja a kapott adatok nagyobb pontoss\u00e1g\u00e1t. Az eredm\u00e9nyek bizony\u00edtott\u00e1k a csoportos vagy egy\u00e9ni pszichoter\u00e1pia j\u00f3t\u00e9kony hat\u00e1s\u00e1t a t\u00fal\u00e9l\u00e9si ar\u00e1ny \u00e9s id\u0151tartam szignifik\u00e1ns n\u00f6vel\u00e9s\u00e9re. H\u00e9t \u00e9v eltelt\u00e9vel a k\u00eds\u00e9rleti csoport 245 beteg\u00e9b\u0151l 18 halt meg (r\u00e1kban), m\u00edg a kontrollcsoportban ugyanennyi beteggel 111-en. A vizsg\u00e1lat azt is kimutatta, hogy a biblioter\u00e1pia (a ter\u00e1pia sz\u00f6vegb\u0151l val\u00f3 elsaj\u00e1t\u00edt\u00e1sa) j\u00f3t\u00e9kony hat\u00e1s\u00fa volt. Ami a viselked\u00e9ses pszichoter\u00e1pia hat\u00e1s\u00e1t illeti a v\u00e9gst\u00e1diumban l\u00e9v\u0151 r\u00e1kos betegek t\u00fal\u00e9l\u00e9s\u00e9re, a t\u00fal\u00e9l\u00e9si id\u0151 \u00e1tlagosan 5 \u00e9v volt a k\u00eds\u00e9rleti csoportban, m\u00edg a kontrollcsoportban csak 3 \u00e9v. \u00d6sszehasonl\u00edtott\u00e1k a viselked\u00e9ses pszichoter\u00e1pia \u00e9s a kemoter\u00e1pia r\u00e1kbetegs\u00e9gre gyakorolt hat\u00e1s\u00e1t. Megfigyelt\u00e9k, hogy b\u00e1r a kemoter\u00e1pia \u00f6nmag\u00e1ban 2,8 h\u00f3nappal, a pszichoter\u00e1pia \u00f6nmag\u00e1ban 3,64 h\u00f3nappal n\u00f6velte a t\u00fal\u00e9l\u00e9st (a kett\u0151 \u00f6sszeg\u00e9nek 6,44 h\u00f3napos n\u00f6veked\u00e9st kellett volna eredm\u00e9nyeznie), a kett\u0151 egy\u00fcttesen 22,4 h\u00f3napos t\u00fal\u00e9l\u00e9st eredm\u00e9nyezett, ami ism\u00e9t a pszichol\u00f3giai \u00e9s a fizikai kapcsolat \u00f6sszetetts\u00e9g\u00e9t mutatja. Azt is megfigyelt\u00e9k, hogy a limfocit\u00e1k sz\u00e1ma nemcsak a pszichoter\u00e1pia ideje alatt, hanem m\u00e9g j\u00f3val ut\u00e1na is megn\u0151tt a pszichoter\u00e1pi\u00e1n \u00e1tesett betegekn\u00e9l, ami az immunrendszerre gyakorolt m\u00e9lyrehat\u00f3 hat\u00e1st bizony\u00edtja.<\/p><p>A k\u00f6vetkeztet\u00e9s az, hogy a pszichoter\u00e1pia m\u00e9g az immunrendszerre is egy\u00e9rtelm\u0171 hat\u00e1ssal van, \u00e9s nemcsak a t\u00fal\u00e9l\u00e9si id\u0151 meghosszabb\u00edt\u00e1s\u00e1hoz j\u00e1rul hozz\u00e1, hanem hossz\u00fa t\u00e1v\u00fa j\u00f3t\u00e9kony hat\u00e1s\u00fa, m\u00e9lyrehat\u00f3 \u00e1talakul\u00e1st is eredm\u00e9nyez. Ugyanakkor azonban meg kell jegyezni, hogy a pszichol\u00f3giai t\u00e1mogat\u00e1s \u00f6nmag\u00e1ban nem vezet javul\u00e1shoz \u00e9s gy\u00f3gyul\u00e1shoz, hanem szerves r\u00e9sz\u00e9t k\u00e9pezi egy \u00e1tfog\u00f3 kezel\u00e9si folyamatnak. Eddig nem tal\u00e1ltunk olyan tanulm\u00e1nyt, amely e technik\u00e1knak a r\u00e1k gy\u00f3gy\u00edt\u00e1s\u00e1ban bet\u00f6lt\u00f6tt szerep\u00e9t vizsg\u00e1lta volna, ami sokat elmond arr\u00f3l, hogy a r\u00e1kot jelenleg gy\u00f3gy\u00edthatatlan, hal\u00e1los betegs\u00e9gnek tekintik. Oreste Spechiani, aki egy azonos c\u00edm\u0171 k\u00f6nyv\u00e9ben \u00edrta : \"aki hagyja, hogy eluralkodjon rajta a k\u00e9ts\u00e9gbees\u00e9s, a szorong\u00e1s \u00e9s a f\u00e9lelem, az haljon meg r\u00e1kban... a r\u00e1k az, amivel egy\u00fctt \u00e9lsz\".<\/p><p>\u00a0<\/p><h2><strong>Mi a fontos a mellr\u00e1kos betegek sz\u00e1m\u00e1ra, hogy kifejezz\u00e9k<\/strong><\/h2><p>Nagy el\u0151rel\u00e9p\u00e9st tett a r\u00e1kot \u00e1ltal\u00e1ban \u00e9s k\u00fcl\u00f6n\u00f6sen a mellr\u00e1kot okoz\u00f3 \u00e9rzelmek pontosabb meg\u00e9rt\u00e9se fel\u00e9 Rike-Geerd Hamer n\u00e9met orvos az \u00daj N\u00e9met Orvostudom\u00e1ny nev\u0171 rendszer\u00e9ben, amely r\u00e9szletesen ismerteti a test valamennyi rendszer\u00e9nek \u00e9s szerv\u00e9nek betegs\u00e9geinek pszichoszomatikus okait. Ennek keret\u00e9ben k\u00fcl\u00f6n\u00f6sen fontos gyakorlati szempontok ker\u00fclnek bemutat\u00e1sra, amelyek nagyban seg\u00edthetnek abban, hogy meg\u00e9rts\u00fck, milyen k\u00f6r\u00fclm\u00e9nyek k\u00f6z\u00f6tt alakul ki a mellr\u00e1k. Az ilyen t\u00edpus\u00fa r\u00e1k megel\u0151z\u00e9se vagy kezel\u00e9se \u00e9rdek\u00e9ben fontos, hogy a p\u00e1ciens pontosan azokat az \u00e9rzelemt\u00edpusokat fejezze ki, amelyek e k\u00fcl\u00f6nleges daganatt\u00edpus kialakul\u00e1s\u00e1nak h\u00e1tter\u00e9ben \u00e1llnak.<\/p><p>\u00a0<\/p><h2><strong>A pszichoszomatikus betegs\u00e9gek k\u00e9t f\u00e1zisa<\/strong><\/h2><p>El\u0151sz\u00f6r is mindig szem el\u0151tt kell tartanunk, hogy minden pszichoszomatikus \u00e1llapotot, bele\u00e9rtve a r\u00e1kot is, egy olyan stresszes esem\u00e9ny v\u00e1lt ki, amely sz\u00e1munkra val\u00f3di \u00e9rzelmi sokkot jelent, \u00e9s amely el\u0151sz\u00f6r is nagyon meglep minket. Ez mindenk\u00e9ppen egy sz\u00e1munkra teljesen v\u00e1ratlan esem\u00e9ny. M\u00e1sodszor, szubjekt\u00edv n\u00e9z\u0151pontunkb\u00f3l n\u00e9zve ez valami dr\u00e1mai, s\u00falyos dolog, amire nincs megold\u00e1sunk. Gyakran m\u00e9g az a f\u00e9lelem is megmarad benn\u00fcnk, hogy a j\u00f6v\u0151ben ism\u00e9t megt\u00f6rt\u00e9nhet valami hasonl\u00f3.<\/p><p>Att\u00f3l a pillanatt\u00f3l kezdve, hogy \u00e1t\u00e9l\u00fcnk egy ilyen \u00e9lm\u00e9nyt, a pszichoszomatikus \u00e1llapot elkezd\u0151dik, \u00e9s k\u00e9t f\u00e1zisban fog tov\u00e1bb fejl\u0151dni. Az els\u0151 f\u00e1zis addig tart, am\u00edg a probl\u00e9ma megoldatlan marad, \u00e9s akt\u00edv konfliktusf\u00e1zisnak nevezhet\u0151. A m\u00e1sodik f\u00e1zis att\u00f3l a pillanatt\u00f3l kezd\u0151dik, hogy megold\u00e1st tal\u00e1ltunk a probl\u00e9m\u00e1ra, \u00e9s a gy\u00f3gyul\u00e1s id\u0151szak\u00e1t jelenti, amelyben kifejezetten gyullad\u00e1s l\u00e9p fel azokban a sz\u00f6vetekben, amelyek az akt\u00edv konfliktus sor\u00e1n k\u00e1rosodtak. Ebben a f\u00e1zisban a k\u00e1rosodott sz\u00f6vetek \u00e9s szervek helyre\u00e1ll\u00edt\u00e1sa olyan mikroorganizmusok, p\u00e9ld\u00e1ul bakt\u00e9riumok, gomb\u00e1k vagy v\u00edrusok seg\u00edts\u00e9g\u00e9vel t\u00f6rt\u00e9nik, amelyek elszaporodnak az adott szervben a gy\u00f3gyul\u00e1si f\u00e1zisba l\u00e9pve. Ezt a szaporod\u00e1st t\u00e9vesen fert\u0151z\u00e9sk\u00e9nt \u00e9rtelmezik. Val\u00f3j\u00e1ban ez egy norm\u00e1lis gy\u00f3gyul\u00e1si f\u00e1zis, amelyet brut\u00e1lisan megszak\u00edthat egy olyan kezel\u00e9s, amely t\u00falzottan aktiv\u00e1lja a szimpatikus idegrendszert, azaz egyes antibiotikumok, f\u00e1jdalomcsillap\u00edt\u00f3k vagy kemoter\u00e1pia.<\/p><p>\u00a0<\/p><h2><strong>A mellsz\u00f6vet k\u00e9t t\u00edpusa \u00e9s az \u00e9rzelmek, amelyekre reag\u00e1lnak<\/strong><\/h2><p>Az eml\u0151 k\u00e9t f\u0151 sz\u00f6vett\u00edpusb\u00f3l \u00e1ll, amelyek k\u00fcl\u00f6nb\u00f6z\u0151k\u00e9ppen reag\u00e1lnak, ezek az eml\u0151mirigyek mirigysz\u00f6vete, amely az anyatejet termel\u0151 sejtekb\u0151l \u00e1ll, \u00e9s a h\u00e1msz\u00f6vet, amelyb\u0151l az eml\u0151mirigyek csatorn\u00e1i k\u00e9pz\u0151dnek. E k\u00e9t sz\u00f6vett\u00edpus mindegyike a betegs\u00e9g lefoly\u00e1sa sor\u00e1n a saj\u00e1tos biol\u00f3giai szerep\u00fckh\u00f6z kapcsol\u00f3d\u00f3an v\u00e1ltoz\u00e1sokon megy kereszt\u00fcl.<\/p><p>B\u00e1rmilyen meglep\u0151nek is t\u0171nik els\u0151 pillant\u00e1sra, a r\u00e1k, amelyet megszoktunk s\u00falyos \u00e1llapotnak, katasztrof\u00e1lis genetikai hib\u00e1nak vagy olyan ellens\u00e9gnek tekinteni, akit minden eszk\u00f6zzel, ak\u00e1r agressz\u00edv m\u00f3don is le kell gy\u0151zni \u00e9s meg kell semmis\u00edteni, val\u00f3j\u00e1ban a legjobb biol\u00f3giai megold\u00e1s, amelyet a szervezet abban a pillanatban tal\u00e1lt, \u00e9s amelyet azzal a nagyon vil\u00e1gos c\u00e9llal fogadott el, hogy megoldja azt a nagy bels\u0151 konfliktust, amelyen \u00e9rzelmi sokk idej\u00e9n kereszt\u00fclmegy\u00fcnk.<\/p><p>Ebben az \u00e9rtelemben, mivel az eml\u0151mirigy-sz\u00f6vet szerepe az anyatej termel\u00e9se a csecsem\u0151 t\u00e1pl\u00e1l\u00e1sa \u00e9s \u00e9letben tart\u00e1sa c\u00e9lj\u00e1b\u00f3l, ha a n\u0151 k\u00e9s\u0151bb egy sz\u00e1m\u00e1ra meglep\u0151, dr\u00e1mai \u00e9s megr\u00e1z\u00f3 esem\u00e9nyt \u00e9l \u00e1t, amelyben egy sz\u00e1m\u00e1ra nagyon kedves szem\u00e9lynek sz\u00fcks\u00e9ge van a t\u00e1mogat\u00e1s\u00e1ra, \u00e9s \u00fagy tal\u00e1lja, hogy k\u00fcl\u00f6nb\u00f6z\u0151 okokb\u00f3l nem tud megfelel\u0151 t\u00e1mogat\u00e1st ny\u00fajtani, a biol\u00f3giai megold\u00e1s, amelyet a szervezet tal\u00e1l, hogy seg\u00edtsen neki megbirk\u00f3zni ezzel a sz\u00e1m\u00e1ra k\u00fcl\u00f6n\u00f6sen stresszes \u00e9s neh\u00e9z helyzettel, az eml\u0151mirigyek n\u00f6veked\u00e9se \u00e9s szaporod\u00e1sa. Ily m\u00f3don t\u00f6bb anyatejet tudna termelni, hogy megfelel\u0151en t\u00e1mogatni tudja azt, aki az adott pillanatban nagy neh\u00e9zs\u00e9geken megy kereszt\u00fcl, \u00e9s akinek sz\u00fcks\u00e9ge van a seg\u00edts\u00e9g\u00e9re. Ha ilyenkor eml\u0151 ultrahangvizsg\u00e1latot v\u00e9geznek, az \u00faj, n\u00f6vekv\u0151 \u00e9s fejl\u0151d\u0151 mirigysejtekb\u0151l kialakult eml\u0151csom\u00f3k jelenl\u00e9t\u00e9t mutatja ki, amelyek biopszia eset\u00e9n eml\u0151 adenokarcin\u00f3m\u00e1nak min\u0151s\u00fclnek.<\/p><p>Amikor a helyzet valahogyan megold\u00f3dik, \u00e9s nincs sz\u00fcks\u00e9g tov\u00e1bbi t\u00e1mogat\u00e1sra az adott n\u0151 r\u00e9sz\u00e9r\u0151l, a kor\u00e1bban elszaporodott mirigystrukt\u00far\u00e1kra m\u00e1r nincs sz\u00fcks\u00e9g, \u00e9s a mikobakt\u00e9riumok seg\u00edts\u00e9g\u00e9vel megkezd\u0151dik az \u00f6npuszt\u00edt\u00e1s folyamata. Az autol\u00edzis \u00e9s az \u00f6npuszt\u00edt\u00e1s folyamata sor\u00e1n a sz\u00f3ban forg\u00f3 sz\u00f6vet gyullad, f\u00e1jdalmas \u00e9s ontja mag\u00e1b\u00f3l a fert\u0151z\u00f6tt sejtt\u00f6rmel\u00e9ket, am\u00edg teljesen el nem t\u00e1volodik \u00e9s fel nem sz\u00edv\u00f3dik. Orvosi \u00e9rtelemben ebben a szakaszban diagnosztiz\u00e1lj\u00e1k az eml\u0151 adenokarcin\u00f3m\u00e1j\u00e1t nekr\u00f3zisos ter\u00fcletekkel. Ha a n\u0151 szervezet\u00e9ben nincs mikobakt\u00e9rium a tuberkul\u00f3zis elleni v\u00e9d\u0151olt\u00e1s vagy a m\u00faltban t\u00f6bbsz\u00f6r alkalmazott antibiotikumos kezel\u00e9sek miatt, akkor a felesleges mellsz\u00f6vetet nem lehet teljesen elt\u00e1vol\u00edtani. A szervezet elt\u00e1vol\u00edt\u00e1s\u00e1ra tett er\u0151fesz\u00edt\u00e9sei sor\u00e1n gyullad\u00e1sos f\u00e1zison megy kereszt\u00fcl, f\u00e1jdalmas lesz, v\u00e1lad\u00e9kot bocs\u00e1t ki, de nem fert\u0151z\u0151dik, \u00e9s v\u00e9g\u00fcl \u00e1rtalmatlan mellcisztak\u00e9nt gy\u00f3gyul be. Mivel az eml\u0151mirigy sejtburj\u00e1nz\u00e1si folyamata le\u00e1llt, a biopszia csak j\u00f3indulat\u00fa mellciszt\u00e1t fog mutatni.<\/p><p>M\u00e1sr\u00e9szt a h\u00e1msz\u00f6vet, amelyb\u0151l az eml\u0151mirigyek k\u00e9pz\u0151dnek, m\u00e1s okokb\u00f3l fog reag\u00e1lni, mivel m\u00e1s biol\u00f3giai szerepe van. Az eml\u0151csatorn\u00e1k, m\u00e1s n\u00e9ven tejcsatorn\u00e1k az eml\u0151mirigy \u00e1ltal termelt anyatejet sz\u00e1ll\u00edtj\u00e1k a mellbimb\u00f3hoz, hogy a baba szophassa. Ha azonban a baba k\u00fcl\u00f6nb\u00f6z\u0151 okok miatt nem tud szopni, leggyakrabban az\u00e9rt, mert elv\u00e1lasztott\u00e1k az anyj\u00e1t\u00f3l, a szervezet biol\u00f3giai megold\u00e1sa az, hogy kit\u00e1g\u00edtja ezeket a tejcsatorn\u00e1kat, hogy a tejet hat\u00e9konyabban \u00e9s nagyobb mennyis\u00e9gben sz\u00e1ll\u00edtsa. Ez\u00e9rt a csecsem\u0151t\u0151l val\u00f3 elv\u00e1laszt\u00e1s sor\u00e1n a csatorn\u00e1k egyre jobban kit\u00e1gulnak az\u00e1ltal, hogy a csatorn\u00e1k fal\u00e1n apr\u00f3 fek\u00e9lyeket k\u00e9peznek, hogy a lehet\u0151 legnagyobb m\u00e9rt\u00e9kben n\u00f6velj\u00e9k e finom csatorn\u00e1k \u00e1tm\u00e9r\u0151j\u00e9t. Amikor a helyzet megold\u00f3dik, \u00e9s a baba visszat\u00e9r a mellhez, a csatorn\u00e1knak m\u00e1r nem kell annyira kit\u00e1gulniuk, \u00e9s a kor\u00e1bban kialakult fek\u00e9lyek gy\u00f3gyulni kezdenek, de ezt a folyamatot helyi gyullad\u00e1s k\u00eds\u00e9ri. A csatornafalban kialakul\u00f3 gyullad\u00e1s miatt egyes csatorn\u00e1k \u00e1tmenetileg elz\u00e1r\u00f3dhatnak, \u00e9s a tej felfel\u00e9 felgy\u00fclemlik, ami a k\u00f6rnyez\u0151 ter\u00fcletekre nehezed\u0151 nyom\u00e1s miatt n\u00e9ha er\u0151s f\u00e1jdalmat okoz. Ily m\u00f3don a mellek megnagyobbodnak, megduzzadnak \u00e9s f\u00e1jdalmasak lesznek. Az ilyenkor elv\u00e9gzett mell ultrahangvizsg\u00e1lat a kit\u00e1gult, helyenk\u00e9nt megvastagodott fal\u00fa csatorn\u00e1kat mutatja, \u00e9s ha a vastagabb fal\u00fa ter\u00fcletekr\u0151l biopszi\u00e1t vesznek, a diagn\u00f3zis ductus carcinoma lehet.<\/p><p>A gy\u00f3gyul\u00e1s v\u00e9g\u00e9n a csatorn\u00e1k \u00e1ltal\u00e1ban visszanyerik norm\u00e1lis m\u00e9ret\u00fcket, vagy enyh\u00e9n t\u00e1gak maradnak, \u00e9s a biopszia norm\u00e1lis, karcin\u00f3ma n\u00e9lk\u00fcli ductussz\u00f6vetet mutat.<\/p><p>\u00d6sszefoglalva, a mell adenokarcin\u00f3m\u00e1j\u00e1n \u00e1tes\u0151 n\u0151 \u00e1ltal kifejezend\u0151 \u00e9rzelmi reakci\u00f3 a szerettei\u00e9rt val\u00f3 agg\u00f3d\u00e1s, a f\u00e9lelem, hogy nem tudja \u0151ket el\u00e9gg\u00e9 t\u00e1mogatni vagy t\u00e1pl\u00e1lni. Az eml\u0151r\u00e1k eset\u00e9ben azonban az \u00e9rzelem, amelyet ki kell fejezni, eg\u00e9szen m\u00e1s. Ez a f\u00e1jdalmas elv\u00e1l\u00e1s att\u00f3l, akit szeret \u00e9s \u00e1pol. Sajnos ez a konfliktus nagyon gyakori, \u00e9s b\u00e1rmilyen cs\u00fanya veszeked\u00e9skor el\u0151fordulhat a szeretett szem\u00e9llyel, legyen az egy szeretett f\u00e9rfi, egy gyermek, egy bar\u00e1t, egy szomsz\u00e9d, de \u00e1ltal\u00e1ban egy olyan szem\u00e9ly, akit szeret, \u00e9s akit eg\u00e9szen a konfliktus pillanat\u00e1ig t\u00e1mogatott, \u00e9s a sz\u00f3ban forg\u00f3 konfliktus hirtelen elv\u00e1laszt\u00e1st okozott a n\u0151 \u00e9s a szeretett szem\u00e9ly k\u00f6z\u00f6tt, m\u00e9g akkor is, ha ez az elv\u00e1l\u00e1s vagy szakad\u00e1s csak a n\u0151 lelk\u00e9ben van, \u00e9s nem mindig maga a fizikai elv\u00e1l\u00e1s.<\/p><p>E f\u00e1jdalmas \u00e9rzelmek kifejez\u00e9s\u00e9n t\u00fal azonban a n\u0151nek \u00e9letk\u00e9pes megold\u00e1sokat kell tal\u00e1lnia ezekre a konfliktusokra. Ha a helyzet r\u00e9szben megold\u00f3dik, de a n\u0151ben a lelke m\u00e9ly\u00e9n t\u00f6bb\u00e9-kev\u00e9sb\u00e9 rejtett f\u00e9lelem marad, hogy a j\u00f6v\u0151ben ism\u00e9t megt\u00f6rt\u00e9nhet valami hasonl\u00f3, akkor az eml\u0151sz\u00f6vetek v\u00e1ltoz\u00e1sai tov\u00e1bb folytat\u00f3dnak, \u00e9s az eml\u0151mirigyek szaporod\u00e1sa vagy az eml\u0151csatorn\u00e1k t\u00e1gul\u00e1sa csak akkor \u00e1ll meg teljesen, ha a n\u0151 teljes \u00e9s v\u00e9gleges megold\u00e1st tal\u00e1l az ilyen t\u00edpus\u00fa konfliktusokra. Kev\u00e9sb\u00e9 fontos, hogy milyen m\u00f3don fogja megoldani ezt a fajta probl\u00e9m\u00e1t. Ami igaz\u00e1n sz\u00e1m\u00edt, hogy a megtal\u00e1lt megold\u00e1s val\u00f3ban teljes megold\u00e1st jelentsen az \u0151 eset\u00e9ben.<\/p><p>\u00a0<\/p><h2><strong>Az \u00e9rzelmi megold\u00e1s a testi gy\u00f3gyul\u00e1s alapja.<\/strong><\/h2><p>Att\u00f3l a pillanatt\u00f3l kezdve, hogy egy n\u0151nek siker\u00fclt v\u00e9glegesen, teljesen \u00e9s m\u00e9lyrehat\u00f3an megoldania azt az egzisztenci\u00e1lis probl\u00e9m\u00e1t, amely az eml\u0151 adenokarcin\u00f3ma vagy ductus carcinoma megjelen\u00e9s\u00e9nek \u00e9s kialakul\u00e1s\u00e1nak a gy\u00f6kere volt, a testi gy\u00f3gyul\u00e1s \u00fatja megny\u00edlik. Term\u00e9szetesen min\u00e9l hamarabb siker\u00fcl megtal\u00e1lni a megfelel\u0151 megold\u00e1st, ann\u00e1l nagyobb az es\u00e9ly a teljes gy\u00f3gyul\u00e1sra. Ha az id\u0151 ellene ment, \u00e9s a daganat m\u00e9rete m\u00e1r t\u00fal nagy, lehets\u00e9ges, hogy a szervezet eg\u00e9sze kudarcot vall, \u00e9s a t\u00fal\u00e9l\u00e9s vesz\u00e9lybe ker\u00fcl, m\u00e9g akkor is, ha a konfliktus m\u00e1r megold\u00f3dott, de a megold\u00e1st t\u00fal k\u00e9s\u0151n tal\u00e1lt\u00e1k meg.<\/p><p>Ez\u00e9rt nagyon fontos, hogy a lehet\u0151 leghamarabb mindent megtegy\u00fcnk az \u0151ket kiv\u00e1lt\u00f3 \u00e9rzelmek min\u00e9l harmonikusabb kifejez\u00e9s\u00e9re, valamint a megfelel\u0151 megold\u00e1sok megtal\u00e1l\u00e1s\u00e1ra \u00e9s alkalmaz\u00e1s\u00e1ra.<\/p>\t\t\t\t\t\t\t\t<\/div>\n\t\t\t\t<\/div>\n\t\t\t\t\t<\/div>\n\t\t<\/div>\n\t\t\t\t\t<\/div>\n\t\t<\/section>\n\t\t\t\t<\/div>","protected":false},"excerpt":{"rendered":"<p>Milyen traum\u00e1k \u00e1llhatnak a mellr\u00e1k h\u00e1tter\u00e9ben A mellr\u00e1k kialakul\u00e1s\u00e1ban m\u00e1r \u0151sid\u0151k \u00f3ta megfigyelt\u00e9k bizonyos \u00e9rzelmi t\u00e9nyez\u0151k k\u00f6zrem\u0171k\u00f6d\u00e9s\u00e9t. Galenus (Kr. u. 2. sz\u00e1zad) kimutatta, hogy a t\u00falnyom\u00f3r\u00e9szt melankolikus hangulat\u00fa n\u0151kn\u00e9l nagyobb a mellr\u00e1k kock\u00e1zata, mint a t\u00falnyom\u00f3r\u00e9szt szangvinikus hangulat\u00faakn\u00e1l. [...]<\/p>","protected":false},"author":1,"featured_media":0,"parent":0,"menu_order":0,"comment_status":"closed","ping_status":"closed","template":"","meta":{"_mi_skip_tracking":false,"_analytify_skip_tracking":false,"footnotes":""},"class_list":["post-10273","page","type-page","status-publish","hentry"],"aioseo_notices":[],"aioseo_head":"\n\t\t<!-- All in One SEO Pro 4.7.0 - aioseo.com -->\n\t\t<meta name=\"description\" content=\"Aromaterapie Apiterapie Cristaloterapie Cromoterapie Dermoterapie Dietoterapie Fitoterapie Floriterapie Hidroterapie Meteoterapie Muzicoterapie Psihoterapie Termoterapie Umorterapie Aromaterapie Apiterapie Cristaloterapie Cromoterapie Dermoterapie Dietoterapie Fitoterapie Floriterapie Hidroterapie Meteoterapie Muzicoterapie Psihoterapie Termoterapie Umorterapie Ce traume se pot ascunde \u00een spatele cancerului de s\u00e2n Implicarea unor factori emo\u021bionali specifici \u00een apari\u021bia cancerului de s\u00e2n a fost observat\u0103 \u00eenc\u0103 din antichitate. Galenus (sec\" \/>\n\t\t<meta name=\"robots\" content=\"max-image-preview:large\" \/>\n\t\t<meta name=\"google-site-verification\" content=\"G-391X30D2FS\" \/>\n\t\t<link rel=\"canonical\" href=\"https:\/\/amnromania.ro\/hu\/egeszseg-rak\/\" \/>\n\t\t<meta name=\"generator\" content=\"All in One SEO Pro (AIOSEO) 4.7.0\" \/>\n\t\t<meta property=\"og:locale\" content=\"hu_HU\" \/>\n\t\t<meta property=\"og:site_name\" content=\"AMN Ayurveda ROM\u00c2NIA | Asociatia Nationala pentru Promovarea Medicinelor Neconventionale\" \/>\n\t\t<meta property=\"og:type\" content=\"article\" \/>\n\t\t<meta property=\"og:title\" content=\"Cancerul de san | AMN Ayurveda ROM\u00c2NIA\" \/>\n\t\t<meta property=\"og:description\" content=\"Aromaterapie Apiterapie Cristaloterapie Cromoterapie Dermoterapie Dietoterapie Fitoterapie Floriterapie Hidroterapie Meteoterapie Muzicoterapie Psihoterapie Termoterapie Umorterapie Aromaterapie Apiterapie Cristaloterapie Cromoterapie Dermoterapie Dietoterapie Fitoterapie Floriterapie Hidroterapie Meteoterapie Muzicoterapie Psihoterapie Termoterapie Umorterapie Ce traume se pot ascunde \u00een spatele cancerului de s\u00e2n Implicarea unor factori emo\u021bionali specifici \u00een apari\u021bia cancerului de s\u00e2n a fost observat\u0103 \u00eenc\u0103 din antichitate. Galenus (sec\" \/>\n\t\t<meta property=\"og:url\" content=\"https:\/\/amnromania.ro\/hu\/egeszseg-rak\/\" \/>\n\t\t<meta property=\"og:image\" content=\"https:\/\/amnromania.ro\/ynorsyju\/2021\/06\/Ayurveda-in-Romania-Vol.-2-Ro.jpg\" \/>\n\t\t<meta property=\"og:image:secure_url\" content=\"https:\/\/amnromania.ro\/ynorsyju\/2021\/06\/Ayurveda-in-Romania-Vol.-2-Ro.jpg\" \/>\n\t\t<meta property=\"article:published_time\" content=\"2022-03-28T18:12:15+00:00\" \/>\n\t\t<meta property=\"article:modified_time\" content=\"2022-03-28T19:05:31+00:00\" \/>\n\t\t<meta property=\"article:publisher\" content=\"https:\/\/www.facebook.com\/AMNRomania\" \/>\n\t\t<script type=\"application\/ld+json\" class=\"aioseo-schema\">\n\t\t\t{\"@context\":\"https:\\\/\\\/schema.org\",\"@graph\":[{\"@type\":\"BreadcrumbList\",\"@id\":\"https:\\\/\\\/amnromania.ro\\\/hu\\\/egeszseg-rak\\\/#breadcrumblist\",\"itemListElement\":[{\"@type\":\"ListItem\",\"@id\":\"https:\\\/\\\/amnromania.ro\\\/hu\\\/#listItem\",\"position\":1,\"name\":\"Home\",\"item\":\"https:\\\/\\\/amnromania.ro\\\/hu\\\/\",\"nextItem\":\"https:\\\/\\\/amnromania.ro\\\/hu\\\/egeszseg-rak\\\/#listItem\"},{\"@type\":\"ListItem\",\"@id\":\"https:\\\/\\\/amnromania.ro\\\/hu\\\/egeszseg-rak\\\/#listItem\",\"position\":2,\"name\":\"Cancerul de san\",\"previousItem\":\"https:\\\/\\\/amnromania.ro\\\/hu\\\/#listItem\"}]},{\"@type\":\"Organization\",\"@id\":\"https:\\\/\\\/amnromania.ro\\\/hu\\\/#organization\",\"name\":\"AMN Ayurveda Romania\",\"url\":\"https:\\\/\\\/amnromania.ro\\\/hu\\\/\",\"logo\":{\"@type\":\"ImageObject\",\"url\":\"https:\\\/\\\/amnromania.ro\\\/ynorsyju\\\/2020\\\/10\\\/amn.png\",\"@id\":\"https:\\\/\\\/amnromania.ro\\\/hu\\\/egeszseg-rak\\\/#organizationLogo\"},\"image\":{\"@id\":\"https:\\\/\\\/amnromania.ro\\\/hu\\\/egeszseg-rak\\\/#organizationLogo\"},\"sameAs\":[\"https:\\\/\\\/www.facebook.com\\\/AMNRomania\",\"https:\\\/\\\/www.youtube.com\\\/channel\\\/UClfqKxiq_uZ11rthDIT3-BQ\\\/videos\"]},{\"@type\":\"WebPage\",\"@id\":\"https:\\\/\\\/amnromania.ro\\\/hu\\\/egeszseg-rak\\\/#webpage\",\"url\":\"https:\\\/\\\/amnromania.ro\\\/hu\\\/egeszseg-rak\\\/\",\"name\":\"Cancerul de san | AMN Ayurveda ROM\\u00c2NIA\",\"description\":\"Aromaterapie Apiterapie Cristaloterapie Cromoterapie Dermoterapie Dietoterapie Fitoterapie Floriterapie Hidroterapie Meteoterapie Muzicoterapie Psihoterapie Termoterapie Umorterapie Aromaterapie Apiterapie Cristaloterapie Cromoterapie Dermoterapie Dietoterapie Fitoterapie Floriterapie Hidroterapie Meteoterapie Muzicoterapie Psihoterapie Termoterapie Umorterapie Ce traume se pot ascunde \\u00een spatele cancerului de s\\u00e2n Implicarea unor factori emo\\u021bionali specifici \\u00een apari\\u021bia cancerului de s\\u00e2n a fost observat\\u0103 \\u00eenc\\u0103 din antichitate. Galenus (sec\",\"inLanguage\":\"hu-HU\",\"isPartOf\":{\"@id\":\"https:\\\/\\\/amnromania.ro\\\/hu\\\/#website\"},\"breadcrumb\":{\"@id\":\"https:\\\/\\\/amnromania.ro\\\/hu\\\/egeszseg-rak\\\/#breadcrumblist\"},\"datePublished\":\"2022-03-28T20:12:15+02:00\",\"dateModified\":\"2022-03-28T21:05:31+02:00\"},{\"@type\":\"WebSite\",\"@id\":\"https:\\\/\\\/amnromania.ro\\\/hu\\\/#website\",\"url\":\"https:\\\/\\\/amnromania.ro\\\/hu\\\/\",\"name\":\"AMN Ayurveda ROM\\u00c2NIA\",\"description\":\"Asociatia Nationala pentru Promovarea Medicinelor Neconventionale\",\"inLanguage\":\"hu-HU\",\"publisher\":{\"@id\":\"https:\\\/\\\/amnromania.ro\\\/hu\\\/#organization\"}}]}\n\t\t<\/script>\n\t\t<!-- All in One SEO Pro -->\r\n\t\t<title>Cancerul de san | AMN Ayurveda ROM\u00c2NIA<\/title>\n\n","aioseo_head_json":{"title":"Cancerul de san | AMN Ayurveda ROM\u00c2NIA","description":"Aromaterapie Apiterapie Cristaloterapie Cromoterapie Dermoterapie Dietoterapie Fitoterapie Floriterapie Hidroterapie Meteoterapie Muzicoterapie Psihoterapie Termoterapie Umorterapie Aromaterapie Apiterapie Cristaloterapie Cromoterapie Dermoterapie Dietoterapie Fitoterapie Floriterapie Hidroterapie Meteoterapie Muzicoterapie Psihoterapie Termoterapie Umorterapie Ce traume se pot ascunde \u00een spatele cancerului de s\u00e2n Implicarea unor factori emo\u021bionali specifici \u00een apari\u021bia cancerului de s\u00e2n a fost observat\u0103 \u00eenc\u0103 din antichitate. Galenus (sec","canonical_url":"https:\/\/amnromania.ro\/hu\/egeszseg-rak\/","robots":"max-image-preview:large","keywords":"","webmasterTools":{"google-site-verification":"G-391X30D2FS","miscellaneous":""},"og:locale":"hu_HU","og:site_name":"AMN Ayurveda ROM\u00c2NIA | Asociatia Nationala pentru Promovarea Medicinelor Neconventionale","og:type":"article","og:title":"Cancerul de san | AMN Ayurveda ROM\u00c2NIA","og:description":"Aromaterapie Apiterapie Cristaloterapie Cromoterapie Dermoterapie Dietoterapie Fitoterapie Floriterapie Hidroterapie Meteoterapie Muzicoterapie Psihoterapie Termoterapie Umorterapie Aromaterapie Apiterapie Cristaloterapie Cromoterapie Dermoterapie Dietoterapie Fitoterapie Floriterapie Hidroterapie Meteoterapie Muzicoterapie Psihoterapie Termoterapie Umorterapie Ce traume se pot ascunde \u00een spatele cancerului de s\u00e2n Implicarea unor factori emo\u021bionali specifici \u00een apari\u021bia cancerului de s\u00e2n a fost observat\u0103 \u00eenc\u0103 din antichitate. Galenus (sec","og:url":"https:\/\/amnromania.ro\/hu\/egeszseg-rak\/","og:image":"https:\/\/amnromania.ro\/ynorsyju\/2021\/06\/Ayurveda-in-Romania-Vol.-2-Ro.jpg","og:image:secure_url":"https:\/\/amnromania.ro\/ynorsyju\/2021\/06\/Ayurveda-in-Romania-Vol.-2-Ro.jpg","article:published_time":"2022-03-28T18:12:15+00:00","article:modified_time":"2022-03-28T19:05:31+00:00","article:publisher":"https:\/\/www.facebook.com\/AMNRomania","schema":{"@context":"https:\/\/schema.org","@graph":[{"@type":"BreadcrumbList","@id":"https:\/\/amnromania.ro\/hu\/egeszseg-rak\/#breadcrumblist","itemListElement":[{"@type":"ListItem","@id":"https:\/\/amnromania.ro\/hu\/#listItem","position":1,"name":"Home","item":"https:\/\/amnromania.ro\/hu\/","nextItem":"https:\/\/amnromania.ro\/hu\/egeszseg-rak\/#listItem"},{"@type":"ListItem","@id":"https:\/\/amnromania.ro\/hu\/egeszseg-rak\/#listItem","position":2,"name":"Cancerul de san","previousItem":"https:\/\/amnromania.ro\/hu\/#listItem"}]},{"@type":"Organization","@id":"https:\/\/amnromania.ro\/hu\/#organization","name":"AMN Ayurveda Romania","url":"https:\/\/amnromania.ro\/hu\/","logo":{"@type":"ImageObject","url":"https:\/\/amnromania.ro\/ynorsyju\/2020\/10\/amn.png","@id":"https:\/\/amnromania.ro\/hu\/egeszseg-rak\/#organizationLogo"},"image":{"@id":"https:\/\/amnromania.ro\/hu\/egeszseg-rak\/#organizationLogo"},"sameAs":["https:\/\/www.facebook.com\/AMNRomania","https:\/\/www.youtube.com\/channel\/UClfqKxiq_uZ11rthDIT3-BQ\/videos"]},{"@type":"WebPage","@id":"https:\/\/amnromania.ro\/hu\/egeszseg-rak\/#webpage","url":"https:\/\/amnromania.ro\/hu\/egeszseg-rak\/","name":"Cancerul de san | AMN Ayurveda ROM\u00c2NIA","description":"Aromaterapie Apiterapie Cristaloterapie Cromoterapie Dermoterapie Dietoterapie Fitoterapie Floriterapie Hidroterapie Meteoterapie Muzicoterapie Psihoterapie Termoterapie Umorterapie Aromaterapie Apiterapie Cristaloterapie Cromoterapie Dermoterapie Dietoterapie Fitoterapie Floriterapie Hidroterapie Meteoterapie Muzicoterapie Psihoterapie Termoterapie Umorterapie Ce traume se pot ascunde \u00een spatele cancerului de s\u00e2n Implicarea unor factori emo\u021bionali specifici \u00een apari\u021bia cancerului de s\u00e2n a fost observat\u0103 \u00eenc\u0103 din antichitate. Galenus (sec","inLanguage":"hu-HU","isPartOf":{"@id":"https:\/\/amnromania.ro\/hu\/#website"},"breadcrumb":{"@id":"https:\/\/amnromania.ro\/hu\/egeszseg-rak\/#breadcrumblist"},"datePublished":"2022-03-28T20:12:15+02:00","dateModified":"2022-03-28T21:05:31+02:00"},{"@type":"WebSite","@id":"https:\/\/amnromania.ro\/hu\/#website","url":"https:\/\/amnromania.ro\/hu\/","name":"AMN Ayurveda ROM\u00c2NIA","description":"Asociatia Nationala pentru Promovarea Medicinelor Neconventionale","inLanguage":"hu-HU","publisher":{"@id":"https:\/\/amnromania.ro\/hu\/#organization"}}]}},"aioseo_meta_data":{"post_id":"10273","title":null,"description":null,"keywords":"[]","keyphrases":"{\"focus\":{\"keyphrase\":\"\",\"score\":0,\"analysis\":{\"keyphraseInTitle\":{\"score\":0,\"maxScore\":9,\"error\":1}}},\"additional\":[]}","primary_term":null,"canonical_url":null,"og_title":null,"og_description":null,"og_object_type":"default","og_image_type":"default","og_image_url":null,"og_image_width":null,"og_image_height":null,"og_image_custom_url":null,"og_image_custom_fields":null,"og_video":"","og_custom_url":null,"og_article_section":null,"og_article_tags":"[]","twitter_use_og":false,"twitter_card":"default","twitter_image_type":"default","twitter_image_url":null,"twitter_image_custom_url":null,"twitter_image_custom_fields":null,"twitter_title":null,"twitter_description":null,"schema":{"blockGraphs":[],"customGraphs":[],"default":{"data":{"Article":[],"Course":[],"Dataset":[],"FAQPage":[],"Movie":[],"Person":[],"Product":[],"Recipe":[],"Service":[],"SoftwareApplication":[],"WebPage":{"id":"#aioseo-web-page-65b634e85a641","slug":"web-page","graphName":"WebPage","label":"Web Page","properties":{"type":"WebPage","name":"","description":""}}},"graphName":"WebPage","isEnabled":true},"graphs":[]},"schema_type":"default","schema_type_options":"{\"article\":{\"articleType\":\"BlogPosting\"},\"course\":{\"name\":\"\",\"description\":\"\",\"provider\":\"\"},\"faq\":{\"pages\":[]},\"product\":{\"reviews\":[]},\"recipe\":{\"ingredients\":[],\"instructions\":[],\"keywords\":[]},\"software\":{\"reviews\":[],\"operatingSystems\":[]},\"webPage\":{\"webPageType\":\"WebPage\"}}","pillar_content":false,"robots_default":true,"robots_noindex":false,"robots_noarchive":false,"robots_nosnippet":false,"robots_nofollow":false,"robots_noimageindex":false,"robots_noodp":false,"robots_notranslate":false,"robots_max_snippet":"-1","robots_max_videopreview":"-1","robots_max_imagepreview":"large","priority":null,"frequency":"default","local_seo":null,"limit_modified_date":false,"open_ai":null,"created":"2022-03-28 18:10:19","updated":"2024-01-28 11:05:12"},"aioseo_breadcrumb":"<div class=\"aioseo-breadcrumbs\"><span class=\"aioseo-breadcrumb\">\n\t<a href=\"https:\/\/amnromania.ro\/hu\" title=\"Home\">Home<\/a>\n<\/span><span class=\"aioseo-breadcrumb-separator\">&raquo;<\/span><span class=\"aioseo-breadcrumb\">\n\tCancerul de san\n<\/span><\/div>","aioseo_breadcrumb_json":[{"label":"Home","link":"https:\/\/amnromania.ro\/hu"},{"label":"Cancerul de san","link":"https:\/\/amnromania.ro\/hu\/egeszseg-rak\/"}],"_links":{"self":[{"href":"https:\/\/amnromania.ro\/hu\/wp-json\/wp\/v2\/pages\/10273","targetHints":{"allow":["GET"]}}],"collection":[{"href":"https:\/\/amnromania.ro\/hu\/wp-json\/wp\/v2\/pages"}],"about":[{"href":"https:\/\/amnromania.ro\/hu\/wp-json\/wp\/v2\/types\/page"}],"author":[{"embeddable":true,"href":"https:\/\/amnromania.ro\/hu\/wp-json\/wp\/v2\/users\/1"}],"replies":[{"embeddable":true,"href":"https:\/\/amnromania.ro\/hu\/wp-json\/wp\/v2\/comments?post=10273"}],"version-history":[{"count":0,"href":"https:\/\/amnromania.ro\/hu\/wp-json\/wp\/v2\/pages\/10273\/revisions"}],"wp:attachment":[{"href":"https:\/\/amnromania.ro\/hu\/wp-json\/wp\/v2\/media?parent=10273"}],"curies":[{"name":"wp","href":"https:\/\/api.w.org\/{rel}","templated":true}]}}